{"id":61737,"date":"2026-08-26T23:37:53","date_gmt":"2026-08-26T21:37:53","guid":{"rendered":"https:\/\/musica.santjosep.org\/?post_type=tribe_events&#038;p=61737"},"modified":"2026-08-26T23:37:53","modified_gmt":"2026-08-26T21:37:53","slug":"el-nuevo-power-trio-suministros-pelayo-debuta-en-el-escenario-de-coral-star","status":"publish","type":"tribe_events","link":"https:\/\/musica.santjosep.org\/es\/concierto\/el-nuevo-power-trio-suministros-pelayo-debuta-en-el-escenario-de-coral-star\/","title":{"rendered":"El nuevo power tr\u00edo Suministros Pelayo debuta en el escenario de Coral Star"},"content":{"rendered":"<p>Los apartamentos Coral Star, en Cala de Bou, programan todas las semanas conciertos con bandas locales, abiertos tanto a p\u00fablico alojado como exterior. En esta ocasi\u00f3n ofrecen el debut de un nuevo power tr\u00edo formado por tres m\u00fasicos muy habituales de la isla. Bajo el curioso nombre Suministros Pelayo se presentan Iggi Torres (voz y guitarra), Javier Salamanca (bajo) y Aymar de la Sota (bater\u00eda). Ofrecen un repertorio con mucho ritmo a base de cl\u00e1sicos del rock and roll, donde no faltan temas de Jimi Hendrix y otros grandes maestros de la guitarra. Conviene no perd\u00e9rselo.<\/p>\n","protected":false},"excerpt":{"rendered":"<p>Los apartamentos Coral Star, en Cala de Bou, programan todas las semanas conciertos con bandas locales, abiertos tanto a p\u00fablico alojado como exterior. En esta ocasi\u00f3n ofrecen el debut de un nuevo power tr\u00edo formado por tres m\u00fasicos muy habituales [&hellip;]<\/p>\n","protected":false},"author":2,"featured_media":61738,"template":"","meta":{"_acf_changed":false,"_tribe_events_status":"","_tribe_events_status_reason":"","_tribe_events_is_hybrid":"","_tribe_events_is_virtual":"","_tribe_events_virtual_video_source":"","_tribe_events_virtual_embed_video":"","_tribe_events_virtual_linked_button_text":"","_tribe_events_virtual_linked_button":"","_tribe_events_virtual_show_embed_at":"","_tribe_events_virtual_show_embed_to":[],"_tribe_events_virtual_show_on_event":"","_tribe_events_virtual_show_on_views":"","_tribe_events_virtual_url":"","footnotes":""},"tags":[],"tribe_events_cat":[15],"class_list":["post-61737","tribe_events","type-tribe_events","status-publish","has-post-thumbnail","hentry","tribe_events_cat-rock","cat_rock"],"acf":[],"yoast_head":"<!-- This site is optimized with the Yoast SEO plugin v27.6 - https:\/\/yoast.com\/product\/yoast-seo-wordpress\/ -->\n<title>El nuevo power tr\u00edo Suministros Pelayo debuta en el escenario de Coral Star - Sant Josep \u00e9s m\u00fasica<\/title>\n<meta name=\"robots\" content=\"index, follow, max-snippet:-1, max-image-preview:large, max-video-preview:-1\" \/>\n<link rel=\"canonical\" href=\"https:\/\/musica.santjosep.org\/es\/concierto\/el-nuevo-power-trio-suministros-pelayo-debuta-en-el-escenario-de-coral-star\/\" \/>\n<meta property=\"og:locale\" content=\"es_ES\" \/>\n<meta property=\"og:type\" content=\"article\" \/>\n<meta property=\"og:title\" content=\"El nuevo power tr\u00edo Suministros Pelayo debuta en el escenario de Coral Star - Sant Josep \u00e9s m\u00fasica\" \/>\n<meta property=\"og:description\" content=\"Los apartamentos Coral Star, en Cala de Bou, programan todas las semanas conciertos con bandas locales, abiertos tanto a p\u00fablico alojado como exterior. En esta ocasi\u00f3n ofrecen el debut de un nuevo power tr\u00edo formado por tres m\u00fasicos muy habituales [&hellip;]\" \/>\n<meta property=\"og:url\" content=\"https:\/\/musica.santjosep.org\/es\/concierto\/el-nuevo-power-trio-suministros-pelayo-debuta-en-el-escenario-de-coral-star\/\" \/>\n<meta property=\"og:site_name\" content=\"Sant Josep \u00e9s m\u00fasica\" \/>\n<meta property=\"article:publisher\" content=\"https:\/\/www.facebook.com\/Sant-Josep-s-Msica-105337042007790\" \/>\n<meta property=\"og:image\" content=\"https:\/\/musica.santjosep.org\/wp-content\/uploads\/2026\/08\/montaje_tres_fotos_1400x933.jpg\" \/>\n\t<meta property=\"og:image:width\" content=\"1400\" \/>\n\t<meta property=\"og:image:height\" content=\"933\" \/>\n\t<meta property=\"og:image:type\" content=\"image\/jpeg\" \/>\n<meta name=\"twitter:card\" content=\"summary_large_image\" \/>\n<meta name=\"twitter:site\" content=\"@MusicaSantJosep\" \/>\n<meta name=\"twitter:label1\" content=\"Tiempo de lectura\" \/>\n\t<meta name=\"twitter:data1\" content=\"1 minuto\" \/>\n<script type=\"application\/ld+json\" class=\"yoast-schema-graph\">{\"@context\":\"https:\\\/\\\/schema.org\",\"@graph\":[{\"@type\":\"WebPage\",\"@id\":\"https:\\\/\\\/musica.santjosep.org\\\/es\\\/concierto\\\/el-nuevo-power-trio-suministros-pelayo-debuta-en-el-escenario-de-coral-star\\\/\",\"url\":\"https:\\\/\\\/musica.santjosep.org\\\/es\\\/concierto\\\/el-nuevo-power-trio-suministros-pelayo-debuta-en-el-escenario-de-coral-star\\\/\",\"name\":\"El nuevo power tr\u00edo Suministros Pelayo debuta en el escenario de Coral Star - Sant Josep \u00e9s m\u00fasica\",\"isPartOf\":{\"@id\":\"https:\\\/\\\/musica.santjosep.org\\\/es\\\/#website\"},\"primaryImageOfPage\":{\"@id\":\"https:\\\/\\\/musica.santjosep.org\\\/es\\\/concierto\\\/el-nuevo-power-trio-suministros-pelayo-debuta-en-el-escenario-de-coral-star\\\/#primaryimage\"},\"image\":{\"@id\":\"https:\\\/\\\/musica.santjosep.org\\\/es\\\/concierto\\\/el-nuevo-power-trio-suministros-pelayo-debuta-en-el-escenario-de-coral-star\\\/#primaryimage\"},\"thumbnailUrl\":\"https:\\\/\\\/musica.santjosep.org\\\/wp-content\\\/uploads\\\/2026\\\/08\\\/montaje_tres_fotos_1400x933.jpg\",\"datePublished\":\"2026-08-26T21:37:53+00:00\",\"breadcrumb\":{\"@id\":\"https:\\\/\\\/musica.santjosep.org\\\/es\\\/concierto\\\/el-nuevo-power-trio-suministros-pelayo-debuta-en-el-escenario-de-coral-star\\\/#breadcrumb\"},\"inLanguage\":\"es\",\"potentialAction\":[{\"@type\":\"ReadAction\",\"target\":[\"https:\\\/\\\/musica.santjosep.org\\\/es\\\/concierto\\\/el-nuevo-power-trio-suministros-pelayo-debuta-en-el-escenario-de-coral-star\\\/\"]}]},{\"@type\":\"ImageObject\",\"inLanguage\":\"es\",\"@id\":\"https:\\\/\\\/musica.santjosep.org\\\/es\\\/concierto\\\/el-nuevo-power-trio-suministros-pelayo-debuta-en-el-escenario-de-coral-star\\\/#primaryimage\",\"url\":\"https:\\\/\\\/musica.santjosep.org\\\/wp-content\\\/uploads\\\/2026\\\/08\\\/montaje_tres_fotos_1400x933.jpg\",\"contentUrl\":\"https:\\\/\\\/musica.santjosep.org\\\/wp-content\\\/uploads\\\/2026\\\/08\\\/montaje_tres_fotos_1400x933.jpg\",\"width\":1400,\"height\":933,\"caption\":\"Joan F. Ribas\"},{\"@type\":\"BreadcrumbList\",\"@id\":\"https:\\\/\\\/musica.santjosep.org\\\/es\\\/concierto\\\/el-nuevo-power-trio-suministros-pelayo-debuta-en-el-escenario-de-coral-star\\\/#breadcrumb\",\"itemListElement\":[{\"@type\":\"ListItem\",\"position\":1,\"name\":\"Portada\",\"item\":\"https:\\\/\\\/musica.santjosep.org\\\/es\\\/\"},{\"@type\":\"ListItem\",\"position\":2,\"name\":\"Eventos\",\"item\":\"https:\\\/\\\/musica.santjosep.org\\\/es\\\/concerts\\\/\"},{\"@type\":\"ListItem\",\"position\":3,\"name\":\"El nuevo power tr\u00edo Suministros Pelayo debuta en el escenario de Coral Star\"}]},{\"@type\":\"WebSite\",\"@id\":\"https:\\\/\\\/musica.santjosep.org\\\/es\\\/#website\",\"url\":\"https:\\\/\\\/musica.santjosep.org\\\/es\\\/\",\"name\":\"Sant Josep \u00e9s m\u00fasica\",\"description\":\"Informaci\u00f3n actualizada de todos los conciertos, grupos y artistas que act\u00faen tanto en fiestas y festivales, como en establecimientos privados en el municipio de Sant Josep de sa Talaia\",\"publisher\":{\"@id\":\"https:\\\/\\\/musica.santjosep.org\\\/es\\\/#organization\"},\"potentialAction\":[{\"@type\":\"SearchAction\",\"target\":{\"@type\":\"EntryPoint\",\"urlTemplate\":\"https:\\\/\\\/musica.santjosep.org\\\/es\\\/?s={search_term_string}\"},\"query-input\":{\"@type\":\"PropertyValueSpecification\",\"valueRequired\":true,\"valueName\":\"search_term_string\"}}],\"inLanguage\":\"es\"},{\"@type\":\"Organization\",\"@id\":\"https:\\\/\\\/musica.santjosep.org\\\/es\\\/#organization\",\"name\":\"Sant Josep \u00e9s m\u00fasica\",\"url\":\"https:\\\/\\\/musica.santjosep.org\\\/es\\\/\",\"logo\":{\"@type\":\"ImageObject\",\"inLanguage\":\"es\",\"@id\":\"https:\\\/\\\/musica.santjosep.org\\\/es\\\/#\\\/schema\\\/logo\\\/image\\\/\",\"url\":\"https:\\\/\\\/musica.santjosep.org\\\/wp-content\\\/uploads\\\/2022\\\/01\\\/logo-SJEM.png\",\"contentUrl\":\"https:\\\/\\\/musica.santjosep.org\\\/wp-content\\\/uploads\\\/2022\\\/01\\\/logo-SJEM.png\",\"width\":213,\"height\":103,\"caption\":\"Sant Josep \u00e9s m\u00fasica\"},\"image\":{\"@id\":\"https:\\\/\\\/musica.santjosep.org\\\/es\\\/#\\\/schema\\\/logo\\\/image\\\/\"},\"sameAs\":[\"https:\\\/\\\/www.facebook.com\\\/Sant-Josep-s-Msica-105337042007790\",\"https:\\\/\\\/x.com\\\/MusicaSantJosep\",\"https:\\\/\\\/www.instagram.com\\\/musicasantjosep\\\/\",\"https:\\\/\\\/www.youtube.com\\\/channel\\\/UCBSLSUpqfrfsiOMVslmZEJA\"]}]}<\/script>\n<!-- \/ Yoast SEO plugin. -->","yoast_head_json":{"title":"El nuevo power tr\u00edo Suministros Pelayo debuta en el escenario de Coral Star - Sant Josep \u00e9s m\u00fasica","robots":{"index":"index","follow":"follow","max-snippet":"max-snippet:-1","max-image-preview":"max-image-preview:large","max-video-preview":"max-video-preview:-1"},"canonical":"https:\/\/musica.santjosep.org\/es\/concierto\/el-nuevo-power-trio-suministros-pelayo-debuta-en-el-escenario-de-coral-star\/","og_locale":"es_ES","og_type":"article","og_title":"El nuevo power tr\u00edo Suministros Pelayo debuta en el escenario de Coral Star - Sant Josep \u00e9s m\u00fasica","og_description":"Los apartamentos Coral Star, en Cala de Bou, programan todas las semanas conciertos con bandas locales, abiertos tanto a p\u00fablico alojado como exterior. En esta ocasi\u00f3n ofrecen el debut de un nuevo power tr\u00edo formado por tres m\u00fasicos muy habituales [&hellip;]","og_url":"https:\/\/musica.santjosep.org\/es\/concierto\/el-nuevo-power-trio-suministros-pelayo-debuta-en-el-escenario-de-coral-star\/","og_site_name":"Sant Josep \u00e9s m\u00fasica","article_publisher":"https:\/\/www.facebook.com\/Sant-Josep-s-Msica-105337042007790","og_image":[{"width":1400,"height":933,"url":"https:\/\/musica.santjosep.org\/wp-content\/uploads\/2026\/08\/montaje_tres_fotos_1400x933.jpg","type":"image\/jpeg"}],"twitter_card":"summary_large_image","twitter_site":"@MusicaSantJosep","twitter_misc":{"Tiempo de lectura":"1 minuto"},"schema":{"@context":"https:\/\/schema.org","@graph":[{"@type":"WebPage","@id":"https:\/\/musica.santjosep.org\/es\/concierto\/el-nuevo-power-trio-suministros-pelayo-debuta-en-el-escenario-de-coral-star\/","url":"https:\/\/musica.santjosep.org\/es\/concierto\/el-nuevo-power-trio-suministros-pelayo-debuta-en-el-escenario-de-coral-star\/","name":"El nuevo power tr\u00edo Suministros Pelayo debuta en el escenario de Coral Star - Sant Josep \u00e9s m\u00fasica","isPartOf":{"@id":"https:\/\/musica.santjosep.org\/es\/#website"},"primaryImageOfPage":{"@id":"https:\/\/musica.santjosep.org\/es\/concierto\/el-nuevo-power-trio-suministros-pelayo-debuta-en-el-escenario-de-coral-star\/#primaryimage"},"image":{"@id":"https:\/\/musica.santjosep.org\/es\/concierto\/el-nuevo-power-trio-suministros-pelayo-debuta-en-el-escenario-de-coral-star\/#primaryimage"},"thumbnailUrl":"https:\/\/musica.santjosep.org\/wp-content\/uploads\/2026\/08\/montaje_tres_fotos_1400x933.jpg","datePublished":"2026-08-26T21:37:53+00:00","breadcrumb":{"@id":"https:\/\/musica.santjosep.org\/es\/concierto\/el-nuevo-power-trio-suministros-pelayo-debuta-en-el-escenario-de-coral-star\/#breadcrumb"},"inLanguage":"es","potentialAction":[{"@type":"ReadAction","target":["https:\/\/musica.santjosep.org\/es\/concierto\/el-nuevo-power-trio-suministros-pelayo-debuta-en-el-escenario-de-coral-star\/"]}]},{"@type":"ImageObject","inLanguage":"es","@id":"https:\/\/musica.santjosep.org\/es\/concierto\/el-nuevo-power-trio-suministros-pelayo-debuta-en-el-escenario-de-coral-star\/#primaryimage","url":"https:\/\/musica.santjosep.org\/wp-content\/uploads\/2026\/08\/montaje_tres_fotos_1400x933.jpg","contentUrl":"https:\/\/musica.santjosep.org\/wp-content\/uploads\/2026\/08\/montaje_tres_fotos_1400x933.jpg","width":1400,"height":933,"caption":"Joan F. Ribas"},{"@type":"BreadcrumbList","@id":"https:\/\/musica.santjosep.org\/es\/concierto\/el-nuevo-power-trio-suministros-pelayo-debuta-en-el-escenario-de-coral-star\/#breadcrumb","itemListElement":[{"@type":"ListItem","position":1,"name":"Portada","item":"https:\/\/musica.santjosep.org\/es\/"},{"@type":"ListItem","position":2,"name":"Eventos","item":"https:\/\/musica.santjosep.org\/es\/concerts\/"},{"@type":"ListItem","position":3,"name":"El nuevo power tr\u00edo Suministros Pelayo debuta en el escenario de Coral Star"}]},{"@type":"WebSite","@id":"https:\/\/musica.santjosep.org\/es\/#website","url":"https:\/\/musica.santjosep.org\/es\/","name":"Sant Josep \u00e9s m\u00fasica","description":"Informaci\u00f3n actualizada de todos los conciertos, grupos y artistas que act\u00faen tanto en fiestas y festivales, como en establecimientos privados en el municipio de Sant Josep de sa Talaia","publisher":{"@id":"https:\/\/musica.santjosep.org\/es\/#organization"},"potentialAction":[{"@type":"SearchAction","target":{"@type":"EntryPoint","urlTemplate":"https:\/\/musica.santjosep.org\/es\/?s={search_term_string}"},"query-input":{"@type":"PropertyValueSpecification","valueRequired":true,"valueName":"search_term_string"}}],"inLanguage":"es"},{"@type":"Organization","@id":"https:\/\/musica.santjosep.org\/es\/#organization","name":"Sant Josep \u00e9s m\u00fasica","url":"https:\/\/musica.santjosep.org\/es\/","logo":{"@type":"ImageObject","inLanguage":"es","@id":"https:\/\/musica.santjosep.org\/es\/#\/schema\/logo\/image\/","url":"https:\/\/musica.santjosep.org\/wp-content\/uploads\/2022\/01\/logo-SJEM.png","contentUrl":"https:\/\/musica.santjosep.org\/wp-content\/uploads\/2022\/01\/logo-SJEM.png","width":213,"height":103,"caption":"Sant Josep \u00e9s m\u00fasica"},"image":{"@id":"https:\/\/musica.santjosep.org\/es\/#\/schema\/logo\/image\/"},"sameAs":["https:\/\/www.facebook.com\/Sant-Josep-s-Msica-105337042007790","https:\/\/x.com\/MusicaSantJosep","https:\/\/www.instagram.com\/musicasantjosep\/","https:\/\/www.youtube.com\/channel\/UCBSLSUpqfrfsiOMVslmZEJA"]}]}},"_links":{"self":[{"href":"https:\/\/musica.santjosep.org\/es\/wp-json\/wp\/v2\/tribe_events\/61737","targetHints":{"allow":["GET"]}}],"collection":[{"href":"https:\/\/musica.santjosep.org\/es\/wp-json\/wp\/v2\/tribe_events"}],"about":[{"href":"https:\/\/musica.santjosep.org\/es\/wp-json\/wp\/v2\/types\/tribe_events"}],"author":[{"embeddable":true,"href":"https:\/\/musica.santjosep.org\/es\/wp-json\/wp\/v2\/users\/2"}],"version-history":[{"count":1,"href":"https:\/\/musica.santjosep.org\/es\/wp-json\/wp\/v2\/tribe_events\/61737\/revisions"}],"predecessor-version":[{"id":61739,"href":"https:\/\/musica.santjosep.org\/es\/wp-json\/wp\/v2\/tribe_events\/61737\/revisions\/61739"}],"wp:featuredmedia":[{"embeddable":true,"href":"https:\/\/musica.santjosep.org\/es\/wp-json\/wp\/v2\/media\/61738"}],"wp:attachment":[{"href":"https:\/\/musica.santjosep.org\/es\/wp-json\/wp\/v2\/media?parent=61737"}],"wp:term":[{"taxonomy":"post_tag","embeddable":true,"href":"https:\/\/musica.santjosep.org\/es\/wp-json\/wp\/v2\/tags?post=61737"},{"taxonomy":"tribe_events_cat","embeddable":true,"href":"https:\/\/musica.santjosep.org\/es\/wp-json\/wp\/v2\/tribe_events_cat?post=61737"}],"curies":[{"name":"wp","href":"https:\/\/api.w.org\/{rel}","templated":true}]}}