{"id":61685,"date":"2026-08-26T23:07:20","date_gmt":"2026-08-26T21:07:20","guid":{"rendered":"https:\/\/musica.santjosep.org\/?post_type=tribe_events&#038;p=61685"},"modified":"2026-08-26T23:07:20","modified_gmt":"2026-08-26T21:07:20","slug":"the-black-pepper-organ-trio-visita-con-su-repertorio-de-versiones-el-mercat-de-sant-josep","status":"publish","type":"tribe_events","link":"https:\/\/musica.santjosep.org\/es\/concierto\/the-black-pepper-organ-trio-visita-con-su-repertorio-de-versiones-el-mercat-de-sant-josep\/","title":{"rendered":"The Black Pepper Organ Trio visita con su repertorio de versiones el Mercat de Sant Josep"},"content":{"rendered":"<p>El Mercat de Sant Josep de los s\u00e1bados sigue ofreciendo un espl\u00e9ndido programa de m\u00fasica en vivo, esta vez con la actuaci\u00f3n de la banda de Formentera The Black Pepper Organ Trio, formada por el cantante y guitarrista argentino Jos\u00e9 Rulo, de vuelta a la isla, Alex Delange a los teclados y David Barona a la percusi\u00f3n. Ofrecen un repertorio de blues, con pinceladas de rock y funk.<\/p>\n<p>Jos\u00e9 Rulo es uno de los <em>frontmen<\/em> m\u00e1s destacados de las Piti\u00fcses y \u00e9l s\u00f3lo es capaz de encender al p\u00fablico m\u00e1s fr\u00edo. Tiene una larga trayectoria profesional en las islas con formaciones como Chimichurri y tambi\u00e9n al lado de m\u00fasicos de gran prestigio, como Javier Vargas. Es habitual verlo en los escenarios de Ibiza y siempre ofrece pura diversi\u00f3n.<\/p>\n<div id=\"attachment_61687\" style=\"width: 2010px\" class=\"wp-caption alignnone\"><img loading=\"lazy\" decoding=\"async\" aria-describedby=\"caption-attachment-61687\" class=\"wp-image-61687 size-full\" src=\"https:\/\/musica.santjosep.org\/wp-content\/uploads\/2026\/08\/DSC6761-Editar.jpg\" alt=\"\" width=\"2000\" height=\"1333\" srcset=\"https:\/\/musica.santjosep.org\/wp-content\/uploads\/2026\/08\/DSC6761-Editar.jpg 2000w, https:\/\/musica.santjosep.org\/wp-content\/uploads\/2026\/08\/DSC6761-Editar-300x200.jpg 300w, https:\/\/musica.santjosep.org\/wp-content\/uploads\/2026\/08\/DSC6761-Editar-1024x682.jpg 1024w, https:\/\/musica.santjosep.org\/wp-content\/uploads\/2026\/08\/DSC6761-Editar-768x512.jpg 768w, https:\/\/musica.santjosep.org\/wp-content\/uploads\/2026\/08\/DSC6761-Editar-1536x1024.jpg 1536w\" sizes=\"auto, (max-width: 2000px) 100vw, 2000px\" \/><p id=\"caption-attachment-61687\" class=\"wp-caption-text\">Alex Delange (The Black Pepper Organ Trio). Foto: Joan F. Ribas<\/p><\/div>\n<p>Alex Delange, el teclista, es franc\u00e9s y tambi\u00e9n reside en Formentera, donde act\u00faa con otras formaciones, con las que tambi\u00e9n ofrece conciertos en Ibiza. Entre ellas cabe resaltar el grupo de la cantante norteamericana Maya Alexander y R.D.B, que lidera la vocalista Lisa Rudy.<\/p>\n<div id=\"attachment_61688\" style=\"width: 2010px\" class=\"wp-caption alignnone\"><img loading=\"lazy\" decoding=\"async\" aria-describedby=\"caption-attachment-61688\" class=\"wp-image-61688 size-full\" src=\"https:\/\/musica.santjosep.org\/wp-content\/uploads\/2026\/08\/DSC6775-Editar.jpg\" alt=\"\" width=\"2000\" height=\"1333\" srcset=\"https:\/\/musica.santjosep.org\/wp-content\/uploads\/2026\/08\/DSC6775-Editar.jpg 2000w, https:\/\/musica.santjosep.org\/wp-content\/uploads\/2026\/08\/DSC6775-Editar-300x200.jpg 300w, https:\/\/musica.santjosep.org\/wp-content\/uploads\/2026\/08\/DSC6775-Editar-1024x682.jpg 1024w, https:\/\/musica.santjosep.org\/wp-content\/uploads\/2026\/08\/DSC6775-Editar-768x512.jpg 768w, https:\/\/musica.santjosep.org\/wp-content\/uploads\/2026\/08\/DSC6775-Editar-1536x1024.jpg 1536w\" sizes=\"auto, (max-width: 2000px) 100vw, 2000px\" \/><p id=\"caption-attachment-61688\" class=\"wp-caption-text\">David Barona (The Black Pepper Organ Trio). Foto: Joan F. Ribas<\/p><\/div>\n<p>David Barona, prestigioso percusionista asturiano afincado en Ibiza, es actualmente\u00a0<em>endorser<\/em>\u00a0de la marca de platos Diril Cymbals.\u00a0Ha tocado, girado o grabado con m\u00fasicos de repercusi\u00f3n nacional e internacional, como Macaco, Vargas Blues Band, Steve Hunter (Lou Reed, Alice Cooper\u2026), La Mississippi, Norberto Rodr\u00edguez Tr\u00edo, John Jagger\u2026 Ha tra\u00eddo a Ibiza a m\u00fasicos de blues como Mingo Balaguer, Jos\u00e9 Luis Pardo, Mart\u00edn Burguez, Blas Pic\u00f3n, Betta Berodia, Iker Piris, Alberto Burguez, Luis Fuente, Alejandra Burgos, Dylan Bishop, Luis Regidor, Breezy Rodio, Marcos Coll, Remy Banklyn, Ster Wax, Jon\u00e1s Molina, Pablo Sanpa, Mr. Cool, Laretha Weathersby, Willie Buck, Tirtha Man, C\u00e9sar Crespo, Guido vom Flockenberg, Mo\u2019 Jo\u2019 Hand, SirJo Cocchi, etc\u00e9tera.<\/p>\n<p>El mercado de los s\u00e1bados, situado en las calles peatonales que rodean el Ayuntamiento, concentra docenas de puestos de artesanos y productores de gastronom\u00eda de kil\u00f3metro cero, y se celebra todas las semanas entre abril y octubre, de 9,30 a 13,30 horas.<\/p>\n","protected":false},"excerpt":{"rendered":"<p>El Mercat de Sant Josep de los s\u00e1bados sigue ofreciendo un espl\u00e9ndido programa de m\u00fasica en vivo, esta vez con la actuaci\u00f3n de la banda de Formentera The Black Pepper Organ Trio, formada por el cantante y guitarrista argentino Jos\u00e9 [&hellip;]<\/p>\n","protected":false},"author":2,"featured_media":61689,"template":"","meta":{"_acf_changed":false,"_tribe_events_status":"","_tribe_events_status_reason":"","_tribe_events_is_hybrid":"","_tribe_events_is_virtual":"","_tribe_events_virtual_video_source":"","_tribe_events_virtual_embed_video":"","_tribe_events_virtual_linked_button_text":"","_tribe_events_virtual_linked_button":"","_tribe_events_virtual_show_embed_at":"","_tribe_events_virtual_show_embed_to":[],"_tribe_events_virtual_show_on_event":"","_tribe_events_virtual_show_on_views":"","_tribe_events_virtual_url":"","footnotes":""},"tags":[],"tribe_events_cat":[16,21,15],"class_list":["post-61685","tribe_events","type-tribe_events","status-publish","has-post-thumbnail","hentry","tribe_events_cat-blues","tribe_events_cat-funky","tribe_events_cat-rock","cat_blues","cat_funky","cat_rock"],"acf":[],"yoast_head":"<!-- This site is optimized with the Yoast SEO plugin v27.6 - https:\/\/yoast.com\/product\/yoast-seo-wordpress\/ -->\n<title>The Black Pepper Organ Trio visita con su repertorio de versiones el Mercat de Sant Josep - Sant Josep \u00e9s m\u00fasica<\/title>\n<meta name=\"robots\" content=\"index, follow, max-snippet:-1, max-image-preview:large, max-video-preview:-1\" \/>\n<link rel=\"canonical\" href=\"https:\/\/musica.santjosep.org\/es\/concierto\/the-black-pepper-organ-trio-visita-con-su-repertorio-de-versiones-el-mercat-de-sant-josep\/\" \/>\n<meta property=\"og:locale\" content=\"es_ES\" \/>\n<meta property=\"og:type\" content=\"article\" \/>\n<meta property=\"og:title\" content=\"The Black Pepper Organ Trio visita con su repertorio de versiones el Mercat de Sant Josep - Sant Josep \u00e9s m\u00fasica\" \/>\n<meta property=\"og:description\" content=\"El Mercat de Sant Josep de los s\u00e1bados sigue ofreciendo un espl\u00e9ndido programa de m\u00fasica en vivo, esta vez con la actuaci\u00f3n de la banda de Formentera The Black Pepper Organ Trio, formada por el cantante y guitarrista argentino Jos\u00e9 [&hellip;]\" \/>\n<meta property=\"og:url\" content=\"https:\/\/musica.santjosep.org\/es\/concierto\/the-black-pepper-organ-trio-visita-con-su-repertorio-de-versiones-el-mercat-de-sant-josep\/\" \/>\n<meta property=\"og:site_name\" content=\"Sant Josep \u00e9s m\u00fasica\" \/>\n<meta property=\"article:publisher\" content=\"https:\/\/www.facebook.com\/Sant-Josep-s-Msica-105337042007790\" \/>\n<meta property=\"og:image\" content=\"https:\/\/musica.santjosep.org\/wp-content\/uploads\/2026\/08\/DSC6833-Editar.jpg\" \/>\n\t<meta property=\"og:image:width\" content=\"2000\" \/>\n\t<meta property=\"og:image:height\" content=\"1333\" \/>\n\t<meta property=\"og:image:type\" content=\"image\/jpeg\" \/>\n<meta name=\"twitter:card\" content=\"summary_large_image\" \/>\n<meta name=\"twitter:site\" content=\"@MusicaSantJosep\" \/>\n<meta name=\"twitter:label1\" content=\"Tiempo de lectura\" \/>\n\t<meta name=\"twitter:data1\" content=\"3 minutos\" \/>\n<script type=\"application\/ld+json\" class=\"yoast-schema-graph\">{\"@context\":\"https:\\\/\\\/schema.org\",\"@graph\":[{\"@type\":\"WebPage\",\"@id\":\"https:\\\/\\\/musica.santjosep.org\\\/es\\\/concierto\\\/the-black-pepper-organ-trio-visita-con-su-repertorio-de-versiones-el-mercat-de-sant-josep\\\/\",\"url\":\"https:\\\/\\\/musica.santjosep.org\\\/es\\\/concierto\\\/the-black-pepper-organ-trio-visita-con-su-repertorio-de-versiones-el-mercat-de-sant-josep\\\/\",\"name\":\"The Black Pepper Organ Trio visita con su repertorio de versiones el Mercat de Sant Josep - Sant Josep \u00e9s m\u00fasica\",\"isPartOf\":{\"@id\":\"https:\\\/\\\/musica.santjosep.org\\\/es\\\/#website\"},\"primaryImageOfPage\":{\"@id\":\"https:\\\/\\\/musica.santjosep.org\\\/es\\\/concierto\\\/the-black-pepper-organ-trio-visita-con-su-repertorio-de-versiones-el-mercat-de-sant-josep\\\/#primaryimage\"},\"image\":{\"@id\":\"https:\\\/\\\/musica.santjosep.org\\\/es\\\/concierto\\\/the-black-pepper-organ-trio-visita-con-su-repertorio-de-versiones-el-mercat-de-sant-josep\\\/#primaryimage\"},\"thumbnailUrl\":\"https:\\\/\\\/musica.santjosep.org\\\/wp-content\\\/uploads\\\/2026\\\/08\\\/DSC6833-Editar.jpg\",\"datePublished\":\"2026-08-26T21:07:20+00:00\",\"breadcrumb\":{\"@id\":\"https:\\\/\\\/musica.santjosep.org\\\/es\\\/concierto\\\/the-black-pepper-organ-trio-visita-con-su-repertorio-de-versiones-el-mercat-de-sant-josep\\\/#breadcrumb\"},\"inLanguage\":\"es\",\"potentialAction\":[{\"@type\":\"ReadAction\",\"target\":[\"https:\\\/\\\/musica.santjosep.org\\\/es\\\/concierto\\\/the-black-pepper-organ-trio-visita-con-su-repertorio-de-versiones-el-mercat-de-sant-josep\\\/\"]}]},{\"@type\":\"ImageObject\",\"inLanguage\":\"es\",\"@id\":\"https:\\\/\\\/musica.santjosep.org\\\/es\\\/concierto\\\/the-black-pepper-organ-trio-visita-con-su-repertorio-de-versiones-el-mercat-de-sant-josep\\\/#primaryimage\",\"url\":\"https:\\\/\\\/musica.santjosep.org\\\/wp-content\\\/uploads\\\/2026\\\/08\\\/DSC6833-Editar.jpg\",\"contentUrl\":\"https:\\\/\\\/musica.santjosep.org\\\/wp-content\\\/uploads\\\/2026\\\/08\\\/DSC6833-Editar.jpg\",\"width\":2000,\"height\":1333,\"caption\":\"Jos\u00e9 Rulo (The Black Pepper Organ Trio). Foto: Joan F. Ribas\"},{\"@type\":\"BreadcrumbList\",\"@id\":\"https:\\\/\\\/musica.santjosep.org\\\/es\\\/concierto\\\/the-black-pepper-organ-trio-visita-con-su-repertorio-de-versiones-el-mercat-de-sant-josep\\\/#breadcrumb\",\"itemListElement\":[{\"@type\":\"ListItem\",\"position\":1,\"name\":\"Portada\",\"item\":\"https:\\\/\\\/musica.santjosep.org\\\/es\\\/\"},{\"@type\":\"ListItem\",\"position\":2,\"name\":\"Eventos\",\"item\":\"https:\\\/\\\/musica.santjosep.org\\\/es\\\/concerts\\\/\"},{\"@type\":\"ListItem\",\"position\":3,\"name\":\"The Black Pepper Organ Trio visita con su repertorio de versiones el Mercat de Sant Josep\"}]},{\"@type\":\"WebSite\",\"@id\":\"https:\\\/\\\/musica.santjosep.org\\\/es\\\/#website\",\"url\":\"https:\\\/\\\/musica.santjosep.org\\\/es\\\/\",\"name\":\"Sant Josep \u00e9s m\u00fasica\",\"description\":\"Informaci\u00f3n actualizada de todos los conciertos, grupos y artistas que act\u00faen tanto en fiestas y festivales, como en establecimientos privados en el municipio de Sant Josep de sa Talaia\",\"publisher\":{\"@id\":\"https:\\\/\\\/musica.santjosep.org\\\/es\\\/#organization\"},\"potentialAction\":[{\"@type\":\"SearchAction\",\"target\":{\"@type\":\"EntryPoint\",\"urlTemplate\":\"https:\\\/\\\/musica.santjosep.org\\\/es\\\/?s={search_term_string}\"},\"query-input\":{\"@type\":\"PropertyValueSpecification\",\"valueRequired\":true,\"valueName\":\"search_term_string\"}}],\"inLanguage\":\"es\"},{\"@type\":\"Organization\",\"@id\":\"https:\\\/\\\/musica.santjosep.org\\\/es\\\/#organization\",\"name\":\"Sant Josep \u00e9s m\u00fasica\",\"url\":\"https:\\\/\\\/musica.santjosep.org\\\/es\\\/\",\"logo\":{\"@type\":\"ImageObject\",\"inLanguage\":\"es\",\"@id\":\"https:\\\/\\\/musica.santjosep.org\\\/es\\\/#\\\/schema\\\/logo\\\/image\\\/\",\"url\":\"https:\\\/\\\/musica.santjosep.org\\\/wp-content\\\/uploads\\\/2022\\\/01\\\/logo-SJEM.png\",\"contentUrl\":\"https:\\\/\\\/musica.santjosep.org\\\/wp-content\\\/uploads\\\/2022\\\/01\\\/logo-SJEM.png\",\"width\":213,\"height\":103,\"caption\":\"Sant Josep \u00e9s m\u00fasica\"},\"image\":{\"@id\":\"https:\\\/\\\/musica.santjosep.org\\\/es\\\/#\\\/schema\\\/logo\\\/image\\\/\"},\"sameAs\":[\"https:\\\/\\\/www.facebook.com\\\/Sant-Josep-s-Msica-105337042007790\",\"https:\\\/\\\/x.com\\\/MusicaSantJosep\",\"https:\\\/\\\/www.instagram.com\\\/musicasantjosep\\\/\",\"https:\\\/\\\/www.youtube.com\\\/channel\\\/UCBSLSUpqfrfsiOMVslmZEJA\"]}]}<\/script>\n<!-- \/ Yoast SEO plugin. -->","yoast_head_json":{"title":"The Black Pepper Organ Trio visita con su repertorio de versiones el Mercat de Sant Josep - Sant Josep \u00e9s m\u00fasica","robots":{"index":"index","follow":"follow","max-snippet":"max-snippet:-1","max-image-preview":"max-image-preview:large","max-video-preview":"max-video-preview:-1"},"canonical":"https:\/\/musica.santjosep.org\/es\/concierto\/the-black-pepper-organ-trio-visita-con-su-repertorio-de-versiones-el-mercat-de-sant-josep\/","og_locale":"es_ES","og_type":"article","og_title":"The Black Pepper Organ Trio visita con su repertorio de versiones el Mercat de Sant Josep - Sant Josep \u00e9s m\u00fasica","og_description":"El Mercat de Sant Josep de los s\u00e1bados sigue ofreciendo un espl\u00e9ndido programa de m\u00fasica en vivo, esta vez con la actuaci\u00f3n de la banda de Formentera The Black Pepper Organ Trio, formada por el cantante y guitarrista argentino Jos\u00e9 [&hellip;]","og_url":"https:\/\/musica.santjosep.org\/es\/concierto\/the-black-pepper-organ-trio-visita-con-su-repertorio-de-versiones-el-mercat-de-sant-josep\/","og_site_name":"Sant Josep \u00e9s m\u00fasica","article_publisher":"https:\/\/www.facebook.com\/Sant-Josep-s-Msica-105337042007790","og_image":[{"width":2000,"height":1333,"url":"https:\/\/musica.santjosep.org\/wp-content\/uploads\/2026\/08\/DSC6833-Editar.jpg","type":"image\/jpeg"}],"twitter_card":"summary_large_image","twitter_site":"@MusicaSantJosep","twitter_misc":{"Tiempo de lectura":"3 minutos"},"schema":{"@context":"https:\/\/schema.org","@graph":[{"@type":"WebPage","@id":"https:\/\/musica.santjosep.org\/es\/concierto\/the-black-pepper-organ-trio-visita-con-su-repertorio-de-versiones-el-mercat-de-sant-josep\/","url":"https:\/\/musica.santjosep.org\/es\/concierto\/the-black-pepper-organ-trio-visita-con-su-repertorio-de-versiones-el-mercat-de-sant-josep\/","name":"The Black Pepper Organ Trio visita con su repertorio de versiones el Mercat de Sant Josep - Sant Josep \u00e9s m\u00fasica","isPartOf":{"@id":"https:\/\/musica.santjosep.org\/es\/#website"},"primaryImageOfPage":{"@id":"https:\/\/musica.santjosep.org\/es\/concierto\/the-black-pepper-organ-trio-visita-con-su-repertorio-de-versiones-el-mercat-de-sant-josep\/#primaryimage"},"image":{"@id":"https:\/\/musica.santjosep.org\/es\/concierto\/the-black-pepper-organ-trio-visita-con-su-repertorio-de-versiones-el-mercat-de-sant-josep\/#primaryimage"},"thumbnailUrl":"https:\/\/musica.santjosep.org\/wp-content\/uploads\/2026\/08\/DSC6833-Editar.jpg","datePublished":"2026-08-26T21:07:20+00:00","breadcrumb":{"@id":"https:\/\/musica.santjosep.org\/es\/concierto\/the-black-pepper-organ-trio-visita-con-su-repertorio-de-versiones-el-mercat-de-sant-josep\/#breadcrumb"},"inLanguage":"es","potentialAction":[{"@type":"ReadAction","target":["https:\/\/musica.santjosep.org\/es\/concierto\/the-black-pepper-organ-trio-visita-con-su-repertorio-de-versiones-el-mercat-de-sant-josep\/"]}]},{"@type":"ImageObject","inLanguage":"es","@id":"https:\/\/musica.santjosep.org\/es\/concierto\/the-black-pepper-organ-trio-visita-con-su-repertorio-de-versiones-el-mercat-de-sant-josep\/#primaryimage","url":"https:\/\/musica.santjosep.org\/wp-content\/uploads\/2026\/08\/DSC6833-Editar.jpg","contentUrl":"https:\/\/musica.santjosep.org\/wp-content\/uploads\/2026\/08\/DSC6833-Editar.jpg","width":2000,"height":1333,"caption":"Jos\u00e9 Rulo (The Black Pepper Organ Trio). Foto: Joan F. Ribas"},{"@type":"BreadcrumbList","@id":"https:\/\/musica.santjosep.org\/es\/concierto\/the-black-pepper-organ-trio-visita-con-su-repertorio-de-versiones-el-mercat-de-sant-josep\/#breadcrumb","itemListElement":[{"@type":"ListItem","position":1,"name":"Portada","item":"https:\/\/musica.santjosep.org\/es\/"},{"@type":"ListItem","position":2,"name":"Eventos","item":"https:\/\/musica.santjosep.org\/es\/concerts\/"},{"@type":"ListItem","position":3,"name":"The Black Pepper Organ Trio visita con su repertorio de versiones el Mercat de Sant Josep"}]},{"@type":"WebSite","@id":"https:\/\/musica.santjosep.org\/es\/#website","url":"https:\/\/musica.santjosep.org\/es\/","name":"Sant Josep \u00e9s m\u00fasica","description":"Informaci\u00f3n actualizada de todos los conciertos, grupos y artistas que act\u00faen tanto en fiestas y festivales, como en establecimientos privados en el municipio de Sant Josep de sa Talaia","publisher":{"@id":"https:\/\/musica.santjosep.org\/es\/#organization"},"potentialAction":[{"@type":"SearchAction","target":{"@type":"EntryPoint","urlTemplate":"https:\/\/musica.santjosep.org\/es\/?s={search_term_string}"},"query-input":{"@type":"PropertyValueSpecification","valueRequired":true,"valueName":"search_term_string"}}],"inLanguage":"es"},{"@type":"Organization","@id":"https:\/\/musica.santjosep.org\/es\/#organization","name":"Sant Josep \u00e9s m\u00fasica","url":"https:\/\/musica.santjosep.org\/es\/","logo":{"@type":"ImageObject","inLanguage":"es","@id":"https:\/\/musica.santjosep.org\/es\/#\/schema\/logo\/image\/","url":"https:\/\/musica.santjosep.org\/wp-content\/uploads\/2022\/01\/logo-SJEM.png","contentUrl":"https:\/\/musica.santjosep.org\/wp-content\/uploads\/2022\/01\/logo-SJEM.png","width":213,"height":103,"caption":"Sant Josep \u00e9s m\u00fasica"},"image":{"@id":"https:\/\/musica.santjosep.org\/es\/#\/schema\/logo\/image\/"},"sameAs":["https:\/\/www.facebook.com\/Sant-Josep-s-Msica-105337042007790","https:\/\/x.com\/MusicaSantJosep","https:\/\/www.instagram.com\/musicasantjosep\/","https:\/\/www.youtube.com\/channel\/UCBSLSUpqfrfsiOMVslmZEJA"]}]}},"_links":{"self":[{"href":"https:\/\/musica.santjosep.org\/es\/wp-json\/wp\/v2\/tribe_events\/61685","targetHints":{"allow":["GET"]}}],"collection":[{"href":"https:\/\/musica.santjosep.org\/es\/wp-json\/wp\/v2\/tribe_events"}],"about":[{"href":"https:\/\/musica.santjosep.org\/es\/wp-json\/wp\/v2\/types\/tribe_events"}],"author":[{"embeddable":true,"href":"https:\/\/musica.santjosep.org\/es\/wp-json\/wp\/v2\/users\/2"}],"version-history":[{"count":1,"href":"https:\/\/musica.santjosep.org\/es\/wp-json\/wp\/v2\/tribe_events\/61685\/revisions"}],"predecessor-version":[{"id":61690,"href":"https:\/\/musica.santjosep.org\/es\/wp-json\/wp\/v2\/tribe_events\/61685\/revisions\/61690"}],"wp:featuredmedia":[{"embeddable":true,"href":"https:\/\/musica.santjosep.org\/es\/wp-json\/wp\/v2\/media\/61689"}],"wp:attachment":[{"href":"https:\/\/musica.santjosep.org\/es\/wp-json\/wp\/v2\/media?parent=61685"}],"wp:term":[{"taxonomy":"post_tag","embeddable":true,"href":"https:\/\/musica.santjosep.org\/es\/wp-json\/wp\/v2\/tags?post=61685"},{"taxonomy":"tribe_events_cat","embeddable":true,"href":"https:\/\/musica.santjosep.org\/es\/wp-json\/wp\/v2\/tribe_events_cat?post=61685"}],"curies":[{"name":"wp","href":"https:\/\/api.w.org\/{rel}","templated":true}]}}