{"id":61568,"date":"2026-08-25T09:33:02","date_gmt":"2026-08-25T07:33:02","guid":{"rendered":"https:\/\/musica.santjosep.org\/?post_type=tribe_events&#038;p=61568"},"modified":"2026-08-25T09:33:02","modified_gmt":"2026-08-25T07:33:02","slug":"el-cantautor-brad-jameston-se-estrena-en-el-nuevo-escenario-de-cala-escondida","status":"publish","type":"tribe_events","link":"https:\/\/musica.santjosep.org\/es\/concierto\/el-cantautor-brad-jameston-se-estrena-en-el-nuevo-escenario-de-cala-escondida\/","title":{"rendered":"El cantautor Brad Jameston se estrena en el nuevo escenario de Cala Escondida"},"content":{"rendered":"<p>Todas las semanas el famoso chiringuito Cala Escondida, que este verano se ha trasladado de Platges de Comte al final de Platja d\u2019en Bossa, cerca de la Torre des Carregador, ofrece m\u00fasica en vivo. Esta vez protagoniza el cartel el cantautor brit\u00e1nico Brad Jameston, un trotamundos que vive entre Ibiza y Londres, y que ofrece sus propias canciones. Act\u00faa en solitario con su guitarra y unas letras que reflejan las experiencias que se ha ido encontrando por la vida. Adem\u00e1s de m\u00fasico, es atleta y aventurero.<\/p>\n","protected":false},"excerpt":{"rendered":"<p>Todas las semanas el famoso chiringuito Cala Escondida, que este verano se ha trasladado de Platges de Comte al final de Platja d\u2019en Bossa, cerca de la Torre des Carregador, ofrece m\u00fasica en vivo. Esta vez protagoniza el cartel el [&hellip;]<\/p>\n","protected":false},"author":2,"featured_media":61569,"template":"","meta":{"_acf_changed":false,"_tribe_events_status":"","_tribe_events_status_reason":"","_tribe_events_is_hybrid":"","_tribe_events_is_virtual":"","_tribe_events_virtual_video_source":"","_tribe_events_virtual_embed_video":"","_tribe_events_virtual_linked_button_text":"","_tribe_events_virtual_linked_button":"","_tribe_events_virtual_show_embed_at":"","_tribe_events_virtual_show_embed_to":[],"_tribe_events_virtual_show_on_event":"","_tribe_events_virtual_show_on_views":"","_tribe_events_virtual_url":"","footnotes":""},"tags":[],"tribe_events_cat":[17,29],"class_list":["post-61568","tribe_events","type-tribe_events","status-publish","has-post-thumbnail","hentry","tribe_events_cat-folk","tribe_events_cat-pop","cat_folk","cat_pop"],"acf":[],"yoast_head":"<!-- This site is optimized with the Yoast SEO plugin v27.6 - https:\/\/yoast.com\/product\/yoast-seo-wordpress\/ -->\n<title>El cantautor Brad Jameston se estrena en el nuevo escenario de Cala Escondida - Sant Josep \u00e9s m\u00fasica<\/title>\n<meta name=\"robots\" content=\"index, follow, max-snippet:-1, max-image-preview:large, max-video-preview:-1\" \/>\n<link rel=\"canonical\" href=\"https:\/\/musica.santjosep.org\/es\/concierto\/el-cantautor-brad-jameston-se-estrena-en-el-nuevo-escenario-de-cala-escondida\/\" \/>\n<meta property=\"og:locale\" content=\"es_ES\" \/>\n<meta property=\"og:type\" content=\"article\" \/>\n<meta property=\"og:title\" content=\"El cantautor Brad Jameston se estrena en el nuevo escenario de Cala Escondida - Sant Josep \u00e9s m\u00fasica\" \/>\n<meta property=\"og:description\" content=\"Todas las semanas el famoso chiringuito Cala Escondida, que este verano se ha trasladado de Platges de Comte al final de Platja d\u2019en Bossa, cerca de la Torre des Carregador, ofrece m\u00fasica en vivo. Esta vez protagoniza el cartel el [&hellip;]\" \/>\n<meta property=\"og:url\" content=\"https:\/\/musica.santjosep.org\/es\/concierto\/el-cantautor-brad-jameston-se-estrena-en-el-nuevo-escenario-de-cala-escondida\/\" \/>\n<meta property=\"og:site_name\" content=\"Sant Josep \u00e9s m\u00fasica\" \/>\n<meta property=\"article:publisher\" content=\"https:\/\/www.facebook.com\/Sant-Josep-s-Msica-105337042007790\" \/>\n<meta property=\"og:image\" content=\"https:\/\/musica.santjosep.org\/wp-content\/uploads\/2026\/08\/bradjameston1rec.jpg\" \/>\n\t<meta property=\"og:image:width\" content=\"1400\" \/>\n\t<meta property=\"og:image:height\" content=\"933\" \/>\n\t<meta property=\"og:image:type\" content=\"image\/jpeg\" \/>\n<meta name=\"twitter:card\" content=\"summary_large_image\" \/>\n<meta name=\"twitter:site\" content=\"@MusicaSantJosep\" \/>\n<meta name=\"twitter:label1\" content=\"Tiempo de lectura\" \/>\n\t<meta name=\"twitter:data1\" content=\"1 minuto\" \/>\n<script type=\"application\/ld+json\" class=\"yoast-schema-graph\">{\"@context\":\"https:\\\/\\\/schema.org\",\"@graph\":[{\"@type\":\"WebPage\",\"@id\":\"https:\\\/\\\/musica.santjosep.org\\\/es\\\/concierto\\\/el-cantautor-brad-jameston-se-estrena-en-el-nuevo-escenario-de-cala-escondida\\\/\",\"url\":\"https:\\\/\\\/musica.santjosep.org\\\/es\\\/concierto\\\/el-cantautor-brad-jameston-se-estrena-en-el-nuevo-escenario-de-cala-escondida\\\/\",\"name\":\"El cantautor Brad Jameston se estrena en el nuevo escenario de Cala Escondida - Sant Josep \u00e9s m\u00fasica\",\"isPartOf\":{\"@id\":\"https:\\\/\\\/musica.santjosep.org\\\/es\\\/#website\"},\"primaryImageOfPage\":{\"@id\":\"https:\\\/\\\/musica.santjosep.org\\\/es\\\/concierto\\\/el-cantautor-brad-jameston-se-estrena-en-el-nuevo-escenario-de-cala-escondida\\\/#primaryimage\"},\"image\":{\"@id\":\"https:\\\/\\\/musica.santjosep.org\\\/es\\\/concierto\\\/el-cantautor-brad-jameston-se-estrena-en-el-nuevo-escenario-de-cala-escondida\\\/#primaryimage\"},\"thumbnailUrl\":\"https:\\\/\\\/musica.santjosep.org\\\/wp-content\\\/uploads\\\/2026\\\/08\\\/bradjameston1rec.jpg\",\"datePublished\":\"2026-08-25T07:33:02+00:00\",\"breadcrumb\":{\"@id\":\"https:\\\/\\\/musica.santjosep.org\\\/es\\\/concierto\\\/el-cantautor-brad-jameston-se-estrena-en-el-nuevo-escenario-de-cala-escondida\\\/#breadcrumb\"},\"inLanguage\":\"es\",\"potentialAction\":[{\"@type\":\"ReadAction\",\"target\":[\"https:\\\/\\\/musica.santjosep.org\\\/es\\\/concierto\\\/el-cantautor-brad-jameston-se-estrena-en-el-nuevo-escenario-de-cala-escondida\\\/\"]}]},{\"@type\":\"ImageObject\",\"inLanguage\":\"es\",\"@id\":\"https:\\\/\\\/musica.santjosep.org\\\/es\\\/concierto\\\/el-cantautor-brad-jameston-se-estrena-en-el-nuevo-escenario-de-cala-escondida\\\/#primaryimage\",\"url\":\"https:\\\/\\\/musica.santjosep.org\\\/wp-content\\\/uploads\\\/2026\\\/08\\\/bradjameston1rec.jpg\",\"contentUrl\":\"https:\\\/\\\/musica.santjosep.org\\\/wp-content\\\/uploads\\\/2026\\\/08\\\/bradjameston1rec.jpg\",\"width\":1400,\"height\":933,\"caption\":\"Screenshot\"},{\"@type\":\"BreadcrumbList\",\"@id\":\"https:\\\/\\\/musica.santjosep.org\\\/es\\\/concierto\\\/el-cantautor-brad-jameston-se-estrena-en-el-nuevo-escenario-de-cala-escondida\\\/#breadcrumb\",\"itemListElement\":[{\"@type\":\"ListItem\",\"position\":1,\"name\":\"Portada\",\"item\":\"https:\\\/\\\/musica.santjosep.org\\\/es\\\/\"},{\"@type\":\"ListItem\",\"position\":2,\"name\":\"Eventos\",\"item\":\"https:\\\/\\\/musica.santjosep.org\\\/es\\\/concerts\\\/\"},{\"@type\":\"ListItem\",\"position\":3,\"name\":\"El cantautor Brad Jameston se estrena en el nuevo escenario de Cala Escondida\"}]},{\"@type\":\"WebSite\",\"@id\":\"https:\\\/\\\/musica.santjosep.org\\\/es\\\/#website\",\"url\":\"https:\\\/\\\/musica.santjosep.org\\\/es\\\/\",\"name\":\"Sant Josep \u00e9s m\u00fasica\",\"description\":\"Informaci\u00f3n actualizada de todos los conciertos, grupos y artistas que act\u00faen tanto en fiestas y festivales, como en establecimientos privados en el municipio de Sant Josep de sa Talaia\",\"publisher\":{\"@id\":\"https:\\\/\\\/musica.santjosep.org\\\/es\\\/#organization\"},\"potentialAction\":[{\"@type\":\"SearchAction\",\"target\":{\"@type\":\"EntryPoint\",\"urlTemplate\":\"https:\\\/\\\/musica.santjosep.org\\\/es\\\/?s={search_term_string}\"},\"query-input\":{\"@type\":\"PropertyValueSpecification\",\"valueRequired\":true,\"valueName\":\"search_term_string\"}}],\"inLanguage\":\"es\"},{\"@type\":\"Organization\",\"@id\":\"https:\\\/\\\/musica.santjosep.org\\\/es\\\/#organization\",\"name\":\"Sant Josep \u00e9s m\u00fasica\",\"url\":\"https:\\\/\\\/musica.santjosep.org\\\/es\\\/\",\"logo\":{\"@type\":\"ImageObject\",\"inLanguage\":\"es\",\"@id\":\"https:\\\/\\\/musica.santjosep.org\\\/es\\\/#\\\/schema\\\/logo\\\/image\\\/\",\"url\":\"https:\\\/\\\/musica.santjosep.org\\\/wp-content\\\/uploads\\\/2022\\\/01\\\/logo-SJEM.png\",\"contentUrl\":\"https:\\\/\\\/musica.santjosep.org\\\/wp-content\\\/uploads\\\/2022\\\/01\\\/logo-SJEM.png\",\"width\":213,\"height\":103,\"caption\":\"Sant Josep \u00e9s m\u00fasica\"},\"image\":{\"@id\":\"https:\\\/\\\/musica.santjosep.org\\\/es\\\/#\\\/schema\\\/logo\\\/image\\\/\"},\"sameAs\":[\"https:\\\/\\\/www.facebook.com\\\/Sant-Josep-s-Msica-105337042007790\",\"https:\\\/\\\/x.com\\\/MusicaSantJosep\",\"https:\\\/\\\/www.instagram.com\\\/musicasantjosep\\\/\",\"https:\\\/\\\/www.youtube.com\\\/channel\\\/UCBSLSUpqfrfsiOMVslmZEJA\"]}]}<\/script>\n<!-- \/ Yoast SEO plugin. -->","yoast_head_json":{"title":"El cantautor Brad Jameston se estrena en el nuevo escenario de Cala Escondida - Sant Josep \u00e9s m\u00fasica","robots":{"index":"index","follow":"follow","max-snippet":"max-snippet:-1","max-image-preview":"max-image-preview:large","max-video-preview":"max-video-preview:-1"},"canonical":"https:\/\/musica.santjosep.org\/es\/concierto\/el-cantautor-brad-jameston-se-estrena-en-el-nuevo-escenario-de-cala-escondida\/","og_locale":"es_ES","og_type":"article","og_title":"El cantautor Brad Jameston se estrena en el nuevo escenario de Cala Escondida - Sant Josep \u00e9s m\u00fasica","og_description":"Todas las semanas el famoso chiringuito Cala Escondida, que este verano se ha trasladado de Platges de Comte al final de Platja d\u2019en Bossa, cerca de la Torre des Carregador, ofrece m\u00fasica en vivo. Esta vez protagoniza el cartel el [&hellip;]","og_url":"https:\/\/musica.santjosep.org\/es\/concierto\/el-cantautor-brad-jameston-se-estrena-en-el-nuevo-escenario-de-cala-escondida\/","og_site_name":"Sant Josep \u00e9s m\u00fasica","article_publisher":"https:\/\/www.facebook.com\/Sant-Josep-s-Msica-105337042007790","og_image":[{"width":1400,"height":933,"url":"https:\/\/musica.santjosep.org\/wp-content\/uploads\/2026\/08\/bradjameston1rec.jpg","type":"image\/jpeg"}],"twitter_card":"summary_large_image","twitter_site":"@MusicaSantJosep","twitter_misc":{"Tiempo de lectura":"1 minuto"},"schema":{"@context":"https:\/\/schema.org","@graph":[{"@type":"WebPage","@id":"https:\/\/musica.santjosep.org\/es\/concierto\/el-cantautor-brad-jameston-se-estrena-en-el-nuevo-escenario-de-cala-escondida\/","url":"https:\/\/musica.santjosep.org\/es\/concierto\/el-cantautor-brad-jameston-se-estrena-en-el-nuevo-escenario-de-cala-escondida\/","name":"El cantautor Brad Jameston se estrena en el nuevo escenario de Cala Escondida - Sant Josep \u00e9s m\u00fasica","isPartOf":{"@id":"https:\/\/musica.santjosep.org\/es\/#website"},"primaryImageOfPage":{"@id":"https:\/\/musica.santjosep.org\/es\/concierto\/el-cantautor-brad-jameston-se-estrena-en-el-nuevo-escenario-de-cala-escondida\/#primaryimage"},"image":{"@id":"https:\/\/musica.santjosep.org\/es\/concierto\/el-cantautor-brad-jameston-se-estrena-en-el-nuevo-escenario-de-cala-escondida\/#primaryimage"},"thumbnailUrl":"https:\/\/musica.santjosep.org\/wp-content\/uploads\/2026\/08\/bradjameston1rec.jpg","datePublished":"2026-08-25T07:33:02+00:00","breadcrumb":{"@id":"https:\/\/musica.santjosep.org\/es\/concierto\/el-cantautor-brad-jameston-se-estrena-en-el-nuevo-escenario-de-cala-escondida\/#breadcrumb"},"inLanguage":"es","potentialAction":[{"@type":"ReadAction","target":["https:\/\/musica.santjosep.org\/es\/concierto\/el-cantautor-brad-jameston-se-estrena-en-el-nuevo-escenario-de-cala-escondida\/"]}]},{"@type":"ImageObject","inLanguage":"es","@id":"https:\/\/musica.santjosep.org\/es\/concierto\/el-cantautor-brad-jameston-se-estrena-en-el-nuevo-escenario-de-cala-escondida\/#primaryimage","url":"https:\/\/musica.santjosep.org\/wp-content\/uploads\/2026\/08\/bradjameston1rec.jpg","contentUrl":"https:\/\/musica.santjosep.org\/wp-content\/uploads\/2026\/08\/bradjameston1rec.jpg","width":1400,"height":933,"caption":"Screenshot"},{"@type":"BreadcrumbList","@id":"https:\/\/musica.santjosep.org\/es\/concierto\/el-cantautor-brad-jameston-se-estrena-en-el-nuevo-escenario-de-cala-escondida\/#breadcrumb","itemListElement":[{"@type":"ListItem","position":1,"name":"Portada","item":"https:\/\/musica.santjosep.org\/es\/"},{"@type":"ListItem","position":2,"name":"Eventos","item":"https:\/\/musica.santjosep.org\/es\/concerts\/"},{"@type":"ListItem","position":3,"name":"El cantautor Brad Jameston se estrena en el nuevo escenario de Cala Escondida"}]},{"@type":"WebSite","@id":"https:\/\/musica.santjosep.org\/es\/#website","url":"https:\/\/musica.santjosep.org\/es\/","name":"Sant Josep \u00e9s m\u00fasica","description":"Informaci\u00f3n actualizada de todos los conciertos, grupos y artistas que act\u00faen tanto en fiestas y festivales, como en establecimientos privados en el municipio de Sant Josep de sa Talaia","publisher":{"@id":"https:\/\/musica.santjosep.org\/es\/#organization"},"potentialAction":[{"@type":"SearchAction","target":{"@type":"EntryPoint","urlTemplate":"https:\/\/musica.santjosep.org\/es\/?s={search_term_string}"},"query-input":{"@type":"PropertyValueSpecification","valueRequired":true,"valueName":"search_term_string"}}],"inLanguage":"es"},{"@type":"Organization","@id":"https:\/\/musica.santjosep.org\/es\/#organization","name":"Sant Josep \u00e9s m\u00fasica","url":"https:\/\/musica.santjosep.org\/es\/","logo":{"@type":"ImageObject","inLanguage":"es","@id":"https:\/\/musica.santjosep.org\/es\/#\/schema\/logo\/image\/","url":"https:\/\/musica.santjosep.org\/wp-content\/uploads\/2022\/01\/logo-SJEM.png","contentUrl":"https:\/\/musica.santjosep.org\/wp-content\/uploads\/2022\/01\/logo-SJEM.png","width":213,"height":103,"caption":"Sant Josep \u00e9s m\u00fasica"},"image":{"@id":"https:\/\/musica.santjosep.org\/es\/#\/schema\/logo\/image\/"},"sameAs":["https:\/\/www.facebook.com\/Sant-Josep-s-Msica-105337042007790","https:\/\/x.com\/MusicaSantJosep","https:\/\/www.instagram.com\/musicasantjosep\/","https:\/\/www.youtube.com\/channel\/UCBSLSUpqfrfsiOMVslmZEJA"]}]}},"_links":{"self":[{"href":"https:\/\/musica.santjosep.org\/es\/wp-json\/wp\/v2\/tribe_events\/61568","targetHints":{"allow":["GET"]}}],"collection":[{"href":"https:\/\/musica.santjosep.org\/es\/wp-json\/wp\/v2\/tribe_events"}],"about":[{"href":"https:\/\/musica.santjosep.org\/es\/wp-json\/wp\/v2\/types\/tribe_events"}],"author":[{"embeddable":true,"href":"https:\/\/musica.santjosep.org\/es\/wp-json\/wp\/v2\/users\/2"}],"version-history":[{"count":1,"href":"https:\/\/musica.santjosep.org\/es\/wp-json\/wp\/v2\/tribe_events\/61568\/revisions"}],"predecessor-version":[{"id":61570,"href":"https:\/\/musica.santjosep.org\/es\/wp-json\/wp\/v2\/tribe_events\/61568\/revisions\/61570"}],"wp:featuredmedia":[{"embeddable":true,"href":"https:\/\/musica.santjosep.org\/es\/wp-json\/wp\/v2\/media\/61569"}],"wp:attachment":[{"href":"https:\/\/musica.santjosep.org\/es\/wp-json\/wp\/v2\/media?parent=61568"}],"wp:term":[{"taxonomy":"post_tag","embeddable":true,"href":"https:\/\/musica.santjosep.org\/es\/wp-json\/wp\/v2\/tags?post=61568"},{"taxonomy":"tribe_events_cat","embeddable":true,"href":"https:\/\/musica.santjosep.org\/es\/wp-json\/wp\/v2\/tribe_events_cat?post=61568"}],"curies":[{"name":"wp","href":"https:\/\/api.w.org\/{rel}","templated":true}]}}