{"id":61466,"date":"2026-08-23T20:28:20","date_gmt":"2026-08-23T18:28:20","guid":{"rendered":"https:\/\/musica.santjosep.org\/?post_type=tribe_events&#038;p=61466"},"modified":"2026-08-23T20:29:12","modified_gmt":"2026-08-23T18:29:12","slug":"el-grupo-mallorquin-oeste-vuelve-a-can-jordi-para-ofrecer-un-sabado-de-metal","status":"publish","type":"tribe_events","link":"https:\/\/musica.santjosep.org\/es\/concierto\/el-grupo-mallorquin-oeste-vuelve-a-can-jordi-para-ofrecer-un-sabado-de-metal\/","title":{"rendered":"El grupo mallorqu\u00edn Oeste vuelve a Can Jordi para ofrecer un s\u00e1bado de metal"},"content":{"rendered":"<p>La banda mallorquina de heavy metal Oeste estuvo hace dos a\u00f1os en Can Jordi para presentar su \u00faltimo \u00e1lbum, <em>Tiempo de fingir<\/em>, y ahora ha decidido regresar al mismo escenario para ofrecer otro s\u00e1bado con regusto met\u00e1lico en la Station.<\/p>\n<p>Oeste lleva dando guerra por los escenarios desde el a\u00f1o 2004, aunque su formaci\u00f3n actual surgi\u00f3 en 2010, cuando renaci\u00f3 tras dos a\u00f1os de par\u00f3n, con Jos\u00e9 a la voz y la guitarra ri\u0301tmica, y Juan Pedro a la guitarra solista, dos de los miembros originales. A ellos se sumaron Miguel A\u0301ngel a la bateri\u0301a y Jaume al bajo.<\/p>\n<p>Tras retomar la actividad, el grupo empez\u00f3 pr\u00e1cticamente de cero y ha logrado convertirse en una de las principales bandas del g\u00e9nero de Balears, componiendo nuevos temas con un sonido m\u00e1s duro y el\u00e9ctrico. Sus canciones parten del heavy metal ma\u0301s cla\u0301sico, pasando por el hard rock, el groove y el thrash metal. Bandas como Metallica, Sepultura, Megadeth, Slipnokt, Koma o Motorhead son sus influencias ma\u0301s directas.<\/p>\n<p>Oeste cuenta con tres \u00e1lbumes publicados: <em>Coraz\u00f3n de Metal<\/em> (2015), que es un EP, <em>La Ausencia del Miedo<\/em> (2020) y el citado <em>Tiempo de fingir<\/em> (2024). Han presentado estos trabajos en m\u00faltiples escenarios del archipi\u00e9lago y ahora vuelven a Can Jordi Blues Station para hacer vibrar al numeroso p\u00fablico que, sin duda, se congregar\u00e1 en su terraza, dispuesto a disfrutar a tope.<\/p>\n<p><iframe loading=\"lazy\" title=\"OESTE - Tiempo de Fingir (Videoclip Oficial)\" width=\"1100\" height=\"619\" src=\"https:\/\/www.youtube.com\/embed\/bvNaHGyVWnA?feature=oembed\" frameborder=\"0\" allow=\"accelerometer; autoplay; clipboard-write; encrypted-media; gyroscope; picture-in-picture; web-share\" referrerpolicy=\"strict-origin-when-cross-origin\" allowfullscreen><\/iframe><\/p>\n","protected":false},"excerpt":{"rendered":"<p>La banda mallorquina de heavy metal Oeste estuvo hace dos a\u00f1os en Can Jordi para presentar su \u00faltimo \u00e1lbum, Tiempo de fingir, y ahora ha decidido regresar al mismo escenario para ofrecer otro s\u00e1bado con regusto met\u00e1lico en la Station. [&hellip;]<\/p>\n","protected":false},"author":2,"featured_media":61468,"template":"","meta":{"_acf_changed":false,"_tribe_events_status":"","_tribe_events_status_reason":"","_tribe_events_is_hybrid":"","_tribe_events_is_virtual":"","_tribe_events_virtual_video_source":"","_tribe_events_virtual_embed_video":"","_tribe_events_virtual_linked_button_text":"","_tribe_events_virtual_linked_button":"","_tribe_events_virtual_show_embed_at":"","_tribe_events_virtual_show_embed_to":[],"_tribe_events_virtual_show_on_event":"","_tribe_events_virtual_show_on_views":"","_tribe_events_virtual_url":"","footnotes":""},"tags":[],"tribe_events_cat":[27,15],"class_list":["post-61466","tribe_events","type-tribe_events","status-publish","has-post-thumbnail","hentry","tribe_events_cat-metal","tribe_events_cat-rock","cat_metal","cat_rock"],"acf":[],"yoast_head":"<!-- This site is optimized with the Yoast SEO plugin v27.6 - https:\/\/yoast.com\/product\/yoast-seo-wordpress\/ -->\n<title>El grupo mallorqu\u00edn Oeste vuelve a Can Jordi para ofrecer un s\u00e1bado de metal - Sant Josep \u00e9s m\u00fasica<\/title>\n<meta name=\"robots\" content=\"index, follow, max-snippet:-1, max-image-preview:large, max-video-preview:-1\" \/>\n<link rel=\"canonical\" href=\"https:\/\/musica.santjosep.org\/es\/concierto\/el-grupo-mallorquin-oeste-vuelve-a-can-jordi-para-ofrecer-un-sabado-de-metal\/\" \/>\n<meta property=\"og:locale\" content=\"es_ES\" \/>\n<meta property=\"og:type\" content=\"article\" \/>\n<meta property=\"og:title\" content=\"El grupo mallorqu\u00edn Oeste vuelve a Can Jordi para ofrecer un s\u00e1bado de metal - Sant Josep \u00e9s m\u00fasica\" \/>\n<meta property=\"og:description\" content=\"La banda mallorquina de heavy metal Oeste estuvo hace dos a\u00f1os en Can Jordi para presentar su \u00faltimo \u00e1lbum, Tiempo de fingir, y ahora ha decidido regresar al mismo escenario para ofrecer otro s\u00e1bado con regusto met\u00e1lico en la Station. [&hellip;]\" \/>\n<meta property=\"og:url\" content=\"https:\/\/musica.santjosep.org\/es\/concierto\/el-grupo-mallorquin-oeste-vuelve-a-can-jordi-para-ofrecer-un-sabado-de-metal\/\" \/>\n<meta property=\"og:site_name\" content=\"Sant Josep \u00e9s m\u00fasica\" \/>\n<meta property=\"article:publisher\" content=\"https:\/\/www.facebook.com\/Sant-Josep-s-Msica-105337042007790\" \/>\n<meta property=\"article:modified_time\" content=\"2026-08-23T18:29:12+00:00\" \/>\n<meta property=\"og:image\" content=\"https:\/\/musica.santjosep.org\/wp-content\/uploads\/2026\/08\/Oeste.jpg\" \/>\n\t<meta property=\"og:image:width\" content=\"1400\" \/>\n\t<meta property=\"og:image:height\" content=\"933\" \/>\n\t<meta property=\"og:image:type\" content=\"image\/jpeg\" \/>\n<meta name=\"twitter:card\" content=\"summary_large_image\" \/>\n<meta name=\"twitter:site\" content=\"@MusicaSantJosep\" \/>\n<meta name=\"twitter:label1\" content=\"Tiempo de lectura\" \/>\n\t<meta name=\"twitter:data1\" content=\"2 minutos\" \/>\n<script type=\"application\/ld+json\" class=\"yoast-schema-graph\">{\"@context\":\"https:\\\/\\\/schema.org\",\"@graph\":[{\"@type\":\"WebPage\",\"@id\":\"https:\\\/\\\/musica.santjosep.org\\\/es\\\/concierto\\\/el-grupo-mallorquin-oeste-vuelve-a-can-jordi-para-ofrecer-un-sabado-de-metal\\\/\",\"url\":\"https:\\\/\\\/musica.santjosep.org\\\/es\\\/concierto\\\/el-grupo-mallorquin-oeste-vuelve-a-can-jordi-para-ofrecer-un-sabado-de-metal\\\/\",\"name\":\"El grupo mallorqu\u00edn Oeste vuelve a Can Jordi para ofrecer un s\u00e1bado de metal - Sant Josep \u00e9s m\u00fasica\",\"isPartOf\":{\"@id\":\"https:\\\/\\\/musica.santjosep.org\\\/es\\\/#website\"},\"primaryImageOfPage\":{\"@id\":\"https:\\\/\\\/musica.santjosep.org\\\/es\\\/concierto\\\/el-grupo-mallorquin-oeste-vuelve-a-can-jordi-para-ofrecer-un-sabado-de-metal\\\/#primaryimage\"},\"image\":{\"@id\":\"https:\\\/\\\/musica.santjosep.org\\\/es\\\/concierto\\\/el-grupo-mallorquin-oeste-vuelve-a-can-jordi-para-ofrecer-un-sabado-de-metal\\\/#primaryimage\"},\"thumbnailUrl\":\"https:\\\/\\\/musica.santjosep.org\\\/wp-content\\\/uploads\\\/2026\\\/08\\\/Oeste.jpg\",\"datePublished\":\"2026-08-23T18:28:20+00:00\",\"dateModified\":\"2026-08-23T18:29:12+00:00\",\"breadcrumb\":{\"@id\":\"https:\\\/\\\/musica.santjosep.org\\\/es\\\/concierto\\\/el-grupo-mallorquin-oeste-vuelve-a-can-jordi-para-ofrecer-un-sabado-de-metal\\\/#breadcrumb\"},\"inLanguage\":\"es\",\"potentialAction\":[{\"@type\":\"ReadAction\",\"target\":[\"https:\\\/\\\/musica.santjosep.org\\\/es\\\/concierto\\\/el-grupo-mallorquin-oeste-vuelve-a-can-jordi-para-ofrecer-un-sabado-de-metal\\\/\"]}]},{\"@type\":\"ImageObject\",\"inLanguage\":\"es\",\"@id\":\"https:\\\/\\\/musica.santjosep.org\\\/es\\\/concierto\\\/el-grupo-mallorquin-oeste-vuelve-a-can-jordi-para-ofrecer-un-sabado-de-metal\\\/#primaryimage\",\"url\":\"https:\\\/\\\/musica.santjosep.org\\\/wp-content\\\/uploads\\\/2026\\\/08\\\/Oeste.jpg\",\"contentUrl\":\"https:\\\/\\\/musica.santjosep.org\\\/wp-content\\\/uploads\\\/2026\\\/08\\\/Oeste.jpg\",\"width\":1400,\"height\":933,\"caption\":\"Joan F. Ribas\"},{\"@type\":\"BreadcrumbList\",\"@id\":\"https:\\\/\\\/musica.santjosep.org\\\/es\\\/concierto\\\/el-grupo-mallorquin-oeste-vuelve-a-can-jordi-para-ofrecer-un-sabado-de-metal\\\/#breadcrumb\",\"itemListElement\":[{\"@type\":\"ListItem\",\"position\":1,\"name\":\"Portada\",\"item\":\"https:\\\/\\\/musica.santjosep.org\\\/es\\\/\"},{\"@type\":\"ListItem\",\"position\":2,\"name\":\"Eventos\",\"item\":\"https:\\\/\\\/musica.santjosep.org\\\/es\\\/concerts\\\/\"},{\"@type\":\"ListItem\",\"position\":3,\"name\":\"El grupo mallorqu\u00edn Oeste vuelve a Can Jordi para ofrecer un s\u00e1bado de metal\"}]},{\"@type\":\"WebSite\",\"@id\":\"https:\\\/\\\/musica.santjosep.org\\\/es\\\/#website\",\"url\":\"https:\\\/\\\/musica.santjosep.org\\\/es\\\/\",\"name\":\"Sant Josep \u00e9s m\u00fasica\",\"description\":\"Informaci\u00f3n actualizada de todos los conciertos, grupos y artistas que act\u00faen tanto en fiestas y festivales, como en establecimientos privados en el municipio de Sant Josep de sa Talaia\",\"publisher\":{\"@id\":\"https:\\\/\\\/musica.santjosep.org\\\/es\\\/#organization\"},\"potentialAction\":[{\"@type\":\"SearchAction\",\"target\":{\"@type\":\"EntryPoint\",\"urlTemplate\":\"https:\\\/\\\/musica.santjosep.org\\\/es\\\/?s={search_term_string}\"},\"query-input\":{\"@type\":\"PropertyValueSpecification\",\"valueRequired\":true,\"valueName\":\"search_term_string\"}}],\"inLanguage\":\"es\"},{\"@type\":\"Organization\",\"@id\":\"https:\\\/\\\/musica.santjosep.org\\\/es\\\/#organization\",\"name\":\"Sant Josep \u00e9s m\u00fasica\",\"url\":\"https:\\\/\\\/musica.santjosep.org\\\/es\\\/\",\"logo\":{\"@type\":\"ImageObject\",\"inLanguage\":\"es\",\"@id\":\"https:\\\/\\\/musica.santjosep.org\\\/es\\\/#\\\/schema\\\/logo\\\/image\\\/\",\"url\":\"https:\\\/\\\/musica.santjosep.org\\\/wp-content\\\/uploads\\\/2022\\\/01\\\/logo-SJEM.png\",\"contentUrl\":\"https:\\\/\\\/musica.santjosep.org\\\/wp-content\\\/uploads\\\/2022\\\/01\\\/logo-SJEM.png\",\"width\":213,\"height\":103,\"caption\":\"Sant Josep \u00e9s m\u00fasica\"},\"image\":{\"@id\":\"https:\\\/\\\/musica.santjosep.org\\\/es\\\/#\\\/schema\\\/logo\\\/image\\\/\"},\"sameAs\":[\"https:\\\/\\\/www.facebook.com\\\/Sant-Josep-s-Msica-105337042007790\",\"https:\\\/\\\/x.com\\\/MusicaSantJosep\",\"https:\\\/\\\/www.instagram.com\\\/musicasantjosep\\\/\",\"https:\\\/\\\/www.youtube.com\\\/channel\\\/UCBSLSUpqfrfsiOMVslmZEJA\"]}]}<\/script>\n<!-- \/ Yoast SEO plugin. -->","yoast_head_json":{"title":"El grupo mallorqu\u00edn Oeste vuelve a Can Jordi para ofrecer un s\u00e1bado de metal - Sant Josep \u00e9s m\u00fasica","robots":{"index":"index","follow":"follow","max-snippet":"max-snippet:-1","max-image-preview":"max-image-preview:large","max-video-preview":"max-video-preview:-1"},"canonical":"https:\/\/musica.santjosep.org\/es\/concierto\/el-grupo-mallorquin-oeste-vuelve-a-can-jordi-para-ofrecer-un-sabado-de-metal\/","og_locale":"es_ES","og_type":"article","og_title":"El grupo mallorqu\u00edn Oeste vuelve a Can Jordi para ofrecer un s\u00e1bado de metal - Sant Josep \u00e9s m\u00fasica","og_description":"La banda mallorquina de heavy metal Oeste estuvo hace dos a\u00f1os en Can Jordi para presentar su \u00faltimo \u00e1lbum, Tiempo de fingir, y ahora ha decidido regresar al mismo escenario para ofrecer otro s\u00e1bado con regusto met\u00e1lico en la Station. [&hellip;]","og_url":"https:\/\/musica.santjosep.org\/es\/concierto\/el-grupo-mallorquin-oeste-vuelve-a-can-jordi-para-ofrecer-un-sabado-de-metal\/","og_site_name":"Sant Josep \u00e9s m\u00fasica","article_publisher":"https:\/\/www.facebook.com\/Sant-Josep-s-Msica-105337042007790","article_modified_time":"2026-08-23T18:29:12+00:00","og_image":[{"width":1400,"height":933,"url":"https:\/\/musica.santjosep.org\/wp-content\/uploads\/2026\/08\/Oeste.jpg","type":"image\/jpeg"}],"twitter_card":"summary_large_image","twitter_site":"@MusicaSantJosep","twitter_misc":{"Tiempo de lectura":"2 minutos"},"schema":{"@context":"https:\/\/schema.org","@graph":[{"@type":"WebPage","@id":"https:\/\/musica.santjosep.org\/es\/concierto\/el-grupo-mallorquin-oeste-vuelve-a-can-jordi-para-ofrecer-un-sabado-de-metal\/","url":"https:\/\/musica.santjosep.org\/es\/concierto\/el-grupo-mallorquin-oeste-vuelve-a-can-jordi-para-ofrecer-un-sabado-de-metal\/","name":"El grupo mallorqu\u00edn Oeste vuelve a Can Jordi para ofrecer un s\u00e1bado de metal - Sant Josep \u00e9s m\u00fasica","isPartOf":{"@id":"https:\/\/musica.santjosep.org\/es\/#website"},"primaryImageOfPage":{"@id":"https:\/\/musica.santjosep.org\/es\/concierto\/el-grupo-mallorquin-oeste-vuelve-a-can-jordi-para-ofrecer-un-sabado-de-metal\/#primaryimage"},"image":{"@id":"https:\/\/musica.santjosep.org\/es\/concierto\/el-grupo-mallorquin-oeste-vuelve-a-can-jordi-para-ofrecer-un-sabado-de-metal\/#primaryimage"},"thumbnailUrl":"https:\/\/musica.santjosep.org\/wp-content\/uploads\/2026\/08\/Oeste.jpg","datePublished":"2026-08-23T18:28:20+00:00","dateModified":"2026-08-23T18:29:12+00:00","breadcrumb":{"@id":"https:\/\/musica.santjosep.org\/es\/concierto\/el-grupo-mallorquin-oeste-vuelve-a-can-jordi-para-ofrecer-un-sabado-de-metal\/#breadcrumb"},"inLanguage":"es","potentialAction":[{"@type":"ReadAction","target":["https:\/\/musica.santjosep.org\/es\/concierto\/el-grupo-mallorquin-oeste-vuelve-a-can-jordi-para-ofrecer-un-sabado-de-metal\/"]}]},{"@type":"ImageObject","inLanguage":"es","@id":"https:\/\/musica.santjosep.org\/es\/concierto\/el-grupo-mallorquin-oeste-vuelve-a-can-jordi-para-ofrecer-un-sabado-de-metal\/#primaryimage","url":"https:\/\/musica.santjosep.org\/wp-content\/uploads\/2026\/08\/Oeste.jpg","contentUrl":"https:\/\/musica.santjosep.org\/wp-content\/uploads\/2026\/08\/Oeste.jpg","width":1400,"height":933,"caption":"Joan F. Ribas"},{"@type":"BreadcrumbList","@id":"https:\/\/musica.santjosep.org\/es\/concierto\/el-grupo-mallorquin-oeste-vuelve-a-can-jordi-para-ofrecer-un-sabado-de-metal\/#breadcrumb","itemListElement":[{"@type":"ListItem","position":1,"name":"Portada","item":"https:\/\/musica.santjosep.org\/es\/"},{"@type":"ListItem","position":2,"name":"Eventos","item":"https:\/\/musica.santjosep.org\/es\/concerts\/"},{"@type":"ListItem","position":3,"name":"El grupo mallorqu\u00edn Oeste vuelve a Can Jordi para ofrecer un s\u00e1bado de metal"}]},{"@type":"WebSite","@id":"https:\/\/musica.santjosep.org\/es\/#website","url":"https:\/\/musica.santjosep.org\/es\/","name":"Sant Josep \u00e9s m\u00fasica","description":"Informaci\u00f3n actualizada de todos los conciertos, grupos y artistas que act\u00faen tanto en fiestas y festivales, como en establecimientos privados en el municipio de Sant Josep de sa Talaia","publisher":{"@id":"https:\/\/musica.santjosep.org\/es\/#organization"},"potentialAction":[{"@type":"SearchAction","target":{"@type":"EntryPoint","urlTemplate":"https:\/\/musica.santjosep.org\/es\/?s={search_term_string}"},"query-input":{"@type":"PropertyValueSpecification","valueRequired":true,"valueName":"search_term_string"}}],"inLanguage":"es"},{"@type":"Organization","@id":"https:\/\/musica.santjosep.org\/es\/#organization","name":"Sant Josep \u00e9s m\u00fasica","url":"https:\/\/musica.santjosep.org\/es\/","logo":{"@type":"ImageObject","inLanguage":"es","@id":"https:\/\/musica.santjosep.org\/es\/#\/schema\/logo\/image\/","url":"https:\/\/musica.santjosep.org\/wp-content\/uploads\/2022\/01\/logo-SJEM.png","contentUrl":"https:\/\/musica.santjosep.org\/wp-content\/uploads\/2022\/01\/logo-SJEM.png","width":213,"height":103,"caption":"Sant Josep \u00e9s m\u00fasica"},"image":{"@id":"https:\/\/musica.santjosep.org\/es\/#\/schema\/logo\/image\/"},"sameAs":["https:\/\/www.facebook.com\/Sant-Josep-s-Msica-105337042007790","https:\/\/x.com\/MusicaSantJosep","https:\/\/www.instagram.com\/musicasantjosep\/","https:\/\/www.youtube.com\/channel\/UCBSLSUpqfrfsiOMVslmZEJA"]}]}},"_links":{"self":[{"href":"https:\/\/musica.santjosep.org\/es\/wp-json\/wp\/v2\/tribe_events\/61466","targetHints":{"allow":["GET"]}}],"collection":[{"href":"https:\/\/musica.santjosep.org\/es\/wp-json\/wp\/v2\/tribe_events"}],"about":[{"href":"https:\/\/musica.santjosep.org\/es\/wp-json\/wp\/v2\/types\/tribe_events"}],"author":[{"embeddable":true,"href":"https:\/\/musica.santjosep.org\/es\/wp-json\/wp\/v2\/users\/2"}],"version-history":[{"count":2,"href":"https:\/\/musica.santjosep.org\/es\/wp-json\/wp\/v2\/tribe_events\/61466\/revisions"}],"predecessor-version":[{"id":61470,"href":"https:\/\/musica.santjosep.org\/es\/wp-json\/wp\/v2\/tribe_events\/61466\/revisions\/61470"}],"wp:featuredmedia":[{"embeddable":true,"href":"https:\/\/musica.santjosep.org\/es\/wp-json\/wp\/v2\/media\/61468"}],"wp:attachment":[{"href":"https:\/\/musica.santjosep.org\/es\/wp-json\/wp\/v2\/media?parent=61466"}],"wp:term":[{"taxonomy":"post_tag","embeddable":true,"href":"https:\/\/musica.santjosep.org\/es\/wp-json\/wp\/v2\/tags?post=61466"},{"taxonomy":"tribe_events_cat","embeddable":true,"href":"https:\/\/musica.santjosep.org\/es\/wp-json\/wp\/v2\/tribe_events_cat?post=61466"}],"curies":[{"name":"wp","href":"https:\/\/api.w.org\/{rel}","templated":true}]}}