{"id":59757,"date":"2026-06-30T17:50:44","date_gmt":"2026-06-30T15:50:44","guid":{"rendered":"https:\/\/musica.santjosep.org\/?post_type=tribe_events&#038;p=59757"},"modified":"2026-09-02T14:24:30","modified_gmt":"2026-09-02T12:24:30","slug":"sau-la-mitica-banda-de-rock-catalan-cierra-el-sol-post-a-soli-con-un-concert-de-pel%c2%b7licula","status":"publish","type":"tribe_events","link":"https:\/\/musica.santjosep.org\/es\/concierto\/sau-la-mitica-banda-de-rock-catalan-cierra-el-sol-post-a-soli-con-un-concert-de-pel%c2%b7licula\/","title":{"rendered":"Sau, la m\u00edtica banda de rock catal\u00e1n, cierra el Sol Post a s\u2019Oli con \u2018Un concert de pel\u00b7licula\u2019"},"content":{"rendered":"<p>Este verano se celebra en el recinto exterior del Auditorio Cal\u00f3 de s\u2019Oli la cuarta edici\u00f3n del Sol Post a s\u2019Oli Fest, un ciclo de conciertos organizado por el Ayuntamiento de Sant Josep que ha tenido lugar los fines de semana, desde el 11 de julio hasta el 5 de septiembre. El programa ha compaginado artistas y bandas de fuera de la isla, como los j\u00f3venes navarros Linaje o los metaleros mallorquines Nolo y Lyra\u2019s Hell, con formaciones locales como Cover Garden, Acoustic Springsteen, Carly &amp; The Cats, Little Green Hipo, Kairos, Fuss, Badak o Albert Oliva &amp; Friends. Adem\u00e1s, se ha celebrado un Sol Post a s\u2019Oli Jove, con las actuaciones de Soge Culebra, Chema Rivas, C\u00e9ro y varios dj\u2019s. La barra y los <em>food trucks <\/em>abren a las 20 horas y los conciertos se inician coincidiendo con la puesta de sol.<\/p>\n<p>En esta actuaci\u00f3n final, que adem\u00e1s forma parte del programa &#8216;Units pel nostre parlar&#8217;, el p\u00fablico podr\u00e1 disfrutar de una de las bandas m\u00e1s importantes de la historia del rock catal\u00e1n: el grupo Sau. Esta formaci\u00f3n se encuentra celebrando una gira \u00fanica e irrepetible impulsada con motivo del rodaje del biopic \u2018Els de Sau\u2019, dedicado a la trayectoria de la formaci\u00f3n y al recuerdo imborrable de Carles Sabater, el cantante y fundador, fallecido en 1999.<\/p>\n<p>Sau naci\u00f3 en 1987, cuando se conocieron por casualidad el actor y cantante Carles Sabater y el guitarrista y compositor Pep Sala, ofreciendo doce a\u00f1os muy intensos de rock, en los que el grupo acab\u00f3 abanderando la nueva ola de rock catal\u00e1n, junto a Sopa de Cabra, Els Pets o Sangtra\u00eft, entre otros. Una parada card\u00edaca sufrida por Sabater al poco de bajarm del escenario, durante una gira, acab\u00f3 con la historia del grupo, aunque a lo largo de aquellos a\u00f1os inolvidables publicaron \u00e9xitos que hoy sigue se siguen coreando, como \u2018Boig per tu\u2019, \u2018Tren de mitjanit\u2019, \u2018Es in\u00fatil continuar\u2019, \u2018enviem un \u00e0ngel\u2019 o \u2018Nom\u00e9s ho faig per tu\u2019, adem\u00e1s de ofrecer cientos y cientos de conciertos.<\/p>\n<p><iframe loading=\"lazy\" title=\"SAU- Boig per tu\" width=\"1100\" height=\"825\" src=\"https:\/\/www.youtube.com\/embed\/GNhujnE4Y1c?feature=oembed\" frameborder=\"0\" allow=\"accelerometer; autoplay; clipboard-write; encrypted-media; gyroscope; picture-in-picture; web-share\" referrerpolicy=\"strict-origin-when-cross-origin\" allowfullscreen><\/iframe><\/p>\n<p>La banda original la impulsaron los dos, junto a Joan Capdevila, letrista y m\u00e1nager; \u2018Xarli\u2019 Oliver, percusionista; Ramon Altimir, teclista, y Josep S\u00e1nchez, bajista. Poco despu\u00e9s de su primer concierto de presentaci\u00f3n, en Vilanova de Sau, se encerraron en el estudio a grabar el primer disco, <em>No puc deixar de fumar<\/em>, al que seguir\u00eda otra decena, adem\u00e1s de diversos recopilatorios y homenajes a Sabater.<\/p>\n<p>En 2017 el grupo renaci\u00f3 como Sau30 a ra\u00edz de la organizaci\u00f3n de un concierto para conmemorar los 30 a\u00f1os de la formaci\u00f3n, con Jonathan Arg\u00fcelles como cantante, que estuvo girando con los grandes \u00e9xitos del grupo hasta marzo de 2019, ofreciendo otras actuaciones de manera espor\u00e1dica.<\/p>\n<p>La actual propuesta se cre\u00f3 en 2025 bajo el nombre \u2018Un concert de pel\u00b7l\u00edcula\u2019, tiene dos horas de duraci\u00f3n y sigue girando por los escenarios este 2026. Constituye una experiencia audiovisual inmersiva que combina im\u00e1genes in\u00e9ditas, fragmentos exclusivos del film y los grandes \u00e9xitos que marcaron una generaci\u00f3n. Una gran pantalla ejerce como horizonte en el escenario, creando una conexi\u00f3n visual y emocional profunda con el p\u00fablico. Al frente de la banda se sit\u00faa el fundador Pep Sala (voz y guitarra), junto a Pep S\u00e1nchez (bajo), \u2018Xarli\u2019 Oliver (bater\u00eda), Aurelio Morata (guitarra) y Ramon Altamir (teclados y voz), y con Fredrik (artista revelaci\u00f3n de Euforia 2024) y Jonathan Arg\u00fcelles (Sau30) como voces invitadas, que aportan un nuevo aire al repertorio sin perder la esencia, con una propuesta art\u00edstica excepcional que conecta pasado y presente.<\/p>\n<p><a href=\"https:\/\/musica.santjosep.org\/es\/sau-linaje-y-una-jornada-joven-con-soge-culebra-en-el-sol-post-a-soli-fest-2026\/\" target=\"_blank\" rel=\"noopener\">M\u00e1s informaci\u00f3n sobre el certamen en este enlace<\/a><\/p>\n","protected":false},"excerpt":{"rendered":"<p>Este verano se celebra en el recinto exterior del Auditorio Cal\u00f3 de s\u2019Oli la cuarta edici\u00f3n del Sol Post a s\u2019Oli Fest, un ciclo de conciertos organizado por el Ayuntamiento de Sant Josep que ha tenido lugar los fines de [&hellip;]<\/p>\n","protected":false},"author":2,"featured_media":59644,"template":"","meta":{"_acf_changed":false,"_tribe_events_status":"","_tribe_events_status_reason":"","_tribe_events_is_hybrid":"","_tribe_events_is_virtual":"","_tribe_events_virtual_video_source":"","_tribe_events_virtual_embed_video":"","_tribe_events_virtual_linked_button_text":"","_tribe_events_virtual_linked_button":"","_tribe_events_virtual_show_embed_at":"","_tribe_events_virtual_show_embed_to":[],"_tribe_events_virtual_show_on_event":"","_tribe_events_virtual_show_on_views":"","_tribe_events_virtual_url":"","footnotes":""},"tags":[],"tribe_events_cat":[29,15],"class_list":["post-59757","tribe_events","type-tribe_events","status-publish","has-post-thumbnail","hentry","tribe_events_cat-pop","tribe_events_cat-rock","cat_pop","cat_rock"],"acf":[],"yoast_head":"<!-- This site is optimized with the Yoast SEO plugin v27.6 - https:\/\/yoast.com\/product\/yoast-seo-wordpress\/ -->\n<title>Sau, la m\u00edtica banda de rock catal\u00e1n, cierra el Sol Post a s\u2019Oli con \u2018Un concert de pel\u00b7licula\u2019 - Sant Josep \u00e9s m\u00fasica<\/title>\n<meta name=\"robots\" content=\"index, follow, max-snippet:-1, max-image-preview:large, max-video-preview:-1\" \/>\n<link rel=\"canonical\" href=\"https:\/\/musica.santjosep.org\/es\/concierto\/sau-la-mitica-banda-de-rock-catalan-cierra-el-sol-post-a-soli-con-un-concert-de-pel\u00b7licula\/\" \/>\n<meta property=\"og:locale\" content=\"es_ES\" \/>\n<meta property=\"og:type\" content=\"article\" \/>\n<meta property=\"og:title\" content=\"Sau, la m\u00edtica banda de rock catal\u00e1n, cierra el Sol Post a s\u2019Oli con \u2018Un concert de pel\u00b7licula\u2019 - Sant Josep \u00e9s m\u00fasica\" \/>\n<meta property=\"og:description\" content=\"Este verano se celebra en el recinto exterior del Auditorio Cal\u00f3 de s\u2019Oli la cuarta edici\u00f3n del Sol Post a s\u2019Oli Fest, un ciclo de conciertos organizado por el Ayuntamiento de Sant Josep que ha tenido lugar los fines de [&hellip;]\" \/>\n<meta property=\"og:url\" content=\"https:\/\/musica.santjosep.org\/es\/concierto\/sau-la-mitica-banda-de-rock-catalan-cierra-el-sol-post-a-soli-con-un-concert-de-pel\u00b7licula\/\" \/>\n<meta property=\"og:site_name\" content=\"Sant Josep \u00e9s m\u00fasica\" \/>\n<meta property=\"article:publisher\" content=\"https:\/\/www.facebook.com\/Sant-Josep-s-Msica-105337042007790\" \/>\n<meta property=\"article:modified_time\" content=\"2026-09-02T12:24:30+00:00\" \/>\n<meta property=\"og:image\" content=\"https:\/\/musica.santjosep.org\/wp-content\/uploads\/2026\/06\/Sau-sergi-parames-furalab-foto-rec.jpg\" \/>\n\t<meta property=\"og:image:width\" content=\"1400\" \/>\n\t<meta property=\"og:image:height\" content=\"933\" \/>\n\t<meta property=\"og:image:type\" content=\"image\/jpeg\" \/>\n<meta name=\"twitter:card\" content=\"summary_large_image\" \/>\n<meta name=\"twitter:site\" content=\"@MusicaSantJosep\" \/>\n<meta name=\"twitter:label1\" content=\"Tiempo de lectura\" \/>\n\t<meta name=\"twitter:data1\" content=\"3 minutos\" \/>\n<script type=\"application\/ld+json\" class=\"yoast-schema-graph\">{\"@context\":\"https:\\\/\\\/schema.org\",\"@graph\":[{\"@type\":\"WebPage\",\"@id\":\"https:\\\/\\\/musica.santjosep.org\\\/es\\\/concierto\\\/sau-la-mitica-banda-de-rock-catalan-cierra-el-sol-post-a-soli-con-un-concert-de-pel%c2%b7licula\\\/\",\"url\":\"https:\\\/\\\/musica.santjosep.org\\\/es\\\/concierto\\\/sau-la-mitica-banda-de-rock-catalan-cierra-el-sol-post-a-soli-con-un-concert-de-pel%c2%b7licula\\\/\",\"name\":\"Sau, la m\u00edtica banda de rock catal\u00e1n, cierra el Sol Post a s\u2019Oli con \u2018Un concert de pel\u00b7licula\u2019 - Sant Josep \u00e9s m\u00fasica\",\"isPartOf\":{\"@id\":\"https:\\\/\\\/musica.santjosep.org\\\/es\\\/#website\"},\"primaryImageOfPage\":{\"@id\":\"https:\\\/\\\/musica.santjosep.org\\\/es\\\/concierto\\\/sau-la-mitica-banda-de-rock-catalan-cierra-el-sol-post-a-soli-con-un-concert-de-pel%c2%b7licula\\\/#primaryimage\"},\"image\":{\"@id\":\"https:\\\/\\\/musica.santjosep.org\\\/es\\\/concierto\\\/sau-la-mitica-banda-de-rock-catalan-cierra-el-sol-post-a-soli-con-un-concert-de-pel%c2%b7licula\\\/#primaryimage\"},\"thumbnailUrl\":\"https:\\\/\\\/musica.santjosep.org\\\/wp-content\\\/uploads\\\/2026\\\/06\\\/Sau-sergi-parames-furalab-foto-rec.jpg\",\"datePublished\":\"2026-06-30T15:50:44+00:00\",\"dateModified\":\"2026-09-02T12:24:30+00:00\",\"breadcrumb\":{\"@id\":\"https:\\\/\\\/musica.santjosep.org\\\/es\\\/concierto\\\/sau-la-mitica-banda-de-rock-catalan-cierra-el-sol-post-a-soli-con-un-concert-de-pel%c2%b7licula\\\/#breadcrumb\"},\"inLanguage\":\"es\",\"potentialAction\":[{\"@type\":\"ReadAction\",\"target\":[\"https:\\\/\\\/musica.santjosep.org\\\/es\\\/concierto\\\/sau-la-mitica-banda-de-rock-catalan-cierra-el-sol-post-a-soli-con-un-concert-de-pel%c2%b7licula\\\/\"]}]},{\"@type\":\"ImageObject\",\"inLanguage\":\"es\",\"@id\":\"https:\\\/\\\/musica.santjosep.org\\\/es\\\/concierto\\\/sau-la-mitica-banda-de-rock-catalan-cierra-el-sol-post-a-soli-con-un-concert-de-pel%c2%b7licula\\\/#primaryimage\",\"url\":\"https:\\\/\\\/musica.santjosep.org\\\/wp-content\\\/uploads\\\/2026\\\/06\\\/Sau-sergi-parames-furalab-foto-rec.jpg\",\"contentUrl\":\"https:\\\/\\\/musica.santjosep.org\\\/wp-content\\\/uploads\\\/2026\\\/06\\\/Sau-sergi-parames-furalab-foto-rec.jpg\",\"width\":1400,\"height\":933,\"caption\":\"Foto: Sergi Param\u00e8s (Fura Lab Foto)\"},{\"@type\":\"BreadcrumbList\",\"@id\":\"https:\\\/\\\/musica.santjosep.org\\\/es\\\/concierto\\\/sau-la-mitica-banda-de-rock-catalan-cierra-el-sol-post-a-soli-con-un-concert-de-pel%c2%b7licula\\\/#breadcrumb\",\"itemListElement\":[{\"@type\":\"ListItem\",\"position\":1,\"name\":\"Portada\",\"item\":\"https:\\\/\\\/musica.santjosep.org\\\/es\\\/\"},{\"@type\":\"ListItem\",\"position\":2,\"name\":\"Eventos\",\"item\":\"https:\\\/\\\/musica.santjosep.org\\\/es\\\/concerts\\\/\"},{\"@type\":\"ListItem\",\"position\":3,\"name\":\"Sau, la m\u00edtica banda de rock catal\u00e1n, cierra el Sol Post a s\u2019Oli con \u2018Un concert de pel\u00b7licula\u2019\"}]},{\"@type\":\"WebSite\",\"@id\":\"https:\\\/\\\/musica.santjosep.org\\\/es\\\/#website\",\"url\":\"https:\\\/\\\/musica.santjosep.org\\\/es\\\/\",\"name\":\"Sant Josep \u00e9s m\u00fasica\",\"description\":\"Informaci\u00f3n actualizada de todos los conciertos, grupos y artistas que act\u00faen tanto en fiestas y festivales, como en establecimientos privados en el municipio de Sant Josep de sa Talaia\",\"publisher\":{\"@id\":\"https:\\\/\\\/musica.santjosep.org\\\/es\\\/#organization\"},\"potentialAction\":[{\"@type\":\"SearchAction\",\"target\":{\"@type\":\"EntryPoint\",\"urlTemplate\":\"https:\\\/\\\/musica.santjosep.org\\\/es\\\/?s={search_term_string}\"},\"query-input\":{\"@type\":\"PropertyValueSpecification\",\"valueRequired\":true,\"valueName\":\"search_term_string\"}}],\"inLanguage\":\"es\"},{\"@type\":\"Organization\",\"@id\":\"https:\\\/\\\/musica.santjosep.org\\\/es\\\/#organization\",\"name\":\"Sant Josep \u00e9s m\u00fasica\",\"url\":\"https:\\\/\\\/musica.santjosep.org\\\/es\\\/\",\"logo\":{\"@type\":\"ImageObject\",\"inLanguage\":\"es\",\"@id\":\"https:\\\/\\\/musica.santjosep.org\\\/es\\\/#\\\/schema\\\/logo\\\/image\\\/\",\"url\":\"https:\\\/\\\/musica.santjosep.org\\\/wp-content\\\/uploads\\\/2022\\\/01\\\/logo-SJEM.png\",\"contentUrl\":\"https:\\\/\\\/musica.santjosep.org\\\/wp-content\\\/uploads\\\/2022\\\/01\\\/logo-SJEM.png\",\"width\":213,\"height\":103,\"caption\":\"Sant Josep \u00e9s m\u00fasica\"},\"image\":{\"@id\":\"https:\\\/\\\/musica.santjosep.org\\\/es\\\/#\\\/schema\\\/logo\\\/image\\\/\"},\"sameAs\":[\"https:\\\/\\\/www.facebook.com\\\/Sant-Josep-s-Msica-105337042007790\",\"https:\\\/\\\/x.com\\\/MusicaSantJosep\",\"https:\\\/\\\/www.instagram.com\\\/musicasantjosep\\\/\",\"https:\\\/\\\/www.youtube.com\\\/channel\\\/UCBSLSUpqfrfsiOMVslmZEJA\"]}]}<\/script>\n<!-- \/ Yoast SEO plugin. -->","yoast_head_json":{"title":"Sau, la m\u00edtica banda de rock catal\u00e1n, cierra el Sol Post a s\u2019Oli con \u2018Un concert de pel\u00b7licula\u2019 - Sant Josep \u00e9s m\u00fasica","robots":{"index":"index","follow":"follow","max-snippet":"max-snippet:-1","max-image-preview":"max-image-preview:large","max-video-preview":"max-video-preview:-1"},"canonical":"https:\/\/musica.santjosep.org\/es\/concierto\/sau-la-mitica-banda-de-rock-catalan-cierra-el-sol-post-a-soli-con-un-concert-de-pel\u00b7licula\/","og_locale":"es_ES","og_type":"article","og_title":"Sau, la m\u00edtica banda de rock catal\u00e1n, cierra el Sol Post a s\u2019Oli con \u2018Un concert de pel\u00b7licula\u2019 - Sant Josep \u00e9s m\u00fasica","og_description":"Este verano se celebra en el recinto exterior del Auditorio Cal\u00f3 de s\u2019Oli la cuarta edici\u00f3n del Sol Post a s\u2019Oli Fest, un ciclo de conciertos organizado por el Ayuntamiento de Sant Josep que ha tenido lugar los fines de [&hellip;]","og_url":"https:\/\/musica.santjosep.org\/es\/concierto\/sau-la-mitica-banda-de-rock-catalan-cierra-el-sol-post-a-soli-con-un-concert-de-pel\u00b7licula\/","og_site_name":"Sant Josep \u00e9s m\u00fasica","article_publisher":"https:\/\/www.facebook.com\/Sant-Josep-s-Msica-105337042007790","article_modified_time":"2026-09-02T12:24:30+00:00","og_image":[{"width":1400,"height":933,"url":"https:\/\/musica.santjosep.org\/wp-content\/uploads\/2026\/06\/Sau-sergi-parames-furalab-foto-rec.jpg","type":"image\/jpeg"}],"twitter_card":"summary_large_image","twitter_site":"@MusicaSantJosep","twitter_misc":{"Tiempo de lectura":"3 minutos"},"schema":{"@context":"https:\/\/schema.org","@graph":[{"@type":"WebPage","@id":"https:\/\/musica.santjosep.org\/es\/concierto\/sau-la-mitica-banda-de-rock-catalan-cierra-el-sol-post-a-soli-con-un-concert-de-pel%c2%b7licula\/","url":"https:\/\/musica.santjosep.org\/es\/concierto\/sau-la-mitica-banda-de-rock-catalan-cierra-el-sol-post-a-soli-con-un-concert-de-pel%c2%b7licula\/","name":"Sau, la m\u00edtica banda de rock catal\u00e1n, cierra el Sol Post a s\u2019Oli con \u2018Un concert de pel\u00b7licula\u2019 - Sant Josep \u00e9s m\u00fasica","isPartOf":{"@id":"https:\/\/musica.santjosep.org\/es\/#website"},"primaryImageOfPage":{"@id":"https:\/\/musica.santjosep.org\/es\/concierto\/sau-la-mitica-banda-de-rock-catalan-cierra-el-sol-post-a-soli-con-un-concert-de-pel%c2%b7licula\/#primaryimage"},"image":{"@id":"https:\/\/musica.santjosep.org\/es\/concierto\/sau-la-mitica-banda-de-rock-catalan-cierra-el-sol-post-a-soli-con-un-concert-de-pel%c2%b7licula\/#primaryimage"},"thumbnailUrl":"https:\/\/musica.santjosep.org\/wp-content\/uploads\/2026\/06\/Sau-sergi-parames-furalab-foto-rec.jpg","datePublished":"2026-06-30T15:50:44+00:00","dateModified":"2026-09-02T12:24:30+00:00","breadcrumb":{"@id":"https:\/\/musica.santjosep.org\/es\/concierto\/sau-la-mitica-banda-de-rock-catalan-cierra-el-sol-post-a-soli-con-un-concert-de-pel%c2%b7licula\/#breadcrumb"},"inLanguage":"es","potentialAction":[{"@type":"ReadAction","target":["https:\/\/musica.santjosep.org\/es\/concierto\/sau-la-mitica-banda-de-rock-catalan-cierra-el-sol-post-a-soli-con-un-concert-de-pel%c2%b7licula\/"]}]},{"@type":"ImageObject","inLanguage":"es","@id":"https:\/\/musica.santjosep.org\/es\/concierto\/sau-la-mitica-banda-de-rock-catalan-cierra-el-sol-post-a-soli-con-un-concert-de-pel%c2%b7licula\/#primaryimage","url":"https:\/\/musica.santjosep.org\/wp-content\/uploads\/2026\/06\/Sau-sergi-parames-furalab-foto-rec.jpg","contentUrl":"https:\/\/musica.santjosep.org\/wp-content\/uploads\/2026\/06\/Sau-sergi-parames-furalab-foto-rec.jpg","width":1400,"height":933,"caption":"Foto: Sergi Param\u00e8s (Fura Lab Foto)"},{"@type":"BreadcrumbList","@id":"https:\/\/musica.santjosep.org\/es\/concierto\/sau-la-mitica-banda-de-rock-catalan-cierra-el-sol-post-a-soli-con-un-concert-de-pel%c2%b7licula\/#breadcrumb","itemListElement":[{"@type":"ListItem","position":1,"name":"Portada","item":"https:\/\/musica.santjosep.org\/es\/"},{"@type":"ListItem","position":2,"name":"Eventos","item":"https:\/\/musica.santjosep.org\/es\/concerts\/"},{"@type":"ListItem","position":3,"name":"Sau, la m\u00edtica banda de rock catal\u00e1n, cierra el Sol Post a s\u2019Oli con \u2018Un concert de pel\u00b7licula\u2019"}]},{"@type":"WebSite","@id":"https:\/\/musica.santjosep.org\/es\/#website","url":"https:\/\/musica.santjosep.org\/es\/","name":"Sant Josep \u00e9s m\u00fasica","description":"Informaci\u00f3n actualizada de todos los conciertos, grupos y artistas que act\u00faen tanto en fiestas y festivales, como en establecimientos privados en el municipio de Sant Josep de sa Talaia","publisher":{"@id":"https:\/\/musica.santjosep.org\/es\/#organization"},"potentialAction":[{"@type":"SearchAction","target":{"@type":"EntryPoint","urlTemplate":"https:\/\/musica.santjosep.org\/es\/?s={search_term_string}"},"query-input":{"@type":"PropertyValueSpecification","valueRequired":true,"valueName":"search_term_string"}}],"inLanguage":"es"},{"@type":"Organization","@id":"https:\/\/musica.santjosep.org\/es\/#organization","name":"Sant Josep \u00e9s m\u00fasica","url":"https:\/\/musica.santjosep.org\/es\/","logo":{"@type":"ImageObject","inLanguage":"es","@id":"https:\/\/musica.santjosep.org\/es\/#\/schema\/logo\/image\/","url":"https:\/\/musica.santjosep.org\/wp-content\/uploads\/2022\/01\/logo-SJEM.png","contentUrl":"https:\/\/musica.santjosep.org\/wp-content\/uploads\/2022\/01\/logo-SJEM.png","width":213,"height":103,"caption":"Sant Josep \u00e9s m\u00fasica"},"image":{"@id":"https:\/\/musica.santjosep.org\/es\/#\/schema\/logo\/image\/"},"sameAs":["https:\/\/www.facebook.com\/Sant-Josep-s-Msica-105337042007790","https:\/\/x.com\/MusicaSantJosep","https:\/\/www.instagram.com\/musicasantjosep\/","https:\/\/www.youtube.com\/channel\/UCBSLSUpqfrfsiOMVslmZEJA"]}]}},"_links":{"self":[{"href":"https:\/\/musica.santjosep.org\/es\/wp-json\/wp\/v2\/tribe_events\/59757","targetHints":{"allow":["GET"]}}],"collection":[{"href":"https:\/\/musica.santjosep.org\/es\/wp-json\/wp\/v2\/tribe_events"}],"about":[{"href":"https:\/\/musica.santjosep.org\/es\/wp-json\/wp\/v2\/types\/tribe_events"}],"author":[{"embeddable":true,"href":"https:\/\/musica.santjosep.org\/es\/wp-json\/wp\/v2\/users\/2"}],"version-history":[{"count":5,"href":"https:\/\/musica.santjosep.org\/es\/wp-json\/wp\/v2\/tribe_events\/59757\/revisions"}],"predecessor-version":[{"id":61888,"href":"https:\/\/musica.santjosep.org\/es\/wp-json\/wp\/v2\/tribe_events\/59757\/revisions\/61888"}],"wp:featuredmedia":[{"embeddable":true,"href":"https:\/\/musica.santjosep.org\/es\/wp-json\/wp\/v2\/media\/59644"}],"wp:attachment":[{"href":"https:\/\/musica.santjosep.org\/es\/wp-json\/wp\/v2\/media?parent=59757"}],"wp:term":[{"taxonomy":"post_tag","embeddable":true,"href":"https:\/\/musica.santjosep.org\/es\/wp-json\/wp\/v2\/tags?post=59757"},{"taxonomy":"tribe_events_cat","embeddable":true,"href":"https:\/\/musica.santjosep.org\/es\/wp-json\/wp\/v2\/tribe_events_cat?post=59757"}],"curies":[{"name":"wp","href":"https:\/\/api.w.org\/{rel}","templated":true}]}}