{"id":57114,"date":"2026-04-30T14:38:18","date_gmt":"2026-04-30T12:38:18","guid":{"rendered":"https:\/\/musica.santjosep.org\/?post_type=tribe_events&#038;p=57114"},"modified":"2026-04-30T14:38:18","modified_gmt":"2026-04-30T12:38:18","slug":"folk-americano-en-can-jordi-con-silvia-san-ferran-nogues-y-dennis-herman","status":"publish","type":"tribe_events","link":"https:\/\/musica.santjosep.org\/es\/concierto\/folk-americano-en-can-jordi-con-silvia-san-ferran-nogues-y-dennis-herman\/","title":{"rendered":"Folk americano en Can Jordi, con S\u00edlvia San, Ferran Nogu\u00e9s y Dennis Herman"},"content":{"rendered":"<p>El escenario de Can Jordi Blues Station recibe para su concierto del jueves al tr\u00edo formado por S\u00edlvia San (voz), Ferran Nogu\u00e9s (voz y guitarra) y Dennis Herman (banjo y dobro). S\u00edlvia y Ferran ya han actuado en varias ocasiones en el establecimiento y, en un concierto celebrado el pasado junio, se les uni\u00f3 Dennis Herman, una leyenda de la m\u00fasica en Ibiza. Ahora repiten, interpretando temas de folk americano, con especial predilecci\u00f3n por las canciones de Bob Dylan, dos de las cuales S\u00edlvia y Ferran versionaron en el\u00a0<a href=\"https:\/\/musica.santjosep.org\/es\/discos\/can-jordi-blues-station-vol-i\/\" target=\"_blank\" rel=\"noopener\">primer disco del establecimiento<\/a>. Act\u00faan en formato ac\u00fastico.<\/p>\n<div id=\"attachment_57062\" style=\"width: 1410px\" class=\"wp-caption alignnone\"><img loading=\"lazy\" decoding=\"async\" aria-describedby=\"caption-attachment-57062\" class=\"wp-image-57062 size-full\" src=\"https:\/\/musica.santjosep.org\/wp-content\/uploads\/2026\/04\/Cotton-Cactus-13.jpg\" alt=\"\" width=\"1400\" height=\"933\" srcset=\"https:\/\/musica.santjosep.org\/wp-content\/uploads\/2026\/04\/Cotton-Cactus-13.jpg 1400w, https:\/\/musica.santjosep.org\/wp-content\/uploads\/2026\/04\/Cotton-Cactus-13-300x200.jpg 300w, https:\/\/musica.santjosep.org\/wp-content\/uploads\/2026\/04\/Cotton-Cactus-13-1024x682.jpg 1024w, https:\/\/musica.santjosep.org\/wp-content\/uploads\/2026\/04\/Cotton-Cactus-13-768x512.jpg 768w\" sizes=\"auto, (max-width: 1400px) 100vw, 1400px\" \/><p id=\"caption-attachment-57062\" class=\"wp-caption-text\">Dennis Herman. Foto: Joan F. Ribas<\/p><\/div>\n","protected":false},"excerpt":{"rendered":"<p>El escenario de Can Jordi Blues Station recibe para su concierto del jueves al tr\u00edo formado por S\u00edlvia San (voz), Ferran Nogu\u00e9s (voz y guitarra) y Dennis Herman (banjo y dobro). S\u00edlvia y Ferran ya han actuado en varias ocasiones [&hellip;]<\/p>\n","protected":false},"author":2,"featured_media":57061,"template":"","meta":{"_acf_changed":false,"_tribe_events_status":"","_tribe_events_status_reason":"","_tribe_events_is_hybrid":"","_tribe_events_is_virtual":"","_tribe_events_virtual_video_source":"","_tribe_events_virtual_embed_video":"","_tribe_events_virtual_linked_button_text":"","_tribe_events_virtual_linked_button":"","_tribe_events_virtual_show_embed_at":"","_tribe_events_virtual_show_embed_to":[],"_tribe_events_virtual_show_on_event":"","_tribe_events_virtual_show_on_views":"","_tribe_events_virtual_url":"","footnotes":""},"tags":[],"tribe_events_cat":[16,52,17],"class_list":["post-57114","tribe_events","type-tribe_events","status-publish","has-post-thumbnail","hentry","tribe_events_cat-blues","tribe_events_cat-country","tribe_events_cat-folk","cat_blues","cat_country","cat_folk"],"acf":[],"yoast_head":"<!-- This site is optimized with the Yoast SEO plugin v26.6 - https:\/\/yoast.com\/wordpress\/plugins\/seo\/ -->\n<title>Folk americano en Can Jordi, con S\u00edlvia San, Ferran Nogu\u00e9s y Dennis Herman - Sant Josep \u00e9s m\u00fasica<\/title>\n<meta name=\"robots\" content=\"index, follow, max-snippet:-1, max-image-preview:large, max-video-preview:-1\" \/>\n<link rel=\"canonical\" href=\"https:\/\/musica.santjosep.org\/es\/concierto\/folk-americano-en-can-jordi-con-silvia-san-ferran-nogues-y-dennis-herman\/\" \/>\n<meta property=\"og:locale\" content=\"es_ES\" \/>\n<meta property=\"og:type\" content=\"article\" \/>\n<meta property=\"og:title\" content=\"Folk americano en Can Jordi, con S\u00edlvia San, Ferran Nogu\u00e9s y Dennis Herman - Sant Josep \u00e9s m\u00fasica\" \/>\n<meta property=\"og:description\" content=\"El escenario de Can Jordi Blues Station recibe para su concierto del jueves al tr\u00edo formado por S\u00edlvia San (voz), Ferran Nogu\u00e9s (voz y guitarra) y Dennis Herman (banjo y dobro). S\u00edlvia y Ferran ya han actuado en varias ocasiones [&hellip;]\" \/>\n<meta property=\"og:url\" content=\"https:\/\/musica.santjosep.org\/es\/concierto\/folk-americano-en-can-jordi-con-silvia-san-ferran-nogues-y-dennis-herman\/\" \/>\n<meta property=\"og:site_name\" content=\"Sant Josep \u00e9s m\u00fasica\" \/>\n<meta property=\"article:publisher\" content=\"https:\/\/www.facebook.com\/Sant-Josep-s-Msica-105337042007790\" \/>\n<meta property=\"og:image\" content=\"https:\/\/musica.santjosep.org\/wp-content\/uploads\/2026\/04\/SilviaFerran-5.jpg\" \/>\n\t<meta property=\"og:image:width\" content=\"1400\" \/>\n\t<meta property=\"og:image:height\" content=\"933\" \/>\n\t<meta property=\"og:image:type\" content=\"image\/jpeg\" \/>\n<meta name=\"twitter:card\" content=\"summary_large_image\" \/>\n<meta name=\"twitter:site\" content=\"@MusicaSantJosep\" \/>\n<meta name=\"twitter:label1\" content=\"Tiempo de lectura\" \/>\n\t<meta name=\"twitter:data1\" content=\"1 minuto\" \/>\n<script type=\"application\/ld+json\" class=\"yoast-schema-graph\">{\"@context\":\"https:\/\/schema.org\",\"@graph\":[{\"@type\":\"WebPage\",\"@id\":\"https:\/\/musica.santjosep.org\/es\/concierto\/folk-americano-en-can-jordi-con-silvia-san-ferran-nogues-y-dennis-herman\/\",\"url\":\"https:\/\/musica.santjosep.org\/es\/concierto\/folk-americano-en-can-jordi-con-silvia-san-ferran-nogues-y-dennis-herman\/\",\"name\":\"Folk americano en Can Jordi, con S\u00edlvia San, Ferran Nogu\u00e9s y Dennis Herman - Sant Josep \u00e9s m\u00fasica\",\"isPartOf\":{\"@id\":\"https:\/\/musica.santjosep.org\/es\/#website\"},\"primaryImageOfPage\":{\"@id\":\"https:\/\/musica.santjosep.org\/es\/concierto\/folk-americano-en-can-jordi-con-silvia-san-ferran-nogues-y-dennis-herman\/#primaryimage\"},\"image\":{\"@id\":\"https:\/\/musica.santjosep.org\/es\/concierto\/folk-americano-en-can-jordi-con-silvia-san-ferran-nogues-y-dennis-herman\/#primaryimage\"},\"thumbnailUrl\":\"https:\/\/musica.santjosep.org\/wp-content\/uploads\/2026\/04\/SilviaFerran-5.jpg\",\"datePublished\":\"2026-04-30T12:38:18+00:00\",\"breadcrumb\":{\"@id\":\"https:\/\/musica.santjosep.org\/es\/concierto\/folk-americano-en-can-jordi-con-silvia-san-ferran-nogues-y-dennis-herman\/#breadcrumb\"},\"inLanguage\":\"es\",\"potentialAction\":[{\"@type\":\"ReadAction\",\"target\":[\"https:\/\/musica.santjosep.org\/es\/concierto\/folk-americano-en-can-jordi-con-silvia-san-ferran-nogues-y-dennis-herman\/\"]}]},{\"@type\":\"ImageObject\",\"inLanguage\":\"es\",\"@id\":\"https:\/\/musica.santjosep.org\/es\/concierto\/folk-americano-en-can-jordi-con-silvia-san-ferran-nogues-y-dennis-herman\/#primaryimage\",\"url\":\"https:\/\/musica.santjosep.org\/wp-content\/uploads\/2026\/04\/SilviaFerran-5.jpg\",\"contentUrl\":\"https:\/\/musica.santjosep.org\/wp-content\/uploads\/2026\/04\/SilviaFerran-5.jpg\",\"width\":1400,\"height\":933,\"caption\":\"Ferran Nogu\u00e9s & S\u00edlvia San. Foto: Joan F. Ribas\"},{\"@type\":\"BreadcrumbList\",\"@id\":\"https:\/\/musica.santjosep.org\/es\/concierto\/folk-americano-en-can-jordi-con-silvia-san-ferran-nogues-y-dennis-herman\/#breadcrumb\",\"itemListElement\":[{\"@type\":\"ListItem\",\"position\":1,\"name\":\"Portada\",\"item\":\"https:\/\/musica.santjosep.org\/es\/\"},{\"@type\":\"ListItem\",\"position\":2,\"name\":\"Eventos\",\"item\":\"https:\/\/musica.santjosep.org\/es\/concerts\/\"},{\"@type\":\"ListItem\",\"position\":3,\"name\":\"Folk americano en Can Jordi, con S\u00edlvia San, Ferran Nogu\u00e9s y Dennis Herman\"}]},{\"@type\":\"WebSite\",\"@id\":\"https:\/\/musica.santjosep.org\/es\/#website\",\"url\":\"https:\/\/musica.santjosep.org\/es\/\",\"name\":\"Sant Josep \u00e9s m\u00fasica\",\"description\":\"Informaci\u00f3n actualizada de todos los conciertos, grupos y artistas que act\u00faen tanto en fiestas y festivales, como en establecimientos privados en el municipio de Sant Josep de sa Talaia\",\"publisher\":{\"@id\":\"https:\/\/musica.santjosep.org\/es\/#organization\"},\"potentialAction\":[{\"@type\":\"SearchAction\",\"target\":{\"@type\":\"EntryPoint\",\"urlTemplate\":\"https:\/\/musica.santjosep.org\/es\/?s={search_term_string}\"},\"query-input\":{\"@type\":\"PropertyValueSpecification\",\"valueRequired\":true,\"valueName\":\"search_term_string\"}}],\"inLanguage\":\"es\"},{\"@type\":\"Organization\",\"@id\":\"https:\/\/musica.santjosep.org\/es\/#organization\",\"name\":\"Sant Josep \u00e9s m\u00fasica\",\"url\":\"https:\/\/musica.santjosep.org\/es\/\",\"logo\":{\"@type\":\"ImageObject\",\"inLanguage\":\"es\",\"@id\":\"https:\/\/musica.santjosep.org\/es\/#\/schema\/logo\/image\/\",\"url\":\"https:\/\/musica.santjosep.org\/wp-content\/uploads\/2022\/01\/logo-SJEM.png\",\"contentUrl\":\"https:\/\/musica.santjosep.org\/wp-content\/uploads\/2022\/01\/logo-SJEM.png\",\"width\":213,\"height\":103,\"caption\":\"Sant Josep \u00e9s m\u00fasica\"},\"image\":{\"@id\":\"https:\/\/musica.santjosep.org\/es\/#\/schema\/logo\/image\/\"},\"sameAs\":[\"https:\/\/www.facebook.com\/Sant-Josep-s-Msica-105337042007790\",\"https:\/\/x.com\/MusicaSantJosep\",\"https:\/\/www.instagram.com\/musicasantjosep\/\",\"https:\/\/www.youtube.com\/channel\/UCBSLSUpqfrfsiOMVslmZEJA\"]}]}<\/script>\n<!-- \/ Yoast SEO plugin. -->","yoast_head_json":{"title":"Folk americano en Can Jordi, con S\u00edlvia San, Ferran Nogu\u00e9s y Dennis Herman - Sant Josep \u00e9s m\u00fasica","robots":{"index":"index","follow":"follow","max-snippet":"max-snippet:-1","max-image-preview":"max-image-preview:large","max-video-preview":"max-video-preview:-1"},"canonical":"https:\/\/musica.santjosep.org\/es\/concierto\/folk-americano-en-can-jordi-con-silvia-san-ferran-nogues-y-dennis-herman\/","og_locale":"es_ES","og_type":"article","og_title":"Folk americano en Can Jordi, con S\u00edlvia San, Ferran Nogu\u00e9s y Dennis Herman - Sant Josep \u00e9s m\u00fasica","og_description":"El escenario de Can Jordi Blues Station recibe para su concierto del jueves al tr\u00edo formado por S\u00edlvia San (voz), Ferran Nogu\u00e9s (voz y guitarra) y Dennis Herman (banjo y dobro). S\u00edlvia y Ferran ya han actuado en varias ocasiones [&hellip;]","og_url":"https:\/\/musica.santjosep.org\/es\/concierto\/folk-americano-en-can-jordi-con-silvia-san-ferran-nogues-y-dennis-herman\/","og_site_name":"Sant Josep \u00e9s m\u00fasica","article_publisher":"https:\/\/www.facebook.com\/Sant-Josep-s-Msica-105337042007790","og_image":[{"width":1400,"height":933,"url":"https:\/\/musica.santjosep.org\/wp-content\/uploads\/2026\/04\/SilviaFerran-5.jpg","type":"image\/jpeg"}],"twitter_card":"summary_large_image","twitter_site":"@MusicaSantJosep","twitter_misc":{"Tiempo de lectura":"1 minuto"},"schema":{"@context":"https:\/\/schema.org","@graph":[{"@type":"WebPage","@id":"https:\/\/musica.santjosep.org\/es\/concierto\/folk-americano-en-can-jordi-con-silvia-san-ferran-nogues-y-dennis-herman\/","url":"https:\/\/musica.santjosep.org\/es\/concierto\/folk-americano-en-can-jordi-con-silvia-san-ferran-nogues-y-dennis-herman\/","name":"Folk americano en Can Jordi, con S\u00edlvia San, Ferran Nogu\u00e9s y Dennis Herman - Sant Josep \u00e9s m\u00fasica","isPartOf":{"@id":"https:\/\/musica.santjosep.org\/es\/#website"},"primaryImageOfPage":{"@id":"https:\/\/musica.santjosep.org\/es\/concierto\/folk-americano-en-can-jordi-con-silvia-san-ferran-nogues-y-dennis-herman\/#primaryimage"},"image":{"@id":"https:\/\/musica.santjosep.org\/es\/concierto\/folk-americano-en-can-jordi-con-silvia-san-ferran-nogues-y-dennis-herman\/#primaryimage"},"thumbnailUrl":"https:\/\/musica.santjosep.org\/wp-content\/uploads\/2026\/04\/SilviaFerran-5.jpg","datePublished":"2026-04-30T12:38:18+00:00","breadcrumb":{"@id":"https:\/\/musica.santjosep.org\/es\/concierto\/folk-americano-en-can-jordi-con-silvia-san-ferran-nogues-y-dennis-herman\/#breadcrumb"},"inLanguage":"es","potentialAction":[{"@type":"ReadAction","target":["https:\/\/musica.santjosep.org\/es\/concierto\/folk-americano-en-can-jordi-con-silvia-san-ferran-nogues-y-dennis-herman\/"]}]},{"@type":"ImageObject","inLanguage":"es","@id":"https:\/\/musica.santjosep.org\/es\/concierto\/folk-americano-en-can-jordi-con-silvia-san-ferran-nogues-y-dennis-herman\/#primaryimage","url":"https:\/\/musica.santjosep.org\/wp-content\/uploads\/2026\/04\/SilviaFerran-5.jpg","contentUrl":"https:\/\/musica.santjosep.org\/wp-content\/uploads\/2026\/04\/SilviaFerran-5.jpg","width":1400,"height":933,"caption":"Ferran Nogu\u00e9s & S\u00edlvia San. Foto: Joan F. Ribas"},{"@type":"BreadcrumbList","@id":"https:\/\/musica.santjosep.org\/es\/concierto\/folk-americano-en-can-jordi-con-silvia-san-ferran-nogues-y-dennis-herman\/#breadcrumb","itemListElement":[{"@type":"ListItem","position":1,"name":"Portada","item":"https:\/\/musica.santjosep.org\/es\/"},{"@type":"ListItem","position":2,"name":"Eventos","item":"https:\/\/musica.santjosep.org\/es\/concerts\/"},{"@type":"ListItem","position":3,"name":"Folk americano en Can Jordi, con S\u00edlvia San, Ferran Nogu\u00e9s y Dennis Herman"}]},{"@type":"WebSite","@id":"https:\/\/musica.santjosep.org\/es\/#website","url":"https:\/\/musica.santjosep.org\/es\/","name":"Sant Josep \u00e9s m\u00fasica","description":"Informaci\u00f3n actualizada de todos los conciertos, grupos y artistas que act\u00faen tanto en fiestas y festivales, como en establecimientos privados en el municipio de Sant Josep de sa Talaia","publisher":{"@id":"https:\/\/musica.santjosep.org\/es\/#organization"},"potentialAction":[{"@type":"SearchAction","target":{"@type":"EntryPoint","urlTemplate":"https:\/\/musica.santjosep.org\/es\/?s={search_term_string}"},"query-input":{"@type":"PropertyValueSpecification","valueRequired":true,"valueName":"search_term_string"}}],"inLanguage":"es"},{"@type":"Organization","@id":"https:\/\/musica.santjosep.org\/es\/#organization","name":"Sant Josep \u00e9s m\u00fasica","url":"https:\/\/musica.santjosep.org\/es\/","logo":{"@type":"ImageObject","inLanguage":"es","@id":"https:\/\/musica.santjosep.org\/es\/#\/schema\/logo\/image\/","url":"https:\/\/musica.santjosep.org\/wp-content\/uploads\/2022\/01\/logo-SJEM.png","contentUrl":"https:\/\/musica.santjosep.org\/wp-content\/uploads\/2022\/01\/logo-SJEM.png","width":213,"height":103,"caption":"Sant Josep \u00e9s m\u00fasica"},"image":{"@id":"https:\/\/musica.santjosep.org\/es\/#\/schema\/logo\/image\/"},"sameAs":["https:\/\/www.facebook.com\/Sant-Josep-s-Msica-105337042007790","https:\/\/x.com\/MusicaSantJosep","https:\/\/www.instagram.com\/musicasantjosep\/","https:\/\/www.youtube.com\/channel\/UCBSLSUpqfrfsiOMVslmZEJA"]}]}},"_links":{"self":[{"href":"https:\/\/musica.santjosep.org\/es\/wp-json\/wp\/v2\/tribe_events\/57114","targetHints":{"allow":["GET"]}}],"collection":[{"href":"https:\/\/musica.santjosep.org\/es\/wp-json\/wp\/v2\/tribe_events"}],"about":[{"href":"https:\/\/musica.santjosep.org\/es\/wp-json\/wp\/v2\/types\/tribe_events"}],"author":[{"embeddable":true,"href":"https:\/\/musica.santjosep.org\/es\/wp-json\/wp\/v2\/users\/2"}],"version-history":[{"count":1,"href":"https:\/\/musica.santjosep.org\/es\/wp-json\/wp\/v2\/tribe_events\/57114\/revisions"}],"predecessor-version":[{"id":57115,"href":"https:\/\/musica.santjosep.org\/es\/wp-json\/wp\/v2\/tribe_events\/57114\/revisions\/57115"}],"wp:featuredmedia":[{"embeddable":true,"href":"https:\/\/musica.santjosep.org\/es\/wp-json\/wp\/v2\/media\/57061"}],"wp:attachment":[{"href":"https:\/\/musica.santjosep.org\/es\/wp-json\/wp\/v2\/media?parent=57114"}],"wp:term":[{"taxonomy":"post_tag","embeddable":true,"href":"https:\/\/musica.santjosep.org\/es\/wp-json\/wp\/v2\/tags?post=57114"},{"taxonomy":"tribe_events_cat","embeddable":true,"href":"https:\/\/musica.santjosep.org\/es\/wp-json\/wp\/v2\/tribe_events_cat?post=57114"}],"curies":[{"name":"wp","href":"https:\/\/api.w.org\/{rel}","templated":true}]}}