{"id":57029,"date":"2026-04-29T12:40:34","date_gmt":"2026-04-29T10:40:34","guid":{"rendered":"https:\/\/musica.santjosep.org\/?post_type=tribe_events&#038;p=57029"},"modified":"2026-04-29T12:40:34","modified_gmt":"2026-04-29T10:40:34","slug":"nuevo-concierto-del-grupo-de-rock-crossroad-en-la-terraza-de-rosanas","status":"publish","type":"tribe_events","link":"https:\/\/musica.santjosep.org\/es\/concierto\/nuevo-concierto-del-grupo-de-rock-crossroad-en-la-terraza-de-rosanas\/","title":{"rendered":"Nuevo concierto del grupo de rock Crossroad en la terraza de Rosana\u2019s"},"content":{"rendered":"<p>El restaurante Rosana\u2019s, cerca de Can Bellotera, acoge de nuevo al grupo Crossroad en su concierto vespertino del s\u00e1bado. La formaci\u00f3n est\u00e1 compuesta por Mar\u00eda Lejarza S\u00e1nchez (voz), Joaqu\u00edn Fern\u00e1ndez Duchowny (guitarra solista y voz), Laurent Barot (bajo), Vicente Clemente (bater\u00eda) y Rabbie (teclados). Ofrecen un repertorio de versiones de temas de blues, rock y tambi\u00e9n alg\u00fan <em>cover<\/em> m\u00e1s personal de canciones pop.<\/p>\n","protected":false},"excerpt":{"rendered":"<p>El restaurante Rosana\u2019s, cerca de Can Bellotera, acoge de nuevo al grupo Crossroad en su concierto vespertino del s\u00e1bado. La formaci\u00f3n est\u00e1 compuesta por Mar\u00eda Lejarza S\u00e1nchez (voz), Joaqu\u00edn Fern\u00e1ndez Duchowny (guitarra solista y voz), Laurent Barot (bajo), Vicente Clemente [&hellip;]<\/p>\n","protected":false},"author":2,"featured_media":57030,"template":"","meta":{"_acf_changed":false,"_tribe_events_status":"","_tribe_events_status_reason":"","_tribe_events_is_hybrid":"","_tribe_events_is_virtual":"","_tribe_events_virtual_video_source":"","_tribe_events_virtual_embed_video":"","_tribe_events_virtual_linked_button_text":"","_tribe_events_virtual_linked_button":"","_tribe_events_virtual_show_embed_at":"","_tribe_events_virtual_show_embed_to":[],"_tribe_events_virtual_show_on_event":"","_tribe_events_virtual_show_on_views":"","_tribe_events_virtual_url":"","footnotes":""},"tags":[],"tribe_events_cat":[16,15],"class_list":["post-57029","tribe_events","type-tribe_events","status-publish","has-post-thumbnail","hentry","tribe_events_cat-blues","tribe_events_cat-rock","cat_blues","cat_rock"],"acf":[],"yoast_head":"<!-- This site is optimized with the Yoast SEO plugin v26.6 - https:\/\/yoast.com\/wordpress\/plugins\/seo\/ -->\n<title>Nuevo concierto del grupo de rock Crossroad en la terraza de Rosana\u2019s - Sant Josep \u00e9s m\u00fasica<\/title>\n<meta name=\"robots\" content=\"index, follow, max-snippet:-1, max-image-preview:large, max-video-preview:-1\" \/>\n<link rel=\"canonical\" href=\"https:\/\/musica.santjosep.org\/es\/concierto\/nuevo-concierto-del-grupo-de-rock-crossroad-en-la-terraza-de-rosanas\/\" \/>\n<meta property=\"og:locale\" content=\"es_ES\" \/>\n<meta property=\"og:type\" content=\"article\" \/>\n<meta property=\"og:title\" content=\"Nuevo concierto del grupo de rock Crossroad en la terraza de Rosana\u2019s - Sant Josep \u00e9s m\u00fasica\" \/>\n<meta property=\"og:description\" content=\"El restaurante Rosana\u2019s, cerca de Can Bellotera, acoge de nuevo al grupo Crossroad en su concierto vespertino del s\u00e1bado. La formaci\u00f3n est\u00e1 compuesta por Mar\u00eda Lejarza S\u00e1nchez (voz), Joaqu\u00edn Fern\u00e1ndez Duchowny (guitarra solista y voz), Laurent Barot (bajo), Vicente Clemente [&hellip;]\" \/>\n<meta property=\"og:url\" content=\"https:\/\/musica.santjosep.org\/es\/concierto\/nuevo-concierto-del-grupo-de-rock-crossroad-en-la-terraza-de-rosanas\/\" \/>\n<meta property=\"og:site_name\" content=\"Sant Josep \u00e9s m\u00fasica\" \/>\n<meta property=\"article:publisher\" content=\"https:\/\/www.facebook.com\/Sant-Josep-s-Msica-105337042007790\" \/>\n<meta property=\"og:image\" content=\"https:\/\/musica.santjosep.org\/wp-content\/uploads\/2026\/04\/Crossroad-17.jpg\" \/>\n\t<meta property=\"og:image:width\" content=\"1400\" \/>\n\t<meta property=\"og:image:height\" content=\"933\" \/>\n\t<meta property=\"og:image:type\" content=\"image\/jpeg\" \/>\n<meta name=\"twitter:card\" content=\"summary_large_image\" \/>\n<meta name=\"twitter:site\" content=\"@MusicaSantJosep\" \/>\n<meta name=\"twitter:label1\" content=\"Tiempo de lectura\" \/>\n\t<meta name=\"twitter:data1\" content=\"1 minuto\" \/>\n<script type=\"application\/ld+json\" class=\"yoast-schema-graph\">{\"@context\":\"https:\/\/schema.org\",\"@graph\":[{\"@type\":\"WebPage\",\"@id\":\"https:\/\/musica.santjosep.org\/es\/concierto\/nuevo-concierto-del-grupo-de-rock-crossroad-en-la-terraza-de-rosanas\/\",\"url\":\"https:\/\/musica.santjosep.org\/es\/concierto\/nuevo-concierto-del-grupo-de-rock-crossroad-en-la-terraza-de-rosanas\/\",\"name\":\"Nuevo concierto del grupo de rock Crossroad en la terraza de Rosana\u2019s - Sant Josep \u00e9s m\u00fasica\",\"isPartOf\":{\"@id\":\"https:\/\/musica.santjosep.org\/es\/#website\"},\"primaryImageOfPage\":{\"@id\":\"https:\/\/musica.santjosep.org\/es\/concierto\/nuevo-concierto-del-grupo-de-rock-crossroad-en-la-terraza-de-rosanas\/#primaryimage\"},\"image\":{\"@id\":\"https:\/\/musica.santjosep.org\/es\/concierto\/nuevo-concierto-del-grupo-de-rock-crossroad-en-la-terraza-de-rosanas\/#primaryimage\"},\"thumbnailUrl\":\"https:\/\/musica.santjosep.org\/wp-content\/uploads\/2026\/04\/Crossroad-17.jpg\",\"datePublished\":\"2026-04-29T10:40:34+00:00\",\"breadcrumb\":{\"@id\":\"https:\/\/musica.santjosep.org\/es\/concierto\/nuevo-concierto-del-grupo-de-rock-crossroad-en-la-terraza-de-rosanas\/#breadcrumb\"},\"inLanguage\":\"es\",\"potentialAction\":[{\"@type\":\"ReadAction\",\"target\":[\"https:\/\/musica.santjosep.org\/es\/concierto\/nuevo-concierto-del-grupo-de-rock-crossroad-en-la-terraza-de-rosanas\/\"]}]},{\"@type\":\"ImageObject\",\"inLanguage\":\"es\",\"@id\":\"https:\/\/musica.santjosep.org\/es\/concierto\/nuevo-concierto-del-grupo-de-rock-crossroad-en-la-terraza-de-rosanas\/#primaryimage\",\"url\":\"https:\/\/musica.santjosep.org\/wp-content\/uploads\/2026\/04\/Crossroad-17.jpg\",\"contentUrl\":\"https:\/\/musica.santjosep.org\/wp-content\/uploads\/2026\/04\/Crossroad-17.jpg\",\"width\":1400,\"height\":933,\"caption\":\"Joan F. Ribas\"},{\"@type\":\"BreadcrumbList\",\"@id\":\"https:\/\/musica.santjosep.org\/es\/concierto\/nuevo-concierto-del-grupo-de-rock-crossroad-en-la-terraza-de-rosanas\/#breadcrumb\",\"itemListElement\":[{\"@type\":\"ListItem\",\"position\":1,\"name\":\"Portada\",\"item\":\"https:\/\/musica.santjosep.org\/es\/\"},{\"@type\":\"ListItem\",\"position\":2,\"name\":\"Eventos\",\"item\":\"https:\/\/musica.santjosep.org\/es\/concerts\/\"},{\"@type\":\"ListItem\",\"position\":3,\"name\":\"Nuevo concierto del grupo de rock Crossroad en la terraza de Rosana\u2019s\"}]},{\"@type\":\"WebSite\",\"@id\":\"https:\/\/musica.santjosep.org\/es\/#website\",\"url\":\"https:\/\/musica.santjosep.org\/es\/\",\"name\":\"Sant Josep \u00e9s m\u00fasica\",\"description\":\"Informaci\u00f3n actualizada de todos los conciertos, grupos y artistas que act\u00faen tanto en fiestas y festivales, como en establecimientos privados en el municipio de Sant Josep de sa Talaia\",\"publisher\":{\"@id\":\"https:\/\/musica.santjosep.org\/es\/#organization\"},\"potentialAction\":[{\"@type\":\"SearchAction\",\"target\":{\"@type\":\"EntryPoint\",\"urlTemplate\":\"https:\/\/musica.santjosep.org\/es\/?s={search_term_string}\"},\"query-input\":{\"@type\":\"PropertyValueSpecification\",\"valueRequired\":true,\"valueName\":\"search_term_string\"}}],\"inLanguage\":\"es\"},{\"@type\":\"Organization\",\"@id\":\"https:\/\/musica.santjosep.org\/es\/#organization\",\"name\":\"Sant Josep \u00e9s m\u00fasica\",\"url\":\"https:\/\/musica.santjosep.org\/es\/\",\"logo\":{\"@type\":\"ImageObject\",\"inLanguage\":\"es\",\"@id\":\"https:\/\/musica.santjosep.org\/es\/#\/schema\/logo\/image\/\",\"url\":\"https:\/\/musica.santjosep.org\/wp-content\/uploads\/2022\/01\/logo-SJEM.png\",\"contentUrl\":\"https:\/\/musica.santjosep.org\/wp-content\/uploads\/2022\/01\/logo-SJEM.png\",\"width\":213,\"height\":103,\"caption\":\"Sant Josep \u00e9s m\u00fasica\"},\"image\":{\"@id\":\"https:\/\/musica.santjosep.org\/es\/#\/schema\/logo\/image\/\"},\"sameAs\":[\"https:\/\/www.facebook.com\/Sant-Josep-s-Msica-105337042007790\",\"https:\/\/x.com\/MusicaSantJosep\",\"https:\/\/www.instagram.com\/musicasantjosep\/\",\"https:\/\/www.youtube.com\/channel\/UCBSLSUpqfrfsiOMVslmZEJA\"]}]}<\/script>\n<!-- \/ Yoast SEO plugin. -->","yoast_head_json":{"title":"Nuevo concierto del grupo de rock Crossroad en la terraza de Rosana\u2019s - Sant Josep \u00e9s m\u00fasica","robots":{"index":"index","follow":"follow","max-snippet":"max-snippet:-1","max-image-preview":"max-image-preview:large","max-video-preview":"max-video-preview:-1"},"canonical":"https:\/\/musica.santjosep.org\/es\/concierto\/nuevo-concierto-del-grupo-de-rock-crossroad-en-la-terraza-de-rosanas\/","og_locale":"es_ES","og_type":"article","og_title":"Nuevo concierto del grupo de rock Crossroad en la terraza de Rosana\u2019s - Sant Josep \u00e9s m\u00fasica","og_description":"El restaurante Rosana\u2019s, cerca de Can Bellotera, acoge de nuevo al grupo Crossroad en su concierto vespertino del s\u00e1bado. La formaci\u00f3n est\u00e1 compuesta por Mar\u00eda Lejarza S\u00e1nchez (voz), Joaqu\u00edn Fern\u00e1ndez Duchowny (guitarra solista y voz), Laurent Barot (bajo), Vicente Clemente [&hellip;]","og_url":"https:\/\/musica.santjosep.org\/es\/concierto\/nuevo-concierto-del-grupo-de-rock-crossroad-en-la-terraza-de-rosanas\/","og_site_name":"Sant Josep \u00e9s m\u00fasica","article_publisher":"https:\/\/www.facebook.com\/Sant-Josep-s-Msica-105337042007790","og_image":[{"width":1400,"height":933,"url":"https:\/\/musica.santjosep.org\/wp-content\/uploads\/2026\/04\/Crossroad-17.jpg","type":"image\/jpeg"}],"twitter_card":"summary_large_image","twitter_site":"@MusicaSantJosep","twitter_misc":{"Tiempo de lectura":"1 minuto"},"schema":{"@context":"https:\/\/schema.org","@graph":[{"@type":"WebPage","@id":"https:\/\/musica.santjosep.org\/es\/concierto\/nuevo-concierto-del-grupo-de-rock-crossroad-en-la-terraza-de-rosanas\/","url":"https:\/\/musica.santjosep.org\/es\/concierto\/nuevo-concierto-del-grupo-de-rock-crossroad-en-la-terraza-de-rosanas\/","name":"Nuevo concierto del grupo de rock Crossroad en la terraza de Rosana\u2019s - Sant Josep \u00e9s m\u00fasica","isPartOf":{"@id":"https:\/\/musica.santjosep.org\/es\/#website"},"primaryImageOfPage":{"@id":"https:\/\/musica.santjosep.org\/es\/concierto\/nuevo-concierto-del-grupo-de-rock-crossroad-en-la-terraza-de-rosanas\/#primaryimage"},"image":{"@id":"https:\/\/musica.santjosep.org\/es\/concierto\/nuevo-concierto-del-grupo-de-rock-crossroad-en-la-terraza-de-rosanas\/#primaryimage"},"thumbnailUrl":"https:\/\/musica.santjosep.org\/wp-content\/uploads\/2026\/04\/Crossroad-17.jpg","datePublished":"2026-04-29T10:40:34+00:00","breadcrumb":{"@id":"https:\/\/musica.santjosep.org\/es\/concierto\/nuevo-concierto-del-grupo-de-rock-crossroad-en-la-terraza-de-rosanas\/#breadcrumb"},"inLanguage":"es","potentialAction":[{"@type":"ReadAction","target":["https:\/\/musica.santjosep.org\/es\/concierto\/nuevo-concierto-del-grupo-de-rock-crossroad-en-la-terraza-de-rosanas\/"]}]},{"@type":"ImageObject","inLanguage":"es","@id":"https:\/\/musica.santjosep.org\/es\/concierto\/nuevo-concierto-del-grupo-de-rock-crossroad-en-la-terraza-de-rosanas\/#primaryimage","url":"https:\/\/musica.santjosep.org\/wp-content\/uploads\/2026\/04\/Crossroad-17.jpg","contentUrl":"https:\/\/musica.santjosep.org\/wp-content\/uploads\/2026\/04\/Crossroad-17.jpg","width":1400,"height":933,"caption":"Joan F. Ribas"},{"@type":"BreadcrumbList","@id":"https:\/\/musica.santjosep.org\/es\/concierto\/nuevo-concierto-del-grupo-de-rock-crossroad-en-la-terraza-de-rosanas\/#breadcrumb","itemListElement":[{"@type":"ListItem","position":1,"name":"Portada","item":"https:\/\/musica.santjosep.org\/es\/"},{"@type":"ListItem","position":2,"name":"Eventos","item":"https:\/\/musica.santjosep.org\/es\/concerts\/"},{"@type":"ListItem","position":3,"name":"Nuevo concierto del grupo de rock Crossroad en la terraza de Rosana\u2019s"}]},{"@type":"WebSite","@id":"https:\/\/musica.santjosep.org\/es\/#website","url":"https:\/\/musica.santjosep.org\/es\/","name":"Sant Josep \u00e9s m\u00fasica","description":"Informaci\u00f3n actualizada de todos los conciertos, grupos y artistas que act\u00faen tanto en fiestas y festivales, como en establecimientos privados en el municipio de Sant Josep de sa Talaia","publisher":{"@id":"https:\/\/musica.santjosep.org\/es\/#organization"},"potentialAction":[{"@type":"SearchAction","target":{"@type":"EntryPoint","urlTemplate":"https:\/\/musica.santjosep.org\/es\/?s={search_term_string}"},"query-input":{"@type":"PropertyValueSpecification","valueRequired":true,"valueName":"search_term_string"}}],"inLanguage":"es"},{"@type":"Organization","@id":"https:\/\/musica.santjosep.org\/es\/#organization","name":"Sant Josep \u00e9s m\u00fasica","url":"https:\/\/musica.santjosep.org\/es\/","logo":{"@type":"ImageObject","inLanguage":"es","@id":"https:\/\/musica.santjosep.org\/es\/#\/schema\/logo\/image\/","url":"https:\/\/musica.santjosep.org\/wp-content\/uploads\/2022\/01\/logo-SJEM.png","contentUrl":"https:\/\/musica.santjosep.org\/wp-content\/uploads\/2022\/01\/logo-SJEM.png","width":213,"height":103,"caption":"Sant Josep \u00e9s m\u00fasica"},"image":{"@id":"https:\/\/musica.santjosep.org\/es\/#\/schema\/logo\/image\/"},"sameAs":["https:\/\/www.facebook.com\/Sant-Josep-s-Msica-105337042007790","https:\/\/x.com\/MusicaSantJosep","https:\/\/www.instagram.com\/musicasantjosep\/","https:\/\/www.youtube.com\/channel\/UCBSLSUpqfrfsiOMVslmZEJA"]}]}},"_links":{"self":[{"href":"https:\/\/musica.santjosep.org\/es\/wp-json\/wp\/v2\/tribe_events\/57029","targetHints":{"allow":["GET"]}}],"collection":[{"href":"https:\/\/musica.santjosep.org\/es\/wp-json\/wp\/v2\/tribe_events"}],"about":[{"href":"https:\/\/musica.santjosep.org\/es\/wp-json\/wp\/v2\/types\/tribe_events"}],"author":[{"embeddable":true,"href":"https:\/\/musica.santjosep.org\/es\/wp-json\/wp\/v2\/users\/2"}],"version-history":[{"count":1,"href":"https:\/\/musica.santjosep.org\/es\/wp-json\/wp\/v2\/tribe_events\/57029\/revisions"}],"predecessor-version":[{"id":57034,"href":"https:\/\/musica.santjosep.org\/es\/wp-json\/wp\/v2\/tribe_events\/57029\/revisions\/57034"}],"wp:featuredmedia":[{"embeddable":true,"href":"https:\/\/musica.santjosep.org\/es\/wp-json\/wp\/v2\/media\/57030"}],"wp:attachment":[{"href":"https:\/\/musica.santjosep.org\/es\/wp-json\/wp\/v2\/media?parent=57029"}],"wp:term":[{"taxonomy":"post_tag","embeddable":true,"href":"https:\/\/musica.santjosep.org\/es\/wp-json\/wp\/v2\/tags?post=57029"},{"taxonomy":"tribe_events_cat","embeddable":true,"href":"https:\/\/musica.santjosep.org\/es\/wp-json\/wp\/v2\/tribe_events_cat?post=57029"}],"curies":[{"name":"wp","href":"https:\/\/api.w.org\/{rel}","templated":true}]}}