{"id":57023,"date":"2026-04-29T12:32:09","date_gmt":"2026-04-29T10:32:09","guid":{"rendered":"https:\/\/musica.santjosep.org\/?post_type=tribe_events&#038;p=57023"},"modified":"2026-04-29T14:50:54","modified_gmt":"2026-04-29T12:50:54","slug":"another-band-debuta-en-rosanas-con-un-repertorio-de-versiones-de-rock-y-funk","status":"publish","type":"tribe_events","link":"https:\/\/musica.santjosep.org\/es\/concierto\/another-band-debuta-en-rosanas-con-un-repertorio-de-versiones-de-rock-y-funk\/","title":{"rendered":"Another Band debuta en Rosana\u2019s, con un repertorio de versiones de rock y funk"},"content":{"rendered":"<p>El restaurante Rosana\u2019s, cerca de Can Bellotera, acoge por primera vez al nuevo grupo Another Band, formado por cuatro m\u00fasicos muy habituales de los escenarios de la isla. Se trata de Yeshe Ryser (voz y teclados), Iggi Torres (voz y guitarra), Manu Fern\u00e1ndez (voz y bajo) y Michael Alcaras (bater\u00eda). Juntos dan forma a una amalgama de rock, funk y otros estilos, con el objetivo de poner al p\u00fablico a cantar y bailar. Interpretan canciones en espa\u00f1ol e ingl\u00e9s para todos los p\u00fablicos, con la uni\u00f3n de las potentes voces de sus cantantes, creando un show que no deja a nadie indiferente.<\/p>\n","protected":false},"excerpt":{"rendered":"<p>El restaurante Rosana\u2019s, cerca de Can Bellotera, acoge por primera vez al nuevo grupo Another Band, formado por cuatro m\u00fasicos muy habituales de los escenarios de la isla. Se trata de Yeshe Ryser (voz y teclados), Iggi Torres (voz y [&hellip;]<\/p>\n","protected":false},"author":2,"featured_media":57016,"template":"","meta":{"_acf_changed":false,"_tribe_events_status":"","_tribe_events_status_reason":"","_tribe_events_is_hybrid":"","_tribe_events_is_virtual":"","_tribe_events_virtual_video_source":"","_tribe_events_virtual_embed_video":"","_tribe_events_virtual_linked_button_text":"","_tribe_events_virtual_linked_button":"","_tribe_events_virtual_show_embed_at":"","_tribe_events_virtual_show_embed_to":[],"_tribe_events_virtual_show_on_event":"","_tribe_events_virtual_show_on_views":"","_tribe_events_virtual_url":"","footnotes":""},"tags":[],"tribe_events_cat":[21,15],"class_list":["post-57023","tribe_events","type-tribe_events","status-publish","has-post-thumbnail","hentry","tribe_events_cat-funky","tribe_events_cat-rock","cat_funky","cat_rock"],"acf":[],"yoast_head":"<!-- This site is optimized with the Yoast SEO plugin v26.6 - https:\/\/yoast.com\/wordpress\/plugins\/seo\/ -->\n<title>Another Band debuta en Rosana\u2019s, con un repertorio de versiones de rock y funk - Sant Josep \u00e9s m\u00fasica<\/title>\n<meta name=\"robots\" content=\"index, follow, max-snippet:-1, max-image-preview:large, max-video-preview:-1\" \/>\n<link rel=\"canonical\" href=\"https:\/\/musica.santjosep.org\/es\/concierto\/another-band-debuta-en-rosanas-con-un-repertorio-de-versiones-de-rock-y-funk\/\" \/>\n<meta property=\"og:locale\" content=\"es_ES\" \/>\n<meta property=\"og:type\" content=\"article\" \/>\n<meta property=\"og:title\" content=\"Another Band debuta en Rosana\u2019s, con un repertorio de versiones de rock y funk - Sant Josep \u00e9s m\u00fasica\" \/>\n<meta property=\"og:description\" content=\"El restaurante Rosana\u2019s, cerca de Can Bellotera, acoge por primera vez al nuevo grupo Another Band, formado por cuatro m\u00fasicos muy habituales de los escenarios de la isla. Se trata de Yeshe Ryser (voz y teclados), Iggi Torres (voz y [&hellip;]\" \/>\n<meta property=\"og:url\" content=\"https:\/\/musica.santjosep.org\/es\/concierto\/another-band-debuta-en-rosanas-con-un-repertorio-de-versiones-de-rock-y-funk\/\" \/>\n<meta property=\"og:site_name\" content=\"Sant Josep \u00e9s m\u00fasica\" \/>\n<meta property=\"article:publisher\" content=\"https:\/\/www.facebook.com\/Sant-Josep-s-Msica-105337042007790\" \/>\n<meta property=\"article:modified_time\" content=\"2026-04-29T12:50:54+00:00\" \/>\n<meta property=\"og:image\" content=\"https:\/\/musica.santjosep.org\/wp-content\/uploads\/2026\/04\/another-band-rec.jpg\" \/>\n\t<meta property=\"og:image:width\" content=\"1400\" \/>\n\t<meta property=\"og:image:height\" content=\"933\" \/>\n\t<meta property=\"og:image:type\" content=\"image\/jpeg\" \/>\n<meta name=\"twitter:card\" content=\"summary_large_image\" \/>\n<meta name=\"twitter:site\" content=\"@MusicaSantJosep\" \/>\n<meta name=\"twitter:label1\" content=\"Tiempo de lectura\" \/>\n\t<meta name=\"twitter:data1\" content=\"1 minuto\" \/>\n<script type=\"application\/ld+json\" class=\"yoast-schema-graph\">{\"@context\":\"https:\/\/schema.org\",\"@graph\":[{\"@type\":\"WebPage\",\"@id\":\"https:\/\/musica.santjosep.org\/es\/concierto\/another-band-debuta-en-rosanas-con-un-repertorio-de-versiones-de-rock-y-funk\/\",\"url\":\"https:\/\/musica.santjosep.org\/es\/concierto\/another-band-debuta-en-rosanas-con-un-repertorio-de-versiones-de-rock-y-funk\/\",\"name\":\"Another Band debuta en Rosana\u2019s, con un repertorio de versiones de rock y funk - Sant Josep \u00e9s m\u00fasica\",\"isPartOf\":{\"@id\":\"https:\/\/musica.santjosep.org\/es\/#website\"},\"primaryImageOfPage\":{\"@id\":\"https:\/\/musica.santjosep.org\/es\/concierto\/another-band-debuta-en-rosanas-con-un-repertorio-de-versiones-de-rock-y-funk\/#primaryimage\"},\"image\":{\"@id\":\"https:\/\/musica.santjosep.org\/es\/concierto\/another-band-debuta-en-rosanas-con-un-repertorio-de-versiones-de-rock-y-funk\/#primaryimage\"},\"thumbnailUrl\":\"https:\/\/musica.santjosep.org\/wp-content\/uploads\/2026\/04\/another-band-rec.jpg\",\"datePublished\":\"2026-04-29T10:32:09+00:00\",\"dateModified\":\"2026-04-29T12:50:54+00:00\",\"breadcrumb\":{\"@id\":\"https:\/\/musica.santjosep.org\/es\/concierto\/another-band-debuta-en-rosanas-con-un-repertorio-de-versiones-de-rock-y-funk\/#breadcrumb\"},\"inLanguage\":\"es\",\"potentialAction\":[{\"@type\":\"ReadAction\",\"target\":[\"https:\/\/musica.santjosep.org\/es\/concierto\/another-band-debuta-en-rosanas-con-un-repertorio-de-versiones-de-rock-y-funk\/\"]}]},{\"@type\":\"ImageObject\",\"inLanguage\":\"es\",\"@id\":\"https:\/\/musica.santjosep.org\/es\/concierto\/another-band-debuta-en-rosanas-con-un-repertorio-de-versiones-de-rock-y-funk\/#primaryimage\",\"url\":\"https:\/\/musica.santjosep.org\/wp-content\/uploads\/2026\/04\/another-band-rec.jpg\",\"contentUrl\":\"https:\/\/musica.santjosep.org\/wp-content\/uploads\/2026\/04\/another-band-rec.jpg\",\"width\":1400,\"height\":933},{\"@type\":\"BreadcrumbList\",\"@id\":\"https:\/\/musica.santjosep.org\/es\/concierto\/another-band-debuta-en-rosanas-con-un-repertorio-de-versiones-de-rock-y-funk\/#breadcrumb\",\"itemListElement\":[{\"@type\":\"ListItem\",\"position\":1,\"name\":\"Portada\",\"item\":\"https:\/\/musica.santjosep.org\/es\/\"},{\"@type\":\"ListItem\",\"position\":2,\"name\":\"Eventos\",\"item\":\"https:\/\/musica.santjosep.org\/es\/concerts\/\"},{\"@type\":\"ListItem\",\"position\":3,\"name\":\"Another Band debuta en Rosana\u2019s, con un repertorio de versiones de rock y funk\"}]},{\"@type\":\"WebSite\",\"@id\":\"https:\/\/musica.santjosep.org\/es\/#website\",\"url\":\"https:\/\/musica.santjosep.org\/es\/\",\"name\":\"Sant Josep \u00e9s m\u00fasica\",\"description\":\"Informaci\u00f3n actualizada de todos los conciertos, grupos y artistas que act\u00faen tanto en fiestas y festivales, como en establecimientos privados en el municipio de Sant Josep de sa Talaia\",\"publisher\":{\"@id\":\"https:\/\/musica.santjosep.org\/es\/#organization\"},\"potentialAction\":[{\"@type\":\"SearchAction\",\"target\":{\"@type\":\"EntryPoint\",\"urlTemplate\":\"https:\/\/musica.santjosep.org\/es\/?s={search_term_string}\"},\"query-input\":{\"@type\":\"PropertyValueSpecification\",\"valueRequired\":true,\"valueName\":\"search_term_string\"}}],\"inLanguage\":\"es\"},{\"@type\":\"Organization\",\"@id\":\"https:\/\/musica.santjosep.org\/es\/#organization\",\"name\":\"Sant Josep \u00e9s m\u00fasica\",\"url\":\"https:\/\/musica.santjosep.org\/es\/\",\"logo\":{\"@type\":\"ImageObject\",\"inLanguage\":\"es\",\"@id\":\"https:\/\/musica.santjosep.org\/es\/#\/schema\/logo\/image\/\",\"url\":\"https:\/\/musica.santjosep.org\/wp-content\/uploads\/2022\/01\/logo-SJEM.png\",\"contentUrl\":\"https:\/\/musica.santjosep.org\/wp-content\/uploads\/2022\/01\/logo-SJEM.png\",\"width\":213,\"height\":103,\"caption\":\"Sant Josep \u00e9s m\u00fasica\"},\"image\":{\"@id\":\"https:\/\/musica.santjosep.org\/es\/#\/schema\/logo\/image\/\"},\"sameAs\":[\"https:\/\/www.facebook.com\/Sant-Josep-s-Msica-105337042007790\",\"https:\/\/x.com\/MusicaSantJosep\",\"https:\/\/www.instagram.com\/musicasantjosep\/\",\"https:\/\/www.youtube.com\/channel\/UCBSLSUpqfrfsiOMVslmZEJA\"]}]}<\/script>\n<!-- \/ Yoast SEO plugin. -->","yoast_head_json":{"title":"Another Band debuta en Rosana\u2019s, con un repertorio de versiones de rock y funk - Sant Josep \u00e9s m\u00fasica","robots":{"index":"index","follow":"follow","max-snippet":"max-snippet:-1","max-image-preview":"max-image-preview:large","max-video-preview":"max-video-preview:-1"},"canonical":"https:\/\/musica.santjosep.org\/es\/concierto\/another-band-debuta-en-rosanas-con-un-repertorio-de-versiones-de-rock-y-funk\/","og_locale":"es_ES","og_type":"article","og_title":"Another Band debuta en Rosana\u2019s, con un repertorio de versiones de rock y funk - Sant Josep \u00e9s m\u00fasica","og_description":"El restaurante Rosana\u2019s, cerca de Can Bellotera, acoge por primera vez al nuevo grupo Another Band, formado por cuatro m\u00fasicos muy habituales de los escenarios de la isla. Se trata de Yeshe Ryser (voz y teclados), Iggi Torres (voz y [&hellip;]","og_url":"https:\/\/musica.santjosep.org\/es\/concierto\/another-band-debuta-en-rosanas-con-un-repertorio-de-versiones-de-rock-y-funk\/","og_site_name":"Sant Josep \u00e9s m\u00fasica","article_publisher":"https:\/\/www.facebook.com\/Sant-Josep-s-Msica-105337042007790","article_modified_time":"2026-04-29T12:50:54+00:00","og_image":[{"width":1400,"height":933,"url":"https:\/\/musica.santjosep.org\/wp-content\/uploads\/2026\/04\/another-band-rec.jpg","type":"image\/jpeg"}],"twitter_card":"summary_large_image","twitter_site":"@MusicaSantJosep","twitter_misc":{"Tiempo de lectura":"1 minuto"},"schema":{"@context":"https:\/\/schema.org","@graph":[{"@type":"WebPage","@id":"https:\/\/musica.santjosep.org\/es\/concierto\/another-band-debuta-en-rosanas-con-un-repertorio-de-versiones-de-rock-y-funk\/","url":"https:\/\/musica.santjosep.org\/es\/concierto\/another-band-debuta-en-rosanas-con-un-repertorio-de-versiones-de-rock-y-funk\/","name":"Another Band debuta en Rosana\u2019s, con un repertorio de versiones de rock y funk - Sant Josep \u00e9s m\u00fasica","isPartOf":{"@id":"https:\/\/musica.santjosep.org\/es\/#website"},"primaryImageOfPage":{"@id":"https:\/\/musica.santjosep.org\/es\/concierto\/another-band-debuta-en-rosanas-con-un-repertorio-de-versiones-de-rock-y-funk\/#primaryimage"},"image":{"@id":"https:\/\/musica.santjosep.org\/es\/concierto\/another-band-debuta-en-rosanas-con-un-repertorio-de-versiones-de-rock-y-funk\/#primaryimage"},"thumbnailUrl":"https:\/\/musica.santjosep.org\/wp-content\/uploads\/2026\/04\/another-band-rec.jpg","datePublished":"2026-04-29T10:32:09+00:00","dateModified":"2026-04-29T12:50:54+00:00","breadcrumb":{"@id":"https:\/\/musica.santjosep.org\/es\/concierto\/another-band-debuta-en-rosanas-con-un-repertorio-de-versiones-de-rock-y-funk\/#breadcrumb"},"inLanguage":"es","potentialAction":[{"@type":"ReadAction","target":["https:\/\/musica.santjosep.org\/es\/concierto\/another-band-debuta-en-rosanas-con-un-repertorio-de-versiones-de-rock-y-funk\/"]}]},{"@type":"ImageObject","inLanguage":"es","@id":"https:\/\/musica.santjosep.org\/es\/concierto\/another-band-debuta-en-rosanas-con-un-repertorio-de-versiones-de-rock-y-funk\/#primaryimage","url":"https:\/\/musica.santjosep.org\/wp-content\/uploads\/2026\/04\/another-band-rec.jpg","contentUrl":"https:\/\/musica.santjosep.org\/wp-content\/uploads\/2026\/04\/another-band-rec.jpg","width":1400,"height":933},{"@type":"BreadcrumbList","@id":"https:\/\/musica.santjosep.org\/es\/concierto\/another-band-debuta-en-rosanas-con-un-repertorio-de-versiones-de-rock-y-funk\/#breadcrumb","itemListElement":[{"@type":"ListItem","position":1,"name":"Portada","item":"https:\/\/musica.santjosep.org\/es\/"},{"@type":"ListItem","position":2,"name":"Eventos","item":"https:\/\/musica.santjosep.org\/es\/concerts\/"},{"@type":"ListItem","position":3,"name":"Another Band debuta en Rosana\u2019s, con un repertorio de versiones de rock y funk"}]},{"@type":"WebSite","@id":"https:\/\/musica.santjosep.org\/es\/#website","url":"https:\/\/musica.santjosep.org\/es\/","name":"Sant Josep \u00e9s m\u00fasica","description":"Informaci\u00f3n actualizada de todos los conciertos, grupos y artistas que act\u00faen tanto en fiestas y festivales, como en establecimientos privados en el municipio de Sant Josep de sa Talaia","publisher":{"@id":"https:\/\/musica.santjosep.org\/es\/#organization"},"potentialAction":[{"@type":"SearchAction","target":{"@type":"EntryPoint","urlTemplate":"https:\/\/musica.santjosep.org\/es\/?s={search_term_string}"},"query-input":{"@type":"PropertyValueSpecification","valueRequired":true,"valueName":"search_term_string"}}],"inLanguage":"es"},{"@type":"Organization","@id":"https:\/\/musica.santjosep.org\/es\/#organization","name":"Sant Josep \u00e9s m\u00fasica","url":"https:\/\/musica.santjosep.org\/es\/","logo":{"@type":"ImageObject","inLanguage":"es","@id":"https:\/\/musica.santjosep.org\/es\/#\/schema\/logo\/image\/","url":"https:\/\/musica.santjosep.org\/wp-content\/uploads\/2022\/01\/logo-SJEM.png","contentUrl":"https:\/\/musica.santjosep.org\/wp-content\/uploads\/2022\/01\/logo-SJEM.png","width":213,"height":103,"caption":"Sant Josep \u00e9s m\u00fasica"},"image":{"@id":"https:\/\/musica.santjosep.org\/es\/#\/schema\/logo\/image\/"},"sameAs":["https:\/\/www.facebook.com\/Sant-Josep-s-Msica-105337042007790","https:\/\/x.com\/MusicaSantJosep","https:\/\/www.instagram.com\/musicasantjosep\/","https:\/\/www.youtube.com\/channel\/UCBSLSUpqfrfsiOMVslmZEJA"]}]}},"_links":{"self":[{"href":"https:\/\/musica.santjosep.org\/es\/wp-json\/wp\/v2\/tribe_events\/57023","targetHints":{"allow":["GET"]}}],"collection":[{"href":"https:\/\/musica.santjosep.org\/es\/wp-json\/wp\/v2\/tribe_events"}],"about":[{"href":"https:\/\/musica.santjosep.org\/es\/wp-json\/wp\/v2\/types\/tribe_events"}],"author":[{"embeddable":true,"href":"https:\/\/musica.santjosep.org\/es\/wp-json\/wp\/v2\/users\/2"}],"version-history":[{"count":2,"href":"https:\/\/musica.santjosep.org\/es\/wp-json\/wp\/v2\/tribe_events\/57023\/revisions"}],"predecessor-version":[{"id":57055,"href":"https:\/\/musica.santjosep.org\/es\/wp-json\/wp\/v2\/tribe_events\/57023\/revisions\/57055"}],"wp:featuredmedia":[{"embeddable":true,"href":"https:\/\/musica.santjosep.org\/es\/wp-json\/wp\/v2\/media\/57016"}],"wp:attachment":[{"href":"https:\/\/musica.santjosep.org\/es\/wp-json\/wp\/v2\/media?parent=57023"}],"wp:term":[{"taxonomy":"post_tag","embeddable":true,"href":"https:\/\/musica.santjosep.org\/es\/wp-json\/wp\/v2\/tags?post=57023"},{"taxonomy":"tribe_events_cat","embeddable":true,"href":"https:\/\/musica.santjosep.org\/es\/wp-json\/wp\/v2\/tribe_events_cat?post=57023"}],"curies":[{"name":"wp","href":"https:\/\/api.w.org\/{rel}","templated":true}]}}