{"id":57007,"date":"2026-04-29T09:31:46","date_gmt":"2026-04-29T07:31:46","guid":{"rendered":"https:\/\/musica.santjosep.org\/?post_type=tribe_events&#038;p=57007"},"modified":"2026-04-29T09:31:46","modified_gmt":"2026-04-29T07:31:46","slug":"recital-de-danza-del-alumnado-del-conservatorio-en-el-auditorio-calo-de-soli","status":"publish","type":"tribe_events","link":"https:\/\/musica.santjosep.org\/es\/concierto\/recital-de-danza-del-alumnado-del-conservatorio-en-el-auditorio-calo-de-soli\/","title":{"rendered":"Recital de danza del alumnado del Conservatorio en el Auditorio Cal\u00f3 de s\u2019Oli"},"content":{"rendered":"<p>El Auditorio Cal\u00f3 de s\u2019Oli acoge un recital de danza a cargo del alumnado de Ense\u00f1anzas Profesionales de Danza del Conservatorio Profesional de M\u00fasica y Danza de Ibiza y Formentera \u2018Catalina Bufi\u2019. El espect\u00e1culo presenta coreograf\u00edas de diferentes asignaturas incluidas en el plan de estudios del centro, entre las que figuran danza de car\u00e1cter, danza cl\u00e1sica, repertorio de la danza cl\u00e1sica y danza contempor\u00e1nea. El evento cuenta con la colaboraci\u00f3n de la pianista especializada en repertorio de danza cl\u00e1sica Paula Bonet.<\/p>\n<p>La funci\u00f3n se enmarca en las actividades relacionadas con la celebraci\u00f3n del D\u00eda Internacional de la Danza, que tuvo lugar el 29 de abril, y en el que el alumnado del Conservatorio ya ofreci\u00f3 una actuaci\u00f3n en el Passeig de Vara de Rey de la capital, sacando por quinta edici\u00f3n la danza a la calle, con el objetivo de dar visibilidad a este g\u00e9nero art\u00edstico y acercarlo a la ciudadan\u00eda.<\/p>\n<p>Dentro del programa conmemorativo las alumnas de los cursos m\u00e1s avanzados tambi\u00e9n pudieron disfrutar de una semana de clases en la prestigiosa Escola Art\u00edstica de Dan\u00e7a do Conservatorio Nacional de Lisboa, dentro del programa Erasmus +. El conservatorio pitiuso, de hecho, es el \u00fanico de Balears que figura como centro acreditado Erasmus.<\/p>\n<p>La UNESCO decidi\u00f3 celebrar el D\u00eda Internacional de la Danza en esta fecha para conmemorar el nacimiento de Jean George Noverre (29 de abril de 1727), considerado el padre del ballet moderno.<\/p>\n","protected":false},"excerpt":{"rendered":"<p>El Auditorio Cal\u00f3 de s\u2019Oli acoge un recital de danza a cargo del alumnado de Ense\u00f1anzas Profesionales de Danza del Conservatorio Profesional de M\u00fasica y Danza de Ibiza y Formentera \u2018Catalina Bufi\u2019. El espect\u00e1culo presenta coreograf\u00edas de diferentes asignaturas incluidas [&hellip;]<\/p>\n","protected":false},"author":2,"featured_media":57008,"template":"","meta":{"_acf_changed":false,"_tribe_events_status":"","_tribe_events_status_reason":"","_tribe_events_is_hybrid":"","_tribe_events_is_virtual":"","_tribe_events_virtual_video_source":"","_tribe_events_virtual_embed_video":"","_tribe_events_virtual_linked_button_text":"","_tribe_events_virtual_linked_button":"","_tribe_events_virtual_show_embed_at":"","_tribe_events_virtual_show_embed_to":[],"_tribe_events_virtual_show_on_event":"","_tribe_events_virtual_show_on_views":"","_tribe_events_virtual_url":"","footnotes":""},"tags":[],"tribe_events_cat":[56],"class_list":["post-57007","tribe_events","type-tribe_events","status-publish","has-post-thumbnail","hentry","tribe_events_cat-clasica","cat_clasica"],"acf":[],"yoast_head":"<!-- This site is optimized with the Yoast SEO plugin v26.6 - https:\/\/yoast.com\/wordpress\/plugins\/seo\/ -->\n<title>Recital de danza del alumnado del Conservatorio en el Auditorio Cal\u00f3 de s\u2019Oli - Sant Josep \u00e9s m\u00fasica<\/title>\n<meta name=\"robots\" content=\"index, follow, max-snippet:-1, max-image-preview:large, max-video-preview:-1\" \/>\n<link rel=\"canonical\" href=\"https:\/\/musica.santjosep.org\/es\/concierto\/recital-de-danza-del-alumnado-del-conservatorio-en-el-auditorio-calo-de-soli\/\" \/>\n<meta property=\"og:locale\" content=\"es_ES\" \/>\n<meta property=\"og:type\" content=\"article\" \/>\n<meta property=\"og:title\" content=\"Recital de danza del alumnado del Conservatorio en el Auditorio Cal\u00f3 de s\u2019Oli - Sant Josep \u00e9s m\u00fasica\" \/>\n<meta property=\"og:description\" content=\"El Auditorio Cal\u00f3 de s\u2019Oli acoge un recital de danza a cargo del alumnado de Ense\u00f1anzas Profesionales de Danza del Conservatorio Profesional de M\u00fasica y Danza de Ibiza y Formentera \u2018Catalina Bufi\u2019. El espect\u00e1culo presenta coreograf\u00edas de diferentes asignaturas incluidas [&hellip;]\" \/>\n<meta property=\"og:url\" content=\"https:\/\/musica.santjosep.org\/es\/concierto\/recital-de-danza-del-alumnado-del-conservatorio-en-el-auditorio-calo-de-soli\/\" \/>\n<meta property=\"og:site_name\" content=\"Sant Josep \u00e9s m\u00fasica\" \/>\n<meta property=\"article:publisher\" content=\"https:\/\/www.facebook.com\/Sant-Josep-s-Msica-105337042007790\" \/>\n<meta property=\"og:image\" content=\"https:\/\/musica.santjosep.org\/wp-content\/uploads\/2026\/04\/velos-rec.jpg\" \/>\n\t<meta property=\"og:image:width\" content=\"1400\" \/>\n\t<meta property=\"og:image:height\" content=\"933\" \/>\n\t<meta property=\"og:image:type\" content=\"image\/jpeg\" \/>\n<meta name=\"twitter:card\" content=\"summary_large_image\" \/>\n<meta name=\"twitter:site\" content=\"@MusicaSantJosep\" \/>\n<meta name=\"twitter:label1\" content=\"Tiempo de lectura\" \/>\n\t<meta name=\"twitter:data1\" content=\"2 minutos\" \/>\n<script type=\"application\/ld+json\" class=\"yoast-schema-graph\">{\"@context\":\"https:\/\/schema.org\",\"@graph\":[{\"@type\":\"WebPage\",\"@id\":\"https:\/\/musica.santjosep.org\/es\/concierto\/recital-de-danza-del-alumnado-del-conservatorio-en-el-auditorio-calo-de-soli\/\",\"url\":\"https:\/\/musica.santjosep.org\/es\/concierto\/recital-de-danza-del-alumnado-del-conservatorio-en-el-auditorio-calo-de-soli\/\",\"name\":\"Recital de danza del alumnado del Conservatorio en el Auditorio Cal\u00f3 de s\u2019Oli - Sant Josep \u00e9s m\u00fasica\",\"isPartOf\":{\"@id\":\"https:\/\/musica.santjosep.org\/es\/#website\"},\"primaryImageOfPage\":{\"@id\":\"https:\/\/musica.santjosep.org\/es\/concierto\/recital-de-danza-del-alumnado-del-conservatorio-en-el-auditorio-calo-de-soli\/#primaryimage\"},\"image\":{\"@id\":\"https:\/\/musica.santjosep.org\/es\/concierto\/recital-de-danza-del-alumnado-del-conservatorio-en-el-auditorio-calo-de-soli\/#primaryimage\"},\"thumbnailUrl\":\"https:\/\/musica.santjosep.org\/wp-content\/uploads\/2026\/04\/velos-rec.jpg\",\"datePublished\":\"2026-04-29T07:31:46+00:00\",\"breadcrumb\":{\"@id\":\"https:\/\/musica.santjosep.org\/es\/concierto\/recital-de-danza-del-alumnado-del-conservatorio-en-el-auditorio-calo-de-soli\/#breadcrumb\"},\"inLanguage\":\"es\",\"potentialAction\":[{\"@type\":\"ReadAction\",\"target\":[\"https:\/\/musica.santjosep.org\/es\/concierto\/recital-de-danza-del-alumnado-del-conservatorio-en-el-auditorio-calo-de-soli\/\"]}]},{\"@type\":\"ImageObject\",\"inLanguage\":\"es\",\"@id\":\"https:\/\/musica.santjosep.org\/es\/concierto\/recital-de-danza-del-alumnado-del-conservatorio-en-el-auditorio-calo-de-soli\/#primaryimage\",\"url\":\"https:\/\/musica.santjosep.org\/wp-content\/uploads\/2026\/04\/velos-rec.jpg\",\"contentUrl\":\"https:\/\/musica.santjosep.org\/wp-content\/uploads\/2026\/04\/velos-rec.jpg\",\"width\":1400,\"height\":933},{\"@type\":\"BreadcrumbList\",\"@id\":\"https:\/\/musica.santjosep.org\/es\/concierto\/recital-de-danza-del-alumnado-del-conservatorio-en-el-auditorio-calo-de-soli\/#breadcrumb\",\"itemListElement\":[{\"@type\":\"ListItem\",\"position\":1,\"name\":\"Portada\",\"item\":\"https:\/\/musica.santjosep.org\/es\/\"},{\"@type\":\"ListItem\",\"position\":2,\"name\":\"Eventos\",\"item\":\"https:\/\/musica.santjosep.org\/es\/concerts\/\"},{\"@type\":\"ListItem\",\"position\":3,\"name\":\"Recital de danza del alumnado del Conservatorio en el Auditorio Cal\u00f3 de s\u2019Oli\"}]},{\"@type\":\"WebSite\",\"@id\":\"https:\/\/musica.santjosep.org\/es\/#website\",\"url\":\"https:\/\/musica.santjosep.org\/es\/\",\"name\":\"Sant Josep \u00e9s m\u00fasica\",\"description\":\"Informaci\u00f3n actualizada de todos los conciertos, grupos y artistas que act\u00faen tanto en fiestas y festivales, como en establecimientos privados en el municipio de Sant Josep de sa Talaia\",\"publisher\":{\"@id\":\"https:\/\/musica.santjosep.org\/es\/#organization\"},\"potentialAction\":[{\"@type\":\"SearchAction\",\"target\":{\"@type\":\"EntryPoint\",\"urlTemplate\":\"https:\/\/musica.santjosep.org\/es\/?s={search_term_string}\"},\"query-input\":{\"@type\":\"PropertyValueSpecification\",\"valueRequired\":true,\"valueName\":\"search_term_string\"}}],\"inLanguage\":\"es\"},{\"@type\":\"Organization\",\"@id\":\"https:\/\/musica.santjosep.org\/es\/#organization\",\"name\":\"Sant Josep \u00e9s m\u00fasica\",\"url\":\"https:\/\/musica.santjosep.org\/es\/\",\"logo\":{\"@type\":\"ImageObject\",\"inLanguage\":\"es\",\"@id\":\"https:\/\/musica.santjosep.org\/es\/#\/schema\/logo\/image\/\",\"url\":\"https:\/\/musica.santjosep.org\/wp-content\/uploads\/2022\/01\/logo-SJEM.png\",\"contentUrl\":\"https:\/\/musica.santjosep.org\/wp-content\/uploads\/2022\/01\/logo-SJEM.png\",\"width\":213,\"height\":103,\"caption\":\"Sant Josep \u00e9s m\u00fasica\"},\"image\":{\"@id\":\"https:\/\/musica.santjosep.org\/es\/#\/schema\/logo\/image\/\"},\"sameAs\":[\"https:\/\/www.facebook.com\/Sant-Josep-s-Msica-105337042007790\",\"https:\/\/x.com\/MusicaSantJosep\",\"https:\/\/www.instagram.com\/musicasantjosep\/\",\"https:\/\/www.youtube.com\/channel\/UCBSLSUpqfrfsiOMVslmZEJA\"]}]}<\/script>\n<!-- \/ Yoast SEO plugin. -->","yoast_head_json":{"title":"Recital de danza del alumnado del Conservatorio en el Auditorio Cal\u00f3 de s\u2019Oli - Sant Josep \u00e9s m\u00fasica","robots":{"index":"index","follow":"follow","max-snippet":"max-snippet:-1","max-image-preview":"max-image-preview:large","max-video-preview":"max-video-preview:-1"},"canonical":"https:\/\/musica.santjosep.org\/es\/concierto\/recital-de-danza-del-alumnado-del-conservatorio-en-el-auditorio-calo-de-soli\/","og_locale":"es_ES","og_type":"article","og_title":"Recital de danza del alumnado del Conservatorio en el Auditorio Cal\u00f3 de s\u2019Oli - Sant Josep \u00e9s m\u00fasica","og_description":"El Auditorio Cal\u00f3 de s\u2019Oli acoge un recital de danza a cargo del alumnado de Ense\u00f1anzas Profesionales de Danza del Conservatorio Profesional de M\u00fasica y Danza de Ibiza y Formentera \u2018Catalina Bufi\u2019. El espect\u00e1culo presenta coreograf\u00edas de diferentes asignaturas incluidas [&hellip;]","og_url":"https:\/\/musica.santjosep.org\/es\/concierto\/recital-de-danza-del-alumnado-del-conservatorio-en-el-auditorio-calo-de-soli\/","og_site_name":"Sant Josep \u00e9s m\u00fasica","article_publisher":"https:\/\/www.facebook.com\/Sant-Josep-s-Msica-105337042007790","og_image":[{"width":1400,"height":933,"url":"https:\/\/musica.santjosep.org\/wp-content\/uploads\/2026\/04\/velos-rec.jpg","type":"image\/jpeg"}],"twitter_card":"summary_large_image","twitter_site":"@MusicaSantJosep","twitter_misc":{"Tiempo de lectura":"2 minutos"},"schema":{"@context":"https:\/\/schema.org","@graph":[{"@type":"WebPage","@id":"https:\/\/musica.santjosep.org\/es\/concierto\/recital-de-danza-del-alumnado-del-conservatorio-en-el-auditorio-calo-de-soli\/","url":"https:\/\/musica.santjosep.org\/es\/concierto\/recital-de-danza-del-alumnado-del-conservatorio-en-el-auditorio-calo-de-soli\/","name":"Recital de danza del alumnado del Conservatorio en el Auditorio Cal\u00f3 de s\u2019Oli - Sant Josep \u00e9s m\u00fasica","isPartOf":{"@id":"https:\/\/musica.santjosep.org\/es\/#website"},"primaryImageOfPage":{"@id":"https:\/\/musica.santjosep.org\/es\/concierto\/recital-de-danza-del-alumnado-del-conservatorio-en-el-auditorio-calo-de-soli\/#primaryimage"},"image":{"@id":"https:\/\/musica.santjosep.org\/es\/concierto\/recital-de-danza-del-alumnado-del-conservatorio-en-el-auditorio-calo-de-soli\/#primaryimage"},"thumbnailUrl":"https:\/\/musica.santjosep.org\/wp-content\/uploads\/2026\/04\/velos-rec.jpg","datePublished":"2026-04-29T07:31:46+00:00","breadcrumb":{"@id":"https:\/\/musica.santjosep.org\/es\/concierto\/recital-de-danza-del-alumnado-del-conservatorio-en-el-auditorio-calo-de-soli\/#breadcrumb"},"inLanguage":"es","potentialAction":[{"@type":"ReadAction","target":["https:\/\/musica.santjosep.org\/es\/concierto\/recital-de-danza-del-alumnado-del-conservatorio-en-el-auditorio-calo-de-soli\/"]}]},{"@type":"ImageObject","inLanguage":"es","@id":"https:\/\/musica.santjosep.org\/es\/concierto\/recital-de-danza-del-alumnado-del-conservatorio-en-el-auditorio-calo-de-soli\/#primaryimage","url":"https:\/\/musica.santjosep.org\/wp-content\/uploads\/2026\/04\/velos-rec.jpg","contentUrl":"https:\/\/musica.santjosep.org\/wp-content\/uploads\/2026\/04\/velos-rec.jpg","width":1400,"height":933},{"@type":"BreadcrumbList","@id":"https:\/\/musica.santjosep.org\/es\/concierto\/recital-de-danza-del-alumnado-del-conservatorio-en-el-auditorio-calo-de-soli\/#breadcrumb","itemListElement":[{"@type":"ListItem","position":1,"name":"Portada","item":"https:\/\/musica.santjosep.org\/es\/"},{"@type":"ListItem","position":2,"name":"Eventos","item":"https:\/\/musica.santjosep.org\/es\/concerts\/"},{"@type":"ListItem","position":3,"name":"Recital de danza del alumnado del Conservatorio en el Auditorio Cal\u00f3 de s\u2019Oli"}]},{"@type":"WebSite","@id":"https:\/\/musica.santjosep.org\/es\/#website","url":"https:\/\/musica.santjosep.org\/es\/","name":"Sant Josep \u00e9s m\u00fasica","description":"Informaci\u00f3n actualizada de todos los conciertos, grupos y artistas que act\u00faen tanto en fiestas y festivales, como en establecimientos privados en el municipio de Sant Josep de sa Talaia","publisher":{"@id":"https:\/\/musica.santjosep.org\/es\/#organization"},"potentialAction":[{"@type":"SearchAction","target":{"@type":"EntryPoint","urlTemplate":"https:\/\/musica.santjosep.org\/es\/?s={search_term_string}"},"query-input":{"@type":"PropertyValueSpecification","valueRequired":true,"valueName":"search_term_string"}}],"inLanguage":"es"},{"@type":"Organization","@id":"https:\/\/musica.santjosep.org\/es\/#organization","name":"Sant Josep \u00e9s m\u00fasica","url":"https:\/\/musica.santjosep.org\/es\/","logo":{"@type":"ImageObject","inLanguage":"es","@id":"https:\/\/musica.santjosep.org\/es\/#\/schema\/logo\/image\/","url":"https:\/\/musica.santjosep.org\/wp-content\/uploads\/2022\/01\/logo-SJEM.png","contentUrl":"https:\/\/musica.santjosep.org\/wp-content\/uploads\/2022\/01\/logo-SJEM.png","width":213,"height":103,"caption":"Sant Josep \u00e9s m\u00fasica"},"image":{"@id":"https:\/\/musica.santjosep.org\/es\/#\/schema\/logo\/image\/"},"sameAs":["https:\/\/www.facebook.com\/Sant-Josep-s-Msica-105337042007790","https:\/\/x.com\/MusicaSantJosep","https:\/\/www.instagram.com\/musicasantjosep\/","https:\/\/www.youtube.com\/channel\/UCBSLSUpqfrfsiOMVslmZEJA"]}]}},"_links":{"self":[{"href":"https:\/\/musica.santjosep.org\/es\/wp-json\/wp\/v2\/tribe_events\/57007","targetHints":{"allow":["GET"]}}],"collection":[{"href":"https:\/\/musica.santjosep.org\/es\/wp-json\/wp\/v2\/tribe_events"}],"about":[{"href":"https:\/\/musica.santjosep.org\/es\/wp-json\/wp\/v2\/types\/tribe_events"}],"author":[{"embeddable":true,"href":"https:\/\/musica.santjosep.org\/es\/wp-json\/wp\/v2\/users\/2"}],"version-history":[{"count":1,"href":"https:\/\/musica.santjosep.org\/es\/wp-json\/wp\/v2\/tribe_events\/57007\/revisions"}],"predecessor-version":[{"id":57010,"href":"https:\/\/musica.santjosep.org\/es\/wp-json\/wp\/v2\/tribe_events\/57007\/revisions\/57010"}],"wp:featuredmedia":[{"embeddable":true,"href":"https:\/\/musica.santjosep.org\/es\/wp-json\/wp\/v2\/media\/57008"}],"wp:attachment":[{"href":"https:\/\/musica.santjosep.org\/es\/wp-json\/wp\/v2\/media?parent=57007"}],"wp:term":[{"taxonomy":"post_tag","embeddable":true,"href":"https:\/\/musica.santjosep.org\/es\/wp-json\/wp\/v2\/tags?post=57007"},{"taxonomy":"tribe_events_cat","embeddable":true,"href":"https:\/\/musica.santjosep.org\/es\/wp-json\/wp\/v2\/tribe_events_cat?post=57007"}],"curies":[{"name":"wp","href":"https:\/\/api.w.org\/{rel}","templated":true}]}}