{"id":56998,"date":"2026-04-28T21:12:50","date_gmt":"2026-04-28T19:12:50","guid":{"rendered":"https:\/\/musica.santjosep.org\/?post_type=tribe_events&#038;p=56998"},"modified":"2026-04-28T21:15:48","modified_gmt":"2026-04-28T19:15:48","slug":"pilar-vera-cierra-las-jornadas-flamencas-con-una-conferencia-sobre-origen-esencia-y-compas","status":"publish","type":"tribe_events","link":"https:\/\/musica.santjosep.org\/es\/concierto\/pilar-vera-cierra-las-jornadas-flamencas-con-una-conferencia-sobre-origen-esencia-y-compas\/","title":{"rendered":"Pilar Vera cierra las jornadas flamencas con una conferencia sobre origen, esencia y comp\u00e1s"},"content":{"rendered":"<p>Las V Jornadas Flamencas, que el Ayuntamiento de Sant Josep organiza en el Auditorio Cal\u00f3 de s\u2019Oli, se celebran entre el 8 y el 10 de mayo. Su programa incluye diferentes espect\u00e1culos musicales y de danza, ofrecidos por grandes artistas del g\u00e9nero for\u00e1neos y locales, cuyo objetivo es descubrir y compartir la riqueza de este patrimonio musical.<\/p>\n<p>La tercera y \u00faltima jornada del certamen concluye con la conferencia \u2018El flamenco: origen, esencia y comp\u00e1s\u2019, a cargo de la cantaora sevillana Pilar Vera. La ponencia tiene car\u00e1cter divulgativo y est\u00e1 dirigida a todos los p\u00fablicos. Se inicia con una aproximaci\u00f3n a la etimolog\u00eda del t\u00e9rmino \u201cflamenco\u201d, abordando sus posibles or\u00edgenes y evoluci\u00f3n hist\u00f3rica.<\/p>\n<p>Posteriormente, se analiza la presencia del flamenco en la vida cotidiana, destacando su valor como expresi\u00f3n cultural. Asimismo, se ofrece una explicaci\u00f3n de distintos estilos del cante flamenco y de sus estructuras r\u00edtmicas (comp\u00e1s), con el objetivo de facilitar la comprensi\u00f3n de sus elementos fundamentales. La exposici\u00f3n se ver\u00e1 complementada mediante la interpretaci\u00f3n en directo de diversos cantes, con los que Pilar Vera ilustrar\u00e1 los contenidos tratados.<\/p>\n<p><iframe loading=\"lazy\" title=\"Pilar Mu\u00f1oz D\u00edaz &quot;Pilar Vera&quot; de Sevilla - Guitarra: Manuel Fern\u00e1ndez &quot;Peroles&quot;\" width=\"1100\" height=\"619\" src=\"https:\/\/www.youtube.com\/embed\/EuoxISUiEnI?feature=oembed\" frameborder=\"0\" allow=\"accelerometer; autoplay; clipboard-write; encrypted-media; gyroscope; picture-in-picture; web-share\" referrerpolicy=\"strict-origin-when-cross-origin\" allowfullscreen><\/iframe><\/p>\n<p>Pilar canta flamenco desde la infancia y cuenta con m\u00e1s de veinte a\u00f1os de trayectoria, combinando la interpretaci\u00f3n con una intensa labor pedag\u00f3gica y divulgativa. Es profesora titulada de cante flamenco por el Conservatorio Crist\u00f3bal de Morales de Sevilla. Desde sus inicios, su inquietud art\u00edstica la ha llevado a formarse con reconocidos cantaores y cantaoras, como Paco Taranto, Manuel Vera, Calixto S\u00e1nchez, Laura Vital y Arc\u00e1ngel, entre otros, consolidando as\u00ed una s\u00f3lida base t\u00e9cnica y expresiva dentro del cante flamenco. Tambi\u00e9n ha participado en diversas ocasiones en Canal Sur Televisi\u00f3n, contribuyendo a la difusi\u00f3n del flamenco en el \u00e1mbito andaluz.<\/p>\n<p>Asimismo, Pilar Vera ha ilustrado diferentes conferencias y ha colaborado con numerosas pe\u00f1as flamencas y tertulias de la provincia de Sevilla. En los \u00faltimos a\u00f1os, la docencia se ha consolidado como un pilar fundamental en su trayectoria profesional, desarrollando su labor como monitora de cante flamenco en colegios p\u00fablicos, concertados y de educaci\u00f3n especial dentro del programa \u201cLa Bienal va a la Escuela\u201d, as\u00ed como en diversas escuelas de flamenco y en talleres socioculturales organizados por el Ayuntamiento de Sevilla. Adem\u00e1s, ha impartido clases en escuelas-taller de flamenco en el centro de Sevilla dirigidas a alumnado extranjero.<\/p>\n<p><a href=\"https:\/\/musica.santjosep.org\/es\/las-jornadas-flamencas-se-adelantan-a-mayo\/\" target=\"_blank\" rel=\"noopener\">M\u00e1s informaci\u00f3n sobre el certamen en este enlace<\/a><\/p>\n","protected":false},"excerpt":{"rendered":"<p>Las V Jornadas Flamencas, que el Ayuntamiento de Sant Josep organiza en el Auditorio Cal\u00f3 de s\u2019Oli, se celebran entre el 8 y el 10 de mayo. Su programa incluye diferentes espect\u00e1culos musicales y de danza, ofrecidos por grandes artistas [&hellip;]<\/p>\n","protected":false},"author":2,"featured_media":56944,"template":"","meta":{"_acf_changed":false,"_tribe_events_status":"","_tribe_events_status_reason":"","_tribe_events_is_hybrid":"","_tribe_events_is_virtual":"","_tribe_events_virtual_video_source":"","_tribe_events_virtual_embed_video":"","_tribe_events_virtual_linked_button_text":"","_tribe_events_virtual_linked_button":"","_tribe_events_virtual_show_embed_at":"","_tribe_events_virtual_show_embed_to":[],"_tribe_events_virtual_show_on_event":"","_tribe_events_virtual_show_on_views":"","_tribe_events_virtual_url":"","footnotes":""},"tags":[],"tribe_events_cat":[54],"class_list":["post-56998","tribe_events","type-tribe_events","status-publish","has-post-thumbnail","hentry","tribe_events_cat-flamenco","cat_flamenco"],"acf":[],"yoast_head":"<!-- This site is optimized with the Yoast SEO plugin v26.6 - https:\/\/yoast.com\/wordpress\/plugins\/seo\/ -->\n<title>Pilar Vera cierra las jornadas flamencas con una conferencia sobre origen, esencia y comp\u00e1s - Sant Josep \u00e9s m\u00fasica<\/title>\n<meta name=\"robots\" content=\"index, follow, max-snippet:-1, max-image-preview:large, max-video-preview:-1\" \/>\n<link rel=\"canonical\" href=\"https:\/\/musica.santjosep.org\/es\/concierto\/pilar-vera-cierra-las-jornadas-flamencas-con-una-conferencia-sobre-origen-esencia-y-compas\/\" \/>\n<meta property=\"og:locale\" content=\"es_ES\" \/>\n<meta property=\"og:type\" content=\"article\" \/>\n<meta property=\"og:title\" content=\"Pilar Vera cierra las jornadas flamencas con una conferencia sobre origen, esencia y comp\u00e1s - Sant Josep \u00e9s m\u00fasica\" \/>\n<meta property=\"og:description\" content=\"Las V Jornadas Flamencas, que el Ayuntamiento de Sant Josep organiza en el Auditorio Cal\u00f3 de s\u2019Oli, se celebran entre el 8 y el 10 de mayo. Su programa incluye diferentes espect\u00e1culos musicales y de danza, ofrecidos por grandes artistas [&hellip;]\" \/>\n<meta property=\"og:url\" content=\"https:\/\/musica.santjosep.org\/es\/concierto\/pilar-vera-cierra-las-jornadas-flamencas-con-una-conferencia-sobre-origen-esencia-y-compas\/\" \/>\n<meta property=\"og:site_name\" content=\"Sant Josep \u00e9s m\u00fasica\" \/>\n<meta property=\"article:publisher\" content=\"https:\/\/www.facebook.com\/Sant-Josep-s-Msica-105337042007790\" \/>\n<meta property=\"article:modified_time\" content=\"2026-04-28T19:15:48+00:00\" \/>\n<meta property=\"og:image\" content=\"https:\/\/musica.santjosep.org\/wp-content\/uploads\/2026\/04\/pilar-vera-1-rec.jpg\" \/>\n\t<meta property=\"og:image:width\" content=\"1400\" \/>\n\t<meta property=\"og:image:height\" content=\"932\" \/>\n\t<meta property=\"og:image:type\" content=\"image\/jpeg\" \/>\n<meta name=\"twitter:card\" content=\"summary_large_image\" \/>\n<meta name=\"twitter:site\" content=\"@MusicaSantJosep\" \/>\n<meta name=\"twitter:label1\" content=\"Tiempo de lectura\" \/>\n\t<meta name=\"twitter:data1\" content=\"2 minutos\" \/>\n<script type=\"application\/ld+json\" class=\"yoast-schema-graph\">{\"@context\":\"https:\/\/schema.org\",\"@graph\":[{\"@type\":\"WebPage\",\"@id\":\"https:\/\/musica.santjosep.org\/es\/concierto\/pilar-vera-cierra-las-jornadas-flamencas-con-una-conferencia-sobre-origen-esencia-y-compas\/\",\"url\":\"https:\/\/musica.santjosep.org\/es\/concierto\/pilar-vera-cierra-las-jornadas-flamencas-con-una-conferencia-sobre-origen-esencia-y-compas\/\",\"name\":\"Pilar Vera cierra las jornadas flamencas con una conferencia sobre origen, esencia y comp\u00e1s - Sant Josep \u00e9s m\u00fasica\",\"isPartOf\":{\"@id\":\"https:\/\/musica.santjosep.org\/es\/#website\"},\"primaryImageOfPage\":{\"@id\":\"https:\/\/musica.santjosep.org\/es\/concierto\/pilar-vera-cierra-las-jornadas-flamencas-con-una-conferencia-sobre-origen-esencia-y-compas\/#primaryimage\"},\"image\":{\"@id\":\"https:\/\/musica.santjosep.org\/es\/concierto\/pilar-vera-cierra-las-jornadas-flamencas-con-una-conferencia-sobre-origen-esencia-y-compas\/#primaryimage\"},\"thumbnailUrl\":\"https:\/\/musica.santjosep.org\/wp-content\/uploads\/2026\/04\/pilar-vera-1-rec.jpg\",\"datePublished\":\"2026-04-28T19:12:50+00:00\",\"dateModified\":\"2026-04-28T19:15:48+00:00\",\"breadcrumb\":{\"@id\":\"https:\/\/musica.santjosep.org\/es\/concierto\/pilar-vera-cierra-las-jornadas-flamencas-con-una-conferencia-sobre-origen-esencia-y-compas\/#breadcrumb\"},\"inLanguage\":\"es\",\"potentialAction\":[{\"@type\":\"ReadAction\",\"target\":[\"https:\/\/musica.santjosep.org\/es\/concierto\/pilar-vera-cierra-las-jornadas-flamencas-con-una-conferencia-sobre-origen-esencia-y-compas\/\"]}]},{\"@type\":\"ImageObject\",\"inLanguage\":\"es\",\"@id\":\"https:\/\/musica.santjosep.org\/es\/concierto\/pilar-vera-cierra-las-jornadas-flamencas-con-una-conferencia-sobre-origen-esencia-y-compas\/#primaryimage\",\"url\":\"https:\/\/musica.santjosep.org\/wp-content\/uploads\/2026\/04\/pilar-vera-1-rec.jpg\",\"contentUrl\":\"https:\/\/musica.santjosep.org\/wp-content\/uploads\/2026\/04\/pilar-vera-1-rec.jpg\",\"width\":1400,\"height\":932},{\"@type\":\"BreadcrumbList\",\"@id\":\"https:\/\/musica.santjosep.org\/es\/concierto\/pilar-vera-cierra-las-jornadas-flamencas-con-una-conferencia-sobre-origen-esencia-y-compas\/#breadcrumb\",\"itemListElement\":[{\"@type\":\"ListItem\",\"position\":1,\"name\":\"Portada\",\"item\":\"https:\/\/musica.santjosep.org\/es\/\"},{\"@type\":\"ListItem\",\"position\":2,\"name\":\"Eventos\",\"item\":\"https:\/\/musica.santjosep.org\/es\/concerts\/\"},{\"@type\":\"ListItem\",\"position\":3,\"name\":\"Pilar Vera cierra las jornadas flamencas con una conferencia sobre origen, esencia y comp\u00e1s\"}]},{\"@type\":\"WebSite\",\"@id\":\"https:\/\/musica.santjosep.org\/es\/#website\",\"url\":\"https:\/\/musica.santjosep.org\/es\/\",\"name\":\"Sant Josep \u00e9s m\u00fasica\",\"description\":\"Informaci\u00f3n actualizada de todos los conciertos, grupos y artistas que act\u00faen tanto en fiestas y festivales, como en establecimientos privados en el municipio de Sant Josep de sa Talaia\",\"publisher\":{\"@id\":\"https:\/\/musica.santjosep.org\/es\/#organization\"},\"potentialAction\":[{\"@type\":\"SearchAction\",\"target\":{\"@type\":\"EntryPoint\",\"urlTemplate\":\"https:\/\/musica.santjosep.org\/es\/?s={search_term_string}\"},\"query-input\":{\"@type\":\"PropertyValueSpecification\",\"valueRequired\":true,\"valueName\":\"search_term_string\"}}],\"inLanguage\":\"es\"},{\"@type\":\"Organization\",\"@id\":\"https:\/\/musica.santjosep.org\/es\/#organization\",\"name\":\"Sant Josep \u00e9s m\u00fasica\",\"url\":\"https:\/\/musica.santjosep.org\/es\/\",\"logo\":{\"@type\":\"ImageObject\",\"inLanguage\":\"es\",\"@id\":\"https:\/\/musica.santjosep.org\/es\/#\/schema\/logo\/image\/\",\"url\":\"https:\/\/musica.santjosep.org\/wp-content\/uploads\/2022\/01\/logo-SJEM.png\",\"contentUrl\":\"https:\/\/musica.santjosep.org\/wp-content\/uploads\/2022\/01\/logo-SJEM.png\",\"width\":213,\"height\":103,\"caption\":\"Sant Josep \u00e9s m\u00fasica\"},\"image\":{\"@id\":\"https:\/\/musica.santjosep.org\/es\/#\/schema\/logo\/image\/\"},\"sameAs\":[\"https:\/\/www.facebook.com\/Sant-Josep-s-Msica-105337042007790\",\"https:\/\/x.com\/MusicaSantJosep\",\"https:\/\/www.instagram.com\/musicasantjosep\/\",\"https:\/\/www.youtube.com\/channel\/UCBSLSUpqfrfsiOMVslmZEJA\"]}]}<\/script>\n<!-- \/ Yoast SEO plugin. -->","yoast_head_json":{"title":"Pilar Vera cierra las jornadas flamencas con una conferencia sobre origen, esencia y comp\u00e1s - Sant Josep \u00e9s m\u00fasica","robots":{"index":"index","follow":"follow","max-snippet":"max-snippet:-1","max-image-preview":"max-image-preview:large","max-video-preview":"max-video-preview:-1"},"canonical":"https:\/\/musica.santjosep.org\/es\/concierto\/pilar-vera-cierra-las-jornadas-flamencas-con-una-conferencia-sobre-origen-esencia-y-compas\/","og_locale":"es_ES","og_type":"article","og_title":"Pilar Vera cierra las jornadas flamencas con una conferencia sobre origen, esencia y comp\u00e1s - Sant Josep \u00e9s m\u00fasica","og_description":"Las V Jornadas Flamencas, que el Ayuntamiento de Sant Josep organiza en el Auditorio Cal\u00f3 de s\u2019Oli, se celebran entre el 8 y el 10 de mayo. Su programa incluye diferentes espect\u00e1culos musicales y de danza, ofrecidos por grandes artistas [&hellip;]","og_url":"https:\/\/musica.santjosep.org\/es\/concierto\/pilar-vera-cierra-las-jornadas-flamencas-con-una-conferencia-sobre-origen-esencia-y-compas\/","og_site_name":"Sant Josep \u00e9s m\u00fasica","article_publisher":"https:\/\/www.facebook.com\/Sant-Josep-s-Msica-105337042007790","article_modified_time":"2026-04-28T19:15:48+00:00","og_image":[{"width":1400,"height":932,"url":"https:\/\/musica.santjosep.org\/wp-content\/uploads\/2026\/04\/pilar-vera-1-rec.jpg","type":"image\/jpeg"}],"twitter_card":"summary_large_image","twitter_site":"@MusicaSantJosep","twitter_misc":{"Tiempo de lectura":"2 minutos"},"schema":{"@context":"https:\/\/schema.org","@graph":[{"@type":"WebPage","@id":"https:\/\/musica.santjosep.org\/es\/concierto\/pilar-vera-cierra-las-jornadas-flamencas-con-una-conferencia-sobre-origen-esencia-y-compas\/","url":"https:\/\/musica.santjosep.org\/es\/concierto\/pilar-vera-cierra-las-jornadas-flamencas-con-una-conferencia-sobre-origen-esencia-y-compas\/","name":"Pilar Vera cierra las jornadas flamencas con una conferencia sobre origen, esencia y comp\u00e1s - Sant Josep \u00e9s m\u00fasica","isPartOf":{"@id":"https:\/\/musica.santjosep.org\/es\/#website"},"primaryImageOfPage":{"@id":"https:\/\/musica.santjosep.org\/es\/concierto\/pilar-vera-cierra-las-jornadas-flamencas-con-una-conferencia-sobre-origen-esencia-y-compas\/#primaryimage"},"image":{"@id":"https:\/\/musica.santjosep.org\/es\/concierto\/pilar-vera-cierra-las-jornadas-flamencas-con-una-conferencia-sobre-origen-esencia-y-compas\/#primaryimage"},"thumbnailUrl":"https:\/\/musica.santjosep.org\/wp-content\/uploads\/2026\/04\/pilar-vera-1-rec.jpg","datePublished":"2026-04-28T19:12:50+00:00","dateModified":"2026-04-28T19:15:48+00:00","breadcrumb":{"@id":"https:\/\/musica.santjosep.org\/es\/concierto\/pilar-vera-cierra-las-jornadas-flamencas-con-una-conferencia-sobre-origen-esencia-y-compas\/#breadcrumb"},"inLanguage":"es","potentialAction":[{"@type":"ReadAction","target":["https:\/\/musica.santjosep.org\/es\/concierto\/pilar-vera-cierra-las-jornadas-flamencas-con-una-conferencia-sobre-origen-esencia-y-compas\/"]}]},{"@type":"ImageObject","inLanguage":"es","@id":"https:\/\/musica.santjosep.org\/es\/concierto\/pilar-vera-cierra-las-jornadas-flamencas-con-una-conferencia-sobre-origen-esencia-y-compas\/#primaryimage","url":"https:\/\/musica.santjosep.org\/wp-content\/uploads\/2026\/04\/pilar-vera-1-rec.jpg","contentUrl":"https:\/\/musica.santjosep.org\/wp-content\/uploads\/2026\/04\/pilar-vera-1-rec.jpg","width":1400,"height":932},{"@type":"BreadcrumbList","@id":"https:\/\/musica.santjosep.org\/es\/concierto\/pilar-vera-cierra-las-jornadas-flamencas-con-una-conferencia-sobre-origen-esencia-y-compas\/#breadcrumb","itemListElement":[{"@type":"ListItem","position":1,"name":"Portada","item":"https:\/\/musica.santjosep.org\/es\/"},{"@type":"ListItem","position":2,"name":"Eventos","item":"https:\/\/musica.santjosep.org\/es\/concerts\/"},{"@type":"ListItem","position":3,"name":"Pilar Vera cierra las jornadas flamencas con una conferencia sobre origen, esencia y comp\u00e1s"}]},{"@type":"WebSite","@id":"https:\/\/musica.santjosep.org\/es\/#website","url":"https:\/\/musica.santjosep.org\/es\/","name":"Sant Josep \u00e9s m\u00fasica","description":"Informaci\u00f3n actualizada de todos los conciertos, grupos y artistas que act\u00faen tanto en fiestas y festivales, como en establecimientos privados en el municipio de Sant Josep de sa Talaia","publisher":{"@id":"https:\/\/musica.santjosep.org\/es\/#organization"},"potentialAction":[{"@type":"SearchAction","target":{"@type":"EntryPoint","urlTemplate":"https:\/\/musica.santjosep.org\/es\/?s={search_term_string}"},"query-input":{"@type":"PropertyValueSpecification","valueRequired":true,"valueName":"search_term_string"}}],"inLanguage":"es"},{"@type":"Organization","@id":"https:\/\/musica.santjosep.org\/es\/#organization","name":"Sant Josep \u00e9s m\u00fasica","url":"https:\/\/musica.santjosep.org\/es\/","logo":{"@type":"ImageObject","inLanguage":"es","@id":"https:\/\/musica.santjosep.org\/es\/#\/schema\/logo\/image\/","url":"https:\/\/musica.santjosep.org\/wp-content\/uploads\/2022\/01\/logo-SJEM.png","contentUrl":"https:\/\/musica.santjosep.org\/wp-content\/uploads\/2022\/01\/logo-SJEM.png","width":213,"height":103,"caption":"Sant Josep \u00e9s m\u00fasica"},"image":{"@id":"https:\/\/musica.santjosep.org\/es\/#\/schema\/logo\/image\/"},"sameAs":["https:\/\/www.facebook.com\/Sant-Josep-s-Msica-105337042007790","https:\/\/x.com\/MusicaSantJosep","https:\/\/www.instagram.com\/musicasantjosep\/","https:\/\/www.youtube.com\/channel\/UCBSLSUpqfrfsiOMVslmZEJA"]}]}},"_links":{"self":[{"href":"https:\/\/musica.santjosep.org\/es\/wp-json\/wp\/v2\/tribe_events\/56998","targetHints":{"allow":["GET"]}}],"collection":[{"href":"https:\/\/musica.santjosep.org\/es\/wp-json\/wp\/v2\/tribe_events"}],"about":[{"href":"https:\/\/musica.santjosep.org\/es\/wp-json\/wp\/v2\/types\/tribe_events"}],"author":[{"embeddable":true,"href":"https:\/\/musica.santjosep.org\/es\/wp-json\/wp\/v2\/users\/2"}],"version-history":[{"count":1,"href":"https:\/\/musica.santjosep.org\/es\/wp-json\/wp\/v2\/tribe_events\/56998\/revisions"}],"predecessor-version":[{"id":56999,"href":"https:\/\/musica.santjosep.org\/es\/wp-json\/wp\/v2\/tribe_events\/56998\/revisions\/56999"}],"wp:featuredmedia":[{"embeddable":true,"href":"https:\/\/musica.santjosep.org\/es\/wp-json\/wp\/v2\/media\/56944"}],"wp:attachment":[{"href":"https:\/\/musica.santjosep.org\/es\/wp-json\/wp\/v2\/media?parent=56998"}],"wp:term":[{"taxonomy":"post_tag","embeddable":true,"href":"https:\/\/musica.santjosep.org\/es\/wp-json\/wp\/v2\/tags?post=56998"},{"taxonomy":"tribe_events_cat","embeddable":true,"href":"https:\/\/musica.santjosep.org\/es\/wp-json\/wp\/v2\/tribe_events_cat?post=56998"}],"curies":[{"name":"wp","href":"https:\/\/api.w.org\/{rel}","templated":true}]}}