{"id":56986,"date":"2026-04-28T21:00:39","date_gmt":"2026-04-28T19:00:39","guid":{"rendered":"https:\/\/musica.santjosep.org\/?post_type=tribe_events&#038;p=56986"},"modified":"2026-04-28T21:01:14","modified_gmt":"2026-04-28T19:01:14","slug":"concierto-de-guitarra-clasica-de-flamenco-a-cargo-del-gaditano-juan-manuel-fernandez","status":"publish","type":"tribe_events","link":"https:\/\/musica.santjosep.org\/es\/concierto\/concierto-de-guitarra-clasica-de-flamenco-a-cargo-del-gaditano-juan-manuel-fernandez\/","title":{"rendered":"Concierto de guitarra cl\u00e1sica de flamenco a cargo del gaditano Juan Manuel Fern\u00e1ndez"},"content":{"rendered":"<p>Las V Jornadas Flamencas, que el Ayuntamiento de Sant Josep organiza en el Auditorio Cal\u00f3 de s\u2019Oli, se celebran entre el 8 y el 10 de mayo. Su programa incluye diferentes espect\u00e1culos musicales y de danza, ofrecidos por grandes artistas del g\u00e9nero for\u00e1neos y locales, cuyo objetivo es descubrir y compartir la riqueza de este patrimonio musical.<\/p>\n<p>La tercera y \u00faltima jornada del certamen incluye este concierto de guitarra cl\u00e1sica a cargo del maestro gaditano Juan Manuel Fern\u00e1ndez, que tambi\u00e9n participa en el espect\u00e1culo Aire flamenco, que se celebra la jornada anterior. El recital tendr\u00e1 lugar en la sala de exposiciones del auditorio y a continuaci\u00f3n se servir\u00e1 un aperitivo para todos los asistentes.<\/p>\n<p><iframe loading=\"lazy\" title=\"\ud83c\udfb8 Una Joya de Guitarra Flamenca de Juan Manuel Fern\u00e1ndez\" width=\"1100\" height=\"619\" src=\"https:\/\/www.youtube.com\/embed\/qFqUx3CvHwY?feature=oembed\" frameborder=\"0\" allow=\"accelerometer; autoplay; clipboard-write; encrypted-media; gyroscope; picture-in-picture; web-share\" referrerpolicy=\"strict-origin-when-cross-origin\" allowfullscreen><\/iframe><\/p>\n<p>Fern\u00e1ndez procede de la localidad gaditana de San Fernando, la Isla de Camar\u00f3n, y se ha criado en una de las m\u00e1s importantes tradiciones flamencas. Su estilo bebe de artistas tan grandes como Paco de Luc\u00eda, Vicente Amigo y Jos\u00e9 Antonio Rodr\u00edguez, y ya lleva m\u00e1s de 25 a\u00f1os sobre los escenarios, acompa\u00f1ando a grandes nombres como Rancapino, Antonio Canales o David de Mar\u00eda, y formando parte de diferentes compa\u00f1\u00edas con las que ha dado la vuelta al mundo.<\/p>\n<p><a href=\"https:\/\/musica.santjosep.org\/es\/las-jornadas-flamencas-se-adelantan-a-mayo\/\" target=\"_blank\" rel=\"noopener\">M\u00e1s informaci\u00f3n sobre el certamen en este enlace<\/a><\/p>\n","protected":false},"excerpt":{"rendered":"<p>Las V Jornadas Flamencas, que el Ayuntamiento de Sant Josep organiza en el Auditorio Cal\u00f3 de s\u2019Oli, se celebran entre el 8 y el 10 de mayo. Su programa incluye diferentes espect\u00e1culos musicales y de danza, ofrecidos por grandes artistas [&hellip;]<\/p>\n","protected":false},"author":2,"featured_media":56987,"template":"","meta":{"_acf_changed":false,"_tribe_events_status":"","_tribe_events_status_reason":"","_tribe_events_is_hybrid":"","_tribe_events_is_virtual":"","_tribe_events_virtual_video_source":"","_tribe_events_virtual_embed_video":"","_tribe_events_virtual_linked_button_text":"","_tribe_events_virtual_linked_button":"","_tribe_events_virtual_show_embed_at":"","_tribe_events_virtual_show_embed_to":[],"_tribe_events_virtual_show_on_event":"","_tribe_events_virtual_show_on_views":"","_tribe_events_virtual_url":"","footnotes":""},"tags":[],"tribe_events_cat":[54],"class_list":["post-56986","tribe_events","type-tribe_events","status-publish","has-post-thumbnail","hentry","tribe_events_cat-flamenco","cat_flamenco"],"acf":[],"yoast_head":"<!-- This site is optimized with the Yoast SEO plugin v26.6 - https:\/\/yoast.com\/wordpress\/plugins\/seo\/ -->\n<title>Concierto de guitarra cl\u00e1sica de flamenco a cargo del gaditano Juan Manuel Fern\u00e1ndez - Sant Josep \u00e9s m\u00fasica<\/title>\n<meta name=\"robots\" content=\"index, follow, max-snippet:-1, max-image-preview:large, max-video-preview:-1\" \/>\n<link rel=\"canonical\" href=\"https:\/\/musica.santjosep.org\/es\/concierto\/concierto-de-guitarra-clasica-de-flamenco-a-cargo-del-gaditano-juan-manuel-fernandez\/\" \/>\n<meta property=\"og:locale\" content=\"es_ES\" \/>\n<meta property=\"og:type\" content=\"article\" \/>\n<meta property=\"og:title\" content=\"Concierto de guitarra cl\u00e1sica de flamenco a cargo del gaditano Juan Manuel Fern\u00e1ndez - Sant Josep \u00e9s m\u00fasica\" \/>\n<meta property=\"og:description\" content=\"Las V Jornadas Flamencas, que el Ayuntamiento de Sant Josep organiza en el Auditorio Cal\u00f3 de s\u2019Oli, se celebran entre el 8 y el 10 de mayo. Su programa incluye diferentes espect\u00e1culos musicales y de danza, ofrecidos por grandes artistas [&hellip;]\" \/>\n<meta property=\"og:url\" content=\"https:\/\/musica.santjosep.org\/es\/concierto\/concierto-de-guitarra-clasica-de-flamenco-a-cargo-del-gaditano-juan-manuel-fernandez\/\" \/>\n<meta property=\"og:site_name\" content=\"Sant Josep \u00e9s m\u00fasica\" \/>\n<meta property=\"article:publisher\" content=\"https:\/\/www.facebook.com\/Sant-Josep-s-Msica-105337042007790\" \/>\n<meta property=\"article:modified_time\" content=\"2026-04-28T19:01:14+00:00\" \/>\n<meta property=\"og:image\" content=\"https:\/\/musica.santjosep.org\/wp-content\/uploads\/2026\/04\/Juan-Manuel-Fernandez-rec-1.jpg\" \/>\n\t<meta property=\"og:image:width\" content=\"1400\" \/>\n\t<meta property=\"og:image:height\" content=\"933\" \/>\n\t<meta property=\"og:image:type\" content=\"image\/jpeg\" \/>\n<meta name=\"twitter:card\" content=\"summary_large_image\" \/>\n<meta name=\"twitter:site\" content=\"@MusicaSantJosep\" \/>\n<meta name=\"twitter:label1\" content=\"Tiempo de lectura\" \/>\n\t<meta name=\"twitter:data1\" content=\"2 minutos\" \/>\n<script type=\"application\/ld+json\" class=\"yoast-schema-graph\">{\"@context\":\"https:\/\/schema.org\",\"@graph\":[{\"@type\":\"WebPage\",\"@id\":\"https:\/\/musica.santjosep.org\/es\/concierto\/concierto-de-guitarra-clasica-de-flamenco-a-cargo-del-gaditano-juan-manuel-fernandez\/\",\"url\":\"https:\/\/musica.santjosep.org\/es\/concierto\/concierto-de-guitarra-clasica-de-flamenco-a-cargo-del-gaditano-juan-manuel-fernandez\/\",\"name\":\"Concierto de guitarra cl\u00e1sica de flamenco a cargo del gaditano Juan Manuel Fern\u00e1ndez - Sant Josep \u00e9s m\u00fasica\",\"isPartOf\":{\"@id\":\"https:\/\/musica.santjosep.org\/es\/#website\"},\"primaryImageOfPage\":{\"@id\":\"https:\/\/musica.santjosep.org\/es\/concierto\/concierto-de-guitarra-clasica-de-flamenco-a-cargo-del-gaditano-juan-manuel-fernandez\/#primaryimage\"},\"image\":{\"@id\":\"https:\/\/musica.santjosep.org\/es\/concierto\/concierto-de-guitarra-clasica-de-flamenco-a-cargo-del-gaditano-juan-manuel-fernandez\/#primaryimage\"},\"thumbnailUrl\":\"https:\/\/musica.santjosep.org\/wp-content\/uploads\/2026\/04\/Juan-Manuel-Fernandez-rec-1.jpg\",\"datePublished\":\"2026-04-28T19:00:39+00:00\",\"dateModified\":\"2026-04-28T19:01:14+00:00\",\"breadcrumb\":{\"@id\":\"https:\/\/musica.santjosep.org\/es\/concierto\/concierto-de-guitarra-clasica-de-flamenco-a-cargo-del-gaditano-juan-manuel-fernandez\/#breadcrumb\"},\"inLanguage\":\"es\",\"potentialAction\":[{\"@type\":\"ReadAction\",\"target\":[\"https:\/\/musica.santjosep.org\/es\/concierto\/concierto-de-guitarra-clasica-de-flamenco-a-cargo-del-gaditano-juan-manuel-fernandez\/\"]}]},{\"@type\":\"ImageObject\",\"inLanguage\":\"es\",\"@id\":\"https:\/\/musica.santjosep.org\/es\/concierto\/concierto-de-guitarra-clasica-de-flamenco-a-cargo-del-gaditano-juan-manuel-fernandez\/#primaryimage\",\"url\":\"https:\/\/musica.santjosep.org\/wp-content\/uploads\/2026\/04\/Juan-Manuel-Fernandez-rec-1.jpg\",\"contentUrl\":\"https:\/\/musica.santjosep.org\/wp-content\/uploads\/2026\/04\/Juan-Manuel-Fernandez-rec-1.jpg\",\"width\":1400,\"height\":933},{\"@type\":\"BreadcrumbList\",\"@id\":\"https:\/\/musica.santjosep.org\/es\/concierto\/concierto-de-guitarra-clasica-de-flamenco-a-cargo-del-gaditano-juan-manuel-fernandez\/#breadcrumb\",\"itemListElement\":[{\"@type\":\"ListItem\",\"position\":1,\"name\":\"Portada\",\"item\":\"https:\/\/musica.santjosep.org\/es\/\"},{\"@type\":\"ListItem\",\"position\":2,\"name\":\"Eventos\",\"item\":\"https:\/\/musica.santjosep.org\/es\/concerts\/\"},{\"@type\":\"ListItem\",\"position\":3,\"name\":\"Concierto de guitarra cl\u00e1sica de flamenco a cargo del gaditano Juan Manuel Fern\u00e1ndez\"}]},{\"@type\":\"WebSite\",\"@id\":\"https:\/\/musica.santjosep.org\/es\/#website\",\"url\":\"https:\/\/musica.santjosep.org\/es\/\",\"name\":\"Sant Josep \u00e9s m\u00fasica\",\"description\":\"Informaci\u00f3n actualizada de todos los conciertos, grupos y artistas que act\u00faen tanto en fiestas y festivales, como en establecimientos privados en el municipio de Sant Josep de sa Talaia\",\"publisher\":{\"@id\":\"https:\/\/musica.santjosep.org\/es\/#organization\"},\"potentialAction\":[{\"@type\":\"SearchAction\",\"target\":{\"@type\":\"EntryPoint\",\"urlTemplate\":\"https:\/\/musica.santjosep.org\/es\/?s={search_term_string}\"},\"query-input\":{\"@type\":\"PropertyValueSpecification\",\"valueRequired\":true,\"valueName\":\"search_term_string\"}}],\"inLanguage\":\"es\"},{\"@type\":\"Organization\",\"@id\":\"https:\/\/musica.santjosep.org\/es\/#organization\",\"name\":\"Sant Josep \u00e9s m\u00fasica\",\"url\":\"https:\/\/musica.santjosep.org\/es\/\",\"logo\":{\"@type\":\"ImageObject\",\"inLanguage\":\"es\",\"@id\":\"https:\/\/musica.santjosep.org\/es\/#\/schema\/logo\/image\/\",\"url\":\"https:\/\/musica.santjosep.org\/wp-content\/uploads\/2022\/01\/logo-SJEM.png\",\"contentUrl\":\"https:\/\/musica.santjosep.org\/wp-content\/uploads\/2022\/01\/logo-SJEM.png\",\"width\":213,\"height\":103,\"caption\":\"Sant Josep \u00e9s m\u00fasica\"},\"image\":{\"@id\":\"https:\/\/musica.santjosep.org\/es\/#\/schema\/logo\/image\/\"},\"sameAs\":[\"https:\/\/www.facebook.com\/Sant-Josep-s-Msica-105337042007790\",\"https:\/\/x.com\/MusicaSantJosep\",\"https:\/\/www.instagram.com\/musicasantjosep\/\",\"https:\/\/www.youtube.com\/channel\/UCBSLSUpqfrfsiOMVslmZEJA\"]}]}<\/script>\n<!-- \/ Yoast SEO plugin. -->","yoast_head_json":{"title":"Concierto de guitarra cl\u00e1sica de flamenco a cargo del gaditano Juan Manuel Fern\u00e1ndez - Sant Josep \u00e9s m\u00fasica","robots":{"index":"index","follow":"follow","max-snippet":"max-snippet:-1","max-image-preview":"max-image-preview:large","max-video-preview":"max-video-preview:-1"},"canonical":"https:\/\/musica.santjosep.org\/es\/concierto\/concierto-de-guitarra-clasica-de-flamenco-a-cargo-del-gaditano-juan-manuel-fernandez\/","og_locale":"es_ES","og_type":"article","og_title":"Concierto de guitarra cl\u00e1sica de flamenco a cargo del gaditano Juan Manuel Fern\u00e1ndez - Sant Josep \u00e9s m\u00fasica","og_description":"Las V Jornadas Flamencas, que el Ayuntamiento de Sant Josep organiza en el Auditorio Cal\u00f3 de s\u2019Oli, se celebran entre el 8 y el 10 de mayo. Su programa incluye diferentes espect\u00e1culos musicales y de danza, ofrecidos por grandes artistas [&hellip;]","og_url":"https:\/\/musica.santjosep.org\/es\/concierto\/concierto-de-guitarra-clasica-de-flamenco-a-cargo-del-gaditano-juan-manuel-fernandez\/","og_site_name":"Sant Josep \u00e9s m\u00fasica","article_publisher":"https:\/\/www.facebook.com\/Sant-Josep-s-Msica-105337042007790","article_modified_time":"2026-04-28T19:01:14+00:00","og_image":[{"width":1400,"height":933,"url":"https:\/\/musica.santjosep.org\/wp-content\/uploads\/2026\/04\/Juan-Manuel-Fernandez-rec-1.jpg","type":"image\/jpeg"}],"twitter_card":"summary_large_image","twitter_site":"@MusicaSantJosep","twitter_misc":{"Tiempo de lectura":"2 minutos"},"schema":{"@context":"https:\/\/schema.org","@graph":[{"@type":"WebPage","@id":"https:\/\/musica.santjosep.org\/es\/concierto\/concierto-de-guitarra-clasica-de-flamenco-a-cargo-del-gaditano-juan-manuel-fernandez\/","url":"https:\/\/musica.santjosep.org\/es\/concierto\/concierto-de-guitarra-clasica-de-flamenco-a-cargo-del-gaditano-juan-manuel-fernandez\/","name":"Concierto de guitarra cl\u00e1sica de flamenco a cargo del gaditano Juan Manuel Fern\u00e1ndez - Sant Josep \u00e9s m\u00fasica","isPartOf":{"@id":"https:\/\/musica.santjosep.org\/es\/#website"},"primaryImageOfPage":{"@id":"https:\/\/musica.santjosep.org\/es\/concierto\/concierto-de-guitarra-clasica-de-flamenco-a-cargo-del-gaditano-juan-manuel-fernandez\/#primaryimage"},"image":{"@id":"https:\/\/musica.santjosep.org\/es\/concierto\/concierto-de-guitarra-clasica-de-flamenco-a-cargo-del-gaditano-juan-manuel-fernandez\/#primaryimage"},"thumbnailUrl":"https:\/\/musica.santjosep.org\/wp-content\/uploads\/2026\/04\/Juan-Manuel-Fernandez-rec-1.jpg","datePublished":"2026-04-28T19:00:39+00:00","dateModified":"2026-04-28T19:01:14+00:00","breadcrumb":{"@id":"https:\/\/musica.santjosep.org\/es\/concierto\/concierto-de-guitarra-clasica-de-flamenco-a-cargo-del-gaditano-juan-manuel-fernandez\/#breadcrumb"},"inLanguage":"es","potentialAction":[{"@type":"ReadAction","target":["https:\/\/musica.santjosep.org\/es\/concierto\/concierto-de-guitarra-clasica-de-flamenco-a-cargo-del-gaditano-juan-manuel-fernandez\/"]}]},{"@type":"ImageObject","inLanguage":"es","@id":"https:\/\/musica.santjosep.org\/es\/concierto\/concierto-de-guitarra-clasica-de-flamenco-a-cargo-del-gaditano-juan-manuel-fernandez\/#primaryimage","url":"https:\/\/musica.santjosep.org\/wp-content\/uploads\/2026\/04\/Juan-Manuel-Fernandez-rec-1.jpg","contentUrl":"https:\/\/musica.santjosep.org\/wp-content\/uploads\/2026\/04\/Juan-Manuel-Fernandez-rec-1.jpg","width":1400,"height":933},{"@type":"BreadcrumbList","@id":"https:\/\/musica.santjosep.org\/es\/concierto\/concierto-de-guitarra-clasica-de-flamenco-a-cargo-del-gaditano-juan-manuel-fernandez\/#breadcrumb","itemListElement":[{"@type":"ListItem","position":1,"name":"Portada","item":"https:\/\/musica.santjosep.org\/es\/"},{"@type":"ListItem","position":2,"name":"Eventos","item":"https:\/\/musica.santjosep.org\/es\/concerts\/"},{"@type":"ListItem","position":3,"name":"Concierto de guitarra cl\u00e1sica de flamenco a cargo del gaditano Juan Manuel Fern\u00e1ndez"}]},{"@type":"WebSite","@id":"https:\/\/musica.santjosep.org\/es\/#website","url":"https:\/\/musica.santjosep.org\/es\/","name":"Sant Josep \u00e9s m\u00fasica","description":"Informaci\u00f3n actualizada de todos los conciertos, grupos y artistas que act\u00faen tanto en fiestas y festivales, como en establecimientos privados en el municipio de Sant Josep de sa Talaia","publisher":{"@id":"https:\/\/musica.santjosep.org\/es\/#organization"},"potentialAction":[{"@type":"SearchAction","target":{"@type":"EntryPoint","urlTemplate":"https:\/\/musica.santjosep.org\/es\/?s={search_term_string}"},"query-input":{"@type":"PropertyValueSpecification","valueRequired":true,"valueName":"search_term_string"}}],"inLanguage":"es"},{"@type":"Organization","@id":"https:\/\/musica.santjosep.org\/es\/#organization","name":"Sant Josep \u00e9s m\u00fasica","url":"https:\/\/musica.santjosep.org\/es\/","logo":{"@type":"ImageObject","inLanguage":"es","@id":"https:\/\/musica.santjosep.org\/es\/#\/schema\/logo\/image\/","url":"https:\/\/musica.santjosep.org\/wp-content\/uploads\/2022\/01\/logo-SJEM.png","contentUrl":"https:\/\/musica.santjosep.org\/wp-content\/uploads\/2022\/01\/logo-SJEM.png","width":213,"height":103,"caption":"Sant Josep \u00e9s m\u00fasica"},"image":{"@id":"https:\/\/musica.santjosep.org\/es\/#\/schema\/logo\/image\/"},"sameAs":["https:\/\/www.facebook.com\/Sant-Josep-s-Msica-105337042007790","https:\/\/x.com\/MusicaSantJosep","https:\/\/www.instagram.com\/musicasantjosep\/","https:\/\/www.youtube.com\/channel\/UCBSLSUpqfrfsiOMVslmZEJA"]}]}},"_links":{"self":[{"href":"https:\/\/musica.santjosep.org\/es\/wp-json\/wp\/v2\/tribe_events\/56986","targetHints":{"allow":["GET"]}}],"collection":[{"href":"https:\/\/musica.santjosep.org\/es\/wp-json\/wp\/v2\/tribe_events"}],"about":[{"href":"https:\/\/musica.santjosep.org\/es\/wp-json\/wp\/v2\/types\/tribe_events"}],"author":[{"embeddable":true,"href":"https:\/\/musica.santjosep.org\/es\/wp-json\/wp\/v2\/users\/2"}],"version-history":[{"count":1,"href":"https:\/\/musica.santjosep.org\/es\/wp-json\/wp\/v2\/tribe_events\/56986\/revisions"}],"predecessor-version":[{"id":56988,"href":"https:\/\/musica.santjosep.org\/es\/wp-json\/wp\/v2\/tribe_events\/56986\/revisions\/56988"}],"wp:featuredmedia":[{"embeddable":true,"href":"https:\/\/musica.santjosep.org\/es\/wp-json\/wp\/v2\/media\/56987"}],"wp:attachment":[{"href":"https:\/\/musica.santjosep.org\/es\/wp-json\/wp\/v2\/media?parent=56986"}],"wp:term":[{"taxonomy":"post_tag","embeddable":true,"href":"https:\/\/musica.santjosep.org\/es\/wp-json\/wp\/v2\/tags?post=56986"},{"taxonomy":"tribe_events_cat","embeddable":true,"href":"https:\/\/musica.santjosep.org\/es\/wp-json\/wp\/v2\/tribe_events_cat?post=56986"}],"curies":[{"name":"wp","href":"https:\/\/api.w.org\/{rel}","templated":true}]}}