{"id":56976,"date":"2026-04-28T20:45:52","date_gmt":"2026-04-28T18:45:52","guid":{"rendered":"https:\/\/musica.santjosep.org\/?post_type=tribe_events&#038;p=56976"},"modified":"2026-04-28T20:45:52","modified_gmt":"2026-04-28T18:45:52","slug":"el-espectaculo-aire-flamenco-en-las-v-jornadas-flamencas-de-calo-de-soli","status":"publish","type":"tribe_events","link":"https:\/\/musica.santjosep.org\/es\/concierto\/el-espectaculo-aire-flamenco-en-las-v-jornadas-flamencas-de-calo-de-soli\/","title":{"rendered":"El espect\u00e1culo Aire Flamenco, en las V Jornadas Flamencas de Cal\u00f3 de s\u2019Oli"},"content":{"rendered":"<p>Las V Jornadas Flamencas, que el Ayuntamiento de Sant Josep organiza en el Auditorio Cal\u00f3 de s\u2019Oli, se celebran entre el 8 y el 10 de mayo. Su programa incluye diferentes espect\u00e1culos musicales y de danza, ofrecidos por grandes artistas del g\u00e9nero for\u00e1neos y locales, cuyo objetivo es descubrir y compartir la riqueza de este patrimonio musical.<\/p>\n<p>La segunda jornada del certamen ofrece este espect\u00e1culo de flamenco integral, que re\u00fane a reputados artistas de distintas procedencias. En \u00e9l, la m\u00fasica y el baile se convierten en el eje transversal de la obra, sin artilugios ni atrezos, invitando al p\u00fablico a una experiencia est\u00e9tica y sensorial que sumerge en la esencia del flamenco. Actuar\u00e1n la bailaora sevillana Manuela Barrios y el bailaor gaditano Santiago de Fuentes, junto a sus paisanos el cantaor Jes\u00fas Castilla y el guitarrista Juan Manuel Fern\u00e1ndez, la flautista balear \u00darsula Pomar y el percusionista sevillano Cani Huertas.<\/p>\n<p>Manuela Barrios curs\u00f3 sus estudios en la Fundaci\u00f3n de Arte Flamenco Cristina Heeren, obteniendo el grado de excelencia con profesores de la talla de Milagros Menjibar, Jos\u00e9 Galv\u00e1n, Rafael Campallo, Carmen Ledesma, \u00darsula L\u00f3pez, Rub\u00e9n Olmo y Javier Bar\u00f3n. Ha trabajado en diversos escenarios de Espa\u00f1a, Jap\u00f3n, China y Rusia, entre otros pa\u00edses. Tambi\u00e9n ha participado en la compa\u00f1\u00eda La Cuadra de Sevilla, dirigida por Salvador Tavora, en el espect\u00e1culo \u2018Flamenco para Traviata\u2019. Adem\u00e1s, ha trabajado en el prestigioso tablao El Cordob\u00e9s de Barcelona en varias ocasiones y en El Flamenco de Tokio, y ha actuado con artistas como Milagros Mengibar, El Mistela, Carmen Ledesma, Calixto S\u00e1nchez o Ni\u00f1o de Pura, entre otros.<\/p>\n<div id=\"attachment_56939\" style=\"width: 1410px\" class=\"wp-caption alignnone\"><img loading=\"lazy\" decoding=\"async\" aria-describedby=\"caption-attachment-56939\" class=\"wp-image-56939 size-full\" src=\"https:\/\/musica.santjosep.org\/wp-content\/uploads\/2026\/04\/manuela-de-barrios-y-santiago-de-fuentes-2.jpg\" alt=\"\" width=\"1400\" height=\"932\" srcset=\"https:\/\/musica.santjosep.org\/wp-content\/uploads\/2026\/04\/manuela-de-barrios-y-santiago-de-fuentes-2.jpg 1400w, https:\/\/musica.santjosep.org\/wp-content\/uploads\/2026\/04\/manuela-de-barrios-y-santiago-de-fuentes-2-300x200.jpg 300w, https:\/\/musica.santjosep.org\/wp-content\/uploads\/2026\/04\/manuela-de-barrios-y-santiago-de-fuentes-2-1024x682.jpg 1024w, https:\/\/musica.santjosep.org\/wp-content\/uploads\/2026\/04\/manuela-de-barrios-y-santiago-de-fuentes-2-768x511.jpg 768w\" sizes=\"auto, (max-width: 1400px) 100vw, 1400px\" \/><p id=\"caption-attachment-56939\" class=\"wp-caption-text\">Manuela de Barrios &amp; Santiago de Fuentes<\/p><\/div>\n<p>Santiago de Fuentes es titulado superior en danza por el Conservatorio Superior de Danza Mar\u00eda de \u00c1vila (Madrid). A lo largo de su trayectoria ha bailado en multitud de tablaos de Espa\u00f1a y del mundo, destacando el prestigioso establecimiento Corral de la Morer\u00eda, en Madrid. Desde 2009 y al frente de sus propias producciones, ha hecho disfrutar al p\u00fablico en escenarios internacionales de pa\u00edses como Marruecos, Rusia, Jap\u00f3n, China o Arabia Saud\u00ed. Tras dirigir el Beijing Flamenco Ballet, actualmente compagina su trabajo esc\u00e9nico internacional con la labor docente en el Conservatorio Profesional de Danza de Ibiza.<\/p>\n<p>El cantaor gaditano Jes\u00fas Castilla (San Fernando, 1974) naci\u00f3 en el seno de una familia donde el flamenco es una forma de vida. Desde peque\u00f1o comienza a destacar y estudia con los principales maestros de La Isla y otras localidades vecinas. Bebe de los m\u00e1s grandes, como Caracol, Chano Lobato y, por supuesto, Camar\u00f3n, por el que profesa una gran admiraci\u00f3n. Su estilo no deja indiferente y ya ha cosechado innumerables premios. Un cantaor, en definitiva, con car\u00e1cter, voz potente y dominador de todos los cantes, en los que demuestra el dominio del comp\u00e1s y su capacidad para adaptarse a fusiones m\u00e1s comerciales. Ha actuado por grandes teatros de medio mundo, desde Marruecos a Jap\u00f3n o Rusia, y se ha codeado en los escenarios con figuras como Antonio Canales, Nano de Jerez o Rancapino, entre otros.<\/p>\n<p><img loading=\"lazy\" decoding=\"async\" class=\"alignnone wp-image-56977 size-full\" src=\"https:\/\/musica.santjosep.org\/wp-content\/uploads\/2026\/04\/IMG_8482rec.jpg\" alt=\"\" width=\"1400\" height=\"932\" srcset=\"https:\/\/musica.santjosep.org\/wp-content\/uploads\/2026\/04\/IMG_8482rec.jpg 1400w, https:\/\/musica.santjosep.org\/wp-content\/uploads\/2026\/04\/IMG_8482rec-300x200.jpg 300w, https:\/\/musica.santjosep.org\/wp-content\/uploads\/2026\/04\/IMG_8482rec-1024x682.jpg 1024w, https:\/\/musica.santjosep.org\/wp-content\/uploads\/2026\/04\/IMG_8482rec-768x511.jpg 768w\" sizes=\"auto, (max-width: 1400px) 100vw, 1400px\" \/><\/p>\n<p>El guitarrista de flamenco Juan Manuel Fern\u00e1ndez tambi\u00e9n procede de la localidad gaditana de San Fernando, la Isla de Camar\u00f3n, y se ha criado en una de las m\u00e1s importantes tradiciones flamencas. Su estilo bebe de artistas tan grandes como Paco de Luc\u00eda, Vicente Amigo y Jos\u00e9 Antonio Rodr\u00edguez, y ya lleva m\u00e1s de 25 a\u00f1os sobre los escenarios, acompa\u00f1ando a grandes nombres como Rancapino, Antonio Canales o David de Mar\u00eda, y formando parte de diferentes compa\u00f1\u00edas con las que ha dado la vuelta al mundo.<\/p>\n<p>\u00darsula Pomar es una flautista balear de brillante trayectoria y con una proyecci\u00f3n internacional en constante crecimiento. Se form\u00f3 en el Conservatorio Superior de Balears y continu\u00f3 perfeccionando su arte entre Barcelona, en la Esmuc, y Suiza, en el Conservatorio Della Svizzera Italiana. Ha formado parte de prestigiosas agrupaciones, como la Chamber Film Orchestra y La Jove Orquestra Nacional de Catalunya, demostrando sensibilidad, versatilidad y una s\u00f3lida presencia esc\u00e9nica. En 2025 fue reconocida con la II Beca J\u00f3venes Talentos del Festival Paco de Luc\u00eda Mallorca, lo que le abri\u00f3 las puertas para continuar su formaci\u00f3n en el Berklee College of Music de Valencia.<\/p>\n<p>Joaqu\u00edn Huertas, \u2018Cani\u2019, es un percusionista nacido en Sevilla y afincado en Formentera, con una amplia carrera que navega del flamenco hacia otras m\u00fasicas, aportando una visi\u00f3n abierta y contempor\u00e1nea de la percusi\u00f3n. Se form\u00f3 en Madrid con grandes maestros, produjo junto a la bailarina Esther Esteban la obra \u2018Memorias de un olvido\u2019 y ha trabajado junto a artistas como Rafael Riqueni, Juan Jos\u00e9 Amador, Torombo, Bobote, Marinah de Ojos de Brujo, La Mari de Chambao, Antonio S\u00e1nchez o Antonia Jim\u00e9nez.<\/p>\n<p><a href=\"https:\/\/musica.santjosep.org\/es\/las-jornadas-flamencas-se-adelantan-a-mayo\/\" target=\"_blank\" rel=\"noopener\">M\u00e1s informaci\u00f3n sobre el certamen en este enlace<\/a><\/p>\n","protected":false},"excerpt":{"rendered":"<p>Las V Jornadas Flamencas, que el Ayuntamiento de Sant Josep organiza en el Auditorio Cal\u00f3 de s\u2019Oli, se celebran entre el 8 y el 10 de mayo. Su programa incluye diferentes espect\u00e1culos musicales y de danza, ofrecidos por grandes artistas [&hellip;]<\/p>\n","protected":false},"author":2,"featured_media":56938,"template":"","meta":{"_acf_changed":false,"_tribe_events_status":"","_tribe_events_status_reason":"","_tribe_events_is_hybrid":"","_tribe_events_is_virtual":"","_tribe_events_virtual_video_source":"","_tribe_events_virtual_embed_video":"","_tribe_events_virtual_linked_button_text":"","_tribe_events_virtual_linked_button":"","_tribe_events_virtual_show_embed_at":"","_tribe_events_virtual_show_embed_to":[],"_tribe_events_virtual_show_on_event":"","_tribe_events_virtual_show_on_views":"","_tribe_events_virtual_url":"","footnotes":""},"tags":[],"tribe_events_cat":[54],"class_list":["post-56976","tribe_events","type-tribe_events","status-publish","has-post-thumbnail","hentry","tribe_events_cat-flamenco","cat_flamenco"],"acf":[],"yoast_head":"<!-- This site is optimized with the Yoast SEO plugin v26.6 - https:\/\/yoast.com\/wordpress\/plugins\/seo\/ -->\n<title>El espect\u00e1culo Aire Flamenco, en las V Jornadas Flamencas de Cal\u00f3 de s\u2019Oli - Sant Josep \u00e9s m\u00fasica<\/title>\n<meta name=\"robots\" content=\"index, follow, max-snippet:-1, max-image-preview:large, max-video-preview:-1\" \/>\n<link rel=\"canonical\" href=\"https:\/\/musica.santjosep.org\/es\/concierto\/el-espectaculo-aire-flamenco-en-las-v-jornadas-flamencas-de-calo-de-soli\/\" \/>\n<meta property=\"og:locale\" content=\"es_ES\" \/>\n<meta property=\"og:type\" content=\"article\" \/>\n<meta property=\"og:title\" content=\"El espect\u00e1culo Aire Flamenco, en las V Jornadas Flamencas de Cal\u00f3 de s\u2019Oli - Sant Josep \u00e9s m\u00fasica\" \/>\n<meta property=\"og:description\" content=\"Las V Jornadas Flamencas, que el Ayuntamiento de Sant Josep organiza en el Auditorio Cal\u00f3 de s\u2019Oli, se celebran entre el 8 y el 10 de mayo. Su programa incluye diferentes espect\u00e1culos musicales y de danza, ofrecidos por grandes artistas [&hellip;]\" \/>\n<meta property=\"og:url\" content=\"https:\/\/musica.santjosep.org\/es\/concierto\/el-espectaculo-aire-flamenco-en-las-v-jornadas-flamencas-de-calo-de-soli\/\" \/>\n<meta property=\"og:site_name\" content=\"Sant Josep \u00e9s m\u00fasica\" \/>\n<meta property=\"article:publisher\" content=\"https:\/\/www.facebook.com\/Sant-Josep-s-Msica-105337042007790\" \/>\n<meta property=\"og:image\" content=\"https:\/\/musica.santjosep.org\/wp-content\/uploads\/2026\/04\/manuela-de-barrios-y-santiago-de-fuentes-1.jpg\" \/>\n\t<meta property=\"og:image:width\" content=\"1400\" \/>\n\t<meta property=\"og:image:height\" content=\"933\" \/>\n\t<meta property=\"og:image:type\" content=\"image\/jpeg\" \/>\n<meta name=\"twitter:card\" content=\"summary_large_image\" \/>\n<meta name=\"twitter:site\" content=\"@MusicaSantJosep\" \/>\n<meta name=\"twitter:label1\" content=\"Tiempo de lectura\" \/>\n\t<meta name=\"twitter:data1\" content=\"5 minutos\" \/>\n<script type=\"application\/ld+json\" class=\"yoast-schema-graph\">{\"@context\":\"https:\/\/schema.org\",\"@graph\":[{\"@type\":\"WebPage\",\"@id\":\"https:\/\/musica.santjosep.org\/es\/concierto\/el-espectaculo-aire-flamenco-en-las-v-jornadas-flamencas-de-calo-de-soli\/\",\"url\":\"https:\/\/musica.santjosep.org\/es\/concierto\/el-espectaculo-aire-flamenco-en-las-v-jornadas-flamencas-de-calo-de-soli\/\",\"name\":\"El espect\u00e1culo Aire Flamenco, en las V Jornadas Flamencas de Cal\u00f3 de s\u2019Oli - Sant Josep \u00e9s m\u00fasica\",\"isPartOf\":{\"@id\":\"https:\/\/musica.santjosep.org\/es\/#website\"},\"primaryImageOfPage\":{\"@id\":\"https:\/\/musica.santjosep.org\/es\/concierto\/el-espectaculo-aire-flamenco-en-las-v-jornadas-flamencas-de-calo-de-soli\/#primaryimage\"},\"image\":{\"@id\":\"https:\/\/musica.santjosep.org\/es\/concierto\/el-espectaculo-aire-flamenco-en-las-v-jornadas-flamencas-de-calo-de-soli\/#primaryimage\"},\"thumbnailUrl\":\"https:\/\/musica.santjosep.org\/wp-content\/uploads\/2026\/04\/manuela-de-barrios-y-santiago-de-fuentes-1.jpg\",\"datePublished\":\"2026-04-28T18:45:52+00:00\",\"breadcrumb\":{\"@id\":\"https:\/\/musica.santjosep.org\/es\/concierto\/el-espectaculo-aire-flamenco-en-las-v-jornadas-flamencas-de-calo-de-soli\/#breadcrumb\"},\"inLanguage\":\"es\",\"potentialAction\":[{\"@type\":\"ReadAction\",\"target\":[\"https:\/\/musica.santjosep.org\/es\/concierto\/el-espectaculo-aire-flamenco-en-las-v-jornadas-flamencas-de-calo-de-soli\/\"]}]},{\"@type\":\"ImageObject\",\"inLanguage\":\"es\",\"@id\":\"https:\/\/musica.santjosep.org\/es\/concierto\/el-espectaculo-aire-flamenco-en-las-v-jornadas-flamencas-de-calo-de-soli\/#primaryimage\",\"url\":\"https:\/\/musica.santjosep.org\/wp-content\/uploads\/2026\/04\/manuela-de-barrios-y-santiago-de-fuentes-1.jpg\",\"contentUrl\":\"https:\/\/musica.santjosep.org\/wp-content\/uploads\/2026\/04\/manuela-de-barrios-y-santiago-de-fuentes-1.jpg\",\"width\":1400,\"height\":933},{\"@type\":\"BreadcrumbList\",\"@id\":\"https:\/\/musica.santjosep.org\/es\/concierto\/el-espectaculo-aire-flamenco-en-las-v-jornadas-flamencas-de-calo-de-soli\/#breadcrumb\",\"itemListElement\":[{\"@type\":\"ListItem\",\"position\":1,\"name\":\"Portada\",\"item\":\"https:\/\/musica.santjosep.org\/es\/\"},{\"@type\":\"ListItem\",\"position\":2,\"name\":\"Eventos\",\"item\":\"https:\/\/musica.santjosep.org\/es\/concerts\/\"},{\"@type\":\"ListItem\",\"position\":3,\"name\":\"El espect\u00e1culo Aire Flamenco, en las V Jornadas Flamencas de Cal\u00f3 de s\u2019Oli\"}]},{\"@type\":\"WebSite\",\"@id\":\"https:\/\/musica.santjosep.org\/es\/#website\",\"url\":\"https:\/\/musica.santjosep.org\/es\/\",\"name\":\"Sant Josep \u00e9s m\u00fasica\",\"description\":\"Informaci\u00f3n actualizada de todos los conciertos, grupos y artistas que act\u00faen tanto en fiestas y festivales, como en establecimientos privados en el municipio de Sant Josep de sa Talaia\",\"publisher\":{\"@id\":\"https:\/\/musica.santjosep.org\/es\/#organization\"},\"potentialAction\":[{\"@type\":\"SearchAction\",\"target\":{\"@type\":\"EntryPoint\",\"urlTemplate\":\"https:\/\/musica.santjosep.org\/es\/?s={search_term_string}\"},\"query-input\":{\"@type\":\"PropertyValueSpecification\",\"valueRequired\":true,\"valueName\":\"search_term_string\"}}],\"inLanguage\":\"es\"},{\"@type\":\"Organization\",\"@id\":\"https:\/\/musica.santjosep.org\/es\/#organization\",\"name\":\"Sant Josep \u00e9s m\u00fasica\",\"url\":\"https:\/\/musica.santjosep.org\/es\/\",\"logo\":{\"@type\":\"ImageObject\",\"inLanguage\":\"es\",\"@id\":\"https:\/\/musica.santjosep.org\/es\/#\/schema\/logo\/image\/\",\"url\":\"https:\/\/musica.santjosep.org\/wp-content\/uploads\/2022\/01\/logo-SJEM.png\",\"contentUrl\":\"https:\/\/musica.santjosep.org\/wp-content\/uploads\/2022\/01\/logo-SJEM.png\",\"width\":213,\"height\":103,\"caption\":\"Sant Josep \u00e9s m\u00fasica\"},\"image\":{\"@id\":\"https:\/\/musica.santjosep.org\/es\/#\/schema\/logo\/image\/\"},\"sameAs\":[\"https:\/\/www.facebook.com\/Sant-Josep-s-Msica-105337042007790\",\"https:\/\/x.com\/MusicaSantJosep\",\"https:\/\/www.instagram.com\/musicasantjosep\/\",\"https:\/\/www.youtube.com\/channel\/UCBSLSUpqfrfsiOMVslmZEJA\"]}]}<\/script>\n<!-- \/ Yoast SEO plugin. -->","yoast_head_json":{"title":"El espect\u00e1culo Aire Flamenco, en las V Jornadas Flamencas de Cal\u00f3 de s\u2019Oli - Sant Josep \u00e9s m\u00fasica","robots":{"index":"index","follow":"follow","max-snippet":"max-snippet:-1","max-image-preview":"max-image-preview:large","max-video-preview":"max-video-preview:-1"},"canonical":"https:\/\/musica.santjosep.org\/es\/concierto\/el-espectaculo-aire-flamenco-en-las-v-jornadas-flamencas-de-calo-de-soli\/","og_locale":"es_ES","og_type":"article","og_title":"El espect\u00e1culo Aire Flamenco, en las V Jornadas Flamencas de Cal\u00f3 de s\u2019Oli - Sant Josep \u00e9s m\u00fasica","og_description":"Las V Jornadas Flamencas, que el Ayuntamiento de Sant Josep organiza en el Auditorio Cal\u00f3 de s\u2019Oli, se celebran entre el 8 y el 10 de mayo. Su programa incluye diferentes espect\u00e1culos musicales y de danza, ofrecidos por grandes artistas [&hellip;]","og_url":"https:\/\/musica.santjosep.org\/es\/concierto\/el-espectaculo-aire-flamenco-en-las-v-jornadas-flamencas-de-calo-de-soli\/","og_site_name":"Sant Josep \u00e9s m\u00fasica","article_publisher":"https:\/\/www.facebook.com\/Sant-Josep-s-Msica-105337042007790","og_image":[{"width":1400,"height":933,"url":"https:\/\/musica.santjosep.org\/wp-content\/uploads\/2026\/04\/manuela-de-barrios-y-santiago-de-fuentes-1.jpg","type":"image\/jpeg"}],"twitter_card":"summary_large_image","twitter_site":"@MusicaSantJosep","twitter_misc":{"Tiempo de lectura":"5 minutos"},"schema":{"@context":"https:\/\/schema.org","@graph":[{"@type":"WebPage","@id":"https:\/\/musica.santjosep.org\/es\/concierto\/el-espectaculo-aire-flamenco-en-las-v-jornadas-flamencas-de-calo-de-soli\/","url":"https:\/\/musica.santjosep.org\/es\/concierto\/el-espectaculo-aire-flamenco-en-las-v-jornadas-flamencas-de-calo-de-soli\/","name":"El espect\u00e1culo Aire Flamenco, en las V Jornadas Flamencas de Cal\u00f3 de s\u2019Oli - Sant Josep \u00e9s m\u00fasica","isPartOf":{"@id":"https:\/\/musica.santjosep.org\/es\/#website"},"primaryImageOfPage":{"@id":"https:\/\/musica.santjosep.org\/es\/concierto\/el-espectaculo-aire-flamenco-en-las-v-jornadas-flamencas-de-calo-de-soli\/#primaryimage"},"image":{"@id":"https:\/\/musica.santjosep.org\/es\/concierto\/el-espectaculo-aire-flamenco-en-las-v-jornadas-flamencas-de-calo-de-soli\/#primaryimage"},"thumbnailUrl":"https:\/\/musica.santjosep.org\/wp-content\/uploads\/2026\/04\/manuela-de-barrios-y-santiago-de-fuentes-1.jpg","datePublished":"2026-04-28T18:45:52+00:00","breadcrumb":{"@id":"https:\/\/musica.santjosep.org\/es\/concierto\/el-espectaculo-aire-flamenco-en-las-v-jornadas-flamencas-de-calo-de-soli\/#breadcrumb"},"inLanguage":"es","potentialAction":[{"@type":"ReadAction","target":["https:\/\/musica.santjosep.org\/es\/concierto\/el-espectaculo-aire-flamenco-en-las-v-jornadas-flamencas-de-calo-de-soli\/"]}]},{"@type":"ImageObject","inLanguage":"es","@id":"https:\/\/musica.santjosep.org\/es\/concierto\/el-espectaculo-aire-flamenco-en-las-v-jornadas-flamencas-de-calo-de-soli\/#primaryimage","url":"https:\/\/musica.santjosep.org\/wp-content\/uploads\/2026\/04\/manuela-de-barrios-y-santiago-de-fuentes-1.jpg","contentUrl":"https:\/\/musica.santjosep.org\/wp-content\/uploads\/2026\/04\/manuela-de-barrios-y-santiago-de-fuentes-1.jpg","width":1400,"height":933},{"@type":"BreadcrumbList","@id":"https:\/\/musica.santjosep.org\/es\/concierto\/el-espectaculo-aire-flamenco-en-las-v-jornadas-flamencas-de-calo-de-soli\/#breadcrumb","itemListElement":[{"@type":"ListItem","position":1,"name":"Portada","item":"https:\/\/musica.santjosep.org\/es\/"},{"@type":"ListItem","position":2,"name":"Eventos","item":"https:\/\/musica.santjosep.org\/es\/concerts\/"},{"@type":"ListItem","position":3,"name":"El espect\u00e1culo Aire Flamenco, en las V Jornadas Flamencas de Cal\u00f3 de s\u2019Oli"}]},{"@type":"WebSite","@id":"https:\/\/musica.santjosep.org\/es\/#website","url":"https:\/\/musica.santjosep.org\/es\/","name":"Sant Josep \u00e9s m\u00fasica","description":"Informaci\u00f3n actualizada de todos los conciertos, grupos y artistas que act\u00faen tanto en fiestas y festivales, como en establecimientos privados en el municipio de Sant Josep de sa Talaia","publisher":{"@id":"https:\/\/musica.santjosep.org\/es\/#organization"},"potentialAction":[{"@type":"SearchAction","target":{"@type":"EntryPoint","urlTemplate":"https:\/\/musica.santjosep.org\/es\/?s={search_term_string}"},"query-input":{"@type":"PropertyValueSpecification","valueRequired":true,"valueName":"search_term_string"}}],"inLanguage":"es"},{"@type":"Organization","@id":"https:\/\/musica.santjosep.org\/es\/#organization","name":"Sant Josep \u00e9s m\u00fasica","url":"https:\/\/musica.santjosep.org\/es\/","logo":{"@type":"ImageObject","inLanguage":"es","@id":"https:\/\/musica.santjosep.org\/es\/#\/schema\/logo\/image\/","url":"https:\/\/musica.santjosep.org\/wp-content\/uploads\/2022\/01\/logo-SJEM.png","contentUrl":"https:\/\/musica.santjosep.org\/wp-content\/uploads\/2022\/01\/logo-SJEM.png","width":213,"height":103,"caption":"Sant Josep \u00e9s m\u00fasica"},"image":{"@id":"https:\/\/musica.santjosep.org\/es\/#\/schema\/logo\/image\/"},"sameAs":["https:\/\/www.facebook.com\/Sant-Josep-s-Msica-105337042007790","https:\/\/x.com\/MusicaSantJosep","https:\/\/www.instagram.com\/musicasantjosep\/","https:\/\/www.youtube.com\/channel\/UCBSLSUpqfrfsiOMVslmZEJA"]}]}},"_links":{"self":[{"href":"https:\/\/musica.santjosep.org\/es\/wp-json\/wp\/v2\/tribe_events\/56976","targetHints":{"allow":["GET"]}}],"collection":[{"href":"https:\/\/musica.santjosep.org\/es\/wp-json\/wp\/v2\/tribe_events"}],"about":[{"href":"https:\/\/musica.santjosep.org\/es\/wp-json\/wp\/v2\/types\/tribe_events"}],"author":[{"embeddable":true,"href":"https:\/\/musica.santjosep.org\/es\/wp-json\/wp\/v2\/users\/2"}],"version-history":[{"count":1,"href":"https:\/\/musica.santjosep.org\/es\/wp-json\/wp\/v2\/tribe_events\/56976\/revisions"}],"predecessor-version":[{"id":56978,"href":"https:\/\/musica.santjosep.org\/es\/wp-json\/wp\/v2\/tribe_events\/56976\/revisions\/56978"}],"wp:featuredmedia":[{"embeddable":true,"href":"https:\/\/musica.santjosep.org\/es\/wp-json\/wp\/v2\/media\/56938"}],"wp:attachment":[{"href":"https:\/\/musica.santjosep.org\/es\/wp-json\/wp\/v2\/media?parent=56976"}],"wp:term":[{"taxonomy":"post_tag","embeddable":true,"href":"https:\/\/musica.santjosep.org\/es\/wp-json\/wp\/v2\/tags?post=56976"},{"taxonomy":"tribe_events_cat","embeddable":true,"href":"https:\/\/musica.santjosep.org\/es\/wp-json\/wp\/v2\/tribe_events_cat?post=56976"}],"curies":[{"name":"wp","href":"https:\/\/api.w.org\/{rel}","templated":true}]}}