{"id":56972,"date":"2026-04-28T20:35:48","date_gmt":"2026-04-28T18:35:48","guid":{"rendered":"https:\/\/musica.santjosep.org\/?post_type=tribe_events&#038;p=56972"},"modified":"2026-04-28T21:04:58","modified_gmt":"2026-04-28T19:04:58","slug":"maria-del-tango-trae-entre-dos-mundos-a-las-v-jornadas-flamencas-de-calo-de-soli","status":"publish","type":"tribe_events","link":"https:\/\/musica.santjosep.org\/es\/concierto\/maria-del-tango-trae-entre-dos-mundos-a-las-v-jornadas-flamencas-de-calo-de-soli\/","title":{"rendered":"Mar\u00eda del Tango trae \u2018Entre dos mundos\u2019 a las V Jornadas Flamencas de Cal\u00f3 de s\u2019Oli"},"content":{"rendered":"<p>Las V Jornadas Flamencas, que el Ayuntamiento de Sant Josep organiza en el Auditorio Cal\u00f3 de s\u2019Oli, se celebran entre el 8 y el 10 de mayo. Su programa incluye diferentes espect\u00e1culos musicales y de danza, ofrecidos por grandes artistas del g\u00e9nero for\u00e1neos y locales, cuyo objetivo es descubrir y compartir la riqueza de este patrimonio musical.<\/p>\n<p>La primera jornada se cierra en el escenario del exterior del auditorio, con esta actuaci\u00f3n de la cantante Mar\u00eda del Tango, que llega con una potente banda para presentar su nuevo \u00e1lbum <em>Entre dos mundos<\/em>, compuesta por Pablo Heredia (guitarra), Marta Ruiz (teclados), Fernando Lamadrid (bajo) y Angie Bao (bater\u00eda).<\/p>\n<p><iframe loading=\"lazy\" title=\"Mar\u00eda del Tango - Rumba Del Porvenir (V\u00eddeo Oficial)\" width=\"1100\" height=\"619\" src=\"https:\/\/www.youtube.com\/embed\/-7qrI_oTqZQ?feature=oembed\" frameborder=\"0\" allow=\"accelerometer; autoplay; clipboard-write; encrypted-media; gyroscope; picture-in-picture; web-share\" referrerpolicy=\"strict-origin-when-cross-origin\" allowfullscreen><\/iframe><\/p>\n<p>Mar\u00eda del Tango (Caniles, Granada, 1992) es una de las voces m\u00e1s singulares y honestas del panorama actual del flamenco contempor\u00e1neo. Su propuesta art\u00edstica destaca por equilibrar la pureza de la tradici\u00f3n con la experimentaci\u00f3n electr\u00f3nica y urbana. Nacida en la sierra de Granada, su relaci\u00f3n con el arte comenz\u00f3 desde muy peque\u00f1a cantando saetas en su pueblo. Se define como una artista autodidacta que forj\u00f3 su voz y tablas cantando en las calles y tablaos del Albaic\u00edn granadino.<\/p>\n<p>Tras su etapa en Granada, se traslad\u00f3 a C\u00e1diz hace aproximadamente ocho a\u00f1os, una tierra que ha influido profundamente en su estilo y donde reside actualmente. La m\u00fasica de Mar\u00eda del Tango se caracteriza por una \u201chonradez creativa\u201d que ella misma describe como un puente entre la tradici\u00f3n y la vanguardia. Bebe del cante antiguo y del folclore andaluz, pero incorpora sonidos de electr\u00f3nica, rock andaluz y world music.<\/p>\n<p><img loading=\"lazy\" decoding=\"async\" class=\"alignnone wp-image-56943 size-full\" src=\"https:\/\/musica.santjosep.org\/wp-content\/uploads\/2026\/04\/maria-del-tango-2-rec.jpg\" alt=\"\" width=\"1400\" height=\"933\" srcset=\"https:\/\/musica.santjosep.org\/wp-content\/uploads\/2026\/04\/maria-del-tango-2-rec.jpg 1400w, https:\/\/musica.santjosep.org\/wp-content\/uploads\/2026\/04\/maria-del-tango-2-rec-300x200.jpg 300w, https:\/\/musica.santjosep.org\/wp-content\/uploads\/2026\/04\/maria-del-tango-2-rec-1024x682.jpg 1024w, https:\/\/musica.santjosep.org\/wp-content\/uploads\/2026\/04\/maria-del-tango-2-rec-768x512.jpg 768w\" sizes=\"auto, (max-width: 1400px) 100vw, 1400px\" \/><\/p>\n<p>Tanto la cr\u00edtica como el p\u00fablico coinciden en la madurez y magnetismo de su propuesta en directo, mientras consolida su carrera en solitario con este proyecto <em>Entre dos mundos<\/em> que ahora trae a Cal\u00f3 de s\u2019Oli, en el que fusiona la pureza del flamenco con una atm\u00f3sfera contempor\u00e1nea y \u00fanica.<\/p>\n<p><a href=\"https:\/\/musica.santjosep.org\/es\/las-jornadas-flamencas-se-adelantan-a-mayo\/\" target=\"_blank\" rel=\"noopener\">M\u00e1s informaci\u00f3n sobre el certamen en este enlace<\/a><\/p>\n","protected":false},"excerpt":{"rendered":"<p>Las V Jornadas Flamencas, que el Ayuntamiento de Sant Josep organiza en el Auditorio Cal\u00f3 de s\u2019Oli, se celebran entre el 8 y el 10 de mayo. Su programa incluye diferentes espect\u00e1culos musicales y de danza, ofrecidos por grandes artistas [&hellip;]<\/p>\n","protected":false},"author":2,"featured_media":56942,"template":"","meta":{"_acf_changed":false,"_tribe_events_status":"","_tribe_events_status_reason":"","_tribe_events_is_hybrid":"","_tribe_events_is_virtual":"","_tribe_events_virtual_video_source":"","_tribe_events_virtual_embed_video":"","_tribe_events_virtual_linked_button_text":"","_tribe_events_virtual_linked_button":"","_tribe_events_virtual_show_embed_at":"","_tribe_events_virtual_show_embed_to":[],"_tribe_events_virtual_show_on_event":"","_tribe_events_virtual_show_on_views":"","_tribe_events_virtual_url":"","footnotes":""},"tags":[],"tribe_events_cat":[54],"class_list":["post-56972","tribe_events","type-tribe_events","status-publish","has-post-thumbnail","hentry","tribe_events_cat-flamenco","cat_flamenco"],"acf":[],"yoast_head":"<!-- This site is optimized with the Yoast SEO plugin v26.6 - https:\/\/yoast.com\/wordpress\/plugins\/seo\/ -->\n<title>Mar\u00eda del Tango trae \u2018Entre dos mundos\u2019 a las V Jornadas Flamencas de Cal\u00f3 de s\u2019Oli - Sant Josep \u00e9s m\u00fasica<\/title>\n<meta name=\"robots\" content=\"index, follow, max-snippet:-1, max-image-preview:large, max-video-preview:-1\" \/>\n<link rel=\"canonical\" href=\"https:\/\/musica.santjosep.org\/es\/concierto\/maria-del-tango-trae-entre-dos-mundos-a-las-v-jornadas-flamencas-de-calo-de-soli\/\" \/>\n<meta property=\"og:locale\" content=\"es_ES\" \/>\n<meta property=\"og:type\" content=\"article\" \/>\n<meta property=\"og:title\" content=\"Mar\u00eda del Tango trae \u2018Entre dos mundos\u2019 a las V Jornadas Flamencas de Cal\u00f3 de s\u2019Oli - Sant Josep \u00e9s m\u00fasica\" \/>\n<meta property=\"og:description\" content=\"Las V Jornadas Flamencas, que el Ayuntamiento de Sant Josep organiza en el Auditorio Cal\u00f3 de s\u2019Oli, se celebran entre el 8 y el 10 de mayo. Su programa incluye diferentes espect\u00e1culos musicales y de danza, ofrecidos por grandes artistas [&hellip;]\" \/>\n<meta property=\"og:url\" content=\"https:\/\/musica.santjosep.org\/es\/concierto\/maria-del-tango-trae-entre-dos-mundos-a-las-v-jornadas-flamencas-de-calo-de-soli\/\" \/>\n<meta property=\"og:site_name\" content=\"Sant Josep \u00e9s m\u00fasica\" \/>\n<meta property=\"article:publisher\" content=\"https:\/\/www.facebook.com\/Sant-Josep-s-Msica-105337042007790\" \/>\n<meta property=\"article:modified_time\" content=\"2026-04-28T19:04:58+00:00\" \/>\n<meta property=\"og:image\" content=\"https:\/\/musica.santjosep.org\/wp-content\/uploads\/2026\/04\/maria-del-tango-1-rec.jpg\" \/>\n\t<meta property=\"og:image:width\" content=\"1400\" \/>\n\t<meta property=\"og:image:height\" content=\"933\" \/>\n\t<meta property=\"og:image:type\" content=\"image\/jpeg\" \/>\n<meta name=\"twitter:card\" content=\"summary_large_image\" \/>\n<meta name=\"twitter:site\" content=\"@MusicaSantJosep\" \/>\n<meta name=\"twitter:label1\" content=\"Tiempo de lectura\" \/>\n\t<meta name=\"twitter:data1\" content=\"2 minutos\" \/>\n<script type=\"application\/ld+json\" class=\"yoast-schema-graph\">{\"@context\":\"https:\/\/schema.org\",\"@graph\":[{\"@type\":\"WebPage\",\"@id\":\"https:\/\/musica.santjosep.org\/es\/concierto\/maria-del-tango-trae-entre-dos-mundos-a-las-v-jornadas-flamencas-de-calo-de-soli\/\",\"url\":\"https:\/\/musica.santjosep.org\/es\/concierto\/maria-del-tango-trae-entre-dos-mundos-a-las-v-jornadas-flamencas-de-calo-de-soli\/\",\"name\":\"Mar\u00eda del Tango trae \u2018Entre dos mundos\u2019 a las V Jornadas Flamencas de Cal\u00f3 de s\u2019Oli - Sant Josep \u00e9s m\u00fasica\",\"isPartOf\":{\"@id\":\"https:\/\/musica.santjosep.org\/es\/#website\"},\"primaryImageOfPage\":{\"@id\":\"https:\/\/musica.santjosep.org\/es\/concierto\/maria-del-tango-trae-entre-dos-mundos-a-las-v-jornadas-flamencas-de-calo-de-soli\/#primaryimage\"},\"image\":{\"@id\":\"https:\/\/musica.santjosep.org\/es\/concierto\/maria-del-tango-trae-entre-dos-mundos-a-las-v-jornadas-flamencas-de-calo-de-soli\/#primaryimage\"},\"thumbnailUrl\":\"https:\/\/musica.santjosep.org\/wp-content\/uploads\/2026\/04\/maria-del-tango-1-rec.jpg\",\"datePublished\":\"2026-04-28T18:35:48+00:00\",\"dateModified\":\"2026-04-28T19:04:58+00:00\",\"breadcrumb\":{\"@id\":\"https:\/\/musica.santjosep.org\/es\/concierto\/maria-del-tango-trae-entre-dos-mundos-a-las-v-jornadas-flamencas-de-calo-de-soli\/#breadcrumb\"},\"inLanguage\":\"es\",\"potentialAction\":[{\"@type\":\"ReadAction\",\"target\":[\"https:\/\/musica.santjosep.org\/es\/concierto\/maria-del-tango-trae-entre-dos-mundos-a-las-v-jornadas-flamencas-de-calo-de-soli\/\"]}]},{\"@type\":\"ImageObject\",\"inLanguage\":\"es\",\"@id\":\"https:\/\/musica.santjosep.org\/es\/concierto\/maria-del-tango-trae-entre-dos-mundos-a-las-v-jornadas-flamencas-de-calo-de-soli\/#primaryimage\",\"url\":\"https:\/\/musica.santjosep.org\/wp-content\/uploads\/2026\/04\/maria-del-tango-1-rec.jpg\",\"contentUrl\":\"https:\/\/musica.santjosep.org\/wp-content\/uploads\/2026\/04\/maria-del-tango-1-rec.jpg\",\"width\":1400,\"height\":933},{\"@type\":\"BreadcrumbList\",\"@id\":\"https:\/\/musica.santjosep.org\/es\/concierto\/maria-del-tango-trae-entre-dos-mundos-a-las-v-jornadas-flamencas-de-calo-de-soli\/#breadcrumb\",\"itemListElement\":[{\"@type\":\"ListItem\",\"position\":1,\"name\":\"Portada\",\"item\":\"https:\/\/musica.santjosep.org\/es\/\"},{\"@type\":\"ListItem\",\"position\":2,\"name\":\"Eventos\",\"item\":\"https:\/\/musica.santjosep.org\/es\/concerts\/\"},{\"@type\":\"ListItem\",\"position\":3,\"name\":\"Mar\u00eda del Tango trae \u2018Entre dos mundos\u2019 a las V Jornadas Flamencas de Cal\u00f3 de s\u2019Oli\"}]},{\"@type\":\"WebSite\",\"@id\":\"https:\/\/musica.santjosep.org\/es\/#website\",\"url\":\"https:\/\/musica.santjosep.org\/es\/\",\"name\":\"Sant Josep \u00e9s m\u00fasica\",\"description\":\"Informaci\u00f3n actualizada de todos los conciertos, grupos y artistas que act\u00faen tanto en fiestas y festivales, como en establecimientos privados en el municipio de Sant Josep de sa Talaia\",\"publisher\":{\"@id\":\"https:\/\/musica.santjosep.org\/es\/#organization\"},\"potentialAction\":[{\"@type\":\"SearchAction\",\"target\":{\"@type\":\"EntryPoint\",\"urlTemplate\":\"https:\/\/musica.santjosep.org\/es\/?s={search_term_string}\"},\"query-input\":{\"@type\":\"PropertyValueSpecification\",\"valueRequired\":true,\"valueName\":\"search_term_string\"}}],\"inLanguage\":\"es\"},{\"@type\":\"Organization\",\"@id\":\"https:\/\/musica.santjosep.org\/es\/#organization\",\"name\":\"Sant Josep \u00e9s m\u00fasica\",\"url\":\"https:\/\/musica.santjosep.org\/es\/\",\"logo\":{\"@type\":\"ImageObject\",\"inLanguage\":\"es\",\"@id\":\"https:\/\/musica.santjosep.org\/es\/#\/schema\/logo\/image\/\",\"url\":\"https:\/\/musica.santjosep.org\/wp-content\/uploads\/2022\/01\/logo-SJEM.png\",\"contentUrl\":\"https:\/\/musica.santjosep.org\/wp-content\/uploads\/2022\/01\/logo-SJEM.png\",\"width\":213,\"height\":103,\"caption\":\"Sant Josep \u00e9s m\u00fasica\"},\"image\":{\"@id\":\"https:\/\/musica.santjosep.org\/es\/#\/schema\/logo\/image\/\"},\"sameAs\":[\"https:\/\/www.facebook.com\/Sant-Josep-s-Msica-105337042007790\",\"https:\/\/x.com\/MusicaSantJosep\",\"https:\/\/www.instagram.com\/musicasantjosep\/\",\"https:\/\/www.youtube.com\/channel\/UCBSLSUpqfrfsiOMVslmZEJA\"]}]}<\/script>\n<!-- \/ Yoast SEO plugin. -->","yoast_head_json":{"title":"Mar\u00eda del Tango trae \u2018Entre dos mundos\u2019 a las V Jornadas Flamencas de Cal\u00f3 de s\u2019Oli - Sant Josep \u00e9s m\u00fasica","robots":{"index":"index","follow":"follow","max-snippet":"max-snippet:-1","max-image-preview":"max-image-preview:large","max-video-preview":"max-video-preview:-1"},"canonical":"https:\/\/musica.santjosep.org\/es\/concierto\/maria-del-tango-trae-entre-dos-mundos-a-las-v-jornadas-flamencas-de-calo-de-soli\/","og_locale":"es_ES","og_type":"article","og_title":"Mar\u00eda del Tango trae \u2018Entre dos mundos\u2019 a las V Jornadas Flamencas de Cal\u00f3 de s\u2019Oli - Sant Josep \u00e9s m\u00fasica","og_description":"Las V Jornadas Flamencas, que el Ayuntamiento de Sant Josep organiza en el Auditorio Cal\u00f3 de s\u2019Oli, se celebran entre el 8 y el 10 de mayo. Su programa incluye diferentes espect\u00e1culos musicales y de danza, ofrecidos por grandes artistas [&hellip;]","og_url":"https:\/\/musica.santjosep.org\/es\/concierto\/maria-del-tango-trae-entre-dos-mundos-a-las-v-jornadas-flamencas-de-calo-de-soli\/","og_site_name":"Sant Josep \u00e9s m\u00fasica","article_publisher":"https:\/\/www.facebook.com\/Sant-Josep-s-Msica-105337042007790","article_modified_time":"2026-04-28T19:04:58+00:00","og_image":[{"width":1400,"height":933,"url":"https:\/\/musica.santjosep.org\/wp-content\/uploads\/2026\/04\/maria-del-tango-1-rec.jpg","type":"image\/jpeg"}],"twitter_card":"summary_large_image","twitter_site":"@MusicaSantJosep","twitter_misc":{"Tiempo de lectura":"2 minutos"},"schema":{"@context":"https:\/\/schema.org","@graph":[{"@type":"WebPage","@id":"https:\/\/musica.santjosep.org\/es\/concierto\/maria-del-tango-trae-entre-dos-mundos-a-las-v-jornadas-flamencas-de-calo-de-soli\/","url":"https:\/\/musica.santjosep.org\/es\/concierto\/maria-del-tango-trae-entre-dos-mundos-a-las-v-jornadas-flamencas-de-calo-de-soli\/","name":"Mar\u00eda del Tango trae \u2018Entre dos mundos\u2019 a las V Jornadas Flamencas de Cal\u00f3 de s\u2019Oli - Sant Josep \u00e9s m\u00fasica","isPartOf":{"@id":"https:\/\/musica.santjosep.org\/es\/#website"},"primaryImageOfPage":{"@id":"https:\/\/musica.santjosep.org\/es\/concierto\/maria-del-tango-trae-entre-dos-mundos-a-las-v-jornadas-flamencas-de-calo-de-soli\/#primaryimage"},"image":{"@id":"https:\/\/musica.santjosep.org\/es\/concierto\/maria-del-tango-trae-entre-dos-mundos-a-las-v-jornadas-flamencas-de-calo-de-soli\/#primaryimage"},"thumbnailUrl":"https:\/\/musica.santjosep.org\/wp-content\/uploads\/2026\/04\/maria-del-tango-1-rec.jpg","datePublished":"2026-04-28T18:35:48+00:00","dateModified":"2026-04-28T19:04:58+00:00","breadcrumb":{"@id":"https:\/\/musica.santjosep.org\/es\/concierto\/maria-del-tango-trae-entre-dos-mundos-a-las-v-jornadas-flamencas-de-calo-de-soli\/#breadcrumb"},"inLanguage":"es","potentialAction":[{"@type":"ReadAction","target":["https:\/\/musica.santjosep.org\/es\/concierto\/maria-del-tango-trae-entre-dos-mundos-a-las-v-jornadas-flamencas-de-calo-de-soli\/"]}]},{"@type":"ImageObject","inLanguage":"es","@id":"https:\/\/musica.santjosep.org\/es\/concierto\/maria-del-tango-trae-entre-dos-mundos-a-las-v-jornadas-flamencas-de-calo-de-soli\/#primaryimage","url":"https:\/\/musica.santjosep.org\/wp-content\/uploads\/2026\/04\/maria-del-tango-1-rec.jpg","contentUrl":"https:\/\/musica.santjosep.org\/wp-content\/uploads\/2026\/04\/maria-del-tango-1-rec.jpg","width":1400,"height":933},{"@type":"BreadcrumbList","@id":"https:\/\/musica.santjosep.org\/es\/concierto\/maria-del-tango-trae-entre-dos-mundos-a-las-v-jornadas-flamencas-de-calo-de-soli\/#breadcrumb","itemListElement":[{"@type":"ListItem","position":1,"name":"Portada","item":"https:\/\/musica.santjosep.org\/es\/"},{"@type":"ListItem","position":2,"name":"Eventos","item":"https:\/\/musica.santjosep.org\/es\/concerts\/"},{"@type":"ListItem","position":3,"name":"Mar\u00eda del Tango trae \u2018Entre dos mundos\u2019 a las V Jornadas Flamencas de Cal\u00f3 de s\u2019Oli"}]},{"@type":"WebSite","@id":"https:\/\/musica.santjosep.org\/es\/#website","url":"https:\/\/musica.santjosep.org\/es\/","name":"Sant Josep \u00e9s m\u00fasica","description":"Informaci\u00f3n actualizada de todos los conciertos, grupos y artistas que act\u00faen tanto en fiestas y festivales, como en establecimientos privados en el municipio de Sant Josep de sa Talaia","publisher":{"@id":"https:\/\/musica.santjosep.org\/es\/#organization"},"potentialAction":[{"@type":"SearchAction","target":{"@type":"EntryPoint","urlTemplate":"https:\/\/musica.santjosep.org\/es\/?s={search_term_string}"},"query-input":{"@type":"PropertyValueSpecification","valueRequired":true,"valueName":"search_term_string"}}],"inLanguage":"es"},{"@type":"Organization","@id":"https:\/\/musica.santjosep.org\/es\/#organization","name":"Sant Josep \u00e9s m\u00fasica","url":"https:\/\/musica.santjosep.org\/es\/","logo":{"@type":"ImageObject","inLanguage":"es","@id":"https:\/\/musica.santjosep.org\/es\/#\/schema\/logo\/image\/","url":"https:\/\/musica.santjosep.org\/wp-content\/uploads\/2022\/01\/logo-SJEM.png","contentUrl":"https:\/\/musica.santjosep.org\/wp-content\/uploads\/2022\/01\/logo-SJEM.png","width":213,"height":103,"caption":"Sant Josep \u00e9s m\u00fasica"},"image":{"@id":"https:\/\/musica.santjosep.org\/es\/#\/schema\/logo\/image\/"},"sameAs":["https:\/\/www.facebook.com\/Sant-Josep-s-Msica-105337042007790","https:\/\/x.com\/MusicaSantJosep","https:\/\/www.instagram.com\/musicasantjosep\/","https:\/\/www.youtube.com\/channel\/UCBSLSUpqfrfsiOMVslmZEJA"]}]}},"_links":{"self":[{"href":"https:\/\/musica.santjosep.org\/es\/wp-json\/wp\/v2\/tribe_events\/56972","targetHints":{"allow":["GET"]}}],"collection":[{"href":"https:\/\/musica.santjosep.org\/es\/wp-json\/wp\/v2\/tribe_events"}],"about":[{"href":"https:\/\/musica.santjosep.org\/es\/wp-json\/wp\/v2\/types\/tribe_events"}],"author":[{"embeddable":true,"href":"https:\/\/musica.santjosep.org\/es\/wp-json\/wp\/v2\/users\/2"}],"version-history":[{"count":2,"href":"https:\/\/musica.santjosep.org\/es\/wp-json\/wp\/v2\/tribe_events\/56972\/revisions"}],"predecessor-version":[{"id":56993,"href":"https:\/\/musica.santjosep.org\/es\/wp-json\/wp\/v2\/tribe_events\/56972\/revisions\/56993"}],"wp:featuredmedia":[{"embeddable":true,"href":"https:\/\/musica.santjosep.org\/es\/wp-json\/wp\/v2\/media\/56942"}],"wp:attachment":[{"href":"https:\/\/musica.santjosep.org\/es\/wp-json\/wp\/v2\/media?parent=56972"}],"wp:term":[{"taxonomy":"post_tag","embeddable":true,"href":"https:\/\/musica.santjosep.org\/es\/wp-json\/wp\/v2\/tags?post=56972"},{"taxonomy":"tribe_events_cat","embeddable":true,"href":"https:\/\/musica.santjosep.org\/es\/wp-json\/wp\/v2\/tribe_events_cat?post=56972"}],"curies":[{"name":"wp","href":"https:\/\/api.w.org\/{rel}","templated":true}]}}