{"id":56961,"date":"2026-04-28T14:33:40","date_gmt":"2026-04-28T12:33:40","guid":{"rendered":"https:\/\/musica.santjosep.org\/?post_type=tribe_events&#038;p=56961"},"modified":"2026-04-28T14:33:40","modified_gmt":"2026-04-28T12:33:40","slug":"el-espectaculo-flamenco-puro-ibiza-abre-las-v-jornadas-flamencas-de-calo-de-soli","status":"publish","type":"tribe_events","link":"https:\/\/musica.santjosep.org\/es\/concierto\/el-espectaculo-flamenco-puro-ibiza-abre-las-v-jornadas-flamencas-de-calo-de-soli\/","title":{"rendered":"El espect\u00e1culo Flamenco Puro Ibiza abre las V Jornadas Flamencas de Cal\u00f3 de s\u2019Oli"},"content":{"rendered":"<p>Las V Jornadas Flamencas, que el Ayuntamiento de Sant Josep organiza en el Auditorio Cal\u00f3 de s\u2019Oli, se celebran entre el 8 y el 10 de mayo. Su programa incluye diferentes espect\u00e1culos musicales y de danza, ofrecidos por grandes artistas del g\u00e9nero for\u00e1neos y locales, cuyo objetivo es descubrir y compartir la riqueza de este patrimonio musical.<\/p>\n<p>El certamen se inaugura con un espect\u00e1culo ofrecido por la formaci\u00f3n Flamenco Puro Ibiza, que integran algunos de los m\u00e1s importantes artistas del g\u00e9nero afincados en las Piti\u00fcses: Mati Fern\u00e1ndez (cante), Toni Mu\u00f1oz (guitarra), Cani Huertas (percusi\u00f3n), Sara Lorente (baile) y Sara Rosado (baile). Se trata de un proyecto con ra\u00edces profundas y alas abiertas al futuro, que nace desde la pasi\u00f3n y con la misi\u00f3n de arropar, crear y acompa\u00f1ar proyectos art\u00edsticos, tanto pl\u00e1sticos como esc\u00e9nicos, con el flamenco como principal denominador com\u00fan.<\/p>\n<p>Mat\u00ed Fern\u00e1ndez, \u2018La Mati\u2019, es una cantaora de flamenco nacida en Ibiza y una de las voces m\u00e1s destacadas de la isla. Ha desarrollado su carrera tanto a nivel local como nacional e internacional, trabajando en compa\u00f1\u00edas de artistas como Joaqu\u00edn Cort\u00e9s o Rafael Amargo, colaborando tambi\u00e9n con grupos de fusi\u00f3n como Ojos de Brujo. Su estilo combina el flamenco tradicional con influencias modernas y tiene un amplio reconocimiento dentro del circuito del flamenco.<\/p>\n<div id=\"attachment_56962\" style=\"width: 1410px\" class=\"wp-caption alignnone\"><img loading=\"lazy\" decoding=\"async\" aria-describedby=\"caption-attachment-56962\" class=\"wp-image-56962 size-full\" src=\"https:\/\/musica.santjosep.org\/wp-content\/uploads\/2026\/04\/Querencia-3.jpg\" alt=\"\" width=\"1400\" height=\"933\" srcset=\"https:\/\/musica.santjosep.org\/wp-content\/uploads\/2026\/04\/Querencia-3.jpg 1400w, https:\/\/musica.santjosep.org\/wp-content\/uploads\/2026\/04\/Querencia-3-300x200.jpg 300w, https:\/\/musica.santjosep.org\/wp-content\/uploads\/2026\/04\/Querencia-3-1024x682.jpg 1024w, https:\/\/musica.santjosep.org\/wp-content\/uploads\/2026\/04\/Querencia-3-768x512.jpg 768w\" sizes=\"auto, (max-width: 1400px) 100vw, 1400px\" \/><p id=\"caption-attachment-56962\" class=\"wp-caption-text\">Toni Mu\u00f1oz. Foto: Joan F. Ribas<\/p><\/div>\n<p>Toni Mu\u00f1oz es un guitarrista de flamenco de Ibiza, con 15 a\u00f1os de trayectoria profesional. Ha compartido escenario con Azahar L\u00f3pez, Querencia o Hermanos Torres, y ha pasado por m\u00faltiples escenarios emblem\u00e1ticos de la isla, como Atzar\u00f3, Petunia, Tribu y un largo etc\u00e9tera, fusionando el toque flamenco tradicional con estilos latinos, pop, cl\u00e1sico\u2026 Es uno de los principales impulsores del proyecto Flamenco Puro, junto al bailaor Santiago de Fuentes.<\/p>\n<p>Joaqu\u00edn Huertas, \u2018Cani\u2019, es un percusionista nacido en Sevilla y afincado en Formentera, con una amplia carrera que navega del flamenco hacia otras m\u00fasicas, aportando una visi\u00f3n abierta y contempor\u00e1nea de la percusi\u00f3n. Se form\u00f3 en Madrid con grandes maestros, produjo junto a la bailarina Esther Esteban la obra \u2018Memorias de un olvido\u2019 y ha trabajado junto a artistas como Rafael Riqueni, Juan Jos\u00e9 Amador, Torombo, Bobote, Marinah de Ojos de Brujo, La Mari de Chambao, Antonio S\u00e1nchez o Antonia Jim\u00e9nez.<\/p>\n<p>La bailaora Sara Lorente, tambi\u00e9n de Ibiza, ha formado parte de compa\u00f1\u00edas como las de Gabriel S\u00e1nchez, Rosa Garc\u00eda, Eduardo D\u00edaz, Jos\u00e9 Antonio Cardona o Miguel Barranco, llevando su arte a escenarios dentro y fuera de la isla. Comenz\u00f3 a formarse en la escuela de Paco Torres y Mar\u00eda Mart\u00edn, acudiendo despu\u00e9s al prestigioso centro madrile\u00f1o Amor de Dios, donde tuvo a grandes maestros. Es diplomada por la Asociaci\u00f3n de Profesores de Danza Espa\u00f1ola (APDE) y en sus actuaciones combina t\u00e9cnica, fuerza y sensibilidad.<\/p>\n<p>Sara Rosado, tambi\u00e9n bailaora, ha dedicado toda su vida a la danza, actuando en escenarios como la \u00d3pera de Lausana, junto al Ballet Flamenco de Madrid. Tambi\u00e9n ha formado parte de la Compa\u00f1\u00eda de Curro de Candela y ha ejercido como bailarina solista en la compa\u00f1\u00eda de Jos\u00e9 Barrios, durante una gira por Jap\u00f3n. En 2025 present\u00f3 junto a Juan Calero el espect\u00e1culo \u2018D\u00fao Para\u00edso\u2019 y sigue recorriendo el mundo como bailaora de \u2018Las Mestizas\u2019, compartiendo su arte sin fronteras.<\/p>\n<p><a href=\"https:\/\/musica.santjosep.org\/es\/las-jornadas-flamencas-se-adelantan-a-mayo\/\" target=\"_blank\" rel=\"noopener\">M\u00e1s informaci\u00f3n sobre el certamen en este enlace<\/a><\/p>\n<p><img loading=\"lazy\" decoding=\"async\" class=\"alignnone wp-image-56963 size-full\" src=\"https:\/\/musica.santjosep.org\/wp-content\/uploads\/2026\/04\/logoflamanecopuro.jpg\" alt=\"\" width=\"1587\" height=\"2121\" srcset=\"https:\/\/musica.santjosep.org\/wp-content\/uploads\/2026\/04\/logoflamanecopuro.jpg 1587w, https:\/\/musica.santjosep.org\/wp-content\/uploads\/2026\/04\/logoflamanecopuro-224x300.jpg 224w, https:\/\/musica.santjosep.org\/wp-content\/uploads\/2026\/04\/logoflamanecopuro-766x1024.jpg 766w, https:\/\/musica.santjosep.org\/wp-content\/uploads\/2026\/04\/logoflamanecopuro-768x1026.jpg 768w, https:\/\/musica.santjosep.org\/wp-content\/uploads\/2026\/04\/logoflamanecopuro-1149x1536.jpg 1149w, https:\/\/musica.santjosep.org\/wp-content\/uploads\/2026\/04\/logoflamanecopuro-1532x2048.jpg 1532w\" sizes=\"auto, (max-width: 1587px) 100vw, 1587px\" \/><\/p>\n","protected":false},"excerpt":{"rendered":"<p>Las V Jornadas Flamencas, que el Ayuntamiento de Sant Josep organiza en el Auditorio Cal\u00f3 de s\u2019Oli, se celebran entre el 8 y el 10 de mayo. Su programa incluye diferentes espect\u00e1culos musicales y de danza, ofrecidos por grandes artistas [&hellip;]<\/p>\n","protected":false},"author":2,"featured_media":56936,"template":"","meta":{"_acf_changed":false,"_tribe_events_status":"","_tribe_events_status_reason":"","_tribe_events_is_hybrid":"","_tribe_events_is_virtual":"","_tribe_events_virtual_video_source":"","_tribe_events_virtual_embed_video":"","_tribe_events_virtual_linked_button_text":"","_tribe_events_virtual_linked_button":"","_tribe_events_virtual_show_embed_at":"","_tribe_events_virtual_show_embed_to":[],"_tribe_events_virtual_show_on_event":"","_tribe_events_virtual_show_on_views":"","_tribe_events_virtual_url":"","footnotes":""},"tags":[],"tribe_events_cat":[54],"class_list":["post-56961","tribe_events","type-tribe_events","status-publish","has-post-thumbnail","hentry","tribe_events_cat-flamenco","cat_flamenco"],"acf":[],"yoast_head":"<!-- This site is optimized with the Yoast SEO plugin v26.6 - https:\/\/yoast.com\/wordpress\/plugins\/seo\/ -->\n<title>El espect\u00e1culo Flamenco Puro Ibiza abre las V Jornadas Flamencas de Cal\u00f3 de s\u2019Oli - Sant Josep \u00e9s m\u00fasica<\/title>\n<meta name=\"robots\" content=\"index, follow, max-snippet:-1, max-image-preview:large, max-video-preview:-1\" \/>\n<link rel=\"canonical\" href=\"https:\/\/musica.santjosep.org\/es\/concierto\/el-espectaculo-flamenco-puro-ibiza-abre-las-v-jornadas-flamencas-de-calo-de-soli\/\" \/>\n<meta property=\"og:locale\" content=\"es_ES\" \/>\n<meta property=\"og:type\" content=\"article\" \/>\n<meta property=\"og:title\" content=\"El espect\u00e1culo Flamenco Puro Ibiza abre las V Jornadas Flamencas de Cal\u00f3 de s\u2019Oli - Sant Josep \u00e9s m\u00fasica\" \/>\n<meta property=\"og:description\" content=\"Las V Jornadas Flamencas, que el Ayuntamiento de Sant Josep organiza en el Auditorio Cal\u00f3 de s\u2019Oli, se celebran entre el 8 y el 10 de mayo. Su programa incluye diferentes espect\u00e1culos musicales y de danza, ofrecidos por grandes artistas [&hellip;]\" \/>\n<meta property=\"og:url\" content=\"https:\/\/musica.santjosep.org\/es\/concierto\/el-espectaculo-flamenco-puro-ibiza-abre-las-v-jornadas-flamencas-de-calo-de-soli\/\" \/>\n<meta property=\"og:site_name\" content=\"Sant Josep \u00e9s m\u00fasica\" \/>\n<meta property=\"article:publisher\" content=\"https:\/\/www.facebook.com\/Sant-Josep-s-Msica-105337042007790\" \/>\n<meta property=\"og:image\" content=\"https:\/\/musica.santjosep.org\/wp-content\/uploads\/2026\/04\/mati-fernandez.jpg\" \/>\n\t<meta property=\"og:image:width\" content=\"1400\" \/>\n\t<meta property=\"og:image:height\" content=\"933\" \/>\n\t<meta property=\"og:image:type\" content=\"image\/jpeg\" \/>\n<meta name=\"twitter:card\" content=\"summary_large_image\" \/>\n<meta name=\"twitter:site\" content=\"@MusicaSantJosep\" \/>\n<meta name=\"twitter:label1\" content=\"Tiempo de lectura\" \/>\n\t<meta name=\"twitter:data1\" content=\"4 minutos\" \/>\n<script type=\"application\/ld+json\" class=\"yoast-schema-graph\">{\"@context\":\"https:\/\/schema.org\",\"@graph\":[{\"@type\":\"WebPage\",\"@id\":\"https:\/\/musica.santjosep.org\/es\/concierto\/el-espectaculo-flamenco-puro-ibiza-abre-las-v-jornadas-flamencas-de-calo-de-soli\/\",\"url\":\"https:\/\/musica.santjosep.org\/es\/concierto\/el-espectaculo-flamenco-puro-ibiza-abre-las-v-jornadas-flamencas-de-calo-de-soli\/\",\"name\":\"El espect\u00e1culo Flamenco Puro Ibiza abre las V Jornadas Flamencas de Cal\u00f3 de s\u2019Oli - Sant Josep \u00e9s m\u00fasica\",\"isPartOf\":{\"@id\":\"https:\/\/musica.santjosep.org\/es\/#website\"},\"primaryImageOfPage\":{\"@id\":\"https:\/\/musica.santjosep.org\/es\/concierto\/el-espectaculo-flamenco-puro-ibiza-abre-las-v-jornadas-flamencas-de-calo-de-soli\/#primaryimage\"},\"image\":{\"@id\":\"https:\/\/musica.santjosep.org\/es\/concierto\/el-espectaculo-flamenco-puro-ibiza-abre-las-v-jornadas-flamencas-de-calo-de-soli\/#primaryimage\"},\"thumbnailUrl\":\"https:\/\/musica.santjosep.org\/wp-content\/uploads\/2026\/04\/mati-fernandez.jpg\",\"datePublished\":\"2026-04-28T12:33:40+00:00\",\"breadcrumb\":{\"@id\":\"https:\/\/musica.santjosep.org\/es\/concierto\/el-espectaculo-flamenco-puro-ibiza-abre-las-v-jornadas-flamencas-de-calo-de-soli\/#breadcrumb\"},\"inLanguage\":\"es\",\"potentialAction\":[{\"@type\":\"ReadAction\",\"target\":[\"https:\/\/musica.santjosep.org\/es\/concierto\/el-espectaculo-flamenco-puro-ibiza-abre-las-v-jornadas-flamencas-de-calo-de-soli\/\"]}]},{\"@type\":\"ImageObject\",\"inLanguage\":\"es\",\"@id\":\"https:\/\/musica.santjosep.org\/es\/concierto\/el-espectaculo-flamenco-puro-ibiza-abre-las-v-jornadas-flamencas-de-calo-de-soli\/#primaryimage\",\"url\":\"https:\/\/musica.santjosep.org\/wp-content\/uploads\/2026\/04\/mati-fernandez.jpg\",\"contentUrl\":\"https:\/\/musica.santjosep.org\/wp-content\/uploads\/2026\/04\/mati-fernandez.jpg\",\"width\":1400,\"height\":933,\"caption\":\"Mati Fern\u00e1ndez (Flamenco Puro Ibiza)\"},{\"@type\":\"BreadcrumbList\",\"@id\":\"https:\/\/musica.santjosep.org\/es\/concierto\/el-espectaculo-flamenco-puro-ibiza-abre-las-v-jornadas-flamencas-de-calo-de-soli\/#breadcrumb\",\"itemListElement\":[{\"@type\":\"ListItem\",\"position\":1,\"name\":\"Portada\",\"item\":\"https:\/\/musica.santjosep.org\/es\/\"},{\"@type\":\"ListItem\",\"position\":2,\"name\":\"Eventos\",\"item\":\"https:\/\/musica.santjosep.org\/es\/concerts\/\"},{\"@type\":\"ListItem\",\"position\":3,\"name\":\"El espect\u00e1culo Flamenco Puro Ibiza abre las V Jornadas Flamencas de Cal\u00f3 de s\u2019Oli\"}]},{\"@type\":\"WebSite\",\"@id\":\"https:\/\/musica.santjosep.org\/es\/#website\",\"url\":\"https:\/\/musica.santjosep.org\/es\/\",\"name\":\"Sant Josep \u00e9s m\u00fasica\",\"description\":\"Informaci\u00f3n actualizada de todos los conciertos, grupos y artistas que act\u00faen tanto en fiestas y festivales, como en establecimientos privados en el municipio de Sant Josep de sa Talaia\",\"publisher\":{\"@id\":\"https:\/\/musica.santjosep.org\/es\/#organization\"},\"potentialAction\":[{\"@type\":\"SearchAction\",\"target\":{\"@type\":\"EntryPoint\",\"urlTemplate\":\"https:\/\/musica.santjosep.org\/es\/?s={search_term_string}\"},\"query-input\":{\"@type\":\"PropertyValueSpecification\",\"valueRequired\":true,\"valueName\":\"search_term_string\"}}],\"inLanguage\":\"es\"},{\"@type\":\"Organization\",\"@id\":\"https:\/\/musica.santjosep.org\/es\/#organization\",\"name\":\"Sant Josep \u00e9s m\u00fasica\",\"url\":\"https:\/\/musica.santjosep.org\/es\/\",\"logo\":{\"@type\":\"ImageObject\",\"inLanguage\":\"es\",\"@id\":\"https:\/\/musica.santjosep.org\/es\/#\/schema\/logo\/image\/\",\"url\":\"https:\/\/musica.santjosep.org\/wp-content\/uploads\/2022\/01\/logo-SJEM.png\",\"contentUrl\":\"https:\/\/musica.santjosep.org\/wp-content\/uploads\/2022\/01\/logo-SJEM.png\",\"width\":213,\"height\":103,\"caption\":\"Sant Josep \u00e9s m\u00fasica\"},\"image\":{\"@id\":\"https:\/\/musica.santjosep.org\/es\/#\/schema\/logo\/image\/\"},\"sameAs\":[\"https:\/\/www.facebook.com\/Sant-Josep-s-Msica-105337042007790\",\"https:\/\/x.com\/MusicaSantJosep\",\"https:\/\/www.instagram.com\/musicasantjosep\/\",\"https:\/\/www.youtube.com\/channel\/UCBSLSUpqfrfsiOMVslmZEJA\"]}]}<\/script>\n<!-- \/ Yoast SEO plugin. -->","yoast_head_json":{"title":"El espect\u00e1culo Flamenco Puro Ibiza abre las V Jornadas Flamencas de Cal\u00f3 de s\u2019Oli - Sant Josep \u00e9s m\u00fasica","robots":{"index":"index","follow":"follow","max-snippet":"max-snippet:-1","max-image-preview":"max-image-preview:large","max-video-preview":"max-video-preview:-1"},"canonical":"https:\/\/musica.santjosep.org\/es\/concierto\/el-espectaculo-flamenco-puro-ibiza-abre-las-v-jornadas-flamencas-de-calo-de-soli\/","og_locale":"es_ES","og_type":"article","og_title":"El espect\u00e1culo Flamenco Puro Ibiza abre las V Jornadas Flamencas de Cal\u00f3 de s\u2019Oli - Sant Josep \u00e9s m\u00fasica","og_description":"Las V Jornadas Flamencas, que el Ayuntamiento de Sant Josep organiza en el Auditorio Cal\u00f3 de s\u2019Oli, se celebran entre el 8 y el 10 de mayo. Su programa incluye diferentes espect\u00e1culos musicales y de danza, ofrecidos por grandes artistas [&hellip;]","og_url":"https:\/\/musica.santjosep.org\/es\/concierto\/el-espectaculo-flamenco-puro-ibiza-abre-las-v-jornadas-flamencas-de-calo-de-soli\/","og_site_name":"Sant Josep \u00e9s m\u00fasica","article_publisher":"https:\/\/www.facebook.com\/Sant-Josep-s-Msica-105337042007790","og_image":[{"width":1400,"height":933,"url":"https:\/\/musica.santjosep.org\/wp-content\/uploads\/2026\/04\/mati-fernandez.jpg","type":"image\/jpeg"}],"twitter_card":"summary_large_image","twitter_site":"@MusicaSantJosep","twitter_misc":{"Tiempo de lectura":"4 minutos"},"schema":{"@context":"https:\/\/schema.org","@graph":[{"@type":"WebPage","@id":"https:\/\/musica.santjosep.org\/es\/concierto\/el-espectaculo-flamenco-puro-ibiza-abre-las-v-jornadas-flamencas-de-calo-de-soli\/","url":"https:\/\/musica.santjosep.org\/es\/concierto\/el-espectaculo-flamenco-puro-ibiza-abre-las-v-jornadas-flamencas-de-calo-de-soli\/","name":"El espect\u00e1culo Flamenco Puro Ibiza abre las V Jornadas Flamencas de Cal\u00f3 de s\u2019Oli - Sant Josep \u00e9s m\u00fasica","isPartOf":{"@id":"https:\/\/musica.santjosep.org\/es\/#website"},"primaryImageOfPage":{"@id":"https:\/\/musica.santjosep.org\/es\/concierto\/el-espectaculo-flamenco-puro-ibiza-abre-las-v-jornadas-flamencas-de-calo-de-soli\/#primaryimage"},"image":{"@id":"https:\/\/musica.santjosep.org\/es\/concierto\/el-espectaculo-flamenco-puro-ibiza-abre-las-v-jornadas-flamencas-de-calo-de-soli\/#primaryimage"},"thumbnailUrl":"https:\/\/musica.santjosep.org\/wp-content\/uploads\/2026\/04\/mati-fernandez.jpg","datePublished":"2026-04-28T12:33:40+00:00","breadcrumb":{"@id":"https:\/\/musica.santjosep.org\/es\/concierto\/el-espectaculo-flamenco-puro-ibiza-abre-las-v-jornadas-flamencas-de-calo-de-soli\/#breadcrumb"},"inLanguage":"es","potentialAction":[{"@type":"ReadAction","target":["https:\/\/musica.santjosep.org\/es\/concierto\/el-espectaculo-flamenco-puro-ibiza-abre-las-v-jornadas-flamencas-de-calo-de-soli\/"]}]},{"@type":"ImageObject","inLanguage":"es","@id":"https:\/\/musica.santjosep.org\/es\/concierto\/el-espectaculo-flamenco-puro-ibiza-abre-las-v-jornadas-flamencas-de-calo-de-soli\/#primaryimage","url":"https:\/\/musica.santjosep.org\/wp-content\/uploads\/2026\/04\/mati-fernandez.jpg","contentUrl":"https:\/\/musica.santjosep.org\/wp-content\/uploads\/2026\/04\/mati-fernandez.jpg","width":1400,"height":933,"caption":"Mati Fern\u00e1ndez (Flamenco Puro Ibiza)"},{"@type":"BreadcrumbList","@id":"https:\/\/musica.santjosep.org\/es\/concierto\/el-espectaculo-flamenco-puro-ibiza-abre-las-v-jornadas-flamencas-de-calo-de-soli\/#breadcrumb","itemListElement":[{"@type":"ListItem","position":1,"name":"Portada","item":"https:\/\/musica.santjosep.org\/es\/"},{"@type":"ListItem","position":2,"name":"Eventos","item":"https:\/\/musica.santjosep.org\/es\/concerts\/"},{"@type":"ListItem","position":3,"name":"El espect\u00e1culo Flamenco Puro Ibiza abre las V Jornadas Flamencas de Cal\u00f3 de s\u2019Oli"}]},{"@type":"WebSite","@id":"https:\/\/musica.santjosep.org\/es\/#website","url":"https:\/\/musica.santjosep.org\/es\/","name":"Sant Josep \u00e9s m\u00fasica","description":"Informaci\u00f3n actualizada de todos los conciertos, grupos y artistas que act\u00faen tanto en fiestas y festivales, como en establecimientos privados en el municipio de Sant Josep de sa Talaia","publisher":{"@id":"https:\/\/musica.santjosep.org\/es\/#organization"},"potentialAction":[{"@type":"SearchAction","target":{"@type":"EntryPoint","urlTemplate":"https:\/\/musica.santjosep.org\/es\/?s={search_term_string}"},"query-input":{"@type":"PropertyValueSpecification","valueRequired":true,"valueName":"search_term_string"}}],"inLanguage":"es"},{"@type":"Organization","@id":"https:\/\/musica.santjosep.org\/es\/#organization","name":"Sant Josep \u00e9s m\u00fasica","url":"https:\/\/musica.santjosep.org\/es\/","logo":{"@type":"ImageObject","inLanguage":"es","@id":"https:\/\/musica.santjosep.org\/es\/#\/schema\/logo\/image\/","url":"https:\/\/musica.santjosep.org\/wp-content\/uploads\/2022\/01\/logo-SJEM.png","contentUrl":"https:\/\/musica.santjosep.org\/wp-content\/uploads\/2022\/01\/logo-SJEM.png","width":213,"height":103,"caption":"Sant Josep \u00e9s m\u00fasica"},"image":{"@id":"https:\/\/musica.santjosep.org\/es\/#\/schema\/logo\/image\/"},"sameAs":["https:\/\/www.facebook.com\/Sant-Josep-s-Msica-105337042007790","https:\/\/x.com\/MusicaSantJosep","https:\/\/www.instagram.com\/musicasantjosep\/","https:\/\/www.youtube.com\/channel\/UCBSLSUpqfrfsiOMVslmZEJA"]}]}},"_links":{"self":[{"href":"https:\/\/musica.santjosep.org\/es\/wp-json\/wp\/v2\/tribe_events\/56961","targetHints":{"allow":["GET"]}}],"collection":[{"href":"https:\/\/musica.santjosep.org\/es\/wp-json\/wp\/v2\/tribe_events"}],"about":[{"href":"https:\/\/musica.santjosep.org\/es\/wp-json\/wp\/v2\/types\/tribe_events"}],"author":[{"embeddable":true,"href":"https:\/\/musica.santjosep.org\/es\/wp-json\/wp\/v2\/users\/2"}],"version-history":[{"count":1,"href":"https:\/\/musica.santjosep.org\/es\/wp-json\/wp\/v2\/tribe_events\/56961\/revisions"}],"predecessor-version":[{"id":56964,"href":"https:\/\/musica.santjosep.org\/es\/wp-json\/wp\/v2\/tribe_events\/56961\/revisions\/56964"}],"wp:featuredmedia":[{"embeddable":true,"href":"https:\/\/musica.santjosep.org\/es\/wp-json\/wp\/v2\/media\/56936"}],"wp:attachment":[{"href":"https:\/\/musica.santjosep.org\/es\/wp-json\/wp\/v2\/media?parent=56961"}],"wp:term":[{"taxonomy":"post_tag","embeddable":true,"href":"https:\/\/musica.santjosep.org\/es\/wp-json\/wp\/v2\/tags?post=56961"},{"taxonomy":"tribe_events_cat","embeddable":true,"href":"https:\/\/musica.santjosep.org\/es\/wp-json\/wp\/v2\/tribe_events_cat?post=56961"}],"curies":[{"name":"wp","href":"https:\/\/api.w.org\/{rel}","templated":true}]}}