{"id":56829,"date":"2026-04-23T23:31:43","date_gmt":"2026-04-23T21:31:43","guid":{"rendered":"https:\/\/musica.santjosep.org\/?post_type=tribe_events&#038;p=56829"},"modified":"2026-04-23T23:31:43","modified_gmt":"2026-04-23T21:31:43","slug":"el-duo-de-soul-y-blues-sam-ivan-le-pone-ritmo-al-mercat-de-sant-josep","status":"publish","type":"tribe_events","link":"https:\/\/musica.santjosep.org\/es\/concierto\/el-duo-de-soul-y-blues-sam-ivan-le-pone-ritmo-al-mercat-de-sant-josep\/","title":{"rendered":"El d\u00fao de soul y blues Sam &#038; Iv\u00e1n le pone ritmo al Mercat de Sant Josep"},"content":{"rendered":"<p>El Mercat de Sant Josep de los s\u00e1bados contin\u00faa ofreciendo un espl\u00e9ndido programa de m\u00fasica en vivo. En esta ocasi\u00f3n protagoniza el cartel el d\u00fao Sam &amp; Iv\u00e1n, formado por la cantante Samantha Trivacho y el guitarrista Iv\u00e1n Pacheco. Traen un repertorio de cl\u00e1sicos de soul, blues y algunas pinceladas de jazz. Incluye versiones de temas muy conocidos de Aretha Franklin, Etta James, Ella Fitzgerald, Magic Sam o Eric Clapton, entre otros grandes artistas.<\/p>\n<p>Sam es originaria de Zimbabue y ha actuado por salas de espect\u00e1culos de medio mundo, desde Puerto Rico a Emiratos \u00c1rabes o Gran Breta\u00f1a. En Ibiza es frecuente verla en los escenarios de algunos de los hoteles m\u00e1s importantes de la isla, con su tributo a Tina Turner, y en algunas ocasiones tambi\u00e9n ha actuado con The Groove Machine, la potente banda residente del Teatro Ibiza.<\/p>\n<p><iframe loading=\"lazy\" title=\"LOSE CONTROL (Teddy Swims) - SAM &amp; IV\u00c1N\" width=\"1100\" height=\"619\" src=\"https:\/\/www.youtube.com\/embed\/PT3yzlkjMVE?feature=oembed\" frameborder=\"0\" allow=\"accelerometer; autoplay; clipboard-write; encrypted-media; gyroscope; picture-in-picture; web-share\" referrerpolicy=\"strict-origin-when-cross-origin\" allowfullscreen><\/iframe><\/p>\n<p>Pacheco, por su parte, es uno de los principales impulsores de la banda Swingin Tonic, una de las que m\u00e1s trabajan en la isla, y adem\u00e1s forma parte de la formaci\u00f3n de gipsy jazz Caravan of Swing, acompa\u00f1ando tambi\u00e9n de manera espor\u00e1dica al grupo The Metrallas. Antes, asimismo, perteneci\u00f3 al grupo local Pin Up Sound. Se form\u00f3 en m\u00fasica cl\u00e1sica y jazz en Vitoria-Gasteiz y ha sido miembro fundador de m\u00faltiples formaciones antes de establecerse en la isla, adem\u00e1s de compartir escenario con The Dynamites, Fundaci\u00f3n Toni Manero, Wagoon Cookin, Barbara Mason, James Kirkland o Prince Phillip Mitchel.<\/p>\n<p>El mercado de los s\u00e1bados, situado en las calles peatonales que rodean el Ayuntamiento, concentra docenas de puestos de artesanos y productores de gastronom\u00eda de kil\u00f3metro cero, y se celebra todas las semanas entre abril y octubre, de 9,30 a 13,30 horas.<\/p>\n","protected":false},"excerpt":{"rendered":"<p>El Mercat de Sant Josep de los s\u00e1bados contin\u00faa ofreciendo un espl\u00e9ndido programa de m\u00fasica en vivo. En esta ocasi\u00f3n protagoniza el cartel el d\u00fao Sam &amp; Iv\u00e1n, formado por la cantante Samantha Trivacho y el guitarrista Iv\u00e1n Pacheco. Traen [&hellip;]<\/p>\n","protected":false},"author":2,"featured_media":56830,"template":"","meta":{"_acf_changed":false,"_tribe_events_status":"","_tribe_events_status_reason":"","_tribe_events_is_hybrid":"","_tribe_events_is_virtual":"","_tribe_events_virtual_video_source":"","_tribe_events_virtual_embed_video":"","_tribe_events_virtual_linked_button_text":"","_tribe_events_virtual_linked_button":"","_tribe_events_virtual_show_embed_at":"","_tribe_events_virtual_show_embed_to":[],"_tribe_events_virtual_show_on_event":"","_tribe_events_virtual_show_on_views":"","_tribe_events_virtual_url":"","footnotes":""},"tags":[],"tribe_events_cat":[16,22,50],"class_list":["post-56829","tribe_events","type-tribe_events","status-publish","has-post-thumbnail","hentry","tribe_events_cat-blues","tribe_events_cat-jazz","tribe_events_cat-soul","cat_blues","cat_jazz","cat_soul"],"acf":[],"yoast_head":"<!-- This site is optimized with the Yoast SEO plugin v26.6 - https:\/\/yoast.com\/wordpress\/plugins\/seo\/ -->\n<title>El d\u00fao de soul y blues Sam &amp; Iv\u00e1n le pone ritmo al Mercat de Sant Josep - Sant Josep \u00e9s m\u00fasica<\/title>\n<meta name=\"robots\" content=\"index, follow, max-snippet:-1, max-image-preview:large, max-video-preview:-1\" \/>\n<link rel=\"canonical\" href=\"https:\/\/musica.santjosep.org\/es\/concierto\/el-duo-de-soul-y-blues-sam-ivan-le-pone-ritmo-al-mercat-de-sant-josep\/\" \/>\n<meta property=\"og:locale\" content=\"es_ES\" \/>\n<meta property=\"og:type\" content=\"article\" \/>\n<meta property=\"og:title\" content=\"El d\u00fao de soul y blues Sam &amp; Iv\u00e1n le pone ritmo al Mercat de Sant Josep - Sant Josep \u00e9s m\u00fasica\" \/>\n<meta property=\"og:description\" content=\"El Mercat de Sant Josep de los s\u00e1bados contin\u00faa ofreciendo un espl\u00e9ndido programa de m\u00fasica en vivo. En esta ocasi\u00f3n protagoniza el cartel el d\u00fao Sam &amp; Iv\u00e1n, formado por la cantante Samantha Trivacho y el guitarrista Iv\u00e1n Pacheco. Traen [&hellip;]\" \/>\n<meta property=\"og:url\" content=\"https:\/\/musica.santjosep.org\/es\/concierto\/el-duo-de-soul-y-blues-sam-ivan-le-pone-ritmo-al-mercat-de-sant-josep\/\" \/>\n<meta property=\"og:site_name\" content=\"Sant Josep \u00e9s m\u00fasica\" \/>\n<meta property=\"article:publisher\" content=\"https:\/\/www.facebook.com\/Sant-Josep-s-Msica-105337042007790\" \/>\n<meta property=\"og:image\" content=\"https:\/\/musica.santjosep.org\/wp-content\/uploads\/2026\/04\/sam-and-ivan-promo-1-rec.jpg\" \/>\n\t<meta property=\"og:image:width\" content=\"1400\" \/>\n\t<meta property=\"og:image:height\" content=\"933\" \/>\n\t<meta property=\"og:image:type\" content=\"image\/jpeg\" \/>\n<meta name=\"twitter:card\" content=\"summary_large_image\" \/>\n<meta name=\"twitter:site\" content=\"@MusicaSantJosep\" \/>\n<meta name=\"twitter:label1\" content=\"Tiempo de lectura\" \/>\n\t<meta name=\"twitter:data1\" content=\"2 minutos\" \/>\n<script type=\"application\/ld+json\" class=\"yoast-schema-graph\">{\"@context\":\"https:\/\/schema.org\",\"@graph\":[{\"@type\":\"WebPage\",\"@id\":\"https:\/\/musica.santjosep.org\/es\/concierto\/el-duo-de-soul-y-blues-sam-ivan-le-pone-ritmo-al-mercat-de-sant-josep\/\",\"url\":\"https:\/\/musica.santjosep.org\/es\/concierto\/el-duo-de-soul-y-blues-sam-ivan-le-pone-ritmo-al-mercat-de-sant-josep\/\",\"name\":\"El d\u00fao de soul y blues Sam & Iv\u00e1n le pone ritmo al Mercat de Sant Josep - Sant Josep \u00e9s m\u00fasica\",\"isPartOf\":{\"@id\":\"https:\/\/musica.santjosep.org\/es\/#website\"},\"primaryImageOfPage\":{\"@id\":\"https:\/\/musica.santjosep.org\/es\/concierto\/el-duo-de-soul-y-blues-sam-ivan-le-pone-ritmo-al-mercat-de-sant-josep\/#primaryimage\"},\"image\":{\"@id\":\"https:\/\/musica.santjosep.org\/es\/concierto\/el-duo-de-soul-y-blues-sam-ivan-le-pone-ritmo-al-mercat-de-sant-josep\/#primaryimage\"},\"thumbnailUrl\":\"https:\/\/musica.santjosep.org\/wp-content\/uploads\/2026\/04\/sam-and-ivan-promo-1-rec.jpg\",\"datePublished\":\"2026-04-23T21:31:43+00:00\",\"breadcrumb\":{\"@id\":\"https:\/\/musica.santjosep.org\/es\/concierto\/el-duo-de-soul-y-blues-sam-ivan-le-pone-ritmo-al-mercat-de-sant-josep\/#breadcrumb\"},\"inLanguage\":\"es\",\"potentialAction\":[{\"@type\":\"ReadAction\",\"target\":[\"https:\/\/musica.santjosep.org\/es\/concierto\/el-duo-de-soul-y-blues-sam-ivan-le-pone-ritmo-al-mercat-de-sant-josep\/\"]}]},{\"@type\":\"ImageObject\",\"inLanguage\":\"es\",\"@id\":\"https:\/\/musica.santjosep.org\/es\/concierto\/el-duo-de-soul-y-blues-sam-ivan-le-pone-ritmo-al-mercat-de-sant-josep\/#primaryimage\",\"url\":\"https:\/\/musica.santjosep.org\/wp-content\/uploads\/2026\/04\/sam-and-ivan-promo-1-rec.jpg\",\"contentUrl\":\"https:\/\/musica.santjosep.org\/wp-content\/uploads\/2026\/04\/sam-and-ivan-promo-1-rec.jpg\",\"width\":1400,\"height\":933},{\"@type\":\"BreadcrumbList\",\"@id\":\"https:\/\/musica.santjosep.org\/es\/concierto\/el-duo-de-soul-y-blues-sam-ivan-le-pone-ritmo-al-mercat-de-sant-josep\/#breadcrumb\",\"itemListElement\":[{\"@type\":\"ListItem\",\"position\":1,\"name\":\"Portada\",\"item\":\"https:\/\/musica.santjosep.org\/es\/\"},{\"@type\":\"ListItem\",\"position\":2,\"name\":\"Eventos\",\"item\":\"https:\/\/musica.santjosep.org\/es\/concerts\/\"},{\"@type\":\"ListItem\",\"position\":3,\"name\":\"El d\u00fao de soul y blues Sam &#038; Iv\u00e1n le pone ritmo al Mercat de Sant Josep\"}]},{\"@type\":\"WebSite\",\"@id\":\"https:\/\/musica.santjosep.org\/es\/#website\",\"url\":\"https:\/\/musica.santjosep.org\/es\/\",\"name\":\"Sant Josep \u00e9s m\u00fasica\",\"description\":\"Informaci\u00f3n actualizada de todos los conciertos, grupos y artistas que act\u00faen tanto en fiestas y festivales, como en establecimientos privados en el municipio de Sant Josep de sa Talaia\",\"publisher\":{\"@id\":\"https:\/\/musica.santjosep.org\/es\/#organization\"},\"potentialAction\":[{\"@type\":\"SearchAction\",\"target\":{\"@type\":\"EntryPoint\",\"urlTemplate\":\"https:\/\/musica.santjosep.org\/es\/?s={search_term_string}\"},\"query-input\":{\"@type\":\"PropertyValueSpecification\",\"valueRequired\":true,\"valueName\":\"search_term_string\"}}],\"inLanguage\":\"es\"},{\"@type\":\"Organization\",\"@id\":\"https:\/\/musica.santjosep.org\/es\/#organization\",\"name\":\"Sant Josep \u00e9s m\u00fasica\",\"url\":\"https:\/\/musica.santjosep.org\/es\/\",\"logo\":{\"@type\":\"ImageObject\",\"inLanguage\":\"es\",\"@id\":\"https:\/\/musica.santjosep.org\/es\/#\/schema\/logo\/image\/\",\"url\":\"https:\/\/musica.santjosep.org\/wp-content\/uploads\/2022\/01\/logo-SJEM.png\",\"contentUrl\":\"https:\/\/musica.santjosep.org\/wp-content\/uploads\/2022\/01\/logo-SJEM.png\",\"width\":213,\"height\":103,\"caption\":\"Sant Josep \u00e9s m\u00fasica\"},\"image\":{\"@id\":\"https:\/\/musica.santjosep.org\/es\/#\/schema\/logo\/image\/\"},\"sameAs\":[\"https:\/\/www.facebook.com\/Sant-Josep-s-Msica-105337042007790\",\"https:\/\/x.com\/MusicaSantJosep\",\"https:\/\/www.instagram.com\/musicasantjosep\/\",\"https:\/\/www.youtube.com\/channel\/UCBSLSUpqfrfsiOMVslmZEJA\"]}]}<\/script>\n<!-- \/ Yoast SEO plugin. -->","yoast_head_json":{"title":"El d\u00fao de soul y blues Sam & Iv\u00e1n le pone ritmo al Mercat de Sant Josep - Sant Josep \u00e9s m\u00fasica","robots":{"index":"index","follow":"follow","max-snippet":"max-snippet:-1","max-image-preview":"max-image-preview:large","max-video-preview":"max-video-preview:-1"},"canonical":"https:\/\/musica.santjosep.org\/es\/concierto\/el-duo-de-soul-y-blues-sam-ivan-le-pone-ritmo-al-mercat-de-sant-josep\/","og_locale":"es_ES","og_type":"article","og_title":"El d\u00fao de soul y blues Sam & Iv\u00e1n le pone ritmo al Mercat de Sant Josep - Sant Josep \u00e9s m\u00fasica","og_description":"El Mercat de Sant Josep de los s\u00e1bados contin\u00faa ofreciendo un espl\u00e9ndido programa de m\u00fasica en vivo. En esta ocasi\u00f3n protagoniza el cartel el d\u00fao Sam &amp; Iv\u00e1n, formado por la cantante Samantha Trivacho y el guitarrista Iv\u00e1n Pacheco. Traen [&hellip;]","og_url":"https:\/\/musica.santjosep.org\/es\/concierto\/el-duo-de-soul-y-blues-sam-ivan-le-pone-ritmo-al-mercat-de-sant-josep\/","og_site_name":"Sant Josep \u00e9s m\u00fasica","article_publisher":"https:\/\/www.facebook.com\/Sant-Josep-s-Msica-105337042007790","og_image":[{"width":1400,"height":933,"url":"https:\/\/musica.santjosep.org\/wp-content\/uploads\/2026\/04\/sam-and-ivan-promo-1-rec.jpg","type":"image\/jpeg"}],"twitter_card":"summary_large_image","twitter_site":"@MusicaSantJosep","twitter_misc":{"Tiempo de lectura":"2 minutos"},"schema":{"@context":"https:\/\/schema.org","@graph":[{"@type":"WebPage","@id":"https:\/\/musica.santjosep.org\/es\/concierto\/el-duo-de-soul-y-blues-sam-ivan-le-pone-ritmo-al-mercat-de-sant-josep\/","url":"https:\/\/musica.santjosep.org\/es\/concierto\/el-duo-de-soul-y-blues-sam-ivan-le-pone-ritmo-al-mercat-de-sant-josep\/","name":"El d\u00fao de soul y blues Sam & Iv\u00e1n le pone ritmo al Mercat de Sant Josep - Sant Josep \u00e9s m\u00fasica","isPartOf":{"@id":"https:\/\/musica.santjosep.org\/es\/#website"},"primaryImageOfPage":{"@id":"https:\/\/musica.santjosep.org\/es\/concierto\/el-duo-de-soul-y-blues-sam-ivan-le-pone-ritmo-al-mercat-de-sant-josep\/#primaryimage"},"image":{"@id":"https:\/\/musica.santjosep.org\/es\/concierto\/el-duo-de-soul-y-blues-sam-ivan-le-pone-ritmo-al-mercat-de-sant-josep\/#primaryimage"},"thumbnailUrl":"https:\/\/musica.santjosep.org\/wp-content\/uploads\/2026\/04\/sam-and-ivan-promo-1-rec.jpg","datePublished":"2026-04-23T21:31:43+00:00","breadcrumb":{"@id":"https:\/\/musica.santjosep.org\/es\/concierto\/el-duo-de-soul-y-blues-sam-ivan-le-pone-ritmo-al-mercat-de-sant-josep\/#breadcrumb"},"inLanguage":"es","potentialAction":[{"@type":"ReadAction","target":["https:\/\/musica.santjosep.org\/es\/concierto\/el-duo-de-soul-y-blues-sam-ivan-le-pone-ritmo-al-mercat-de-sant-josep\/"]}]},{"@type":"ImageObject","inLanguage":"es","@id":"https:\/\/musica.santjosep.org\/es\/concierto\/el-duo-de-soul-y-blues-sam-ivan-le-pone-ritmo-al-mercat-de-sant-josep\/#primaryimage","url":"https:\/\/musica.santjosep.org\/wp-content\/uploads\/2026\/04\/sam-and-ivan-promo-1-rec.jpg","contentUrl":"https:\/\/musica.santjosep.org\/wp-content\/uploads\/2026\/04\/sam-and-ivan-promo-1-rec.jpg","width":1400,"height":933},{"@type":"BreadcrumbList","@id":"https:\/\/musica.santjosep.org\/es\/concierto\/el-duo-de-soul-y-blues-sam-ivan-le-pone-ritmo-al-mercat-de-sant-josep\/#breadcrumb","itemListElement":[{"@type":"ListItem","position":1,"name":"Portada","item":"https:\/\/musica.santjosep.org\/es\/"},{"@type":"ListItem","position":2,"name":"Eventos","item":"https:\/\/musica.santjosep.org\/es\/concerts\/"},{"@type":"ListItem","position":3,"name":"El d\u00fao de soul y blues Sam &#038; Iv\u00e1n le pone ritmo al Mercat de Sant Josep"}]},{"@type":"WebSite","@id":"https:\/\/musica.santjosep.org\/es\/#website","url":"https:\/\/musica.santjosep.org\/es\/","name":"Sant Josep \u00e9s m\u00fasica","description":"Informaci\u00f3n actualizada de todos los conciertos, grupos y artistas que act\u00faen tanto en fiestas y festivales, como en establecimientos privados en el municipio de Sant Josep de sa Talaia","publisher":{"@id":"https:\/\/musica.santjosep.org\/es\/#organization"},"potentialAction":[{"@type":"SearchAction","target":{"@type":"EntryPoint","urlTemplate":"https:\/\/musica.santjosep.org\/es\/?s={search_term_string}"},"query-input":{"@type":"PropertyValueSpecification","valueRequired":true,"valueName":"search_term_string"}}],"inLanguage":"es"},{"@type":"Organization","@id":"https:\/\/musica.santjosep.org\/es\/#organization","name":"Sant Josep \u00e9s m\u00fasica","url":"https:\/\/musica.santjosep.org\/es\/","logo":{"@type":"ImageObject","inLanguage":"es","@id":"https:\/\/musica.santjosep.org\/es\/#\/schema\/logo\/image\/","url":"https:\/\/musica.santjosep.org\/wp-content\/uploads\/2022\/01\/logo-SJEM.png","contentUrl":"https:\/\/musica.santjosep.org\/wp-content\/uploads\/2022\/01\/logo-SJEM.png","width":213,"height":103,"caption":"Sant Josep \u00e9s m\u00fasica"},"image":{"@id":"https:\/\/musica.santjosep.org\/es\/#\/schema\/logo\/image\/"},"sameAs":["https:\/\/www.facebook.com\/Sant-Josep-s-Msica-105337042007790","https:\/\/x.com\/MusicaSantJosep","https:\/\/www.instagram.com\/musicasantjosep\/","https:\/\/www.youtube.com\/channel\/UCBSLSUpqfrfsiOMVslmZEJA"]}]}},"_links":{"self":[{"href":"https:\/\/musica.santjosep.org\/es\/wp-json\/wp\/v2\/tribe_events\/56829","targetHints":{"allow":["GET"]}}],"collection":[{"href":"https:\/\/musica.santjosep.org\/es\/wp-json\/wp\/v2\/tribe_events"}],"about":[{"href":"https:\/\/musica.santjosep.org\/es\/wp-json\/wp\/v2\/types\/tribe_events"}],"author":[{"embeddable":true,"href":"https:\/\/musica.santjosep.org\/es\/wp-json\/wp\/v2\/users\/2"}],"version-history":[{"count":1,"href":"https:\/\/musica.santjosep.org\/es\/wp-json\/wp\/v2\/tribe_events\/56829\/revisions"}],"predecessor-version":[{"id":56832,"href":"https:\/\/musica.santjosep.org\/es\/wp-json\/wp\/v2\/tribe_events\/56829\/revisions\/56832"}],"wp:featuredmedia":[{"embeddable":true,"href":"https:\/\/musica.santjosep.org\/es\/wp-json\/wp\/v2\/media\/56830"}],"wp:attachment":[{"href":"https:\/\/musica.santjosep.org\/es\/wp-json\/wp\/v2\/media?parent=56829"}],"wp:term":[{"taxonomy":"post_tag","embeddable":true,"href":"https:\/\/musica.santjosep.org\/es\/wp-json\/wp\/v2\/tags?post=56829"},{"taxonomy":"tribe_events_cat","embeddable":true,"href":"https:\/\/musica.santjosep.org\/es\/wp-json\/wp\/v2\/tribe_events_cat?post=56829"}],"curies":[{"name":"wp","href":"https:\/\/api.w.org\/{rel}","templated":true}]}}