{"id":56797,"date":"2026-04-23T22:54:20","date_gmt":"2026-04-23T20:54:20","guid":{"rendered":"https:\/\/musica.santjosep.org\/?post_type=tribe_events&#038;p=56797"},"modified":"2026-04-23T22:54:20","modified_gmt":"2026-04-23T20:54:20","slug":"sigue-el-ciclo-de-conciertos-rock-ryans-en-el-hotel-ryans-lolas-con-zz-rock","status":"publish","type":"tribe_events","link":"https:\/\/musica.santjosep.org\/es\/concierto\/sigue-el-ciclo-de-conciertos-rock-ryans-en-el-hotel-ryans-lolas-con-zz-rock\/","title":{"rendered":"Sigue el ciclo de conciertos \u2018Rock &#038; Ryans\u2019 en el hotel Ryans Lolas, con ZZ Rock"},"content":{"rendered":"<p>Sigue en Cala de Bou el ciclo de conciertos \u2018Rock &amp; Ryans\u2019, con un cartel protagonizado esta vez por ZZ Rock, una de las bandas tributo de mayor \u00e9xito de la isla. Esta formaci\u00f3n inspirada en los tejanos ZZ Top, que compon\u00edan Billy Gibbons, Dusty Hill y Frank Beard, ha sido uno de los bombazos musicales de estos \u00faltimos a\u00f1os en la isla. Ellos son Richard Parker a la voz y a la guitarra, David Mascar\u00f3 al bajo y Simon Day a la bater\u00eda. Tienen las barbas igual de largas que los originales, su misma est\u00e9tica y un sonido muy potente.<\/p>\n<p>El Hotel Ryans Lolas, en colaboraci\u00f3n con el m\u00fasico y promotor Javier Salamanca, Estrella Damm y el estudio M\u00e9trica, ofrece el ciclo de conciertos Rock &amp; Ryans, un ambicioso programa de m\u00fasica en vivo que compagina actuaciones de bandas locales con otras de formaciones inglesas, una vez al mes. Los conciertos tienen lugar en su restaurante de hamburguesas premium 666 y el proyecto incluye que bandas ibicencas puedan actuar tambi\u00e9n en dos establecimientos situados en el barrio londinense de Camden Town, conocido por su atm\u00f3sfera alternativa, vibrante y rockera.<\/p>\n","protected":false},"excerpt":{"rendered":"<p>Sigue en Cala de Bou el ciclo de conciertos \u2018Rock &amp; Ryans\u2019, con un cartel protagonizado esta vez por ZZ Rock, una de las bandas tributo de mayor \u00e9xito de la isla. Esta formaci\u00f3n inspirada en los tejanos ZZ Top, [&hellip;]<\/p>\n","protected":false},"author":2,"featured_media":56737,"template":"","meta":{"_acf_changed":false,"_tribe_events_status":"","_tribe_events_status_reason":"","_tribe_events_is_hybrid":"","_tribe_events_is_virtual":"","_tribe_events_virtual_video_source":"","_tribe_events_virtual_embed_video":"","_tribe_events_virtual_linked_button_text":"","_tribe_events_virtual_linked_button":"","_tribe_events_virtual_show_embed_at":"","_tribe_events_virtual_show_embed_to":[],"_tribe_events_virtual_show_on_event":"","_tribe_events_virtual_show_on_views":"","_tribe_events_virtual_url":"","footnotes":""},"tags":[],"tribe_events_cat":[15],"class_list":["post-56797","tribe_events","type-tribe_events","status-publish","has-post-thumbnail","hentry","tribe_events_cat-rock","cat_rock"],"acf":[],"yoast_head":"<!-- This site is optimized with the Yoast SEO plugin v26.6 - https:\/\/yoast.com\/wordpress\/plugins\/seo\/ -->\n<title>Sigue el ciclo de conciertos \u2018Rock &amp; Ryans\u2019 en el hotel Ryans Lolas, con ZZ Rock - Sant Josep \u00e9s m\u00fasica<\/title>\n<meta name=\"robots\" content=\"index, follow, max-snippet:-1, max-image-preview:large, max-video-preview:-1\" \/>\n<link rel=\"canonical\" href=\"https:\/\/musica.santjosep.org\/es\/concierto\/sigue-el-ciclo-de-conciertos-rock-ryans-en-el-hotel-ryans-lolas-con-zz-rock\/\" \/>\n<meta property=\"og:locale\" content=\"es_ES\" \/>\n<meta property=\"og:type\" content=\"article\" \/>\n<meta property=\"og:title\" content=\"Sigue el ciclo de conciertos \u2018Rock &amp; Ryans\u2019 en el hotel Ryans Lolas, con ZZ Rock - Sant Josep \u00e9s m\u00fasica\" \/>\n<meta property=\"og:description\" content=\"Sigue en Cala de Bou el ciclo de conciertos \u2018Rock &amp; Ryans\u2019, con un cartel protagonizado esta vez por ZZ Rock, una de las bandas tributo de mayor \u00e9xito de la isla. Esta formaci\u00f3n inspirada en los tejanos ZZ Top, [&hellip;]\" \/>\n<meta property=\"og:url\" content=\"https:\/\/musica.santjosep.org\/es\/concierto\/sigue-el-ciclo-de-conciertos-rock-ryans-en-el-hotel-ryans-lolas-con-zz-rock\/\" \/>\n<meta property=\"og:site_name\" content=\"Sant Josep \u00e9s m\u00fasica\" \/>\n<meta property=\"article:publisher\" content=\"https:\/\/www.facebook.com\/Sant-Josep-s-Msica-105337042007790\" \/>\n<meta property=\"og:image\" content=\"https:\/\/musica.santjosep.org\/wp-content\/uploads\/2026\/04\/ZZ-Rock-16.jpg\" \/>\n\t<meta property=\"og:image:width\" content=\"1400\" \/>\n\t<meta property=\"og:image:height\" content=\"933\" \/>\n\t<meta property=\"og:image:type\" content=\"image\/jpeg\" \/>\n<meta name=\"twitter:card\" content=\"summary_large_image\" \/>\n<meta name=\"twitter:site\" content=\"@MusicaSantJosep\" \/>\n<meta name=\"twitter:label1\" content=\"Tiempo de lectura\" \/>\n\t<meta name=\"twitter:data1\" content=\"2 minutos\" \/>\n<script type=\"application\/ld+json\" class=\"yoast-schema-graph\">{\"@context\":\"https:\/\/schema.org\",\"@graph\":[{\"@type\":\"WebPage\",\"@id\":\"https:\/\/musica.santjosep.org\/es\/concierto\/sigue-el-ciclo-de-conciertos-rock-ryans-en-el-hotel-ryans-lolas-con-zz-rock\/\",\"url\":\"https:\/\/musica.santjosep.org\/es\/concierto\/sigue-el-ciclo-de-conciertos-rock-ryans-en-el-hotel-ryans-lolas-con-zz-rock\/\",\"name\":\"Sigue el ciclo de conciertos \u2018Rock & Ryans\u2019 en el hotel Ryans Lolas, con ZZ Rock - Sant Josep \u00e9s m\u00fasica\",\"isPartOf\":{\"@id\":\"https:\/\/musica.santjosep.org\/es\/#website\"},\"primaryImageOfPage\":{\"@id\":\"https:\/\/musica.santjosep.org\/es\/concierto\/sigue-el-ciclo-de-conciertos-rock-ryans-en-el-hotel-ryans-lolas-con-zz-rock\/#primaryimage\"},\"image\":{\"@id\":\"https:\/\/musica.santjosep.org\/es\/concierto\/sigue-el-ciclo-de-conciertos-rock-ryans-en-el-hotel-ryans-lolas-con-zz-rock\/#primaryimage\"},\"thumbnailUrl\":\"https:\/\/musica.santjosep.org\/wp-content\/uploads\/2026\/04\/ZZ-Rock-16.jpg\",\"datePublished\":\"2026-04-23T20:54:20+00:00\",\"breadcrumb\":{\"@id\":\"https:\/\/musica.santjosep.org\/es\/concierto\/sigue-el-ciclo-de-conciertos-rock-ryans-en-el-hotel-ryans-lolas-con-zz-rock\/#breadcrumb\"},\"inLanguage\":\"es\",\"potentialAction\":[{\"@type\":\"ReadAction\",\"target\":[\"https:\/\/musica.santjosep.org\/es\/concierto\/sigue-el-ciclo-de-conciertos-rock-ryans-en-el-hotel-ryans-lolas-con-zz-rock\/\"]}]},{\"@type\":\"ImageObject\",\"inLanguage\":\"es\",\"@id\":\"https:\/\/musica.santjosep.org\/es\/concierto\/sigue-el-ciclo-de-conciertos-rock-ryans-en-el-hotel-ryans-lolas-con-zz-rock\/#primaryimage\",\"url\":\"https:\/\/musica.santjosep.org\/wp-content\/uploads\/2026\/04\/ZZ-Rock-16.jpg\",\"contentUrl\":\"https:\/\/musica.santjosep.org\/wp-content\/uploads\/2026\/04\/ZZ-Rock-16.jpg\",\"width\":1400,\"height\":933,\"caption\":\"Joan F. Ribas\"},{\"@type\":\"BreadcrumbList\",\"@id\":\"https:\/\/musica.santjosep.org\/es\/concierto\/sigue-el-ciclo-de-conciertos-rock-ryans-en-el-hotel-ryans-lolas-con-zz-rock\/#breadcrumb\",\"itemListElement\":[{\"@type\":\"ListItem\",\"position\":1,\"name\":\"Portada\",\"item\":\"https:\/\/musica.santjosep.org\/es\/\"},{\"@type\":\"ListItem\",\"position\":2,\"name\":\"Eventos\",\"item\":\"https:\/\/musica.santjosep.org\/es\/concerts\/\"},{\"@type\":\"ListItem\",\"position\":3,\"name\":\"Sigue el ciclo de conciertos \u2018Rock &#038; Ryans\u2019 en el hotel Ryans Lolas, con ZZ Rock\"}]},{\"@type\":\"WebSite\",\"@id\":\"https:\/\/musica.santjosep.org\/es\/#website\",\"url\":\"https:\/\/musica.santjosep.org\/es\/\",\"name\":\"Sant Josep \u00e9s m\u00fasica\",\"description\":\"Informaci\u00f3n actualizada de todos los conciertos, grupos y artistas que act\u00faen tanto en fiestas y festivales, como en establecimientos privados en el municipio de Sant Josep de sa Talaia\",\"publisher\":{\"@id\":\"https:\/\/musica.santjosep.org\/es\/#organization\"},\"potentialAction\":[{\"@type\":\"SearchAction\",\"target\":{\"@type\":\"EntryPoint\",\"urlTemplate\":\"https:\/\/musica.santjosep.org\/es\/?s={search_term_string}\"},\"query-input\":{\"@type\":\"PropertyValueSpecification\",\"valueRequired\":true,\"valueName\":\"search_term_string\"}}],\"inLanguage\":\"es\"},{\"@type\":\"Organization\",\"@id\":\"https:\/\/musica.santjosep.org\/es\/#organization\",\"name\":\"Sant Josep \u00e9s m\u00fasica\",\"url\":\"https:\/\/musica.santjosep.org\/es\/\",\"logo\":{\"@type\":\"ImageObject\",\"inLanguage\":\"es\",\"@id\":\"https:\/\/musica.santjosep.org\/es\/#\/schema\/logo\/image\/\",\"url\":\"https:\/\/musica.santjosep.org\/wp-content\/uploads\/2022\/01\/logo-SJEM.png\",\"contentUrl\":\"https:\/\/musica.santjosep.org\/wp-content\/uploads\/2022\/01\/logo-SJEM.png\",\"width\":213,\"height\":103,\"caption\":\"Sant Josep \u00e9s m\u00fasica\"},\"image\":{\"@id\":\"https:\/\/musica.santjosep.org\/es\/#\/schema\/logo\/image\/\"},\"sameAs\":[\"https:\/\/www.facebook.com\/Sant-Josep-s-Msica-105337042007790\",\"https:\/\/x.com\/MusicaSantJosep\",\"https:\/\/www.instagram.com\/musicasantjosep\/\",\"https:\/\/www.youtube.com\/channel\/UCBSLSUpqfrfsiOMVslmZEJA\"]}]}<\/script>\n<!-- \/ Yoast SEO plugin. -->","yoast_head_json":{"title":"Sigue el ciclo de conciertos \u2018Rock & Ryans\u2019 en el hotel Ryans Lolas, con ZZ Rock - Sant Josep \u00e9s m\u00fasica","robots":{"index":"index","follow":"follow","max-snippet":"max-snippet:-1","max-image-preview":"max-image-preview:large","max-video-preview":"max-video-preview:-1"},"canonical":"https:\/\/musica.santjosep.org\/es\/concierto\/sigue-el-ciclo-de-conciertos-rock-ryans-en-el-hotel-ryans-lolas-con-zz-rock\/","og_locale":"es_ES","og_type":"article","og_title":"Sigue el ciclo de conciertos \u2018Rock & Ryans\u2019 en el hotel Ryans Lolas, con ZZ Rock - Sant Josep \u00e9s m\u00fasica","og_description":"Sigue en Cala de Bou el ciclo de conciertos \u2018Rock &amp; Ryans\u2019, con un cartel protagonizado esta vez por ZZ Rock, una de las bandas tributo de mayor \u00e9xito de la isla. Esta formaci\u00f3n inspirada en los tejanos ZZ Top, [&hellip;]","og_url":"https:\/\/musica.santjosep.org\/es\/concierto\/sigue-el-ciclo-de-conciertos-rock-ryans-en-el-hotel-ryans-lolas-con-zz-rock\/","og_site_name":"Sant Josep \u00e9s m\u00fasica","article_publisher":"https:\/\/www.facebook.com\/Sant-Josep-s-Msica-105337042007790","og_image":[{"width":1400,"height":933,"url":"https:\/\/musica.santjosep.org\/wp-content\/uploads\/2026\/04\/ZZ-Rock-16.jpg","type":"image\/jpeg"}],"twitter_card":"summary_large_image","twitter_site":"@MusicaSantJosep","twitter_misc":{"Tiempo de lectura":"2 minutos"},"schema":{"@context":"https:\/\/schema.org","@graph":[{"@type":"WebPage","@id":"https:\/\/musica.santjosep.org\/es\/concierto\/sigue-el-ciclo-de-conciertos-rock-ryans-en-el-hotel-ryans-lolas-con-zz-rock\/","url":"https:\/\/musica.santjosep.org\/es\/concierto\/sigue-el-ciclo-de-conciertos-rock-ryans-en-el-hotel-ryans-lolas-con-zz-rock\/","name":"Sigue el ciclo de conciertos \u2018Rock & Ryans\u2019 en el hotel Ryans Lolas, con ZZ Rock - Sant Josep \u00e9s m\u00fasica","isPartOf":{"@id":"https:\/\/musica.santjosep.org\/es\/#website"},"primaryImageOfPage":{"@id":"https:\/\/musica.santjosep.org\/es\/concierto\/sigue-el-ciclo-de-conciertos-rock-ryans-en-el-hotel-ryans-lolas-con-zz-rock\/#primaryimage"},"image":{"@id":"https:\/\/musica.santjosep.org\/es\/concierto\/sigue-el-ciclo-de-conciertos-rock-ryans-en-el-hotel-ryans-lolas-con-zz-rock\/#primaryimage"},"thumbnailUrl":"https:\/\/musica.santjosep.org\/wp-content\/uploads\/2026\/04\/ZZ-Rock-16.jpg","datePublished":"2026-04-23T20:54:20+00:00","breadcrumb":{"@id":"https:\/\/musica.santjosep.org\/es\/concierto\/sigue-el-ciclo-de-conciertos-rock-ryans-en-el-hotel-ryans-lolas-con-zz-rock\/#breadcrumb"},"inLanguage":"es","potentialAction":[{"@type":"ReadAction","target":["https:\/\/musica.santjosep.org\/es\/concierto\/sigue-el-ciclo-de-conciertos-rock-ryans-en-el-hotel-ryans-lolas-con-zz-rock\/"]}]},{"@type":"ImageObject","inLanguage":"es","@id":"https:\/\/musica.santjosep.org\/es\/concierto\/sigue-el-ciclo-de-conciertos-rock-ryans-en-el-hotel-ryans-lolas-con-zz-rock\/#primaryimage","url":"https:\/\/musica.santjosep.org\/wp-content\/uploads\/2026\/04\/ZZ-Rock-16.jpg","contentUrl":"https:\/\/musica.santjosep.org\/wp-content\/uploads\/2026\/04\/ZZ-Rock-16.jpg","width":1400,"height":933,"caption":"Joan F. Ribas"},{"@type":"BreadcrumbList","@id":"https:\/\/musica.santjosep.org\/es\/concierto\/sigue-el-ciclo-de-conciertos-rock-ryans-en-el-hotel-ryans-lolas-con-zz-rock\/#breadcrumb","itemListElement":[{"@type":"ListItem","position":1,"name":"Portada","item":"https:\/\/musica.santjosep.org\/es\/"},{"@type":"ListItem","position":2,"name":"Eventos","item":"https:\/\/musica.santjosep.org\/es\/concerts\/"},{"@type":"ListItem","position":3,"name":"Sigue el ciclo de conciertos \u2018Rock &#038; Ryans\u2019 en el hotel Ryans Lolas, con ZZ Rock"}]},{"@type":"WebSite","@id":"https:\/\/musica.santjosep.org\/es\/#website","url":"https:\/\/musica.santjosep.org\/es\/","name":"Sant Josep \u00e9s m\u00fasica","description":"Informaci\u00f3n actualizada de todos los conciertos, grupos y artistas que act\u00faen tanto en fiestas y festivales, como en establecimientos privados en el municipio de Sant Josep de sa Talaia","publisher":{"@id":"https:\/\/musica.santjosep.org\/es\/#organization"},"potentialAction":[{"@type":"SearchAction","target":{"@type":"EntryPoint","urlTemplate":"https:\/\/musica.santjosep.org\/es\/?s={search_term_string}"},"query-input":{"@type":"PropertyValueSpecification","valueRequired":true,"valueName":"search_term_string"}}],"inLanguage":"es"},{"@type":"Organization","@id":"https:\/\/musica.santjosep.org\/es\/#organization","name":"Sant Josep \u00e9s m\u00fasica","url":"https:\/\/musica.santjosep.org\/es\/","logo":{"@type":"ImageObject","inLanguage":"es","@id":"https:\/\/musica.santjosep.org\/es\/#\/schema\/logo\/image\/","url":"https:\/\/musica.santjosep.org\/wp-content\/uploads\/2022\/01\/logo-SJEM.png","contentUrl":"https:\/\/musica.santjosep.org\/wp-content\/uploads\/2022\/01\/logo-SJEM.png","width":213,"height":103,"caption":"Sant Josep \u00e9s m\u00fasica"},"image":{"@id":"https:\/\/musica.santjosep.org\/es\/#\/schema\/logo\/image\/"},"sameAs":["https:\/\/www.facebook.com\/Sant-Josep-s-Msica-105337042007790","https:\/\/x.com\/MusicaSantJosep","https:\/\/www.instagram.com\/musicasantjosep\/","https:\/\/www.youtube.com\/channel\/UCBSLSUpqfrfsiOMVslmZEJA"]}]}},"_links":{"self":[{"href":"https:\/\/musica.santjosep.org\/es\/wp-json\/wp\/v2\/tribe_events\/56797","targetHints":{"allow":["GET"]}}],"collection":[{"href":"https:\/\/musica.santjosep.org\/es\/wp-json\/wp\/v2\/tribe_events"}],"about":[{"href":"https:\/\/musica.santjosep.org\/es\/wp-json\/wp\/v2\/types\/tribe_events"}],"author":[{"embeddable":true,"href":"https:\/\/musica.santjosep.org\/es\/wp-json\/wp\/v2\/users\/2"}],"version-history":[{"count":1,"href":"https:\/\/musica.santjosep.org\/es\/wp-json\/wp\/v2\/tribe_events\/56797\/revisions"}],"predecessor-version":[{"id":56798,"href":"https:\/\/musica.santjosep.org\/es\/wp-json\/wp\/v2\/tribe_events\/56797\/revisions\/56798"}],"wp:featuredmedia":[{"embeddable":true,"href":"https:\/\/musica.santjosep.org\/es\/wp-json\/wp\/v2\/media\/56737"}],"wp:attachment":[{"href":"https:\/\/musica.santjosep.org\/es\/wp-json\/wp\/v2\/media?parent=56797"}],"wp:term":[{"taxonomy":"post_tag","embeddable":true,"href":"https:\/\/musica.santjosep.org\/es\/wp-json\/wp\/v2\/tags?post=56797"},{"taxonomy":"tribe_events_cat","embeddable":true,"href":"https:\/\/musica.santjosep.org\/es\/wp-json\/wp\/v2\/tribe_events_cat?post=56797"}],"curies":[{"name":"wp","href":"https:\/\/api.w.org\/{rel}","templated":true}]}}