{"id":56791,"date":"2026-04-23T22:47:43","date_gmt":"2026-04-23T20:47:43","guid":{"rendered":"https:\/\/musica.santjosep.org\/?post_type=tribe_events&#038;p=56791"},"modified":"2026-04-23T22:51:16","modified_gmt":"2026-04-23T20:51:16","slug":"el-cuarteto-londinense-fourmarks-desembarca-en-el-ciclo-rock-ryans-de-cala-de-bou","status":"publish","type":"tribe_events","link":"https:\/\/musica.santjosep.org\/es\/concierto\/el-cuarteto-londinense-fourmarks-desembarca-en-el-ciclo-rock-ryans-de-cala-de-bou\/","title":{"rendered":"El cuarteto londinense Fourmarks desembarca en el ciclo \u2018Rock &#038; Ryans\u2019 de Cala de Bou"},"content":{"rendered":"<p>El Hotel Ryans Lolas, en colaboraci\u00f3n con el m\u00fasico y promotor Javier Salamanca, Estrella Damm y el estudio M\u00e9trica, ofrece el ciclo de conciertos Rock &amp; Ryans, un ambicioso programa de m\u00fasica en vivo que compagina actuaciones de bandas locales con otras de formaciones inglesas, una vez al mes. Los conciertos tienen lugar en su restaurante de hamburguesas premium 666 y el proyecto incluye que bandas ibicencas puedan actuar tambi\u00e9n en dos establecimientos situados en el barrio londinense de Camden Town, conocido por su atm\u00f3sfera alternativa, vibrante y rockera.<\/p>\n<p>Para esta primera actuaci\u00f3n de un grupo brit\u00e1nico viene Fourmarks, un cuarteto londinense de reciente creaci\u00f3n, que ya ha lanzado diversos singles en las plataformas de m\u00fasica por\u00a0<em>streaming<\/em>\u00a0y ha ofrecido m\u00faltiples conciertos en clubes de la capital brit\u00e1nica, desarrollando una experiencia en directo \u00fanica, a base de proyecciones, m\u00fasica y un espect\u00e1culo electrizante que genera un perturbador collage pop.<\/p>\n<p><img loading=\"lazy\" decoding=\"async\" class=\"alignnone wp-image-56728 size-full\" src=\"https:\/\/musica.santjosep.org\/wp-content\/uploads\/2026\/04\/Fourmarks-04-rec.jpg\" alt=\"\" width=\"1400\" height=\"933\" srcset=\"https:\/\/musica.santjosep.org\/wp-content\/uploads\/2026\/04\/Fourmarks-04-rec.jpg 1400w, https:\/\/musica.santjosep.org\/wp-content\/uploads\/2026\/04\/Fourmarks-04-rec-300x200.jpg 300w, https:\/\/musica.santjosep.org\/wp-content\/uploads\/2026\/04\/Fourmarks-04-rec-1024x682.jpg 1024w, https:\/\/musica.santjosep.org\/wp-content\/uploads\/2026\/04\/Fourmarks-04-rec-768x512.jpg 768w\" sizes=\"auto, (max-width: 1400px) 100vw, 1400px\" \/><\/p>\n<p>Los fundadores y principales compositores de la banda son el cantante Marc Singh-Jones y el teclista y productor Sean Douglas, que se apoyan en otros dos m\u00fasicos profesionales de larga trayectoria: el guitarrista Tal Janes y el percusionista Pete Baker. Los cuatro comparten una visi\u00f3n audaz, con un\u00a0<em>noise<\/em>\u00a0progresivo y multifac\u00e9tico, cargado de invectivas, s\u00e1tira e ideas. En sus actuaciones en vivo siempre tratan de romper la barrera entre concierto y experiencia, convirtiendo la actuaci\u00f3n en un evento. Su m\u00fasica, mientras tanto, constituye un c\u00f3ctel explosivo que fusiona la electr\u00f3nica con din\u00e1micas de rock afiladas, pop lis\u00e9rgico y letras provocadoras.<\/p>\n<p>Las estrofas de las canciones se inspiran en la s\u00e1tira brit\u00e1nica y las obras maestras del documentalista Adam Curtis, a menudo adoptando la voz de sus personajes en las canciones. Buen ejemplo de ello es el traficante de desinformaci\u00f3n que aparece en el tema \u2018TruAnon\u2019, uno de los singles que el grupo ha lanzado recientemente.<\/p>\n<p><iframe loading=\"lazy\" title=\"SHORT THE POUND - FOURMARKS (MUSIC VIDEO)\" width=\"1100\" height=\"619\" src=\"https:\/\/www.youtube.com\/embed\/Rl6VL2ZSoIY?feature=oembed\" frameborder=\"0\" allow=\"accelerometer; autoplay; clipboard-write; encrypted-media; gyroscope; picture-in-picture; web-share\" referrerpolicy=\"strict-origin-when-cross-origin\" allowfullscreen><\/iframe><\/p>\n<p>En cuanto a las bandas ibicencas interesadas en participar en este programa de intercambio, pr\u00f3ximamente los organizadores proporcionar\u00e1n m\u00e1s informaci\u00f3n, pero ya se sabe que el programa incluye un cach\u00e9 fijo por la actuaci\u00f3n y alojamiento gratuito en Londres. Las actuaciones se realizar\u00e1n en dos locales de conciertos de Camden Town.<\/p>\n","protected":false},"excerpt":{"rendered":"<p>El Hotel Ryans Lolas, en colaboraci\u00f3n con el m\u00fasico y promotor Javier Salamanca, Estrella Damm y el estudio M\u00e9trica, ofrece el ciclo de conciertos Rock &amp; Ryans, un ambicioso programa de m\u00fasica en vivo que compagina actuaciones de bandas locales [&hellip;]<\/p>\n","protected":false},"author":2,"featured_media":56727,"template":"","meta":{"_acf_changed":false,"_tribe_events_status":"","_tribe_events_status_reason":"","_tribe_events_is_hybrid":"","_tribe_events_is_virtual":"","_tribe_events_virtual_video_source":"","_tribe_events_virtual_embed_video":"","_tribe_events_virtual_linked_button_text":"","_tribe_events_virtual_linked_button":"","_tribe_events_virtual_show_embed_at":"","_tribe_events_virtual_show_embed_to":[],"_tribe_events_virtual_show_on_event":"","_tribe_events_virtual_show_on_views":"","_tribe_events_virtual_url":"","footnotes":""},"tags":[],"tribe_events_cat":[29,15],"class_list":["post-56791","tribe_events","type-tribe_events","status-publish","has-post-thumbnail","hentry","tribe_events_cat-pop","tribe_events_cat-rock","cat_pop","cat_rock"],"acf":[],"yoast_head":"<!-- This site is optimized with the Yoast SEO plugin v26.6 - https:\/\/yoast.com\/wordpress\/plugins\/seo\/ -->\n<title>El cuarteto londinense Fourmarks desembarca en el ciclo \u2018Rock &amp; Ryans\u2019 de Cala de Bou - Sant Josep \u00e9s m\u00fasica<\/title>\n<meta name=\"robots\" content=\"index, follow, max-snippet:-1, max-image-preview:large, max-video-preview:-1\" \/>\n<link rel=\"canonical\" href=\"https:\/\/musica.santjosep.org\/es\/concierto\/el-cuarteto-londinense-fourmarks-desembarca-en-el-ciclo-rock-ryans-de-cala-de-bou\/\" \/>\n<meta property=\"og:locale\" content=\"es_ES\" \/>\n<meta property=\"og:type\" content=\"article\" \/>\n<meta property=\"og:title\" content=\"El cuarteto londinense Fourmarks desembarca en el ciclo \u2018Rock &amp; Ryans\u2019 de Cala de Bou - Sant Josep \u00e9s m\u00fasica\" \/>\n<meta property=\"og:description\" content=\"El Hotel Ryans Lolas, en colaboraci\u00f3n con el m\u00fasico y promotor Javier Salamanca, Estrella Damm y el estudio M\u00e9trica, ofrece el ciclo de conciertos Rock &amp; Ryans, un ambicioso programa de m\u00fasica en vivo que compagina actuaciones de bandas locales [&hellip;]\" \/>\n<meta property=\"og:url\" content=\"https:\/\/musica.santjosep.org\/es\/concierto\/el-cuarteto-londinense-fourmarks-desembarca-en-el-ciclo-rock-ryans-de-cala-de-bou\/\" \/>\n<meta property=\"og:site_name\" content=\"Sant Josep \u00e9s m\u00fasica\" \/>\n<meta property=\"article:publisher\" content=\"https:\/\/www.facebook.com\/Sant-Josep-s-Msica-105337042007790\" \/>\n<meta property=\"article:modified_time\" content=\"2026-04-23T20:51:16+00:00\" \/>\n<meta property=\"og:image\" content=\"https:\/\/musica.santjosep.org\/wp-content\/uploads\/2026\/04\/Fourmarks-02-rec.jpg\" \/>\n\t<meta property=\"og:image:width\" content=\"1400\" \/>\n\t<meta property=\"og:image:height\" content=\"933\" \/>\n\t<meta property=\"og:image:type\" content=\"image\/jpeg\" \/>\n<meta name=\"twitter:card\" content=\"summary_large_image\" \/>\n<meta name=\"twitter:site\" content=\"@MusicaSantJosep\" \/>\n<meta name=\"twitter:label1\" content=\"Tiempo de lectura\" \/>\n\t<meta name=\"twitter:data1\" content=\"3 minutos\" \/>\n<script type=\"application\/ld+json\" class=\"yoast-schema-graph\">{\"@context\":\"https:\/\/schema.org\",\"@graph\":[{\"@type\":\"WebPage\",\"@id\":\"https:\/\/musica.santjosep.org\/es\/concierto\/el-cuarteto-londinense-fourmarks-desembarca-en-el-ciclo-rock-ryans-de-cala-de-bou\/\",\"url\":\"https:\/\/musica.santjosep.org\/es\/concierto\/el-cuarteto-londinense-fourmarks-desembarca-en-el-ciclo-rock-ryans-de-cala-de-bou\/\",\"name\":\"El cuarteto londinense Fourmarks desembarca en el ciclo \u2018Rock & Ryans\u2019 de Cala de Bou - Sant Josep \u00e9s m\u00fasica\",\"isPartOf\":{\"@id\":\"https:\/\/musica.santjosep.org\/es\/#website\"},\"primaryImageOfPage\":{\"@id\":\"https:\/\/musica.santjosep.org\/es\/concierto\/el-cuarteto-londinense-fourmarks-desembarca-en-el-ciclo-rock-ryans-de-cala-de-bou\/#primaryimage\"},\"image\":{\"@id\":\"https:\/\/musica.santjosep.org\/es\/concierto\/el-cuarteto-londinense-fourmarks-desembarca-en-el-ciclo-rock-ryans-de-cala-de-bou\/#primaryimage\"},\"thumbnailUrl\":\"https:\/\/musica.santjosep.org\/wp-content\/uploads\/2026\/04\/Fourmarks-02-rec.jpg\",\"datePublished\":\"2026-04-23T20:47:43+00:00\",\"dateModified\":\"2026-04-23T20:51:16+00:00\",\"breadcrumb\":{\"@id\":\"https:\/\/musica.santjosep.org\/es\/concierto\/el-cuarteto-londinense-fourmarks-desembarca-en-el-ciclo-rock-ryans-de-cala-de-bou\/#breadcrumb\"},\"inLanguage\":\"es\",\"potentialAction\":[{\"@type\":\"ReadAction\",\"target\":[\"https:\/\/musica.santjosep.org\/es\/concierto\/el-cuarteto-londinense-fourmarks-desembarca-en-el-ciclo-rock-ryans-de-cala-de-bou\/\"]}]},{\"@type\":\"ImageObject\",\"inLanguage\":\"es\",\"@id\":\"https:\/\/musica.santjosep.org\/es\/concierto\/el-cuarteto-londinense-fourmarks-desembarca-en-el-ciclo-rock-ryans-de-cala-de-bou\/#primaryimage\",\"url\":\"https:\/\/musica.santjosep.org\/wp-content\/uploads\/2026\/04\/Fourmarks-02-rec.jpg\",\"contentUrl\":\"https:\/\/musica.santjosep.org\/wp-content\/uploads\/2026\/04\/Fourmarks-02-rec.jpg\",\"width\":1400,\"height\":933},{\"@type\":\"BreadcrumbList\",\"@id\":\"https:\/\/musica.santjosep.org\/es\/concierto\/el-cuarteto-londinense-fourmarks-desembarca-en-el-ciclo-rock-ryans-de-cala-de-bou\/#breadcrumb\",\"itemListElement\":[{\"@type\":\"ListItem\",\"position\":1,\"name\":\"Portada\",\"item\":\"https:\/\/musica.santjosep.org\/es\/\"},{\"@type\":\"ListItem\",\"position\":2,\"name\":\"Eventos\",\"item\":\"https:\/\/musica.santjosep.org\/es\/concerts\/\"},{\"@type\":\"ListItem\",\"position\":3,\"name\":\"El cuarteto londinense Fourmarks desembarca en el ciclo \u2018Rock &#038; Ryans\u2019 de Cala de Bou\"}]},{\"@type\":\"WebSite\",\"@id\":\"https:\/\/musica.santjosep.org\/es\/#website\",\"url\":\"https:\/\/musica.santjosep.org\/es\/\",\"name\":\"Sant Josep \u00e9s m\u00fasica\",\"description\":\"Informaci\u00f3n actualizada de todos los conciertos, grupos y artistas que act\u00faen tanto en fiestas y festivales, como en establecimientos privados en el municipio de Sant Josep de sa Talaia\",\"publisher\":{\"@id\":\"https:\/\/musica.santjosep.org\/es\/#organization\"},\"potentialAction\":[{\"@type\":\"SearchAction\",\"target\":{\"@type\":\"EntryPoint\",\"urlTemplate\":\"https:\/\/musica.santjosep.org\/es\/?s={search_term_string}\"},\"query-input\":{\"@type\":\"PropertyValueSpecification\",\"valueRequired\":true,\"valueName\":\"search_term_string\"}}],\"inLanguage\":\"es\"},{\"@type\":\"Organization\",\"@id\":\"https:\/\/musica.santjosep.org\/es\/#organization\",\"name\":\"Sant Josep \u00e9s m\u00fasica\",\"url\":\"https:\/\/musica.santjosep.org\/es\/\",\"logo\":{\"@type\":\"ImageObject\",\"inLanguage\":\"es\",\"@id\":\"https:\/\/musica.santjosep.org\/es\/#\/schema\/logo\/image\/\",\"url\":\"https:\/\/musica.santjosep.org\/wp-content\/uploads\/2022\/01\/logo-SJEM.png\",\"contentUrl\":\"https:\/\/musica.santjosep.org\/wp-content\/uploads\/2022\/01\/logo-SJEM.png\",\"width\":213,\"height\":103,\"caption\":\"Sant Josep \u00e9s m\u00fasica\"},\"image\":{\"@id\":\"https:\/\/musica.santjosep.org\/es\/#\/schema\/logo\/image\/\"},\"sameAs\":[\"https:\/\/www.facebook.com\/Sant-Josep-s-Msica-105337042007790\",\"https:\/\/x.com\/MusicaSantJosep\",\"https:\/\/www.instagram.com\/musicasantjosep\/\",\"https:\/\/www.youtube.com\/channel\/UCBSLSUpqfrfsiOMVslmZEJA\"]}]}<\/script>\n<!-- \/ Yoast SEO plugin. -->","yoast_head_json":{"title":"El cuarteto londinense Fourmarks desembarca en el ciclo \u2018Rock & Ryans\u2019 de Cala de Bou - Sant Josep \u00e9s m\u00fasica","robots":{"index":"index","follow":"follow","max-snippet":"max-snippet:-1","max-image-preview":"max-image-preview:large","max-video-preview":"max-video-preview:-1"},"canonical":"https:\/\/musica.santjosep.org\/es\/concierto\/el-cuarteto-londinense-fourmarks-desembarca-en-el-ciclo-rock-ryans-de-cala-de-bou\/","og_locale":"es_ES","og_type":"article","og_title":"El cuarteto londinense Fourmarks desembarca en el ciclo \u2018Rock & Ryans\u2019 de Cala de Bou - Sant Josep \u00e9s m\u00fasica","og_description":"El Hotel Ryans Lolas, en colaboraci\u00f3n con el m\u00fasico y promotor Javier Salamanca, Estrella Damm y el estudio M\u00e9trica, ofrece el ciclo de conciertos Rock &amp; Ryans, un ambicioso programa de m\u00fasica en vivo que compagina actuaciones de bandas locales [&hellip;]","og_url":"https:\/\/musica.santjosep.org\/es\/concierto\/el-cuarteto-londinense-fourmarks-desembarca-en-el-ciclo-rock-ryans-de-cala-de-bou\/","og_site_name":"Sant Josep \u00e9s m\u00fasica","article_publisher":"https:\/\/www.facebook.com\/Sant-Josep-s-Msica-105337042007790","article_modified_time":"2026-04-23T20:51:16+00:00","og_image":[{"width":1400,"height":933,"url":"https:\/\/musica.santjosep.org\/wp-content\/uploads\/2026\/04\/Fourmarks-02-rec.jpg","type":"image\/jpeg"}],"twitter_card":"summary_large_image","twitter_site":"@MusicaSantJosep","twitter_misc":{"Tiempo de lectura":"3 minutos"},"schema":{"@context":"https:\/\/schema.org","@graph":[{"@type":"WebPage","@id":"https:\/\/musica.santjosep.org\/es\/concierto\/el-cuarteto-londinense-fourmarks-desembarca-en-el-ciclo-rock-ryans-de-cala-de-bou\/","url":"https:\/\/musica.santjosep.org\/es\/concierto\/el-cuarteto-londinense-fourmarks-desembarca-en-el-ciclo-rock-ryans-de-cala-de-bou\/","name":"El cuarteto londinense Fourmarks desembarca en el ciclo \u2018Rock & Ryans\u2019 de Cala de Bou - Sant Josep \u00e9s m\u00fasica","isPartOf":{"@id":"https:\/\/musica.santjosep.org\/es\/#website"},"primaryImageOfPage":{"@id":"https:\/\/musica.santjosep.org\/es\/concierto\/el-cuarteto-londinense-fourmarks-desembarca-en-el-ciclo-rock-ryans-de-cala-de-bou\/#primaryimage"},"image":{"@id":"https:\/\/musica.santjosep.org\/es\/concierto\/el-cuarteto-londinense-fourmarks-desembarca-en-el-ciclo-rock-ryans-de-cala-de-bou\/#primaryimage"},"thumbnailUrl":"https:\/\/musica.santjosep.org\/wp-content\/uploads\/2026\/04\/Fourmarks-02-rec.jpg","datePublished":"2026-04-23T20:47:43+00:00","dateModified":"2026-04-23T20:51:16+00:00","breadcrumb":{"@id":"https:\/\/musica.santjosep.org\/es\/concierto\/el-cuarteto-londinense-fourmarks-desembarca-en-el-ciclo-rock-ryans-de-cala-de-bou\/#breadcrumb"},"inLanguage":"es","potentialAction":[{"@type":"ReadAction","target":["https:\/\/musica.santjosep.org\/es\/concierto\/el-cuarteto-londinense-fourmarks-desembarca-en-el-ciclo-rock-ryans-de-cala-de-bou\/"]}]},{"@type":"ImageObject","inLanguage":"es","@id":"https:\/\/musica.santjosep.org\/es\/concierto\/el-cuarteto-londinense-fourmarks-desembarca-en-el-ciclo-rock-ryans-de-cala-de-bou\/#primaryimage","url":"https:\/\/musica.santjosep.org\/wp-content\/uploads\/2026\/04\/Fourmarks-02-rec.jpg","contentUrl":"https:\/\/musica.santjosep.org\/wp-content\/uploads\/2026\/04\/Fourmarks-02-rec.jpg","width":1400,"height":933},{"@type":"BreadcrumbList","@id":"https:\/\/musica.santjosep.org\/es\/concierto\/el-cuarteto-londinense-fourmarks-desembarca-en-el-ciclo-rock-ryans-de-cala-de-bou\/#breadcrumb","itemListElement":[{"@type":"ListItem","position":1,"name":"Portada","item":"https:\/\/musica.santjosep.org\/es\/"},{"@type":"ListItem","position":2,"name":"Eventos","item":"https:\/\/musica.santjosep.org\/es\/concerts\/"},{"@type":"ListItem","position":3,"name":"El cuarteto londinense Fourmarks desembarca en el ciclo \u2018Rock &#038; Ryans\u2019 de Cala de Bou"}]},{"@type":"WebSite","@id":"https:\/\/musica.santjosep.org\/es\/#website","url":"https:\/\/musica.santjosep.org\/es\/","name":"Sant Josep \u00e9s m\u00fasica","description":"Informaci\u00f3n actualizada de todos los conciertos, grupos y artistas que act\u00faen tanto en fiestas y festivales, como en establecimientos privados en el municipio de Sant Josep de sa Talaia","publisher":{"@id":"https:\/\/musica.santjosep.org\/es\/#organization"},"potentialAction":[{"@type":"SearchAction","target":{"@type":"EntryPoint","urlTemplate":"https:\/\/musica.santjosep.org\/es\/?s={search_term_string}"},"query-input":{"@type":"PropertyValueSpecification","valueRequired":true,"valueName":"search_term_string"}}],"inLanguage":"es"},{"@type":"Organization","@id":"https:\/\/musica.santjosep.org\/es\/#organization","name":"Sant Josep \u00e9s m\u00fasica","url":"https:\/\/musica.santjosep.org\/es\/","logo":{"@type":"ImageObject","inLanguage":"es","@id":"https:\/\/musica.santjosep.org\/es\/#\/schema\/logo\/image\/","url":"https:\/\/musica.santjosep.org\/wp-content\/uploads\/2022\/01\/logo-SJEM.png","contentUrl":"https:\/\/musica.santjosep.org\/wp-content\/uploads\/2022\/01\/logo-SJEM.png","width":213,"height":103,"caption":"Sant Josep \u00e9s m\u00fasica"},"image":{"@id":"https:\/\/musica.santjosep.org\/es\/#\/schema\/logo\/image\/"},"sameAs":["https:\/\/www.facebook.com\/Sant-Josep-s-Msica-105337042007790","https:\/\/x.com\/MusicaSantJosep","https:\/\/www.instagram.com\/musicasantjosep\/","https:\/\/www.youtube.com\/channel\/UCBSLSUpqfrfsiOMVslmZEJA"]}]}},"_links":{"self":[{"href":"https:\/\/musica.santjosep.org\/es\/wp-json\/wp\/v2\/tribe_events\/56791","targetHints":{"allow":["GET"]}}],"collection":[{"href":"https:\/\/musica.santjosep.org\/es\/wp-json\/wp\/v2\/tribe_events"}],"about":[{"href":"https:\/\/musica.santjosep.org\/es\/wp-json\/wp\/v2\/types\/tribe_events"}],"author":[{"embeddable":true,"href":"https:\/\/musica.santjosep.org\/es\/wp-json\/wp\/v2\/users\/2"}],"version-history":[{"count":2,"href":"https:\/\/musica.santjosep.org\/es\/wp-json\/wp\/v2\/tribe_events\/56791\/revisions"}],"predecessor-version":[{"id":56796,"href":"https:\/\/musica.santjosep.org\/es\/wp-json\/wp\/v2\/tribe_events\/56791\/revisions\/56796"}],"wp:featuredmedia":[{"embeddable":true,"href":"https:\/\/musica.santjosep.org\/es\/wp-json\/wp\/v2\/media\/56727"}],"wp:attachment":[{"href":"https:\/\/musica.santjosep.org\/es\/wp-json\/wp\/v2\/media?parent=56791"}],"wp:term":[{"taxonomy":"post_tag","embeddable":true,"href":"https:\/\/musica.santjosep.org\/es\/wp-json\/wp\/v2\/tags?post=56791"},{"taxonomy":"tribe_events_cat","embeddable":true,"href":"https:\/\/musica.santjosep.org\/es\/wp-json\/wp\/v2\/tribe_events_cat?post=56791"}],"curies":[{"name":"wp","href":"https:\/\/api.w.org\/{rel}","templated":true}]}}