{"id":56787,"date":"2026-04-23T18:28:22","date_gmt":"2026-04-23T16:28:22","guid":{"rendered":"https:\/\/musica.santjosep.org\/?post_type=tribe_events&#038;p=56787"},"modified":"2026-04-23T18:31:19","modified_gmt":"2026-04-23T16:31:19","slug":"segundo-concierto-del-ciclo-rock-ryans-en-cala-de-bou-con-jonas-molinas-trio","status":"publish","type":"tribe_events","link":"https:\/\/musica.santjosep.org\/es\/concierto\/segundo-concierto-del-ciclo-rock-ryans-en-cala-de-bou-con-jonas-molinas-trio\/","title":{"rendered":"Segundo concierto del ciclo \u2018Rock &#038; Ryans\u2019, en Cala de Bou, con Jon\u00e1s Molinas Tr\u00edo"},"content":{"rendered":"<p>El cantante y guitarrista Jon\u00e1s Molina, uno de los bluesman m\u00e1s conocidos del pa\u00eds, realiza una gira por Ibiza y hace parada en el ciclo Rock &amp; Ryans, que tiene lugar en el restaurante 666 del Hotel Ryans Lolas de Cala de Bou. Le acompa\u00f1ar\u00e1n el bajista argentino, tambi\u00e9n residente en Madrid, Christian Morana, y el bater\u00eda asturiano residente en Ibiza David Barona, dos m\u00fasicos de primer nivel.<\/p>\n<p>Jon\u00e1s Molina empez\u00f3 a aficionarse por el blues y la guitarra desde muy joven, iniciando su carrera musical en diversas bandas locales. Despu\u00e9s de tocar en el circuito de blues de Madrid con diferentes formaciones, crea su propio grupo con el que presenta un proyecto musical mucho m\u00e1s personal, a base de temas propios y\u00a0<em>covers<\/em>\u00a0de blues de los a\u00f1os 50, mezclados con jump blues, west coast blues, swing y boogie woogie, entre otros subg\u00e9neros.<\/p>\n<p><iframe loading=\"lazy\" title=\"Jonas Molina Band - Friday Night Boogie \/ Live at Lemon Rock Granada 21\/02\/26\" width=\"1100\" height=\"619\" src=\"https:\/\/www.youtube.com\/embed\/4yqiiNwd1YY?feature=oembed\" frameborder=\"0\" allow=\"accelerometer; autoplay; clipboard-write; encrypted-media; gyroscope; picture-in-picture; web-share\" referrerpolicy=\"strict-origin-when-cross-origin\" allowfullscreen><\/iframe><\/p>\n<p>En su repertorio rinde tributo a artistas como Lowell Fulson, Jimmie Vaughan, Earl Hooker y Duke Robillard, entre otros, ofreciendo un viaje memorable por las ra\u00edces del blues, que siempre impresiona a los aficionados. Dejando al margen sus proyectos personales, Jon\u00e1s Molina ha colaborado con m\u00faltiples artistas de renombre dentro del circuito europeo, como Big Dez, Marco Cinelli, Little G Weevil y muchos m\u00e1s. Adem\u00e1s, es una figura habitual de los festivales y cert\u00e1menes de blues que se realizan por todo el pa\u00eds.<\/p>\n<p>Sus influencias del blues el\u00e9ctrico, especialmente fundamentadas en el jump blues y el west coast blues, se ven reflejadas en la discograf\u00eda de su banda, con dos EP ya publicados:\u00a0<em>No Deal<\/em>\u00a0(2020) y\u00a0<em>Wiggle The Wig<\/em>\u00a0(2022), y el LP <em>Pool &amp; Darts<\/em> (2025).<\/p>\n<div id=\"attachment_56735\" style=\"width: 1410px\" class=\"wp-caption alignnone\"><img loading=\"lazy\" decoding=\"async\" aria-describedby=\"caption-attachment-56735\" class=\"wp-image-56735 size-full\" src=\"https:\/\/musica.santjosep.org\/wp-content\/uploads\/2026\/04\/Jonas-Molina-Rosanas-18.jpg\" alt=\"\" width=\"1400\" height=\"933\" srcset=\"https:\/\/musica.santjosep.org\/wp-content\/uploads\/2026\/04\/Jonas-Molina-Rosanas-18.jpg 1400w, https:\/\/musica.santjosep.org\/wp-content\/uploads\/2026\/04\/Jonas-Molina-Rosanas-18-300x200.jpg 300w, https:\/\/musica.santjosep.org\/wp-content\/uploads\/2026\/04\/Jonas-Molina-Rosanas-18-1024x682.jpg 1024w, https:\/\/musica.santjosep.org\/wp-content\/uploads\/2026\/04\/Jonas-Molina-Rosanas-18-768x512.jpg 768w\" sizes=\"auto, (max-width: 1400px) 100vw, 1400px\" \/><p id=\"caption-attachment-56735\" class=\"wp-caption-text\">Christian Morana. Foto: Joan F. Ribas<\/p><\/div>\n<p>Al bajo, como dec\u00edamos, estar\u00e1 el argentino Christian Morana, que reside en Madrid y es uno de los fijos de los locales de blues de la ciudad. Acompa\u00f1a a innumerables guitarristas, entre ellos, Mart\u00edn Burguez y C\u00e9sar Crespo, con los que suele viajar a Ibiza durante sus giras por la isla. Incluso form\u00f3 parte de la banda Mart\u00edn Burguez &amp; El Club del Jump, en Argentina. Adem\u00e1s de actuar con grandes maestros del blues, como Jimmy Burns, James Bolden, Tia Carroll y Slam Allen, entre otros, realiza una importante labor de producci\u00f3n discogr\u00e1fica, audiovisual y de conciertos, siempre vinculada al blues.<\/p>\n<div id=\"attachment_56736\" style=\"width: 1410px\" class=\"wp-caption alignnone\"><img loading=\"lazy\" decoding=\"async\" aria-describedby=\"caption-attachment-56736\" class=\"wp-image-56736 size-full\" src=\"https:\/\/musica.santjosep.org\/wp-content\/uploads\/2026\/04\/Jonas-Molina-Rosanas-13.jpg\" alt=\"\" width=\"1400\" height=\"933\" srcset=\"https:\/\/musica.santjosep.org\/wp-content\/uploads\/2026\/04\/Jonas-Molina-Rosanas-13.jpg 1400w, https:\/\/musica.santjosep.org\/wp-content\/uploads\/2026\/04\/Jonas-Molina-Rosanas-13-300x200.jpg 300w, https:\/\/musica.santjosep.org\/wp-content\/uploads\/2026\/04\/Jonas-Molina-Rosanas-13-1024x682.jpg 1024w, https:\/\/musica.santjosep.org\/wp-content\/uploads\/2026\/04\/Jonas-Molina-Rosanas-13-768x512.jpg 768w\" sizes=\"auto, (max-width: 1400px) 100vw, 1400px\" \/><p id=\"caption-attachment-56736\" class=\"wp-caption-text\">David Barona. Foto: Joan F. Ribas<\/p><\/div>\n<p>Por su parte, David Barona, prestigioso percusionista asturiano afincado en Ibiza, es actualmente\u00a0<em>endorser<\/em>\u00a0de la marca de platos Diril Cymbals. Ha tocado, girado o grabado con m\u00fasicos de repercusi\u00f3n nacional e internacional, como Macaco, Vargas Blues Band, Steve Hunter (Lou Reed, Alice Cooper\u2026), La Mississippi, Norberto Rodr\u00edguez Tr\u00edo, John Jagger\u2026 Ha tra\u00eddo a Ibiza a m\u00fasicos de blues como Mingo Balaguer, Jos\u00e9 Luis Pardo, Mart\u00edn Burguez, Blas Pic\u00f3n, Betta Berodia, Iker Piris, Alberto Burguez, Luis Fuente, Alejandra Burgos, Dylan Bishop, Luis Regidor, Breezy Rodio, Marcos Coll, Remy Banklyn, Ster Wax, Jon\u00e1s Molina, Pablo Sanpa, Mr. Cool, Laretha Weathersby, Willie Buck, Tirtha Man, C\u00e9sar Crespo, Guido vom Flockenberg, Mo\u2019 Jo\u2019 Hand, etc\u00e9tera.<\/p>\n<p>El Hotel Ryans Lolas, en colaboraci\u00f3n con el m\u00fasico y promotor Javier Salamanca, Estrella Damm y el estudio M\u00e9trica, ofrece el ciclo de conciertos Rock &amp; Ryans, un ambicioso programa de m\u00fasica en vivo que compagina actuaciones de bandas locales con otras de formaciones inglesas, una vez al mes. Los conciertos tienen lugar en su restaurante de hamburguesas premium 666 y el proyecto incluye que bandas ibicencas puedan actuar tambi\u00e9n en dos establecimientos situados en el barrio londinense de Camden Town, conocido por su atm\u00f3sfera alternativa, vibrante y rockera.<\/p>\n","protected":false},"excerpt":{"rendered":"<p>El cantante y guitarrista Jon\u00e1s Molina, uno de los bluesman m\u00e1s conocidos del pa\u00eds, realiza una gira por Ibiza y hace parada en el ciclo Rock &amp; Ryans, que tiene lugar en el restaurante 666 del Hotel Ryans Lolas de [&hellip;]<\/p>\n","protected":false},"author":2,"featured_media":56734,"template":"","meta":{"_acf_changed":false,"_tribe_events_status":"","_tribe_events_status_reason":"","_tribe_events_is_hybrid":"","_tribe_events_is_virtual":"","_tribe_events_virtual_video_source":"","_tribe_events_virtual_embed_video":"","_tribe_events_virtual_linked_button_text":"","_tribe_events_virtual_linked_button":"","_tribe_events_virtual_show_embed_at":"","_tribe_events_virtual_show_embed_to":[],"_tribe_events_virtual_show_on_event":"","_tribe_events_virtual_show_on_views":"","_tribe_events_virtual_url":"","footnotes":""},"tags":[],"tribe_events_cat":[16],"class_list":["post-56787","tribe_events","type-tribe_events","status-publish","has-post-thumbnail","hentry","tribe_events_cat-blues","cat_blues"],"acf":[],"yoast_head":"<!-- This site is optimized with the Yoast SEO plugin v26.6 - https:\/\/yoast.com\/wordpress\/plugins\/seo\/ -->\n<title>Segundo concierto del ciclo \u2018Rock &amp; Ryans\u2019, en Cala de Bou, con Jon\u00e1s Molinas Tr\u00edo - Sant Josep \u00e9s m\u00fasica<\/title>\n<meta name=\"robots\" content=\"index, follow, max-snippet:-1, max-image-preview:large, max-video-preview:-1\" \/>\n<link rel=\"canonical\" href=\"https:\/\/musica.santjosep.org\/es\/concierto\/segundo-concierto-del-ciclo-rock-ryans-en-cala-de-bou-con-jonas-molinas-trio\/\" \/>\n<meta property=\"og:locale\" content=\"es_ES\" \/>\n<meta property=\"og:type\" content=\"article\" \/>\n<meta property=\"og:title\" content=\"Segundo concierto del ciclo \u2018Rock &amp; Ryans\u2019, en Cala de Bou, con Jon\u00e1s Molinas Tr\u00edo - Sant Josep \u00e9s m\u00fasica\" \/>\n<meta property=\"og:description\" content=\"El cantante y guitarrista Jon\u00e1s Molina, uno de los bluesman m\u00e1s conocidos del pa\u00eds, realiza una gira por Ibiza y hace parada en el ciclo Rock &amp; Ryans, que tiene lugar en el restaurante 666 del Hotel Ryans Lolas de [&hellip;]\" \/>\n<meta property=\"og:url\" content=\"https:\/\/musica.santjosep.org\/es\/concierto\/segundo-concierto-del-ciclo-rock-ryans-en-cala-de-bou-con-jonas-molinas-trio\/\" \/>\n<meta property=\"og:site_name\" content=\"Sant Josep \u00e9s m\u00fasica\" \/>\n<meta property=\"article:publisher\" content=\"https:\/\/www.facebook.com\/Sant-Josep-s-Msica-105337042007790\" \/>\n<meta property=\"article:modified_time\" content=\"2026-04-23T16:31:19+00:00\" \/>\n<meta property=\"og:image\" content=\"https:\/\/musica.santjosep.org\/wp-content\/uploads\/2026\/04\/Jonas-Molina-Rosanas-9.jpg\" \/>\n\t<meta property=\"og:image:width\" content=\"1400\" \/>\n\t<meta property=\"og:image:height\" content=\"933\" \/>\n\t<meta property=\"og:image:type\" content=\"image\/jpeg\" \/>\n<meta name=\"twitter:card\" content=\"summary_large_image\" \/>\n<meta name=\"twitter:site\" content=\"@MusicaSantJosep\" \/>\n<meta name=\"twitter:label1\" content=\"Tiempo de lectura\" \/>\n\t<meta name=\"twitter:data1\" content=\"4 minutos\" \/>\n<script type=\"application\/ld+json\" class=\"yoast-schema-graph\">{\"@context\":\"https:\/\/schema.org\",\"@graph\":[{\"@type\":\"WebPage\",\"@id\":\"https:\/\/musica.santjosep.org\/es\/concierto\/segundo-concierto-del-ciclo-rock-ryans-en-cala-de-bou-con-jonas-molinas-trio\/\",\"url\":\"https:\/\/musica.santjosep.org\/es\/concierto\/segundo-concierto-del-ciclo-rock-ryans-en-cala-de-bou-con-jonas-molinas-trio\/\",\"name\":\"Segundo concierto del ciclo \u2018Rock & Ryans\u2019, en Cala de Bou, con Jon\u00e1s Molinas Tr\u00edo - Sant Josep \u00e9s m\u00fasica\",\"isPartOf\":{\"@id\":\"https:\/\/musica.santjosep.org\/es\/#website\"},\"primaryImageOfPage\":{\"@id\":\"https:\/\/musica.santjosep.org\/es\/concierto\/segundo-concierto-del-ciclo-rock-ryans-en-cala-de-bou-con-jonas-molinas-trio\/#primaryimage\"},\"image\":{\"@id\":\"https:\/\/musica.santjosep.org\/es\/concierto\/segundo-concierto-del-ciclo-rock-ryans-en-cala-de-bou-con-jonas-molinas-trio\/#primaryimage\"},\"thumbnailUrl\":\"https:\/\/musica.santjosep.org\/wp-content\/uploads\/2026\/04\/Jonas-Molina-Rosanas-9.jpg\",\"datePublished\":\"2026-04-23T16:28:22+00:00\",\"dateModified\":\"2026-04-23T16:31:19+00:00\",\"breadcrumb\":{\"@id\":\"https:\/\/musica.santjosep.org\/es\/concierto\/segundo-concierto-del-ciclo-rock-ryans-en-cala-de-bou-con-jonas-molinas-trio\/#breadcrumb\"},\"inLanguage\":\"es\",\"potentialAction\":[{\"@type\":\"ReadAction\",\"target\":[\"https:\/\/musica.santjosep.org\/es\/concierto\/segundo-concierto-del-ciclo-rock-ryans-en-cala-de-bou-con-jonas-molinas-trio\/\"]}]},{\"@type\":\"ImageObject\",\"inLanguage\":\"es\",\"@id\":\"https:\/\/musica.santjosep.org\/es\/concierto\/segundo-concierto-del-ciclo-rock-ryans-en-cala-de-bou-con-jonas-molinas-trio\/#primaryimage\",\"url\":\"https:\/\/musica.santjosep.org\/wp-content\/uploads\/2026\/04\/Jonas-Molina-Rosanas-9.jpg\",\"contentUrl\":\"https:\/\/musica.santjosep.org\/wp-content\/uploads\/2026\/04\/Jonas-Molina-Rosanas-9.jpg\",\"width\":1400,\"height\":933,\"caption\":\"Jon\u00e1s Molina. Foto: Joan F. Ribas\"},{\"@type\":\"BreadcrumbList\",\"@id\":\"https:\/\/musica.santjosep.org\/es\/concierto\/segundo-concierto-del-ciclo-rock-ryans-en-cala-de-bou-con-jonas-molinas-trio\/#breadcrumb\",\"itemListElement\":[{\"@type\":\"ListItem\",\"position\":1,\"name\":\"Portada\",\"item\":\"https:\/\/musica.santjosep.org\/es\/\"},{\"@type\":\"ListItem\",\"position\":2,\"name\":\"Eventos\",\"item\":\"https:\/\/musica.santjosep.org\/es\/concerts\/\"},{\"@type\":\"ListItem\",\"position\":3,\"name\":\"Segundo concierto del ciclo \u2018Rock &#038; Ryans\u2019, en Cala de Bou, con Jon\u00e1s Molinas Tr\u00edo\"}]},{\"@type\":\"WebSite\",\"@id\":\"https:\/\/musica.santjosep.org\/es\/#website\",\"url\":\"https:\/\/musica.santjosep.org\/es\/\",\"name\":\"Sant Josep \u00e9s m\u00fasica\",\"description\":\"Informaci\u00f3n actualizada de todos los conciertos, grupos y artistas que act\u00faen tanto en fiestas y festivales, como en establecimientos privados en el municipio de Sant Josep de sa Talaia\",\"publisher\":{\"@id\":\"https:\/\/musica.santjosep.org\/es\/#organization\"},\"potentialAction\":[{\"@type\":\"SearchAction\",\"target\":{\"@type\":\"EntryPoint\",\"urlTemplate\":\"https:\/\/musica.santjosep.org\/es\/?s={search_term_string}\"},\"query-input\":{\"@type\":\"PropertyValueSpecification\",\"valueRequired\":true,\"valueName\":\"search_term_string\"}}],\"inLanguage\":\"es\"},{\"@type\":\"Organization\",\"@id\":\"https:\/\/musica.santjosep.org\/es\/#organization\",\"name\":\"Sant Josep \u00e9s m\u00fasica\",\"url\":\"https:\/\/musica.santjosep.org\/es\/\",\"logo\":{\"@type\":\"ImageObject\",\"inLanguage\":\"es\",\"@id\":\"https:\/\/musica.santjosep.org\/es\/#\/schema\/logo\/image\/\",\"url\":\"https:\/\/musica.santjosep.org\/wp-content\/uploads\/2022\/01\/logo-SJEM.png\",\"contentUrl\":\"https:\/\/musica.santjosep.org\/wp-content\/uploads\/2022\/01\/logo-SJEM.png\",\"width\":213,\"height\":103,\"caption\":\"Sant Josep \u00e9s m\u00fasica\"},\"image\":{\"@id\":\"https:\/\/musica.santjosep.org\/es\/#\/schema\/logo\/image\/\"},\"sameAs\":[\"https:\/\/www.facebook.com\/Sant-Josep-s-Msica-105337042007790\",\"https:\/\/x.com\/MusicaSantJosep\",\"https:\/\/www.instagram.com\/musicasantjosep\/\",\"https:\/\/www.youtube.com\/channel\/UCBSLSUpqfrfsiOMVslmZEJA\"]}]}<\/script>\n<!-- \/ Yoast SEO plugin. -->","yoast_head_json":{"title":"Segundo concierto del ciclo \u2018Rock & Ryans\u2019, en Cala de Bou, con Jon\u00e1s Molinas Tr\u00edo - Sant Josep \u00e9s m\u00fasica","robots":{"index":"index","follow":"follow","max-snippet":"max-snippet:-1","max-image-preview":"max-image-preview:large","max-video-preview":"max-video-preview:-1"},"canonical":"https:\/\/musica.santjosep.org\/es\/concierto\/segundo-concierto-del-ciclo-rock-ryans-en-cala-de-bou-con-jonas-molinas-trio\/","og_locale":"es_ES","og_type":"article","og_title":"Segundo concierto del ciclo \u2018Rock & Ryans\u2019, en Cala de Bou, con Jon\u00e1s Molinas Tr\u00edo - Sant Josep \u00e9s m\u00fasica","og_description":"El cantante y guitarrista Jon\u00e1s Molina, uno de los bluesman m\u00e1s conocidos del pa\u00eds, realiza una gira por Ibiza y hace parada en el ciclo Rock &amp; Ryans, que tiene lugar en el restaurante 666 del Hotel Ryans Lolas de [&hellip;]","og_url":"https:\/\/musica.santjosep.org\/es\/concierto\/segundo-concierto-del-ciclo-rock-ryans-en-cala-de-bou-con-jonas-molinas-trio\/","og_site_name":"Sant Josep \u00e9s m\u00fasica","article_publisher":"https:\/\/www.facebook.com\/Sant-Josep-s-Msica-105337042007790","article_modified_time":"2026-04-23T16:31:19+00:00","og_image":[{"width":1400,"height":933,"url":"https:\/\/musica.santjosep.org\/wp-content\/uploads\/2026\/04\/Jonas-Molina-Rosanas-9.jpg","type":"image\/jpeg"}],"twitter_card":"summary_large_image","twitter_site":"@MusicaSantJosep","twitter_misc":{"Tiempo de lectura":"4 minutos"},"schema":{"@context":"https:\/\/schema.org","@graph":[{"@type":"WebPage","@id":"https:\/\/musica.santjosep.org\/es\/concierto\/segundo-concierto-del-ciclo-rock-ryans-en-cala-de-bou-con-jonas-molinas-trio\/","url":"https:\/\/musica.santjosep.org\/es\/concierto\/segundo-concierto-del-ciclo-rock-ryans-en-cala-de-bou-con-jonas-molinas-trio\/","name":"Segundo concierto del ciclo \u2018Rock & Ryans\u2019, en Cala de Bou, con Jon\u00e1s Molinas Tr\u00edo - Sant Josep \u00e9s m\u00fasica","isPartOf":{"@id":"https:\/\/musica.santjosep.org\/es\/#website"},"primaryImageOfPage":{"@id":"https:\/\/musica.santjosep.org\/es\/concierto\/segundo-concierto-del-ciclo-rock-ryans-en-cala-de-bou-con-jonas-molinas-trio\/#primaryimage"},"image":{"@id":"https:\/\/musica.santjosep.org\/es\/concierto\/segundo-concierto-del-ciclo-rock-ryans-en-cala-de-bou-con-jonas-molinas-trio\/#primaryimage"},"thumbnailUrl":"https:\/\/musica.santjosep.org\/wp-content\/uploads\/2026\/04\/Jonas-Molina-Rosanas-9.jpg","datePublished":"2026-04-23T16:28:22+00:00","dateModified":"2026-04-23T16:31:19+00:00","breadcrumb":{"@id":"https:\/\/musica.santjosep.org\/es\/concierto\/segundo-concierto-del-ciclo-rock-ryans-en-cala-de-bou-con-jonas-molinas-trio\/#breadcrumb"},"inLanguage":"es","potentialAction":[{"@type":"ReadAction","target":["https:\/\/musica.santjosep.org\/es\/concierto\/segundo-concierto-del-ciclo-rock-ryans-en-cala-de-bou-con-jonas-molinas-trio\/"]}]},{"@type":"ImageObject","inLanguage":"es","@id":"https:\/\/musica.santjosep.org\/es\/concierto\/segundo-concierto-del-ciclo-rock-ryans-en-cala-de-bou-con-jonas-molinas-trio\/#primaryimage","url":"https:\/\/musica.santjosep.org\/wp-content\/uploads\/2026\/04\/Jonas-Molina-Rosanas-9.jpg","contentUrl":"https:\/\/musica.santjosep.org\/wp-content\/uploads\/2026\/04\/Jonas-Molina-Rosanas-9.jpg","width":1400,"height":933,"caption":"Jon\u00e1s Molina. Foto: Joan F. Ribas"},{"@type":"BreadcrumbList","@id":"https:\/\/musica.santjosep.org\/es\/concierto\/segundo-concierto-del-ciclo-rock-ryans-en-cala-de-bou-con-jonas-molinas-trio\/#breadcrumb","itemListElement":[{"@type":"ListItem","position":1,"name":"Portada","item":"https:\/\/musica.santjosep.org\/es\/"},{"@type":"ListItem","position":2,"name":"Eventos","item":"https:\/\/musica.santjosep.org\/es\/concerts\/"},{"@type":"ListItem","position":3,"name":"Segundo concierto del ciclo \u2018Rock &#038; Ryans\u2019, en Cala de Bou, con Jon\u00e1s Molinas Tr\u00edo"}]},{"@type":"WebSite","@id":"https:\/\/musica.santjosep.org\/es\/#website","url":"https:\/\/musica.santjosep.org\/es\/","name":"Sant Josep \u00e9s m\u00fasica","description":"Informaci\u00f3n actualizada de todos los conciertos, grupos y artistas que act\u00faen tanto en fiestas y festivales, como en establecimientos privados en el municipio de Sant Josep de sa Talaia","publisher":{"@id":"https:\/\/musica.santjosep.org\/es\/#organization"},"potentialAction":[{"@type":"SearchAction","target":{"@type":"EntryPoint","urlTemplate":"https:\/\/musica.santjosep.org\/es\/?s={search_term_string}"},"query-input":{"@type":"PropertyValueSpecification","valueRequired":true,"valueName":"search_term_string"}}],"inLanguage":"es"},{"@type":"Organization","@id":"https:\/\/musica.santjosep.org\/es\/#organization","name":"Sant Josep \u00e9s m\u00fasica","url":"https:\/\/musica.santjosep.org\/es\/","logo":{"@type":"ImageObject","inLanguage":"es","@id":"https:\/\/musica.santjosep.org\/es\/#\/schema\/logo\/image\/","url":"https:\/\/musica.santjosep.org\/wp-content\/uploads\/2022\/01\/logo-SJEM.png","contentUrl":"https:\/\/musica.santjosep.org\/wp-content\/uploads\/2022\/01\/logo-SJEM.png","width":213,"height":103,"caption":"Sant Josep \u00e9s m\u00fasica"},"image":{"@id":"https:\/\/musica.santjosep.org\/es\/#\/schema\/logo\/image\/"},"sameAs":["https:\/\/www.facebook.com\/Sant-Josep-s-Msica-105337042007790","https:\/\/x.com\/MusicaSantJosep","https:\/\/www.instagram.com\/musicasantjosep\/","https:\/\/www.youtube.com\/channel\/UCBSLSUpqfrfsiOMVslmZEJA"]}]}},"_links":{"self":[{"href":"https:\/\/musica.santjosep.org\/es\/wp-json\/wp\/v2\/tribe_events\/56787","targetHints":{"allow":["GET"]}}],"collection":[{"href":"https:\/\/musica.santjosep.org\/es\/wp-json\/wp\/v2\/tribe_events"}],"about":[{"href":"https:\/\/musica.santjosep.org\/es\/wp-json\/wp\/v2\/types\/tribe_events"}],"author":[{"embeddable":true,"href":"https:\/\/musica.santjosep.org\/es\/wp-json\/wp\/v2\/users\/2"}],"version-history":[{"count":1,"href":"https:\/\/musica.santjosep.org\/es\/wp-json\/wp\/v2\/tribe_events\/56787\/revisions"}],"predecessor-version":[{"id":56788,"href":"https:\/\/musica.santjosep.org\/es\/wp-json\/wp\/v2\/tribe_events\/56787\/revisions\/56788"}],"wp:featuredmedia":[{"embeddable":true,"href":"https:\/\/musica.santjosep.org\/es\/wp-json\/wp\/v2\/media\/56734"}],"wp:attachment":[{"href":"https:\/\/musica.santjosep.org\/es\/wp-json\/wp\/v2\/media?parent=56787"}],"wp:term":[{"taxonomy":"post_tag","embeddable":true,"href":"https:\/\/musica.santjosep.org\/es\/wp-json\/wp\/v2\/tags?post=56787"},{"taxonomy":"tribe_events_cat","embeddable":true,"href":"https:\/\/musica.santjosep.org\/es\/wp-json\/wp\/v2\/tribe_events_cat?post=56787"}],"curies":[{"name":"wp","href":"https:\/\/api.w.org\/{rel}","templated":true}]}}