{"id":56771,"date":"2026-04-23T17:21:51","date_gmt":"2026-04-23T15:21:51","guid":{"rendered":"https:\/\/musica.santjosep.org\/?post_type=tribe_events&#038;p=56771"},"modified":"2026-04-23T17:21:51","modified_gmt":"2026-04-23T15:21:51","slug":"comienzan-los-conciertos-abiertos-al-publico-en-la-terraza-del-hotel-petunia-en-cala-carbo","status":"publish","type":"tribe_events","link":"https:\/\/musica.santjosep.org\/es\/concierto\/comienzan-los-conciertos-abiertos-al-publico-en-la-terraza-del-hotel-petunia-en-cala-carbo\/","title":{"rendered":"Comienzan los conciertos abiertos al p\u00fablico en la terraza del hotel Petunia, en Cala Carb\u00f3"},"content":{"rendered":"<p>Vedr\u00e0 y a la puesta de sol, Petunia Ibiza es uno de los alojamientos m\u00e1s exclusivos de la isla. Cuenta con varios restaurantes que ofrecen m\u00fasica en vivo durante\u00a0 todo el verano. En esta ocasi\u00f3n los artistas invitados para abrir la temporada son los que integran el grupo de flamenco Querencia. Esta formaci\u00f3n naci\u00f3 en el a\u00f1o 2007, impulsada por el percusionista Luis de las Heras. Ofrece un repertorio musical elegante, manteniendo siempre las ra\u00edces flamencas y con algunas pinceladas de fusi\u00f3n latina. Acceso libre con reserva en el restaurante.<\/p>\n","protected":false},"excerpt":{"rendered":"<p>Vedr\u00e0 y a la puesta de sol, Petunia Ibiza es uno de los alojamientos m\u00e1s exclusivos de la isla. Cuenta con varios restaurantes que ofrecen m\u00fasica en vivo durante\u00a0 todo el verano. En esta ocasi\u00f3n los artistas invitados para abrir [&hellip;]<\/p>\n","protected":false},"author":2,"featured_media":56724,"template":"","meta":{"_acf_changed":false,"_tribe_events_status":"","_tribe_events_status_reason":"","_tribe_events_is_hybrid":"","_tribe_events_is_virtual":"","_tribe_events_virtual_video_source":"","_tribe_events_virtual_embed_video":"","_tribe_events_virtual_linked_button_text":"","_tribe_events_virtual_linked_button":"","_tribe_events_virtual_show_embed_at":"","_tribe_events_virtual_show_embed_to":[],"_tribe_events_virtual_show_on_event":"","_tribe_events_virtual_show_on_views":"","_tribe_events_virtual_url":"","footnotes":""},"tags":[],"tribe_events_cat":[54],"class_list":["post-56771","tribe_events","type-tribe_events","status-publish","has-post-thumbnail","hentry","tribe_events_cat-flamenco","cat_flamenco"],"acf":[],"yoast_head":"<!-- This site is optimized with the Yoast SEO plugin v26.6 - https:\/\/yoast.com\/wordpress\/plugins\/seo\/ -->\n<title>Comienzan los conciertos abiertos al p\u00fablico en la terraza del hotel Petunia, en Cala Carb\u00f3 - Sant Josep \u00e9s m\u00fasica<\/title>\n<meta name=\"robots\" content=\"index, follow, max-snippet:-1, max-image-preview:large, max-video-preview:-1\" \/>\n<link rel=\"canonical\" href=\"https:\/\/musica.santjosep.org\/es\/concierto\/comienzan-los-conciertos-abiertos-al-publico-en-la-terraza-del-hotel-petunia-en-cala-carbo\/\" \/>\n<meta property=\"og:locale\" content=\"es_ES\" \/>\n<meta property=\"og:type\" content=\"article\" \/>\n<meta property=\"og:title\" content=\"Comienzan los conciertos abiertos al p\u00fablico en la terraza del hotel Petunia, en Cala Carb\u00f3 - Sant Josep \u00e9s m\u00fasica\" \/>\n<meta property=\"og:description\" content=\"Vedr\u00e0 y a la puesta de sol, Petunia Ibiza es uno de los alojamientos m\u00e1s exclusivos de la isla. Cuenta con varios restaurantes que ofrecen m\u00fasica en vivo durante\u00a0 todo el verano. En esta ocasi\u00f3n los artistas invitados para abrir [&hellip;]\" \/>\n<meta property=\"og:url\" content=\"https:\/\/musica.santjosep.org\/es\/concierto\/comienzan-los-conciertos-abiertos-al-publico-en-la-terraza-del-hotel-petunia-en-cala-carbo\/\" \/>\n<meta property=\"og:site_name\" content=\"Sant Josep \u00e9s m\u00fasica\" \/>\n<meta property=\"article:publisher\" content=\"https:\/\/www.facebook.com\/Sant-Josep-s-Msica-105337042007790\" \/>\n<meta property=\"og:image\" content=\"https:\/\/musica.santjosep.org\/wp-content\/uploads\/2026\/04\/querencia12rec.jpg\" \/>\n\t<meta property=\"og:image:width\" content=\"1400\" \/>\n\t<meta property=\"og:image:height\" content=\"933\" \/>\n\t<meta property=\"og:image:type\" content=\"image\/jpeg\" \/>\n<meta name=\"twitter:card\" content=\"summary_large_image\" \/>\n<meta name=\"twitter:site\" content=\"@MusicaSantJosep\" \/>\n<meta name=\"twitter:label1\" content=\"Tiempo de lectura\" \/>\n\t<meta name=\"twitter:data1\" content=\"1 minuto\" \/>\n<script type=\"application\/ld+json\" class=\"yoast-schema-graph\">{\"@context\":\"https:\/\/schema.org\",\"@graph\":[{\"@type\":\"WebPage\",\"@id\":\"https:\/\/musica.santjosep.org\/es\/concierto\/comienzan-los-conciertos-abiertos-al-publico-en-la-terraza-del-hotel-petunia-en-cala-carbo\/\",\"url\":\"https:\/\/musica.santjosep.org\/es\/concierto\/comienzan-los-conciertos-abiertos-al-publico-en-la-terraza-del-hotel-petunia-en-cala-carbo\/\",\"name\":\"Comienzan los conciertos abiertos al p\u00fablico en la terraza del hotel Petunia, en Cala Carb\u00f3 - Sant Josep \u00e9s m\u00fasica\",\"isPartOf\":{\"@id\":\"https:\/\/musica.santjosep.org\/es\/#website\"},\"primaryImageOfPage\":{\"@id\":\"https:\/\/musica.santjosep.org\/es\/concierto\/comienzan-los-conciertos-abiertos-al-publico-en-la-terraza-del-hotel-petunia-en-cala-carbo\/#primaryimage\"},\"image\":{\"@id\":\"https:\/\/musica.santjosep.org\/es\/concierto\/comienzan-los-conciertos-abiertos-al-publico-en-la-terraza-del-hotel-petunia-en-cala-carbo\/#primaryimage\"},\"thumbnailUrl\":\"https:\/\/musica.santjosep.org\/wp-content\/uploads\/2026\/04\/querencia12rec.jpg\",\"datePublished\":\"2026-04-23T15:21:51+00:00\",\"breadcrumb\":{\"@id\":\"https:\/\/musica.santjosep.org\/es\/concierto\/comienzan-los-conciertos-abiertos-al-publico-en-la-terraza-del-hotel-petunia-en-cala-carbo\/#breadcrumb\"},\"inLanguage\":\"es\",\"potentialAction\":[{\"@type\":\"ReadAction\",\"target\":[\"https:\/\/musica.santjosep.org\/es\/concierto\/comienzan-los-conciertos-abiertos-al-publico-en-la-terraza-del-hotel-petunia-en-cala-carbo\/\"]}]},{\"@type\":\"ImageObject\",\"inLanguage\":\"es\",\"@id\":\"https:\/\/musica.santjosep.org\/es\/concierto\/comienzan-los-conciertos-abiertos-al-publico-en-la-terraza-del-hotel-petunia-en-cala-carbo\/#primaryimage\",\"url\":\"https:\/\/musica.santjosep.org\/wp-content\/uploads\/2026\/04\/querencia12rec.jpg\",\"contentUrl\":\"https:\/\/musica.santjosep.org\/wp-content\/uploads\/2026\/04\/querencia12rec.jpg\",\"width\":1400,\"height\":933},{\"@type\":\"BreadcrumbList\",\"@id\":\"https:\/\/musica.santjosep.org\/es\/concierto\/comienzan-los-conciertos-abiertos-al-publico-en-la-terraza-del-hotel-petunia-en-cala-carbo\/#breadcrumb\",\"itemListElement\":[{\"@type\":\"ListItem\",\"position\":1,\"name\":\"Portada\",\"item\":\"https:\/\/musica.santjosep.org\/es\/\"},{\"@type\":\"ListItem\",\"position\":2,\"name\":\"Eventos\",\"item\":\"https:\/\/musica.santjosep.org\/es\/concerts\/\"},{\"@type\":\"ListItem\",\"position\":3,\"name\":\"Comienzan los conciertos abiertos al p\u00fablico en la terraza del hotel Petunia, en Cala Carb\u00f3\"}]},{\"@type\":\"WebSite\",\"@id\":\"https:\/\/musica.santjosep.org\/es\/#website\",\"url\":\"https:\/\/musica.santjosep.org\/es\/\",\"name\":\"Sant Josep \u00e9s m\u00fasica\",\"description\":\"Informaci\u00f3n actualizada de todos los conciertos, grupos y artistas que act\u00faen tanto en fiestas y festivales, como en establecimientos privados en el municipio de Sant Josep de sa Talaia\",\"publisher\":{\"@id\":\"https:\/\/musica.santjosep.org\/es\/#organization\"},\"potentialAction\":[{\"@type\":\"SearchAction\",\"target\":{\"@type\":\"EntryPoint\",\"urlTemplate\":\"https:\/\/musica.santjosep.org\/es\/?s={search_term_string}\"},\"query-input\":{\"@type\":\"PropertyValueSpecification\",\"valueRequired\":true,\"valueName\":\"search_term_string\"}}],\"inLanguage\":\"es\"},{\"@type\":\"Organization\",\"@id\":\"https:\/\/musica.santjosep.org\/es\/#organization\",\"name\":\"Sant Josep \u00e9s m\u00fasica\",\"url\":\"https:\/\/musica.santjosep.org\/es\/\",\"logo\":{\"@type\":\"ImageObject\",\"inLanguage\":\"es\",\"@id\":\"https:\/\/musica.santjosep.org\/es\/#\/schema\/logo\/image\/\",\"url\":\"https:\/\/musica.santjosep.org\/wp-content\/uploads\/2022\/01\/logo-SJEM.png\",\"contentUrl\":\"https:\/\/musica.santjosep.org\/wp-content\/uploads\/2022\/01\/logo-SJEM.png\",\"width\":213,\"height\":103,\"caption\":\"Sant Josep \u00e9s m\u00fasica\"},\"image\":{\"@id\":\"https:\/\/musica.santjosep.org\/es\/#\/schema\/logo\/image\/\"},\"sameAs\":[\"https:\/\/www.facebook.com\/Sant-Josep-s-Msica-105337042007790\",\"https:\/\/x.com\/MusicaSantJosep\",\"https:\/\/www.instagram.com\/musicasantjosep\/\",\"https:\/\/www.youtube.com\/channel\/UCBSLSUpqfrfsiOMVslmZEJA\"]}]}<\/script>\n<!-- \/ Yoast SEO plugin. -->","yoast_head_json":{"title":"Comienzan los conciertos abiertos al p\u00fablico en la terraza del hotel Petunia, en Cala Carb\u00f3 - Sant Josep \u00e9s m\u00fasica","robots":{"index":"index","follow":"follow","max-snippet":"max-snippet:-1","max-image-preview":"max-image-preview:large","max-video-preview":"max-video-preview:-1"},"canonical":"https:\/\/musica.santjosep.org\/es\/concierto\/comienzan-los-conciertos-abiertos-al-publico-en-la-terraza-del-hotel-petunia-en-cala-carbo\/","og_locale":"es_ES","og_type":"article","og_title":"Comienzan los conciertos abiertos al p\u00fablico en la terraza del hotel Petunia, en Cala Carb\u00f3 - Sant Josep \u00e9s m\u00fasica","og_description":"Vedr\u00e0 y a la puesta de sol, Petunia Ibiza es uno de los alojamientos m\u00e1s exclusivos de la isla. Cuenta con varios restaurantes que ofrecen m\u00fasica en vivo durante\u00a0 todo el verano. En esta ocasi\u00f3n los artistas invitados para abrir [&hellip;]","og_url":"https:\/\/musica.santjosep.org\/es\/concierto\/comienzan-los-conciertos-abiertos-al-publico-en-la-terraza-del-hotel-petunia-en-cala-carbo\/","og_site_name":"Sant Josep \u00e9s m\u00fasica","article_publisher":"https:\/\/www.facebook.com\/Sant-Josep-s-Msica-105337042007790","og_image":[{"width":1400,"height":933,"url":"https:\/\/musica.santjosep.org\/wp-content\/uploads\/2026\/04\/querencia12rec.jpg","type":"image\/jpeg"}],"twitter_card":"summary_large_image","twitter_site":"@MusicaSantJosep","twitter_misc":{"Tiempo de lectura":"1 minuto"},"schema":{"@context":"https:\/\/schema.org","@graph":[{"@type":"WebPage","@id":"https:\/\/musica.santjosep.org\/es\/concierto\/comienzan-los-conciertos-abiertos-al-publico-en-la-terraza-del-hotel-petunia-en-cala-carbo\/","url":"https:\/\/musica.santjosep.org\/es\/concierto\/comienzan-los-conciertos-abiertos-al-publico-en-la-terraza-del-hotel-petunia-en-cala-carbo\/","name":"Comienzan los conciertos abiertos al p\u00fablico en la terraza del hotel Petunia, en Cala Carb\u00f3 - Sant Josep \u00e9s m\u00fasica","isPartOf":{"@id":"https:\/\/musica.santjosep.org\/es\/#website"},"primaryImageOfPage":{"@id":"https:\/\/musica.santjosep.org\/es\/concierto\/comienzan-los-conciertos-abiertos-al-publico-en-la-terraza-del-hotel-petunia-en-cala-carbo\/#primaryimage"},"image":{"@id":"https:\/\/musica.santjosep.org\/es\/concierto\/comienzan-los-conciertos-abiertos-al-publico-en-la-terraza-del-hotel-petunia-en-cala-carbo\/#primaryimage"},"thumbnailUrl":"https:\/\/musica.santjosep.org\/wp-content\/uploads\/2026\/04\/querencia12rec.jpg","datePublished":"2026-04-23T15:21:51+00:00","breadcrumb":{"@id":"https:\/\/musica.santjosep.org\/es\/concierto\/comienzan-los-conciertos-abiertos-al-publico-en-la-terraza-del-hotel-petunia-en-cala-carbo\/#breadcrumb"},"inLanguage":"es","potentialAction":[{"@type":"ReadAction","target":["https:\/\/musica.santjosep.org\/es\/concierto\/comienzan-los-conciertos-abiertos-al-publico-en-la-terraza-del-hotel-petunia-en-cala-carbo\/"]}]},{"@type":"ImageObject","inLanguage":"es","@id":"https:\/\/musica.santjosep.org\/es\/concierto\/comienzan-los-conciertos-abiertos-al-publico-en-la-terraza-del-hotel-petunia-en-cala-carbo\/#primaryimage","url":"https:\/\/musica.santjosep.org\/wp-content\/uploads\/2026\/04\/querencia12rec.jpg","contentUrl":"https:\/\/musica.santjosep.org\/wp-content\/uploads\/2026\/04\/querencia12rec.jpg","width":1400,"height":933},{"@type":"BreadcrumbList","@id":"https:\/\/musica.santjosep.org\/es\/concierto\/comienzan-los-conciertos-abiertos-al-publico-en-la-terraza-del-hotel-petunia-en-cala-carbo\/#breadcrumb","itemListElement":[{"@type":"ListItem","position":1,"name":"Portada","item":"https:\/\/musica.santjosep.org\/es\/"},{"@type":"ListItem","position":2,"name":"Eventos","item":"https:\/\/musica.santjosep.org\/es\/concerts\/"},{"@type":"ListItem","position":3,"name":"Comienzan los conciertos abiertos al p\u00fablico en la terraza del hotel Petunia, en Cala Carb\u00f3"}]},{"@type":"WebSite","@id":"https:\/\/musica.santjosep.org\/es\/#website","url":"https:\/\/musica.santjosep.org\/es\/","name":"Sant Josep \u00e9s m\u00fasica","description":"Informaci\u00f3n actualizada de todos los conciertos, grupos y artistas que act\u00faen tanto en fiestas y festivales, como en establecimientos privados en el municipio de Sant Josep de sa Talaia","publisher":{"@id":"https:\/\/musica.santjosep.org\/es\/#organization"},"potentialAction":[{"@type":"SearchAction","target":{"@type":"EntryPoint","urlTemplate":"https:\/\/musica.santjosep.org\/es\/?s={search_term_string}"},"query-input":{"@type":"PropertyValueSpecification","valueRequired":true,"valueName":"search_term_string"}}],"inLanguage":"es"},{"@type":"Organization","@id":"https:\/\/musica.santjosep.org\/es\/#organization","name":"Sant Josep \u00e9s m\u00fasica","url":"https:\/\/musica.santjosep.org\/es\/","logo":{"@type":"ImageObject","inLanguage":"es","@id":"https:\/\/musica.santjosep.org\/es\/#\/schema\/logo\/image\/","url":"https:\/\/musica.santjosep.org\/wp-content\/uploads\/2022\/01\/logo-SJEM.png","contentUrl":"https:\/\/musica.santjosep.org\/wp-content\/uploads\/2022\/01\/logo-SJEM.png","width":213,"height":103,"caption":"Sant Josep \u00e9s m\u00fasica"},"image":{"@id":"https:\/\/musica.santjosep.org\/es\/#\/schema\/logo\/image\/"},"sameAs":["https:\/\/www.facebook.com\/Sant-Josep-s-Msica-105337042007790","https:\/\/x.com\/MusicaSantJosep","https:\/\/www.instagram.com\/musicasantjosep\/","https:\/\/www.youtube.com\/channel\/UCBSLSUpqfrfsiOMVslmZEJA"]}]}},"_links":{"self":[{"href":"https:\/\/musica.santjosep.org\/es\/wp-json\/wp\/v2\/tribe_events\/56771","targetHints":{"allow":["GET"]}}],"collection":[{"href":"https:\/\/musica.santjosep.org\/es\/wp-json\/wp\/v2\/tribe_events"}],"about":[{"href":"https:\/\/musica.santjosep.org\/es\/wp-json\/wp\/v2\/types\/tribe_events"}],"author":[{"embeddable":true,"href":"https:\/\/musica.santjosep.org\/es\/wp-json\/wp\/v2\/users\/2"}],"version-history":[{"count":1,"href":"https:\/\/musica.santjosep.org\/es\/wp-json\/wp\/v2\/tribe_events\/56771\/revisions"}],"predecessor-version":[{"id":56772,"href":"https:\/\/musica.santjosep.org\/es\/wp-json\/wp\/v2\/tribe_events\/56771\/revisions\/56772"}],"wp:featuredmedia":[{"embeddable":true,"href":"https:\/\/musica.santjosep.org\/es\/wp-json\/wp\/v2\/media\/56724"}],"wp:attachment":[{"href":"https:\/\/musica.santjosep.org\/es\/wp-json\/wp\/v2\/media?parent=56771"}],"wp:term":[{"taxonomy":"post_tag","embeddable":true,"href":"https:\/\/musica.santjosep.org\/es\/wp-json\/wp\/v2\/tags?post=56771"},{"taxonomy":"tribe_events_cat","embeddable":true,"href":"https:\/\/musica.santjosep.org\/es\/wp-json\/wp\/v2\/tribe_events_cat?post=56771"}],"curies":[{"name":"wp","href":"https:\/\/api.w.org\/{rel}","templated":true}]}}