{"id":55819,"date":"2026-03-11T14:45:11","date_gmt":"2026-03-11T13:45:11","guid":{"rendered":"https:\/\/musica.santjosep.org\/?post_type=tribe_events&#038;p=55819"},"modified":"2026-03-11T14:48:05","modified_gmt":"2026-03-11T13:48:05","slug":"homenaje-musical-y-teatral-a-joan-mari-cardona-en-la-iglesia-de-sant-josep","status":"publish","type":"tribe_events","link":"https:\/\/musica.santjosep.org\/es\/concierto\/homenaje-musical-y-teatral-a-joan-mari-cardona-en-la-iglesia-de-sant-josep\/","title":{"rendered":"Homenaje musical y teatral a Joan Mar\u00ed Cardona, en la iglesia de Sant Josep"},"content":{"rendered":"<p>El programa de las fiestas patronales de Sant Josep de sa Talaia incluye la representaci\u00f3n \u2018Camins d\u2019histo\u0300ria. Oratori Joan Mari\u0301 Cardona\u2019, una obra teatral musicada creada con motivo del centenario del nacimiento del sacerdote e historiador ibicenco. La interpretaci\u00f3n corre a cargo del Cor de Sant Josep, bajo la direcci\u00f3n de Jordi Marti\u0301, y de varios actores del Institut d\u2019Estudis Eivissencs. El texto es obra de Bernat Joan y la m\u00fasica de Bartomeu Tur.<\/p>\n<p><a href=\"https:\/\/musica.santjosep.org\/wp-content\/uploads\/2026\/02\/Programa-Festes-Sant-Josep-2026-Ok.pdf\" target=\"_blank\" rel=\"noopener\">Descarga el programa completo de las fiestas de Sant Josep<\/a><\/p>\n","protected":false},"excerpt":{"rendered":"<p>El programa de las fiestas patronales de Sant Josep de sa Talaia incluye la representaci\u00f3n \u2018Camins d\u2019histo\u0300ria. Oratori Joan Mari\u0301 Cardona\u2019, una obra teatral musicada creada con motivo del centenario del nacimiento del sacerdote e historiador ibicenco. La interpretaci\u00f3n corre [&hellip;]<\/p>\n","protected":false},"author":2,"featured_media":55821,"template":"","meta":{"_acf_changed":false,"_tribe_events_status":"","_tribe_events_status_reason":"","_tribe_events_is_hybrid":"","_tribe_events_is_virtual":"","_tribe_events_virtual_video_source":"","_tribe_events_virtual_embed_video":"","_tribe_events_virtual_linked_button_text":"","_tribe_events_virtual_linked_button":"","_tribe_events_virtual_show_embed_at":"","_tribe_events_virtual_show_embed_to":[],"_tribe_events_virtual_show_on_event":"","_tribe_events_virtual_show_on_views":"","_tribe_events_virtual_url":"","footnotes":""},"tags":[],"tribe_events_cat":[56,17],"class_list":["post-55819","tribe_events","type-tribe_events","status-publish","has-post-thumbnail","hentry","tribe_events_cat-clasica","tribe_events_cat-folk","cat_clasica","cat_folk"],"acf":[],"yoast_head":"<!-- This site is optimized with the Yoast SEO plugin v26.6 - https:\/\/yoast.com\/wordpress\/plugins\/seo\/ -->\n<title>Homenaje musical y teatral a Joan Mar\u00ed Cardona, en la iglesia de Sant Josep - Sant Josep \u00e9s m\u00fasica<\/title>\n<meta name=\"robots\" content=\"index, follow, max-snippet:-1, max-image-preview:large, max-video-preview:-1\" \/>\n<link rel=\"canonical\" href=\"https:\/\/musica.santjosep.org\/es\/concierto\/homenaje-musical-y-teatral-a-joan-mari-cardona-en-la-iglesia-de-sant-josep\/\" \/>\n<meta property=\"og:locale\" content=\"es_ES\" \/>\n<meta property=\"og:type\" content=\"article\" \/>\n<meta property=\"og:title\" content=\"Homenaje musical y teatral a Joan Mar\u00ed Cardona, en la iglesia de Sant Josep - Sant Josep \u00e9s m\u00fasica\" \/>\n<meta property=\"og:description\" content=\"El programa de las fiestas patronales de Sant Josep de sa Talaia incluye la representaci\u00f3n \u2018Camins d\u2019histo\u0300ria. Oratori Joan Mari\u0301 Cardona\u2019, una obra teatral musicada creada con motivo del centenario del nacimiento del sacerdote e historiador ibicenco. La interpretaci\u00f3n corre [&hellip;]\" \/>\n<meta property=\"og:url\" content=\"https:\/\/musica.santjosep.org\/es\/concierto\/homenaje-musical-y-teatral-a-joan-mari-cardona-en-la-iglesia-de-sant-josep\/\" \/>\n<meta property=\"og:site_name\" content=\"Sant Josep \u00e9s m\u00fasica\" \/>\n<meta property=\"article:publisher\" content=\"https:\/\/www.facebook.com\/Sant-Josep-s-Msica-105337042007790\" \/>\n<meta property=\"article:modified_time\" content=\"2026-03-11T13:48:05+00:00\" \/>\n<meta property=\"og:image\" content=\"https:\/\/musica.santjosep.org\/wp-content\/uploads\/2026\/03\/mari-cardona-rec.jpg\" \/>\n\t<meta property=\"og:image:width\" content=\"1400\" \/>\n\t<meta property=\"og:image:height\" content=\"933\" \/>\n\t<meta property=\"og:image:type\" content=\"image\/jpeg\" \/>\n<meta name=\"twitter:card\" content=\"summary_large_image\" \/>\n<meta name=\"twitter:site\" content=\"@MusicaSantJosep\" \/>\n<meta name=\"twitter:label1\" content=\"Tiempo de lectura\" \/>\n\t<meta name=\"twitter:data1\" content=\"1 minuto\" \/>\n<script type=\"application\/ld+json\" class=\"yoast-schema-graph\">{\"@context\":\"https:\/\/schema.org\",\"@graph\":[{\"@type\":\"WebPage\",\"@id\":\"https:\/\/musica.santjosep.org\/es\/concierto\/homenaje-musical-y-teatral-a-joan-mari-cardona-en-la-iglesia-de-sant-josep\/\",\"url\":\"https:\/\/musica.santjosep.org\/es\/concierto\/homenaje-musical-y-teatral-a-joan-mari-cardona-en-la-iglesia-de-sant-josep\/\",\"name\":\"Homenaje musical y teatral a Joan Mar\u00ed Cardona, en la iglesia de Sant Josep - Sant Josep \u00e9s m\u00fasica\",\"isPartOf\":{\"@id\":\"https:\/\/musica.santjosep.org\/es\/#website\"},\"primaryImageOfPage\":{\"@id\":\"https:\/\/musica.santjosep.org\/es\/concierto\/homenaje-musical-y-teatral-a-joan-mari-cardona-en-la-iglesia-de-sant-josep\/#primaryimage\"},\"image\":{\"@id\":\"https:\/\/musica.santjosep.org\/es\/concierto\/homenaje-musical-y-teatral-a-joan-mari-cardona-en-la-iglesia-de-sant-josep\/#primaryimage\"},\"thumbnailUrl\":\"https:\/\/musica.santjosep.org\/wp-content\/uploads\/2026\/03\/mari-cardona-rec.jpg\",\"datePublished\":\"2026-03-11T13:45:11+00:00\",\"dateModified\":\"2026-03-11T13:48:05+00:00\",\"breadcrumb\":{\"@id\":\"https:\/\/musica.santjosep.org\/es\/concierto\/homenaje-musical-y-teatral-a-joan-mari-cardona-en-la-iglesia-de-sant-josep\/#breadcrumb\"},\"inLanguage\":\"es\",\"potentialAction\":[{\"@type\":\"ReadAction\",\"target\":[\"https:\/\/musica.santjosep.org\/es\/concierto\/homenaje-musical-y-teatral-a-joan-mari-cardona-en-la-iglesia-de-sant-josep\/\"]}]},{\"@type\":\"ImageObject\",\"inLanguage\":\"es\",\"@id\":\"https:\/\/musica.santjosep.org\/es\/concierto\/homenaje-musical-y-teatral-a-joan-mari-cardona-en-la-iglesia-de-sant-josep\/#primaryimage\",\"url\":\"https:\/\/musica.santjosep.org\/wp-content\/uploads\/2026\/03\/mari-cardona-rec.jpg\",\"contentUrl\":\"https:\/\/musica.santjosep.org\/wp-content\/uploads\/2026\/03\/mari-cardona-rec.jpg\",\"width\":1400,\"height\":933},{\"@type\":\"BreadcrumbList\",\"@id\":\"https:\/\/musica.santjosep.org\/es\/concierto\/homenaje-musical-y-teatral-a-joan-mari-cardona-en-la-iglesia-de-sant-josep\/#breadcrumb\",\"itemListElement\":[{\"@type\":\"ListItem\",\"position\":1,\"name\":\"Portada\",\"item\":\"https:\/\/musica.santjosep.org\/es\/\"},{\"@type\":\"ListItem\",\"position\":2,\"name\":\"Eventos\",\"item\":\"https:\/\/musica.santjosep.org\/es\/concerts\/\"},{\"@type\":\"ListItem\",\"position\":3,\"name\":\"Homenaje musical y teatral a Joan Mar\u00ed Cardona, en la iglesia de Sant Josep\"}]},{\"@type\":\"WebSite\",\"@id\":\"https:\/\/musica.santjosep.org\/es\/#website\",\"url\":\"https:\/\/musica.santjosep.org\/es\/\",\"name\":\"Sant Josep \u00e9s m\u00fasica\",\"description\":\"Informaci\u00f3n actualizada de todos los conciertos, grupos y artistas que act\u00faen tanto en fiestas y festivales, como en establecimientos privados en el municipio de Sant Josep de sa Talaia\",\"publisher\":{\"@id\":\"https:\/\/musica.santjosep.org\/es\/#organization\"},\"potentialAction\":[{\"@type\":\"SearchAction\",\"target\":{\"@type\":\"EntryPoint\",\"urlTemplate\":\"https:\/\/musica.santjosep.org\/es\/?s={search_term_string}\"},\"query-input\":{\"@type\":\"PropertyValueSpecification\",\"valueRequired\":true,\"valueName\":\"search_term_string\"}}],\"inLanguage\":\"es\"},{\"@type\":\"Organization\",\"@id\":\"https:\/\/musica.santjosep.org\/es\/#organization\",\"name\":\"Sant Josep \u00e9s m\u00fasica\",\"url\":\"https:\/\/musica.santjosep.org\/es\/\",\"logo\":{\"@type\":\"ImageObject\",\"inLanguage\":\"es\",\"@id\":\"https:\/\/musica.santjosep.org\/es\/#\/schema\/logo\/image\/\",\"url\":\"https:\/\/musica.santjosep.org\/wp-content\/uploads\/2022\/01\/logo-SJEM.png\",\"contentUrl\":\"https:\/\/musica.santjosep.org\/wp-content\/uploads\/2022\/01\/logo-SJEM.png\",\"width\":213,\"height\":103,\"caption\":\"Sant Josep \u00e9s m\u00fasica\"},\"image\":{\"@id\":\"https:\/\/musica.santjosep.org\/es\/#\/schema\/logo\/image\/\"},\"sameAs\":[\"https:\/\/www.facebook.com\/Sant-Josep-s-Msica-105337042007790\",\"https:\/\/x.com\/MusicaSantJosep\",\"https:\/\/www.instagram.com\/musicasantjosep\/\",\"https:\/\/www.youtube.com\/channel\/UCBSLSUpqfrfsiOMVslmZEJA\"]}]}<\/script>\n<!-- \/ Yoast SEO plugin. -->","yoast_head_json":{"title":"Homenaje musical y teatral a Joan Mar\u00ed Cardona, en la iglesia de Sant Josep - Sant Josep \u00e9s m\u00fasica","robots":{"index":"index","follow":"follow","max-snippet":"max-snippet:-1","max-image-preview":"max-image-preview:large","max-video-preview":"max-video-preview:-1"},"canonical":"https:\/\/musica.santjosep.org\/es\/concierto\/homenaje-musical-y-teatral-a-joan-mari-cardona-en-la-iglesia-de-sant-josep\/","og_locale":"es_ES","og_type":"article","og_title":"Homenaje musical y teatral a Joan Mar\u00ed Cardona, en la iglesia de Sant Josep - Sant Josep \u00e9s m\u00fasica","og_description":"El programa de las fiestas patronales de Sant Josep de sa Talaia incluye la representaci\u00f3n \u2018Camins d\u2019histo\u0300ria. Oratori Joan Mari\u0301 Cardona\u2019, una obra teatral musicada creada con motivo del centenario del nacimiento del sacerdote e historiador ibicenco. La interpretaci\u00f3n corre [&hellip;]","og_url":"https:\/\/musica.santjosep.org\/es\/concierto\/homenaje-musical-y-teatral-a-joan-mari-cardona-en-la-iglesia-de-sant-josep\/","og_site_name":"Sant Josep \u00e9s m\u00fasica","article_publisher":"https:\/\/www.facebook.com\/Sant-Josep-s-Msica-105337042007790","article_modified_time":"2026-03-11T13:48:05+00:00","og_image":[{"width":1400,"height":933,"url":"https:\/\/musica.santjosep.org\/wp-content\/uploads\/2026\/03\/mari-cardona-rec.jpg","type":"image\/jpeg"}],"twitter_card":"summary_large_image","twitter_site":"@MusicaSantJosep","twitter_misc":{"Tiempo de lectura":"1 minuto"},"schema":{"@context":"https:\/\/schema.org","@graph":[{"@type":"WebPage","@id":"https:\/\/musica.santjosep.org\/es\/concierto\/homenaje-musical-y-teatral-a-joan-mari-cardona-en-la-iglesia-de-sant-josep\/","url":"https:\/\/musica.santjosep.org\/es\/concierto\/homenaje-musical-y-teatral-a-joan-mari-cardona-en-la-iglesia-de-sant-josep\/","name":"Homenaje musical y teatral a Joan Mar\u00ed Cardona, en la iglesia de Sant Josep - Sant Josep \u00e9s m\u00fasica","isPartOf":{"@id":"https:\/\/musica.santjosep.org\/es\/#website"},"primaryImageOfPage":{"@id":"https:\/\/musica.santjosep.org\/es\/concierto\/homenaje-musical-y-teatral-a-joan-mari-cardona-en-la-iglesia-de-sant-josep\/#primaryimage"},"image":{"@id":"https:\/\/musica.santjosep.org\/es\/concierto\/homenaje-musical-y-teatral-a-joan-mari-cardona-en-la-iglesia-de-sant-josep\/#primaryimage"},"thumbnailUrl":"https:\/\/musica.santjosep.org\/wp-content\/uploads\/2026\/03\/mari-cardona-rec.jpg","datePublished":"2026-03-11T13:45:11+00:00","dateModified":"2026-03-11T13:48:05+00:00","breadcrumb":{"@id":"https:\/\/musica.santjosep.org\/es\/concierto\/homenaje-musical-y-teatral-a-joan-mari-cardona-en-la-iglesia-de-sant-josep\/#breadcrumb"},"inLanguage":"es","potentialAction":[{"@type":"ReadAction","target":["https:\/\/musica.santjosep.org\/es\/concierto\/homenaje-musical-y-teatral-a-joan-mari-cardona-en-la-iglesia-de-sant-josep\/"]}]},{"@type":"ImageObject","inLanguage":"es","@id":"https:\/\/musica.santjosep.org\/es\/concierto\/homenaje-musical-y-teatral-a-joan-mari-cardona-en-la-iglesia-de-sant-josep\/#primaryimage","url":"https:\/\/musica.santjosep.org\/wp-content\/uploads\/2026\/03\/mari-cardona-rec.jpg","contentUrl":"https:\/\/musica.santjosep.org\/wp-content\/uploads\/2026\/03\/mari-cardona-rec.jpg","width":1400,"height":933},{"@type":"BreadcrumbList","@id":"https:\/\/musica.santjosep.org\/es\/concierto\/homenaje-musical-y-teatral-a-joan-mari-cardona-en-la-iglesia-de-sant-josep\/#breadcrumb","itemListElement":[{"@type":"ListItem","position":1,"name":"Portada","item":"https:\/\/musica.santjosep.org\/es\/"},{"@type":"ListItem","position":2,"name":"Eventos","item":"https:\/\/musica.santjosep.org\/es\/concerts\/"},{"@type":"ListItem","position":3,"name":"Homenaje musical y teatral a Joan Mar\u00ed Cardona, en la iglesia de Sant Josep"}]},{"@type":"WebSite","@id":"https:\/\/musica.santjosep.org\/es\/#website","url":"https:\/\/musica.santjosep.org\/es\/","name":"Sant Josep \u00e9s m\u00fasica","description":"Informaci\u00f3n actualizada de todos los conciertos, grupos y artistas que act\u00faen tanto en fiestas y festivales, como en establecimientos privados en el municipio de Sant Josep de sa Talaia","publisher":{"@id":"https:\/\/musica.santjosep.org\/es\/#organization"},"potentialAction":[{"@type":"SearchAction","target":{"@type":"EntryPoint","urlTemplate":"https:\/\/musica.santjosep.org\/es\/?s={search_term_string}"},"query-input":{"@type":"PropertyValueSpecification","valueRequired":true,"valueName":"search_term_string"}}],"inLanguage":"es"},{"@type":"Organization","@id":"https:\/\/musica.santjosep.org\/es\/#organization","name":"Sant Josep \u00e9s m\u00fasica","url":"https:\/\/musica.santjosep.org\/es\/","logo":{"@type":"ImageObject","inLanguage":"es","@id":"https:\/\/musica.santjosep.org\/es\/#\/schema\/logo\/image\/","url":"https:\/\/musica.santjosep.org\/wp-content\/uploads\/2022\/01\/logo-SJEM.png","contentUrl":"https:\/\/musica.santjosep.org\/wp-content\/uploads\/2022\/01\/logo-SJEM.png","width":213,"height":103,"caption":"Sant Josep \u00e9s m\u00fasica"},"image":{"@id":"https:\/\/musica.santjosep.org\/es\/#\/schema\/logo\/image\/"},"sameAs":["https:\/\/www.facebook.com\/Sant-Josep-s-Msica-105337042007790","https:\/\/x.com\/MusicaSantJosep","https:\/\/www.instagram.com\/musicasantjosep\/","https:\/\/www.youtube.com\/channel\/UCBSLSUpqfrfsiOMVslmZEJA"]}]}},"_links":{"self":[{"href":"https:\/\/musica.santjosep.org\/es\/wp-json\/wp\/v2\/tribe_events\/55819","targetHints":{"allow":["GET"]}}],"collection":[{"href":"https:\/\/musica.santjosep.org\/es\/wp-json\/wp\/v2\/tribe_events"}],"about":[{"href":"https:\/\/musica.santjosep.org\/es\/wp-json\/wp\/v2\/types\/tribe_events"}],"author":[{"embeddable":true,"href":"https:\/\/musica.santjosep.org\/es\/wp-json\/wp\/v2\/users\/2"}],"version-history":[{"count":2,"href":"https:\/\/musica.santjosep.org\/es\/wp-json\/wp\/v2\/tribe_events\/55819\/revisions"}],"predecessor-version":[{"id":55827,"href":"https:\/\/musica.santjosep.org\/es\/wp-json\/wp\/v2\/tribe_events\/55819\/revisions\/55827"}],"wp:featuredmedia":[{"embeddable":true,"href":"https:\/\/musica.santjosep.org\/es\/wp-json\/wp\/v2\/media\/55821"}],"wp:attachment":[{"href":"https:\/\/musica.santjosep.org\/es\/wp-json\/wp\/v2\/media?parent=55819"}],"wp:term":[{"taxonomy":"post_tag","embeddable":true,"href":"https:\/\/musica.santjosep.org\/es\/wp-json\/wp\/v2\/tags?post=55819"},{"taxonomy":"tribe_events_cat","embeddable":true,"href":"https:\/\/musica.santjosep.org\/es\/wp-json\/wp\/v2\/tribe_events_cat?post=55819"}],"curies":[{"name":"wp","href":"https:\/\/api.w.org\/{rel}","templated":true}]}}