{"id":55599,"date":"2026-02-27T13:00:46","date_gmt":"2026-02-27T12:00:46","guid":{"rendered":"https:\/\/musica.santjosep.org\/?post_type=tribe_events&#038;p=55599"},"modified":"2026-03-26T18:00:52","modified_gmt":"2026-03-26T17:00:52","slug":"concierto-de-uncle-sal-en-es-galliner-en-la-prefiesta-del-sant-pepe-rock","status":"publish","type":"tribe_events","link":"https:\/\/musica.santjosep.org\/es\/concierto\/concierto-de-uncle-sal-en-es-galliner-en-la-prefiesta-del-sant-pepe-rock\/","title":{"rendered":"Concierto de Uncle Sal en Es Galliner, en la prefiesta del Sant Pepe Rock"},"content":{"rendered":"<p>Previamente a la XXVIII edici\u00f3n del Sant Pepe Rock, el programa de las fiestas patronales contempla la celebraci\u00f3n de distintos conciertos en los bares del pueblo, entre las 16 y las 20 horas. El grupo elegido por el restaurante Es Galliner es Uncle Sal y adem\u00e1s actuar\u00e1n Eivissurfers (Can Bernat Vinya), The Metrallas (La Espiga\/60 Grados), Stocks Organ Tr\u00edo (Can Riku) y ZZ Rock (Sa Raval). Adem\u00e1s, se realizar\u00e1 una fiesta infantil denominada Pepito Rock, con actividades para los m\u00e1s peque\u00f1os, entre las 17 y las 19 horas. M\u00e4go de Oz y S\u00f4ber, ya en el Sant Pepe, actuar\u00e1n por la noche, con D-Ramones a los platos entre actuaciones.<\/p>\n<p>Uncle Sal se encuentra celebrando el d\u00e9cimo aniversario de su primer \u00e1lbum, <em>Little Cabin Music<\/em>, que lanzaron en 2015 tras grabarlo con Joan Barb\u00e9 en Magrana Studios. Esta banda ibicenca de rock americano fue fundada en 2010 y actualmente est\u00e1 formada por Soulman Sal (voz y guitarra), Francis Fastfingers (bajo), Artimus Gabe (bater\u00eda), Ferran Nogu\u00e9s (guitarra) y Cristian Krivoruchko (\u00f3rgano Hammond).<\/p>\n<p><iframe loading=\"lazy\" title=\"&#039;Moonage Daydream&#039; (Uncle Sal)\" width=\"1100\" height=\"619\" src=\"https:\/\/www.youtube.com\/embed\/WoNkSzSY2jM?feature=oembed\" frameborder=\"0\" allow=\"accelerometer; autoplay; clipboard-write; encrypted-media; gyroscope; picture-in-picture; web-share\" referrerpolicy=\"strict-origin-when-cross-origin\" allowfullscreen><\/iframe><\/p>\n<p>Durante el concierto interpretar\u00e1n la mayor parte de las canciones del disco, junto con otras de sus tres siguientes \u00e1lbumes: <em>You Ain\u2019t No Bluesman<\/em> (2017), <em>The American Dream<\/em> (2019) y <em>Darken My Door<\/em> (2021). Sus influencias brotan del folk rock americano de los 70, desde los Allman Brothers a Neil Young o Bob Dylan. Adem\u00e1s de su extenso repertorio propio, interpretan algunas versiones muy personales de cl\u00e1sicos del rock sure\u00f1o y artistas m\u00e1s actuales. Su evoluci\u00f3n es seguida muy de cerca por publicaciones especializadas en blues y rock de todo el pa\u00eds y todos los a\u00f1os ofrecen conciertos en festivales y locales de la pen\u00ednsula, hasta el extremo de ser considerados una de las bandas de rock sure\u00f1o m\u00e1s punteras.<\/p>\n<p><a href=\"https:\/\/musica.santjosep.org\/wp-content\/uploads\/2026\/02\/Programa-Festes-Sant-Josep-2026-Ok.pdf\" target=\"_blank\" rel=\"noopener\">Descarga el programa completo de las fiestas de Sant Josep<\/a><\/p>\n","protected":false},"excerpt":{"rendered":"<p>Previamente a la XXVIII edici\u00f3n del Sant Pepe Rock, el programa de las fiestas patronales contempla la celebraci\u00f3n de distintos conciertos en los bares del pueblo, entre las 16 y las 20 horas. El grupo elegido por el restaurante Es [&hellip;]<\/p>\n","protected":false},"author":2,"featured_media":55600,"template":"","meta":{"_acf_changed":false,"_tribe_events_status":"","_tribe_events_status_reason":"","_tribe_events_is_hybrid":"","_tribe_events_is_virtual":"","_tribe_events_virtual_video_source":"","_tribe_events_virtual_embed_video":"","_tribe_events_virtual_linked_button_text":"","_tribe_events_virtual_linked_button":"","_tribe_events_virtual_show_embed_at":"","_tribe_events_virtual_show_embed_to":[],"_tribe_events_virtual_show_on_event":"","_tribe_events_virtual_show_on_views":"","_tribe_events_virtual_url":"","footnotes":""},"tags":[],"tribe_events_cat":[15],"class_list":["post-55599","tribe_events","type-tribe_events","status-publish","has-post-thumbnail","hentry","tribe_events_cat-rock","cat_rock"],"acf":[],"yoast_head":"<!-- This site is optimized with the Yoast SEO plugin v26.6 - https:\/\/yoast.com\/wordpress\/plugins\/seo\/ -->\n<title>Concierto de Uncle Sal en Es Galliner, en la prefiesta del Sant Pepe Rock - Sant Josep \u00e9s m\u00fasica<\/title>\n<meta name=\"robots\" content=\"index, follow, max-snippet:-1, max-image-preview:large, max-video-preview:-1\" \/>\n<link rel=\"canonical\" href=\"https:\/\/musica.santjosep.org\/es\/concierto\/concierto-de-uncle-sal-en-es-galliner-en-la-prefiesta-del-sant-pepe-rock\/\" \/>\n<meta property=\"og:locale\" content=\"es_ES\" \/>\n<meta property=\"og:type\" content=\"article\" \/>\n<meta property=\"og:title\" content=\"Concierto de Uncle Sal en Es Galliner, en la prefiesta del Sant Pepe Rock - Sant Josep \u00e9s m\u00fasica\" \/>\n<meta property=\"og:description\" content=\"Previamente a la XXVIII edici\u00f3n del Sant Pepe Rock, el programa de las fiestas patronales contempla la celebraci\u00f3n de distintos conciertos en los bares del pueblo, entre las 16 y las 20 horas. El grupo elegido por el restaurante Es [&hellip;]\" \/>\n<meta property=\"og:url\" content=\"https:\/\/musica.santjosep.org\/es\/concierto\/concierto-de-uncle-sal-en-es-galliner-en-la-prefiesta-del-sant-pepe-rock\/\" \/>\n<meta property=\"og:site_name\" content=\"Sant Josep \u00e9s m\u00fasica\" \/>\n<meta property=\"article:publisher\" content=\"https:\/\/www.facebook.com\/Sant-Josep-s-Msica-105337042007790\" \/>\n<meta property=\"article:modified_time\" content=\"2026-03-26T17:00:52+00:00\" \/>\n<meta property=\"og:image\" content=\"https:\/\/musica.santjosep.org\/wp-content\/uploads\/2026\/02\/Uncle-Sal-Correbars-15.jpg\" \/>\n\t<meta property=\"og:image:width\" content=\"1400\" \/>\n\t<meta property=\"og:image:height\" content=\"933\" \/>\n\t<meta property=\"og:image:type\" content=\"image\/jpeg\" \/>\n<meta name=\"twitter:card\" content=\"summary_large_image\" \/>\n<meta name=\"twitter:site\" content=\"@MusicaSantJosep\" \/>\n<meta name=\"twitter:label1\" content=\"Tiempo de lectura\" \/>\n\t<meta name=\"twitter:data1\" content=\"2 minutos\" \/>\n<script type=\"application\/ld+json\" class=\"yoast-schema-graph\">{\"@context\":\"https:\/\/schema.org\",\"@graph\":[{\"@type\":\"WebPage\",\"@id\":\"https:\/\/musica.santjosep.org\/es\/concierto\/concierto-de-uncle-sal-en-es-galliner-en-la-prefiesta-del-sant-pepe-rock\/\",\"url\":\"https:\/\/musica.santjosep.org\/es\/concierto\/concierto-de-uncle-sal-en-es-galliner-en-la-prefiesta-del-sant-pepe-rock\/\",\"name\":\"Concierto de Uncle Sal en Es Galliner, en la prefiesta del Sant Pepe Rock - Sant Josep \u00e9s m\u00fasica\",\"isPartOf\":{\"@id\":\"https:\/\/musica.santjosep.org\/es\/#website\"},\"primaryImageOfPage\":{\"@id\":\"https:\/\/musica.santjosep.org\/es\/concierto\/concierto-de-uncle-sal-en-es-galliner-en-la-prefiesta-del-sant-pepe-rock\/#primaryimage\"},\"image\":{\"@id\":\"https:\/\/musica.santjosep.org\/es\/concierto\/concierto-de-uncle-sal-en-es-galliner-en-la-prefiesta-del-sant-pepe-rock\/#primaryimage\"},\"thumbnailUrl\":\"https:\/\/musica.santjosep.org\/wp-content\/uploads\/2026\/02\/Uncle-Sal-Correbars-15.jpg\",\"datePublished\":\"2026-02-27T12:00:46+00:00\",\"dateModified\":\"2026-03-26T17:00:52+00:00\",\"breadcrumb\":{\"@id\":\"https:\/\/musica.santjosep.org\/es\/concierto\/concierto-de-uncle-sal-en-es-galliner-en-la-prefiesta-del-sant-pepe-rock\/#breadcrumb\"},\"inLanguage\":\"es\",\"potentialAction\":[{\"@type\":\"ReadAction\",\"target\":[\"https:\/\/musica.santjosep.org\/es\/concierto\/concierto-de-uncle-sal-en-es-galliner-en-la-prefiesta-del-sant-pepe-rock\/\"]}]},{\"@type\":\"ImageObject\",\"inLanguage\":\"es\",\"@id\":\"https:\/\/musica.santjosep.org\/es\/concierto\/concierto-de-uncle-sal-en-es-galliner-en-la-prefiesta-del-sant-pepe-rock\/#primaryimage\",\"url\":\"https:\/\/musica.santjosep.org\/wp-content\/uploads\/2026\/02\/Uncle-Sal-Correbars-15.jpg\",\"contentUrl\":\"https:\/\/musica.santjosep.org\/wp-content\/uploads\/2026\/02\/Uncle-Sal-Correbars-15.jpg\",\"width\":1400,\"height\":933,\"caption\":\"Joan F. Ribas\"},{\"@type\":\"BreadcrumbList\",\"@id\":\"https:\/\/musica.santjosep.org\/es\/concierto\/concierto-de-uncle-sal-en-es-galliner-en-la-prefiesta-del-sant-pepe-rock\/#breadcrumb\",\"itemListElement\":[{\"@type\":\"ListItem\",\"position\":1,\"name\":\"Portada\",\"item\":\"https:\/\/musica.santjosep.org\/es\/\"},{\"@type\":\"ListItem\",\"position\":2,\"name\":\"Eventos\",\"item\":\"https:\/\/musica.santjosep.org\/es\/concerts\/\"},{\"@type\":\"ListItem\",\"position\":3,\"name\":\"Concierto de Uncle Sal en Es Galliner, en la prefiesta del Sant Pepe Rock\"}]},{\"@type\":\"WebSite\",\"@id\":\"https:\/\/musica.santjosep.org\/es\/#website\",\"url\":\"https:\/\/musica.santjosep.org\/es\/\",\"name\":\"Sant Josep \u00e9s m\u00fasica\",\"description\":\"Informaci\u00f3n actualizada de todos los conciertos, grupos y artistas que act\u00faen tanto en fiestas y festivales, como en establecimientos privados en el municipio de Sant Josep de sa Talaia\",\"publisher\":{\"@id\":\"https:\/\/musica.santjosep.org\/es\/#organization\"},\"potentialAction\":[{\"@type\":\"SearchAction\",\"target\":{\"@type\":\"EntryPoint\",\"urlTemplate\":\"https:\/\/musica.santjosep.org\/es\/?s={search_term_string}\"},\"query-input\":{\"@type\":\"PropertyValueSpecification\",\"valueRequired\":true,\"valueName\":\"search_term_string\"}}],\"inLanguage\":\"es\"},{\"@type\":\"Organization\",\"@id\":\"https:\/\/musica.santjosep.org\/es\/#organization\",\"name\":\"Sant Josep \u00e9s m\u00fasica\",\"url\":\"https:\/\/musica.santjosep.org\/es\/\",\"logo\":{\"@type\":\"ImageObject\",\"inLanguage\":\"es\",\"@id\":\"https:\/\/musica.santjosep.org\/es\/#\/schema\/logo\/image\/\",\"url\":\"https:\/\/musica.santjosep.org\/wp-content\/uploads\/2022\/01\/logo-SJEM.png\",\"contentUrl\":\"https:\/\/musica.santjosep.org\/wp-content\/uploads\/2022\/01\/logo-SJEM.png\",\"width\":213,\"height\":103,\"caption\":\"Sant Josep \u00e9s m\u00fasica\"},\"image\":{\"@id\":\"https:\/\/musica.santjosep.org\/es\/#\/schema\/logo\/image\/\"},\"sameAs\":[\"https:\/\/www.facebook.com\/Sant-Josep-s-Msica-105337042007790\",\"https:\/\/x.com\/MusicaSantJosep\",\"https:\/\/www.instagram.com\/musicasantjosep\/\",\"https:\/\/www.youtube.com\/channel\/UCBSLSUpqfrfsiOMVslmZEJA\"]}]}<\/script>\n<!-- \/ Yoast SEO plugin. -->","yoast_head_json":{"title":"Concierto de Uncle Sal en Es Galliner, en la prefiesta del Sant Pepe Rock - Sant Josep \u00e9s m\u00fasica","robots":{"index":"index","follow":"follow","max-snippet":"max-snippet:-1","max-image-preview":"max-image-preview:large","max-video-preview":"max-video-preview:-1"},"canonical":"https:\/\/musica.santjosep.org\/es\/concierto\/concierto-de-uncle-sal-en-es-galliner-en-la-prefiesta-del-sant-pepe-rock\/","og_locale":"es_ES","og_type":"article","og_title":"Concierto de Uncle Sal en Es Galliner, en la prefiesta del Sant Pepe Rock - Sant Josep \u00e9s m\u00fasica","og_description":"Previamente a la XXVIII edici\u00f3n del Sant Pepe Rock, el programa de las fiestas patronales contempla la celebraci\u00f3n de distintos conciertos en los bares del pueblo, entre las 16 y las 20 horas. El grupo elegido por el restaurante Es [&hellip;]","og_url":"https:\/\/musica.santjosep.org\/es\/concierto\/concierto-de-uncle-sal-en-es-galliner-en-la-prefiesta-del-sant-pepe-rock\/","og_site_name":"Sant Josep \u00e9s m\u00fasica","article_publisher":"https:\/\/www.facebook.com\/Sant-Josep-s-Msica-105337042007790","article_modified_time":"2026-03-26T17:00:52+00:00","og_image":[{"width":1400,"height":933,"url":"https:\/\/musica.santjosep.org\/wp-content\/uploads\/2026\/02\/Uncle-Sal-Correbars-15.jpg","type":"image\/jpeg"}],"twitter_card":"summary_large_image","twitter_site":"@MusicaSantJosep","twitter_misc":{"Tiempo de lectura":"2 minutos"},"schema":{"@context":"https:\/\/schema.org","@graph":[{"@type":"WebPage","@id":"https:\/\/musica.santjosep.org\/es\/concierto\/concierto-de-uncle-sal-en-es-galliner-en-la-prefiesta-del-sant-pepe-rock\/","url":"https:\/\/musica.santjosep.org\/es\/concierto\/concierto-de-uncle-sal-en-es-galliner-en-la-prefiesta-del-sant-pepe-rock\/","name":"Concierto de Uncle Sal en Es Galliner, en la prefiesta del Sant Pepe Rock - Sant Josep \u00e9s m\u00fasica","isPartOf":{"@id":"https:\/\/musica.santjosep.org\/es\/#website"},"primaryImageOfPage":{"@id":"https:\/\/musica.santjosep.org\/es\/concierto\/concierto-de-uncle-sal-en-es-galliner-en-la-prefiesta-del-sant-pepe-rock\/#primaryimage"},"image":{"@id":"https:\/\/musica.santjosep.org\/es\/concierto\/concierto-de-uncle-sal-en-es-galliner-en-la-prefiesta-del-sant-pepe-rock\/#primaryimage"},"thumbnailUrl":"https:\/\/musica.santjosep.org\/wp-content\/uploads\/2026\/02\/Uncle-Sal-Correbars-15.jpg","datePublished":"2026-02-27T12:00:46+00:00","dateModified":"2026-03-26T17:00:52+00:00","breadcrumb":{"@id":"https:\/\/musica.santjosep.org\/es\/concierto\/concierto-de-uncle-sal-en-es-galliner-en-la-prefiesta-del-sant-pepe-rock\/#breadcrumb"},"inLanguage":"es","potentialAction":[{"@type":"ReadAction","target":["https:\/\/musica.santjosep.org\/es\/concierto\/concierto-de-uncle-sal-en-es-galliner-en-la-prefiesta-del-sant-pepe-rock\/"]}]},{"@type":"ImageObject","inLanguage":"es","@id":"https:\/\/musica.santjosep.org\/es\/concierto\/concierto-de-uncle-sal-en-es-galliner-en-la-prefiesta-del-sant-pepe-rock\/#primaryimage","url":"https:\/\/musica.santjosep.org\/wp-content\/uploads\/2026\/02\/Uncle-Sal-Correbars-15.jpg","contentUrl":"https:\/\/musica.santjosep.org\/wp-content\/uploads\/2026\/02\/Uncle-Sal-Correbars-15.jpg","width":1400,"height":933,"caption":"Joan F. Ribas"},{"@type":"BreadcrumbList","@id":"https:\/\/musica.santjosep.org\/es\/concierto\/concierto-de-uncle-sal-en-es-galliner-en-la-prefiesta-del-sant-pepe-rock\/#breadcrumb","itemListElement":[{"@type":"ListItem","position":1,"name":"Portada","item":"https:\/\/musica.santjosep.org\/es\/"},{"@type":"ListItem","position":2,"name":"Eventos","item":"https:\/\/musica.santjosep.org\/es\/concerts\/"},{"@type":"ListItem","position":3,"name":"Concierto de Uncle Sal en Es Galliner, en la prefiesta del Sant Pepe Rock"}]},{"@type":"WebSite","@id":"https:\/\/musica.santjosep.org\/es\/#website","url":"https:\/\/musica.santjosep.org\/es\/","name":"Sant Josep \u00e9s m\u00fasica","description":"Informaci\u00f3n actualizada de todos los conciertos, grupos y artistas que act\u00faen tanto en fiestas y festivales, como en establecimientos privados en el municipio de Sant Josep de sa Talaia","publisher":{"@id":"https:\/\/musica.santjosep.org\/es\/#organization"},"potentialAction":[{"@type":"SearchAction","target":{"@type":"EntryPoint","urlTemplate":"https:\/\/musica.santjosep.org\/es\/?s={search_term_string}"},"query-input":{"@type":"PropertyValueSpecification","valueRequired":true,"valueName":"search_term_string"}}],"inLanguage":"es"},{"@type":"Organization","@id":"https:\/\/musica.santjosep.org\/es\/#organization","name":"Sant Josep \u00e9s m\u00fasica","url":"https:\/\/musica.santjosep.org\/es\/","logo":{"@type":"ImageObject","inLanguage":"es","@id":"https:\/\/musica.santjosep.org\/es\/#\/schema\/logo\/image\/","url":"https:\/\/musica.santjosep.org\/wp-content\/uploads\/2022\/01\/logo-SJEM.png","contentUrl":"https:\/\/musica.santjosep.org\/wp-content\/uploads\/2022\/01\/logo-SJEM.png","width":213,"height":103,"caption":"Sant Josep \u00e9s m\u00fasica"},"image":{"@id":"https:\/\/musica.santjosep.org\/es\/#\/schema\/logo\/image\/"},"sameAs":["https:\/\/www.facebook.com\/Sant-Josep-s-Msica-105337042007790","https:\/\/x.com\/MusicaSantJosep","https:\/\/www.instagram.com\/musicasantjosep\/","https:\/\/www.youtube.com\/channel\/UCBSLSUpqfrfsiOMVslmZEJA"]}]}},"_links":{"self":[{"href":"https:\/\/musica.santjosep.org\/es\/wp-json\/wp\/v2\/tribe_events\/55599","targetHints":{"allow":["GET"]}}],"collection":[{"href":"https:\/\/musica.santjosep.org\/es\/wp-json\/wp\/v2\/tribe_events"}],"about":[{"href":"https:\/\/musica.santjosep.org\/es\/wp-json\/wp\/v2\/types\/tribe_events"}],"author":[{"embeddable":true,"href":"https:\/\/musica.santjosep.org\/es\/wp-json\/wp\/v2\/users\/2"}],"version-history":[{"count":3,"href":"https:\/\/musica.santjosep.org\/es\/wp-json\/wp\/v2\/tribe_events\/55599\/revisions"}],"predecessor-version":[{"id":56110,"href":"https:\/\/musica.santjosep.org\/es\/wp-json\/wp\/v2\/tribe_events\/55599\/revisions\/56110"}],"wp:featuredmedia":[{"embeddable":true,"href":"https:\/\/musica.santjosep.org\/es\/wp-json\/wp\/v2\/media\/55600"}],"wp:attachment":[{"href":"https:\/\/musica.santjosep.org\/es\/wp-json\/wp\/v2\/media?parent=55599"}],"wp:term":[{"taxonomy":"post_tag","embeddable":true,"href":"https:\/\/musica.santjosep.org\/es\/wp-json\/wp\/v2\/tags?post=55599"},{"taxonomy":"tribe_events_cat","embeddable":true,"href":"https:\/\/musica.santjosep.org\/es\/wp-json\/wp\/v2\/tribe_events_cat?post=55599"}],"curies":[{"name":"wp","href":"https:\/\/api.w.org\/{rel}","templated":true}]}}