{"id":54208,"date":"2025-12-10T18:50:53","date_gmt":"2025-12-10T17:50:53","guid":{"rendered":"https:\/\/musica.santjosep.org\/?post_type=tribe_events&#038;p=54208"},"modified":"2025-12-10T18:55:05","modified_gmt":"2025-12-10T17:55:05","slug":"cozy-duo-con-maya-alexander-porter-y-juan-ainvar-en-el-escenario-de-cas-mestre","status":"publish","type":"tribe_events","link":"https:\/\/musica.santjosep.org\/es\/concierto\/cozy-duo-con-maya-alexander-porter-y-juan-ainvar-en-el-escenario-de-cas-mestre\/","title":{"rendered":"Cozy Duo, con Maya Alexander Porter y Juan Ainvar, en el escenario de Cas Mestre"},"content":{"rendered":"<p>El bar restaurante Cas Mestre, en es Cubells, sigue programando sus viernes de concierto, con un cartel que en esta ocasi\u00f3n protagoniza Cozy Duo, formado por la cantante americana Maya Alexander Porter y el guitarrista asturiano Juan Ainvar. Ambos residen en Formentera y se mueven constantemente por los escenarios pitiusos, con un repertorio de soul, pop, rock, reggae, funk y otros g\u00e9neros. Entre los artistas que versionan figuran Bob Marley, Al Green, Bruno Mars, Stevie Wonder, Michael Jackson\u2026<\/p>\n","protected":false},"excerpt":{"rendered":"<p>El bar restaurante Cas Mestre, en es Cubells, sigue programando sus viernes de concierto, con un cartel que en esta ocasi\u00f3n protagoniza Cozy Duo, formado por la cantante americana Maya Alexander Porter y el guitarrista asturiano Juan Ainvar. Ambos residen [&hellip;]<\/p>\n","protected":false},"author":2,"featured_media":54211,"template":"","meta":{"_acf_changed":false,"_tribe_events_status":"","_tribe_events_status_reason":"","_tribe_events_is_hybrid":"","_tribe_events_is_virtual":"","_tribe_events_virtual_video_source":"","_tribe_events_virtual_embed_video":"","_tribe_events_virtual_linked_button_text":"","_tribe_events_virtual_linked_button":"","_tribe_events_virtual_show_embed_at":"","_tribe_events_virtual_show_embed_to":[],"_tribe_events_virtual_show_on_event":"","_tribe_events_virtual_show_on_views":"","_tribe_events_virtual_url":"","footnotes":""},"tags":[],"tribe_events_cat":[21,29,50],"class_list":["post-54208","tribe_events","type-tribe_events","status-publish","has-post-thumbnail","hentry","tribe_events_cat-funky","tribe_events_cat-pop","tribe_events_cat-soul","cat_funky","cat_pop","cat_soul"],"acf":[],"yoast_head":"<!-- This site is optimized with the Yoast SEO plugin v26.6 - https:\/\/yoast.com\/wordpress\/plugins\/seo\/ -->\n<title>Cozy Duo, con Maya Alexander Porter y Juan Ainvar, en el escenario de Cas Mestre - Sant Josep \u00e9s m\u00fasica<\/title>\n<meta name=\"robots\" content=\"index, follow, max-snippet:-1, max-image-preview:large, max-video-preview:-1\" \/>\n<link rel=\"canonical\" href=\"https:\/\/musica.santjosep.org\/es\/concierto\/cozy-duo-con-maya-alexander-porter-y-juan-ainvar-en-el-escenario-de-cas-mestre\/\" \/>\n<meta property=\"og:locale\" content=\"es_ES\" \/>\n<meta property=\"og:type\" content=\"article\" \/>\n<meta property=\"og:title\" content=\"Cozy Duo, con Maya Alexander Porter y Juan Ainvar, en el escenario de Cas Mestre - Sant Josep \u00e9s m\u00fasica\" \/>\n<meta property=\"og:description\" content=\"El bar restaurante Cas Mestre, en es Cubells, sigue programando sus viernes de concierto, con un cartel que en esta ocasi\u00f3n protagoniza Cozy Duo, formado por la cantante americana Maya Alexander Porter y el guitarrista asturiano Juan Ainvar. Ambos residen [&hellip;]\" \/>\n<meta property=\"og:url\" content=\"https:\/\/musica.santjosep.org\/es\/concierto\/cozy-duo-con-maya-alexander-porter-y-juan-ainvar-en-el-escenario-de-cas-mestre\/\" \/>\n<meta property=\"og:site_name\" content=\"Sant Josep \u00e9s m\u00fasica\" \/>\n<meta property=\"article:publisher\" content=\"https:\/\/www.facebook.com\/Sant-Josep-s-Msica-105337042007790\" \/>\n<meta property=\"article:modified_time\" content=\"2025-12-10T17:55:05+00:00\" \/>\n<meta property=\"og:image\" content=\"https:\/\/musica.santjosep.org\/wp-content\/uploads\/2025\/12\/image1-rec.jpg\" \/>\n\t<meta property=\"og:image:width\" content=\"1755\" \/>\n\t<meta property=\"og:image:height\" content=\"1170\" \/>\n\t<meta property=\"og:image:type\" content=\"image\/jpeg\" \/>\n<meta name=\"twitter:card\" content=\"summary_large_image\" \/>\n<meta name=\"twitter:site\" content=\"@MusicaSantJosep\" \/>\n<meta name=\"twitter:label1\" content=\"Tiempo de lectura\" \/>\n\t<meta name=\"twitter:data1\" content=\"1 minuto\" \/>\n<script type=\"application\/ld+json\" class=\"yoast-schema-graph\">{\"@context\":\"https:\/\/schema.org\",\"@graph\":[{\"@type\":\"WebPage\",\"@id\":\"https:\/\/musica.santjosep.org\/es\/concierto\/cozy-duo-con-maya-alexander-porter-y-juan-ainvar-en-el-escenario-de-cas-mestre\/\",\"url\":\"https:\/\/musica.santjosep.org\/es\/concierto\/cozy-duo-con-maya-alexander-porter-y-juan-ainvar-en-el-escenario-de-cas-mestre\/\",\"name\":\"Cozy Duo, con Maya Alexander Porter y Juan Ainvar, en el escenario de Cas Mestre - Sant Josep \u00e9s m\u00fasica\",\"isPartOf\":{\"@id\":\"https:\/\/musica.santjosep.org\/es\/#website\"},\"primaryImageOfPage\":{\"@id\":\"https:\/\/musica.santjosep.org\/es\/concierto\/cozy-duo-con-maya-alexander-porter-y-juan-ainvar-en-el-escenario-de-cas-mestre\/#primaryimage\"},\"image\":{\"@id\":\"https:\/\/musica.santjosep.org\/es\/concierto\/cozy-duo-con-maya-alexander-porter-y-juan-ainvar-en-el-escenario-de-cas-mestre\/#primaryimage\"},\"thumbnailUrl\":\"https:\/\/musica.santjosep.org\/wp-content\/uploads\/2025\/12\/image1-rec.jpg\",\"datePublished\":\"2025-12-10T17:50:53+00:00\",\"dateModified\":\"2025-12-10T17:55:05+00:00\",\"breadcrumb\":{\"@id\":\"https:\/\/musica.santjosep.org\/es\/concierto\/cozy-duo-con-maya-alexander-porter-y-juan-ainvar-en-el-escenario-de-cas-mestre\/#breadcrumb\"},\"inLanguage\":\"es\",\"potentialAction\":[{\"@type\":\"ReadAction\",\"target\":[\"https:\/\/musica.santjosep.org\/es\/concierto\/cozy-duo-con-maya-alexander-porter-y-juan-ainvar-en-el-escenario-de-cas-mestre\/\"]}]},{\"@type\":\"ImageObject\",\"inLanguage\":\"es\",\"@id\":\"https:\/\/musica.santjosep.org\/es\/concierto\/cozy-duo-con-maya-alexander-porter-y-juan-ainvar-en-el-escenario-de-cas-mestre\/#primaryimage\",\"url\":\"https:\/\/musica.santjosep.org\/wp-content\/uploads\/2025\/12\/image1-rec.jpg\",\"contentUrl\":\"https:\/\/musica.santjosep.org\/wp-content\/uploads\/2025\/12\/image1-rec.jpg\",\"width\":1755,\"height\":1170},{\"@type\":\"BreadcrumbList\",\"@id\":\"https:\/\/musica.santjosep.org\/es\/concierto\/cozy-duo-con-maya-alexander-porter-y-juan-ainvar-en-el-escenario-de-cas-mestre\/#breadcrumb\",\"itemListElement\":[{\"@type\":\"ListItem\",\"position\":1,\"name\":\"Portada\",\"item\":\"https:\/\/musica.santjosep.org\/es\/\"},{\"@type\":\"ListItem\",\"position\":2,\"name\":\"Eventos\",\"item\":\"https:\/\/musica.santjosep.org\/es\/concerts\/\"},{\"@type\":\"ListItem\",\"position\":3,\"name\":\"Cozy Duo, con Maya Alexander Porter y Juan Ainvar, en el escenario de Cas Mestre\"}]},{\"@type\":\"WebSite\",\"@id\":\"https:\/\/musica.santjosep.org\/es\/#website\",\"url\":\"https:\/\/musica.santjosep.org\/es\/\",\"name\":\"Sant Josep \u00e9s m\u00fasica\",\"description\":\"Informaci\u00f3n actualizada de todos los conciertos, grupos y artistas que act\u00faen tanto en fiestas y festivales, como en establecimientos privados en el municipio de Sant Josep de sa Talaia\",\"publisher\":{\"@id\":\"https:\/\/musica.santjosep.org\/es\/#organization\"},\"potentialAction\":[{\"@type\":\"SearchAction\",\"target\":{\"@type\":\"EntryPoint\",\"urlTemplate\":\"https:\/\/musica.santjosep.org\/es\/?s={search_term_string}\"},\"query-input\":{\"@type\":\"PropertyValueSpecification\",\"valueRequired\":true,\"valueName\":\"search_term_string\"}}],\"inLanguage\":\"es\"},{\"@type\":\"Organization\",\"@id\":\"https:\/\/musica.santjosep.org\/es\/#organization\",\"name\":\"Sant Josep \u00e9s m\u00fasica\",\"url\":\"https:\/\/musica.santjosep.org\/es\/\",\"logo\":{\"@type\":\"ImageObject\",\"inLanguage\":\"es\",\"@id\":\"https:\/\/musica.santjosep.org\/es\/#\/schema\/logo\/image\/\",\"url\":\"https:\/\/musica.santjosep.org\/wp-content\/uploads\/2022\/01\/logo-SJEM.png\",\"contentUrl\":\"https:\/\/musica.santjosep.org\/wp-content\/uploads\/2022\/01\/logo-SJEM.png\",\"width\":213,\"height\":103,\"caption\":\"Sant Josep \u00e9s m\u00fasica\"},\"image\":{\"@id\":\"https:\/\/musica.santjosep.org\/es\/#\/schema\/logo\/image\/\"},\"sameAs\":[\"https:\/\/www.facebook.com\/Sant-Josep-s-Msica-105337042007790\",\"https:\/\/x.com\/MusicaSantJosep\",\"https:\/\/www.instagram.com\/musicasantjosep\/\",\"https:\/\/www.youtube.com\/channel\/UCBSLSUpqfrfsiOMVslmZEJA\"]}]}<\/script>\n<!-- \/ Yoast SEO plugin. -->","yoast_head_json":{"title":"Cozy Duo, con Maya Alexander Porter y Juan Ainvar, en el escenario de Cas Mestre - Sant Josep \u00e9s m\u00fasica","robots":{"index":"index","follow":"follow","max-snippet":"max-snippet:-1","max-image-preview":"max-image-preview:large","max-video-preview":"max-video-preview:-1"},"canonical":"https:\/\/musica.santjosep.org\/es\/concierto\/cozy-duo-con-maya-alexander-porter-y-juan-ainvar-en-el-escenario-de-cas-mestre\/","og_locale":"es_ES","og_type":"article","og_title":"Cozy Duo, con Maya Alexander Porter y Juan Ainvar, en el escenario de Cas Mestre - Sant Josep \u00e9s m\u00fasica","og_description":"El bar restaurante Cas Mestre, en es Cubells, sigue programando sus viernes de concierto, con un cartel que en esta ocasi\u00f3n protagoniza Cozy Duo, formado por la cantante americana Maya Alexander Porter y el guitarrista asturiano Juan Ainvar. Ambos residen [&hellip;]","og_url":"https:\/\/musica.santjosep.org\/es\/concierto\/cozy-duo-con-maya-alexander-porter-y-juan-ainvar-en-el-escenario-de-cas-mestre\/","og_site_name":"Sant Josep \u00e9s m\u00fasica","article_publisher":"https:\/\/www.facebook.com\/Sant-Josep-s-Msica-105337042007790","article_modified_time":"2025-12-10T17:55:05+00:00","og_image":[{"width":1755,"height":1170,"url":"https:\/\/musica.santjosep.org\/wp-content\/uploads\/2025\/12\/image1-rec.jpg","type":"image\/jpeg"}],"twitter_card":"summary_large_image","twitter_site":"@MusicaSantJosep","twitter_misc":{"Tiempo de lectura":"1 minuto"},"schema":{"@context":"https:\/\/schema.org","@graph":[{"@type":"WebPage","@id":"https:\/\/musica.santjosep.org\/es\/concierto\/cozy-duo-con-maya-alexander-porter-y-juan-ainvar-en-el-escenario-de-cas-mestre\/","url":"https:\/\/musica.santjosep.org\/es\/concierto\/cozy-duo-con-maya-alexander-porter-y-juan-ainvar-en-el-escenario-de-cas-mestre\/","name":"Cozy Duo, con Maya Alexander Porter y Juan Ainvar, en el escenario de Cas Mestre - Sant Josep \u00e9s m\u00fasica","isPartOf":{"@id":"https:\/\/musica.santjosep.org\/es\/#website"},"primaryImageOfPage":{"@id":"https:\/\/musica.santjosep.org\/es\/concierto\/cozy-duo-con-maya-alexander-porter-y-juan-ainvar-en-el-escenario-de-cas-mestre\/#primaryimage"},"image":{"@id":"https:\/\/musica.santjosep.org\/es\/concierto\/cozy-duo-con-maya-alexander-porter-y-juan-ainvar-en-el-escenario-de-cas-mestre\/#primaryimage"},"thumbnailUrl":"https:\/\/musica.santjosep.org\/wp-content\/uploads\/2025\/12\/image1-rec.jpg","datePublished":"2025-12-10T17:50:53+00:00","dateModified":"2025-12-10T17:55:05+00:00","breadcrumb":{"@id":"https:\/\/musica.santjosep.org\/es\/concierto\/cozy-duo-con-maya-alexander-porter-y-juan-ainvar-en-el-escenario-de-cas-mestre\/#breadcrumb"},"inLanguage":"es","potentialAction":[{"@type":"ReadAction","target":["https:\/\/musica.santjosep.org\/es\/concierto\/cozy-duo-con-maya-alexander-porter-y-juan-ainvar-en-el-escenario-de-cas-mestre\/"]}]},{"@type":"ImageObject","inLanguage":"es","@id":"https:\/\/musica.santjosep.org\/es\/concierto\/cozy-duo-con-maya-alexander-porter-y-juan-ainvar-en-el-escenario-de-cas-mestre\/#primaryimage","url":"https:\/\/musica.santjosep.org\/wp-content\/uploads\/2025\/12\/image1-rec.jpg","contentUrl":"https:\/\/musica.santjosep.org\/wp-content\/uploads\/2025\/12\/image1-rec.jpg","width":1755,"height":1170},{"@type":"BreadcrumbList","@id":"https:\/\/musica.santjosep.org\/es\/concierto\/cozy-duo-con-maya-alexander-porter-y-juan-ainvar-en-el-escenario-de-cas-mestre\/#breadcrumb","itemListElement":[{"@type":"ListItem","position":1,"name":"Portada","item":"https:\/\/musica.santjosep.org\/es\/"},{"@type":"ListItem","position":2,"name":"Eventos","item":"https:\/\/musica.santjosep.org\/es\/concerts\/"},{"@type":"ListItem","position":3,"name":"Cozy Duo, con Maya Alexander Porter y Juan Ainvar, en el escenario de Cas Mestre"}]},{"@type":"WebSite","@id":"https:\/\/musica.santjosep.org\/es\/#website","url":"https:\/\/musica.santjosep.org\/es\/","name":"Sant Josep \u00e9s m\u00fasica","description":"Informaci\u00f3n actualizada de todos los conciertos, grupos y artistas que act\u00faen tanto en fiestas y festivales, como en establecimientos privados en el municipio de Sant Josep de sa Talaia","publisher":{"@id":"https:\/\/musica.santjosep.org\/es\/#organization"},"potentialAction":[{"@type":"SearchAction","target":{"@type":"EntryPoint","urlTemplate":"https:\/\/musica.santjosep.org\/es\/?s={search_term_string}"},"query-input":{"@type":"PropertyValueSpecification","valueRequired":true,"valueName":"search_term_string"}}],"inLanguage":"es"},{"@type":"Organization","@id":"https:\/\/musica.santjosep.org\/es\/#organization","name":"Sant Josep \u00e9s m\u00fasica","url":"https:\/\/musica.santjosep.org\/es\/","logo":{"@type":"ImageObject","inLanguage":"es","@id":"https:\/\/musica.santjosep.org\/es\/#\/schema\/logo\/image\/","url":"https:\/\/musica.santjosep.org\/wp-content\/uploads\/2022\/01\/logo-SJEM.png","contentUrl":"https:\/\/musica.santjosep.org\/wp-content\/uploads\/2022\/01\/logo-SJEM.png","width":213,"height":103,"caption":"Sant Josep \u00e9s m\u00fasica"},"image":{"@id":"https:\/\/musica.santjosep.org\/es\/#\/schema\/logo\/image\/"},"sameAs":["https:\/\/www.facebook.com\/Sant-Josep-s-Msica-105337042007790","https:\/\/x.com\/MusicaSantJosep","https:\/\/www.instagram.com\/musicasantjosep\/","https:\/\/www.youtube.com\/channel\/UCBSLSUpqfrfsiOMVslmZEJA"]}]}},"_links":{"self":[{"href":"https:\/\/musica.santjosep.org\/es\/wp-json\/wp\/v2\/tribe_events\/54208","targetHints":{"allow":["GET"]}}],"collection":[{"href":"https:\/\/musica.santjosep.org\/es\/wp-json\/wp\/v2\/tribe_events"}],"about":[{"href":"https:\/\/musica.santjosep.org\/es\/wp-json\/wp\/v2\/types\/tribe_events"}],"author":[{"embeddable":true,"href":"https:\/\/musica.santjosep.org\/es\/wp-json\/wp\/v2\/users\/2"}],"version-history":[{"count":2,"href":"https:\/\/musica.santjosep.org\/es\/wp-json\/wp\/v2\/tribe_events\/54208\/revisions"}],"predecessor-version":[{"id":54219,"href":"https:\/\/musica.santjosep.org\/es\/wp-json\/wp\/v2\/tribe_events\/54208\/revisions\/54219"}],"wp:featuredmedia":[{"embeddable":true,"href":"https:\/\/musica.santjosep.org\/es\/wp-json\/wp\/v2\/media\/54211"}],"wp:attachment":[{"href":"https:\/\/musica.santjosep.org\/es\/wp-json\/wp\/v2\/media?parent=54208"}],"wp:term":[{"taxonomy":"post_tag","embeddable":true,"href":"https:\/\/musica.santjosep.org\/es\/wp-json\/wp\/v2\/tags?post=54208"},{"taxonomy":"tribe_events_cat","embeddable":true,"href":"https:\/\/musica.santjosep.org\/es\/wp-json\/wp\/v2\/tribe_events_cat?post=54208"}],"curies":[{"name":"wp","href":"https:\/\/api.w.org\/{rel}","templated":true}]}}