{"id":54134,"date":"2025-12-03T22:50:04","date_gmt":"2025-12-03T21:50:04","guid":{"rendered":"https:\/\/musica.santjosep.org\/?post_type=tribe_events&#038;p=54134"},"modified":"2025-12-03T22:50:04","modified_gmt":"2025-12-03T21:50:04","slug":"acoustic-springsteen-y-little-pomegranate-honey-en-el-soul-food-fest-de-calo-de-soli","status":"publish","type":"tribe_events","link":"https:\/\/musica.santjosep.org\/es\/concierto\/acoustic-springsteen-y-little-pomegranate-honey-en-el-soul-food-fest-de-calo-de-soli\/","title":{"rendered":"Acoustic Springsteen y Little Pomegranate Honey, en el Soul Food Fest de Cal\u00f3 de s\u2019Oli"},"content":{"rendered":"<p>El programa de las fiestas de Navidad de este a\u00f1o incluye la celebraci\u00f3n del V Soul Food Fest, que tuvo que aplazarse el pasado 12 de octubre, a causa de las intensas tormentas que cayeron esos d\u00edas en la isla. El evento combina la gastronom\u00eda sure\u00f1a de los Estados Unidos con las m\u00e1s profundas ra\u00edces del blues, el soul y otros g\u00e9neros norteamericanos y por \u00e9l han pasado leyendas norteamericanas como Willy Buck y Laretha Weathersby.<\/p>\n<p>Las bandas invitadas en esta edici\u00f3n tambi\u00e9n destacan por su calidad y la autenticidad de su propuesta musical, y son locales. Se trata de Acoustic Springsteen, formaci\u00f3n nacida hace tan s\u00f3lo unos meses y creada por prestigiosos m\u00fasicos de la isla, y Little Pomegranate Honey, grupo que destaca por la potencia de su rock y blues al estilo norteamericano.<\/p>\n<p>Adem\u00e1s, Betterman DJ estar\u00e1 a los platos, se servir\u00e1n raciones de Crawfish \u00c9touff\u00e9e (estofado de marisco t\u00edpico de la cocina criolla de Lousiana) y habr\u00e1 <em>food trucks<\/em>. El certamen lo organizan el Ayuntamiento de Sant Josep de sa Talaia y la Asociaci\u00f3n Cultural Great River Road, con el objetivo de dar a conocer el intenso v\u00ednculo existente entre cocina y cultura musical.<\/p>\n<p>La fiesta arrancar\u00e1 sobre las 12,30 horas, con la primera sesi\u00f3n de Betterman DJ, para dar paso despu\u00e9s a la actuaci\u00f3n de Acoustic Springsteen. Sobre las 15 horas se servir\u00e1 el estofado criollo de marisco, otra vez al ritmo de Betterman DJ, y finalmente subir\u00e1n al escenario Little Pomegranate Honey, alrededor de las 16 horas.<\/p>\n<p>El art\u00edstico p\u00f3ster realizado para el festival es obra del ilustrador, dise\u00f1ador y dj Ricard Bofill, tambi\u00e9n conocido como Ric Jazzbo, que ya realiz\u00f3 el de las dos ediciones anteriores.<\/p>\n<p><strong>Acoustic Springsteen: una selecci\u00f3n de temas inolvidables del cantautor americano<\/strong><\/p>\n<p>El origen de esta formaci\u00f3n se sit\u00faa en el mes de abril, cuando, con motivo de la inauguraci\u00f3n de una exposici\u00f3n de fotograf\u00eda musical que form\u00f3 parte de la primera edici\u00f3n del certamen \u2018Sant Josep \u00e9s Foto\u2019, el cantante y guitarrista de Uncle Sal, The Station Hollers y Five Guys Walk Into A Bar, Soulman Sal, ofreci\u00f3 un pase de versiones del cantautor norteamericano Bruce Springsteen, uno de sus artistas favoritos. Lo hizo acompa\u00f1ado del acordeonista de The Moonshine Band, Projecte Mut y Malag\u00fcero, Ra\u00fal Moya, y la experiencia result\u00f3 tan positiva y emotiva para el p\u00fablico que se hizo evidente que el proyecto deb\u00eda continuar y crecer.<\/p>\n<div id=\"attachment_54065\" style=\"width: 2010px\" class=\"wp-caption alignnone\"><img loading=\"lazy\" decoding=\"async\" aria-describedby=\"caption-attachment-54065\" class=\"wp-image-54065 size-full\" src=\"https:\/\/musica.santjosep.org\/wp-content\/uploads\/2024\/12\/Springsteen-52.jpg\" alt=\"\" width=\"2000\" height=\"1333\" srcset=\"https:\/\/musica.santjosep.org\/wp-content\/uploads\/2024\/12\/Springsteen-52.jpg 2000w, https:\/\/musica.santjosep.org\/wp-content\/uploads\/2024\/12\/Springsteen-52-300x200.jpg 300w, https:\/\/musica.santjosep.org\/wp-content\/uploads\/2024\/12\/Springsteen-52-1024x682.jpg 1024w, https:\/\/musica.santjosep.org\/wp-content\/uploads\/2024\/12\/Springsteen-52-768x512.jpg 768w, https:\/\/musica.santjosep.org\/wp-content\/uploads\/2024\/12\/Springsteen-52-1536x1024.jpg 1536w\" sizes=\"auto, (max-width: 2000px) 100vw, 2000px\" \/><p id=\"caption-attachment-54065\" class=\"wp-caption-text\">Acoustic Springsteen. Foto: Joan F. Ribas<\/p><\/div>\n<p>Ambos m\u00fasicos ficharon tambi\u00e9n al bajista y contrabajista David Mascar\u00f3, actualmente en ZZ Rock y antes en The Frigolos, y, tras varios meses ensayando un <em>setlist<\/em> de 15 \u00f3 16 temas, ofrecieron un primer concierto como tr\u00edo en Can Jordi, al que luego han seguido otros que han impactado al p\u00fablico por el <em>feeling<\/em> y la profundidad con que interpretan las composiciones m\u00e1s \u00edntimas del Boss. Entre las canciones de su repertorio figuran cl\u00e1sicos como \u2018Bobby Jean\u2019, \u2018The River\u2019, \u2018Dancing in The Dark\u2019, \u2018Point Black\u2019, \u2018Atlantic City\u2019 o \u2018Spirit in The Night\u2019.<\/p>\n<p><strong>Little Pomegranate Honey: un quinteto que es \u2018mel de magraneta\u2019<\/strong><\/p>\n<p>El nombre de este grupo, Little Pomegranate Honey, ya constituye toda una declaraci\u00f3n de intenciones. Significa \u2018Mel de magraneta\u2019, que en ibicenco es un delicioso n\u00e9ctar que producen las granadas de variedad peque\u00f1a. La banda, por tanto, sirve un repertorio musical igual de suculento compuesto por versiones de grandes artistas y bandas de blues y rock, como The Allman Brothers, B. B. King, Fleetwood Mac, Peter Green, John Lee Hooker, Derek &amp; The Dominos, etc\u00e9tera.<\/p>\n<div id=\"attachment_54053\" style=\"width: 1410px\" class=\"wp-caption alignnone\"><img loading=\"lazy\" decoding=\"async\" aria-describedby=\"caption-attachment-54053\" class=\"wp-image-54053 size-full\" src=\"https:\/\/musica.santjosep.org\/wp-content\/uploads\/2024\/12\/Litle-Pomegranate-Honey-21.jpg\" alt=\"\" width=\"1400\" height=\"933\" srcset=\"https:\/\/musica.santjosep.org\/wp-content\/uploads\/2024\/12\/Litle-Pomegranate-Honey-21.jpg 1400w, https:\/\/musica.santjosep.org\/wp-content\/uploads\/2024\/12\/Litle-Pomegranate-Honey-21-300x200.jpg 300w, https:\/\/musica.santjosep.org\/wp-content\/uploads\/2024\/12\/Litle-Pomegranate-Honey-21-1024x682.jpg 1024w, https:\/\/musica.santjosep.org\/wp-content\/uploads\/2024\/12\/Litle-Pomegranate-Honey-21-768x512.jpg 768w\" sizes=\"auto, (max-width: 1400px) 100vw, 1400px\" \/><p id=\"caption-attachment-54053\" class=\"wp-caption-text\">Little Pomegranate Honey. Foto: Joan F. Ribas<\/p><\/div>\n<p>Su impulsor es el joven guitarrista Marc Serra, que se encuentra estudiando en el prestigioso Berklee College of Music de Boston (Estados Unidos) y que recientemente ha recibido de Gibson y los Latin Grammy una de las tres becas mundiales que conceden conjuntamente. Tras crear The New Young Polaks cuando era tan s\u00f3lo un ni\u00f1o, grabando incluso un disco hom\u00f3nimo, form\u00f3 este nuevo proyecto, con el que act\u00faa siempre que viene a la isla. \u00c9l se ocupa de la guitarra y la voz, y le acompa\u00f1an cuatro artistas de primera: Jos\u00e9 David Cruz (guitarra, arm\u00f3nica y coros), V\u00edctor Gresely (teclados), Rafa Bonet (bajo) y Luis R. del Cerro (bater\u00eda).<\/p>\n<p>Puedes descargar el programa completo de las Fiestas de Navidad creado por el Ayuntamiento de Sant Josep y distintos colectivos sociales, en <a href=\"https:\/\/musica.santjosep.org\/wp-content\/uploads\/2025\/05\/Festes-Nadal-2025-comprimido.pdf\" target=\"_blank\" rel=\"noopener\">este enlace<\/a>.<\/p>\n","protected":false},"excerpt":{"rendered":"<p>El programa de las fiestas de Navidad de este a\u00f1o incluye la celebraci\u00f3n del V Soul Food Fest, que tuvo que aplazarse el pasado 12 de octubre, a causa de las intensas tormentas que cayeron esos d\u00edas en la isla. [&hellip;]<\/p>\n","protected":false},"author":2,"featured_media":54061,"template":"","meta":{"_acf_changed":false,"_tribe_events_status":"","_tribe_events_status_reason":"","_tribe_events_is_hybrid":"","_tribe_events_is_virtual":"","_tribe_events_virtual_video_source":"","_tribe_events_virtual_embed_video":"","_tribe_events_virtual_linked_button_text":"","_tribe_events_virtual_linked_button":"","_tribe_events_virtual_show_embed_at":"","_tribe_events_virtual_show_embed_to":[],"_tribe_events_virtual_show_on_event":"","_tribe_events_virtual_show_on_views":"","_tribe_events_virtual_url":"","footnotes":""},"tags":[],"tribe_events_cat":[16,17,15],"class_list":["post-54134","tribe_events","type-tribe_events","status-publish","has-post-thumbnail","hentry","tribe_events_cat-blues","tribe_events_cat-folk","tribe_events_cat-rock","cat_blues","cat_folk","cat_rock"],"acf":[],"yoast_head":"<!-- This site is optimized with the Yoast SEO plugin v26.6 - https:\/\/yoast.com\/wordpress\/plugins\/seo\/ -->\n<title>Acoustic Springsteen y Little Pomegranate Honey, en el Soul Food Fest de Cal\u00f3 de s\u2019Oli - Sant Josep \u00e9s m\u00fasica<\/title>\n<meta name=\"robots\" content=\"index, follow, max-snippet:-1, max-image-preview:large, max-video-preview:-1\" \/>\n<link rel=\"canonical\" href=\"https:\/\/musica.santjosep.org\/es\/concierto\/acoustic-springsteen-y-little-pomegranate-honey-en-el-soul-food-fest-de-calo-de-soli\/\" \/>\n<meta property=\"og:locale\" content=\"es_ES\" \/>\n<meta property=\"og:type\" content=\"article\" \/>\n<meta property=\"og:title\" content=\"Acoustic Springsteen y Little Pomegranate Honey, en el Soul Food Fest de Cal\u00f3 de s\u2019Oli - Sant Josep \u00e9s m\u00fasica\" \/>\n<meta property=\"og:description\" content=\"El programa de las fiestas de Navidad de este a\u00f1o incluye la celebraci\u00f3n del V Soul Food Fest, que tuvo que aplazarse el pasado 12 de octubre, a causa de las intensas tormentas que cayeron esos d\u00edas en la isla. [&hellip;]\" \/>\n<meta property=\"og:url\" content=\"https:\/\/musica.santjosep.org\/es\/concierto\/acoustic-springsteen-y-little-pomegranate-honey-en-el-soul-food-fest-de-calo-de-soli\/\" \/>\n<meta property=\"og:site_name\" content=\"Sant Josep \u00e9s m\u00fasica\" \/>\n<meta property=\"article:publisher\" content=\"https:\/\/www.facebook.com\/Sant-Josep-s-Msica-105337042007790\" \/>\n<meta property=\"og:image\" content=\"https:\/\/musica.santjosep.org\/wp-content\/uploads\/2024\/12\/SFF-121024-73-1024x682.jpg\" \/>\n\t<meta property=\"og:image:width\" content=\"1024\" \/>\n\t<meta property=\"og:image:height\" content=\"682\" \/>\n\t<meta property=\"og:image:type\" content=\"image\/jpeg\" \/>\n<meta name=\"twitter:card\" content=\"summary_large_image\" \/>\n<meta name=\"twitter:site\" content=\"@MusicaSantJosep\" \/>\n<meta name=\"twitter:label1\" content=\"Tiempo de lectura\" \/>\n\t<meta name=\"twitter:data1\" content=\"4 minutos\" \/>\n<script type=\"application\/ld+json\" class=\"yoast-schema-graph\">{\"@context\":\"https:\/\/schema.org\",\"@graph\":[{\"@type\":\"WebPage\",\"@id\":\"https:\/\/musica.santjosep.org\/es\/concierto\/acoustic-springsteen-y-little-pomegranate-honey-en-el-soul-food-fest-de-calo-de-soli\/\",\"url\":\"https:\/\/musica.santjosep.org\/es\/concierto\/acoustic-springsteen-y-little-pomegranate-honey-en-el-soul-food-fest-de-calo-de-soli\/\",\"name\":\"Acoustic Springsteen y Little Pomegranate Honey, en el Soul Food Fest de Cal\u00f3 de s\u2019Oli - Sant Josep \u00e9s m\u00fasica\",\"isPartOf\":{\"@id\":\"https:\/\/musica.santjosep.org\/es\/#website\"},\"primaryImageOfPage\":{\"@id\":\"https:\/\/musica.santjosep.org\/es\/concierto\/acoustic-springsteen-y-little-pomegranate-honey-en-el-soul-food-fest-de-calo-de-soli\/#primaryimage\"},\"image\":{\"@id\":\"https:\/\/musica.santjosep.org\/es\/concierto\/acoustic-springsteen-y-little-pomegranate-honey-en-el-soul-food-fest-de-calo-de-soli\/#primaryimage\"},\"thumbnailUrl\":\"https:\/\/musica.santjosep.org\/wp-content\/uploads\/2024\/12\/SFF-121024-73.jpg\",\"datePublished\":\"2025-12-03T21:50:04+00:00\",\"breadcrumb\":{\"@id\":\"https:\/\/musica.santjosep.org\/es\/concierto\/acoustic-springsteen-y-little-pomegranate-honey-en-el-soul-food-fest-de-calo-de-soli\/#breadcrumb\"},\"inLanguage\":\"es\",\"potentialAction\":[{\"@type\":\"ReadAction\",\"target\":[\"https:\/\/musica.santjosep.org\/es\/concierto\/acoustic-springsteen-y-little-pomegranate-honey-en-el-soul-food-fest-de-calo-de-soli\/\"]}]},{\"@type\":\"ImageObject\",\"inLanguage\":\"es\",\"@id\":\"https:\/\/musica.santjosep.org\/es\/concierto\/acoustic-springsteen-y-little-pomegranate-honey-en-el-soul-food-fest-de-calo-de-soli\/#primaryimage\",\"url\":\"https:\/\/musica.santjosep.org\/wp-content\/uploads\/2024\/12\/SFF-121024-73.jpg\",\"contentUrl\":\"https:\/\/musica.santjosep.org\/wp-content\/uploads\/2024\/12\/SFF-121024-73.jpg\",\"width\":2000,\"height\":1333,\"caption\":\"Soul Food Fest 2024. Foto: Joan F. Ribas\"},{\"@type\":\"BreadcrumbList\",\"@id\":\"https:\/\/musica.santjosep.org\/es\/concierto\/acoustic-springsteen-y-little-pomegranate-honey-en-el-soul-food-fest-de-calo-de-soli\/#breadcrumb\",\"itemListElement\":[{\"@type\":\"ListItem\",\"position\":1,\"name\":\"Portada\",\"item\":\"https:\/\/musica.santjosep.org\/es\/\"},{\"@type\":\"ListItem\",\"position\":2,\"name\":\"Eventos\",\"item\":\"https:\/\/musica.santjosep.org\/es\/concerts\/\"},{\"@type\":\"ListItem\",\"position\":3,\"name\":\"Acoustic Springsteen y Little Pomegranate Honey, en el Soul Food Fest de Cal\u00f3 de s\u2019Oli\"}]},{\"@type\":\"WebSite\",\"@id\":\"https:\/\/musica.santjosep.org\/es\/#website\",\"url\":\"https:\/\/musica.santjosep.org\/es\/\",\"name\":\"Sant Josep \u00e9s m\u00fasica\",\"description\":\"Informaci\u00f3n actualizada de todos los conciertos, grupos y artistas que act\u00faen tanto en fiestas y festivales, como en establecimientos privados en el municipio de Sant Josep de sa Talaia\",\"publisher\":{\"@id\":\"https:\/\/musica.santjosep.org\/es\/#organization\"},\"potentialAction\":[{\"@type\":\"SearchAction\",\"target\":{\"@type\":\"EntryPoint\",\"urlTemplate\":\"https:\/\/musica.santjosep.org\/es\/?s={search_term_string}\"},\"query-input\":{\"@type\":\"PropertyValueSpecification\",\"valueRequired\":true,\"valueName\":\"search_term_string\"}}],\"inLanguage\":\"es\"},{\"@type\":\"Organization\",\"@id\":\"https:\/\/musica.santjosep.org\/es\/#organization\",\"name\":\"Sant Josep \u00e9s m\u00fasica\",\"url\":\"https:\/\/musica.santjosep.org\/es\/\",\"logo\":{\"@type\":\"ImageObject\",\"inLanguage\":\"es\",\"@id\":\"https:\/\/musica.santjosep.org\/es\/#\/schema\/logo\/image\/\",\"url\":\"https:\/\/musica.santjosep.org\/wp-content\/uploads\/2022\/01\/logo-SJEM.png\",\"contentUrl\":\"https:\/\/musica.santjosep.org\/wp-content\/uploads\/2022\/01\/logo-SJEM.png\",\"width\":213,\"height\":103,\"caption\":\"Sant Josep \u00e9s m\u00fasica\"},\"image\":{\"@id\":\"https:\/\/musica.santjosep.org\/es\/#\/schema\/logo\/image\/\"},\"sameAs\":[\"https:\/\/www.facebook.com\/Sant-Josep-s-Msica-105337042007790\",\"https:\/\/x.com\/MusicaSantJosep\",\"https:\/\/www.instagram.com\/musicasantjosep\/\",\"https:\/\/www.youtube.com\/channel\/UCBSLSUpqfrfsiOMVslmZEJA\"]}]}<\/script>\n<!-- \/ Yoast SEO plugin. -->","yoast_head_json":{"title":"Acoustic Springsteen y Little Pomegranate Honey, en el Soul Food Fest de Cal\u00f3 de s\u2019Oli - Sant Josep \u00e9s m\u00fasica","robots":{"index":"index","follow":"follow","max-snippet":"max-snippet:-1","max-image-preview":"max-image-preview:large","max-video-preview":"max-video-preview:-1"},"canonical":"https:\/\/musica.santjosep.org\/es\/concierto\/acoustic-springsteen-y-little-pomegranate-honey-en-el-soul-food-fest-de-calo-de-soli\/","og_locale":"es_ES","og_type":"article","og_title":"Acoustic Springsteen y Little Pomegranate Honey, en el Soul Food Fest de Cal\u00f3 de s\u2019Oli - Sant Josep \u00e9s m\u00fasica","og_description":"El programa de las fiestas de Navidad de este a\u00f1o incluye la celebraci\u00f3n del V Soul Food Fest, que tuvo que aplazarse el pasado 12 de octubre, a causa de las intensas tormentas que cayeron esos d\u00edas en la isla. [&hellip;]","og_url":"https:\/\/musica.santjosep.org\/es\/concierto\/acoustic-springsteen-y-little-pomegranate-honey-en-el-soul-food-fest-de-calo-de-soli\/","og_site_name":"Sant Josep \u00e9s m\u00fasica","article_publisher":"https:\/\/www.facebook.com\/Sant-Josep-s-Msica-105337042007790","og_image":[{"width":1024,"height":682,"url":"https:\/\/musica.santjosep.org\/wp-content\/uploads\/2024\/12\/SFF-121024-73-1024x682.jpg","type":"image\/jpeg"}],"twitter_card":"summary_large_image","twitter_site":"@MusicaSantJosep","twitter_misc":{"Tiempo de lectura":"4 minutos"},"schema":{"@context":"https:\/\/schema.org","@graph":[{"@type":"WebPage","@id":"https:\/\/musica.santjosep.org\/es\/concierto\/acoustic-springsteen-y-little-pomegranate-honey-en-el-soul-food-fest-de-calo-de-soli\/","url":"https:\/\/musica.santjosep.org\/es\/concierto\/acoustic-springsteen-y-little-pomegranate-honey-en-el-soul-food-fest-de-calo-de-soli\/","name":"Acoustic Springsteen y Little Pomegranate Honey, en el Soul Food Fest de Cal\u00f3 de s\u2019Oli - Sant Josep \u00e9s m\u00fasica","isPartOf":{"@id":"https:\/\/musica.santjosep.org\/es\/#website"},"primaryImageOfPage":{"@id":"https:\/\/musica.santjosep.org\/es\/concierto\/acoustic-springsteen-y-little-pomegranate-honey-en-el-soul-food-fest-de-calo-de-soli\/#primaryimage"},"image":{"@id":"https:\/\/musica.santjosep.org\/es\/concierto\/acoustic-springsteen-y-little-pomegranate-honey-en-el-soul-food-fest-de-calo-de-soli\/#primaryimage"},"thumbnailUrl":"https:\/\/musica.santjosep.org\/wp-content\/uploads\/2024\/12\/SFF-121024-73.jpg","datePublished":"2025-12-03T21:50:04+00:00","breadcrumb":{"@id":"https:\/\/musica.santjosep.org\/es\/concierto\/acoustic-springsteen-y-little-pomegranate-honey-en-el-soul-food-fest-de-calo-de-soli\/#breadcrumb"},"inLanguage":"es","potentialAction":[{"@type":"ReadAction","target":["https:\/\/musica.santjosep.org\/es\/concierto\/acoustic-springsteen-y-little-pomegranate-honey-en-el-soul-food-fest-de-calo-de-soli\/"]}]},{"@type":"ImageObject","inLanguage":"es","@id":"https:\/\/musica.santjosep.org\/es\/concierto\/acoustic-springsteen-y-little-pomegranate-honey-en-el-soul-food-fest-de-calo-de-soli\/#primaryimage","url":"https:\/\/musica.santjosep.org\/wp-content\/uploads\/2024\/12\/SFF-121024-73.jpg","contentUrl":"https:\/\/musica.santjosep.org\/wp-content\/uploads\/2024\/12\/SFF-121024-73.jpg","width":2000,"height":1333,"caption":"Soul Food Fest 2024. Foto: Joan F. Ribas"},{"@type":"BreadcrumbList","@id":"https:\/\/musica.santjosep.org\/es\/concierto\/acoustic-springsteen-y-little-pomegranate-honey-en-el-soul-food-fest-de-calo-de-soli\/#breadcrumb","itemListElement":[{"@type":"ListItem","position":1,"name":"Portada","item":"https:\/\/musica.santjosep.org\/es\/"},{"@type":"ListItem","position":2,"name":"Eventos","item":"https:\/\/musica.santjosep.org\/es\/concerts\/"},{"@type":"ListItem","position":3,"name":"Acoustic Springsteen y Little Pomegranate Honey, en el Soul Food Fest de Cal\u00f3 de s\u2019Oli"}]},{"@type":"WebSite","@id":"https:\/\/musica.santjosep.org\/es\/#website","url":"https:\/\/musica.santjosep.org\/es\/","name":"Sant Josep \u00e9s m\u00fasica","description":"Informaci\u00f3n actualizada de todos los conciertos, grupos y artistas que act\u00faen tanto en fiestas y festivales, como en establecimientos privados en el municipio de Sant Josep de sa Talaia","publisher":{"@id":"https:\/\/musica.santjosep.org\/es\/#organization"},"potentialAction":[{"@type":"SearchAction","target":{"@type":"EntryPoint","urlTemplate":"https:\/\/musica.santjosep.org\/es\/?s={search_term_string}"},"query-input":{"@type":"PropertyValueSpecification","valueRequired":true,"valueName":"search_term_string"}}],"inLanguage":"es"},{"@type":"Organization","@id":"https:\/\/musica.santjosep.org\/es\/#organization","name":"Sant Josep \u00e9s m\u00fasica","url":"https:\/\/musica.santjosep.org\/es\/","logo":{"@type":"ImageObject","inLanguage":"es","@id":"https:\/\/musica.santjosep.org\/es\/#\/schema\/logo\/image\/","url":"https:\/\/musica.santjosep.org\/wp-content\/uploads\/2022\/01\/logo-SJEM.png","contentUrl":"https:\/\/musica.santjosep.org\/wp-content\/uploads\/2022\/01\/logo-SJEM.png","width":213,"height":103,"caption":"Sant Josep \u00e9s m\u00fasica"},"image":{"@id":"https:\/\/musica.santjosep.org\/es\/#\/schema\/logo\/image\/"},"sameAs":["https:\/\/www.facebook.com\/Sant-Josep-s-Msica-105337042007790","https:\/\/x.com\/MusicaSantJosep","https:\/\/www.instagram.com\/musicasantjosep\/","https:\/\/www.youtube.com\/channel\/UCBSLSUpqfrfsiOMVslmZEJA"]}]}},"_links":{"self":[{"href":"https:\/\/musica.santjosep.org\/es\/wp-json\/wp\/v2\/tribe_events\/54134","targetHints":{"allow":["GET"]}}],"collection":[{"href":"https:\/\/musica.santjosep.org\/es\/wp-json\/wp\/v2\/tribe_events"}],"about":[{"href":"https:\/\/musica.santjosep.org\/es\/wp-json\/wp\/v2\/types\/tribe_events"}],"author":[{"embeddable":true,"href":"https:\/\/musica.santjosep.org\/es\/wp-json\/wp\/v2\/users\/2"}],"version-history":[{"count":1,"href":"https:\/\/musica.santjosep.org\/es\/wp-json\/wp\/v2\/tribe_events\/54134\/revisions"}],"predecessor-version":[{"id":54135,"href":"https:\/\/musica.santjosep.org\/es\/wp-json\/wp\/v2\/tribe_events\/54134\/revisions\/54135"}],"wp:featuredmedia":[{"embeddable":true,"href":"https:\/\/musica.santjosep.org\/es\/wp-json\/wp\/v2\/media\/54061"}],"wp:attachment":[{"href":"https:\/\/musica.santjosep.org\/es\/wp-json\/wp\/v2\/media?parent=54134"}],"wp:term":[{"taxonomy":"post_tag","embeddable":true,"href":"https:\/\/musica.santjosep.org\/es\/wp-json\/wp\/v2\/tags?post=54134"},{"taxonomy":"tribe_events_cat","embeddable":true,"href":"https:\/\/musica.santjosep.org\/es\/wp-json\/wp\/v2\/tribe_events_cat?post=54134"}],"curies":[{"name":"wp","href":"https:\/\/api.w.org\/{rel}","templated":true}]}}