{"id":53852,"date":"2025-12-02T19:18:19","date_gmt":"2025-12-02T18:18:19","guid":{"rendered":"https:\/\/musica.santjosep.org\/?post_type=tribe_events&#038;p=53852"},"modified":"2025-12-02T19:18:19","modified_gmt":"2025-12-02T18:18:19","slug":"el-grupo-hostal-pascual-en-el-escenario-del-restaurante-why-not-de-cala-de-bou","status":"publish","type":"tribe_events","link":"https:\/\/musica.santjosep.org\/es\/concierto\/el-grupo-hostal-pascual-en-el-escenario-del-restaurante-why-not-de-cala-de-bou\/","title":{"rendered":"El grupo Hostal Pascual, en el escenario del restaurante Why Not de Cala de Bou"},"content":{"rendered":"<p>Siguen los conciertos en el bar restaurante Why Not de Cala de Bou. En esta ocasi\u00f3n protagoniza el cartel, por primera vez, el grupo Hostal Pascual, que navega entre el pop, el rock y el indie con temas propios cantados en ingl\u00e9s y en espa\u00f1ol, y una instrumentaci\u00f3n muy viva con riffs tropicales concebidos para que la gente se lance a bailar. Lo forman Pascual Fern\u00e1ndez (voz, guitarra y teclados), Rogelio Mart\u00edn (guitarra), Manu Fern\u00e1ndez (bajo) y Jos\u00e9 Riera (bater\u00eda). En 2019 publicaron su primer \u00e1lbum, denominado <em>Smile &amp; Go<\/em>, y en 2024 lanzaron el EP <em>Segunda Vuelta<\/em>.<\/p>\n","protected":false},"excerpt":{"rendered":"<p>Siguen los conciertos en el bar restaurante Why Not de Cala de Bou. En esta ocasi\u00f3n protagoniza el cartel, por primera vez, el grupo Hostal Pascual, que navega entre el pop, el rock y el indie con temas propios cantados [&hellip;]<\/p>\n","protected":false},"author":2,"featured_media":53822,"template":"","meta":{"_acf_changed":false,"_tribe_events_status":"","_tribe_events_status_reason":"","_tribe_events_is_hybrid":"","_tribe_events_is_virtual":"","_tribe_events_virtual_video_source":"","_tribe_events_virtual_embed_video":"","_tribe_events_virtual_linked_button_text":"","_tribe_events_virtual_linked_button":"","_tribe_events_virtual_show_embed_at":"","_tribe_events_virtual_show_embed_to":[],"_tribe_events_virtual_show_on_event":"","_tribe_events_virtual_show_on_views":"","_tribe_events_virtual_url":"","footnotes":""},"tags":[],"tribe_events_cat":[24,29,15],"class_list":["post-53852","tribe_events","type-tribe_events","status-publish","has-post-thumbnail","hentry","tribe_events_cat-indie","tribe_events_cat-pop","tribe_events_cat-rock","cat_indie","cat_pop","cat_rock"],"acf":[],"yoast_head":"<!-- This site is optimized with the Yoast SEO plugin v26.6 - https:\/\/yoast.com\/wordpress\/plugins\/seo\/ -->\n<title>El grupo Hostal Pascual, en el escenario del restaurante Why Not de Cala de Bou - Sant Josep \u00e9s m\u00fasica<\/title>\n<meta name=\"robots\" content=\"index, follow, max-snippet:-1, max-image-preview:large, max-video-preview:-1\" \/>\n<link rel=\"canonical\" href=\"https:\/\/musica.santjosep.org\/es\/concierto\/el-grupo-hostal-pascual-en-el-escenario-del-restaurante-why-not-de-cala-de-bou\/\" \/>\n<meta property=\"og:locale\" content=\"es_ES\" \/>\n<meta property=\"og:type\" content=\"article\" \/>\n<meta property=\"og:title\" content=\"El grupo Hostal Pascual, en el escenario del restaurante Why Not de Cala de Bou - Sant Josep \u00e9s m\u00fasica\" \/>\n<meta property=\"og:description\" content=\"Siguen los conciertos en el bar restaurante Why Not de Cala de Bou. En esta ocasi\u00f3n protagoniza el cartel, por primera vez, el grupo Hostal Pascual, que navega entre el pop, el rock y el indie con temas propios cantados [&hellip;]\" \/>\n<meta property=\"og:url\" content=\"https:\/\/musica.santjosep.org\/es\/concierto\/el-grupo-hostal-pascual-en-el-escenario-del-restaurante-why-not-de-cala-de-bou\/\" \/>\n<meta property=\"og:site_name\" content=\"Sant Josep \u00e9s m\u00fasica\" \/>\n<meta property=\"article:publisher\" content=\"https:\/\/www.facebook.com\/Sant-Josep-s-Msica-105337042007790\" \/>\n<meta property=\"og:image\" content=\"https:\/\/musica.santjosep.org\/wp-content\/uploads\/2025\/12\/Hostal-Pascual-11.jpg\" \/>\n\t<meta property=\"og:image:width\" content=\"1400\" \/>\n\t<meta property=\"og:image:height\" content=\"933\" \/>\n\t<meta property=\"og:image:type\" content=\"image\/jpeg\" \/>\n<meta name=\"twitter:card\" content=\"summary_large_image\" \/>\n<meta name=\"twitter:site\" content=\"@MusicaSantJosep\" \/>\n<meta name=\"twitter:label1\" content=\"Tiempo de lectura\" \/>\n\t<meta name=\"twitter:data1\" content=\"1 minuto\" \/>\n<script type=\"application\/ld+json\" class=\"yoast-schema-graph\">{\"@context\":\"https:\/\/schema.org\",\"@graph\":[{\"@type\":\"WebPage\",\"@id\":\"https:\/\/musica.santjosep.org\/es\/concierto\/el-grupo-hostal-pascual-en-el-escenario-del-restaurante-why-not-de-cala-de-bou\/\",\"url\":\"https:\/\/musica.santjosep.org\/es\/concierto\/el-grupo-hostal-pascual-en-el-escenario-del-restaurante-why-not-de-cala-de-bou\/\",\"name\":\"El grupo Hostal Pascual, en el escenario del restaurante Why Not de Cala de Bou - Sant Josep \u00e9s m\u00fasica\",\"isPartOf\":{\"@id\":\"https:\/\/musica.santjosep.org\/es\/#website\"},\"primaryImageOfPage\":{\"@id\":\"https:\/\/musica.santjosep.org\/es\/concierto\/el-grupo-hostal-pascual-en-el-escenario-del-restaurante-why-not-de-cala-de-bou\/#primaryimage\"},\"image\":{\"@id\":\"https:\/\/musica.santjosep.org\/es\/concierto\/el-grupo-hostal-pascual-en-el-escenario-del-restaurante-why-not-de-cala-de-bou\/#primaryimage\"},\"thumbnailUrl\":\"https:\/\/musica.santjosep.org\/wp-content\/uploads\/2025\/12\/Hostal-Pascual-11.jpg\",\"datePublished\":\"2025-12-02T18:18:19+00:00\",\"breadcrumb\":{\"@id\":\"https:\/\/musica.santjosep.org\/es\/concierto\/el-grupo-hostal-pascual-en-el-escenario-del-restaurante-why-not-de-cala-de-bou\/#breadcrumb\"},\"inLanguage\":\"es\",\"potentialAction\":[{\"@type\":\"ReadAction\",\"target\":[\"https:\/\/musica.santjosep.org\/es\/concierto\/el-grupo-hostal-pascual-en-el-escenario-del-restaurante-why-not-de-cala-de-bou\/\"]}]},{\"@type\":\"ImageObject\",\"inLanguage\":\"es\",\"@id\":\"https:\/\/musica.santjosep.org\/es\/concierto\/el-grupo-hostal-pascual-en-el-escenario-del-restaurante-why-not-de-cala-de-bou\/#primaryimage\",\"url\":\"https:\/\/musica.santjosep.org\/wp-content\/uploads\/2025\/12\/Hostal-Pascual-11.jpg\",\"contentUrl\":\"https:\/\/musica.santjosep.org\/wp-content\/uploads\/2025\/12\/Hostal-Pascual-11.jpg\",\"width\":1400,\"height\":933,\"caption\":\"Joan F. Ribas\"},{\"@type\":\"BreadcrumbList\",\"@id\":\"https:\/\/musica.santjosep.org\/es\/concierto\/el-grupo-hostal-pascual-en-el-escenario-del-restaurante-why-not-de-cala-de-bou\/#breadcrumb\",\"itemListElement\":[{\"@type\":\"ListItem\",\"position\":1,\"name\":\"Portada\",\"item\":\"https:\/\/musica.santjosep.org\/es\/\"},{\"@type\":\"ListItem\",\"position\":2,\"name\":\"Eventos\",\"item\":\"https:\/\/musica.santjosep.org\/es\/concerts\/\"},{\"@type\":\"ListItem\",\"position\":3,\"name\":\"El grupo Hostal Pascual, en el escenario del restaurante Why Not de Cala de Bou\"}]},{\"@type\":\"WebSite\",\"@id\":\"https:\/\/musica.santjosep.org\/es\/#website\",\"url\":\"https:\/\/musica.santjosep.org\/es\/\",\"name\":\"Sant Josep \u00e9s m\u00fasica\",\"description\":\"Informaci\u00f3n actualizada de todos los conciertos, grupos y artistas que act\u00faen tanto en fiestas y festivales, como en establecimientos privados en el municipio de Sant Josep de sa Talaia\",\"publisher\":{\"@id\":\"https:\/\/musica.santjosep.org\/es\/#organization\"},\"potentialAction\":[{\"@type\":\"SearchAction\",\"target\":{\"@type\":\"EntryPoint\",\"urlTemplate\":\"https:\/\/musica.santjosep.org\/es\/?s={search_term_string}\"},\"query-input\":{\"@type\":\"PropertyValueSpecification\",\"valueRequired\":true,\"valueName\":\"search_term_string\"}}],\"inLanguage\":\"es\"},{\"@type\":\"Organization\",\"@id\":\"https:\/\/musica.santjosep.org\/es\/#organization\",\"name\":\"Sant Josep \u00e9s m\u00fasica\",\"url\":\"https:\/\/musica.santjosep.org\/es\/\",\"logo\":{\"@type\":\"ImageObject\",\"inLanguage\":\"es\",\"@id\":\"https:\/\/musica.santjosep.org\/es\/#\/schema\/logo\/image\/\",\"url\":\"https:\/\/musica.santjosep.org\/wp-content\/uploads\/2022\/01\/logo-SJEM.png\",\"contentUrl\":\"https:\/\/musica.santjosep.org\/wp-content\/uploads\/2022\/01\/logo-SJEM.png\",\"width\":213,\"height\":103,\"caption\":\"Sant Josep \u00e9s m\u00fasica\"},\"image\":{\"@id\":\"https:\/\/musica.santjosep.org\/es\/#\/schema\/logo\/image\/\"},\"sameAs\":[\"https:\/\/www.facebook.com\/Sant-Josep-s-Msica-105337042007790\",\"https:\/\/x.com\/MusicaSantJosep\",\"https:\/\/www.instagram.com\/musicasantjosep\/\",\"https:\/\/www.youtube.com\/channel\/UCBSLSUpqfrfsiOMVslmZEJA\"]}]}<\/script>\n<!-- \/ Yoast SEO plugin. -->","yoast_head_json":{"title":"El grupo Hostal Pascual, en el escenario del restaurante Why Not de Cala de Bou - Sant Josep \u00e9s m\u00fasica","robots":{"index":"index","follow":"follow","max-snippet":"max-snippet:-1","max-image-preview":"max-image-preview:large","max-video-preview":"max-video-preview:-1"},"canonical":"https:\/\/musica.santjosep.org\/es\/concierto\/el-grupo-hostal-pascual-en-el-escenario-del-restaurante-why-not-de-cala-de-bou\/","og_locale":"es_ES","og_type":"article","og_title":"El grupo Hostal Pascual, en el escenario del restaurante Why Not de Cala de Bou - Sant Josep \u00e9s m\u00fasica","og_description":"Siguen los conciertos en el bar restaurante Why Not de Cala de Bou. En esta ocasi\u00f3n protagoniza el cartel, por primera vez, el grupo Hostal Pascual, que navega entre el pop, el rock y el indie con temas propios cantados [&hellip;]","og_url":"https:\/\/musica.santjosep.org\/es\/concierto\/el-grupo-hostal-pascual-en-el-escenario-del-restaurante-why-not-de-cala-de-bou\/","og_site_name":"Sant Josep \u00e9s m\u00fasica","article_publisher":"https:\/\/www.facebook.com\/Sant-Josep-s-Msica-105337042007790","og_image":[{"width":1400,"height":933,"url":"https:\/\/musica.santjosep.org\/wp-content\/uploads\/2025\/12\/Hostal-Pascual-11.jpg","type":"image\/jpeg"}],"twitter_card":"summary_large_image","twitter_site":"@MusicaSantJosep","twitter_misc":{"Tiempo de lectura":"1 minuto"},"schema":{"@context":"https:\/\/schema.org","@graph":[{"@type":"WebPage","@id":"https:\/\/musica.santjosep.org\/es\/concierto\/el-grupo-hostal-pascual-en-el-escenario-del-restaurante-why-not-de-cala-de-bou\/","url":"https:\/\/musica.santjosep.org\/es\/concierto\/el-grupo-hostal-pascual-en-el-escenario-del-restaurante-why-not-de-cala-de-bou\/","name":"El grupo Hostal Pascual, en el escenario del restaurante Why Not de Cala de Bou - Sant Josep \u00e9s m\u00fasica","isPartOf":{"@id":"https:\/\/musica.santjosep.org\/es\/#website"},"primaryImageOfPage":{"@id":"https:\/\/musica.santjosep.org\/es\/concierto\/el-grupo-hostal-pascual-en-el-escenario-del-restaurante-why-not-de-cala-de-bou\/#primaryimage"},"image":{"@id":"https:\/\/musica.santjosep.org\/es\/concierto\/el-grupo-hostal-pascual-en-el-escenario-del-restaurante-why-not-de-cala-de-bou\/#primaryimage"},"thumbnailUrl":"https:\/\/musica.santjosep.org\/wp-content\/uploads\/2025\/12\/Hostal-Pascual-11.jpg","datePublished":"2025-12-02T18:18:19+00:00","breadcrumb":{"@id":"https:\/\/musica.santjosep.org\/es\/concierto\/el-grupo-hostal-pascual-en-el-escenario-del-restaurante-why-not-de-cala-de-bou\/#breadcrumb"},"inLanguage":"es","potentialAction":[{"@type":"ReadAction","target":["https:\/\/musica.santjosep.org\/es\/concierto\/el-grupo-hostal-pascual-en-el-escenario-del-restaurante-why-not-de-cala-de-bou\/"]}]},{"@type":"ImageObject","inLanguage":"es","@id":"https:\/\/musica.santjosep.org\/es\/concierto\/el-grupo-hostal-pascual-en-el-escenario-del-restaurante-why-not-de-cala-de-bou\/#primaryimage","url":"https:\/\/musica.santjosep.org\/wp-content\/uploads\/2025\/12\/Hostal-Pascual-11.jpg","contentUrl":"https:\/\/musica.santjosep.org\/wp-content\/uploads\/2025\/12\/Hostal-Pascual-11.jpg","width":1400,"height":933,"caption":"Joan F. Ribas"},{"@type":"BreadcrumbList","@id":"https:\/\/musica.santjosep.org\/es\/concierto\/el-grupo-hostal-pascual-en-el-escenario-del-restaurante-why-not-de-cala-de-bou\/#breadcrumb","itemListElement":[{"@type":"ListItem","position":1,"name":"Portada","item":"https:\/\/musica.santjosep.org\/es\/"},{"@type":"ListItem","position":2,"name":"Eventos","item":"https:\/\/musica.santjosep.org\/es\/concerts\/"},{"@type":"ListItem","position":3,"name":"El grupo Hostal Pascual, en el escenario del restaurante Why Not de Cala de Bou"}]},{"@type":"WebSite","@id":"https:\/\/musica.santjosep.org\/es\/#website","url":"https:\/\/musica.santjosep.org\/es\/","name":"Sant Josep \u00e9s m\u00fasica","description":"Informaci\u00f3n actualizada de todos los conciertos, grupos y artistas que act\u00faen tanto en fiestas y festivales, como en establecimientos privados en el municipio de Sant Josep de sa Talaia","publisher":{"@id":"https:\/\/musica.santjosep.org\/es\/#organization"},"potentialAction":[{"@type":"SearchAction","target":{"@type":"EntryPoint","urlTemplate":"https:\/\/musica.santjosep.org\/es\/?s={search_term_string}"},"query-input":{"@type":"PropertyValueSpecification","valueRequired":true,"valueName":"search_term_string"}}],"inLanguage":"es"},{"@type":"Organization","@id":"https:\/\/musica.santjosep.org\/es\/#organization","name":"Sant Josep \u00e9s m\u00fasica","url":"https:\/\/musica.santjosep.org\/es\/","logo":{"@type":"ImageObject","inLanguage":"es","@id":"https:\/\/musica.santjosep.org\/es\/#\/schema\/logo\/image\/","url":"https:\/\/musica.santjosep.org\/wp-content\/uploads\/2022\/01\/logo-SJEM.png","contentUrl":"https:\/\/musica.santjosep.org\/wp-content\/uploads\/2022\/01\/logo-SJEM.png","width":213,"height":103,"caption":"Sant Josep \u00e9s m\u00fasica"},"image":{"@id":"https:\/\/musica.santjosep.org\/es\/#\/schema\/logo\/image\/"},"sameAs":["https:\/\/www.facebook.com\/Sant-Josep-s-Msica-105337042007790","https:\/\/x.com\/MusicaSantJosep","https:\/\/www.instagram.com\/musicasantjosep\/","https:\/\/www.youtube.com\/channel\/UCBSLSUpqfrfsiOMVslmZEJA"]}]}},"_links":{"self":[{"href":"https:\/\/musica.santjosep.org\/es\/wp-json\/wp\/v2\/tribe_events\/53852","targetHints":{"allow":["GET"]}}],"collection":[{"href":"https:\/\/musica.santjosep.org\/es\/wp-json\/wp\/v2\/tribe_events"}],"about":[{"href":"https:\/\/musica.santjosep.org\/es\/wp-json\/wp\/v2\/types\/tribe_events"}],"author":[{"embeddable":true,"href":"https:\/\/musica.santjosep.org\/es\/wp-json\/wp\/v2\/users\/2"}],"version-history":[{"count":1,"href":"https:\/\/musica.santjosep.org\/es\/wp-json\/wp\/v2\/tribe_events\/53852\/revisions"}],"predecessor-version":[{"id":53853,"href":"https:\/\/musica.santjosep.org\/es\/wp-json\/wp\/v2\/tribe_events\/53852\/revisions\/53853"}],"wp:featuredmedia":[{"embeddable":true,"href":"https:\/\/musica.santjosep.org\/es\/wp-json\/wp\/v2\/media\/53822"}],"wp:attachment":[{"href":"https:\/\/musica.santjosep.org\/es\/wp-json\/wp\/v2\/media?parent=53852"}],"wp:term":[{"taxonomy":"post_tag","embeddable":true,"href":"https:\/\/musica.santjosep.org\/es\/wp-json\/wp\/v2\/tags?post=53852"},{"taxonomy":"tribe_events_cat","embeddable":true,"href":"https:\/\/musica.santjosep.org\/es\/wp-json\/wp\/v2\/tribe_events_cat?post=53852"}],"curies":[{"name":"wp","href":"https:\/\/api.w.org\/{rel}","templated":true}]}}