{"id":53695,"date":"2025-12-01T19:18:42","date_gmt":"2025-12-01T18:18:42","guid":{"rendered":"https:\/\/musica.santjosep.org\/?post_type=tribe_events&#038;p=53695"},"modified":"2025-12-05T11:25:31","modified_gmt":"2025-12-05T10:25:31","slug":"sam-ivan-traen-versiones-de-ella-fitzgerald-etta-james-y-otros-artistas-a-cool-cafe","status":"publish","type":"tribe_events","link":"https:\/\/musica.santjosep.org\/es\/concierto\/sam-ivan-traen-versiones-de-ella-fitzgerald-etta-james-y-otros-artistas-a-cool-cafe\/","title":{"rendered":"Sam &#038; Iv\u00e1n traen versiones de Ella Fitzgerald, Etta James y otros artistas a Cool Caf\u00e9"},"content":{"rendered":"<p>Los domingos a la hora del almuerzo el bar restaurante Cool Caf\u00e9, en Cala de Bou, ofrece un concierto con artistas locales y ahora especialmente con motivo del certamen Ca\u00f1as&#8217;n&#8217;Roll. En esta ocasi\u00f3n act\u00faa el d\u00fao Sam &amp; Iv\u00e1n, formado por la cantante Samanta Trivacho y el guitarrista Iv\u00e1n Pacheco. Traen un repertorio de cl\u00e1sicos de soul, blues y algunas pinceladas de jazz. Incluye versiones de temas muy conocidos de Aretha Franklin, Etta James, Ella Fitzgerald, Magic Sam o Eric Clapton, entre otros grandes artistas.<\/p>\n<p>Sam es originaria de Zimbabue y ha actuado por salas de espect\u00e1culos de medio mundo, desde Puerto Rico a Emiratos \u00c1rabes o Gran Breta\u00f1a. En Ibiza es frecuente verla en los escenarios de algunos de los hoteles m\u00e1s importantes de la isla, con su tributo a Tina Turner, y en algunas ocasiones tambi\u00e9n ha actuado con The Groove Machine, la potente banda residente del Teatro Ibiza.<\/p>\n<p>Pacheco, por su parte, es uno de los principales impulsores de la banda Swingin Tonic, una de las que m\u00e1s trabajan en la isla, y adem\u00e1s forma parte de la formaci\u00f3n de gipsy jazz Caravan of Swing, acompa\u00f1ando tambi\u00e9n de manera espor\u00e1dica al grupo The Metrallas. Antes, asimismo, perteneci\u00f3 al grupo local Pin Up Sound. Se form\u00f3 en m\u00fasica cl\u00e1sica y jazz en Vitoria-Gasteiz y ha sido miembro fundador de m\u00faltiples formaciones antes de establecerse en la isla, adem\u00e1s de compartir escenario con The Dynamites, Fundaci\u00f3n Toni Manero, Wagoon Cookin, Barbara Mason, James Kirkland o Prince Phillip Mitchel.<\/p>\n<p>M\u00e1s informaci\u00f3n del certamen Ca\u00f1as\u2019n\u2019Roll en\u00a0<a href=\"https:\/\/xn--caasnroll-m6a.com\/\" target=\"_blank\" rel=\"noopener\">este enlace<\/a>.<\/p>\n","protected":false},"excerpt":{"rendered":"<p>Los domingos a la hora del almuerzo el bar restaurante Cool Caf\u00e9, en Cala de Bou, ofrece un concierto con artistas locales y ahora especialmente con motivo del certamen Ca\u00f1as&#8217;n&#8217;Roll. En esta ocasi\u00f3n act\u00faa el d\u00fao Sam &amp; Iv\u00e1n, formado [&hellip;]<\/p>\n","protected":false},"author":2,"featured_media":54189,"template":"","meta":{"_acf_changed":false,"_tribe_events_status":"","_tribe_events_status_reason":"","_tribe_events_is_hybrid":"","_tribe_events_is_virtual":"","_tribe_events_virtual_video_source":"","_tribe_events_virtual_embed_video":"","_tribe_events_virtual_linked_button_text":"","_tribe_events_virtual_linked_button":"","_tribe_events_virtual_show_embed_at":"","_tribe_events_virtual_show_embed_to":[],"_tribe_events_virtual_show_on_event":"","_tribe_events_virtual_show_on_views":"","_tribe_events_virtual_url":"","footnotes":""},"tags":[],"tribe_events_cat":[16,22,50],"class_list":["post-53695","tribe_events","type-tribe_events","status-publish","has-post-thumbnail","hentry","tribe_events_cat-blues","tribe_events_cat-jazz","tribe_events_cat-soul","cat_blues","cat_jazz","cat_soul"],"acf":[],"yoast_head":"<!-- This site is optimized with the Yoast SEO plugin v26.6 - https:\/\/yoast.com\/wordpress\/plugins\/seo\/ -->\n<title>Sam &amp; Iv\u00e1n traen versiones de Ella Fitzgerald, Etta James y otros artistas a Cool Caf\u00e9 - Sant Josep \u00e9s m\u00fasica<\/title>\n<meta name=\"robots\" content=\"index, follow, max-snippet:-1, max-image-preview:large, max-video-preview:-1\" \/>\n<link rel=\"canonical\" href=\"https:\/\/musica.santjosep.org\/es\/concierto\/sam-ivan-traen-versiones-de-ella-fitzgerald-etta-james-y-otros-artistas-a-cool-cafe\/\" \/>\n<meta property=\"og:locale\" content=\"es_ES\" \/>\n<meta property=\"og:type\" content=\"article\" \/>\n<meta property=\"og:title\" content=\"Sam &amp; Iv\u00e1n traen versiones de Ella Fitzgerald, Etta James y otros artistas a Cool Caf\u00e9 - Sant Josep \u00e9s m\u00fasica\" \/>\n<meta property=\"og:description\" content=\"Los domingos a la hora del almuerzo el bar restaurante Cool Caf\u00e9, en Cala de Bou, ofrece un concierto con artistas locales y ahora especialmente con motivo del certamen Ca\u00f1as&#8217;n&#8217;Roll. En esta ocasi\u00f3n act\u00faa el d\u00fao Sam &amp; Iv\u00e1n, formado [&hellip;]\" \/>\n<meta property=\"og:url\" content=\"https:\/\/musica.santjosep.org\/es\/concierto\/sam-ivan-traen-versiones-de-ella-fitzgerald-etta-james-y-otros-artistas-a-cool-cafe\/\" \/>\n<meta property=\"og:site_name\" content=\"Sant Josep \u00e9s m\u00fasica\" \/>\n<meta property=\"article:publisher\" content=\"https:\/\/www.facebook.com\/Sant-Josep-s-Msica-105337042007790\" \/>\n<meta property=\"article:modified_time\" content=\"2025-12-05T10:25:31+00:00\" \/>\n<meta property=\"og:image\" content=\"https:\/\/musica.santjosep.org\/wp-content\/uploads\/2024\/10\/sam-and-ivan-3-rec.jpg\" \/>\n\t<meta property=\"og:image:width\" content=\"1400\" \/>\n\t<meta property=\"og:image:height\" content=\"933\" \/>\n\t<meta property=\"og:image:type\" content=\"image\/jpeg\" \/>\n<meta name=\"twitter:card\" content=\"summary_large_image\" \/>\n<meta name=\"twitter:site\" content=\"@MusicaSantJosep\" \/>\n<meta name=\"twitter:label1\" content=\"Tiempo de lectura\" \/>\n\t<meta name=\"twitter:data1\" content=\"2 minutos\" \/>\n<script type=\"application\/ld+json\" class=\"yoast-schema-graph\">{\"@context\":\"https:\/\/schema.org\",\"@graph\":[{\"@type\":\"WebPage\",\"@id\":\"https:\/\/musica.santjosep.org\/es\/concierto\/sam-ivan-traen-versiones-de-ella-fitzgerald-etta-james-y-otros-artistas-a-cool-cafe\/\",\"url\":\"https:\/\/musica.santjosep.org\/es\/concierto\/sam-ivan-traen-versiones-de-ella-fitzgerald-etta-james-y-otros-artistas-a-cool-cafe\/\",\"name\":\"Sam & Iv\u00e1n traen versiones de Ella Fitzgerald, Etta James y otros artistas a Cool Caf\u00e9 - Sant Josep \u00e9s m\u00fasica\",\"isPartOf\":{\"@id\":\"https:\/\/musica.santjosep.org\/es\/#website\"},\"primaryImageOfPage\":{\"@id\":\"https:\/\/musica.santjosep.org\/es\/concierto\/sam-ivan-traen-versiones-de-ella-fitzgerald-etta-james-y-otros-artistas-a-cool-cafe\/#primaryimage\"},\"image\":{\"@id\":\"https:\/\/musica.santjosep.org\/es\/concierto\/sam-ivan-traen-versiones-de-ella-fitzgerald-etta-james-y-otros-artistas-a-cool-cafe\/#primaryimage\"},\"thumbnailUrl\":\"https:\/\/musica.santjosep.org\/wp-content\/uploads\/2024\/10\/sam-and-ivan-3-rec.jpg\",\"datePublished\":\"2025-12-01T18:18:42+00:00\",\"dateModified\":\"2025-12-05T10:25:31+00:00\",\"breadcrumb\":{\"@id\":\"https:\/\/musica.santjosep.org\/es\/concierto\/sam-ivan-traen-versiones-de-ella-fitzgerald-etta-james-y-otros-artistas-a-cool-cafe\/#breadcrumb\"},\"inLanguage\":\"es\",\"potentialAction\":[{\"@type\":\"ReadAction\",\"target\":[\"https:\/\/musica.santjosep.org\/es\/concierto\/sam-ivan-traen-versiones-de-ella-fitzgerald-etta-james-y-otros-artistas-a-cool-cafe\/\"]}]},{\"@type\":\"ImageObject\",\"inLanguage\":\"es\",\"@id\":\"https:\/\/musica.santjosep.org\/es\/concierto\/sam-ivan-traen-versiones-de-ella-fitzgerald-etta-james-y-otros-artistas-a-cool-cafe\/#primaryimage\",\"url\":\"https:\/\/musica.santjosep.org\/wp-content\/uploads\/2024\/10\/sam-and-ivan-3-rec.jpg\",\"contentUrl\":\"https:\/\/musica.santjosep.org\/wp-content\/uploads\/2024\/10\/sam-and-ivan-3-rec.jpg\",\"width\":1400,\"height\":933},{\"@type\":\"BreadcrumbList\",\"@id\":\"https:\/\/musica.santjosep.org\/es\/concierto\/sam-ivan-traen-versiones-de-ella-fitzgerald-etta-james-y-otros-artistas-a-cool-cafe\/#breadcrumb\",\"itemListElement\":[{\"@type\":\"ListItem\",\"position\":1,\"name\":\"Portada\",\"item\":\"https:\/\/musica.santjosep.org\/es\/\"},{\"@type\":\"ListItem\",\"position\":2,\"name\":\"Eventos\",\"item\":\"https:\/\/musica.santjosep.org\/es\/concerts\/\"},{\"@type\":\"ListItem\",\"position\":3,\"name\":\"Sam &#038; Iv\u00e1n traen versiones de Ella Fitzgerald, Etta James y otros artistas a Cool Caf\u00e9\"}]},{\"@type\":\"WebSite\",\"@id\":\"https:\/\/musica.santjosep.org\/es\/#website\",\"url\":\"https:\/\/musica.santjosep.org\/es\/\",\"name\":\"Sant Josep \u00e9s m\u00fasica\",\"description\":\"Informaci\u00f3n actualizada de todos los conciertos, grupos y artistas que act\u00faen tanto en fiestas y festivales, como en establecimientos privados en el municipio de Sant Josep de sa Talaia\",\"publisher\":{\"@id\":\"https:\/\/musica.santjosep.org\/es\/#organization\"},\"potentialAction\":[{\"@type\":\"SearchAction\",\"target\":{\"@type\":\"EntryPoint\",\"urlTemplate\":\"https:\/\/musica.santjosep.org\/es\/?s={search_term_string}\"},\"query-input\":{\"@type\":\"PropertyValueSpecification\",\"valueRequired\":true,\"valueName\":\"search_term_string\"}}],\"inLanguage\":\"es\"},{\"@type\":\"Organization\",\"@id\":\"https:\/\/musica.santjosep.org\/es\/#organization\",\"name\":\"Sant Josep \u00e9s m\u00fasica\",\"url\":\"https:\/\/musica.santjosep.org\/es\/\",\"logo\":{\"@type\":\"ImageObject\",\"inLanguage\":\"es\",\"@id\":\"https:\/\/musica.santjosep.org\/es\/#\/schema\/logo\/image\/\",\"url\":\"https:\/\/musica.santjosep.org\/wp-content\/uploads\/2022\/01\/logo-SJEM.png\",\"contentUrl\":\"https:\/\/musica.santjosep.org\/wp-content\/uploads\/2022\/01\/logo-SJEM.png\",\"width\":213,\"height\":103,\"caption\":\"Sant Josep \u00e9s m\u00fasica\"},\"image\":{\"@id\":\"https:\/\/musica.santjosep.org\/es\/#\/schema\/logo\/image\/\"},\"sameAs\":[\"https:\/\/www.facebook.com\/Sant-Josep-s-Msica-105337042007790\",\"https:\/\/x.com\/MusicaSantJosep\",\"https:\/\/www.instagram.com\/musicasantjosep\/\",\"https:\/\/www.youtube.com\/channel\/UCBSLSUpqfrfsiOMVslmZEJA\"]}]}<\/script>\n<!-- \/ Yoast SEO plugin. -->","yoast_head_json":{"title":"Sam & Iv\u00e1n traen versiones de Ella Fitzgerald, Etta James y otros artistas a Cool Caf\u00e9 - Sant Josep \u00e9s m\u00fasica","robots":{"index":"index","follow":"follow","max-snippet":"max-snippet:-1","max-image-preview":"max-image-preview:large","max-video-preview":"max-video-preview:-1"},"canonical":"https:\/\/musica.santjosep.org\/es\/concierto\/sam-ivan-traen-versiones-de-ella-fitzgerald-etta-james-y-otros-artistas-a-cool-cafe\/","og_locale":"es_ES","og_type":"article","og_title":"Sam & Iv\u00e1n traen versiones de Ella Fitzgerald, Etta James y otros artistas a Cool Caf\u00e9 - Sant Josep \u00e9s m\u00fasica","og_description":"Los domingos a la hora del almuerzo el bar restaurante Cool Caf\u00e9, en Cala de Bou, ofrece un concierto con artistas locales y ahora especialmente con motivo del certamen Ca\u00f1as&#8217;n&#8217;Roll. En esta ocasi\u00f3n act\u00faa el d\u00fao Sam &amp; Iv\u00e1n, formado [&hellip;]","og_url":"https:\/\/musica.santjosep.org\/es\/concierto\/sam-ivan-traen-versiones-de-ella-fitzgerald-etta-james-y-otros-artistas-a-cool-cafe\/","og_site_name":"Sant Josep \u00e9s m\u00fasica","article_publisher":"https:\/\/www.facebook.com\/Sant-Josep-s-Msica-105337042007790","article_modified_time":"2025-12-05T10:25:31+00:00","og_image":[{"width":1400,"height":933,"url":"https:\/\/musica.santjosep.org\/wp-content\/uploads\/2024\/10\/sam-and-ivan-3-rec.jpg","type":"image\/jpeg"}],"twitter_card":"summary_large_image","twitter_site":"@MusicaSantJosep","twitter_misc":{"Tiempo de lectura":"2 minutos"},"schema":{"@context":"https:\/\/schema.org","@graph":[{"@type":"WebPage","@id":"https:\/\/musica.santjosep.org\/es\/concierto\/sam-ivan-traen-versiones-de-ella-fitzgerald-etta-james-y-otros-artistas-a-cool-cafe\/","url":"https:\/\/musica.santjosep.org\/es\/concierto\/sam-ivan-traen-versiones-de-ella-fitzgerald-etta-james-y-otros-artistas-a-cool-cafe\/","name":"Sam & Iv\u00e1n traen versiones de Ella Fitzgerald, Etta James y otros artistas a Cool Caf\u00e9 - Sant Josep \u00e9s m\u00fasica","isPartOf":{"@id":"https:\/\/musica.santjosep.org\/es\/#website"},"primaryImageOfPage":{"@id":"https:\/\/musica.santjosep.org\/es\/concierto\/sam-ivan-traen-versiones-de-ella-fitzgerald-etta-james-y-otros-artistas-a-cool-cafe\/#primaryimage"},"image":{"@id":"https:\/\/musica.santjosep.org\/es\/concierto\/sam-ivan-traen-versiones-de-ella-fitzgerald-etta-james-y-otros-artistas-a-cool-cafe\/#primaryimage"},"thumbnailUrl":"https:\/\/musica.santjosep.org\/wp-content\/uploads\/2024\/10\/sam-and-ivan-3-rec.jpg","datePublished":"2025-12-01T18:18:42+00:00","dateModified":"2025-12-05T10:25:31+00:00","breadcrumb":{"@id":"https:\/\/musica.santjosep.org\/es\/concierto\/sam-ivan-traen-versiones-de-ella-fitzgerald-etta-james-y-otros-artistas-a-cool-cafe\/#breadcrumb"},"inLanguage":"es","potentialAction":[{"@type":"ReadAction","target":["https:\/\/musica.santjosep.org\/es\/concierto\/sam-ivan-traen-versiones-de-ella-fitzgerald-etta-james-y-otros-artistas-a-cool-cafe\/"]}]},{"@type":"ImageObject","inLanguage":"es","@id":"https:\/\/musica.santjosep.org\/es\/concierto\/sam-ivan-traen-versiones-de-ella-fitzgerald-etta-james-y-otros-artistas-a-cool-cafe\/#primaryimage","url":"https:\/\/musica.santjosep.org\/wp-content\/uploads\/2024\/10\/sam-and-ivan-3-rec.jpg","contentUrl":"https:\/\/musica.santjosep.org\/wp-content\/uploads\/2024\/10\/sam-and-ivan-3-rec.jpg","width":1400,"height":933},{"@type":"BreadcrumbList","@id":"https:\/\/musica.santjosep.org\/es\/concierto\/sam-ivan-traen-versiones-de-ella-fitzgerald-etta-james-y-otros-artistas-a-cool-cafe\/#breadcrumb","itemListElement":[{"@type":"ListItem","position":1,"name":"Portada","item":"https:\/\/musica.santjosep.org\/es\/"},{"@type":"ListItem","position":2,"name":"Eventos","item":"https:\/\/musica.santjosep.org\/es\/concerts\/"},{"@type":"ListItem","position":3,"name":"Sam &#038; Iv\u00e1n traen versiones de Ella Fitzgerald, Etta James y otros artistas a Cool Caf\u00e9"}]},{"@type":"WebSite","@id":"https:\/\/musica.santjosep.org\/es\/#website","url":"https:\/\/musica.santjosep.org\/es\/","name":"Sant Josep \u00e9s m\u00fasica","description":"Informaci\u00f3n actualizada de todos los conciertos, grupos y artistas que act\u00faen tanto en fiestas y festivales, como en establecimientos privados en el municipio de Sant Josep de sa Talaia","publisher":{"@id":"https:\/\/musica.santjosep.org\/es\/#organization"},"potentialAction":[{"@type":"SearchAction","target":{"@type":"EntryPoint","urlTemplate":"https:\/\/musica.santjosep.org\/es\/?s={search_term_string}"},"query-input":{"@type":"PropertyValueSpecification","valueRequired":true,"valueName":"search_term_string"}}],"inLanguage":"es"},{"@type":"Organization","@id":"https:\/\/musica.santjosep.org\/es\/#organization","name":"Sant Josep \u00e9s m\u00fasica","url":"https:\/\/musica.santjosep.org\/es\/","logo":{"@type":"ImageObject","inLanguage":"es","@id":"https:\/\/musica.santjosep.org\/es\/#\/schema\/logo\/image\/","url":"https:\/\/musica.santjosep.org\/wp-content\/uploads\/2022\/01\/logo-SJEM.png","contentUrl":"https:\/\/musica.santjosep.org\/wp-content\/uploads\/2022\/01\/logo-SJEM.png","width":213,"height":103,"caption":"Sant Josep \u00e9s m\u00fasica"},"image":{"@id":"https:\/\/musica.santjosep.org\/es\/#\/schema\/logo\/image\/"},"sameAs":["https:\/\/www.facebook.com\/Sant-Josep-s-Msica-105337042007790","https:\/\/x.com\/MusicaSantJosep","https:\/\/www.instagram.com\/musicasantjosep\/","https:\/\/www.youtube.com\/channel\/UCBSLSUpqfrfsiOMVslmZEJA"]}]}},"_links":{"self":[{"href":"https:\/\/musica.santjosep.org\/es\/wp-json\/wp\/v2\/tribe_events\/53695","targetHints":{"allow":["GET"]}}],"collection":[{"href":"https:\/\/musica.santjosep.org\/es\/wp-json\/wp\/v2\/tribe_events"}],"about":[{"href":"https:\/\/musica.santjosep.org\/es\/wp-json\/wp\/v2\/types\/tribe_events"}],"author":[{"embeddable":true,"href":"https:\/\/musica.santjosep.org\/es\/wp-json\/wp\/v2\/users\/2"}],"version-history":[{"count":2,"href":"https:\/\/musica.santjosep.org\/es\/wp-json\/wp\/v2\/tribe_events\/53695\/revisions"}],"predecessor-version":[{"id":53774,"href":"https:\/\/musica.santjosep.org\/es\/wp-json\/wp\/v2\/tribe_events\/53695\/revisions\/53774"}],"wp:featuredmedia":[{"embeddable":true,"href":"https:\/\/musica.santjosep.org\/es\/wp-json\/wp\/v2\/media\/54189"}],"wp:attachment":[{"href":"https:\/\/musica.santjosep.org\/es\/wp-json\/wp\/v2\/media?parent=53695"}],"wp:term":[{"taxonomy":"post_tag","embeddable":true,"href":"https:\/\/musica.santjosep.org\/es\/wp-json\/wp\/v2\/tags?post=53695"},{"taxonomy":"tribe_events_cat","embeddable":true,"href":"https:\/\/musica.santjosep.org\/es\/wp-json\/wp\/v2\/tribe_events_cat?post=53695"}],"curies":[{"name":"wp","href":"https:\/\/api.w.org\/{rel}","templated":true}]}}