{"id":51729,"date":"2025-09-03T13:10:00","date_gmt":"2025-09-03T11:10:00","guid":{"rendered":"https:\/\/musica.santjosep.org\/concert\/jordi-martinez-i-victor-gresely-a-lescenari-de-can-jaume-a-cala-vedella\/"},"modified":"2025-09-03T13:10:58","modified_gmt":"2025-09-03T11:10:58","slug":"jordi-martinez-y-victor-gresely-en-el-escenario-de-can-jaume-en-cala-vedella","status":"publish","type":"tribe_events","link":"https:\/\/musica.santjosep.org\/es\/concierto\/jordi-martinez-y-victor-gresely-en-el-escenario-de-can-jaume-en-cala-vedella\/","title":{"rendered":"Jordi Mart\u00ednez y Victor Gresely, en el escenario de Can Jaume, en Cala Vedella"},"content":{"rendered":"<p>Todos los domingos, el bar restaurante Can Jaume, en la orilla de Cala Vedella, ofrece m\u00fasica en vivo. En esta ocasi\u00f3n protagonizan el cartel el cantante y guitarrista Jordi Mart\u00ednez y el pianista V\u00edctor Gresely. Juntos ofrecer\u00e1n un repertorio de grandes cl\u00e1sicos del pop y el rock.<\/p>\n<p>Jordi ha sido miembro de grupos como Arma Sonora, Bourbon, Tierra de Nadie, Tribal o Hiel, adem\u00e1s de colaborar con el proyecto Ressonadors, y actualmente act\u00faa con Eugenio Ca\u00f1avate, bajo el nombre Vis a vis, y con Mario Hosch, formando el d\u00fao Aut\u00f3matas.<\/p>\n<p>Por su parte, Victor Gresely es uno de los pianistas m\u00e1s reputados de la isla y un aut\u00e9ntico experto en jazz, rock and roll y, muy especialmente, compositores cl\u00e1sicos espa\u00f1oles como Isaac Alb\u00e9niz y Enrique Granados. Act\u00faa con Bluesm\u00e0fia, Little Pomegranate Honey, Metanoia, Lenox Lounge y otras muchas formaciones, habiendo acompa\u00f1ado tambi\u00e9n a todos los principales cantantes de la isla gracias a su extraordinaria versatilidad a las teclas.<\/p>\n","protected":false},"excerpt":{"rendered":"<p>Todos los domingos, el bar restaurante Can Jaume, en la orilla de Cala Vedella, ofrece m\u00fasica en vivo. En esta ocasi\u00f3n protagonizan el cartel el cantante y guitarrista Jordi Mart\u00ednez y el pianista V\u00edctor Gresely. Juntos ofrecer\u00e1n un repertorio de [&hellip;]<\/p>\n","protected":false},"author":2,"featured_media":51727,"template":"","meta":{"_acf_changed":false,"_tribe_events_status":"","_tribe_events_status_reason":"","_tribe_events_is_hybrid":"","_tribe_events_is_virtual":"","_tribe_events_virtual_video_source":"","_tribe_events_virtual_embed_video":"","_tribe_events_virtual_linked_button_text":"","_tribe_events_virtual_linked_button":"","_tribe_events_virtual_show_embed_at":"","_tribe_events_virtual_show_embed_to":[],"_tribe_events_virtual_show_on_event":"","_tribe_events_virtual_show_on_views":"","_tribe_events_virtual_url":"","footnotes":""},"tags":[],"tribe_events_cat":[29,15],"class_list":["post-51729","tribe_events","type-tribe_events","status-publish","has-post-thumbnail","hentry","tribe_events_cat-pop","tribe_events_cat-rock","cat_pop","cat_rock"],"acf":[],"yoast_head":"<!-- This site is optimized with the Yoast SEO plugin v27.6 - https:\/\/yoast.com\/product\/yoast-seo-wordpress\/ -->\n<title>Jordi Mart\u00ednez y Victor Gresely, en el escenario de Can Jaume, en Cala Vedella - Sant Josep \u00e9s m\u00fasica<\/title>\n<meta name=\"robots\" content=\"index, follow, max-snippet:-1, max-image-preview:large, max-video-preview:-1\" \/>\n<link rel=\"canonical\" href=\"https:\/\/musica.santjosep.org\/es\/concierto\/jordi-martinez-y-victor-gresely-en-el-escenario-de-can-jaume-en-cala-vedella\/\" \/>\n<meta property=\"og:locale\" content=\"es_ES\" \/>\n<meta property=\"og:type\" content=\"article\" \/>\n<meta property=\"og:title\" content=\"Jordi Mart\u00ednez y Victor Gresely, en el escenario de Can Jaume, en Cala Vedella - Sant Josep \u00e9s m\u00fasica\" \/>\n<meta property=\"og:description\" content=\"Todos los domingos, el bar restaurante Can Jaume, en la orilla de Cala Vedella, ofrece m\u00fasica en vivo. En esta ocasi\u00f3n protagonizan el cartel el cantante y guitarrista Jordi Mart\u00ednez y el pianista V\u00edctor Gresely. Juntos ofrecer\u00e1n un repertorio de [&hellip;]\" \/>\n<meta property=\"og:url\" content=\"https:\/\/musica.santjosep.org\/es\/concierto\/jordi-martinez-y-victor-gresely-en-el-escenario-de-can-jaume-en-cala-vedella\/\" \/>\n<meta property=\"og:site_name\" content=\"Sant Josep \u00e9s m\u00fasica\" \/>\n<meta property=\"article:publisher\" content=\"https:\/\/www.facebook.com\/Sant-Josep-s-Msica-105337042007790\" \/>\n<meta property=\"article:modified_time\" content=\"2025-09-03T11:10:58+00:00\" \/>\n<meta property=\"og:image\" content=\"https:\/\/musica.santjosep.org\/wp-content\/uploads\/2025\/09\/IMG_9847rec.jpg\" \/>\n\t<meta property=\"og:image:width\" content=\"1400\" \/>\n\t<meta property=\"og:image:height\" content=\"933\" \/>\n\t<meta property=\"og:image:type\" content=\"image\/jpeg\" \/>\n<meta name=\"twitter:card\" content=\"summary_large_image\" \/>\n<meta name=\"twitter:site\" content=\"@MusicaSantJosep\" \/>\n<meta name=\"twitter:label1\" content=\"Tiempo de lectura\" \/>\n\t<meta name=\"twitter:data1\" content=\"1 minuto\" \/>\n<script type=\"application\/ld+json\" class=\"yoast-schema-graph\">{\"@context\":\"https:\\\/\\\/schema.org\",\"@graph\":[{\"@type\":\"WebPage\",\"@id\":\"https:\\\/\\\/musica.santjosep.org\\\/es\\\/concierto\\\/jordi-martinez-y-victor-gresely-en-el-escenario-de-can-jaume-en-cala-vedella\\\/\",\"url\":\"https:\\\/\\\/musica.santjosep.org\\\/es\\\/concierto\\\/jordi-martinez-y-victor-gresely-en-el-escenario-de-can-jaume-en-cala-vedella\\\/\",\"name\":\"Jordi Mart\u00ednez y Victor Gresely, en el escenario de Can Jaume, en Cala Vedella - Sant Josep \u00e9s m\u00fasica\",\"isPartOf\":{\"@id\":\"https:\\\/\\\/musica.santjosep.org\\\/es\\\/#website\"},\"primaryImageOfPage\":{\"@id\":\"https:\\\/\\\/musica.santjosep.org\\\/es\\\/concierto\\\/jordi-martinez-y-victor-gresely-en-el-escenario-de-can-jaume-en-cala-vedella\\\/#primaryimage\"},\"image\":{\"@id\":\"https:\\\/\\\/musica.santjosep.org\\\/es\\\/concierto\\\/jordi-martinez-y-victor-gresely-en-el-escenario-de-can-jaume-en-cala-vedella\\\/#primaryimage\"},\"thumbnailUrl\":\"https:\\\/\\\/musica.santjosep.org\\\/wp-content\\\/uploads\\\/2025\\\/09\\\/IMG_9847rec.jpg\",\"datePublished\":\"2025-09-03T11:10:00+00:00\",\"dateModified\":\"2025-09-03T11:10:58+00:00\",\"breadcrumb\":{\"@id\":\"https:\\\/\\\/musica.santjosep.org\\\/es\\\/concierto\\\/jordi-martinez-y-victor-gresely-en-el-escenario-de-can-jaume-en-cala-vedella\\\/#breadcrumb\"},\"inLanguage\":\"es\",\"potentialAction\":[{\"@type\":\"ReadAction\",\"target\":[\"https:\\\/\\\/musica.santjosep.org\\\/es\\\/concierto\\\/jordi-martinez-y-victor-gresely-en-el-escenario-de-can-jaume-en-cala-vedella\\\/\"]}]},{\"@type\":\"ImageObject\",\"inLanguage\":\"es\",\"@id\":\"https:\\\/\\\/musica.santjosep.org\\\/es\\\/concierto\\\/jordi-martinez-y-victor-gresely-en-el-escenario-de-can-jaume-en-cala-vedella\\\/#primaryimage\",\"url\":\"https:\\\/\\\/musica.santjosep.org\\\/wp-content\\\/uploads\\\/2025\\\/09\\\/IMG_9847rec.jpg\",\"contentUrl\":\"https:\\\/\\\/musica.santjosep.org\\\/wp-content\\\/uploads\\\/2025\\\/09\\\/IMG_9847rec.jpg\",\"width\":1400,\"height\":933},{\"@type\":\"BreadcrumbList\",\"@id\":\"https:\\\/\\\/musica.santjosep.org\\\/es\\\/concierto\\\/jordi-martinez-y-victor-gresely-en-el-escenario-de-can-jaume-en-cala-vedella\\\/#breadcrumb\",\"itemListElement\":[{\"@type\":\"ListItem\",\"position\":1,\"name\":\"Portada\",\"item\":\"https:\\\/\\\/musica.santjosep.org\\\/es\\\/\"},{\"@type\":\"ListItem\",\"position\":2,\"name\":\"Eventos\",\"item\":\"https:\\\/\\\/musica.santjosep.org\\\/es\\\/concerts\\\/\"},{\"@type\":\"ListItem\",\"position\":3,\"name\":\"Jordi Mart\u00ednez y Victor Gresely, en el escenario de Can Jaume, en Cala Vedella\"}]},{\"@type\":\"WebSite\",\"@id\":\"https:\\\/\\\/musica.santjosep.org\\\/es\\\/#website\",\"url\":\"https:\\\/\\\/musica.santjosep.org\\\/es\\\/\",\"name\":\"Sant Josep \u00e9s m\u00fasica\",\"description\":\"Informaci\u00f3n actualizada de todos los conciertos, grupos y artistas que act\u00faen tanto en fiestas y festivales, como en establecimientos privados en el municipio de Sant Josep de sa Talaia\",\"publisher\":{\"@id\":\"https:\\\/\\\/musica.santjosep.org\\\/es\\\/#organization\"},\"potentialAction\":[{\"@type\":\"SearchAction\",\"target\":{\"@type\":\"EntryPoint\",\"urlTemplate\":\"https:\\\/\\\/musica.santjosep.org\\\/es\\\/?s={search_term_string}\"},\"query-input\":{\"@type\":\"PropertyValueSpecification\",\"valueRequired\":true,\"valueName\":\"search_term_string\"}}],\"inLanguage\":\"es\"},{\"@type\":\"Organization\",\"@id\":\"https:\\\/\\\/musica.santjosep.org\\\/es\\\/#organization\",\"name\":\"Sant Josep \u00e9s m\u00fasica\",\"url\":\"https:\\\/\\\/musica.santjosep.org\\\/es\\\/\",\"logo\":{\"@type\":\"ImageObject\",\"inLanguage\":\"es\",\"@id\":\"https:\\\/\\\/musica.santjosep.org\\\/es\\\/#\\\/schema\\\/logo\\\/image\\\/\",\"url\":\"https:\\\/\\\/musica.santjosep.org\\\/wp-content\\\/uploads\\\/2022\\\/01\\\/logo-SJEM.png\",\"contentUrl\":\"https:\\\/\\\/musica.santjosep.org\\\/wp-content\\\/uploads\\\/2022\\\/01\\\/logo-SJEM.png\",\"width\":213,\"height\":103,\"caption\":\"Sant Josep \u00e9s m\u00fasica\"},\"image\":{\"@id\":\"https:\\\/\\\/musica.santjosep.org\\\/es\\\/#\\\/schema\\\/logo\\\/image\\\/\"},\"sameAs\":[\"https:\\\/\\\/www.facebook.com\\\/Sant-Josep-s-Msica-105337042007790\",\"https:\\\/\\\/x.com\\\/MusicaSantJosep\",\"https:\\\/\\\/www.instagram.com\\\/musicasantjosep\\\/\",\"https:\\\/\\\/www.youtube.com\\\/channel\\\/UCBSLSUpqfrfsiOMVslmZEJA\"]}]}<\/script>\n<!-- \/ Yoast SEO plugin. -->","yoast_head_json":{"title":"Jordi Mart\u00ednez y Victor Gresely, en el escenario de Can Jaume, en Cala Vedella - Sant Josep \u00e9s m\u00fasica","robots":{"index":"index","follow":"follow","max-snippet":"max-snippet:-1","max-image-preview":"max-image-preview:large","max-video-preview":"max-video-preview:-1"},"canonical":"https:\/\/musica.santjosep.org\/es\/concierto\/jordi-martinez-y-victor-gresely-en-el-escenario-de-can-jaume-en-cala-vedella\/","og_locale":"es_ES","og_type":"article","og_title":"Jordi Mart\u00ednez y Victor Gresely, en el escenario de Can Jaume, en Cala Vedella - Sant Josep \u00e9s m\u00fasica","og_description":"Todos los domingos, el bar restaurante Can Jaume, en la orilla de Cala Vedella, ofrece m\u00fasica en vivo. En esta ocasi\u00f3n protagonizan el cartel el cantante y guitarrista Jordi Mart\u00ednez y el pianista V\u00edctor Gresely. Juntos ofrecer\u00e1n un repertorio de [&hellip;]","og_url":"https:\/\/musica.santjosep.org\/es\/concierto\/jordi-martinez-y-victor-gresely-en-el-escenario-de-can-jaume-en-cala-vedella\/","og_site_name":"Sant Josep \u00e9s m\u00fasica","article_publisher":"https:\/\/www.facebook.com\/Sant-Josep-s-Msica-105337042007790","article_modified_time":"2025-09-03T11:10:58+00:00","og_image":[{"width":1400,"height":933,"url":"https:\/\/musica.santjosep.org\/wp-content\/uploads\/2025\/09\/IMG_9847rec.jpg","type":"image\/jpeg"}],"twitter_card":"summary_large_image","twitter_site":"@MusicaSantJosep","twitter_misc":{"Tiempo de lectura":"1 minuto"},"schema":{"@context":"https:\/\/schema.org","@graph":[{"@type":"WebPage","@id":"https:\/\/musica.santjosep.org\/es\/concierto\/jordi-martinez-y-victor-gresely-en-el-escenario-de-can-jaume-en-cala-vedella\/","url":"https:\/\/musica.santjosep.org\/es\/concierto\/jordi-martinez-y-victor-gresely-en-el-escenario-de-can-jaume-en-cala-vedella\/","name":"Jordi Mart\u00ednez y Victor Gresely, en el escenario de Can Jaume, en Cala Vedella - Sant Josep \u00e9s m\u00fasica","isPartOf":{"@id":"https:\/\/musica.santjosep.org\/es\/#website"},"primaryImageOfPage":{"@id":"https:\/\/musica.santjosep.org\/es\/concierto\/jordi-martinez-y-victor-gresely-en-el-escenario-de-can-jaume-en-cala-vedella\/#primaryimage"},"image":{"@id":"https:\/\/musica.santjosep.org\/es\/concierto\/jordi-martinez-y-victor-gresely-en-el-escenario-de-can-jaume-en-cala-vedella\/#primaryimage"},"thumbnailUrl":"https:\/\/musica.santjosep.org\/wp-content\/uploads\/2025\/09\/IMG_9847rec.jpg","datePublished":"2025-09-03T11:10:00+00:00","dateModified":"2025-09-03T11:10:58+00:00","breadcrumb":{"@id":"https:\/\/musica.santjosep.org\/es\/concierto\/jordi-martinez-y-victor-gresely-en-el-escenario-de-can-jaume-en-cala-vedella\/#breadcrumb"},"inLanguage":"es","potentialAction":[{"@type":"ReadAction","target":["https:\/\/musica.santjosep.org\/es\/concierto\/jordi-martinez-y-victor-gresely-en-el-escenario-de-can-jaume-en-cala-vedella\/"]}]},{"@type":"ImageObject","inLanguage":"es","@id":"https:\/\/musica.santjosep.org\/es\/concierto\/jordi-martinez-y-victor-gresely-en-el-escenario-de-can-jaume-en-cala-vedella\/#primaryimage","url":"https:\/\/musica.santjosep.org\/wp-content\/uploads\/2025\/09\/IMG_9847rec.jpg","contentUrl":"https:\/\/musica.santjosep.org\/wp-content\/uploads\/2025\/09\/IMG_9847rec.jpg","width":1400,"height":933},{"@type":"BreadcrumbList","@id":"https:\/\/musica.santjosep.org\/es\/concierto\/jordi-martinez-y-victor-gresely-en-el-escenario-de-can-jaume-en-cala-vedella\/#breadcrumb","itemListElement":[{"@type":"ListItem","position":1,"name":"Portada","item":"https:\/\/musica.santjosep.org\/es\/"},{"@type":"ListItem","position":2,"name":"Eventos","item":"https:\/\/musica.santjosep.org\/es\/concerts\/"},{"@type":"ListItem","position":3,"name":"Jordi Mart\u00ednez y Victor Gresely, en el escenario de Can Jaume, en Cala Vedella"}]},{"@type":"WebSite","@id":"https:\/\/musica.santjosep.org\/es\/#website","url":"https:\/\/musica.santjosep.org\/es\/","name":"Sant Josep \u00e9s m\u00fasica","description":"Informaci\u00f3n actualizada de todos los conciertos, grupos y artistas que act\u00faen tanto en fiestas y festivales, como en establecimientos privados en el municipio de Sant Josep de sa Talaia","publisher":{"@id":"https:\/\/musica.santjosep.org\/es\/#organization"},"potentialAction":[{"@type":"SearchAction","target":{"@type":"EntryPoint","urlTemplate":"https:\/\/musica.santjosep.org\/es\/?s={search_term_string}"},"query-input":{"@type":"PropertyValueSpecification","valueRequired":true,"valueName":"search_term_string"}}],"inLanguage":"es"},{"@type":"Organization","@id":"https:\/\/musica.santjosep.org\/es\/#organization","name":"Sant Josep \u00e9s m\u00fasica","url":"https:\/\/musica.santjosep.org\/es\/","logo":{"@type":"ImageObject","inLanguage":"es","@id":"https:\/\/musica.santjosep.org\/es\/#\/schema\/logo\/image\/","url":"https:\/\/musica.santjosep.org\/wp-content\/uploads\/2022\/01\/logo-SJEM.png","contentUrl":"https:\/\/musica.santjosep.org\/wp-content\/uploads\/2022\/01\/logo-SJEM.png","width":213,"height":103,"caption":"Sant Josep \u00e9s m\u00fasica"},"image":{"@id":"https:\/\/musica.santjosep.org\/es\/#\/schema\/logo\/image\/"},"sameAs":["https:\/\/www.facebook.com\/Sant-Josep-s-Msica-105337042007790","https:\/\/x.com\/MusicaSantJosep","https:\/\/www.instagram.com\/musicasantjosep\/","https:\/\/www.youtube.com\/channel\/UCBSLSUpqfrfsiOMVslmZEJA"]}]}},"_links":{"self":[{"href":"https:\/\/musica.santjosep.org\/es\/wp-json\/wp\/v2\/tribe_events\/51729","targetHints":{"allow":["GET"]}}],"collection":[{"href":"https:\/\/musica.santjosep.org\/es\/wp-json\/wp\/v2\/tribe_events"}],"about":[{"href":"https:\/\/musica.santjosep.org\/es\/wp-json\/wp\/v2\/types\/tribe_events"}],"author":[{"embeddable":true,"href":"https:\/\/musica.santjosep.org\/es\/wp-json\/wp\/v2\/users\/2"}],"version-history":[{"count":0,"href":"https:\/\/musica.santjosep.org\/es\/wp-json\/wp\/v2\/tribe_events\/51729\/revisions"}],"wp:featuredmedia":[{"embeddable":true,"href":"https:\/\/musica.santjosep.org\/es\/wp-json\/wp\/v2\/media\/51727"}],"wp:attachment":[{"href":"https:\/\/musica.santjosep.org\/es\/wp-json\/wp\/v2\/media?parent=51729"}],"wp:term":[{"taxonomy":"post_tag","embeddable":true,"href":"https:\/\/musica.santjosep.org\/es\/wp-json\/wp\/v2\/tags?post=51729"},{"taxonomy":"tribe_events_cat","embeddable":true,"href":"https:\/\/musica.santjosep.org\/es\/wp-json\/wp\/v2\/tribe_events_cat?post=51729"}],"curies":[{"name":"wp","href":"https:\/\/api.w.org\/{rel}","templated":true}]}}