{"id":49083,"date":"2025-05-30T09:52:42","date_gmt":"2025-05-30T07:52:42","guid":{"rendered":"https:\/\/musica.santjosep.org\/?post_type=tribe_events&#038;p=49083"},"modified":"2025-05-30T10:27:10","modified_gmt":"2025-05-30T08:27:10","slug":"royal-park-vintage-recibe-en-su-escenario-al-trio-de-flamenco-soniquete","status":"publish","type":"tribe_events","link":"https:\/\/musica.santjosep.org\/es\/concierto\/royal-park-vintage-recibe-en-su-escenario-al-trio-de-flamenco-soniquete\/","title":{"rendered":"Royal Park Vintage recibe en su escenario al tr\u00edo de flamenco Soniquete"},"content":{"rendered":"<p>Royal Park Vintage, en Cala de Bou, celebra este domingo una nueva paella musical, con un concierto de la formaci\u00f3n flamenca Soniquete, tr\u00edo creado en 2025 y dedicado esencialmente a la rumba tradicional, con algunos retazos contempor\u00e1neos. Su repertorio incluye versiones de artistas tan conocidos como Los Chichos, El Junco, Las Grecas, Ketama, Ni\u00f1a Pastori, C. Tangana, Omar Montes\u2026 Lo forman la cantante Cheyenne Mart\u00ednez, ibicenca de ra\u00edces gaditanas y descendiente de una familia que siempre se ha dedicado al cante en la provincia de C\u00e1diz, el ibicenco Mat\u00edas Fern\u00e1ndez a la guitarra y Lucas Vidales, madrile\u00f1o con residencia en Ibiza desde hace veinte a\u00f1os, que aprendi\u00f3 a tocar el caj\u00f3n desde muy peque\u00f1o en el barrio de Carabanchel y en los tablaos flamencos de La Latina.<\/p>\n","protected":false},"excerpt":{"rendered":"<p>Royal Park Vintage, en Cala de Bou, celebra este domingo una nueva paella musical, con un concierto de la formaci\u00f3n flamenca Soniquete, tr\u00edo creado en 2025 y dedicado esencialmente a la rumba tradicional, con algunos retazos contempor\u00e1neos. Su repertorio incluye [&hellip;]<\/p>\n","protected":false},"author":2,"featured_media":49075,"template":"","meta":{"_acf_changed":false,"_tribe_events_status":"","_tribe_events_status_reason":"","_tribe_events_is_hybrid":"","_tribe_events_is_virtual":"","_tribe_events_virtual_video_source":"","_tribe_events_virtual_embed_video":"","_tribe_events_virtual_linked_button_text":"","_tribe_events_virtual_linked_button":"","_tribe_events_virtual_show_embed_at":"","_tribe_events_virtual_show_embed_to":[],"_tribe_events_virtual_show_on_event":"","_tribe_events_virtual_show_on_views":"","_tribe_events_virtual_url":"","footnotes":""},"tags":[],"tribe_events_cat":[54,28],"class_list":["post-49083","tribe_events","type-tribe_events","status-publish","has-post-thumbnail","hentry","tribe_events_cat-flamenco","tribe_events_cat-rumba","cat_flamenco","cat_rumba"],"acf":[],"yoast_head":"<!-- This site is optimized with the Yoast SEO plugin v26.6 - https:\/\/yoast.com\/wordpress\/plugins\/seo\/ -->\n<title>Royal Park Vintage recibe en su escenario al tr\u00edo de flamenco Soniquete - Sant Josep \u00e9s m\u00fasica<\/title>\n<meta name=\"robots\" content=\"index, follow, max-snippet:-1, max-image-preview:large, max-video-preview:-1\" \/>\n<link rel=\"canonical\" href=\"https:\/\/musica.santjosep.org\/es\/concierto\/royal-park-vintage-recibe-en-su-escenario-al-trio-de-flamenco-soniquete\/\" \/>\n<meta property=\"og:locale\" content=\"es_ES\" \/>\n<meta property=\"og:type\" content=\"article\" \/>\n<meta property=\"og:title\" content=\"Royal Park Vintage recibe en su escenario al tr\u00edo de flamenco Soniquete - Sant Josep \u00e9s m\u00fasica\" \/>\n<meta property=\"og:description\" content=\"Royal Park Vintage, en Cala de Bou, celebra este domingo una nueva paella musical, con un concierto de la formaci\u00f3n flamenca Soniquete, tr\u00edo creado en 2025 y dedicado esencialmente a la rumba tradicional, con algunos retazos contempor\u00e1neos. Su repertorio incluye [&hellip;]\" \/>\n<meta property=\"og:url\" content=\"https:\/\/musica.santjosep.org\/es\/concierto\/royal-park-vintage-recibe-en-su-escenario-al-trio-de-flamenco-soniquete\/\" \/>\n<meta property=\"og:site_name\" content=\"Sant Josep \u00e9s m\u00fasica\" \/>\n<meta property=\"article:publisher\" content=\"https:\/\/www.facebook.com\/Sant-Josep-s-Msica-105337042007790\" \/>\n<meta property=\"article:modified_time\" content=\"2025-05-30T08:27:10+00:00\" \/>\n<meta property=\"og:image\" content=\"https:\/\/musica.santjosep.org\/wp-content\/uploads\/2025\/05\/soniquete-3-rec.jpg\" \/>\n\t<meta property=\"og:image:width\" content=\"1400\" \/>\n\t<meta property=\"og:image:height\" content=\"933\" \/>\n\t<meta property=\"og:image:type\" content=\"image\/jpeg\" \/>\n<meta name=\"twitter:card\" content=\"summary_large_image\" \/>\n<meta name=\"twitter:site\" content=\"@MusicaSantJosep\" \/>\n<meta name=\"twitter:label1\" content=\"Tiempo de lectura\" \/>\n\t<meta name=\"twitter:data1\" content=\"1 minuto\" \/>\n<script type=\"application\/ld+json\" class=\"yoast-schema-graph\">{\"@context\":\"https:\/\/schema.org\",\"@graph\":[{\"@type\":\"WebPage\",\"@id\":\"https:\/\/musica.santjosep.org\/es\/concierto\/royal-park-vintage-recibe-en-su-escenario-al-trio-de-flamenco-soniquete\/\",\"url\":\"https:\/\/musica.santjosep.org\/es\/concierto\/royal-park-vintage-recibe-en-su-escenario-al-trio-de-flamenco-soniquete\/\",\"name\":\"Royal Park Vintage recibe en su escenario al tr\u00edo de flamenco Soniquete - Sant Josep \u00e9s m\u00fasica\",\"isPartOf\":{\"@id\":\"https:\/\/musica.santjosep.org\/es\/#website\"},\"primaryImageOfPage\":{\"@id\":\"https:\/\/musica.santjosep.org\/es\/concierto\/royal-park-vintage-recibe-en-su-escenario-al-trio-de-flamenco-soniquete\/#primaryimage\"},\"image\":{\"@id\":\"https:\/\/musica.santjosep.org\/es\/concierto\/royal-park-vintage-recibe-en-su-escenario-al-trio-de-flamenco-soniquete\/#primaryimage\"},\"thumbnailUrl\":\"https:\/\/musica.santjosep.org\/wp-content\/uploads\/2025\/05\/soniquete-3-rec.jpg\",\"datePublished\":\"2025-05-30T07:52:42+00:00\",\"dateModified\":\"2025-05-30T08:27:10+00:00\",\"breadcrumb\":{\"@id\":\"https:\/\/musica.santjosep.org\/es\/concierto\/royal-park-vintage-recibe-en-su-escenario-al-trio-de-flamenco-soniquete\/#breadcrumb\"},\"inLanguage\":\"es\",\"potentialAction\":[{\"@type\":\"ReadAction\",\"target\":[\"https:\/\/musica.santjosep.org\/es\/concierto\/royal-park-vintage-recibe-en-su-escenario-al-trio-de-flamenco-soniquete\/\"]}]},{\"@type\":\"ImageObject\",\"inLanguage\":\"es\",\"@id\":\"https:\/\/musica.santjosep.org\/es\/concierto\/royal-park-vintage-recibe-en-su-escenario-al-trio-de-flamenco-soniquete\/#primaryimage\",\"url\":\"https:\/\/musica.santjosep.org\/wp-content\/uploads\/2025\/05\/soniquete-3-rec.jpg\",\"contentUrl\":\"https:\/\/musica.santjosep.org\/wp-content\/uploads\/2025\/05\/soniquete-3-rec.jpg\",\"width\":1400,\"height\":933},{\"@type\":\"BreadcrumbList\",\"@id\":\"https:\/\/musica.santjosep.org\/es\/concierto\/royal-park-vintage-recibe-en-su-escenario-al-trio-de-flamenco-soniquete\/#breadcrumb\",\"itemListElement\":[{\"@type\":\"ListItem\",\"position\":1,\"name\":\"Portada\",\"item\":\"https:\/\/musica.santjosep.org\/es\/\"},{\"@type\":\"ListItem\",\"position\":2,\"name\":\"Eventos\",\"item\":\"https:\/\/musica.santjosep.org\/es\/concerts\/\"},{\"@type\":\"ListItem\",\"position\":3,\"name\":\"Royal Park Vintage recibe en su escenario al tr\u00edo de flamenco Soniquete\"}]},{\"@type\":\"WebSite\",\"@id\":\"https:\/\/musica.santjosep.org\/es\/#website\",\"url\":\"https:\/\/musica.santjosep.org\/es\/\",\"name\":\"Sant Josep \u00e9s m\u00fasica\",\"description\":\"Informaci\u00f3n actualizada de todos los conciertos, grupos y artistas que act\u00faen tanto en fiestas y festivales, como en establecimientos privados en el municipio de Sant Josep de sa Talaia\",\"publisher\":{\"@id\":\"https:\/\/musica.santjosep.org\/es\/#organization\"},\"potentialAction\":[{\"@type\":\"SearchAction\",\"target\":{\"@type\":\"EntryPoint\",\"urlTemplate\":\"https:\/\/musica.santjosep.org\/es\/?s={search_term_string}\"},\"query-input\":{\"@type\":\"PropertyValueSpecification\",\"valueRequired\":true,\"valueName\":\"search_term_string\"}}],\"inLanguage\":\"es\"},{\"@type\":\"Organization\",\"@id\":\"https:\/\/musica.santjosep.org\/es\/#organization\",\"name\":\"Sant Josep \u00e9s m\u00fasica\",\"url\":\"https:\/\/musica.santjosep.org\/es\/\",\"logo\":{\"@type\":\"ImageObject\",\"inLanguage\":\"es\",\"@id\":\"https:\/\/musica.santjosep.org\/es\/#\/schema\/logo\/image\/\",\"url\":\"https:\/\/musica.santjosep.org\/wp-content\/uploads\/2022\/01\/logo-SJEM.png\",\"contentUrl\":\"https:\/\/musica.santjosep.org\/wp-content\/uploads\/2022\/01\/logo-SJEM.png\",\"width\":213,\"height\":103,\"caption\":\"Sant Josep \u00e9s m\u00fasica\"},\"image\":{\"@id\":\"https:\/\/musica.santjosep.org\/es\/#\/schema\/logo\/image\/\"},\"sameAs\":[\"https:\/\/www.facebook.com\/Sant-Josep-s-Msica-105337042007790\",\"https:\/\/x.com\/MusicaSantJosep\",\"https:\/\/www.instagram.com\/musicasantjosep\/\",\"https:\/\/www.youtube.com\/channel\/UCBSLSUpqfrfsiOMVslmZEJA\"]}]}<\/script>\n<!-- \/ Yoast SEO plugin. -->","yoast_head_json":{"title":"Royal Park Vintage recibe en su escenario al tr\u00edo de flamenco Soniquete - Sant Josep \u00e9s m\u00fasica","robots":{"index":"index","follow":"follow","max-snippet":"max-snippet:-1","max-image-preview":"max-image-preview:large","max-video-preview":"max-video-preview:-1"},"canonical":"https:\/\/musica.santjosep.org\/es\/concierto\/royal-park-vintage-recibe-en-su-escenario-al-trio-de-flamenco-soniquete\/","og_locale":"es_ES","og_type":"article","og_title":"Royal Park Vintage recibe en su escenario al tr\u00edo de flamenco Soniquete - Sant Josep \u00e9s m\u00fasica","og_description":"Royal Park Vintage, en Cala de Bou, celebra este domingo una nueva paella musical, con un concierto de la formaci\u00f3n flamenca Soniquete, tr\u00edo creado en 2025 y dedicado esencialmente a la rumba tradicional, con algunos retazos contempor\u00e1neos. Su repertorio incluye [&hellip;]","og_url":"https:\/\/musica.santjosep.org\/es\/concierto\/royal-park-vintage-recibe-en-su-escenario-al-trio-de-flamenco-soniquete\/","og_site_name":"Sant Josep \u00e9s m\u00fasica","article_publisher":"https:\/\/www.facebook.com\/Sant-Josep-s-Msica-105337042007790","article_modified_time":"2025-05-30T08:27:10+00:00","og_image":[{"width":1400,"height":933,"url":"https:\/\/musica.santjosep.org\/wp-content\/uploads\/2025\/05\/soniquete-3-rec.jpg","type":"image\/jpeg"}],"twitter_card":"summary_large_image","twitter_site":"@MusicaSantJosep","twitter_misc":{"Tiempo de lectura":"1 minuto"},"schema":{"@context":"https:\/\/schema.org","@graph":[{"@type":"WebPage","@id":"https:\/\/musica.santjosep.org\/es\/concierto\/royal-park-vintage-recibe-en-su-escenario-al-trio-de-flamenco-soniquete\/","url":"https:\/\/musica.santjosep.org\/es\/concierto\/royal-park-vintage-recibe-en-su-escenario-al-trio-de-flamenco-soniquete\/","name":"Royal Park Vintage recibe en su escenario al tr\u00edo de flamenco Soniquete - Sant Josep \u00e9s m\u00fasica","isPartOf":{"@id":"https:\/\/musica.santjosep.org\/es\/#website"},"primaryImageOfPage":{"@id":"https:\/\/musica.santjosep.org\/es\/concierto\/royal-park-vintage-recibe-en-su-escenario-al-trio-de-flamenco-soniquete\/#primaryimage"},"image":{"@id":"https:\/\/musica.santjosep.org\/es\/concierto\/royal-park-vintage-recibe-en-su-escenario-al-trio-de-flamenco-soniquete\/#primaryimage"},"thumbnailUrl":"https:\/\/musica.santjosep.org\/wp-content\/uploads\/2025\/05\/soniquete-3-rec.jpg","datePublished":"2025-05-30T07:52:42+00:00","dateModified":"2025-05-30T08:27:10+00:00","breadcrumb":{"@id":"https:\/\/musica.santjosep.org\/es\/concierto\/royal-park-vintage-recibe-en-su-escenario-al-trio-de-flamenco-soniquete\/#breadcrumb"},"inLanguage":"es","potentialAction":[{"@type":"ReadAction","target":["https:\/\/musica.santjosep.org\/es\/concierto\/royal-park-vintage-recibe-en-su-escenario-al-trio-de-flamenco-soniquete\/"]}]},{"@type":"ImageObject","inLanguage":"es","@id":"https:\/\/musica.santjosep.org\/es\/concierto\/royal-park-vintage-recibe-en-su-escenario-al-trio-de-flamenco-soniquete\/#primaryimage","url":"https:\/\/musica.santjosep.org\/wp-content\/uploads\/2025\/05\/soniquete-3-rec.jpg","contentUrl":"https:\/\/musica.santjosep.org\/wp-content\/uploads\/2025\/05\/soniquete-3-rec.jpg","width":1400,"height":933},{"@type":"BreadcrumbList","@id":"https:\/\/musica.santjosep.org\/es\/concierto\/royal-park-vintage-recibe-en-su-escenario-al-trio-de-flamenco-soniquete\/#breadcrumb","itemListElement":[{"@type":"ListItem","position":1,"name":"Portada","item":"https:\/\/musica.santjosep.org\/es\/"},{"@type":"ListItem","position":2,"name":"Eventos","item":"https:\/\/musica.santjosep.org\/es\/concerts\/"},{"@type":"ListItem","position":3,"name":"Royal Park Vintage recibe en su escenario al tr\u00edo de flamenco Soniquete"}]},{"@type":"WebSite","@id":"https:\/\/musica.santjosep.org\/es\/#website","url":"https:\/\/musica.santjosep.org\/es\/","name":"Sant Josep \u00e9s m\u00fasica","description":"Informaci\u00f3n actualizada de todos los conciertos, grupos y artistas que act\u00faen tanto en fiestas y festivales, como en establecimientos privados en el municipio de Sant Josep de sa Talaia","publisher":{"@id":"https:\/\/musica.santjosep.org\/es\/#organization"},"potentialAction":[{"@type":"SearchAction","target":{"@type":"EntryPoint","urlTemplate":"https:\/\/musica.santjosep.org\/es\/?s={search_term_string}"},"query-input":{"@type":"PropertyValueSpecification","valueRequired":true,"valueName":"search_term_string"}}],"inLanguage":"es"},{"@type":"Organization","@id":"https:\/\/musica.santjosep.org\/es\/#organization","name":"Sant Josep \u00e9s m\u00fasica","url":"https:\/\/musica.santjosep.org\/es\/","logo":{"@type":"ImageObject","inLanguage":"es","@id":"https:\/\/musica.santjosep.org\/es\/#\/schema\/logo\/image\/","url":"https:\/\/musica.santjosep.org\/wp-content\/uploads\/2022\/01\/logo-SJEM.png","contentUrl":"https:\/\/musica.santjosep.org\/wp-content\/uploads\/2022\/01\/logo-SJEM.png","width":213,"height":103,"caption":"Sant Josep \u00e9s m\u00fasica"},"image":{"@id":"https:\/\/musica.santjosep.org\/es\/#\/schema\/logo\/image\/"},"sameAs":["https:\/\/www.facebook.com\/Sant-Josep-s-Msica-105337042007790","https:\/\/x.com\/MusicaSantJosep","https:\/\/www.instagram.com\/musicasantjosep\/","https:\/\/www.youtube.com\/channel\/UCBSLSUpqfrfsiOMVslmZEJA"]}]}},"_links":{"self":[{"href":"https:\/\/musica.santjosep.org\/es\/wp-json\/wp\/v2\/tribe_events\/49083","targetHints":{"allow":["GET"]}}],"collection":[{"href":"https:\/\/musica.santjosep.org\/es\/wp-json\/wp\/v2\/tribe_events"}],"about":[{"href":"https:\/\/musica.santjosep.org\/es\/wp-json\/wp\/v2\/types\/tribe_events"}],"author":[{"embeddable":true,"href":"https:\/\/musica.santjosep.org\/es\/wp-json\/wp\/v2\/users\/2"}],"version-history":[{"count":0,"href":"https:\/\/musica.santjosep.org\/es\/wp-json\/wp\/v2\/tribe_events\/49083\/revisions"}],"wp:featuredmedia":[{"embeddable":true,"href":"https:\/\/musica.santjosep.org\/es\/wp-json\/wp\/v2\/media\/49075"}],"wp:attachment":[{"href":"https:\/\/musica.santjosep.org\/es\/wp-json\/wp\/v2\/media?parent=49083"}],"wp:term":[{"taxonomy":"post_tag","embeddable":true,"href":"https:\/\/musica.santjosep.org\/es\/wp-json\/wp\/v2\/tags?post=49083"},{"taxonomy":"tribe_events_cat","embeddable":true,"href":"https:\/\/musica.santjosep.org\/es\/wp-json\/wp\/v2\/tribe_events_cat?post=49083"}],"curies":[{"name":"wp","href":"https:\/\/api.w.org\/{rel}","templated":true}]}}