{"id":48037,"date":"2025-04-30T23:39:59","date_gmt":"2025-04-30T21:39:59","guid":{"rendered":"https:\/\/musica.santjosep.org\/?post_type=tribe_events&#038;p=48037"},"modified":"2025-04-30T23:42:54","modified_gmt":"2025-04-30T21:42:54","slug":"almuerzo-solidario-en-el-restaurante-salt-pepper-con-la-musica-de-juampi-pellicer","status":"publish","type":"tribe_events","link":"https:\/\/musica.santjosep.org\/es\/concierto\/almuerzo-solidario-en-el-restaurante-salt-pepper-con-la-musica-de-juampi-pellicer\/","title":{"rendered":"Almuerzo solidario en el restaurante Salt &#038; Pepper, con la m\u00fasica de Juampi Pellicer"},"content":{"rendered":"<p>El restaurante Salt &amp; Pepper, en Platja d\u2019en Bossa, sigue con su fin de semana solidario que incluye este almuerzo especial a beneficio de la Asociaci\u00f3n de Familiares de Enfermos de Alzheimer de Ibiza y Formentera. Esta vez la animaci\u00f3n musical la aporta el joven argentino Juampi Pellicer, conocido en su pa\u00eds por su paso por el programa televisivo La Voz. En los \u00faltimos a\u00f1os, ha lanzado numerosos sencillos como cantautor a trav\u00e9s de las plataformas digitales y su m\u00fasica navega entre la balada, la cumbia y otros g\u00e9neros latinos, con un toque pop. Un espect\u00e1culo \u00edntimo de\u00a0<em>live looping<\/em>\u00a0ac\u00fastico, sostenido por su voz y su guitarra.<\/p>\n<p>El evento se suma a la cena solidaria a beneficio de la misma entidad, el 2 de mayo, a las 21 horas, con la actuaci\u00f3n musical del saxofonista Ra\u00fal Mart\u00ednez.<\/p>\n","protected":false},"excerpt":{"rendered":"<p>El restaurante Salt &amp; Pepper, en Platja d\u2019en Bossa, sigue con su fin de semana solidario que incluye este almuerzo especial a beneficio de la Asociaci\u00f3n de Familiares de Enfermos de Alzheimer de Ibiza y Formentera. Esta vez la animaci\u00f3n [&hellip;]<\/p>\n","protected":false},"author":2,"featured_media":48043,"template":"","meta":{"_acf_changed":false,"_tribe_events_status":"","_tribe_events_status_reason":"","_tribe_events_is_hybrid":"","_tribe_events_is_virtual":"","_tribe_events_virtual_video_source":"","_tribe_events_virtual_embed_video":"","_tribe_events_virtual_linked_button_text":"","_tribe_events_virtual_linked_button":"","_tribe_events_virtual_show_embed_at":"","_tribe_events_virtual_show_embed_to":[],"_tribe_events_virtual_show_on_event":"","_tribe_events_virtual_show_on_views":"","_tribe_events_virtual_url":"","footnotes":""},"tags":[],"tribe_events_cat":[65,29],"class_list":["post-48037","tribe_events","type-tribe_events","status-publish","has-post-thumbnail","hentry","tribe_events_cat-latina","tribe_events_cat-pop","cat_latina","cat_pop"],"acf":[],"yoast_head":"<!-- This site is optimized with the Yoast SEO plugin v26.6 - https:\/\/yoast.com\/wordpress\/plugins\/seo\/ -->\n<title>Almuerzo solidario en el restaurante Salt &amp; Pepper, con la m\u00fasica de Juampi Pellicer - Sant Josep \u00e9s m\u00fasica<\/title>\n<meta name=\"robots\" content=\"index, follow, max-snippet:-1, max-image-preview:large, max-video-preview:-1\" \/>\n<link rel=\"canonical\" href=\"https:\/\/musica.santjosep.org\/es\/concierto\/almuerzo-solidario-en-el-restaurante-salt-pepper-con-la-musica-de-juampi-pellicer\/\" \/>\n<meta property=\"og:locale\" content=\"es_ES\" \/>\n<meta property=\"og:type\" content=\"article\" \/>\n<meta property=\"og:title\" content=\"Almuerzo solidario en el restaurante Salt &amp; Pepper, con la m\u00fasica de Juampi Pellicer - Sant Josep \u00e9s m\u00fasica\" \/>\n<meta property=\"og:description\" content=\"El restaurante Salt &amp; Pepper, en Platja d\u2019en Bossa, sigue con su fin de semana solidario que incluye este almuerzo especial a beneficio de la Asociaci\u00f3n de Familiares de Enfermos de Alzheimer de Ibiza y Formentera. Esta vez la animaci\u00f3n [&hellip;]\" \/>\n<meta property=\"og:url\" content=\"https:\/\/musica.santjosep.org\/es\/concierto\/almuerzo-solidario-en-el-restaurante-salt-pepper-con-la-musica-de-juampi-pellicer\/\" \/>\n<meta property=\"og:site_name\" content=\"Sant Josep \u00e9s m\u00fasica\" \/>\n<meta property=\"article:publisher\" content=\"https:\/\/www.facebook.com\/Sant-Josep-s-Msica-105337042007790\" \/>\n<meta property=\"article:modified_time\" content=\"2025-04-30T21:42:54+00:00\" \/>\n<meta property=\"og:image\" content=\"https:\/\/musica.santjosep.org\/wp-content\/uploads\/2025\/04\/juampi-pellicer-1-rec-bis.jpg\" \/>\n\t<meta property=\"og:image:width\" content=\"1400\" \/>\n\t<meta property=\"og:image:height\" content=\"933\" \/>\n\t<meta property=\"og:image:type\" content=\"image\/jpeg\" \/>\n<meta name=\"twitter:card\" content=\"summary_large_image\" \/>\n<meta name=\"twitter:site\" content=\"@MusicaSantJosep\" \/>\n<meta name=\"twitter:label1\" content=\"Tiempo de lectura\" \/>\n\t<meta name=\"twitter:data1\" content=\"1 minuto\" \/>\n<script type=\"application\/ld+json\" class=\"yoast-schema-graph\">{\"@context\":\"https:\/\/schema.org\",\"@graph\":[{\"@type\":\"WebPage\",\"@id\":\"https:\/\/musica.santjosep.org\/es\/concierto\/almuerzo-solidario-en-el-restaurante-salt-pepper-con-la-musica-de-juampi-pellicer\/\",\"url\":\"https:\/\/musica.santjosep.org\/es\/concierto\/almuerzo-solidario-en-el-restaurante-salt-pepper-con-la-musica-de-juampi-pellicer\/\",\"name\":\"Almuerzo solidario en el restaurante Salt & Pepper, con la m\u00fasica de Juampi Pellicer - Sant Josep \u00e9s m\u00fasica\",\"isPartOf\":{\"@id\":\"https:\/\/musica.santjosep.org\/es\/#website\"},\"primaryImageOfPage\":{\"@id\":\"https:\/\/musica.santjosep.org\/es\/concierto\/almuerzo-solidario-en-el-restaurante-salt-pepper-con-la-musica-de-juampi-pellicer\/#primaryimage\"},\"image\":{\"@id\":\"https:\/\/musica.santjosep.org\/es\/concierto\/almuerzo-solidario-en-el-restaurante-salt-pepper-con-la-musica-de-juampi-pellicer\/#primaryimage\"},\"thumbnailUrl\":\"https:\/\/musica.santjosep.org\/wp-content\/uploads\/2025\/04\/juampi-pellicer-1-rec-bis.jpg\",\"datePublished\":\"2025-04-30T21:39:59+00:00\",\"dateModified\":\"2025-04-30T21:42:54+00:00\",\"breadcrumb\":{\"@id\":\"https:\/\/musica.santjosep.org\/es\/concierto\/almuerzo-solidario-en-el-restaurante-salt-pepper-con-la-musica-de-juampi-pellicer\/#breadcrumb\"},\"inLanguage\":\"es\",\"potentialAction\":[{\"@type\":\"ReadAction\",\"target\":[\"https:\/\/musica.santjosep.org\/es\/concierto\/almuerzo-solidario-en-el-restaurante-salt-pepper-con-la-musica-de-juampi-pellicer\/\"]}]},{\"@type\":\"ImageObject\",\"inLanguage\":\"es\",\"@id\":\"https:\/\/musica.santjosep.org\/es\/concierto\/almuerzo-solidario-en-el-restaurante-salt-pepper-con-la-musica-de-juampi-pellicer\/#primaryimage\",\"url\":\"https:\/\/musica.santjosep.org\/wp-content\/uploads\/2025\/04\/juampi-pellicer-1-rec-bis.jpg\",\"contentUrl\":\"https:\/\/musica.santjosep.org\/wp-content\/uploads\/2025\/04\/juampi-pellicer-1-rec-bis.jpg\",\"width\":1400,\"height\":933},{\"@type\":\"BreadcrumbList\",\"@id\":\"https:\/\/musica.santjosep.org\/es\/concierto\/almuerzo-solidario-en-el-restaurante-salt-pepper-con-la-musica-de-juampi-pellicer\/#breadcrumb\",\"itemListElement\":[{\"@type\":\"ListItem\",\"position\":1,\"name\":\"Portada\",\"item\":\"https:\/\/musica.santjosep.org\/es\/\"},{\"@type\":\"ListItem\",\"position\":2,\"name\":\"Eventos\",\"item\":\"https:\/\/musica.santjosep.org\/es\/concerts\/\"},{\"@type\":\"ListItem\",\"position\":3,\"name\":\"Almuerzo solidario en el restaurante Salt &#038; Pepper, con la m\u00fasica de Juampi Pellicer\"}]},{\"@type\":\"WebSite\",\"@id\":\"https:\/\/musica.santjosep.org\/es\/#website\",\"url\":\"https:\/\/musica.santjosep.org\/es\/\",\"name\":\"Sant Josep \u00e9s m\u00fasica\",\"description\":\"Informaci\u00f3n actualizada de todos los conciertos, grupos y artistas que act\u00faen tanto en fiestas y festivales, como en establecimientos privados en el municipio de Sant Josep de sa Talaia\",\"publisher\":{\"@id\":\"https:\/\/musica.santjosep.org\/es\/#organization\"},\"potentialAction\":[{\"@type\":\"SearchAction\",\"target\":{\"@type\":\"EntryPoint\",\"urlTemplate\":\"https:\/\/musica.santjosep.org\/es\/?s={search_term_string}\"},\"query-input\":{\"@type\":\"PropertyValueSpecification\",\"valueRequired\":true,\"valueName\":\"search_term_string\"}}],\"inLanguage\":\"es\"},{\"@type\":\"Organization\",\"@id\":\"https:\/\/musica.santjosep.org\/es\/#organization\",\"name\":\"Sant Josep \u00e9s m\u00fasica\",\"url\":\"https:\/\/musica.santjosep.org\/es\/\",\"logo\":{\"@type\":\"ImageObject\",\"inLanguage\":\"es\",\"@id\":\"https:\/\/musica.santjosep.org\/es\/#\/schema\/logo\/image\/\",\"url\":\"https:\/\/musica.santjosep.org\/wp-content\/uploads\/2022\/01\/logo-SJEM.png\",\"contentUrl\":\"https:\/\/musica.santjosep.org\/wp-content\/uploads\/2022\/01\/logo-SJEM.png\",\"width\":213,\"height\":103,\"caption\":\"Sant Josep \u00e9s m\u00fasica\"},\"image\":{\"@id\":\"https:\/\/musica.santjosep.org\/es\/#\/schema\/logo\/image\/\"},\"sameAs\":[\"https:\/\/www.facebook.com\/Sant-Josep-s-Msica-105337042007790\",\"https:\/\/x.com\/MusicaSantJosep\",\"https:\/\/www.instagram.com\/musicasantjosep\/\",\"https:\/\/www.youtube.com\/channel\/UCBSLSUpqfrfsiOMVslmZEJA\"]}]}<\/script>\n<!-- \/ Yoast SEO plugin. -->","yoast_head_json":{"title":"Almuerzo solidario en el restaurante Salt & Pepper, con la m\u00fasica de Juampi Pellicer - Sant Josep \u00e9s m\u00fasica","robots":{"index":"index","follow":"follow","max-snippet":"max-snippet:-1","max-image-preview":"max-image-preview:large","max-video-preview":"max-video-preview:-1"},"canonical":"https:\/\/musica.santjosep.org\/es\/concierto\/almuerzo-solidario-en-el-restaurante-salt-pepper-con-la-musica-de-juampi-pellicer\/","og_locale":"es_ES","og_type":"article","og_title":"Almuerzo solidario en el restaurante Salt & Pepper, con la m\u00fasica de Juampi Pellicer - Sant Josep \u00e9s m\u00fasica","og_description":"El restaurante Salt &amp; Pepper, en Platja d\u2019en Bossa, sigue con su fin de semana solidario que incluye este almuerzo especial a beneficio de la Asociaci\u00f3n de Familiares de Enfermos de Alzheimer de Ibiza y Formentera. Esta vez la animaci\u00f3n [&hellip;]","og_url":"https:\/\/musica.santjosep.org\/es\/concierto\/almuerzo-solidario-en-el-restaurante-salt-pepper-con-la-musica-de-juampi-pellicer\/","og_site_name":"Sant Josep \u00e9s m\u00fasica","article_publisher":"https:\/\/www.facebook.com\/Sant-Josep-s-Msica-105337042007790","article_modified_time":"2025-04-30T21:42:54+00:00","og_image":[{"width":1400,"height":933,"url":"https:\/\/musica.santjosep.org\/wp-content\/uploads\/2025\/04\/juampi-pellicer-1-rec-bis.jpg","type":"image\/jpeg"}],"twitter_card":"summary_large_image","twitter_site":"@MusicaSantJosep","twitter_misc":{"Tiempo de lectura":"1 minuto"},"schema":{"@context":"https:\/\/schema.org","@graph":[{"@type":"WebPage","@id":"https:\/\/musica.santjosep.org\/es\/concierto\/almuerzo-solidario-en-el-restaurante-salt-pepper-con-la-musica-de-juampi-pellicer\/","url":"https:\/\/musica.santjosep.org\/es\/concierto\/almuerzo-solidario-en-el-restaurante-salt-pepper-con-la-musica-de-juampi-pellicer\/","name":"Almuerzo solidario en el restaurante Salt & Pepper, con la m\u00fasica de Juampi Pellicer - Sant Josep \u00e9s m\u00fasica","isPartOf":{"@id":"https:\/\/musica.santjosep.org\/es\/#website"},"primaryImageOfPage":{"@id":"https:\/\/musica.santjosep.org\/es\/concierto\/almuerzo-solidario-en-el-restaurante-salt-pepper-con-la-musica-de-juampi-pellicer\/#primaryimage"},"image":{"@id":"https:\/\/musica.santjosep.org\/es\/concierto\/almuerzo-solidario-en-el-restaurante-salt-pepper-con-la-musica-de-juampi-pellicer\/#primaryimage"},"thumbnailUrl":"https:\/\/musica.santjosep.org\/wp-content\/uploads\/2025\/04\/juampi-pellicer-1-rec-bis.jpg","datePublished":"2025-04-30T21:39:59+00:00","dateModified":"2025-04-30T21:42:54+00:00","breadcrumb":{"@id":"https:\/\/musica.santjosep.org\/es\/concierto\/almuerzo-solidario-en-el-restaurante-salt-pepper-con-la-musica-de-juampi-pellicer\/#breadcrumb"},"inLanguage":"es","potentialAction":[{"@type":"ReadAction","target":["https:\/\/musica.santjosep.org\/es\/concierto\/almuerzo-solidario-en-el-restaurante-salt-pepper-con-la-musica-de-juampi-pellicer\/"]}]},{"@type":"ImageObject","inLanguage":"es","@id":"https:\/\/musica.santjosep.org\/es\/concierto\/almuerzo-solidario-en-el-restaurante-salt-pepper-con-la-musica-de-juampi-pellicer\/#primaryimage","url":"https:\/\/musica.santjosep.org\/wp-content\/uploads\/2025\/04\/juampi-pellicer-1-rec-bis.jpg","contentUrl":"https:\/\/musica.santjosep.org\/wp-content\/uploads\/2025\/04\/juampi-pellicer-1-rec-bis.jpg","width":1400,"height":933},{"@type":"BreadcrumbList","@id":"https:\/\/musica.santjosep.org\/es\/concierto\/almuerzo-solidario-en-el-restaurante-salt-pepper-con-la-musica-de-juampi-pellicer\/#breadcrumb","itemListElement":[{"@type":"ListItem","position":1,"name":"Portada","item":"https:\/\/musica.santjosep.org\/es\/"},{"@type":"ListItem","position":2,"name":"Eventos","item":"https:\/\/musica.santjosep.org\/es\/concerts\/"},{"@type":"ListItem","position":3,"name":"Almuerzo solidario en el restaurante Salt &#038; Pepper, con la m\u00fasica de Juampi Pellicer"}]},{"@type":"WebSite","@id":"https:\/\/musica.santjosep.org\/es\/#website","url":"https:\/\/musica.santjosep.org\/es\/","name":"Sant Josep \u00e9s m\u00fasica","description":"Informaci\u00f3n actualizada de todos los conciertos, grupos y artistas que act\u00faen tanto en fiestas y festivales, como en establecimientos privados en el municipio de Sant Josep de sa Talaia","publisher":{"@id":"https:\/\/musica.santjosep.org\/es\/#organization"},"potentialAction":[{"@type":"SearchAction","target":{"@type":"EntryPoint","urlTemplate":"https:\/\/musica.santjosep.org\/es\/?s={search_term_string}"},"query-input":{"@type":"PropertyValueSpecification","valueRequired":true,"valueName":"search_term_string"}}],"inLanguage":"es"},{"@type":"Organization","@id":"https:\/\/musica.santjosep.org\/es\/#organization","name":"Sant Josep \u00e9s m\u00fasica","url":"https:\/\/musica.santjosep.org\/es\/","logo":{"@type":"ImageObject","inLanguage":"es","@id":"https:\/\/musica.santjosep.org\/es\/#\/schema\/logo\/image\/","url":"https:\/\/musica.santjosep.org\/wp-content\/uploads\/2022\/01\/logo-SJEM.png","contentUrl":"https:\/\/musica.santjosep.org\/wp-content\/uploads\/2022\/01\/logo-SJEM.png","width":213,"height":103,"caption":"Sant Josep \u00e9s m\u00fasica"},"image":{"@id":"https:\/\/musica.santjosep.org\/es\/#\/schema\/logo\/image\/"},"sameAs":["https:\/\/www.facebook.com\/Sant-Josep-s-Msica-105337042007790","https:\/\/x.com\/MusicaSantJosep","https:\/\/www.instagram.com\/musicasantjosep\/","https:\/\/www.youtube.com\/channel\/UCBSLSUpqfrfsiOMVslmZEJA"]}]}},"_links":{"self":[{"href":"https:\/\/musica.santjosep.org\/es\/wp-json\/wp\/v2\/tribe_events\/48037","targetHints":{"allow":["GET"]}}],"collection":[{"href":"https:\/\/musica.santjosep.org\/es\/wp-json\/wp\/v2\/tribe_events"}],"about":[{"href":"https:\/\/musica.santjosep.org\/es\/wp-json\/wp\/v2\/types\/tribe_events"}],"author":[{"embeddable":true,"href":"https:\/\/musica.santjosep.org\/es\/wp-json\/wp\/v2\/users\/2"}],"version-history":[{"count":0,"href":"https:\/\/musica.santjosep.org\/es\/wp-json\/wp\/v2\/tribe_events\/48037\/revisions"}],"wp:featuredmedia":[{"embeddable":true,"href":"https:\/\/musica.santjosep.org\/es\/wp-json\/wp\/v2\/media\/48043"}],"wp:attachment":[{"href":"https:\/\/musica.santjosep.org\/es\/wp-json\/wp\/v2\/media?parent=48037"}],"wp:term":[{"taxonomy":"post_tag","embeddable":true,"href":"https:\/\/musica.santjosep.org\/es\/wp-json\/wp\/v2\/tags?post=48037"},{"taxonomy":"tribe_events_cat","embeddable":true,"href":"https:\/\/musica.santjosep.org\/es\/wp-json\/wp\/v2\/tribe_events_cat?post=48037"}],"curies":[{"name":"wp","href":"https:\/\/api.w.org\/{rel}","templated":true}]}}