{"id":47950,"date":"2025-04-30T13:11:59","date_gmt":"2025-04-30T11:11:59","guid":{"rendered":"https:\/\/musica.santjosep.org\/?post_type=tribe_events&#038;p=47950"},"modified":"2025-04-30T13:11:59","modified_gmt":"2025-04-30T11:11:59","slug":"vuelven-los-domingos-de-rumba-y-paella-en-royal-park-vintage-con-los-del-varadero","status":"publish","type":"tribe_events","link":"https:\/\/musica.santjosep.org\/es\/concierto\/vuelven-los-domingos-de-rumba-y-paella-en-royal-park-vintage-con-los-del-varadero\/","title":{"rendered":"Vuelven los domingos de rumba y paella en Royal Park Vintage, con Los del varadero"},"content":{"rendered":"<p>El restaurante Royal Park Vintage, en Cala de Bou, comienza la temporada y contin\u00faa con sus ya tradicionales paellas dominicales y musicales, con un cartel que en esta primera edici\u00f3n protagoniza una banda habitual en el establecimiento: Los del varadero. Esta formaci\u00f3n la integran Rub\u00e9n Rubio y Manu Campanario, dos cantantes y guitarristas de Sant Antoni que ofrecen un repertorio de rumbas y pop aflamencado. El nombre del grupo alude a sus inicios a orillas del mar pitiuso, entre momentos inolvidables de diversi\u00f3n, buen rollo y alegr\u00eda entre amigos. El repertorio combina un amplio abanico de versiones de pop y rumba, con un toque personal y atrevido con el que transitan por diferentes artistas, \u00e9pocas y estilos. Su intenci\u00f3n es hacer que el p\u00fablico pase un rato inolvidable.<\/p>\n","protected":false},"excerpt":{"rendered":"<p>El restaurante Royal Park Vintage, en Cala de Bou, comienza la temporada y contin\u00faa con sus ya tradicionales paellas dominicales y musicales, con un cartel que en esta primera edici\u00f3n protagoniza una banda habitual en el establecimiento: Los del varadero. [&hellip;]<\/p>\n","protected":false},"author":2,"featured_media":47951,"template":"","meta":{"_acf_changed":false,"_tribe_events_status":"","_tribe_events_status_reason":"","_tribe_events_is_hybrid":"","_tribe_events_is_virtual":"","_tribe_events_virtual_video_source":"","_tribe_events_virtual_embed_video":"","_tribe_events_virtual_linked_button_text":"","_tribe_events_virtual_linked_button":"","_tribe_events_virtual_show_embed_at":"","_tribe_events_virtual_show_embed_to":[],"_tribe_events_virtual_show_on_event":"","_tribe_events_virtual_show_on_views":"","_tribe_events_virtual_url":"","footnotes":""},"tags":[],"tribe_events_cat":[29,28],"class_list":["post-47950","tribe_events","type-tribe_events","status-publish","has-post-thumbnail","hentry","tribe_events_cat-pop","tribe_events_cat-rumba","cat_pop","cat_rumba"],"acf":[],"yoast_head":"<!-- This site is optimized with the Yoast SEO plugin v26.6 - https:\/\/yoast.com\/wordpress\/plugins\/seo\/ -->\n<title>Vuelven los domingos de rumba y paella en Royal Park Vintage, con Los del varadero - Sant Josep \u00e9s m\u00fasica<\/title>\n<meta name=\"robots\" content=\"index, follow, max-snippet:-1, max-image-preview:large, max-video-preview:-1\" \/>\n<link rel=\"canonical\" href=\"https:\/\/musica.santjosep.org\/es\/concierto\/vuelven-los-domingos-de-rumba-y-paella-en-royal-park-vintage-con-los-del-varadero\/\" \/>\n<meta property=\"og:locale\" content=\"es_ES\" \/>\n<meta property=\"og:type\" content=\"article\" \/>\n<meta property=\"og:title\" content=\"Vuelven los domingos de rumba y paella en Royal Park Vintage, con Los del varadero - Sant Josep \u00e9s m\u00fasica\" \/>\n<meta property=\"og:description\" content=\"El restaurante Royal Park Vintage, en Cala de Bou, comienza la temporada y contin\u00faa con sus ya tradicionales paellas dominicales y musicales, con un cartel que en esta primera edici\u00f3n protagoniza una banda habitual en el establecimiento: Los del varadero. [&hellip;]\" \/>\n<meta property=\"og:url\" content=\"https:\/\/musica.santjosep.org\/es\/concierto\/vuelven-los-domingos-de-rumba-y-paella-en-royal-park-vintage-con-los-del-varadero\/\" \/>\n<meta property=\"og:site_name\" content=\"Sant Josep \u00e9s m\u00fasica\" \/>\n<meta property=\"article:publisher\" content=\"https:\/\/www.facebook.com\/Sant-Josep-s-Msica-105337042007790\" \/>\n<meta property=\"og:image\" content=\"https:\/\/musica.santjosep.org\/wp-content\/uploads\/2025\/04\/los-del-varadero-new-4-rec.jpg\" \/>\n\t<meta property=\"og:image:width\" content=\"1400\" \/>\n\t<meta property=\"og:image:height\" content=\"933\" \/>\n\t<meta property=\"og:image:type\" content=\"image\/jpeg\" \/>\n<meta name=\"twitter:card\" content=\"summary_large_image\" \/>\n<meta name=\"twitter:site\" content=\"@MusicaSantJosep\" \/>\n<meta name=\"twitter:label1\" content=\"Tiempo de lectura\" \/>\n\t<meta name=\"twitter:data1\" content=\"1 minuto\" \/>\n<script type=\"application\/ld+json\" class=\"yoast-schema-graph\">{\"@context\":\"https:\/\/schema.org\",\"@graph\":[{\"@type\":\"WebPage\",\"@id\":\"https:\/\/musica.santjosep.org\/es\/concierto\/vuelven-los-domingos-de-rumba-y-paella-en-royal-park-vintage-con-los-del-varadero\/\",\"url\":\"https:\/\/musica.santjosep.org\/es\/concierto\/vuelven-los-domingos-de-rumba-y-paella-en-royal-park-vintage-con-los-del-varadero\/\",\"name\":\"Vuelven los domingos de rumba y paella en Royal Park Vintage, con Los del varadero - Sant Josep \u00e9s m\u00fasica\",\"isPartOf\":{\"@id\":\"https:\/\/musica.santjosep.org\/es\/#website\"},\"primaryImageOfPage\":{\"@id\":\"https:\/\/musica.santjosep.org\/es\/concierto\/vuelven-los-domingos-de-rumba-y-paella-en-royal-park-vintage-con-los-del-varadero\/#primaryimage\"},\"image\":{\"@id\":\"https:\/\/musica.santjosep.org\/es\/concierto\/vuelven-los-domingos-de-rumba-y-paella-en-royal-park-vintage-con-los-del-varadero\/#primaryimage\"},\"thumbnailUrl\":\"https:\/\/musica.santjosep.org\/wp-content\/uploads\/2025\/04\/los-del-varadero-new-4-rec.jpg\",\"datePublished\":\"2025-04-30T11:11:59+00:00\",\"breadcrumb\":{\"@id\":\"https:\/\/musica.santjosep.org\/es\/concierto\/vuelven-los-domingos-de-rumba-y-paella-en-royal-park-vintage-con-los-del-varadero\/#breadcrumb\"},\"inLanguage\":\"es\",\"potentialAction\":[{\"@type\":\"ReadAction\",\"target\":[\"https:\/\/musica.santjosep.org\/es\/concierto\/vuelven-los-domingos-de-rumba-y-paella-en-royal-park-vintage-con-los-del-varadero\/\"]}]},{\"@type\":\"ImageObject\",\"inLanguage\":\"es\",\"@id\":\"https:\/\/musica.santjosep.org\/es\/concierto\/vuelven-los-domingos-de-rumba-y-paella-en-royal-park-vintage-con-los-del-varadero\/#primaryimage\",\"url\":\"https:\/\/musica.santjosep.org\/wp-content\/uploads\/2025\/04\/los-del-varadero-new-4-rec.jpg\",\"contentUrl\":\"https:\/\/musica.santjosep.org\/wp-content\/uploads\/2025\/04\/los-del-varadero-new-4-rec.jpg\",\"width\":1400,\"height\":933},{\"@type\":\"BreadcrumbList\",\"@id\":\"https:\/\/musica.santjosep.org\/es\/concierto\/vuelven-los-domingos-de-rumba-y-paella-en-royal-park-vintage-con-los-del-varadero\/#breadcrumb\",\"itemListElement\":[{\"@type\":\"ListItem\",\"position\":1,\"name\":\"Portada\",\"item\":\"https:\/\/musica.santjosep.org\/es\/\"},{\"@type\":\"ListItem\",\"position\":2,\"name\":\"Eventos\",\"item\":\"https:\/\/musica.santjosep.org\/es\/concerts\/\"},{\"@type\":\"ListItem\",\"position\":3,\"name\":\"Vuelven los domingos de rumba y paella en Royal Park Vintage, con Los del varadero\"}]},{\"@type\":\"WebSite\",\"@id\":\"https:\/\/musica.santjosep.org\/es\/#website\",\"url\":\"https:\/\/musica.santjosep.org\/es\/\",\"name\":\"Sant Josep \u00e9s m\u00fasica\",\"description\":\"Informaci\u00f3n actualizada de todos los conciertos, grupos y artistas que act\u00faen tanto en fiestas y festivales, como en establecimientos privados en el municipio de Sant Josep de sa Talaia\",\"publisher\":{\"@id\":\"https:\/\/musica.santjosep.org\/es\/#organization\"},\"potentialAction\":[{\"@type\":\"SearchAction\",\"target\":{\"@type\":\"EntryPoint\",\"urlTemplate\":\"https:\/\/musica.santjosep.org\/es\/?s={search_term_string}\"},\"query-input\":{\"@type\":\"PropertyValueSpecification\",\"valueRequired\":true,\"valueName\":\"search_term_string\"}}],\"inLanguage\":\"es\"},{\"@type\":\"Organization\",\"@id\":\"https:\/\/musica.santjosep.org\/es\/#organization\",\"name\":\"Sant Josep \u00e9s m\u00fasica\",\"url\":\"https:\/\/musica.santjosep.org\/es\/\",\"logo\":{\"@type\":\"ImageObject\",\"inLanguage\":\"es\",\"@id\":\"https:\/\/musica.santjosep.org\/es\/#\/schema\/logo\/image\/\",\"url\":\"https:\/\/musica.santjosep.org\/wp-content\/uploads\/2022\/01\/logo-SJEM.png\",\"contentUrl\":\"https:\/\/musica.santjosep.org\/wp-content\/uploads\/2022\/01\/logo-SJEM.png\",\"width\":213,\"height\":103,\"caption\":\"Sant Josep \u00e9s m\u00fasica\"},\"image\":{\"@id\":\"https:\/\/musica.santjosep.org\/es\/#\/schema\/logo\/image\/\"},\"sameAs\":[\"https:\/\/www.facebook.com\/Sant-Josep-s-Msica-105337042007790\",\"https:\/\/x.com\/MusicaSantJosep\",\"https:\/\/www.instagram.com\/musicasantjosep\/\",\"https:\/\/www.youtube.com\/channel\/UCBSLSUpqfrfsiOMVslmZEJA\"]}]}<\/script>\n<!-- \/ Yoast SEO plugin. -->","yoast_head_json":{"title":"Vuelven los domingos de rumba y paella en Royal Park Vintage, con Los del varadero - Sant Josep \u00e9s m\u00fasica","robots":{"index":"index","follow":"follow","max-snippet":"max-snippet:-1","max-image-preview":"max-image-preview:large","max-video-preview":"max-video-preview:-1"},"canonical":"https:\/\/musica.santjosep.org\/es\/concierto\/vuelven-los-domingos-de-rumba-y-paella-en-royal-park-vintage-con-los-del-varadero\/","og_locale":"es_ES","og_type":"article","og_title":"Vuelven los domingos de rumba y paella en Royal Park Vintage, con Los del varadero - Sant Josep \u00e9s m\u00fasica","og_description":"El restaurante Royal Park Vintage, en Cala de Bou, comienza la temporada y contin\u00faa con sus ya tradicionales paellas dominicales y musicales, con un cartel que en esta primera edici\u00f3n protagoniza una banda habitual en el establecimiento: Los del varadero. [&hellip;]","og_url":"https:\/\/musica.santjosep.org\/es\/concierto\/vuelven-los-domingos-de-rumba-y-paella-en-royal-park-vintage-con-los-del-varadero\/","og_site_name":"Sant Josep \u00e9s m\u00fasica","article_publisher":"https:\/\/www.facebook.com\/Sant-Josep-s-Msica-105337042007790","og_image":[{"width":1400,"height":933,"url":"https:\/\/musica.santjosep.org\/wp-content\/uploads\/2025\/04\/los-del-varadero-new-4-rec.jpg","type":"image\/jpeg"}],"twitter_card":"summary_large_image","twitter_site":"@MusicaSantJosep","twitter_misc":{"Tiempo de lectura":"1 minuto"},"schema":{"@context":"https:\/\/schema.org","@graph":[{"@type":"WebPage","@id":"https:\/\/musica.santjosep.org\/es\/concierto\/vuelven-los-domingos-de-rumba-y-paella-en-royal-park-vintage-con-los-del-varadero\/","url":"https:\/\/musica.santjosep.org\/es\/concierto\/vuelven-los-domingos-de-rumba-y-paella-en-royal-park-vintage-con-los-del-varadero\/","name":"Vuelven los domingos de rumba y paella en Royal Park Vintage, con Los del varadero - Sant Josep \u00e9s m\u00fasica","isPartOf":{"@id":"https:\/\/musica.santjosep.org\/es\/#website"},"primaryImageOfPage":{"@id":"https:\/\/musica.santjosep.org\/es\/concierto\/vuelven-los-domingos-de-rumba-y-paella-en-royal-park-vintage-con-los-del-varadero\/#primaryimage"},"image":{"@id":"https:\/\/musica.santjosep.org\/es\/concierto\/vuelven-los-domingos-de-rumba-y-paella-en-royal-park-vintage-con-los-del-varadero\/#primaryimage"},"thumbnailUrl":"https:\/\/musica.santjosep.org\/wp-content\/uploads\/2025\/04\/los-del-varadero-new-4-rec.jpg","datePublished":"2025-04-30T11:11:59+00:00","breadcrumb":{"@id":"https:\/\/musica.santjosep.org\/es\/concierto\/vuelven-los-domingos-de-rumba-y-paella-en-royal-park-vintage-con-los-del-varadero\/#breadcrumb"},"inLanguage":"es","potentialAction":[{"@type":"ReadAction","target":["https:\/\/musica.santjosep.org\/es\/concierto\/vuelven-los-domingos-de-rumba-y-paella-en-royal-park-vintage-con-los-del-varadero\/"]}]},{"@type":"ImageObject","inLanguage":"es","@id":"https:\/\/musica.santjosep.org\/es\/concierto\/vuelven-los-domingos-de-rumba-y-paella-en-royal-park-vintage-con-los-del-varadero\/#primaryimage","url":"https:\/\/musica.santjosep.org\/wp-content\/uploads\/2025\/04\/los-del-varadero-new-4-rec.jpg","contentUrl":"https:\/\/musica.santjosep.org\/wp-content\/uploads\/2025\/04\/los-del-varadero-new-4-rec.jpg","width":1400,"height":933},{"@type":"BreadcrumbList","@id":"https:\/\/musica.santjosep.org\/es\/concierto\/vuelven-los-domingos-de-rumba-y-paella-en-royal-park-vintage-con-los-del-varadero\/#breadcrumb","itemListElement":[{"@type":"ListItem","position":1,"name":"Portada","item":"https:\/\/musica.santjosep.org\/es\/"},{"@type":"ListItem","position":2,"name":"Eventos","item":"https:\/\/musica.santjosep.org\/es\/concerts\/"},{"@type":"ListItem","position":3,"name":"Vuelven los domingos de rumba y paella en Royal Park Vintage, con Los del varadero"}]},{"@type":"WebSite","@id":"https:\/\/musica.santjosep.org\/es\/#website","url":"https:\/\/musica.santjosep.org\/es\/","name":"Sant Josep \u00e9s m\u00fasica","description":"Informaci\u00f3n actualizada de todos los conciertos, grupos y artistas que act\u00faen tanto en fiestas y festivales, como en establecimientos privados en el municipio de Sant Josep de sa Talaia","publisher":{"@id":"https:\/\/musica.santjosep.org\/es\/#organization"},"potentialAction":[{"@type":"SearchAction","target":{"@type":"EntryPoint","urlTemplate":"https:\/\/musica.santjosep.org\/es\/?s={search_term_string}"},"query-input":{"@type":"PropertyValueSpecification","valueRequired":true,"valueName":"search_term_string"}}],"inLanguage":"es"},{"@type":"Organization","@id":"https:\/\/musica.santjosep.org\/es\/#organization","name":"Sant Josep \u00e9s m\u00fasica","url":"https:\/\/musica.santjosep.org\/es\/","logo":{"@type":"ImageObject","inLanguage":"es","@id":"https:\/\/musica.santjosep.org\/es\/#\/schema\/logo\/image\/","url":"https:\/\/musica.santjosep.org\/wp-content\/uploads\/2022\/01\/logo-SJEM.png","contentUrl":"https:\/\/musica.santjosep.org\/wp-content\/uploads\/2022\/01\/logo-SJEM.png","width":213,"height":103,"caption":"Sant Josep \u00e9s m\u00fasica"},"image":{"@id":"https:\/\/musica.santjosep.org\/es\/#\/schema\/logo\/image\/"},"sameAs":["https:\/\/www.facebook.com\/Sant-Josep-s-Msica-105337042007790","https:\/\/x.com\/MusicaSantJosep","https:\/\/www.instagram.com\/musicasantjosep\/","https:\/\/www.youtube.com\/channel\/UCBSLSUpqfrfsiOMVslmZEJA"]}]}},"_links":{"self":[{"href":"https:\/\/musica.santjosep.org\/es\/wp-json\/wp\/v2\/tribe_events\/47950","targetHints":{"allow":["GET"]}}],"collection":[{"href":"https:\/\/musica.santjosep.org\/es\/wp-json\/wp\/v2\/tribe_events"}],"about":[{"href":"https:\/\/musica.santjosep.org\/es\/wp-json\/wp\/v2\/types\/tribe_events"}],"author":[{"embeddable":true,"href":"https:\/\/musica.santjosep.org\/es\/wp-json\/wp\/v2\/users\/2"}],"version-history":[{"count":0,"href":"https:\/\/musica.santjosep.org\/es\/wp-json\/wp\/v2\/tribe_events\/47950\/revisions"}],"wp:featuredmedia":[{"embeddable":true,"href":"https:\/\/musica.santjosep.org\/es\/wp-json\/wp\/v2\/media\/47951"}],"wp:attachment":[{"href":"https:\/\/musica.santjosep.org\/es\/wp-json\/wp\/v2\/media?parent=47950"}],"wp:term":[{"taxonomy":"post_tag","embeddable":true,"href":"https:\/\/musica.santjosep.org\/es\/wp-json\/wp\/v2\/tags?post=47950"},{"taxonomy":"tribe_events_cat","embeddable":true,"href":"https:\/\/musica.santjosep.org\/es\/wp-json\/wp\/v2\/tribe_events_cat?post=47950"}],"curies":[{"name":"wp","href":"https:\/\/api.w.org\/{rel}","templated":true}]}}