{"id":47463,"date":"2025-04-24T00:40:16","date_gmt":"2025-04-23T22:40:16","guid":{"rendered":"https:\/\/musica.santjosep.org\/concert\/joseph-derteano-trio-a-la-terrassa-de-rosanas-amb-un-repertori-de-dixieland\/"},"modified":"2025-05-28T13:21:33","modified_gmt":"2025-05-28T11:21:33","slug":"joseph-derteano-trio-en-la-terraza-de-rosanas-con-un-repertorio-de-dixieland","status":"publish","type":"tribe_events","link":"https:\/\/musica.santjosep.org\/es\/concierto\/joseph-derteano-trio-en-la-terraza-de-rosanas-con-un-repertorio-de-dixieland\/","title":{"rendered":"Joseph Derteano Tr\u00edo ofrece un viaje musical desde la terraza de Rosana\u2019s"},"content":{"rendered":"<p>Espectacular tarde de jazz la que van a poder disfrutar los asiduos al bar restaurante Rosana\u2019s. Protagoniza el cartel el extraordinario trompetista, cantante y compositor venezolano Joseph Derteano, que ofrecer\u00e1 un viaje musical a trav\u00e9s de g\u00e9neros como dixieland, jazz, funk, latin, neo soul&#8230; Estar\u00e1 acompa\u00f1ado por el prestigioso teclista colombiano N\u00e9stor Castellanos y el bater\u00eda asturiano afincado en Ibiza David Barona.<\/p>\n<p>Joseph Derteano (Caracas, 1985) es uno de los trompetistas m\u00e1s prestigiosos de cuantos residen en Barcelona y un nombre muy conocido del circuito internacional del jazz, ya que ha actuado en multitud de pa\u00edses de varios continentes. Se inici\u00f3 en la m\u00fasica a los 7 a\u00f1os, en el Sistema Nacional del Orquestas Infantiles y Juveniles de Venezuela, donde se form\u00f3 en canto coral y tromb\u00f3n, pas\u00e1ndose posteriormente a la trompeta.\u00a0 Con este instrumento ya form\u00f3 parte de la Orquesta Sinf\u00f3nica Infantil del Estado de Miranda, continuando sus estudios medios de m\u00fasica en el Conservatorio Sim\u00f3n Bolivar de Caracas. Comenz\u00f3 a ejercer como m\u00fasico profesional a los 16 a\u00f1os, ejerciendo de instrumentista de estudio y de conciertos para diversas bandas de m\u00fasica latina.<\/p>\n<p><iframe loading=\"lazy\" title=\"JOSEPH DERTEANO  - Choron\u00ed (Video Oficial)\" width=\"1100\" height=\"619\" src=\"https:\/\/www.youtube.com\/embed\/y5z3FmELTzw?feature=oembed\" frameborder=\"0\" allow=\"accelerometer; autoplay; clipboard-write; encrypted-media; gyroscope; picture-in-picture; web-share\" referrerpolicy=\"strict-origin-when-cross-origin\" allowfullscreen><\/iframe><\/p>\n<p>En 2002 ya forma su primera banda de jazz jamaiquino, Skamaleon Ska Jazz Band, con el que asiste a varios festivales de m\u00fasica emergente. Dos a\u00f1os m\u00e1s tarde comparte cartel con las principales figuras del jazz venezolano en el principal festival del g\u00e9nero en el pa\u00eds y poco despu\u00e9s crea el proyecto JD Jazz Experiment, con el que graba dos discos. En 2007 realiza su primera gira internacional y en 2008 se establece en Barcelona, donde ha actuado todos estos a\u00f1os en multitud de clubs, creando tambi\u00e9n la agrupaci\u00f3n Latin Jazz JD Latin Project. A partir de 2010 y durante tres a\u00f1os, dirige las Dirty Live Sessions del Caf\u00e9 Royale y acompa\u00f1a a importantes cantantes de salsa, como Ismael Miranda, Me\u00f1ique y Roberto Roena.<\/p>\n<p>A partir de entonces, no ha cesado de girar por toda Europa, con diferentes bandas, siempre vinculado al jazz y los ritmos latinos. Tambi\u00e9n ha fundado su propio quinteto, Joseph Derteano Quintet, y ha impulsado la agrupaci\u00f3n Musical Trip, con la que ha grabado un \u00e1lbum hom\u00f3nimo, el m\u00e1s reciente. Ha publicado m\u00e1s de una docena de discos a lo largo de su carrera.<\/p>\n<div id=\"attachment_47350\" style=\"width: 1410px\" class=\"wp-caption alignnone\"><img loading=\"lazy\" decoding=\"async\" aria-describedby=\"caption-attachment-47350\" class=\"wp-image-47350 size-full\" src=\"https:\/\/musica.santjosep.org\/wp-content\/uploads\/2025\/04\/nestor-castellanos2.jpg\" alt=\"\" width=\"1400\" height=\"933\" srcset=\"https:\/\/musica.santjosep.org\/wp-content\/uploads\/2025\/04\/nestor-castellanos2.jpg 1400w, https:\/\/musica.santjosep.org\/wp-content\/uploads\/2025\/04\/nestor-castellanos2-300x200.jpg 300w, https:\/\/musica.santjosep.org\/wp-content\/uploads\/2025\/04\/nestor-castellanos2-1024x682.jpg 1024w, https:\/\/musica.santjosep.org\/wp-content\/uploads\/2025\/04\/nestor-castellanos2-768x512.jpg 768w\" sizes=\"auto, (max-width: 1400px) 100vw, 1400px\" \/><p id=\"caption-attachment-47350\" class=\"wp-caption-text\">N\u00e9stor Castellanos<\/p><\/div>\n<p>El teclista N\u00e9stor Castellanos, por su parte, es uno de los colaboradores habituales de Joseph Derteano en Barcelona. Pianista de jazz y arreglista procedente de la localidad colombiana de Zipaquir\u00e1, en el centro del pa\u00eds, curs\u00f3 sus estudios superiores de m\u00fasica en la Universidad Sergio Arboleda de Bogot\u00e1. Durante su vida art\u00edstica en Colombia particip\u00f3 como pianista en diferentes agrupaciones de salsa, latin jazz y tropical, como Maelo Ruiz, Yerick Rey, Andres Held Salsa Band, Rub\u00e9n Cata\u00f1o Ensamble, Choco-latin o Juancho Torres y su orquesta, entre otros. Ya en Barcelona, estudi\u00f3 el M\u00e1ster en Interpretaci\u00f3n de Jazz y M\u00fasica Moderna de la\u00a0Fundaci\u00f3 Conservatori Liceu y act\u00faa con distintas formaciones de salsa y m\u00fasica caribe\u00f1a, girando tambi\u00e9n por diversos pa\u00edses y dedic\u00e1ndose a la ense\u00f1anza musical.<\/p>\n<div id=\"attachment_47352\" style=\"width: 1410px\" class=\"wp-caption alignnone\"><img loading=\"lazy\" decoding=\"async\" aria-describedby=\"caption-attachment-47352\" class=\"wp-image-47352 size-full\" src=\"https:\/\/musica.santjosep.org\/wp-content\/uploads\/2025\/04\/Maya-Alexander-Can-Jordi-6.jpg\" alt=\"\" width=\"1400\" height=\"934\" srcset=\"https:\/\/musica.santjosep.org\/wp-content\/uploads\/2025\/04\/Maya-Alexander-Can-Jordi-6.jpg 1400w, https:\/\/musica.santjosep.org\/wp-content\/uploads\/2025\/04\/Maya-Alexander-Can-Jordi-6-300x200.jpg 300w, https:\/\/musica.santjosep.org\/wp-content\/uploads\/2025\/04\/Maya-Alexander-Can-Jordi-6-1024x683.jpg 1024w, https:\/\/musica.santjosep.org\/wp-content\/uploads\/2025\/04\/Maya-Alexander-Can-Jordi-6-768x512.jpg 768w\" sizes=\"auto, (max-width: 1400px) 100vw, 1400px\" \/><p id=\"caption-attachment-47352\" class=\"wp-caption-text\">David Barona. Foto: Joan F. Ribas<\/p><\/div>\n<p>David Barona, prestigioso percusionista, es actualmente <em>endorser<\/em> de la marca de platos Diril Cymbals. Ha tocado, girado o grabado con m\u00fasicos de repercusi\u00f3n nacional e internacional, como Macaco, Vargas Blues Band, Steve Hunter (Lou Reed, Alice Cooper\u2026), La Mississippi, Norberto Rodr\u00edguez Tr\u00edo, John Jagger\u2026 Ha tra\u00eddo a Ibiza a m\u00fasicos de blues como Mingo Balaguer, Jos\u00e9 Luis Pardo, Mart\u00edn Burguez, Blas Pic\u00f3n, Pablo Sanpa, Betta Berodia, Iker Piris, Alberto Burguez, Luis Fuente, Alejandra Burgos, Dylan Bishop, Federico Verteramo, Bo Rasco, Willie Buck, Laretha Weathersby, etc\u00e9tera.<\/p>\n","protected":false},"excerpt":{"rendered":"<p>Espectacular tarde de jazz la que van a poder disfrutar los asiduos al bar restaurante Rosana\u2019s. Protagoniza el cartel el extraordinario trompetista, cantante y compositor venezolano Joseph Derteano, que ofrecer\u00e1 un viaje musical a trav\u00e9s de g\u00e9neros como dixieland, jazz, [&hellip;]<\/p>\n","protected":false},"author":2,"featured_media":47345,"template":"","meta":{"_acf_changed":false,"_tribe_events_status":"","_tribe_events_status_reason":"","_tribe_events_is_hybrid":"","_tribe_events_is_virtual":"","_tribe_events_virtual_video_source":"","_tribe_events_virtual_embed_video":"","_tribe_events_virtual_linked_button_text":"","_tribe_events_virtual_linked_button":"","_tribe_events_virtual_show_embed_at":"","_tribe_events_virtual_show_embed_to":[],"_tribe_events_virtual_show_on_event":"","_tribe_events_virtual_show_on_views":"","_tribe_events_virtual_url":"","footnotes":""},"tags":[],"tribe_events_cat":[22],"class_list":["post-47463","tribe_events","type-tribe_events","status-publish","has-post-thumbnail","hentry","tribe_events_cat-jazz","cat_jazz"],"acf":[],"yoast_head":"<!-- This site is optimized with the Yoast SEO plugin v26.6 - https:\/\/yoast.com\/wordpress\/plugins\/seo\/ -->\n<title>Joseph Derteano Tr\u00edo ofrece un viaje musical desde la terraza de Rosana\u2019s - Sant Josep \u00e9s m\u00fasica<\/title>\n<meta name=\"robots\" content=\"index, follow, max-snippet:-1, max-image-preview:large, max-video-preview:-1\" \/>\n<link rel=\"canonical\" href=\"https:\/\/musica.santjosep.org\/es\/concierto\/joseph-derteano-trio-en-la-terraza-de-rosanas-con-un-repertorio-de-dixieland\/\" \/>\n<meta property=\"og:locale\" content=\"es_ES\" \/>\n<meta property=\"og:type\" content=\"article\" \/>\n<meta property=\"og:title\" content=\"Joseph Derteano Tr\u00edo ofrece un viaje musical desde la terraza de Rosana\u2019s - Sant Josep \u00e9s m\u00fasica\" \/>\n<meta property=\"og:description\" content=\"Espectacular tarde de jazz la que van a poder disfrutar los asiduos al bar restaurante Rosana\u2019s. Protagoniza el cartel el extraordinario trompetista, cantante y compositor venezolano Joseph Derteano, que ofrecer\u00e1 un viaje musical a trav\u00e9s de g\u00e9neros como dixieland, jazz, [&hellip;]\" \/>\n<meta property=\"og:url\" content=\"https:\/\/musica.santjosep.org\/es\/concierto\/joseph-derteano-trio-en-la-terraza-de-rosanas-con-un-repertorio-de-dixieland\/\" \/>\n<meta property=\"og:site_name\" content=\"Sant Josep \u00e9s m\u00fasica\" \/>\n<meta property=\"article:publisher\" content=\"https:\/\/www.facebook.com\/Sant-Josep-s-Msica-105337042007790\" \/>\n<meta property=\"article:modified_time\" content=\"2025-05-28T11:21:33+00:00\" \/>\n<meta property=\"og:image\" content=\"https:\/\/musica.santjosep.org\/wp-content\/uploads\/2025\/04\/joseph36.jpg\" \/>\n\t<meta property=\"og:image:width\" content=\"1400\" \/>\n\t<meta property=\"og:image:height\" content=\"933\" \/>\n\t<meta property=\"og:image:type\" content=\"image\/jpeg\" \/>\n<meta name=\"twitter:card\" content=\"summary_large_image\" \/>\n<meta name=\"twitter:site\" content=\"@MusicaSantJosep\" \/>\n<meta name=\"twitter:label1\" content=\"Tiempo de lectura\" \/>\n\t<meta name=\"twitter:data1\" content=\"4 minutos\" \/>\n<script type=\"application\/ld+json\" class=\"yoast-schema-graph\">{\"@context\":\"https:\/\/schema.org\",\"@graph\":[{\"@type\":\"WebPage\",\"@id\":\"https:\/\/musica.santjosep.org\/es\/concierto\/joseph-derteano-trio-en-la-terraza-de-rosanas-con-un-repertorio-de-dixieland\/\",\"url\":\"https:\/\/musica.santjosep.org\/es\/concierto\/joseph-derteano-trio-en-la-terraza-de-rosanas-con-un-repertorio-de-dixieland\/\",\"name\":\"Joseph Derteano Tr\u00edo ofrece un viaje musical desde la terraza de Rosana\u2019s - Sant Josep \u00e9s m\u00fasica\",\"isPartOf\":{\"@id\":\"https:\/\/musica.santjosep.org\/es\/#website\"},\"primaryImageOfPage\":{\"@id\":\"https:\/\/musica.santjosep.org\/es\/concierto\/joseph-derteano-trio-en-la-terraza-de-rosanas-con-un-repertorio-de-dixieland\/#primaryimage\"},\"image\":{\"@id\":\"https:\/\/musica.santjosep.org\/es\/concierto\/joseph-derteano-trio-en-la-terraza-de-rosanas-con-un-repertorio-de-dixieland\/#primaryimage\"},\"thumbnailUrl\":\"https:\/\/musica.santjosep.org\/wp-content\/uploads\/2025\/04\/joseph36.jpg\",\"datePublished\":\"2025-04-23T22:40:16+00:00\",\"dateModified\":\"2025-05-28T11:21:33+00:00\",\"breadcrumb\":{\"@id\":\"https:\/\/musica.santjosep.org\/es\/concierto\/joseph-derteano-trio-en-la-terraza-de-rosanas-con-un-repertorio-de-dixieland\/#breadcrumb\"},\"inLanguage\":\"es\",\"potentialAction\":[{\"@type\":\"ReadAction\",\"target\":[\"https:\/\/musica.santjosep.org\/es\/concierto\/joseph-derteano-trio-en-la-terraza-de-rosanas-con-un-repertorio-de-dixieland\/\"]}]},{\"@type\":\"ImageObject\",\"inLanguage\":\"es\",\"@id\":\"https:\/\/musica.santjosep.org\/es\/concierto\/joseph-derteano-trio-en-la-terraza-de-rosanas-con-un-repertorio-de-dixieland\/#primaryimage\",\"url\":\"https:\/\/musica.santjosep.org\/wp-content\/uploads\/2025\/04\/joseph36.jpg\",\"contentUrl\":\"https:\/\/musica.santjosep.org\/wp-content\/uploads\/2025\/04\/joseph36.jpg\",\"width\":1400,\"height\":933,\"caption\":\"Joseph Derteano\"},{\"@type\":\"BreadcrumbList\",\"@id\":\"https:\/\/musica.santjosep.org\/es\/concierto\/joseph-derteano-trio-en-la-terraza-de-rosanas-con-un-repertorio-de-dixieland\/#breadcrumb\",\"itemListElement\":[{\"@type\":\"ListItem\",\"position\":1,\"name\":\"Portada\",\"item\":\"https:\/\/musica.santjosep.org\/es\/\"},{\"@type\":\"ListItem\",\"position\":2,\"name\":\"Eventos\",\"item\":\"https:\/\/musica.santjosep.org\/es\/concerts\/\"},{\"@type\":\"ListItem\",\"position\":3,\"name\":\"Joseph Derteano Tr\u00edo ofrece un viaje musical desde la terraza de Rosana\u2019s\"}]},{\"@type\":\"WebSite\",\"@id\":\"https:\/\/musica.santjosep.org\/es\/#website\",\"url\":\"https:\/\/musica.santjosep.org\/es\/\",\"name\":\"Sant Josep \u00e9s m\u00fasica\",\"description\":\"Informaci\u00f3n actualizada de todos los conciertos, grupos y artistas que act\u00faen tanto en fiestas y festivales, como en establecimientos privados en el municipio de Sant Josep de sa Talaia\",\"publisher\":{\"@id\":\"https:\/\/musica.santjosep.org\/es\/#organization\"},\"potentialAction\":[{\"@type\":\"SearchAction\",\"target\":{\"@type\":\"EntryPoint\",\"urlTemplate\":\"https:\/\/musica.santjosep.org\/es\/?s={search_term_string}\"},\"query-input\":{\"@type\":\"PropertyValueSpecification\",\"valueRequired\":true,\"valueName\":\"search_term_string\"}}],\"inLanguage\":\"es\"},{\"@type\":\"Organization\",\"@id\":\"https:\/\/musica.santjosep.org\/es\/#organization\",\"name\":\"Sant Josep \u00e9s m\u00fasica\",\"url\":\"https:\/\/musica.santjosep.org\/es\/\",\"logo\":{\"@type\":\"ImageObject\",\"inLanguage\":\"es\",\"@id\":\"https:\/\/musica.santjosep.org\/es\/#\/schema\/logo\/image\/\",\"url\":\"https:\/\/musica.santjosep.org\/wp-content\/uploads\/2022\/01\/logo-SJEM.png\",\"contentUrl\":\"https:\/\/musica.santjosep.org\/wp-content\/uploads\/2022\/01\/logo-SJEM.png\",\"width\":213,\"height\":103,\"caption\":\"Sant Josep \u00e9s m\u00fasica\"},\"image\":{\"@id\":\"https:\/\/musica.santjosep.org\/es\/#\/schema\/logo\/image\/\"},\"sameAs\":[\"https:\/\/www.facebook.com\/Sant-Josep-s-Msica-105337042007790\",\"https:\/\/x.com\/MusicaSantJosep\",\"https:\/\/www.instagram.com\/musicasantjosep\/\",\"https:\/\/www.youtube.com\/channel\/UCBSLSUpqfrfsiOMVslmZEJA\"]}]}<\/script>\n<!-- \/ Yoast SEO plugin. -->","yoast_head_json":{"title":"Joseph Derteano Tr\u00edo ofrece un viaje musical desde la terraza de Rosana\u2019s - Sant Josep \u00e9s m\u00fasica","robots":{"index":"index","follow":"follow","max-snippet":"max-snippet:-1","max-image-preview":"max-image-preview:large","max-video-preview":"max-video-preview:-1"},"canonical":"https:\/\/musica.santjosep.org\/es\/concierto\/joseph-derteano-trio-en-la-terraza-de-rosanas-con-un-repertorio-de-dixieland\/","og_locale":"es_ES","og_type":"article","og_title":"Joseph Derteano Tr\u00edo ofrece un viaje musical desde la terraza de Rosana\u2019s - Sant Josep \u00e9s m\u00fasica","og_description":"Espectacular tarde de jazz la que van a poder disfrutar los asiduos al bar restaurante Rosana\u2019s. Protagoniza el cartel el extraordinario trompetista, cantante y compositor venezolano Joseph Derteano, que ofrecer\u00e1 un viaje musical a trav\u00e9s de g\u00e9neros como dixieland, jazz, [&hellip;]","og_url":"https:\/\/musica.santjosep.org\/es\/concierto\/joseph-derteano-trio-en-la-terraza-de-rosanas-con-un-repertorio-de-dixieland\/","og_site_name":"Sant Josep \u00e9s m\u00fasica","article_publisher":"https:\/\/www.facebook.com\/Sant-Josep-s-Msica-105337042007790","article_modified_time":"2025-05-28T11:21:33+00:00","og_image":[{"width":1400,"height":933,"url":"https:\/\/musica.santjosep.org\/wp-content\/uploads\/2025\/04\/joseph36.jpg","type":"image\/jpeg"}],"twitter_card":"summary_large_image","twitter_site":"@MusicaSantJosep","twitter_misc":{"Tiempo de lectura":"4 minutos"},"schema":{"@context":"https:\/\/schema.org","@graph":[{"@type":"WebPage","@id":"https:\/\/musica.santjosep.org\/es\/concierto\/joseph-derteano-trio-en-la-terraza-de-rosanas-con-un-repertorio-de-dixieland\/","url":"https:\/\/musica.santjosep.org\/es\/concierto\/joseph-derteano-trio-en-la-terraza-de-rosanas-con-un-repertorio-de-dixieland\/","name":"Joseph Derteano Tr\u00edo ofrece un viaje musical desde la terraza de Rosana\u2019s - Sant Josep \u00e9s m\u00fasica","isPartOf":{"@id":"https:\/\/musica.santjosep.org\/es\/#website"},"primaryImageOfPage":{"@id":"https:\/\/musica.santjosep.org\/es\/concierto\/joseph-derteano-trio-en-la-terraza-de-rosanas-con-un-repertorio-de-dixieland\/#primaryimage"},"image":{"@id":"https:\/\/musica.santjosep.org\/es\/concierto\/joseph-derteano-trio-en-la-terraza-de-rosanas-con-un-repertorio-de-dixieland\/#primaryimage"},"thumbnailUrl":"https:\/\/musica.santjosep.org\/wp-content\/uploads\/2025\/04\/joseph36.jpg","datePublished":"2025-04-23T22:40:16+00:00","dateModified":"2025-05-28T11:21:33+00:00","breadcrumb":{"@id":"https:\/\/musica.santjosep.org\/es\/concierto\/joseph-derteano-trio-en-la-terraza-de-rosanas-con-un-repertorio-de-dixieland\/#breadcrumb"},"inLanguage":"es","potentialAction":[{"@type":"ReadAction","target":["https:\/\/musica.santjosep.org\/es\/concierto\/joseph-derteano-trio-en-la-terraza-de-rosanas-con-un-repertorio-de-dixieland\/"]}]},{"@type":"ImageObject","inLanguage":"es","@id":"https:\/\/musica.santjosep.org\/es\/concierto\/joseph-derteano-trio-en-la-terraza-de-rosanas-con-un-repertorio-de-dixieland\/#primaryimage","url":"https:\/\/musica.santjosep.org\/wp-content\/uploads\/2025\/04\/joseph36.jpg","contentUrl":"https:\/\/musica.santjosep.org\/wp-content\/uploads\/2025\/04\/joseph36.jpg","width":1400,"height":933,"caption":"Joseph Derteano"},{"@type":"BreadcrumbList","@id":"https:\/\/musica.santjosep.org\/es\/concierto\/joseph-derteano-trio-en-la-terraza-de-rosanas-con-un-repertorio-de-dixieland\/#breadcrumb","itemListElement":[{"@type":"ListItem","position":1,"name":"Portada","item":"https:\/\/musica.santjosep.org\/es\/"},{"@type":"ListItem","position":2,"name":"Eventos","item":"https:\/\/musica.santjosep.org\/es\/concerts\/"},{"@type":"ListItem","position":3,"name":"Joseph Derteano Tr\u00edo ofrece un viaje musical desde la terraza de Rosana\u2019s"}]},{"@type":"WebSite","@id":"https:\/\/musica.santjosep.org\/es\/#website","url":"https:\/\/musica.santjosep.org\/es\/","name":"Sant Josep \u00e9s m\u00fasica","description":"Informaci\u00f3n actualizada de todos los conciertos, grupos y artistas que act\u00faen tanto en fiestas y festivales, como en establecimientos privados en el municipio de Sant Josep de sa Talaia","publisher":{"@id":"https:\/\/musica.santjosep.org\/es\/#organization"},"potentialAction":[{"@type":"SearchAction","target":{"@type":"EntryPoint","urlTemplate":"https:\/\/musica.santjosep.org\/es\/?s={search_term_string}"},"query-input":{"@type":"PropertyValueSpecification","valueRequired":true,"valueName":"search_term_string"}}],"inLanguage":"es"},{"@type":"Organization","@id":"https:\/\/musica.santjosep.org\/es\/#organization","name":"Sant Josep \u00e9s m\u00fasica","url":"https:\/\/musica.santjosep.org\/es\/","logo":{"@type":"ImageObject","inLanguage":"es","@id":"https:\/\/musica.santjosep.org\/es\/#\/schema\/logo\/image\/","url":"https:\/\/musica.santjosep.org\/wp-content\/uploads\/2022\/01\/logo-SJEM.png","contentUrl":"https:\/\/musica.santjosep.org\/wp-content\/uploads\/2022\/01\/logo-SJEM.png","width":213,"height":103,"caption":"Sant Josep \u00e9s m\u00fasica"},"image":{"@id":"https:\/\/musica.santjosep.org\/es\/#\/schema\/logo\/image\/"},"sameAs":["https:\/\/www.facebook.com\/Sant-Josep-s-Msica-105337042007790","https:\/\/x.com\/MusicaSantJosep","https:\/\/www.instagram.com\/musicasantjosep\/","https:\/\/www.youtube.com\/channel\/UCBSLSUpqfrfsiOMVslmZEJA"]}]}},"_links":{"self":[{"href":"https:\/\/musica.santjosep.org\/es\/wp-json\/wp\/v2\/tribe_events\/47463","targetHints":{"allow":["GET"]}}],"collection":[{"href":"https:\/\/musica.santjosep.org\/es\/wp-json\/wp\/v2\/tribe_events"}],"about":[{"href":"https:\/\/musica.santjosep.org\/es\/wp-json\/wp\/v2\/types\/tribe_events"}],"author":[{"embeddable":true,"href":"https:\/\/musica.santjosep.org\/es\/wp-json\/wp\/v2\/users\/2"}],"version-history":[{"count":0,"href":"https:\/\/musica.santjosep.org\/es\/wp-json\/wp\/v2\/tribe_events\/47463\/revisions"}],"wp:featuredmedia":[{"embeddable":true,"href":"https:\/\/musica.santjosep.org\/es\/wp-json\/wp\/v2\/media\/47345"}],"wp:attachment":[{"href":"https:\/\/musica.santjosep.org\/es\/wp-json\/wp\/v2\/media?parent=47463"}],"wp:term":[{"taxonomy":"post_tag","embeddable":true,"href":"https:\/\/musica.santjosep.org\/es\/wp-json\/wp\/v2\/tags?post=47463"},{"taxonomy":"tribe_events_cat","embeddable":true,"href":"https:\/\/musica.santjosep.org\/es\/wp-json\/wp\/v2\/tribe_events_cat?post=47463"}],"curies":[{"name":"wp","href":"https:\/\/api.w.org\/{rel}","templated":true}]}}