{"id":47442,"date":"2025-04-24T00:18:33","date_gmt":"2025-04-23T22:18:33","guid":{"rendered":"https:\/\/musica.santjosep.org\/?post_type=tribe_events&#038;p=47442"},"modified":"2025-05-06T21:58:59","modified_gmt":"2025-05-06T19:58:59","slug":"tarde-de-folk-country-y-blues-en-rosanas-con-el-grupo-cotton-cactus","status":"publish","type":"tribe_events","link":"https:\/\/musica.santjosep.org\/es\/concierto\/tarde-de-folk-country-y-blues-en-rosanas-con-el-grupo-cotton-cactus\/","title":{"rendered":"Tarde de folk, country y blues en Rosana\u2019s, con el grupo Cotton Cactus"},"content":{"rendered":"<p>El grupo Cotton Cactus, una de las formaciones de m\u00fasica tradicional americana m\u00e1s populares de la isla, act\u00faa de nuevo en el restaurante Rosana\u2019s. Traen un amplio repertorio de versiones de blues, rock and roll, country y bluegrass. Ellos son S\u00edlvia San (guitarra ac\u00fastica y voz), PJ Gonz\u00e1lez (bater\u00eda), Jos\u00e9 David Cruz (arm\u00f3nica y guitarra el\u00e9ctrica), Dennis Herman (dobro) y Sara Arribas (bajo).<\/p>\n","protected":false},"excerpt":{"rendered":"<p>El grupo Cotton Cactus, una de las formaciones de m\u00fasica tradicional americana m\u00e1s populares de la isla, act\u00faa de nuevo en el restaurante Rosana\u2019s. Traen un amplio repertorio de versiones de blues, rock and roll, country y bluegrass. Ellos son [&hellip;]<\/p>\n","protected":false},"author":2,"featured_media":47337,"template":"","meta":{"_acf_changed":false,"_tribe_events_status":"","_tribe_events_status_reason":"","_tribe_events_is_hybrid":"","_tribe_events_is_virtual":"","_tribe_events_virtual_video_source":"","_tribe_events_virtual_embed_video":"","_tribe_events_virtual_linked_button_text":"","_tribe_events_virtual_linked_button":"","_tribe_events_virtual_show_embed_at":"","_tribe_events_virtual_show_embed_to":[],"_tribe_events_virtual_show_on_event":"","_tribe_events_virtual_show_on_views":"","_tribe_events_virtual_url":"","footnotes":""},"tags":[],"tribe_events_cat":[16,52,17],"class_list":["post-47442","tribe_events","type-tribe_events","status-publish","has-post-thumbnail","hentry","tribe_events_cat-blues","tribe_events_cat-country","tribe_events_cat-folk","cat_blues","cat_country","cat_folk"],"acf":[],"yoast_head":"<!-- This site is optimized with the Yoast SEO plugin v26.6 - https:\/\/yoast.com\/wordpress\/plugins\/seo\/ -->\n<title>Tarde de folk, country y blues en Rosana\u2019s, con el grupo Cotton Cactus - Sant Josep \u00e9s m\u00fasica<\/title>\n<meta name=\"robots\" content=\"index, follow, max-snippet:-1, max-image-preview:large, max-video-preview:-1\" \/>\n<link rel=\"canonical\" href=\"https:\/\/musica.santjosep.org\/es\/concierto\/tarde-de-folk-country-y-blues-en-rosanas-con-el-grupo-cotton-cactus\/\" \/>\n<meta property=\"og:locale\" content=\"es_ES\" \/>\n<meta property=\"og:type\" content=\"article\" \/>\n<meta property=\"og:title\" content=\"Tarde de folk, country y blues en Rosana\u2019s, con el grupo Cotton Cactus - Sant Josep \u00e9s m\u00fasica\" \/>\n<meta property=\"og:description\" content=\"El grupo Cotton Cactus, una de las formaciones de m\u00fasica tradicional americana m\u00e1s populares de la isla, act\u00faa de nuevo en el restaurante Rosana\u2019s. Traen un amplio repertorio de versiones de blues, rock and roll, country y bluegrass. Ellos son [&hellip;]\" \/>\n<meta property=\"og:url\" content=\"https:\/\/musica.santjosep.org\/es\/concierto\/tarde-de-folk-country-y-blues-en-rosanas-con-el-grupo-cotton-cactus\/\" \/>\n<meta property=\"og:site_name\" content=\"Sant Josep \u00e9s m\u00fasica\" \/>\n<meta property=\"article:publisher\" content=\"https:\/\/www.facebook.com\/Sant-Josep-s-Msica-105337042007790\" \/>\n<meta property=\"article:modified_time\" content=\"2025-05-06T19:58:59+00:00\" \/>\n<meta property=\"og:image\" content=\"https:\/\/musica.santjosep.org\/wp-content\/uploads\/2025\/04\/Cotton-Cactus-18.jpg\" \/>\n\t<meta property=\"og:image:width\" content=\"1400\" \/>\n\t<meta property=\"og:image:height\" content=\"933\" \/>\n\t<meta property=\"og:image:type\" content=\"image\/jpeg\" \/>\n<meta name=\"twitter:card\" content=\"summary_large_image\" \/>\n<meta name=\"twitter:site\" content=\"@MusicaSantJosep\" \/>\n<meta name=\"twitter:label1\" content=\"Tiempo de lectura\" \/>\n\t<meta name=\"twitter:data1\" content=\"1 minuto\" \/>\n<script type=\"application\/ld+json\" class=\"yoast-schema-graph\">{\"@context\":\"https:\/\/schema.org\",\"@graph\":[{\"@type\":\"WebPage\",\"@id\":\"https:\/\/musica.santjosep.org\/es\/concierto\/tarde-de-folk-country-y-blues-en-rosanas-con-el-grupo-cotton-cactus\/\",\"url\":\"https:\/\/musica.santjosep.org\/es\/concierto\/tarde-de-folk-country-y-blues-en-rosanas-con-el-grupo-cotton-cactus\/\",\"name\":\"Tarde de folk, country y blues en Rosana\u2019s, con el grupo Cotton Cactus - Sant Josep \u00e9s m\u00fasica\",\"isPartOf\":{\"@id\":\"https:\/\/musica.santjosep.org\/es\/#website\"},\"primaryImageOfPage\":{\"@id\":\"https:\/\/musica.santjosep.org\/es\/concierto\/tarde-de-folk-country-y-blues-en-rosanas-con-el-grupo-cotton-cactus\/#primaryimage\"},\"image\":{\"@id\":\"https:\/\/musica.santjosep.org\/es\/concierto\/tarde-de-folk-country-y-blues-en-rosanas-con-el-grupo-cotton-cactus\/#primaryimage\"},\"thumbnailUrl\":\"https:\/\/musica.santjosep.org\/wp-content\/uploads\/2025\/04\/Cotton-Cactus-18.jpg\",\"datePublished\":\"2025-04-23T22:18:33+00:00\",\"dateModified\":\"2025-05-06T19:58:59+00:00\",\"breadcrumb\":{\"@id\":\"https:\/\/musica.santjosep.org\/es\/concierto\/tarde-de-folk-country-y-blues-en-rosanas-con-el-grupo-cotton-cactus\/#breadcrumb\"},\"inLanguage\":\"es\",\"potentialAction\":[{\"@type\":\"ReadAction\",\"target\":[\"https:\/\/musica.santjosep.org\/es\/concierto\/tarde-de-folk-country-y-blues-en-rosanas-con-el-grupo-cotton-cactus\/\"]}]},{\"@type\":\"ImageObject\",\"inLanguage\":\"es\",\"@id\":\"https:\/\/musica.santjosep.org\/es\/concierto\/tarde-de-folk-country-y-blues-en-rosanas-con-el-grupo-cotton-cactus\/#primaryimage\",\"url\":\"https:\/\/musica.santjosep.org\/wp-content\/uploads\/2025\/04\/Cotton-Cactus-18.jpg\",\"contentUrl\":\"https:\/\/musica.santjosep.org\/wp-content\/uploads\/2025\/04\/Cotton-Cactus-18.jpg\",\"width\":1400,\"height\":933,\"caption\":\"Joan F. Ribas\"},{\"@type\":\"BreadcrumbList\",\"@id\":\"https:\/\/musica.santjosep.org\/es\/concierto\/tarde-de-folk-country-y-blues-en-rosanas-con-el-grupo-cotton-cactus\/#breadcrumb\",\"itemListElement\":[{\"@type\":\"ListItem\",\"position\":1,\"name\":\"Portada\",\"item\":\"https:\/\/musica.santjosep.org\/es\/\"},{\"@type\":\"ListItem\",\"position\":2,\"name\":\"Eventos\",\"item\":\"https:\/\/musica.santjosep.org\/es\/concerts\/\"},{\"@type\":\"ListItem\",\"position\":3,\"name\":\"Tarde de folk, country y blues en Rosana\u2019s, con el grupo Cotton Cactus\"}]},{\"@type\":\"WebSite\",\"@id\":\"https:\/\/musica.santjosep.org\/es\/#website\",\"url\":\"https:\/\/musica.santjosep.org\/es\/\",\"name\":\"Sant Josep \u00e9s m\u00fasica\",\"description\":\"Informaci\u00f3n actualizada de todos los conciertos, grupos y artistas que act\u00faen tanto en fiestas y festivales, como en establecimientos privados en el municipio de Sant Josep de sa Talaia\",\"publisher\":{\"@id\":\"https:\/\/musica.santjosep.org\/es\/#organization\"},\"potentialAction\":[{\"@type\":\"SearchAction\",\"target\":{\"@type\":\"EntryPoint\",\"urlTemplate\":\"https:\/\/musica.santjosep.org\/es\/?s={search_term_string}\"},\"query-input\":{\"@type\":\"PropertyValueSpecification\",\"valueRequired\":true,\"valueName\":\"search_term_string\"}}],\"inLanguage\":\"es\"},{\"@type\":\"Organization\",\"@id\":\"https:\/\/musica.santjosep.org\/es\/#organization\",\"name\":\"Sant Josep \u00e9s m\u00fasica\",\"url\":\"https:\/\/musica.santjosep.org\/es\/\",\"logo\":{\"@type\":\"ImageObject\",\"inLanguage\":\"es\",\"@id\":\"https:\/\/musica.santjosep.org\/es\/#\/schema\/logo\/image\/\",\"url\":\"https:\/\/musica.santjosep.org\/wp-content\/uploads\/2022\/01\/logo-SJEM.png\",\"contentUrl\":\"https:\/\/musica.santjosep.org\/wp-content\/uploads\/2022\/01\/logo-SJEM.png\",\"width\":213,\"height\":103,\"caption\":\"Sant Josep \u00e9s m\u00fasica\"},\"image\":{\"@id\":\"https:\/\/musica.santjosep.org\/es\/#\/schema\/logo\/image\/\"},\"sameAs\":[\"https:\/\/www.facebook.com\/Sant-Josep-s-Msica-105337042007790\",\"https:\/\/x.com\/MusicaSantJosep\",\"https:\/\/www.instagram.com\/musicasantjosep\/\",\"https:\/\/www.youtube.com\/channel\/UCBSLSUpqfrfsiOMVslmZEJA\"]}]}<\/script>\n<!-- \/ Yoast SEO plugin. -->","yoast_head_json":{"title":"Tarde de folk, country y blues en Rosana\u2019s, con el grupo Cotton Cactus - Sant Josep \u00e9s m\u00fasica","robots":{"index":"index","follow":"follow","max-snippet":"max-snippet:-1","max-image-preview":"max-image-preview:large","max-video-preview":"max-video-preview:-1"},"canonical":"https:\/\/musica.santjosep.org\/es\/concierto\/tarde-de-folk-country-y-blues-en-rosanas-con-el-grupo-cotton-cactus\/","og_locale":"es_ES","og_type":"article","og_title":"Tarde de folk, country y blues en Rosana\u2019s, con el grupo Cotton Cactus - Sant Josep \u00e9s m\u00fasica","og_description":"El grupo Cotton Cactus, una de las formaciones de m\u00fasica tradicional americana m\u00e1s populares de la isla, act\u00faa de nuevo en el restaurante Rosana\u2019s. Traen un amplio repertorio de versiones de blues, rock and roll, country y bluegrass. Ellos son [&hellip;]","og_url":"https:\/\/musica.santjosep.org\/es\/concierto\/tarde-de-folk-country-y-blues-en-rosanas-con-el-grupo-cotton-cactus\/","og_site_name":"Sant Josep \u00e9s m\u00fasica","article_publisher":"https:\/\/www.facebook.com\/Sant-Josep-s-Msica-105337042007790","article_modified_time":"2025-05-06T19:58:59+00:00","og_image":[{"width":1400,"height":933,"url":"https:\/\/musica.santjosep.org\/wp-content\/uploads\/2025\/04\/Cotton-Cactus-18.jpg","type":"image\/jpeg"}],"twitter_card":"summary_large_image","twitter_site":"@MusicaSantJosep","twitter_misc":{"Tiempo de lectura":"1 minuto"},"schema":{"@context":"https:\/\/schema.org","@graph":[{"@type":"WebPage","@id":"https:\/\/musica.santjosep.org\/es\/concierto\/tarde-de-folk-country-y-blues-en-rosanas-con-el-grupo-cotton-cactus\/","url":"https:\/\/musica.santjosep.org\/es\/concierto\/tarde-de-folk-country-y-blues-en-rosanas-con-el-grupo-cotton-cactus\/","name":"Tarde de folk, country y blues en Rosana\u2019s, con el grupo Cotton Cactus - Sant Josep \u00e9s m\u00fasica","isPartOf":{"@id":"https:\/\/musica.santjosep.org\/es\/#website"},"primaryImageOfPage":{"@id":"https:\/\/musica.santjosep.org\/es\/concierto\/tarde-de-folk-country-y-blues-en-rosanas-con-el-grupo-cotton-cactus\/#primaryimage"},"image":{"@id":"https:\/\/musica.santjosep.org\/es\/concierto\/tarde-de-folk-country-y-blues-en-rosanas-con-el-grupo-cotton-cactus\/#primaryimage"},"thumbnailUrl":"https:\/\/musica.santjosep.org\/wp-content\/uploads\/2025\/04\/Cotton-Cactus-18.jpg","datePublished":"2025-04-23T22:18:33+00:00","dateModified":"2025-05-06T19:58:59+00:00","breadcrumb":{"@id":"https:\/\/musica.santjosep.org\/es\/concierto\/tarde-de-folk-country-y-blues-en-rosanas-con-el-grupo-cotton-cactus\/#breadcrumb"},"inLanguage":"es","potentialAction":[{"@type":"ReadAction","target":["https:\/\/musica.santjosep.org\/es\/concierto\/tarde-de-folk-country-y-blues-en-rosanas-con-el-grupo-cotton-cactus\/"]}]},{"@type":"ImageObject","inLanguage":"es","@id":"https:\/\/musica.santjosep.org\/es\/concierto\/tarde-de-folk-country-y-blues-en-rosanas-con-el-grupo-cotton-cactus\/#primaryimage","url":"https:\/\/musica.santjosep.org\/wp-content\/uploads\/2025\/04\/Cotton-Cactus-18.jpg","contentUrl":"https:\/\/musica.santjosep.org\/wp-content\/uploads\/2025\/04\/Cotton-Cactus-18.jpg","width":1400,"height":933,"caption":"Joan F. Ribas"},{"@type":"BreadcrumbList","@id":"https:\/\/musica.santjosep.org\/es\/concierto\/tarde-de-folk-country-y-blues-en-rosanas-con-el-grupo-cotton-cactus\/#breadcrumb","itemListElement":[{"@type":"ListItem","position":1,"name":"Portada","item":"https:\/\/musica.santjosep.org\/es\/"},{"@type":"ListItem","position":2,"name":"Eventos","item":"https:\/\/musica.santjosep.org\/es\/concerts\/"},{"@type":"ListItem","position":3,"name":"Tarde de folk, country y blues en Rosana\u2019s, con el grupo Cotton Cactus"}]},{"@type":"WebSite","@id":"https:\/\/musica.santjosep.org\/es\/#website","url":"https:\/\/musica.santjosep.org\/es\/","name":"Sant Josep \u00e9s m\u00fasica","description":"Informaci\u00f3n actualizada de todos los conciertos, grupos y artistas que act\u00faen tanto en fiestas y festivales, como en establecimientos privados en el municipio de Sant Josep de sa Talaia","publisher":{"@id":"https:\/\/musica.santjosep.org\/es\/#organization"},"potentialAction":[{"@type":"SearchAction","target":{"@type":"EntryPoint","urlTemplate":"https:\/\/musica.santjosep.org\/es\/?s={search_term_string}"},"query-input":{"@type":"PropertyValueSpecification","valueRequired":true,"valueName":"search_term_string"}}],"inLanguage":"es"},{"@type":"Organization","@id":"https:\/\/musica.santjosep.org\/es\/#organization","name":"Sant Josep \u00e9s m\u00fasica","url":"https:\/\/musica.santjosep.org\/es\/","logo":{"@type":"ImageObject","inLanguage":"es","@id":"https:\/\/musica.santjosep.org\/es\/#\/schema\/logo\/image\/","url":"https:\/\/musica.santjosep.org\/wp-content\/uploads\/2022\/01\/logo-SJEM.png","contentUrl":"https:\/\/musica.santjosep.org\/wp-content\/uploads\/2022\/01\/logo-SJEM.png","width":213,"height":103,"caption":"Sant Josep \u00e9s m\u00fasica"},"image":{"@id":"https:\/\/musica.santjosep.org\/es\/#\/schema\/logo\/image\/"},"sameAs":["https:\/\/www.facebook.com\/Sant-Josep-s-Msica-105337042007790","https:\/\/x.com\/MusicaSantJosep","https:\/\/www.instagram.com\/musicasantjosep\/","https:\/\/www.youtube.com\/channel\/UCBSLSUpqfrfsiOMVslmZEJA"]}]}},"_links":{"self":[{"href":"https:\/\/musica.santjosep.org\/es\/wp-json\/wp\/v2\/tribe_events\/47442","targetHints":{"allow":["GET"]}}],"collection":[{"href":"https:\/\/musica.santjosep.org\/es\/wp-json\/wp\/v2\/tribe_events"}],"about":[{"href":"https:\/\/musica.santjosep.org\/es\/wp-json\/wp\/v2\/types\/tribe_events"}],"author":[{"embeddable":true,"href":"https:\/\/musica.santjosep.org\/es\/wp-json\/wp\/v2\/users\/2"}],"version-history":[{"count":0,"href":"https:\/\/musica.santjosep.org\/es\/wp-json\/wp\/v2\/tribe_events\/47442\/revisions"}],"wp:featuredmedia":[{"embeddable":true,"href":"https:\/\/musica.santjosep.org\/es\/wp-json\/wp\/v2\/media\/47337"}],"wp:attachment":[{"href":"https:\/\/musica.santjosep.org\/es\/wp-json\/wp\/v2\/media?parent=47442"}],"wp:term":[{"taxonomy":"post_tag","embeddable":true,"href":"https:\/\/musica.santjosep.org\/es\/wp-json\/wp\/v2\/tags?post=47442"},{"taxonomy":"tribe_events_cat","embeddable":true,"href":"https:\/\/musica.santjosep.org\/es\/wp-json\/wp\/v2\/tribe_events_cat?post=47442"}],"curies":[{"name":"wp","href":"https:\/\/api.w.org\/{rel}","templated":true}]}}