{"id":28803,"date":"2023-10-25T13:37:58","date_gmt":"2023-10-25T11:37:58","guid":{"rendered":"https:\/\/musica.santjosep.org\/?post_type=tribe_events&#038;p=28803"},"modified":"2023-10-27T09:39:03","modified_gmt":"2023-10-27T07:39:03","slug":"cancion-melodica-y-pop-con-angel-miguel-de-juan-en-el-escenario-de-oyster-ibiza","status":"publish","type":"tribe_events","link":"https:\/\/musica.santjosep.org\/es\/concierto\/cancion-melodica-y-pop-con-angel-miguel-de-juan-en-el-escenario-de-oyster-ibiza\/","title":{"rendered":"Canci\u00f3n mel\u00f3dica y pop con \u00c1ngel Miguel de Juan, en el escenario de Oyster Ibiza"},"content":{"rendered":"<p>\u00c1ngel Miguel de Juan, cantante, pianista y guitarrista de Santa Eul\u00e0ria, protagoniza el cartel musical de este viernes en Oyster Ibiza, a las afueras de Sant Jordi. Trae un repertorio entre mel\u00f3dico y pop, con temas tanto en espa\u00f1ol como en ingl\u00e9s. Entre su selecci\u00f3n, canciones de Alejandro Sanz, Pablo Albor\u00e1n, Jarabe de Palo, The Beatles, Elton John, Coldplay, Sting\u2026 Es hermano del cantautor Cosme de Joan, otro artista habitual de Cas Costas, con el que comparte el d\u00fao Co\u00e4n. Se puede reservar mesa a trav\u00e9s de la web del establecimiento.<\/p>\n","protected":false},"excerpt":{"rendered":"<p>\u00c1ngel Miguel de Juan, cantante, pianista y guitarrista de Santa Eul\u00e0ria, protagoniza el cartel musical de este viernes en Oyster Ibiza, a las afueras de Sant Jordi. Trae un repertorio entre mel\u00f3dico y pop, con temas tanto en espa\u00f1ol como [&hellip;]<\/p>\n","protected":false},"author":2,"featured_media":28785,"template":"","meta":{"_acf_changed":false,"_tribe_events_status":"","_tribe_events_status_reason":"","_tribe_events_is_hybrid":"","_tribe_events_is_virtual":"","_tribe_events_virtual_video_source":"","_tribe_events_virtual_embed_video":"","_tribe_events_virtual_linked_button_text":"","_tribe_events_virtual_linked_button":"","_tribe_events_virtual_show_embed_at":"","_tribe_events_virtual_show_embed_to":[],"_tribe_events_virtual_show_on_event":"","_tribe_events_virtual_show_on_views":"","_tribe_events_virtual_url":"","footnotes":""},"tags":[],"tribe_events_cat":[29],"class_list":["post-28803","tribe_events","type-tribe_events","status-publish","has-post-thumbnail","hentry","tribe_events_cat-pop","cat_pop"],"acf":[],"yoast_head":"<!-- This site is optimized with the Yoast SEO plugin v26.6 - https:\/\/yoast.com\/wordpress\/plugins\/seo\/ -->\n<title>Canci\u00f3n mel\u00f3dica y pop con \u00c1ngel Miguel de Juan, en el escenario de Oyster Ibiza - Sant Josep \u00e9s m\u00fasica<\/title>\n<meta name=\"robots\" content=\"index, follow, max-snippet:-1, max-image-preview:large, max-video-preview:-1\" \/>\n<link rel=\"canonical\" href=\"https:\/\/musica.santjosep.org\/es\/concierto\/cancion-melodica-y-pop-con-angel-miguel-de-juan-en-el-escenario-de-oyster-ibiza\/\" \/>\n<meta property=\"og:locale\" content=\"es_ES\" \/>\n<meta property=\"og:type\" content=\"article\" \/>\n<meta property=\"og:title\" content=\"Canci\u00f3n mel\u00f3dica y pop con \u00c1ngel Miguel de Juan, en el escenario de Oyster Ibiza - Sant Josep \u00e9s m\u00fasica\" \/>\n<meta property=\"og:description\" content=\"\u00c1ngel Miguel de Juan, cantante, pianista y guitarrista de Santa Eul\u00e0ria, protagoniza el cartel musical de este viernes en Oyster Ibiza, a las afueras de Sant Jordi. Trae un repertorio entre mel\u00f3dico y pop, con temas tanto en espa\u00f1ol como [&hellip;]\" \/>\n<meta property=\"og:url\" content=\"https:\/\/musica.santjosep.org\/es\/concierto\/cancion-melodica-y-pop-con-angel-miguel-de-juan-en-el-escenario-de-oyster-ibiza\/\" \/>\n<meta property=\"og:site_name\" content=\"Sant Josep \u00e9s m\u00fasica\" \/>\n<meta property=\"article:publisher\" content=\"https:\/\/www.facebook.com\/Sant-Josep-s-Msica-105337042007790\" \/>\n<meta property=\"article:modified_time\" content=\"2023-10-27T07:39:03+00:00\" \/>\n<meta property=\"og:image\" content=\"https:\/\/musica.santjosep.org\/wp-content\/uploads\/2023\/10\/a\u0301ngelmiguel4rec.jpg\" \/>\n\t<meta property=\"og:image:width\" content=\"1400\" \/>\n\t<meta property=\"og:image:height\" content=\"933\" \/>\n\t<meta property=\"og:image:type\" content=\"image\/jpeg\" \/>\n<meta name=\"twitter:card\" content=\"summary_large_image\" \/>\n<meta name=\"twitter:site\" content=\"@MusicaSantJosep\" \/>\n<meta name=\"twitter:label1\" content=\"Tiempo de lectura\" \/>\n\t<meta name=\"twitter:data1\" content=\"1 minuto\" \/>\n<script type=\"application\/ld+json\" class=\"yoast-schema-graph\">{\"@context\":\"https:\/\/schema.org\",\"@graph\":[{\"@type\":\"WebPage\",\"@id\":\"https:\/\/musica.santjosep.org\/es\/concierto\/cancion-melodica-y-pop-con-angel-miguel-de-juan-en-el-escenario-de-oyster-ibiza\/\",\"url\":\"https:\/\/musica.santjosep.org\/es\/concierto\/cancion-melodica-y-pop-con-angel-miguel-de-juan-en-el-escenario-de-oyster-ibiza\/\",\"name\":\"Canci\u00f3n mel\u00f3dica y pop con \u00c1ngel Miguel de Juan, en el escenario de Oyster Ibiza - Sant Josep \u00e9s m\u00fasica\",\"isPartOf\":{\"@id\":\"https:\/\/musica.santjosep.org\/es\/#website\"},\"primaryImageOfPage\":{\"@id\":\"https:\/\/musica.santjosep.org\/es\/concierto\/cancion-melodica-y-pop-con-angel-miguel-de-juan-en-el-escenario-de-oyster-ibiza\/#primaryimage\"},\"image\":{\"@id\":\"https:\/\/musica.santjosep.org\/es\/concierto\/cancion-melodica-y-pop-con-angel-miguel-de-juan-en-el-escenario-de-oyster-ibiza\/#primaryimage\"},\"thumbnailUrl\":\"https:\/\/musica.santjosep.org\/wp-content\/uploads\/2023\/10\/a\u0301ngelmiguel4rec.jpg\",\"datePublished\":\"2023-10-25T11:37:58+00:00\",\"dateModified\":\"2023-10-27T07:39:03+00:00\",\"breadcrumb\":{\"@id\":\"https:\/\/musica.santjosep.org\/es\/concierto\/cancion-melodica-y-pop-con-angel-miguel-de-juan-en-el-escenario-de-oyster-ibiza\/#breadcrumb\"},\"inLanguage\":\"es\",\"potentialAction\":[{\"@type\":\"ReadAction\",\"target\":[\"https:\/\/musica.santjosep.org\/es\/concierto\/cancion-melodica-y-pop-con-angel-miguel-de-juan-en-el-escenario-de-oyster-ibiza\/\"]}]},{\"@type\":\"ImageObject\",\"inLanguage\":\"es\",\"@id\":\"https:\/\/musica.santjosep.org\/es\/concierto\/cancion-melodica-y-pop-con-angel-miguel-de-juan-en-el-escenario-de-oyster-ibiza\/#primaryimage\",\"url\":\"https:\/\/musica.santjosep.org\/wp-content\/uploads\/2023\/10\/a\u0301ngelmiguel4rec.jpg\",\"contentUrl\":\"https:\/\/musica.santjosep.org\/wp-content\/uploads\/2023\/10\/a\u0301ngelmiguel4rec.jpg\",\"width\":1400,\"height\":933},{\"@type\":\"BreadcrumbList\",\"@id\":\"https:\/\/musica.santjosep.org\/es\/concierto\/cancion-melodica-y-pop-con-angel-miguel-de-juan-en-el-escenario-de-oyster-ibiza\/#breadcrumb\",\"itemListElement\":[{\"@type\":\"ListItem\",\"position\":1,\"name\":\"Portada\",\"item\":\"https:\/\/musica.santjosep.org\/es\/\"},{\"@type\":\"ListItem\",\"position\":2,\"name\":\"Eventos\",\"item\":\"https:\/\/musica.santjosep.org\/es\/concerts\/\"},{\"@type\":\"ListItem\",\"position\":3,\"name\":\"Canci\u00f3n mel\u00f3dica y pop con \u00c1ngel Miguel de Juan, en el escenario de Oyster Ibiza\"}]},{\"@type\":\"WebSite\",\"@id\":\"https:\/\/musica.santjosep.org\/es\/#website\",\"url\":\"https:\/\/musica.santjosep.org\/es\/\",\"name\":\"Sant Josep \u00e9s m\u00fasica\",\"description\":\"Informaci\u00f3n actualizada de todos los conciertos, grupos y artistas que act\u00faen tanto en fiestas y festivales, como en establecimientos privados en el municipio de Sant Josep de sa Talaia\",\"publisher\":{\"@id\":\"https:\/\/musica.santjosep.org\/es\/#organization\"},\"potentialAction\":[{\"@type\":\"SearchAction\",\"target\":{\"@type\":\"EntryPoint\",\"urlTemplate\":\"https:\/\/musica.santjosep.org\/es\/?s={search_term_string}\"},\"query-input\":{\"@type\":\"PropertyValueSpecification\",\"valueRequired\":true,\"valueName\":\"search_term_string\"}}],\"inLanguage\":\"es\"},{\"@type\":\"Organization\",\"@id\":\"https:\/\/musica.santjosep.org\/es\/#organization\",\"name\":\"Sant Josep \u00e9s m\u00fasica\",\"url\":\"https:\/\/musica.santjosep.org\/es\/\",\"logo\":{\"@type\":\"ImageObject\",\"inLanguage\":\"es\",\"@id\":\"https:\/\/musica.santjosep.org\/es\/#\/schema\/logo\/image\/\",\"url\":\"https:\/\/musica.santjosep.org\/wp-content\/uploads\/2022\/01\/logo-SJEM.png\",\"contentUrl\":\"https:\/\/musica.santjosep.org\/wp-content\/uploads\/2022\/01\/logo-SJEM.png\",\"width\":213,\"height\":103,\"caption\":\"Sant Josep \u00e9s m\u00fasica\"},\"image\":{\"@id\":\"https:\/\/musica.santjosep.org\/es\/#\/schema\/logo\/image\/\"},\"sameAs\":[\"https:\/\/www.facebook.com\/Sant-Josep-s-Msica-105337042007790\",\"https:\/\/x.com\/MusicaSantJosep\",\"https:\/\/www.instagram.com\/musicasantjosep\/\",\"https:\/\/www.youtube.com\/channel\/UCBSLSUpqfrfsiOMVslmZEJA\"]}]}<\/script>\n<!-- \/ Yoast SEO plugin. -->","yoast_head_json":{"title":"Canci\u00f3n mel\u00f3dica y pop con \u00c1ngel Miguel de Juan, en el escenario de Oyster Ibiza - Sant Josep \u00e9s m\u00fasica","robots":{"index":"index","follow":"follow","max-snippet":"max-snippet:-1","max-image-preview":"max-image-preview:large","max-video-preview":"max-video-preview:-1"},"canonical":"https:\/\/musica.santjosep.org\/es\/concierto\/cancion-melodica-y-pop-con-angel-miguel-de-juan-en-el-escenario-de-oyster-ibiza\/","og_locale":"es_ES","og_type":"article","og_title":"Canci\u00f3n mel\u00f3dica y pop con \u00c1ngel Miguel de Juan, en el escenario de Oyster Ibiza - Sant Josep \u00e9s m\u00fasica","og_description":"\u00c1ngel Miguel de Juan, cantante, pianista y guitarrista de Santa Eul\u00e0ria, protagoniza el cartel musical de este viernes en Oyster Ibiza, a las afueras de Sant Jordi. Trae un repertorio entre mel\u00f3dico y pop, con temas tanto en espa\u00f1ol como [&hellip;]","og_url":"https:\/\/musica.santjosep.org\/es\/concierto\/cancion-melodica-y-pop-con-angel-miguel-de-juan-en-el-escenario-de-oyster-ibiza\/","og_site_name":"Sant Josep \u00e9s m\u00fasica","article_publisher":"https:\/\/www.facebook.com\/Sant-Josep-s-Msica-105337042007790","article_modified_time":"2023-10-27T07:39:03+00:00","og_image":[{"width":1400,"height":933,"url":"https:\/\/musica.santjosep.org\/wp-content\/uploads\/2023\/10\/a\u0301ngelmiguel4rec.jpg","type":"image\/jpeg"}],"twitter_card":"summary_large_image","twitter_site":"@MusicaSantJosep","twitter_misc":{"Tiempo de lectura":"1 minuto"},"schema":{"@context":"https:\/\/schema.org","@graph":[{"@type":"WebPage","@id":"https:\/\/musica.santjosep.org\/es\/concierto\/cancion-melodica-y-pop-con-angel-miguel-de-juan-en-el-escenario-de-oyster-ibiza\/","url":"https:\/\/musica.santjosep.org\/es\/concierto\/cancion-melodica-y-pop-con-angel-miguel-de-juan-en-el-escenario-de-oyster-ibiza\/","name":"Canci\u00f3n mel\u00f3dica y pop con \u00c1ngel Miguel de Juan, en el escenario de Oyster Ibiza - Sant Josep \u00e9s m\u00fasica","isPartOf":{"@id":"https:\/\/musica.santjosep.org\/es\/#website"},"primaryImageOfPage":{"@id":"https:\/\/musica.santjosep.org\/es\/concierto\/cancion-melodica-y-pop-con-angel-miguel-de-juan-en-el-escenario-de-oyster-ibiza\/#primaryimage"},"image":{"@id":"https:\/\/musica.santjosep.org\/es\/concierto\/cancion-melodica-y-pop-con-angel-miguel-de-juan-en-el-escenario-de-oyster-ibiza\/#primaryimage"},"thumbnailUrl":"https:\/\/musica.santjosep.org\/wp-content\/uploads\/2023\/10\/a\u0301ngelmiguel4rec.jpg","datePublished":"2023-10-25T11:37:58+00:00","dateModified":"2023-10-27T07:39:03+00:00","breadcrumb":{"@id":"https:\/\/musica.santjosep.org\/es\/concierto\/cancion-melodica-y-pop-con-angel-miguel-de-juan-en-el-escenario-de-oyster-ibiza\/#breadcrumb"},"inLanguage":"es","potentialAction":[{"@type":"ReadAction","target":["https:\/\/musica.santjosep.org\/es\/concierto\/cancion-melodica-y-pop-con-angel-miguel-de-juan-en-el-escenario-de-oyster-ibiza\/"]}]},{"@type":"ImageObject","inLanguage":"es","@id":"https:\/\/musica.santjosep.org\/es\/concierto\/cancion-melodica-y-pop-con-angel-miguel-de-juan-en-el-escenario-de-oyster-ibiza\/#primaryimage","url":"https:\/\/musica.santjosep.org\/wp-content\/uploads\/2023\/10\/a\u0301ngelmiguel4rec.jpg","contentUrl":"https:\/\/musica.santjosep.org\/wp-content\/uploads\/2023\/10\/a\u0301ngelmiguel4rec.jpg","width":1400,"height":933},{"@type":"BreadcrumbList","@id":"https:\/\/musica.santjosep.org\/es\/concierto\/cancion-melodica-y-pop-con-angel-miguel-de-juan-en-el-escenario-de-oyster-ibiza\/#breadcrumb","itemListElement":[{"@type":"ListItem","position":1,"name":"Portada","item":"https:\/\/musica.santjosep.org\/es\/"},{"@type":"ListItem","position":2,"name":"Eventos","item":"https:\/\/musica.santjosep.org\/es\/concerts\/"},{"@type":"ListItem","position":3,"name":"Canci\u00f3n mel\u00f3dica y pop con \u00c1ngel Miguel de Juan, en el escenario de Oyster Ibiza"}]},{"@type":"WebSite","@id":"https:\/\/musica.santjosep.org\/es\/#website","url":"https:\/\/musica.santjosep.org\/es\/","name":"Sant Josep \u00e9s m\u00fasica","description":"Informaci\u00f3n actualizada de todos los conciertos, grupos y artistas que act\u00faen tanto en fiestas y festivales, como en establecimientos privados en el municipio de Sant Josep de sa Talaia","publisher":{"@id":"https:\/\/musica.santjosep.org\/es\/#organization"},"potentialAction":[{"@type":"SearchAction","target":{"@type":"EntryPoint","urlTemplate":"https:\/\/musica.santjosep.org\/es\/?s={search_term_string}"},"query-input":{"@type":"PropertyValueSpecification","valueRequired":true,"valueName":"search_term_string"}}],"inLanguage":"es"},{"@type":"Organization","@id":"https:\/\/musica.santjosep.org\/es\/#organization","name":"Sant Josep \u00e9s m\u00fasica","url":"https:\/\/musica.santjosep.org\/es\/","logo":{"@type":"ImageObject","inLanguage":"es","@id":"https:\/\/musica.santjosep.org\/es\/#\/schema\/logo\/image\/","url":"https:\/\/musica.santjosep.org\/wp-content\/uploads\/2022\/01\/logo-SJEM.png","contentUrl":"https:\/\/musica.santjosep.org\/wp-content\/uploads\/2022\/01\/logo-SJEM.png","width":213,"height":103,"caption":"Sant Josep \u00e9s m\u00fasica"},"image":{"@id":"https:\/\/musica.santjosep.org\/es\/#\/schema\/logo\/image\/"},"sameAs":["https:\/\/www.facebook.com\/Sant-Josep-s-Msica-105337042007790","https:\/\/x.com\/MusicaSantJosep","https:\/\/www.instagram.com\/musicasantjosep\/","https:\/\/www.youtube.com\/channel\/UCBSLSUpqfrfsiOMVslmZEJA"]}]}},"_links":{"self":[{"href":"https:\/\/musica.santjosep.org\/es\/wp-json\/wp\/v2\/tribe_events\/28803","targetHints":{"allow":["GET"]}}],"collection":[{"href":"https:\/\/musica.santjosep.org\/es\/wp-json\/wp\/v2\/tribe_events"}],"about":[{"href":"https:\/\/musica.santjosep.org\/es\/wp-json\/wp\/v2\/types\/tribe_events"}],"author":[{"embeddable":true,"href":"https:\/\/musica.santjosep.org\/es\/wp-json\/wp\/v2\/users\/2"}],"version-history":[{"count":0,"href":"https:\/\/musica.santjosep.org\/es\/wp-json\/wp\/v2\/tribe_events\/28803\/revisions"}],"wp:featuredmedia":[{"embeddable":true,"href":"https:\/\/musica.santjosep.org\/es\/wp-json\/wp\/v2\/media\/28785"}],"wp:attachment":[{"href":"https:\/\/musica.santjosep.org\/es\/wp-json\/wp\/v2\/media?parent=28803"}],"wp:term":[{"taxonomy":"post_tag","embeddable":true,"href":"https:\/\/musica.santjosep.org\/es\/wp-json\/wp\/v2\/tags?post=28803"},{"taxonomy":"tribe_events_cat","embeddable":true,"href":"https:\/\/musica.santjosep.org\/es\/wp-json\/wp\/v2\/tribe_events_cat?post=28803"}],"curies":[{"name":"wp","href":"https:\/\/api.w.org\/{rel}","templated":true}]}}