{"id":27998,"date":"2023-09-27T10:28:53","date_gmt":"2023-09-27T08:28:53","guid":{"rendered":"https:\/\/musica.santjosep.org\/?post_type=tribe_events&#038;p=27998"},"modified":"2023-09-27T12:59:47","modified_gmt":"2023-09-27T10:59:47","slug":"royal-park-vintage-recibe-en-su-escenario-al-gran-musico-cubano-eribertho-cruz","status":"publish","type":"tribe_events","link":"https:\/\/musica.santjosep.org\/es\/concierto\/royal-park-vintage-recibe-en-su-escenario-al-gran-musico-cubano-eribertho-cruz\/","title":{"rendered":"Royal Park Vintage recibe en su escenario al gran m\u00fasico cubano Eribertho Cruz"},"content":{"rendered":"<p>El escenario de Royal Park Vintage, en Cala de Bou, celebra una nueva paella musical, esta vez con m\u00fasica cubana, con la presencia de uno de los grandes m\u00fasicos del g\u00e9nero que pueden encontrarse en Ibiza: el cantante y percusionista Eribertho Cruz. Este artista, residente desde 2005, ha actuado por todo el mundo y participado en los m\u00e1s importantes festivales del mundo de salsa y otros ritmos latinos. Tambi\u00e9n ha acompa\u00f1ado a grandes dj\u2019s en sesiones conjuntas, como Roger S\u00e1nchez, y a artistas de la talla de Cesaria Evora.<\/p>\n","protected":false},"excerpt":{"rendered":"<p>El escenario de Royal Park Vintage, en Cala de Bou, celebra una nueva paella musical, esta vez con m\u00fasica cubana, con la presencia de uno de los grandes m\u00fasicos del g\u00e9nero que pueden encontrarse en Ibiza: el cantante y percusionista [&hellip;]<\/p>\n","protected":false},"author":2,"featured_media":27986,"template":"","meta":{"_acf_changed":false,"_tribe_events_status":"","_tribe_events_status_reason":"","_tribe_events_is_hybrid":"","_tribe_events_is_virtual":"","_tribe_events_virtual_video_source":"","_tribe_events_virtual_embed_video":"","_tribe_events_virtual_linked_button_text":"","_tribe_events_virtual_linked_button":"","_tribe_events_virtual_show_embed_at":"","_tribe_events_virtual_show_embed_to":[],"_tribe_events_virtual_show_on_event":"","_tribe_events_virtual_show_on_views":"","_tribe_events_virtual_url":"","footnotes":""},"tags":[],"tribe_events_cat":[65,61],"class_list":["post-27998","tribe_events","type-tribe_events","status-publish","has-post-thumbnail","hentry","tribe_events_cat-latina","tribe_events_cat-salsa","cat_latina","cat_salsa"],"acf":[],"yoast_head":"<!-- This site is optimized with the Yoast SEO plugin v26.6 - https:\/\/yoast.com\/wordpress\/plugins\/seo\/ -->\n<title>Royal Park Vintage recibe en su escenario al gran m\u00fasico cubano Eribertho Cruz - Sant Josep \u00e9s m\u00fasica<\/title>\n<meta name=\"robots\" content=\"index, follow, max-snippet:-1, max-image-preview:large, max-video-preview:-1\" \/>\n<link rel=\"canonical\" href=\"https:\/\/musica.santjosep.org\/es\/concierto\/royal-park-vintage-recibe-en-su-escenario-al-gran-musico-cubano-eribertho-cruz\/\" \/>\n<meta property=\"og:locale\" content=\"es_ES\" \/>\n<meta property=\"og:type\" content=\"article\" \/>\n<meta property=\"og:title\" content=\"Royal Park Vintage recibe en su escenario al gran m\u00fasico cubano Eribertho Cruz - Sant Josep \u00e9s m\u00fasica\" \/>\n<meta property=\"og:description\" content=\"El escenario de Royal Park Vintage, en Cala de Bou, celebra una nueva paella musical, esta vez con m\u00fasica cubana, con la presencia de uno de los grandes m\u00fasicos del g\u00e9nero que pueden encontrarse en Ibiza: el cantante y percusionista [&hellip;]\" \/>\n<meta property=\"og:url\" content=\"https:\/\/musica.santjosep.org\/es\/concierto\/royal-park-vintage-recibe-en-su-escenario-al-gran-musico-cubano-eribertho-cruz\/\" \/>\n<meta property=\"og:site_name\" content=\"Sant Josep \u00e9s m\u00fasica\" \/>\n<meta property=\"article:publisher\" content=\"https:\/\/www.facebook.com\/Sant-Josep-s-Msica-105337042007790\" \/>\n<meta property=\"article:modified_time\" content=\"2023-09-27T10:59:47+00:00\" \/>\n<meta property=\"og:image\" content=\"https:\/\/musica.santjosep.org\/wp-content\/uploads\/2023\/09\/Es-Nautic-160423-43rec.jpg\" \/>\n\t<meta property=\"og:image:width\" content=\"1400\" \/>\n\t<meta property=\"og:image:height\" content=\"933\" \/>\n\t<meta property=\"og:image:type\" content=\"image\/jpeg\" \/>\n<meta name=\"twitter:card\" content=\"summary_large_image\" \/>\n<meta name=\"twitter:site\" content=\"@MusicaSantJosep\" \/>\n<meta name=\"twitter:label1\" content=\"Tiempo de lectura\" \/>\n\t<meta name=\"twitter:data1\" content=\"1 minuto\" \/>\n<script type=\"application\/ld+json\" class=\"yoast-schema-graph\">{\"@context\":\"https:\/\/schema.org\",\"@graph\":[{\"@type\":\"WebPage\",\"@id\":\"https:\/\/musica.santjosep.org\/es\/concierto\/royal-park-vintage-recibe-en-su-escenario-al-gran-musico-cubano-eribertho-cruz\/\",\"url\":\"https:\/\/musica.santjosep.org\/es\/concierto\/royal-park-vintage-recibe-en-su-escenario-al-gran-musico-cubano-eribertho-cruz\/\",\"name\":\"Royal Park Vintage recibe en su escenario al gran m\u00fasico cubano Eribertho Cruz - Sant Josep \u00e9s m\u00fasica\",\"isPartOf\":{\"@id\":\"https:\/\/musica.santjosep.org\/es\/#website\"},\"primaryImageOfPage\":{\"@id\":\"https:\/\/musica.santjosep.org\/es\/concierto\/royal-park-vintage-recibe-en-su-escenario-al-gran-musico-cubano-eribertho-cruz\/#primaryimage\"},\"image\":{\"@id\":\"https:\/\/musica.santjosep.org\/es\/concierto\/royal-park-vintage-recibe-en-su-escenario-al-gran-musico-cubano-eribertho-cruz\/#primaryimage\"},\"thumbnailUrl\":\"https:\/\/musica.santjosep.org\/wp-content\/uploads\/2023\/09\/Es-Nautic-160423-43rec.jpg\",\"datePublished\":\"2023-09-27T08:28:53+00:00\",\"dateModified\":\"2023-09-27T10:59:47+00:00\",\"breadcrumb\":{\"@id\":\"https:\/\/musica.santjosep.org\/es\/concierto\/royal-park-vintage-recibe-en-su-escenario-al-gran-musico-cubano-eribertho-cruz\/#breadcrumb\"},\"inLanguage\":\"es\",\"potentialAction\":[{\"@type\":\"ReadAction\",\"target\":[\"https:\/\/musica.santjosep.org\/es\/concierto\/royal-park-vintage-recibe-en-su-escenario-al-gran-musico-cubano-eribertho-cruz\/\"]}]},{\"@type\":\"ImageObject\",\"inLanguage\":\"es\",\"@id\":\"https:\/\/musica.santjosep.org\/es\/concierto\/royal-park-vintage-recibe-en-su-escenario-al-gran-musico-cubano-eribertho-cruz\/#primaryimage\",\"url\":\"https:\/\/musica.santjosep.org\/wp-content\/uploads\/2023\/09\/Es-Nautic-160423-43rec.jpg\",\"contentUrl\":\"https:\/\/musica.santjosep.org\/wp-content\/uploads\/2023\/09\/Es-Nautic-160423-43rec.jpg\",\"width\":1400,\"height\":933,\"caption\":\"Joan F. Ribas\"},{\"@type\":\"BreadcrumbList\",\"@id\":\"https:\/\/musica.santjosep.org\/es\/concierto\/royal-park-vintage-recibe-en-su-escenario-al-gran-musico-cubano-eribertho-cruz\/#breadcrumb\",\"itemListElement\":[{\"@type\":\"ListItem\",\"position\":1,\"name\":\"Portada\",\"item\":\"https:\/\/musica.santjosep.org\/es\/\"},{\"@type\":\"ListItem\",\"position\":2,\"name\":\"Eventos\",\"item\":\"https:\/\/musica.santjosep.org\/es\/concerts\/\"},{\"@type\":\"ListItem\",\"position\":3,\"name\":\"Royal Park Vintage recibe en su escenario al gran m\u00fasico cubano Eribertho Cruz\"}]},{\"@type\":\"WebSite\",\"@id\":\"https:\/\/musica.santjosep.org\/es\/#website\",\"url\":\"https:\/\/musica.santjosep.org\/es\/\",\"name\":\"Sant Josep \u00e9s m\u00fasica\",\"description\":\"Informaci\u00f3n actualizada de todos los conciertos, grupos y artistas que act\u00faen tanto en fiestas y festivales, como en establecimientos privados en el municipio de Sant Josep de sa Talaia\",\"publisher\":{\"@id\":\"https:\/\/musica.santjosep.org\/es\/#organization\"},\"potentialAction\":[{\"@type\":\"SearchAction\",\"target\":{\"@type\":\"EntryPoint\",\"urlTemplate\":\"https:\/\/musica.santjosep.org\/es\/?s={search_term_string}\"},\"query-input\":{\"@type\":\"PropertyValueSpecification\",\"valueRequired\":true,\"valueName\":\"search_term_string\"}}],\"inLanguage\":\"es\"},{\"@type\":\"Organization\",\"@id\":\"https:\/\/musica.santjosep.org\/es\/#organization\",\"name\":\"Sant Josep \u00e9s m\u00fasica\",\"url\":\"https:\/\/musica.santjosep.org\/es\/\",\"logo\":{\"@type\":\"ImageObject\",\"inLanguage\":\"es\",\"@id\":\"https:\/\/musica.santjosep.org\/es\/#\/schema\/logo\/image\/\",\"url\":\"https:\/\/musica.santjosep.org\/wp-content\/uploads\/2022\/01\/logo-SJEM.png\",\"contentUrl\":\"https:\/\/musica.santjosep.org\/wp-content\/uploads\/2022\/01\/logo-SJEM.png\",\"width\":213,\"height\":103,\"caption\":\"Sant Josep \u00e9s m\u00fasica\"},\"image\":{\"@id\":\"https:\/\/musica.santjosep.org\/es\/#\/schema\/logo\/image\/\"},\"sameAs\":[\"https:\/\/www.facebook.com\/Sant-Josep-s-Msica-105337042007790\",\"https:\/\/x.com\/MusicaSantJosep\",\"https:\/\/www.instagram.com\/musicasantjosep\/\",\"https:\/\/www.youtube.com\/channel\/UCBSLSUpqfrfsiOMVslmZEJA\"]}]}<\/script>\n<!-- \/ Yoast SEO plugin. -->","yoast_head_json":{"title":"Royal Park Vintage recibe en su escenario al gran m\u00fasico cubano Eribertho Cruz - Sant Josep \u00e9s m\u00fasica","robots":{"index":"index","follow":"follow","max-snippet":"max-snippet:-1","max-image-preview":"max-image-preview:large","max-video-preview":"max-video-preview:-1"},"canonical":"https:\/\/musica.santjosep.org\/es\/concierto\/royal-park-vintage-recibe-en-su-escenario-al-gran-musico-cubano-eribertho-cruz\/","og_locale":"es_ES","og_type":"article","og_title":"Royal Park Vintage recibe en su escenario al gran m\u00fasico cubano Eribertho Cruz - Sant Josep \u00e9s m\u00fasica","og_description":"El escenario de Royal Park Vintage, en Cala de Bou, celebra una nueva paella musical, esta vez con m\u00fasica cubana, con la presencia de uno de los grandes m\u00fasicos del g\u00e9nero que pueden encontrarse en Ibiza: el cantante y percusionista [&hellip;]","og_url":"https:\/\/musica.santjosep.org\/es\/concierto\/royal-park-vintage-recibe-en-su-escenario-al-gran-musico-cubano-eribertho-cruz\/","og_site_name":"Sant Josep \u00e9s m\u00fasica","article_publisher":"https:\/\/www.facebook.com\/Sant-Josep-s-Msica-105337042007790","article_modified_time":"2023-09-27T10:59:47+00:00","og_image":[{"width":1400,"height":933,"url":"https:\/\/musica.santjosep.org\/wp-content\/uploads\/2023\/09\/Es-Nautic-160423-43rec.jpg","type":"image\/jpeg"}],"twitter_card":"summary_large_image","twitter_site":"@MusicaSantJosep","twitter_misc":{"Tiempo de lectura":"1 minuto"},"schema":{"@context":"https:\/\/schema.org","@graph":[{"@type":"WebPage","@id":"https:\/\/musica.santjosep.org\/es\/concierto\/royal-park-vintage-recibe-en-su-escenario-al-gran-musico-cubano-eribertho-cruz\/","url":"https:\/\/musica.santjosep.org\/es\/concierto\/royal-park-vintage-recibe-en-su-escenario-al-gran-musico-cubano-eribertho-cruz\/","name":"Royal Park Vintage recibe en su escenario al gran m\u00fasico cubano Eribertho Cruz - Sant Josep \u00e9s m\u00fasica","isPartOf":{"@id":"https:\/\/musica.santjosep.org\/es\/#website"},"primaryImageOfPage":{"@id":"https:\/\/musica.santjosep.org\/es\/concierto\/royal-park-vintage-recibe-en-su-escenario-al-gran-musico-cubano-eribertho-cruz\/#primaryimage"},"image":{"@id":"https:\/\/musica.santjosep.org\/es\/concierto\/royal-park-vintage-recibe-en-su-escenario-al-gran-musico-cubano-eribertho-cruz\/#primaryimage"},"thumbnailUrl":"https:\/\/musica.santjosep.org\/wp-content\/uploads\/2023\/09\/Es-Nautic-160423-43rec.jpg","datePublished":"2023-09-27T08:28:53+00:00","dateModified":"2023-09-27T10:59:47+00:00","breadcrumb":{"@id":"https:\/\/musica.santjosep.org\/es\/concierto\/royal-park-vintage-recibe-en-su-escenario-al-gran-musico-cubano-eribertho-cruz\/#breadcrumb"},"inLanguage":"es","potentialAction":[{"@type":"ReadAction","target":["https:\/\/musica.santjosep.org\/es\/concierto\/royal-park-vintage-recibe-en-su-escenario-al-gran-musico-cubano-eribertho-cruz\/"]}]},{"@type":"ImageObject","inLanguage":"es","@id":"https:\/\/musica.santjosep.org\/es\/concierto\/royal-park-vintage-recibe-en-su-escenario-al-gran-musico-cubano-eribertho-cruz\/#primaryimage","url":"https:\/\/musica.santjosep.org\/wp-content\/uploads\/2023\/09\/Es-Nautic-160423-43rec.jpg","contentUrl":"https:\/\/musica.santjosep.org\/wp-content\/uploads\/2023\/09\/Es-Nautic-160423-43rec.jpg","width":1400,"height":933,"caption":"Joan F. Ribas"},{"@type":"BreadcrumbList","@id":"https:\/\/musica.santjosep.org\/es\/concierto\/royal-park-vintage-recibe-en-su-escenario-al-gran-musico-cubano-eribertho-cruz\/#breadcrumb","itemListElement":[{"@type":"ListItem","position":1,"name":"Portada","item":"https:\/\/musica.santjosep.org\/es\/"},{"@type":"ListItem","position":2,"name":"Eventos","item":"https:\/\/musica.santjosep.org\/es\/concerts\/"},{"@type":"ListItem","position":3,"name":"Royal Park Vintage recibe en su escenario al gran m\u00fasico cubano Eribertho Cruz"}]},{"@type":"WebSite","@id":"https:\/\/musica.santjosep.org\/es\/#website","url":"https:\/\/musica.santjosep.org\/es\/","name":"Sant Josep \u00e9s m\u00fasica","description":"Informaci\u00f3n actualizada de todos los conciertos, grupos y artistas que act\u00faen tanto en fiestas y festivales, como en establecimientos privados en el municipio de Sant Josep de sa Talaia","publisher":{"@id":"https:\/\/musica.santjosep.org\/es\/#organization"},"potentialAction":[{"@type":"SearchAction","target":{"@type":"EntryPoint","urlTemplate":"https:\/\/musica.santjosep.org\/es\/?s={search_term_string}"},"query-input":{"@type":"PropertyValueSpecification","valueRequired":true,"valueName":"search_term_string"}}],"inLanguage":"es"},{"@type":"Organization","@id":"https:\/\/musica.santjosep.org\/es\/#organization","name":"Sant Josep \u00e9s m\u00fasica","url":"https:\/\/musica.santjosep.org\/es\/","logo":{"@type":"ImageObject","inLanguage":"es","@id":"https:\/\/musica.santjosep.org\/es\/#\/schema\/logo\/image\/","url":"https:\/\/musica.santjosep.org\/wp-content\/uploads\/2022\/01\/logo-SJEM.png","contentUrl":"https:\/\/musica.santjosep.org\/wp-content\/uploads\/2022\/01\/logo-SJEM.png","width":213,"height":103,"caption":"Sant Josep \u00e9s m\u00fasica"},"image":{"@id":"https:\/\/musica.santjosep.org\/es\/#\/schema\/logo\/image\/"},"sameAs":["https:\/\/www.facebook.com\/Sant-Josep-s-Msica-105337042007790","https:\/\/x.com\/MusicaSantJosep","https:\/\/www.instagram.com\/musicasantjosep\/","https:\/\/www.youtube.com\/channel\/UCBSLSUpqfrfsiOMVslmZEJA"]}]}},"_links":{"self":[{"href":"https:\/\/musica.santjosep.org\/es\/wp-json\/wp\/v2\/tribe_events\/27998","targetHints":{"allow":["GET"]}}],"collection":[{"href":"https:\/\/musica.santjosep.org\/es\/wp-json\/wp\/v2\/tribe_events"}],"about":[{"href":"https:\/\/musica.santjosep.org\/es\/wp-json\/wp\/v2\/types\/tribe_events"}],"author":[{"embeddable":true,"href":"https:\/\/musica.santjosep.org\/es\/wp-json\/wp\/v2\/users\/2"}],"version-history":[{"count":0,"href":"https:\/\/musica.santjosep.org\/es\/wp-json\/wp\/v2\/tribe_events\/27998\/revisions"}],"wp:featuredmedia":[{"embeddable":true,"href":"https:\/\/musica.santjosep.org\/es\/wp-json\/wp\/v2\/media\/27986"}],"wp:attachment":[{"href":"https:\/\/musica.santjosep.org\/es\/wp-json\/wp\/v2\/media?parent=27998"}],"wp:term":[{"taxonomy":"post_tag","embeddable":true,"href":"https:\/\/musica.santjosep.org\/es\/wp-json\/wp\/v2\/tags?post=27998"},{"taxonomy":"tribe_events_cat","embeddable":true,"href":"https:\/\/musica.santjosep.org\/es\/wp-json\/wp\/v2\/tribe_events_cat?post=27998"}],"curies":[{"name":"wp","href":"https:\/\/api.w.org\/{rel}","templated":true}]}}