{"id":27570,"date":"2023-09-14T19:32:49","date_gmt":"2023-09-14T17:32:49","guid":{"rendered":"https:\/\/musica.santjosep.org\/?post_type=tribe_events&#038;p=27570"},"modified":"2023-09-14T20:56:20","modified_gmt":"2023-09-14T18:56:20","slug":"natalia-lacunza-carmen-113-los-invaders-y-pol-3-14-abren-sonorama-en-venice-bay","status":"publish","type":"tribe_events","link":"https:\/\/musica.santjosep.org\/es\/concierto\/natalia-lacunza-carmen-113-los-invaders-y-pol-3-14-abren-sonorama-en-venice-bay\/","title":{"rendered":"Natalia Lacunza, Carmen 113, Los Invaders y Pol 3.14 abren Sonorama, en Venice Bay"},"content":{"rendered":"<p>El recinto Venice Bay, de Concept Hotel Group, y la zona exterior del Auditorio Cal\u00f3 de s\u2019Oli acogen los d\u00edas 5, 6 y 7 de octubre la tercera edici\u00f3n del Festival Sonorama Ribera Goes to Ibiza, que contar\u00e1 con la participaci\u00f3n de un total de 22 grupos de todo el pa\u00eds, as\u00ed como actividades paralelas, como exposiciones y charlas. Esta jornada inaugural se celebra en Venice Bay y cuenta con las actuaciones de Natalia Lacunza, Carmen 113, Los Invaders y Pol 3.14.<\/p>\n<p>Cabe recordar que el programa alterna dos jornadas diurnas de conciertos gratuitos en Calo de s\u2019Oli (viernes y s\u00e1bado), con otras tres (jueves a s\u00e1bado) en horario de tarde-noche, que requieren entrada y que se desarrollan en el recinto Venice Bay, situado tras el Paradiso Ibiza Art Hotel, en la calle Lugo. En ambos espacios hay tambi\u00e9n Food Trucks y barras. Las localidades de pago pueden adquirirse en la <a href=\"https:\/\/sonoramariberaibiza.es\/\" target=\"_blank\" rel=\"noopener\">p\u00e1gina web<\/a> del certamen, donde los aficionados de fuera de la isla tambi\u00e9n pueden reservar estancias. El bono para los tres d\u00edas en Venice Bay sale por 93,50 \u20ac, mientras que las entradas sueltas para cada una de las tres jornadas cuestan 48,50 \u20ac.<\/p>\n<p>Sonorama Ribera es un festival de m\u00fasica indie que, desde 1998, se celebra en el mes de agosto en la localidad burgalesa de Aranda de Duero, organizado por la asociaci\u00f3n cultural Art de Troya. Desde 2021 y en colaboraci\u00f3n con la cadena hotelera ibicenca Concept Hotel Group, cuenta con una versi\u00f3n ibicenca, que se desarrolla en la zona tur\u00edstica de Cala de Bou. En ella participa una representaci\u00f3n de los grupos que protagonizan el cartel de Aranda de Duero, a los que se suma alguna banda local. El certamen cuenta con el apoyo del Ayuntamiento de Sant Josep, Sant Josep \u00e9s M\u00fasica y el Consell Insular d\u2019Eivissa.<\/p>\n<p>&nbsp;<\/p>\n<p>A continuaci\u00f3n, un poco de informaci\u00f3n sobre las bandas participantes:<\/p>\n<p><strong>NATALIA LACUNZA<\/strong><\/p>\n<p>Natalia Lacunza (Pamplona, 1999) se hizo conocida tras pasar por el popular show televisivo Operaci\u00f3n Triunfo. Lleva la m\u00fasica en la sangre desde ni\u00f1a, cuando ya comenz\u00f3 a estudiar canto, guitarra, viol\u00edn y piano, participando en m\u00faltiples castings de concursos televisivos. Su oportunidad por fin le lleg\u00f3 en 2018, al ser seleccionada como una de las artistas aspirantes a ganar este concurso musical, teniendo una participaci\u00f3n destacada y logrando el tercer puesto.<\/p>\n<p><img loading=\"lazy\" decoding=\"async\" class=\"alignnone wp-image-27477 size-full\" src=\"https:\/\/musica.santjosep.org\/wp-content\/uploads\/2023\/09\/natalia-lacunza-4-rec.jpg\" alt=\"\" width=\"1400\" height=\"933\" srcset=\"https:\/\/musica.santjosep.org\/wp-content\/uploads\/2023\/09\/natalia-lacunza-4-rec.jpg 1400w, https:\/\/musica.santjosep.org\/wp-content\/uploads\/2023\/09\/natalia-lacunza-4-rec-300x200.jpg 300w, https:\/\/musica.santjosep.org\/wp-content\/uploads\/2023\/09\/natalia-lacunza-4-rec-1024x682.jpg 1024w, https:\/\/musica.santjosep.org\/wp-content\/uploads\/2023\/09\/natalia-lacunza-4-rec-768x512.jpg 768w\" sizes=\"auto, (max-width: 1400px) 100vw, 1400px\" \/>En 2019 se public\u00f3 una recopilaci\u00f3n de sus actuaciones en el programa, bajo el t\u00edtulo\u00a0<em>Natalia Lacunza: Sus canciones.<\/em>\u00a0Tras haber lanzado los EP <em>Otras alas<\/em>\u00a0(2019)\u00a0<em>y EP2<\/em>\u00a0(2020), estren\u00f3 su primer \u00e1lbum\u00a0<em>Tiene que ser para m\u00ed<\/em>\u00a0(2022). De entre sus canciones destaca el tema \u2018Nana triste\u2019, que grab\u00f3 para su primer EP junto a Guitarricadelafuente. Esta canci\u00f3n ha sido disco de platino digital y actualmente registra 68 millones de reproducciones en Spotify, un aut\u00e9ntico hit.<\/p>\n<p><iframe loading=\"lazy\" title=\"Natalia Lacunza - Muchas Cosas\" width=\"1100\" height=\"825\" src=\"https:\/\/www.youtube.com\/embed\/ilPrPAwNcCM?feature=oembed\" frameborder=\"0\" allow=\"accelerometer; autoplay; clipboard-write; encrypted-media; gyroscope; picture-in-picture; web-share\" allowfullscreen><\/iframe><\/p>\n<p>&nbsp;<\/p>\n<p><strong>CARMEN 113<\/strong><\/p>\n<p>Carmen 113 es un grupo de indie-pop procedente de Girona, con 25 a\u00f1os de historia y que forman Jaume Nadal (voz y guitarra ac\u00fastica), Alfred Moreno (guitarra), Albert Casellas (teclado), Rafa Gallardo (bater\u00eda y coros) y Roger Tor (bajo). Han publicado media docena de \u00e1lbumes y el \u00faltimo, <em>Hipn\u00f3tica <\/em>(2021) es el que ha registrado mayor \u00e9xito, con casi seis millones de reproducciones de sus canciones en Spotify, y que se sit\u00faa en un pop m\u00e1s bailable, un estilo hacia el que el grupo ya evolucion\u00f3 un a\u00f1os antes con su \u00e1lbum <em>Mecanismos de Defensa<\/em> (2013).<\/p>\n<p><img loading=\"lazy\" decoding=\"async\" class=\"alignnone wp-image-27501 size-full\" src=\"https:\/\/musica.santjosep.org\/wp-content\/uploads\/2023\/09\/crmen-113-1-rec.jpg\" alt=\"\" width=\"1400\" height=\"933\" srcset=\"https:\/\/musica.santjosep.org\/wp-content\/uploads\/2023\/09\/crmen-113-1-rec.jpg 1400w, https:\/\/musica.santjosep.org\/wp-content\/uploads\/2023\/09\/crmen-113-1-rec-300x200.jpg 300w, https:\/\/musica.santjosep.org\/wp-content\/uploads\/2023\/09\/crmen-113-1-rec-1024x682.jpg 1024w, https:\/\/musica.santjosep.org\/wp-content\/uploads\/2023\/09\/crmen-113-1-rec-768x512.jpg 768w\" sizes=\"auto, (max-width: 1400px) 100vw, 1400px\" \/>La gira de <em>Hipno\u0301tica<\/em> los ha llevado estos \u00faltimos a\u00f1os por diferentes festivales que culminaron en un triunfal Sonorama, en el escenario de su 25 aniversario (2021), con ma\u0301s de 7.000 espectadores que corearon a pulmo\u0301n todas las canciones. Sus seguidores dicen que algunos temas les recuerdan a Miss Caffeina, The 1975, Love of Lesbian, La Casa Azul, The Weeknd o Parcels.<\/p>\n<p><iframe loading=\"lazy\" title=\"\ud83d\udd3bCARMEN 113 - Abrazos que Curan  [V\u00eddeo Oficial en Directo]\" width=\"1100\" height=\"619\" src=\"https:\/\/www.youtube.com\/embed\/6uj39BPnMM0?feature=oembed\" frameborder=\"0\" allow=\"accelerometer; autoplay; clipboard-write; encrypted-media; gyroscope; picture-in-picture; web-share\" allowfullscreen><\/iframe><\/p>\n<p>&nbsp;<\/p>\n<p><strong>LOS INVADERS<\/strong><\/p>\n<p>Los Invaders\u00a0es un grupo valenciano formado por\u00a0Miguel \u00c1ngel Orihuela Ros\u00a0(Migue) como\u00a0cantante y guitarra r\u00edtmica, adem\u00e1s de compositor de las melod\u00edas y las letras;\u00a0Jos\u00e9 Manuel Bosca Verdet\u00a0(Jack Brown) a la\u00a0guitarra solista y arreglos de guitarra;\u00a0Borja Al-Hoch Rocher\u00a0como\u00a0bater\u00eda y encargado de los arreglos, composici\u00f3n y disparo de samplers, y \u00c1ngel Escriv\u00e1 Ruiz\u00a0(Mesh) como bajista.<\/p>\n<p><img loading=\"lazy\" decoding=\"async\" class=\"alignnone wp-image-27533 size-full\" src=\"https:\/\/musica.santjosep.org\/wp-content\/uploads\/2023\/09\/Los-Invaders-2-rec.jpg\" alt=\"\" width=\"1400\" height=\"933\" srcset=\"https:\/\/musica.santjosep.org\/wp-content\/uploads\/2023\/09\/Los-Invaders-2-rec.jpg 1400w, https:\/\/musica.santjosep.org\/wp-content\/uploads\/2023\/09\/Los-Invaders-2-rec-300x200.jpg 300w, https:\/\/musica.santjosep.org\/wp-content\/uploads\/2023\/09\/Los-Invaders-2-rec-1024x682.jpg 1024w, https:\/\/musica.santjosep.org\/wp-content\/uploads\/2023\/09\/Los-Invaders-2-rec-768x512.jpg 768w\" sizes=\"auto, (max-width: 1400px) 100vw, 1400px\" \/>Practican un rock pegadizo\u00a0con toques electr\u00f3nicos que incita al baile y que ellos definen como \u201crock espacial\u201d. Su trayectoria se remonta a finales de 2015, aunque editan su primer EP en 2018, bajo el nombre <em>Take me home<\/em>, con el que ganan el concurso\u00a0Movistar Vinilo Valencia. Luego colocaron una de sus canciones en la de serie de Atresmedia\u00a0\u2018M\u00e1s de 100 mentiras\u2019. Desde entonces han lanzado m\u00faltiples sencillos a trav\u00e9s de las plataformas digitales y han actuado en eventos como\u00a0Low Festival, Arrecife en Vivo, Deleste Festival, Presentaci\u00f3n Montgorock, Warm Up Festival, Interestelar Festival, Polifonik Sound, Benas Fest, Cooltural Fest y B-Side Festival, entre otros.<\/p>\n<p><iframe loading=\"lazy\" title=\"Los Invaders - Wolfwoman (Lyric video)\" width=\"1100\" height=\"619\" src=\"https:\/\/www.youtube.com\/embed\/e7IWvl3eH-c?feature=oembed\" frameborder=\"0\" allow=\"accelerometer; autoplay; clipboard-write; encrypted-media; gyroscope; picture-in-picture; web-share\" allowfullscreen><\/iframe><\/p>\n<p>&nbsp;<\/p>\n<p><strong>POL 3.14<\/strong><\/p>\n<p>Pol 3.14 es el proyecto musical de Joaqu\u00edn Polvorinos, vocalista, guitarrista y compositor madrile\u00f1o, cuyas canciones destacan por su tono \u00edntimo y personal. Su popularidad lleg\u00f3 cuando sus temas protagonizaron la novena temporada de la serie espa\u00f1ola \u2018Los hombres de Paco\u2019. Sus composiciones m\u00e1s conocidas de aquella \u00e9poca son \u2018Lo que no ves\u2019 y \u2018Bipolar\u2019, que les llevaron a un \u00e9xito inmediato al aparecer en esta ficci\u00f3n televisiva, y tambi\u00e9n \u2018A ras del cielo\u2019, parte de la banda sonora de la pel\u00edcula \u2018Tres metros sobre el cielo\u2019.<\/p>\n<p><img loading=\"lazy\" decoding=\"async\" class=\"alignnone wp-image-27541 size-full\" src=\"https:\/\/musica.santjosep.org\/wp-content\/uploads\/2023\/09\/pol-3.14-3-rec.jpg\" alt=\"\" width=\"1400\" height=\"933\" srcset=\"https:\/\/musica.santjosep.org\/wp-content\/uploads\/2023\/09\/pol-3.14-3-rec.jpg 1400w, https:\/\/musica.santjosep.org\/wp-content\/uploads\/2023\/09\/pol-3.14-3-rec-300x200.jpg 300w, https:\/\/musica.santjosep.org\/wp-content\/uploads\/2023\/09\/pol-3.14-3-rec-1024x682.jpg 1024w, https:\/\/musica.santjosep.org\/wp-content\/uploads\/2023\/09\/pol-3.14-3-rec-768x512.jpg 768w\" sizes=\"auto, (max-width: 1400px) 100vw, 1400px\" \/>Los v\u00eddeos de estas canciones, asimismo, se convirtieron en un fen\u00f3meno en Internet, con millones de visitas. Tienen tres \u00e1lbumes completos publicados: <em>Pol 3.14<\/em> (2010), <em>J\u00f3venes eternamente<\/em> (2012) y <em>Conexiones artificiales<\/em> (2019), adem\u00e1s de multitud de sencillos, aunque Pol ha intercalado su carrera en este grupo con otros trabajos en solitario. La presencia de la banda en festivales es constante y su canci\u00f3n \u2018J\u00f3venes eternamente\u2019 tiene m\u00e1s de 32 millones de reproducciones en Spotify.<\/p>\n<p><iframe loading=\"lazy\" title=\"Pol 3.14  &quot; Lo que no ves&quot; Videoclip Oficial. HD\" width=\"1100\" height=\"619\" src=\"https:\/\/www.youtube.com\/embed\/JQqDOX5kRr0?feature=oembed\" frameborder=\"0\" allow=\"accelerometer; autoplay; clipboard-write; encrypted-media; gyroscope; picture-in-picture; web-share\" allowfullscreen><\/iframe><\/p>\n","protected":false},"excerpt":{"rendered":"<p>El recinto Venice Bay, de Concept Hotel Group, y la zona exterior del Auditorio Cal\u00f3 de s\u2019Oli acogen los d\u00edas 5, 6 y 7 de octubre la tercera edici\u00f3n del Festival Sonorama Ribera Goes to Ibiza, que contar\u00e1 con la [&hellip;]<\/p>\n","protected":false},"author":2,"featured_media":27475,"template":"","meta":{"_acf_changed":false,"_tribe_events_status":"","_tribe_events_status_reason":"","_tribe_events_is_hybrid":"","_tribe_events_is_virtual":"","_tribe_events_virtual_video_source":"","_tribe_events_virtual_embed_video":"","_tribe_events_virtual_linked_button_text":"","_tribe_events_virtual_linked_button":"","_tribe_events_virtual_show_embed_at":"","_tribe_events_virtual_show_embed_to":[],"_tribe_events_virtual_show_on_event":"","_tribe_events_virtual_show_on_views":"","_tribe_events_virtual_url":"","footnotes":""},"tags":[],"tribe_events_cat":[24,29,15],"class_list":["post-27570","tribe_events","type-tribe_events","status-publish","has-post-thumbnail","hentry","tribe_events_cat-indie","tribe_events_cat-pop","tribe_events_cat-rock","cat_indie","cat_pop","cat_rock"],"acf":[],"yoast_head":"<!-- This site is optimized with the Yoast SEO plugin v26.6 - https:\/\/yoast.com\/wordpress\/plugins\/seo\/ -->\n<title>Natalia Lacunza, Carmen 113, Los Invaders y Pol 3.14 abren Sonorama, en Venice Bay - Sant Josep \u00e9s m\u00fasica<\/title>\n<meta name=\"robots\" content=\"index, follow, max-snippet:-1, max-image-preview:large, max-video-preview:-1\" \/>\n<link rel=\"canonical\" href=\"https:\/\/musica.santjosep.org\/es\/concierto\/natalia-lacunza-carmen-113-los-invaders-y-pol-3-14-abren-sonorama-en-venice-bay\/\" \/>\n<meta property=\"og:locale\" content=\"es_ES\" \/>\n<meta property=\"og:type\" content=\"article\" \/>\n<meta property=\"og:title\" content=\"Natalia Lacunza, Carmen 113, Los Invaders y Pol 3.14 abren Sonorama, en Venice Bay - Sant Josep \u00e9s m\u00fasica\" \/>\n<meta property=\"og:description\" content=\"El recinto Venice Bay, de Concept Hotel Group, y la zona exterior del Auditorio Cal\u00f3 de s\u2019Oli acogen los d\u00edas 5, 6 y 7 de octubre la tercera edici\u00f3n del Festival Sonorama Ribera Goes to Ibiza, que contar\u00e1 con la [&hellip;]\" \/>\n<meta property=\"og:url\" content=\"https:\/\/musica.santjosep.org\/es\/concierto\/natalia-lacunza-carmen-113-los-invaders-y-pol-3-14-abren-sonorama-en-venice-bay\/\" \/>\n<meta property=\"og:site_name\" content=\"Sant Josep \u00e9s m\u00fasica\" \/>\n<meta property=\"article:publisher\" content=\"https:\/\/www.facebook.com\/Sant-Josep-s-Msica-105337042007790\" \/>\n<meta property=\"article:modified_time\" content=\"2023-09-14T18:56:20+00:00\" \/>\n<meta property=\"og:image\" content=\"https:\/\/musica.santjosep.org\/wp-content\/uploads\/2023\/09\/natalia-lacunza-3-rec.jpg\" \/>\n\t<meta property=\"og:image:width\" content=\"1400\" \/>\n\t<meta property=\"og:image:height\" content=\"933\" \/>\n\t<meta property=\"og:image:type\" content=\"image\/jpeg\" \/>\n<meta name=\"twitter:card\" content=\"summary_large_image\" \/>\n<meta name=\"twitter:site\" content=\"@MusicaSantJosep\" \/>\n<meta name=\"twitter:label1\" content=\"Tiempo de lectura\" \/>\n\t<meta name=\"twitter:data1\" content=\"6 minutos\" \/>\n<script type=\"application\/ld+json\" class=\"yoast-schema-graph\">{\"@context\":\"https:\/\/schema.org\",\"@graph\":[{\"@type\":\"WebPage\",\"@id\":\"https:\/\/musica.santjosep.org\/es\/concierto\/natalia-lacunza-carmen-113-los-invaders-y-pol-3-14-abren-sonorama-en-venice-bay\/\",\"url\":\"https:\/\/musica.santjosep.org\/es\/concierto\/natalia-lacunza-carmen-113-los-invaders-y-pol-3-14-abren-sonorama-en-venice-bay\/\",\"name\":\"Natalia Lacunza, Carmen 113, Los Invaders y Pol 3.14 abren Sonorama, en Venice Bay - Sant Josep \u00e9s m\u00fasica\",\"isPartOf\":{\"@id\":\"https:\/\/musica.santjosep.org\/es\/#website\"},\"primaryImageOfPage\":{\"@id\":\"https:\/\/musica.santjosep.org\/es\/concierto\/natalia-lacunza-carmen-113-los-invaders-y-pol-3-14-abren-sonorama-en-venice-bay\/#primaryimage\"},\"image\":{\"@id\":\"https:\/\/musica.santjosep.org\/es\/concierto\/natalia-lacunza-carmen-113-los-invaders-y-pol-3-14-abren-sonorama-en-venice-bay\/#primaryimage\"},\"thumbnailUrl\":\"https:\/\/musica.santjosep.org\/wp-content\/uploads\/2023\/09\/natalia-lacunza-3-rec.jpg\",\"datePublished\":\"2023-09-14T17:32:49+00:00\",\"dateModified\":\"2023-09-14T18:56:20+00:00\",\"breadcrumb\":{\"@id\":\"https:\/\/musica.santjosep.org\/es\/concierto\/natalia-lacunza-carmen-113-los-invaders-y-pol-3-14-abren-sonorama-en-venice-bay\/#breadcrumb\"},\"inLanguage\":\"es\",\"potentialAction\":[{\"@type\":\"ReadAction\",\"target\":[\"https:\/\/musica.santjosep.org\/es\/concierto\/natalia-lacunza-carmen-113-los-invaders-y-pol-3-14-abren-sonorama-en-venice-bay\/\"]}]},{\"@type\":\"ImageObject\",\"inLanguage\":\"es\",\"@id\":\"https:\/\/musica.santjosep.org\/es\/concierto\/natalia-lacunza-carmen-113-los-invaders-y-pol-3-14-abren-sonorama-en-venice-bay\/#primaryimage\",\"url\":\"https:\/\/musica.santjosep.org\/wp-content\/uploads\/2023\/09\/natalia-lacunza-3-rec.jpg\",\"contentUrl\":\"https:\/\/musica.santjosep.org\/wp-content\/uploads\/2023\/09\/natalia-lacunza-3-rec.jpg\",\"width\":1400,\"height\":933,\"caption\":\"Natalia Lacunza\"},{\"@type\":\"BreadcrumbList\",\"@id\":\"https:\/\/musica.santjosep.org\/es\/concierto\/natalia-lacunza-carmen-113-los-invaders-y-pol-3-14-abren-sonorama-en-venice-bay\/#breadcrumb\",\"itemListElement\":[{\"@type\":\"ListItem\",\"position\":1,\"name\":\"Portada\",\"item\":\"https:\/\/musica.santjosep.org\/es\/\"},{\"@type\":\"ListItem\",\"position\":2,\"name\":\"Eventos\",\"item\":\"https:\/\/musica.santjosep.org\/es\/concerts\/\"},{\"@type\":\"ListItem\",\"position\":3,\"name\":\"Natalia Lacunza, Carmen 113, Los Invaders y Pol 3.14 abren Sonorama, en Venice Bay\"}]},{\"@type\":\"WebSite\",\"@id\":\"https:\/\/musica.santjosep.org\/es\/#website\",\"url\":\"https:\/\/musica.santjosep.org\/es\/\",\"name\":\"Sant Josep \u00e9s m\u00fasica\",\"description\":\"Informaci\u00f3n actualizada de todos los conciertos, grupos y artistas que act\u00faen tanto en fiestas y festivales, como en establecimientos privados en el municipio de Sant Josep de sa Talaia\",\"publisher\":{\"@id\":\"https:\/\/musica.santjosep.org\/es\/#organization\"},\"potentialAction\":[{\"@type\":\"SearchAction\",\"target\":{\"@type\":\"EntryPoint\",\"urlTemplate\":\"https:\/\/musica.santjosep.org\/es\/?s={search_term_string}\"},\"query-input\":{\"@type\":\"PropertyValueSpecification\",\"valueRequired\":true,\"valueName\":\"search_term_string\"}}],\"inLanguage\":\"es\"},{\"@type\":\"Organization\",\"@id\":\"https:\/\/musica.santjosep.org\/es\/#organization\",\"name\":\"Sant Josep \u00e9s m\u00fasica\",\"url\":\"https:\/\/musica.santjosep.org\/es\/\",\"logo\":{\"@type\":\"ImageObject\",\"inLanguage\":\"es\",\"@id\":\"https:\/\/musica.santjosep.org\/es\/#\/schema\/logo\/image\/\",\"url\":\"https:\/\/musica.santjosep.org\/wp-content\/uploads\/2022\/01\/logo-SJEM.png\",\"contentUrl\":\"https:\/\/musica.santjosep.org\/wp-content\/uploads\/2022\/01\/logo-SJEM.png\",\"width\":213,\"height\":103,\"caption\":\"Sant Josep \u00e9s m\u00fasica\"},\"image\":{\"@id\":\"https:\/\/musica.santjosep.org\/es\/#\/schema\/logo\/image\/\"},\"sameAs\":[\"https:\/\/www.facebook.com\/Sant-Josep-s-Msica-105337042007790\",\"https:\/\/x.com\/MusicaSantJosep\",\"https:\/\/www.instagram.com\/musicasantjosep\/\",\"https:\/\/www.youtube.com\/channel\/UCBSLSUpqfrfsiOMVslmZEJA\"]}]}<\/script>\n<!-- \/ Yoast SEO plugin. -->","yoast_head_json":{"title":"Natalia Lacunza, Carmen 113, Los Invaders y Pol 3.14 abren Sonorama, en Venice Bay - Sant Josep \u00e9s m\u00fasica","robots":{"index":"index","follow":"follow","max-snippet":"max-snippet:-1","max-image-preview":"max-image-preview:large","max-video-preview":"max-video-preview:-1"},"canonical":"https:\/\/musica.santjosep.org\/es\/concierto\/natalia-lacunza-carmen-113-los-invaders-y-pol-3-14-abren-sonorama-en-venice-bay\/","og_locale":"es_ES","og_type":"article","og_title":"Natalia Lacunza, Carmen 113, Los Invaders y Pol 3.14 abren Sonorama, en Venice Bay - Sant Josep \u00e9s m\u00fasica","og_description":"El recinto Venice Bay, de Concept Hotel Group, y la zona exterior del Auditorio Cal\u00f3 de s\u2019Oli acogen los d\u00edas 5, 6 y 7 de octubre la tercera edici\u00f3n del Festival Sonorama Ribera Goes to Ibiza, que contar\u00e1 con la [&hellip;]","og_url":"https:\/\/musica.santjosep.org\/es\/concierto\/natalia-lacunza-carmen-113-los-invaders-y-pol-3-14-abren-sonorama-en-venice-bay\/","og_site_name":"Sant Josep \u00e9s m\u00fasica","article_publisher":"https:\/\/www.facebook.com\/Sant-Josep-s-Msica-105337042007790","article_modified_time":"2023-09-14T18:56:20+00:00","og_image":[{"width":1400,"height":933,"url":"https:\/\/musica.santjosep.org\/wp-content\/uploads\/2023\/09\/natalia-lacunza-3-rec.jpg","type":"image\/jpeg"}],"twitter_card":"summary_large_image","twitter_site":"@MusicaSantJosep","twitter_misc":{"Tiempo de lectura":"6 minutos"},"schema":{"@context":"https:\/\/schema.org","@graph":[{"@type":"WebPage","@id":"https:\/\/musica.santjosep.org\/es\/concierto\/natalia-lacunza-carmen-113-los-invaders-y-pol-3-14-abren-sonorama-en-venice-bay\/","url":"https:\/\/musica.santjosep.org\/es\/concierto\/natalia-lacunza-carmen-113-los-invaders-y-pol-3-14-abren-sonorama-en-venice-bay\/","name":"Natalia Lacunza, Carmen 113, Los Invaders y Pol 3.14 abren Sonorama, en Venice Bay - Sant Josep \u00e9s m\u00fasica","isPartOf":{"@id":"https:\/\/musica.santjosep.org\/es\/#website"},"primaryImageOfPage":{"@id":"https:\/\/musica.santjosep.org\/es\/concierto\/natalia-lacunza-carmen-113-los-invaders-y-pol-3-14-abren-sonorama-en-venice-bay\/#primaryimage"},"image":{"@id":"https:\/\/musica.santjosep.org\/es\/concierto\/natalia-lacunza-carmen-113-los-invaders-y-pol-3-14-abren-sonorama-en-venice-bay\/#primaryimage"},"thumbnailUrl":"https:\/\/musica.santjosep.org\/wp-content\/uploads\/2023\/09\/natalia-lacunza-3-rec.jpg","datePublished":"2023-09-14T17:32:49+00:00","dateModified":"2023-09-14T18:56:20+00:00","breadcrumb":{"@id":"https:\/\/musica.santjosep.org\/es\/concierto\/natalia-lacunza-carmen-113-los-invaders-y-pol-3-14-abren-sonorama-en-venice-bay\/#breadcrumb"},"inLanguage":"es","potentialAction":[{"@type":"ReadAction","target":["https:\/\/musica.santjosep.org\/es\/concierto\/natalia-lacunza-carmen-113-los-invaders-y-pol-3-14-abren-sonorama-en-venice-bay\/"]}]},{"@type":"ImageObject","inLanguage":"es","@id":"https:\/\/musica.santjosep.org\/es\/concierto\/natalia-lacunza-carmen-113-los-invaders-y-pol-3-14-abren-sonorama-en-venice-bay\/#primaryimage","url":"https:\/\/musica.santjosep.org\/wp-content\/uploads\/2023\/09\/natalia-lacunza-3-rec.jpg","contentUrl":"https:\/\/musica.santjosep.org\/wp-content\/uploads\/2023\/09\/natalia-lacunza-3-rec.jpg","width":1400,"height":933,"caption":"Natalia Lacunza"},{"@type":"BreadcrumbList","@id":"https:\/\/musica.santjosep.org\/es\/concierto\/natalia-lacunza-carmen-113-los-invaders-y-pol-3-14-abren-sonorama-en-venice-bay\/#breadcrumb","itemListElement":[{"@type":"ListItem","position":1,"name":"Portada","item":"https:\/\/musica.santjosep.org\/es\/"},{"@type":"ListItem","position":2,"name":"Eventos","item":"https:\/\/musica.santjosep.org\/es\/concerts\/"},{"@type":"ListItem","position":3,"name":"Natalia Lacunza, Carmen 113, Los Invaders y Pol 3.14 abren Sonorama, en Venice Bay"}]},{"@type":"WebSite","@id":"https:\/\/musica.santjosep.org\/es\/#website","url":"https:\/\/musica.santjosep.org\/es\/","name":"Sant Josep \u00e9s m\u00fasica","description":"Informaci\u00f3n actualizada de todos los conciertos, grupos y artistas que act\u00faen tanto en fiestas y festivales, como en establecimientos privados en el municipio de Sant Josep de sa Talaia","publisher":{"@id":"https:\/\/musica.santjosep.org\/es\/#organization"},"potentialAction":[{"@type":"SearchAction","target":{"@type":"EntryPoint","urlTemplate":"https:\/\/musica.santjosep.org\/es\/?s={search_term_string}"},"query-input":{"@type":"PropertyValueSpecification","valueRequired":true,"valueName":"search_term_string"}}],"inLanguage":"es"},{"@type":"Organization","@id":"https:\/\/musica.santjosep.org\/es\/#organization","name":"Sant Josep \u00e9s m\u00fasica","url":"https:\/\/musica.santjosep.org\/es\/","logo":{"@type":"ImageObject","inLanguage":"es","@id":"https:\/\/musica.santjosep.org\/es\/#\/schema\/logo\/image\/","url":"https:\/\/musica.santjosep.org\/wp-content\/uploads\/2022\/01\/logo-SJEM.png","contentUrl":"https:\/\/musica.santjosep.org\/wp-content\/uploads\/2022\/01\/logo-SJEM.png","width":213,"height":103,"caption":"Sant Josep \u00e9s m\u00fasica"},"image":{"@id":"https:\/\/musica.santjosep.org\/es\/#\/schema\/logo\/image\/"},"sameAs":["https:\/\/www.facebook.com\/Sant-Josep-s-Msica-105337042007790","https:\/\/x.com\/MusicaSantJosep","https:\/\/www.instagram.com\/musicasantjosep\/","https:\/\/www.youtube.com\/channel\/UCBSLSUpqfrfsiOMVslmZEJA"]}]}},"_links":{"self":[{"href":"https:\/\/musica.santjosep.org\/es\/wp-json\/wp\/v2\/tribe_events\/27570","targetHints":{"allow":["GET"]}}],"collection":[{"href":"https:\/\/musica.santjosep.org\/es\/wp-json\/wp\/v2\/tribe_events"}],"about":[{"href":"https:\/\/musica.santjosep.org\/es\/wp-json\/wp\/v2\/types\/tribe_events"}],"author":[{"embeddable":true,"href":"https:\/\/musica.santjosep.org\/es\/wp-json\/wp\/v2\/users\/2"}],"version-history":[{"count":0,"href":"https:\/\/musica.santjosep.org\/es\/wp-json\/wp\/v2\/tribe_events\/27570\/revisions"}],"wp:featuredmedia":[{"embeddable":true,"href":"https:\/\/musica.santjosep.org\/es\/wp-json\/wp\/v2\/media\/27475"}],"wp:attachment":[{"href":"https:\/\/musica.santjosep.org\/es\/wp-json\/wp\/v2\/media?parent=27570"}],"wp:term":[{"taxonomy":"post_tag","embeddable":true,"href":"https:\/\/musica.santjosep.org\/es\/wp-json\/wp\/v2\/tags?post=27570"},{"taxonomy":"tribe_events_cat","embeddable":true,"href":"https:\/\/musica.santjosep.org\/es\/wp-json\/wp\/v2\/tribe_events_cat?post=27570"}],"curies":[{"name":"wp","href":"https:\/\/api.w.org\/{rel}","templated":true}]}}