{"id":26806,"date":"2023-08-29T18:38:04","date_gmt":"2023-08-29T16:38:04","guid":{"rendered":"https:\/\/musica.santjosep.org\/?post_type=tribe_events&#038;p=26806"},"modified":"2023-08-29T18:42:30","modified_gmt":"2023-08-29T16:42:30","slug":"the-new-young-polaks-celebra-su-segundo-aniversario-en-can-jordi","status":"publish","type":"tribe_events","link":"https:\/\/musica.santjosep.org\/es\/concierto\/the-new-young-polaks-celebra-su-segundo-aniversario-en-can-jordi\/","title":{"rendered":"The New Young Polaks celebra su segundo aniversario en Can Jordi"},"content":{"rendered":"<p>Se cumplen dos a\u00f1os de la primera actuaci\u00f3n de The New Young Polaks, la banda m\u00e1s joven de la isla, y para celebrarlo regresan al lugar que los vio nacer: Can Jordi Blues Station. A lo largo de este tiempo han ocurrido muchas cosas: se han consolidado como grupo, han mejorado su t\u00e9cnica, han creado sus propias canciones y, sobre todo, han ganado un mont\u00f3n de tablas. Adem\u00e1s, est\u00e1n ultimando su primer \u00e1lbum, en el estudio de Can Savina. Ellos son Marc Serra (guitarra), Toni L\u00f3pez (bater\u00eda), A\u0301ngel Lo\u0301pez (voz) y Rau\u0301l Torres (bajo) y algunos de ellos todav\u00eda siguen siendo menores de edad. Sorprende muy positivamente encontrar a gente tan joven que busca inspiraci\u00f3n en bandas m\u00edticas de rock de los sesenta y setenta, como Led Zeppelin, The Rolling Stones, The Who\u2026 Como siempre, el cartel es obra de Joan Serra, hermano del guitarrista del grupo, y est\u00e1 inspirado en <em>Disraeli Gears<\/em>, el segundo \u00e1lbum de Cream.<\/p>\n","protected":false},"excerpt":{"rendered":"<p>Se cumplen dos a\u00f1os de la primera actuaci\u00f3n de The New Young Polaks, la banda m\u00e1s joven de la isla, y para celebrarlo regresan al lugar que los vio nacer: Can Jordi Blues Station. A lo largo de este tiempo [&hellip;]<\/p>\n","protected":false},"author":2,"featured_media":26773,"template":"","meta":{"_acf_changed":false,"_tribe_events_status":"","_tribe_events_status_reason":"","_tribe_events_is_hybrid":"","_tribe_events_is_virtual":"","_tribe_events_virtual_video_source":"","_tribe_events_virtual_embed_video":"","_tribe_events_virtual_linked_button_text":"","_tribe_events_virtual_linked_button":"","_tribe_events_virtual_show_embed_at":"","_tribe_events_virtual_show_embed_to":[],"_tribe_events_virtual_show_on_event":"","_tribe_events_virtual_show_on_views":"","_tribe_events_virtual_url":"","footnotes":""},"tags":[],"tribe_events_cat":[16,15],"class_list":["post-26806","tribe_events","type-tribe_events","status-publish","has-post-thumbnail","hentry","tribe_events_cat-blues","tribe_events_cat-rock","cat_blues","cat_rock"],"acf":[],"yoast_head":"<!-- This site is optimized with the Yoast SEO plugin v26.6 - https:\/\/yoast.com\/wordpress\/plugins\/seo\/ -->\n<title>The New Young Polaks celebra su segundo aniversario en Can Jordi - Sant Josep \u00e9s m\u00fasica<\/title>\n<meta name=\"robots\" content=\"index, follow, max-snippet:-1, max-image-preview:large, max-video-preview:-1\" \/>\n<link rel=\"canonical\" href=\"https:\/\/musica.santjosep.org\/es\/concierto\/the-new-young-polaks-celebra-su-segundo-aniversario-en-can-jordi\/\" \/>\n<meta property=\"og:locale\" content=\"es_ES\" \/>\n<meta property=\"og:type\" content=\"article\" \/>\n<meta property=\"og:title\" content=\"The New Young Polaks celebra su segundo aniversario en Can Jordi - Sant Josep \u00e9s m\u00fasica\" \/>\n<meta property=\"og:description\" content=\"Se cumplen dos a\u00f1os de la primera actuaci\u00f3n de The New Young Polaks, la banda m\u00e1s joven de la isla, y para celebrarlo regresan al lugar que los vio nacer: Can Jordi Blues Station. A lo largo de este tiempo [&hellip;]\" \/>\n<meta property=\"og:url\" content=\"https:\/\/musica.santjosep.org\/es\/concierto\/the-new-young-polaks-celebra-su-segundo-aniversario-en-can-jordi\/\" \/>\n<meta property=\"og:site_name\" content=\"Sant Josep \u00e9s m\u00fasica\" \/>\n<meta property=\"article:publisher\" content=\"https:\/\/www.facebook.com\/Sant-Josep-s-Msica-105337042007790\" \/>\n<meta property=\"article:modified_time\" content=\"2023-08-29T16:42:30+00:00\" \/>\n<meta property=\"og:image\" content=\"https:\/\/musica.santjosep.org\/wp-content\/uploads\/2022\/02\/polaks-scaled.jpeg\" \/>\n\t<meta property=\"og:image:width\" content=\"2560\" \/>\n\t<meta property=\"og:image:height\" content=\"1708\" \/>\n\t<meta property=\"og:image:type\" content=\"image\/jpeg\" \/>\n<meta name=\"twitter:card\" content=\"summary_large_image\" \/>\n<meta name=\"twitter:site\" content=\"@MusicaSantJosep\" \/>\n<meta name=\"twitter:label1\" content=\"Tiempo de lectura\" \/>\n\t<meta name=\"twitter:data1\" content=\"1 minuto\" \/>\n<script type=\"application\/ld+json\" class=\"yoast-schema-graph\">{\"@context\":\"https:\/\/schema.org\",\"@graph\":[{\"@type\":\"WebPage\",\"@id\":\"https:\/\/musica.santjosep.org\/es\/concierto\/the-new-young-polaks-celebra-su-segundo-aniversario-en-can-jordi\/\",\"url\":\"https:\/\/musica.santjosep.org\/es\/concierto\/the-new-young-polaks-celebra-su-segundo-aniversario-en-can-jordi\/\",\"name\":\"The New Young Polaks celebra su segundo aniversario en Can Jordi - Sant Josep \u00e9s m\u00fasica\",\"isPartOf\":{\"@id\":\"https:\/\/musica.santjosep.org\/es\/#website\"},\"primaryImageOfPage\":{\"@id\":\"https:\/\/musica.santjosep.org\/es\/concierto\/the-new-young-polaks-celebra-su-segundo-aniversario-en-can-jordi\/#primaryimage\"},\"image\":{\"@id\":\"https:\/\/musica.santjosep.org\/es\/concierto\/the-new-young-polaks-celebra-su-segundo-aniversario-en-can-jordi\/#primaryimage\"},\"thumbnailUrl\":\"https:\/\/musica.santjosep.org\/wp-content\/uploads\/2022\/02\/polaks-scaled.jpeg\",\"datePublished\":\"2023-08-29T16:38:04+00:00\",\"dateModified\":\"2023-08-29T16:42:30+00:00\",\"breadcrumb\":{\"@id\":\"https:\/\/musica.santjosep.org\/es\/concierto\/the-new-young-polaks-celebra-su-segundo-aniversario-en-can-jordi\/#breadcrumb\"},\"inLanguage\":\"es\",\"potentialAction\":[{\"@type\":\"ReadAction\",\"target\":[\"https:\/\/musica.santjosep.org\/es\/concierto\/the-new-young-polaks-celebra-su-segundo-aniversario-en-can-jordi\/\"]}]},{\"@type\":\"ImageObject\",\"inLanguage\":\"es\",\"@id\":\"https:\/\/musica.santjosep.org\/es\/concierto\/the-new-young-polaks-celebra-su-segundo-aniversario-en-can-jordi\/#primaryimage\",\"url\":\"https:\/\/musica.santjosep.org\/wp-content\/uploads\/2022\/02\/polaks-scaled.jpeg\",\"contentUrl\":\"https:\/\/musica.santjosep.org\/wp-content\/uploads\/2022\/02\/polaks-scaled.jpeg\",\"width\":2560,\"height\":1708,\"caption\":\"Joan F. Ribas\"},{\"@type\":\"BreadcrumbList\",\"@id\":\"https:\/\/musica.santjosep.org\/es\/concierto\/the-new-young-polaks-celebra-su-segundo-aniversario-en-can-jordi\/#breadcrumb\",\"itemListElement\":[{\"@type\":\"ListItem\",\"position\":1,\"name\":\"Portada\",\"item\":\"https:\/\/musica.santjosep.org\/es\/\"},{\"@type\":\"ListItem\",\"position\":2,\"name\":\"Eventos\",\"item\":\"https:\/\/musica.santjosep.org\/es\/concerts\/\"},{\"@type\":\"ListItem\",\"position\":3,\"name\":\"The New Young Polaks celebra su segundo aniversario en Can Jordi\"}]},{\"@type\":\"WebSite\",\"@id\":\"https:\/\/musica.santjosep.org\/es\/#website\",\"url\":\"https:\/\/musica.santjosep.org\/es\/\",\"name\":\"Sant Josep \u00e9s m\u00fasica\",\"description\":\"Informaci\u00f3n actualizada de todos los conciertos, grupos y artistas que act\u00faen tanto en fiestas y festivales, como en establecimientos privados en el municipio de Sant Josep de sa Talaia\",\"publisher\":{\"@id\":\"https:\/\/musica.santjosep.org\/es\/#organization\"},\"potentialAction\":[{\"@type\":\"SearchAction\",\"target\":{\"@type\":\"EntryPoint\",\"urlTemplate\":\"https:\/\/musica.santjosep.org\/es\/?s={search_term_string}\"},\"query-input\":{\"@type\":\"PropertyValueSpecification\",\"valueRequired\":true,\"valueName\":\"search_term_string\"}}],\"inLanguage\":\"es\"},{\"@type\":\"Organization\",\"@id\":\"https:\/\/musica.santjosep.org\/es\/#organization\",\"name\":\"Sant Josep \u00e9s m\u00fasica\",\"url\":\"https:\/\/musica.santjosep.org\/es\/\",\"logo\":{\"@type\":\"ImageObject\",\"inLanguage\":\"es\",\"@id\":\"https:\/\/musica.santjosep.org\/es\/#\/schema\/logo\/image\/\",\"url\":\"https:\/\/musica.santjosep.org\/wp-content\/uploads\/2022\/01\/logo-SJEM.png\",\"contentUrl\":\"https:\/\/musica.santjosep.org\/wp-content\/uploads\/2022\/01\/logo-SJEM.png\",\"width\":213,\"height\":103,\"caption\":\"Sant Josep \u00e9s m\u00fasica\"},\"image\":{\"@id\":\"https:\/\/musica.santjosep.org\/es\/#\/schema\/logo\/image\/\"},\"sameAs\":[\"https:\/\/www.facebook.com\/Sant-Josep-s-Msica-105337042007790\",\"https:\/\/x.com\/MusicaSantJosep\",\"https:\/\/www.instagram.com\/musicasantjosep\/\",\"https:\/\/www.youtube.com\/channel\/UCBSLSUpqfrfsiOMVslmZEJA\"]}]}<\/script>\n<!-- \/ Yoast SEO plugin. -->","yoast_head_json":{"title":"The New Young Polaks celebra su segundo aniversario en Can Jordi - Sant Josep \u00e9s m\u00fasica","robots":{"index":"index","follow":"follow","max-snippet":"max-snippet:-1","max-image-preview":"max-image-preview:large","max-video-preview":"max-video-preview:-1"},"canonical":"https:\/\/musica.santjosep.org\/es\/concierto\/the-new-young-polaks-celebra-su-segundo-aniversario-en-can-jordi\/","og_locale":"es_ES","og_type":"article","og_title":"The New Young Polaks celebra su segundo aniversario en Can Jordi - Sant Josep \u00e9s m\u00fasica","og_description":"Se cumplen dos a\u00f1os de la primera actuaci\u00f3n de The New Young Polaks, la banda m\u00e1s joven de la isla, y para celebrarlo regresan al lugar que los vio nacer: Can Jordi Blues Station. A lo largo de este tiempo [&hellip;]","og_url":"https:\/\/musica.santjosep.org\/es\/concierto\/the-new-young-polaks-celebra-su-segundo-aniversario-en-can-jordi\/","og_site_name":"Sant Josep \u00e9s m\u00fasica","article_publisher":"https:\/\/www.facebook.com\/Sant-Josep-s-Msica-105337042007790","article_modified_time":"2023-08-29T16:42:30+00:00","og_image":[{"width":2560,"height":1708,"url":"https:\/\/musica.santjosep.org\/wp-content\/uploads\/2022\/02\/polaks-scaled.jpeg","type":"image\/jpeg"}],"twitter_card":"summary_large_image","twitter_site":"@MusicaSantJosep","twitter_misc":{"Tiempo de lectura":"1 minuto"},"schema":{"@context":"https:\/\/schema.org","@graph":[{"@type":"WebPage","@id":"https:\/\/musica.santjosep.org\/es\/concierto\/the-new-young-polaks-celebra-su-segundo-aniversario-en-can-jordi\/","url":"https:\/\/musica.santjosep.org\/es\/concierto\/the-new-young-polaks-celebra-su-segundo-aniversario-en-can-jordi\/","name":"The New Young Polaks celebra su segundo aniversario en Can Jordi - Sant Josep \u00e9s m\u00fasica","isPartOf":{"@id":"https:\/\/musica.santjosep.org\/es\/#website"},"primaryImageOfPage":{"@id":"https:\/\/musica.santjosep.org\/es\/concierto\/the-new-young-polaks-celebra-su-segundo-aniversario-en-can-jordi\/#primaryimage"},"image":{"@id":"https:\/\/musica.santjosep.org\/es\/concierto\/the-new-young-polaks-celebra-su-segundo-aniversario-en-can-jordi\/#primaryimage"},"thumbnailUrl":"https:\/\/musica.santjosep.org\/wp-content\/uploads\/2022\/02\/polaks-scaled.jpeg","datePublished":"2023-08-29T16:38:04+00:00","dateModified":"2023-08-29T16:42:30+00:00","breadcrumb":{"@id":"https:\/\/musica.santjosep.org\/es\/concierto\/the-new-young-polaks-celebra-su-segundo-aniversario-en-can-jordi\/#breadcrumb"},"inLanguage":"es","potentialAction":[{"@type":"ReadAction","target":["https:\/\/musica.santjosep.org\/es\/concierto\/the-new-young-polaks-celebra-su-segundo-aniversario-en-can-jordi\/"]}]},{"@type":"ImageObject","inLanguage":"es","@id":"https:\/\/musica.santjosep.org\/es\/concierto\/the-new-young-polaks-celebra-su-segundo-aniversario-en-can-jordi\/#primaryimage","url":"https:\/\/musica.santjosep.org\/wp-content\/uploads\/2022\/02\/polaks-scaled.jpeg","contentUrl":"https:\/\/musica.santjosep.org\/wp-content\/uploads\/2022\/02\/polaks-scaled.jpeg","width":2560,"height":1708,"caption":"Joan F. Ribas"},{"@type":"BreadcrumbList","@id":"https:\/\/musica.santjosep.org\/es\/concierto\/the-new-young-polaks-celebra-su-segundo-aniversario-en-can-jordi\/#breadcrumb","itemListElement":[{"@type":"ListItem","position":1,"name":"Portada","item":"https:\/\/musica.santjosep.org\/es\/"},{"@type":"ListItem","position":2,"name":"Eventos","item":"https:\/\/musica.santjosep.org\/es\/concerts\/"},{"@type":"ListItem","position":3,"name":"The New Young Polaks celebra su segundo aniversario en Can Jordi"}]},{"@type":"WebSite","@id":"https:\/\/musica.santjosep.org\/es\/#website","url":"https:\/\/musica.santjosep.org\/es\/","name":"Sant Josep \u00e9s m\u00fasica","description":"Informaci\u00f3n actualizada de todos los conciertos, grupos y artistas que act\u00faen tanto en fiestas y festivales, como en establecimientos privados en el municipio de Sant Josep de sa Talaia","publisher":{"@id":"https:\/\/musica.santjosep.org\/es\/#organization"},"potentialAction":[{"@type":"SearchAction","target":{"@type":"EntryPoint","urlTemplate":"https:\/\/musica.santjosep.org\/es\/?s={search_term_string}"},"query-input":{"@type":"PropertyValueSpecification","valueRequired":true,"valueName":"search_term_string"}}],"inLanguage":"es"},{"@type":"Organization","@id":"https:\/\/musica.santjosep.org\/es\/#organization","name":"Sant Josep \u00e9s m\u00fasica","url":"https:\/\/musica.santjosep.org\/es\/","logo":{"@type":"ImageObject","inLanguage":"es","@id":"https:\/\/musica.santjosep.org\/es\/#\/schema\/logo\/image\/","url":"https:\/\/musica.santjosep.org\/wp-content\/uploads\/2022\/01\/logo-SJEM.png","contentUrl":"https:\/\/musica.santjosep.org\/wp-content\/uploads\/2022\/01\/logo-SJEM.png","width":213,"height":103,"caption":"Sant Josep \u00e9s m\u00fasica"},"image":{"@id":"https:\/\/musica.santjosep.org\/es\/#\/schema\/logo\/image\/"},"sameAs":["https:\/\/www.facebook.com\/Sant-Josep-s-Msica-105337042007790","https:\/\/x.com\/MusicaSantJosep","https:\/\/www.instagram.com\/musicasantjosep\/","https:\/\/www.youtube.com\/channel\/UCBSLSUpqfrfsiOMVslmZEJA"]}]}},"_links":{"self":[{"href":"https:\/\/musica.santjosep.org\/es\/wp-json\/wp\/v2\/tribe_events\/26806","targetHints":{"allow":["GET"]}}],"collection":[{"href":"https:\/\/musica.santjosep.org\/es\/wp-json\/wp\/v2\/tribe_events"}],"about":[{"href":"https:\/\/musica.santjosep.org\/es\/wp-json\/wp\/v2\/types\/tribe_events"}],"author":[{"embeddable":true,"href":"https:\/\/musica.santjosep.org\/es\/wp-json\/wp\/v2\/users\/2"}],"version-history":[{"count":0,"href":"https:\/\/musica.santjosep.org\/es\/wp-json\/wp\/v2\/tribe_events\/26806\/revisions"}],"wp:featuredmedia":[{"embeddable":true,"href":"https:\/\/musica.santjosep.org\/es\/wp-json\/wp\/v2\/media\/26773"}],"wp:attachment":[{"href":"https:\/\/musica.santjosep.org\/es\/wp-json\/wp\/v2\/media?parent=26806"}],"wp:term":[{"taxonomy":"post_tag","embeddable":true,"href":"https:\/\/musica.santjosep.org\/es\/wp-json\/wp\/v2\/tags?post=26806"},{"taxonomy":"tribe_events_cat","embeddable":true,"href":"https:\/\/musica.santjosep.org\/es\/wp-json\/wp\/v2\/tribe_events_cat?post=26806"}],"curies":[{"name":"wp","href":"https:\/\/api.w.org\/{rel}","templated":true}]}}