{"id":24704,"date":"2023-07-11T13:18:32","date_gmt":"2023-07-11T11:18:32","guid":{"rendered":"https:\/\/musica.santjosep.org\/?post_type=tribe_events&#038;p=24704"},"modified":"2023-07-11T13:18:32","modified_gmt":"2023-07-11T11:18:32","slug":"el-flamenco-chill-de-paco-fernandez-y-su-banda-vuelve-a-coyote","status":"publish","type":"tribe_events","link":"https:\/\/musica.santjosep.org\/es\/concierto\/el-flamenco-chill-de-paco-fernandez-y-su-banda-vuelve-a-coyote\/","title":{"rendered":"El flamenco chill de Paco Fern\u00e1ndez y su banda vuelve a Coyote"},"content":{"rendered":"<p>Nueva actuaci\u00f3n en la terraza de Coyote, en el centro de Sant Josep, con el maestro Paco Fern\u00e1ndez, que ya abri\u00f3 la temporada de conciertos en este establecimiento, el pasado mes de mayo. Fern\u00e1ndez es, probablemente, el guitarrista m\u00e1s internacional de Ibiza, creador del flamenco chill. Ofrecer\u00e1 un concierto en formato tr\u00edo, acompa\u00f1ado por Juanma Redondo a los teclados y Doctor Gwon a la electr\u00f3nica. Este conocido artista fusiona el flamenco con otros ritmos y m\u00fasica electr\u00f3nica, creando un espect\u00e1culo que siempre sorprende al p\u00fablico.<\/p>\n","protected":false},"excerpt":{"rendered":"<p>Nueva actuaci\u00f3n en la terraza de Coyote, en el centro de Sant Josep, con el maestro Paco Fern\u00e1ndez, que ya abri\u00f3 la temporada de conciertos en este establecimiento, el pasado mes de mayo. Fern\u00e1ndez es, probablemente, el guitarrista m\u00e1s internacional [&hellip;]<\/p>\n","protected":false},"author":2,"featured_media":24623,"template":"","meta":{"_acf_changed":false,"_tribe_events_status":"","_tribe_events_status_reason":"","_tribe_events_is_hybrid":"","_tribe_events_is_virtual":"","_tribe_events_virtual_video_source":"","_tribe_events_virtual_embed_video":"","_tribe_events_virtual_linked_button_text":"","_tribe_events_virtual_linked_button":"","_tribe_events_virtual_show_embed_at":"","_tribe_events_virtual_show_embed_to":[],"_tribe_events_virtual_show_on_event":"","_tribe_events_virtual_show_on_views":"","_tribe_events_virtual_url":"","footnotes":""},"tags":[],"tribe_events_cat":[67,54],"class_list":["post-24704","tribe_events","type-tribe_events","status-publish","has-post-thumbnail","hentry","tribe_events_cat-electronica","tribe_events_cat-flamenco","cat_electronica","cat_flamenco"],"acf":[],"yoast_head":"<!-- This site is optimized with the Yoast SEO plugin v26.6 - https:\/\/yoast.com\/wordpress\/plugins\/seo\/ -->\n<title>El flamenco chill de Paco Fern\u00e1ndez y su banda vuelve a Coyote - Sant Josep \u00e9s m\u00fasica<\/title>\n<meta name=\"robots\" content=\"index, follow, max-snippet:-1, max-image-preview:large, max-video-preview:-1\" \/>\n<link rel=\"canonical\" href=\"https:\/\/musica.santjosep.org\/es\/concierto\/el-flamenco-chill-de-paco-fernandez-y-su-banda-vuelve-a-coyote\/\" \/>\n<meta property=\"og:locale\" content=\"es_ES\" \/>\n<meta property=\"og:type\" content=\"article\" \/>\n<meta property=\"og:title\" content=\"El flamenco chill de Paco Fern\u00e1ndez y su banda vuelve a Coyote - Sant Josep \u00e9s m\u00fasica\" \/>\n<meta property=\"og:description\" content=\"Nueva actuaci\u00f3n en la terraza de Coyote, en el centro de Sant Josep, con el maestro Paco Fern\u00e1ndez, que ya abri\u00f3 la temporada de conciertos en este establecimiento, el pasado mes de mayo. Fern\u00e1ndez es, probablemente, el guitarrista m\u00e1s internacional [&hellip;]\" \/>\n<meta property=\"og:url\" content=\"https:\/\/musica.santjosep.org\/es\/concierto\/el-flamenco-chill-de-paco-fernandez-y-su-banda-vuelve-a-coyote\/\" \/>\n<meta property=\"og:site_name\" content=\"Sant Josep \u00e9s m\u00fasica\" \/>\n<meta property=\"article:publisher\" content=\"https:\/\/www.facebook.com\/Sant-Josep-s-Msica-105337042007790\" \/>\n<meta property=\"og:image\" content=\"https:\/\/musica.santjosep.org\/wp-content\/uploads\/2023\/07\/pacofernandez3rec.jpg\" \/>\n\t<meta property=\"og:image:width\" content=\"1400\" \/>\n\t<meta property=\"og:image:height\" content=\"933\" \/>\n\t<meta property=\"og:image:type\" content=\"image\/jpeg\" \/>\n<meta name=\"twitter:card\" content=\"summary_large_image\" \/>\n<meta name=\"twitter:site\" content=\"@MusicaSantJosep\" \/>\n<meta name=\"twitter:label1\" content=\"Tiempo de lectura\" \/>\n\t<meta name=\"twitter:data1\" content=\"1 minuto\" \/>\n<script type=\"application\/ld+json\" class=\"yoast-schema-graph\">{\"@context\":\"https:\/\/schema.org\",\"@graph\":[{\"@type\":\"WebPage\",\"@id\":\"https:\/\/musica.santjosep.org\/es\/concierto\/el-flamenco-chill-de-paco-fernandez-y-su-banda-vuelve-a-coyote\/\",\"url\":\"https:\/\/musica.santjosep.org\/es\/concierto\/el-flamenco-chill-de-paco-fernandez-y-su-banda-vuelve-a-coyote\/\",\"name\":\"El flamenco chill de Paco Fern\u00e1ndez y su banda vuelve a Coyote - Sant Josep \u00e9s m\u00fasica\",\"isPartOf\":{\"@id\":\"https:\/\/musica.santjosep.org\/es\/#website\"},\"primaryImageOfPage\":{\"@id\":\"https:\/\/musica.santjosep.org\/es\/concierto\/el-flamenco-chill-de-paco-fernandez-y-su-banda-vuelve-a-coyote\/#primaryimage\"},\"image\":{\"@id\":\"https:\/\/musica.santjosep.org\/es\/concierto\/el-flamenco-chill-de-paco-fernandez-y-su-banda-vuelve-a-coyote\/#primaryimage\"},\"thumbnailUrl\":\"https:\/\/musica.santjosep.org\/wp-content\/uploads\/2023\/07\/pacofernandez3rec.jpg\",\"datePublished\":\"2023-07-11T11:18:32+00:00\",\"breadcrumb\":{\"@id\":\"https:\/\/musica.santjosep.org\/es\/concierto\/el-flamenco-chill-de-paco-fernandez-y-su-banda-vuelve-a-coyote\/#breadcrumb\"},\"inLanguage\":\"es\",\"potentialAction\":[{\"@type\":\"ReadAction\",\"target\":[\"https:\/\/musica.santjosep.org\/es\/concierto\/el-flamenco-chill-de-paco-fernandez-y-su-banda-vuelve-a-coyote\/\"]}]},{\"@type\":\"ImageObject\",\"inLanguage\":\"es\",\"@id\":\"https:\/\/musica.santjosep.org\/es\/concierto\/el-flamenco-chill-de-paco-fernandez-y-su-banda-vuelve-a-coyote\/#primaryimage\",\"url\":\"https:\/\/musica.santjosep.org\/wp-content\/uploads\/2023\/07\/pacofernandez3rec.jpg\",\"contentUrl\":\"https:\/\/musica.santjosep.org\/wp-content\/uploads\/2023\/07\/pacofernandez3rec.jpg\",\"width\":1400,\"height\":933},{\"@type\":\"BreadcrumbList\",\"@id\":\"https:\/\/musica.santjosep.org\/es\/concierto\/el-flamenco-chill-de-paco-fernandez-y-su-banda-vuelve-a-coyote\/#breadcrumb\",\"itemListElement\":[{\"@type\":\"ListItem\",\"position\":1,\"name\":\"Portada\",\"item\":\"https:\/\/musica.santjosep.org\/es\/\"},{\"@type\":\"ListItem\",\"position\":2,\"name\":\"Eventos\",\"item\":\"https:\/\/musica.santjosep.org\/es\/concerts\/\"},{\"@type\":\"ListItem\",\"position\":3,\"name\":\"El flamenco chill de Paco Fern\u00e1ndez y su banda vuelve a Coyote\"}]},{\"@type\":\"WebSite\",\"@id\":\"https:\/\/musica.santjosep.org\/es\/#website\",\"url\":\"https:\/\/musica.santjosep.org\/es\/\",\"name\":\"Sant Josep \u00e9s m\u00fasica\",\"description\":\"Informaci\u00f3n actualizada de todos los conciertos, grupos y artistas que act\u00faen tanto en fiestas y festivales, como en establecimientos privados en el municipio de Sant Josep de sa Talaia\",\"publisher\":{\"@id\":\"https:\/\/musica.santjosep.org\/es\/#organization\"},\"potentialAction\":[{\"@type\":\"SearchAction\",\"target\":{\"@type\":\"EntryPoint\",\"urlTemplate\":\"https:\/\/musica.santjosep.org\/es\/?s={search_term_string}\"},\"query-input\":{\"@type\":\"PropertyValueSpecification\",\"valueRequired\":true,\"valueName\":\"search_term_string\"}}],\"inLanguage\":\"es\"},{\"@type\":\"Organization\",\"@id\":\"https:\/\/musica.santjosep.org\/es\/#organization\",\"name\":\"Sant Josep \u00e9s m\u00fasica\",\"url\":\"https:\/\/musica.santjosep.org\/es\/\",\"logo\":{\"@type\":\"ImageObject\",\"inLanguage\":\"es\",\"@id\":\"https:\/\/musica.santjosep.org\/es\/#\/schema\/logo\/image\/\",\"url\":\"https:\/\/musica.santjosep.org\/wp-content\/uploads\/2022\/01\/logo-SJEM.png\",\"contentUrl\":\"https:\/\/musica.santjosep.org\/wp-content\/uploads\/2022\/01\/logo-SJEM.png\",\"width\":213,\"height\":103,\"caption\":\"Sant Josep \u00e9s m\u00fasica\"},\"image\":{\"@id\":\"https:\/\/musica.santjosep.org\/es\/#\/schema\/logo\/image\/\"},\"sameAs\":[\"https:\/\/www.facebook.com\/Sant-Josep-s-Msica-105337042007790\",\"https:\/\/x.com\/MusicaSantJosep\",\"https:\/\/www.instagram.com\/musicasantjosep\/\",\"https:\/\/www.youtube.com\/channel\/UCBSLSUpqfrfsiOMVslmZEJA\"]}]}<\/script>\n<!-- \/ Yoast SEO plugin. -->","yoast_head_json":{"title":"El flamenco chill de Paco Fern\u00e1ndez y su banda vuelve a Coyote - Sant Josep \u00e9s m\u00fasica","robots":{"index":"index","follow":"follow","max-snippet":"max-snippet:-1","max-image-preview":"max-image-preview:large","max-video-preview":"max-video-preview:-1"},"canonical":"https:\/\/musica.santjosep.org\/es\/concierto\/el-flamenco-chill-de-paco-fernandez-y-su-banda-vuelve-a-coyote\/","og_locale":"es_ES","og_type":"article","og_title":"El flamenco chill de Paco Fern\u00e1ndez y su banda vuelve a Coyote - Sant Josep \u00e9s m\u00fasica","og_description":"Nueva actuaci\u00f3n en la terraza de Coyote, en el centro de Sant Josep, con el maestro Paco Fern\u00e1ndez, que ya abri\u00f3 la temporada de conciertos en este establecimiento, el pasado mes de mayo. Fern\u00e1ndez es, probablemente, el guitarrista m\u00e1s internacional [&hellip;]","og_url":"https:\/\/musica.santjosep.org\/es\/concierto\/el-flamenco-chill-de-paco-fernandez-y-su-banda-vuelve-a-coyote\/","og_site_name":"Sant Josep \u00e9s m\u00fasica","article_publisher":"https:\/\/www.facebook.com\/Sant-Josep-s-Msica-105337042007790","og_image":[{"width":1400,"height":933,"url":"https:\/\/musica.santjosep.org\/wp-content\/uploads\/2023\/07\/pacofernandez3rec.jpg","type":"image\/jpeg"}],"twitter_card":"summary_large_image","twitter_site":"@MusicaSantJosep","twitter_misc":{"Tiempo de lectura":"1 minuto"},"schema":{"@context":"https:\/\/schema.org","@graph":[{"@type":"WebPage","@id":"https:\/\/musica.santjosep.org\/es\/concierto\/el-flamenco-chill-de-paco-fernandez-y-su-banda-vuelve-a-coyote\/","url":"https:\/\/musica.santjosep.org\/es\/concierto\/el-flamenco-chill-de-paco-fernandez-y-su-banda-vuelve-a-coyote\/","name":"El flamenco chill de Paco Fern\u00e1ndez y su banda vuelve a Coyote - Sant Josep \u00e9s m\u00fasica","isPartOf":{"@id":"https:\/\/musica.santjosep.org\/es\/#website"},"primaryImageOfPage":{"@id":"https:\/\/musica.santjosep.org\/es\/concierto\/el-flamenco-chill-de-paco-fernandez-y-su-banda-vuelve-a-coyote\/#primaryimage"},"image":{"@id":"https:\/\/musica.santjosep.org\/es\/concierto\/el-flamenco-chill-de-paco-fernandez-y-su-banda-vuelve-a-coyote\/#primaryimage"},"thumbnailUrl":"https:\/\/musica.santjosep.org\/wp-content\/uploads\/2023\/07\/pacofernandez3rec.jpg","datePublished":"2023-07-11T11:18:32+00:00","breadcrumb":{"@id":"https:\/\/musica.santjosep.org\/es\/concierto\/el-flamenco-chill-de-paco-fernandez-y-su-banda-vuelve-a-coyote\/#breadcrumb"},"inLanguage":"es","potentialAction":[{"@type":"ReadAction","target":["https:\/\/musica.santjosep.org\/es\/concierto\/el-flamenco-chill-de-paco-fernandez-y-su-banda-vuelve-a-coyote\/"]}]},{"@type":"ImageObject","inLanguage":"es","@id":"https:\/\/musica.santjosep.org\/es\/concierto\/el-flamenco-chill-de-paco-fernandez-y-su-banda-vuelve-a-coyote\/#primaryimage","url":"https:\/\/musica.santjosep.org\/wp-content\/uploads\/2023\/07\/pacofernandez3rec.jpg","contentUrl":"https:\/\/musica.santjosep.org\/wp-content\/uploads\/2023\/07\/pacofernandez3rec.jpg","width":1400,"height":933},{"@type":"BreadcrumbList","@id":"https:\/\/musica.santjosep.org\/es\/concierto\/el-flamenco-chill-de-paco-fernandez-y-su-banda-vuelve-a-coyote\/#breadcrumb","itemListElement":[{"@type":"ListItem","position":1,"name":"Portada","item":"https:\/\/musica.santjosep.org\/es\/"},{"@type":"ListItem","position":2,"name":"Eventos","item":"https:\/\/musica.santjosep.org\/es\/concerts\/"},{"@type":"ListItem","position":3,"name":"El flamenco chill de Paco Fern\u00e1ndez y su banda vuelve a Coyote"}]},{"@type":"WebSite","@id":"https:\/\/musica.santjosep.org\/es\/#website","url":"https:\/\/musica.santjosep.org\/es\/","name":"Sant Josep \u00e9s m\u00fasica","description":"Informaci\u00f3n actualizada de todos los conciertos, grupos y artistas que act\u00faen tanto en fiestas y festivales, como en establecimientos privados en el municipio de Sant Josep de sa Talaia","publisher":{"@id":"https:\/\/musica.santjosep.org\/es\/#organization"},"potentialAction":[{"@type":"SearchAction","target":{"@type":"EntryPoint","urlTemplate":"https:\/\/musica.santjosep.org\/es\/?s={search_term_string}"},"query-input":{"@type":"PropertyValueSpecification","valueRequired":true,"valueName":"search_term_string"}}],"inLanguage":"es"},{"@type":"Organization","@id":"https:\/\/musica.santjosep.org\/es\/#organization","name":"Sant Josep \u00e9s m\u00fasica","url":"https:\/\/musica.santjosep.org\/es\/","logo":{"@type":"ImageObject","inLanguage":"es","@id":"https:\/\/musica.santjosep.org\/es\/#\/schema\/logo\/image\/","url":"https:\/\/musica.santjosep.org\/wp-content\/uploads\/2022\/01\/logo-SJEM.png","contentUrl":"https:\/\/musica.santjosep.org\/wp-content\/uploads\/2022\/01\/logo-SJEM.png","width":213,"height":103,"caption":"Sant Josep \u00e9s m\u00fasica"},"image":{"@id":"https:\/\/musica.santjosep.org\/es\/#\/schema\/logo\/image\/"},"sameAs":["https:\/\/www.facebook.com\/Sant-Josep-s-Msica-105337042007790","https:\/\/x.com\/MusicaSantJosep","https:\/\/www.instagram.com\/musicasantjosep\/","https:\/\/www.youtube.com\/channel\/UCBSLSUpqfrfsiOMVslmZEJA"]}]}},"_links":{"self":[{"href":"https:\/\/musica.santjosep.org\/es\/wp-json\/wp\/v2\/tribe_events\/24704","targetHints":{"allow":["GET"]}}],"collection":[{"href":"https:\/\/musica.santjosep.org\/es\/wp-json\/wp\/v2\/tribe_events"}],"about":[{"href":"https:\/\/musica.santjosep.org\/es\/wp-json\/wp\/v2\/types\/tribe_events"}],"author":[{"embeddable":true,"href":"https:\/\/musica.santjosep.org\/es\/wp-json\/wp\/v2\/users\/2"}],"version-history":[{"count":0,"href":"https:\/\/musica.santjosep.org\/es\/wp-json\/wp\/v2\/tribe_events\/24704\/revisions"}],"wp:featuredmedia":[{"embeddable":true,"href":"https:\/\/musica.santjosep.org\/es\/wp-json\/wp\/v2\/media\/24623"}],"wp:attachment":[{"href":"https:\/\/musica.santjosep.org\/es\/wp-json\/wp\/v2\/media?parent=24704"}],"wp:term":[{"taxonomy":"post_tag","embeddable":true,"href":"https:\/\/musica.santjosep.org\/es\/wp-json\/wp\/v2\/tags?post=24704"},{"taxonomy":"tribe_events_cat","embeddable":true,"href":"https:\/\/musica.santjosep.org\/es\/wp-json\/wp\/v2\/tribe_events_cat?post=24704"}],"curies":[{"name":"wp","href":"https:\/\/api.w.org\/{rel}","templated":true}]}}