{"id":21818,"date":"2023-05-24T12:45:33","date_gmt":"2023-05-24T10:45:33","guid":{"rendered":"https:\/\/musica.santjosep.org\/?post_type=tribe_events&#038;p=21818"},"modified":"2023-05-26T14:31:41","modified_gmt":"2023-05-26T12:31:41","slug":"pop-rock-y-soul-en-royal-park-vintage-con-el-grupo-music-4-life","status":"publish","type":"tribe_events","link":"https:\/\/musica.santjosep.org\/es\/concierto\/pop-rock-y-soul-en-royal-park-vintage-con-el-grupo-music-4-life\/","title":{"rendered":"Pop, rock y soul en Royal Park Vintage, con el grupo Music 4 Life"},"content":{"rendered":"<p>La terraza de Royal Park Vintage, en Cala de Bou, vuelve a ofrecer a su p\u00fablico una buena sesi\u00f3n de pop, rock y soul tras la paella dominical, con el grupo Music 4 Life. Lo forman Alejandra Rodr\u00edguez (voz), Ren\u00e9 Mercier (guitarra), Chema Pellico (bajo) y David Ad\u00e1n (bater\u00eda). Traen un repertorio de versiones en castellano e ingl\u00e9s, de artistas como The Beatles, Tina Turner, M Clan, Luz Casal o Estopa, entre muchos otros. Conviene reservar.<\/p>\n","protected":false},"excerpt":{"rendered":"<p>La terraza de Royal Park Vintage, en Cala de Bou, vuelve a ofrecer a su p\u00fablico una buena sesi\u00f3n de pop, rock y soul tras la paella dominical, con el grupo Music 4 Life. Lo forman Alejandra Rodr\u00edguez (voz), Ren\u00e9 [&hellip;]<\/p>\n","protected":false},"author":2,"featured_media":21808,"template":"","meta":{"_acf_changed":false,"_tribe_events_status":"","_tribe_events_status_reason":"","_tribe_events_is_hybrid":"","_tribe_events_is_virtual":"","_tribe_events_virtual_video_source":"","_tribe_events_virtual_embed_video":"","_tribe_events_virtual_linked_button_text":"","_tribe_events_virtual_linked_button":"","_tribe_events_virtual_show_embed_at":"","_tribe_events_virtual_show_embed_to":[],"_tribe_events_virtual_show_on_event":"","_tribe_events_virtual_show_on_views":"","_tribe_events_virtual_url":"","footnotes":""},"tags":[],"tribe_events_cat":[29,15,50],"class_list":["post-21818","tribe_events","type-tribe_events","status-publish","has-post-thumbnail","hentry","tribe_events_cat-pop","tribe_events_cat-rock","tribe_events_cat-soul","cat_pop","cat_rock","cat_soul"],"acf":[],"yoast_head":"<!-- This site is optimized with the Yoast SEO plugin v26.6 - https:\/\/yoast.com\/wordpress\/plugins\/seo\/ -->\n<title>Pop, rock y soul en Royal Park Vintage, con el grupo Music 4 Life - Sant Josep \u00e9s m\u00fasica<\/title>\n<meta name=\"robots\" content=\"index, follow, max-snippet:-1, max-image-preview:large, max-video-preview:-1\" \/>\n<link rel=\"canonical\" href=\"https:\/\/musica.santjosep.org\/es\/concierto\/pop-rock-y-soul-en-royal-park-vintage-con-el-grupo-music-4-life\/\" \/>\n<meta property=\"og:locale\" content=\"es_ES\" \/>\n<meta property=\"og:type\" content=\"article\" \/>\n<meta property=\"og:title\" content=\"Pop, rock y soul en Royal Park Vintage, con el grupo Music 4 Life - Sant Josep \u00e9s m\u00fasica\" \/>\n<meta property=\"og:description\" content=\"La terraza de Royal Park Vintage, en Cala de Bou, vuelve a ofrecer a su p\u00fablico una buena sesi\u00f3n de pop, rock y soul tras la paella dominical, con el grupo Music 4 Life. Lo forman Alejandra Rodr\u00edguez (voz), Ren\u00e9 [&hellip;]\" \/>\n<meta property=\"og:url\" content=\"https:\/\/musica.santjosep.org\/es\/concierto\/pop-rock-y-soul-en-royal-park-vintage-con-el-grupo-music-4-life\/\" \/>\n<meta property=\"og:site_name\" content=\"Sant Josep \u00e9s m\u00fasica\" \/>\n<meta property=\"article:publisher\" content=\"https:\/\/www.facebook.com\/Sant-Josep-s-Msica-105337042007790\" \/>\n<meta property=\"article:modified_time\" content=\"2023-05-26T12:31:41+00:00\" \/>\n<meta property=\"og:image\" content=\"https:\/\/musica.santjosep.org\/wp-content\/uploads\/2023\/05\/Music-4-Life-30-1.jpg\" \/>\n\t<meta property=\"og:image:width\" content=\"1400\" \/>\n\t<meta property=\"og:image:height\" content=\"933\" \/>\n\t<meta property=\"og:image:type\" content=\"image\/jpeg\" \/>\n<meta name=\"twitter:card\" content=\"summary_large_image\" \/>\n<meta name=\"twitter:site\" content=\"@MusicaSantJosep\" \/>\n<meta name=\"twitter:label1\" content=\"Tiempo de lectura\" \/>\n\t<meta name=\"twitter:data1\" content=\"1 minuto\" \/>\n<script type=\"application\/ld+json\" class=\"yoast-schema-graph\">{\"@context\":\"https:\/\/schema.org\",\"@graph\":[{\"@type\":\"WebPage\",\"@id\":\"https:\/\/musica.santjosep.org\/es\/concierto\/pop-rock-y-soul-en-royal-park-vintage-con-el-grupo-music-4-life\/\",\"url\":\"https:\/\/musica.santjosep.org\/es\/concierto\/pop-rock-y-soul-en-royal-park-vintage-con-el-grupo-music-4-life\/\",\"name\":\"Pop, rock y soul en Royal Park Vintage, con el grupo Music 4 Life - Sant Josep \u00e9s m\u00fasica\",\"isPartOf\":{\"@id\":\"https:\/\/musica.santjosep.org\/es\/#website\"},\"primaryImageOfPage\":{\"@id\":\"https:\/\/musica.santjosep.org\/es\/concierto\/pop-rock-y-soul-en-royal-park-vintage-con-el-grupo-music-4-life\/#primaryimage\"},\"image\":{\"@id\":\"https:\/\/musica.santjosep.org\/es\/concierto\/pop-rock-y-soul-en-royal-park-vintage-con-el-grupo-music-4-life\/#primaryimage\"},\"thumbnailUrl\":\"https:\/\/musica.santjosep.org\/wp-content\/uploads\/2023\/05\/Music-4-Life-30-1.jpg\",\"datePublished\":\"2023-05-24T10:45:33+00:00\",\"dateModified\":\"2023-05-26T12:31:41+00:00\",\"breadcrumb\":{\"@id\":\"https:\/\/musica.santjosep.org\/es\/concierto\/pop-rock-y-soul-en-royal-park-vintage-con-el-grupo-music-4-life\/#breadcrumb\"},\"inLanguage\":\"es\",\"potentialAction\":[{\"@type\":\"ReadAction\",\"target\":[\"https:\/\/musica.santjosep.org\/es\/concierto\/pop-rock-y-soul-en-royal-park-vintage-con-el-grupo-music-4-life\/\"]}]},{\"@type\":\"ImageObject\",\"inLanguage\":\"es\",\"@id\":\"https:\/\/musica.santjosep.org\/es\/concierto\/pop-rock-y-soul-en-royal-park-vintage-con-el-grupo-music-4-life\/#primaryimage\",\"url\":\"https:\/\/musica.santjosep.org\/wp-content\/uploads\/2023\/05\/Music-4-Life-30-1.jpg\",\"contentUrl\":\"https:\/\/musica.santjosep.org\/wp-content\/uploads\/2023\/05\/Music-4-Life-30-1.jpg\",\"width\":1400,\"height\":933,\"caption\":\"Joan F. Ribas\"},{\"@type\":\"BreadcrumbList\",\"@id\":\"https:\/\/musica.santjosep.org\/es\/concierto\/pop-rock-y-soul-en-royal-park-vintage-con-el-grupo-music-4-life\/#breadcrumb\",\"itemListElement\":[{\"@type\":\"ListItem\",\"position\":1,\"name\":\"Portada\",\"item\":\"https:\/\/musica.santjosep.org\/es\/\"},{\"@type\":\"ListItem\",\"position\":2,\"name\":\"Eventos\",\"item\":\"https:\/\/musica.santjosep.org\/es\/concerts\/\"},{\"@type\":\"ListItem\",\"position\":3,\"name\":\"Pop, rock y soul en Royal Park Vintage, con el grupo Music 4 Life\"}]},{\"@type\":\"WebSite\",\"@id\":\"https:\/\/musica.santjosep.org\/es\/#website\",\"url\":\"https:\/\/musica.santjosep.org\/es\/\",\"name\":\"Sant Josep \u00e9s m\u00fasica\",\"description\":\"Informaci\u00f3n actualizada de todos los conciertos, grupos y artistas que act\u00faen tanto en fiestas y festivales, como en establecimientos privados en el municipio de Sant Josep de sa Talaia\",\"publisher\":{\"@id\":\"https:\/\/musica.santjosep.org\/es\/#organization\"},\"potentialAction\":[{\"@type\":\"SearchAction\",\"target\":{\"@type\":\"EntryPoint\",\"urlTemplate\":\"https:\/\/musica.santjosep.org\/es\/?s={search_term_string}\"},\"query-input\":{\"@type\":\"PropertyValueSpecification\",\"valueRequired\":true,\"valueName\":\"search_term_string\"}}],\"inLanguage\":\"es\"},{\"@type\":\"Organization\",\"@id\":\"https:\/\/musica.santjosep.org\/es\/#organization\",\"name\":\"Sant Josep \u00e9s m\u00fasica\",\"url\":\"https:\/\/musica.santjosep.org\/es\/\",\"logo\":{\"@type\":\"ImageObject\",\"inLanguage\":\"es\",\"@id\":\"https:\/\/musica.santjosep.org\/es\/#\/schema\/logo\/image\/\",\"url\":\"https:\/\/musica.santjosep.org\/wp-content\/uploads\/2022\/01\/logo-SJEM.png\",\"contentUrl\":\"https:\/\/musica.santjosep.org\/wp-content\/uploads\/2022\/01\/logo-SJEM.png\",\"width\":213,\"height\":103,\"caption\":\"Sant Josep \u00e9s m\u00fasica\"},\"image\":{\"@id\":\"https:\/\/musica.santjosep.org\/es\/#\/schema\/logo\/image\/\"},\"sameAs\":[\"https:\/\/www.facebook.com\/Sant-Josep-s-Msica-105337042007790\",\"https:\/\/x.com\/MusicaSantJosep\",\"https:\/\/www.instagram.com\/musicasantjosep\/\",\"https:\/\/www.youtube.com\/channel\/UCBSLSUpqfrfsiOMVslmZEJA\"]}]}<\/script>\n<!-- \/ Yoast SEO plugin. -->","yoast_head_json":{"title":"Pop, rock y soul en Royal Park Vintage, con el grupo Music 4 Life - Sant Josep \u00e9s m\u00fasica","robots":{"index":"index","follow":"follow","max-snippet":"max-snippet:-1","max-image-preview":"max-image-preview:large","max-video-preview":"max-video-preview:-1"},"canonical":"https:\/\/musica.santjosep.org\/es\/concierto\/pop-rock-y-soul-en-royal-park-vintage-con-el-grupo-music-4-life\/","og_locale":"es_ES","og_type":"article","og_title":"Pop, rock y soul en Royal Park Vintage, con el grupo Music 4 Life - Sant Josep \u00e9s m\u00fasica","og_description":"La terraza de Royal Park Vintage, en Cala de Bou, vuelve a ofrecer a su p\u00fablico una buena sesi\u00f3n de pop, rock y soul tras la paella dominical, con el grupo Music 4 Life. Lo forman Alejandra Rodr\u00edguez (voz), Ren\u00e9 [&hellip;]","og_url":"https:\/\/musica.santjosep.org\/es\/concierto\/pop-rock-y-soul-en-royal-park-vintage-con-el-grupo-music-4-life\/","og_site_name":"Sant Josep \u00e9s m\u00fasica","article_publisher":"https:\/\/www.facebook.com\/Sant-Josep-s-Msica-105337042007790","article_modified_time":"2023-05-26T12:31:41+00:00","og_image":[{"width":1400,"height":933,"url":"https:\/\/musica.santjosep.org\/wp-content\/uploads\/2023\/05\/Music-4-Life-30-1.jpg","type":"image\/jpeg"}],"twitter_card":"summary_large_image","twitter_site":"@MusicaSantJosep","twitter_misc":{"Tiempo de lectura":"1 minuto"},"schema":{"@context":"https:\/\/schema.org","@graph":[{"@type":"WebPage","@id":"https:\/\/musica.santjosep.org\/es\/concierto\/pop-rock-y-soul-en-royal-park-vintage-con-el-grupo-music-4-life\/","url":"https:\/\/musica.santjosep.org\/es\/concierto\/pop-rock-y-soul-en-royal-park-vintage-con-el-grupo-music-4-life\/","name":"Pop, rock y soul en Royal Park Vintage, con el grupo Music 4 Life - Sant Josep \u00e9s m\u00fasica","isPartOf":{"@id":"https:\/\/musica.santjosep.org\/es\/#website"},"primaryImageOfPage":{"@id":"https:\/\/musica.santjosep.org\/es\/concierto\/pop-rock-y-soul-en-royal-park-vintage-con-el-grupo-music-4-life\/#primaryimage"},"image":{"@id":"https:\/\/musica.santjosep.org\/es\/concierto\/pop-rock-y-soul-en-royal-park-vintage-con-el-grupo-music-4-life\/#primaryimage"},"thumbnailUrl":"https:\/\/musica.santjosep.org\/wp-content\/uploads\/2023\/05\/Music-4-Life-30-1.jpg","datePublished":"2023-05-24T10:45:33+00:00","dateModified":"2023-05-26T12:31:41+00:00","breadcrumb":{"@id":"https:\/\/musica.santjosep.org\/es\/concierto\/pop-rock-y-soul-en-royal-park-vintage-con-el-grupo-music-4-life\/#breadcrumb"},"inLanguage":"es","potentialAction":[{"@type":"ReadAction","target":["https:\/\/musica.santjosep.org\/es\/concierto\/pop-rock-y-soul-en-royal-park-vintage-con-el-grupo-music-4-life\/"]}]},{"@type":"ImageObject","inLanguage":"es","@id":"https:\/\/musica.santjosep.org\/es\/concierto\/pop-rock-y-soul-en-royal-park-vintage-con-el-grupo-music-4-life\/#primaryimage","url":"https:\/\/musica.santjosep.org\/wp-content\/uploads\/2023\/05\/Music-4-Life-30-1.jpg","contentUrl":"https:\/\/musica.santjosep.org\/wp-content\/uploads\/2023\/05\/Music-4-Life-30-1.jpg","width":1400,"height":933,"caption":"Joan F. Ribas"},{"@type":"BreadcrumbList","@id":"https:\/\/musica.santjosep.org\/es\/concierto\/pop-rock-y-soul-en-royal-park-vintage-con-el-grupo-music-4-life\/#breadcrumb","itemListElement":[{"@type":"ListItem","position":1,"name":"Portada","item":"https:\/\/musica.santjosep.org\/es\/"},{"@type":"ListItem","position":2,"name":"Eventos","item":"https:\/\/musica.santjosep.org\/es\/concerts\/"},{"@type":"ListItem","position":3,"name":"Pop, rock y soul en Royal Park Vintage, con el grupo Music 4 Life"}]},{"@type":"WebSite","@id":"https:\/\/musica.santjosep.org\/es\/#website","url":"https:\/\/musica.santjosep.org\/es\/","name":"Sant Josep \u00e9s m\u00fasica","description":"Informaci\u00f3n actualizada de todos los conciertos, grupos y artistas que act\u00faen tanto en fiestas y festivales, como en establecimientos privados en el municipio de Sant Josep de sa Talaia","publisher":{"@id":"https:\/\/musica.santjosep.org\/es\/#organization"},"potentialAction":[{"@type":"SearchAction","target":{"@type":"EntryPoint","urlTemplate":"https:\/\/musica.santjosep.org\/es\/?s={search_term_string}"},"query-input":{"@type":"PropertyValueSpecification","valueRequired":true,"valueName":"search_term_string"}}],"inLanguage":"es"},{"@type":"Organization","@id":"https:\/\/musica.santjosep.org\/es\/#organization","name":"Sant Josep \u00e9s m\u00fasica","url":"https:\/\/musica.santjosep.org\/es\/","logo":{"@type":"ImageObject","inLanguage":"es","@id":"https:\/\/musica.santjosep.org\/es\/#\/schema\/logo\/image\/","url":"https:\/\/musica.santjosep.org\/wp-content\/uploads\/2022\/01\/logo-SJEM.png","contentUrl":"https:\/\/musica.santjosep.org\/wp-content\/uploads\/2022\/01\/logo-SJEM.png","width":213,"height":103,"caption":"Sant Josep \u00e9s m\u00fasica"},"image":{"@id":"https:\/\/musica.santjosep.org\/es\/#\/schema\/logo\/image\/"},"sameAs":["https:\/\/www.facebook.com\/Sant-Josep-s-Msica-105337042007790","https:\/\/x.com\/MusicaSantJosep","https:\/\/www.instagram.com\/musicasantjosep\/","https:\/\/www.youtube.com\/channel\/UCBSLSUpqfrfsiOMVslmZEJA"]}]}},"_links":{"self":[{"href":"https:\/\/musica.santjosep.org\/es\/wp-json\/wp\/v2\/tribe_events\/21818","targetHints":{"allow":["GET"]}}],"collection":[{"href":"https:\/\/musica.santjosep.org\/es\/wp-json\/wp\/v2\/tribe_events"}],"about":[{"href":"https:\/\/musica.santjosep.org\/es\/wp-json\/wp\/v2\/types\/tribe_events"}],"author":[{"embeddable":true,"href":"https:\/\/musica.santjosep.org\/es\/wp-json\/wp\/v2\/users\/2"}],"version-history":[{"count":0,"href":"https:\/\/musica.santjosep.org\/es\/wp-json\/wp\/v2\/tribe_events\/21818\/revisions"}],"wp:featuredmedia":[{"embeddable":true,"href":"https:\/\/musica.santjosep.org\/es\/wp-json\/wp\/v2\/media\/21808"}],"wp:attachment":[{"href":"https:\/\/musica.santjosep.org\/es\/wp-json\/wp\/v2\/media?parent=21818"}],"wp:term":[{"taxonomy":"post_tag","embeddable":true,"href":"https:\/\/musica.santjosep.org\/es\/wp-json\/wp\/v2\/tags?post=21818"},{"taxonomy":"tribe_events_cat","embeddable":true,"href":"https:\/\/musica.santjosep.org\/es\/wp-json\/wp\/v2\/tribe_events_cat?post=21818"}],"curies":[{"name":"wp","href":"https:\/\/api.w.org\/{rel}","templated":true}]}}