{"id":21443,"date":"2023-05-17T14:46:44","date_gmt":"2023-05-17T12:46:44","guid":{"rendered":"https:\/\/musica.santjosep.org\/?post_type=tribe_events&#038;p=21443"},"modified":"2023-05-17T14:46:44","modified_gmt":"2023-05-17T12:46:44","slug":"mando-diao-y-ninos-raros-en-el-ultimo-concierto-de-dorado-live-shows","status":"publish","type":"tribe_events","link":"https:\/\/musica.santjosep.org\/es\/concierto\/mando-diao-y-ninos-raros-en-el-ultimo-concierto-de-dorado-live-shows\/","title":{"rendered":"Mando Diao y Ni\u00f1os Raros, en el \u00faltimo concierto de Dorado Live Shows"},"content":{"rendered":"<p>\u00daltimo concierto del programa de Dorado Live Shows para este 2023, que protagonizan la potente banda sueca Mando Diao y el joven grupo local Ni\u00f1os Raros. Cabe recordar que este certamen lo organiza la cadena Concept Hotel Group y que, por primer a\u00f1o, se ha trasladado desde la terraza de los hoteles Dorado y Santos, en Platja d\u2019en Bossa, al nuevo espacio exterior Venice Bay de Cala de Bou, junto a los hoteles Paradiso Art Hotel y Gran Paradiso.<\/p>\n<p>Mando Diao\u00a0es una potente banda sueca de indie rock y garage rock, con toques de los a\u00f1os sesenta, que surgi\u00f3 en 1995. Pocos a\u00f1os despu\u00e9s comenzaron a despertar la atenci\u00f3n de la cr\u00edtica y el p\u00fablico, y la multinacional EMI se interes\u00f3 por ellos, firmando su primer contrato importante. En 2002 sali\u00f3 a la venta su primer \u00e1lbum\u00a0<em>Bring&#8217;Em In<\/em>, que ya fue disco de oro en Suecia, Alemania y Jap\u00f3n. En 2004 el grupo fue aclamado por la prensa musical y fue catalogado como una de las mejores bandas del a\u00f1o. Tras este trabajo llegaron otros diez \u00e1lbumes, as\u00ed como multitud de EP y sencillos, todos con gran \u00e9xito internacional.<\/p>\n<p><iframe loading=\"lazy\" title=\"Mando Diao - Get It On (Official Music Video)\" width=\"1100\" height=\"619\" src=\"https:\/\/www.youtube.com\/embed\/deT2TBXKQBI?feature=oembed\" frameborder=\"0\" allow=\"accelerometer; autoplay; clipboard-write; encrypted-media; gyroscope; picture-in-picture; web-share\" allowfullscreen><\/iframe><\/p>\n<p>Han actuado en los principales festivales musicales europeos y del mundo, han ejercido de teloneros de Franz Ferdinand y otras bandas internacionales y su reputaci\u00f3n les precede en numerosos pa\u00edses. Sus integrantes actuales son Bj\u00f6rn Dixg\u00e5rd\u00a0(voz y guitarra), Carl Johan Fogelklou\u00a0(bajo), Patrik Heikinpieti\u00a0(bater\u00eda), Jens Siverstedt (guitarra) y Daniel H\u00e4glund (teclados).<\/p>\n<div id=\"attachment_21304\" style=\"width: 1410px\" class=\"wp-caption alignnone\"><img loading=\"lazy\" decoding=\"async\" aria-describedby=\"caption-attachment-21304\" class=\"wp-image-21304 size-full\" src=\"https:\/\/musica.santjosep.org\/wp-content\/uploads\/2023\/05\/nin\u0303osraros1rec.jpg\" alt=\"\" width=\"1400\" height=\"933\" srcset=\"https:\/\/musica.santjosep.org\/wp-content\/uploads\/2023\/05\/nin\u0303osraros1rec.jpg 1400w, https:\/\/musica.santjosep.org\/wp-content\/uploads\/2023\/05\/nin\u0303osraros1rec-300x200.jpg 300w, https:\/\/musica.santjosep.org\/wp-content\/uploads\/2023\/05\/nin\u0303osraros1rec-1024x682.jpg 1024w, https:\/\/musica.santjosep.org\/wp-content\/uploads\/2023\/05\/nin\u0303osraros1rec-768x512.jpg 768w\" sizes=\"auto, (max-width: 1400px) 100vw, 1400px\" \/><p id=\"caption-attachment-21304\" class=\"wp-caption-text\">Ni\u00f1os Raros<\/p><\/div>\n<p>La banda ibicenca Ni\u00f1os Raros, por su parte, es una de las m\u00e1s j\u00f3venes de la isla y surgi\u00f3 en el Instituto Quart\u00f3 de Portmany, donde fue formada por un grupo de estudiantes cuando rondaban los 18 a\u00f1os. Su debut tuvo lugar en Madrid, en la famosa sala BarCo, emblem\u00e1tico local del barrio de Malasa\u00f1a, en septiembre de 2022. Tambi\u00e9n actuaron en el Festival Sonorama Ibiza, en octubre de este mismo a\u00f1o. Su proyecto de rock alternativo ya cuenta con diversos singles, grabados en Magrana Studios, bajo la producci\u00f3n de Joan Barb\u00e9, y algunos tienen miles de reproducciones en las plataformas digitales. La banda est\u00e1 compuesta por Guillem Llavero (voz y guitarra), Marco Marqu\u00e9s (guitarra), Oliver Barnosi (bater\u00eda) y Nacho Abella (bajo).<\/p>\n","protected":false},"excerpt":{"rendered":"<p>\u00daltimo concierto del programa de Dorado Live Shows para este 2023, que protagonizan la potente banda sueca Mando Diao y el joven grupo local Ni\u00f1os Raros. Cabe recordar que este certamen lo organiza la cadena Concept Hotel Group y que, [&hellip;]<\/p>\n","protected":false},"author":2,"featured_media":21302,"template":"","meta":{"_acf_changed":false,"_tribe_events_status":"","_tribe_events_status_reason":"","_tribe_events_is_hybrid":"","_tribe_events_is_virtual":"","_tribe_events_virtual_video_source":"","_tribe_events_virtual_embed_video":"","_tribe_events_virtual_linked_button_text":"","_tribe_events_virtual_linked_button":"","_tribe_events_virtual_show_embed_at":"","_tribe_events_virtual_show_embed_to":[],"_tribe_events_virtual_show_on_event":"","_tribe_events_virtual_show_on_views":"","_tribe_events_virtual_url":"","footnotes":""},"tags":[],"tribe_events_cat":[24,29,15],"class_list":["post-21443","tribe_events","type-tribe_events","status-publish","has-post-thumbnail","hentry","tribe_events_cat-indie","tribe_events_cat-pop","tribe_events_cat-rock","cat_indie","cat_pop","cat_rock"],"acf":[],"yoast_head":"<!-- This site is optimized with the Yoast SEO plugin v26.6 - https:\/\/yoast.com\/wordpress\/plugins\/seo\/ -->\n<title>Mando Diao y Ni\u00f1os Raros, en el \u00faltimo concierto de Dorado Live Shows - Sant Josep \u00e9s m\u00fasica<\/title>\n<meta name=\"robots\" content=\"index, follow, max-snippet:-1, max-image-preview:large, max-video-preview:-1\" \/>\n<link rel=\"canonical\" href=\"https:\/\/musica.santjosep.org\/es\/concierto\/mando-diao-y-ninos-raros-en-el-ultimo-concierto-de-dorado-live-shows\/\" \/>\n<meta property=\"og:locale\" content=\"es_ES\" \/>\n<meta property=\"og:type\" content=\"article\" \/>\n<meta property=\"og:title\" content=\"Mando Diao y Ni\u00f1os Raros, en el \u00faltimo concierto de Dorado Live Shows - Sant Josep \u00e9s m\u00fasica\" \/>\n<meta property=\"og:description\" content=\"\u00daltimo concierto del programa de Dorado Live Shows para este 2023, que protagonizan la potente banda sueca Mando Diao y el joven grupo local Ni\u00f1os Raros. Cabe recordar que este certamen lo organiza la cadena Concept Hotel Group y que, [&hellip;]\" \/>\n<meta property=\"og:url\" content=\"https:\/\/musica.santjosep.org\/es\/concierto\/mando-diao-y-ninos-raros-en-el-ultimo-concierto-de-dorado-live-shows\/\" \/>\n<meta property=\"og:site_name\" content=\"Sant Josep \u00e9s m\u00fasica\" \/>\n<meta property=\"article:publisher\" content=\"https:\/\/www.facebook.com\/Sant-Josep-s-Msica-105337042007790\" \/>\n<meta property=\"og:image\" content=\"https:\/\/musica.santjosep.org\/wp-content\/uploads\/2023\/05\/mando-diao-1-rec.jpg\" \/>\n\t<meta property=\"og:image:width\" content=\"1400\" \/>\n\t<meta property=\"og:image:height\" content=\"933\" \/>\n\t<meta property=\"og:image:type\" content=\"image\/jpeg\" \/>\n<meta name=\"twitter:card\" content=\"summary_large_image\" \/>\n<meta name=\"twitter:site\" content=\"@MusicaSantJosep\" \/>\n<meta name=\"twitter:label1\" content=\"Tiempo de lectura\" \/>\n\t<meta name=\"twitter:data1\" content=\"2 minutos\" \/>\n<script type=\"application\/ld+json\" class=\"yoast-schema-graph\">{\"@context\":\"https:\/\/schema.org\",\"@graph\":[{\"@type\":\"WebPage\",\"@id\":\"https:\/\/musica.santjosep.org\/es\/concierto\/mando-diao-y-ninos-raros-en-el-ultimo-concierto-de-dorado-live-shows\/\",\"url\":\"https:\/\/musica.santjosep.org\/es\/concierto\/mando-diao-y-ninos-raros-en-el-ultimo-concierto-de-dorado-live-shows\/\",\"name\":\"Mando Diao y Ni\u00f1os Raros, en el \u00faltimo concierto de Dorado Live Shows - Sant Josep \u00e9s m\u00fasica\",\"isPartOf\":{\"@id\":\"https:\/\/musica.santjosep.org\/es\/#website\"},\"primaryImageOfPage\":{\"@id\":\"https:\/\/musica.santjosep.org\/es\/concierto\/mando-diao-y-ninos-raros-en-el-ultimo-concierto-de-dorado-live-shows\/#primaryimage\"},\"image\":{\"@id\":\"https:\/\/musica.santjosep.org\/es\/concierto\/mando-diao-y-ninos-raros-en-el-ultimo-concierto-de-dorado-live-shows\/#primaryimage\"},\"thumbnailUrl\":\"https:\/\/musica.santjosep.org\/wp-content\/uploads\/2023\/05\/mando-diao-1-rec.jpg\",\"datePublished\":\"2023-05-17T12:46:44+00:00\",\"breadcrumb\":{\"@id\":\"https:\/\/musica.santjosep.org\/es\/concierto\/mando-diao-y-ninos-raros-en-el-ultimo-concierto-de-dorado-live-shows\/#breadcrumb\"},\"inLanguage\":\"es\",\"potentialAction\":[{\"@type\":\"ReadAction\",\"target\":[\"https:\/\/musica.santjosep.org\/es\/concierto\/mando-diao-y-ninos-raros-en-el-ultimo-concierto-de-dorado-live-shows\/\"]}]},{\"@type\":\"ImageObject\",\"inLanguage\":\"es\",\"@id\":\"https:\/\/musica.santjosep.org\/es\/concierto\/mando-diao-y-ninos-raros-en-el-ultimo-concierto-de-dorado-live-shows\/#primaryimage\",\"url\":\"https:\/\/musica.santjosep.org\/wp-content\/uploads\/2023\/05\/mando-diao-1-rec.jpg\",\"contentUrl\":\"https:\/\/musica.santjosep.org\/wp-content\/uploads\/2023\/05\/mando-diao-1-rec.jpg\",\"width\":1400,\"height\":933,\"caption\":\"Mando Diao\"},{\"@type\":\"BreadcrumbList\",\"@id\":\"https:\/\/musica.santjosep.org\/es\/concierto\/mando-diao-y-ninos-raros-en-el-ultimo-concierto-de-dorado-live-shows\/#breadcrumb\",\"itemListElement\":[{\"@type\":\"ListItem\",\"position\":1,\"name\":\"Portada\",\"item\":\"https:\/\/musica.santjosep.org\/es\/\"},{\"@type\":\"ListItem\",\"position\":2,\"name\":\"Eventos\",\"item\":\"https:\/\/musica.santjosep.org\/es\/concerts\/\"},{\"@type\":\"ListItem\",\"position\":3,\"name\":\"Mando Diao y Ni\u00f1os Raros, en el \u00faltimo concierto de Dorado Live Shows\"}]},{\"@type\":\"WebSite\",\"@id\":\"https:\/\/musica.santjosep.org\/es\/#website\",\"url\":\"https:\/\/musica.santjosep.org\/es\/\",\"name\":\"Sant Josep \u00e9s m\u00fasica\",\"description\":\"Informaci\u00f3n actualizada de todos los conciertos, grupos y artistas que act\u00faen tanto en fiestas y festivales, como en establecimientos privados en el municipio de Sant Josep de sa Talaia\",\"publisher\":{\"@id\":\"https:\/\/musica.santjosep.org\/es\/#organization\"},\"potentialAction\":[{\"@type\":\"SearchAction\",\"target\":{\"@type\":\"EntryPoint\",\"urlTemplate\":\"https:\/\/musica.santjosep.org\/es\/?s={search_term_string}\"},\"query-input\":{\"@type\":\"PropertyValueSpecification\",\"valueRequired\":true,\"valueName\":\"search_term_string\"}}],\"inLanguage\":\"es\"},{\"@type\":\"Organization\",\"@id\":\"https:\/\/musica.santjosep.org\/es\/#organization\",\"name\":\"Sant Josep \u00e9s m\u00fasica\",\"url\":\"https:\/\/musica.santjosep.org\/es\/\",\"logo\":{\"@type\":\"ImageObject\",\"inLanguage\":\"es\",\"@id\":\"https:\/\/musica.santjosep.org\/es\/#\/schema\/logo\/image\/\",\"url\":\"https:\/\/musica.santjosep.org\/wp-content\/uploads\/2022\/01\/logo-SJEM.png\",\"contentUrl\":\"https:\/\/musica.santjosep.org\/wp-content\/uploads\/2022\/01\/logo-SJEM.png\",\"width\":213,\"height\":103,\"caption\":\"Sant Josep \u00e9s m\u00fasica\"},\"image\":{\"@id\":\"https:\/\/musica.santjosep.org\/es\/#\/schema\/logo\/image\/\"},\"sameAs\":[\"https:\/\/www.facebook.com\/Sant-Josep-s-Msica-105337042007790\",\"https:\/\/x.com\/MusicaSantJosep\",\"https:\/\/www.instagram.com\/musicasantjosep\/\",\"https:\/\/www.youtube.com\/channel\/UCBSLSUpqfrfsiOMVslmZEJA\"]}]}<\/script>\n<!-- \/ Yoast SEO plugin. -->","yoast_head_json":{"title":"Mando Diao y Ni\u00f1os Raros, en el \u00faltimo concierto de Dorado Live Shows - Sant Josep \u00e9s m\u00fasica","robots":{"index":"index","follow":"follow","max-snippet":"max-snippet:-1","max-image-preview":"max-image-preview:large","max-video-preview":"max-video-preview:-1"},"canonical":"https:\/\/musica.santjosep.org\/es\/concierto\/mando-diao-y-ninos-raros-en-el-ultimo-concierto-de-dorado-live-shows\/","og_locale":"es_ES","og_type":"article","og_title":"Mando Diao y Ni\u00f1os Raros, en el \u00faltimo concierto de Dorado Live Shows - Sant Josep \u00e9s m\u00fasica","og_description":"\u00daltimo concierto del programa de Dorado Live Shows para este 2023, que protagonizan la potente banda sueca Mando Diao y el joven grupo local Ni\u00f1os Raros. Cabe recordar que este certamen lo organiza la cadena Concept Hotel Group y que, [&hellip;]","og_url":"https:\/\/musica.santjosep.org\/es\/concierto\/mando-diao-y-ninos-raros-en-el-ultimo-concierto-de-dorado-live-shows\/","og_site_name":"Sant Josep \u00e9s m\u00fasica","article_publisher":"https:\/\/www.facebook.com\/Sant-Josep-s-Msica-105337042007790","og_image":[{"width":1400,"height":933,"url":"https:\/\/musica.santjosep.org\/wp-content\/uploads\/2023\/05\/mando-diao-1-rec.jpg","type":"image\/jpeg"}],"twitter_card":"summary_large_image","twitter_site":"@MusicaSantJosep","twitter_misc":{"Tiempo de lectura":"2 minutos"},"schema":{"@context":"https:\/\/schema.org","@graph":[{"@type":"WebPage","@id":"https:\/\/musica.santjosep.org\/es\/concierto\/mando-diao-y-ninos-raros-en-el-ultimo-concierto-de-dorado-live-shows\/","url":"https:\/\/musica.santjosep.org\/es\/concierto\/mando-diao-y-ninos-raros-en-el-ultimo-concierto-de-dorado-live-shows\/","name":"Mando Diao y Ni\u00f1os Raros, en el \u00faltimo concierto de Dorado Live Shows - Sant Josep \u00e9s m\u00fasica","isPartOf":{"@id":"https:\/\/musica.santjosep.org\/es\/#website"},"primaryImageOfPage":{"@id":"https:\/\/musica.santjosep.org\/es\/concierto\/mando-diao-y-ninos-raros-en-el-ultimo-concierto-de-dorado-live-shows\/#primaryimage"},"image":{"@id":"https:\/\/musica.santjosep.org\/es\/concierto\/mando-diao-y-ninos-raros-en-el-ultimo-concierto-de-dorado-live-shows\/#primaryimage"},"thumbnailUrl":"https:\/\/musica.santjosep.org\/wp-content\/uploads\/2023\/05\/mando-diao-1-rec.jpg","datePublished":"2023-05-17T12:46:44+00:00","breadcrumb":{"@id":"https:\/\/musica.santjosep.org\/es\/concierto\/mando-diao-y-ninos-raros-en-el-ultimo-concierto-de-dorado-live-shows\/#breadcrumb"},"inLanguage":"es","potentialAction":[{"@type":"ReadAction","target":["https:\/\/musica.santjosep.org\/es\/concierto\/mando-diao-y-ninos-raros-en-el-ultimo-concierto-de-dorado-live-shows\/"]}]},{"@type":"ImageObject","inLanguage":"es","@id":"https:\/\/musica.santjosep.org\/es\/concierto\/mando-diao-y-ninos-raros-en-el-ultimo-concierto-de-dorado-live-shows\/#primaryimage","url":"https:\/\/musica.santjosep.org\/wp-content\/uploads\/2023\/05\/mando-diao-1-rec.jpg","contentUrl":"https:\/\/musica.santjosep.org\/wp-content\/uploads\/2023\/05\/mando-diao-1-rec.jpg","width":1400,"height":933,"caption":"Mando Diao"},{"@type":"BreadcrumbList","@id":"https:\/\/musica.santjosep.org\/es\/concierto\/mando-diao-y-ninos-raros-en-el-ultimo-concierto-de-dorado-live-shows\/#breadcrumb","itemListElement":[{"@type":"ListItem","position":1,"name":"Portada","item":"https:\/\/musica.santjosep.org\/es\/"},{"@type":"ListItem","position":2,"name":"Eventos","item":"https:\/\/musica.santjosep.org\/es\/concerts\/"},{"@type":"ListItem","position":3,"name":"Mando Diao y Ni\u00f1os Raros, en el \u00faltimo concierto de Dorado Live Shows"}]},{"@type":"WebSite","@id":"https:\/\/musica.santjosep.org\/es\/#website","url":"https:\/\/musica.santjosep.org\/es\/","name":"Sant Josep \u00e9s m\u00fasica","description":"Informaci\u00f3n actualizada de todos los conciertos, grupos y artistas que act\u00faen tanto en fiestas y festivales, como en establecimientos privados en el municipio de Sant Josep de sa Talaia","publisher":{"@id":"https:\/\/musica.santjosep.org\/es\/#organization"},"potentialAction":[{"@type":"SearchAction","target":{"@type":"EntryPoint","urlTemplate":"https:\/\/musica.santjosep.org\/es\/?s={search_term_string}"},"query-input":{"@type":"PropertyValueSpecification","valueRequired":true,"valueName":"search_term_string"}}],"inLanguage":"es"},{"@type":"Organization","@id":"https:\/\/musica.santjosep.org\/es\/#organization","name":"Sant Josep \u00e9s m\u00fasica","url":"https:\/\/musica.santjosep.org\/es\/","logo":{"@type":"ImageObject","inLanguage":"es","@id":"https:\/\/musica.santjosep.org\/es\/#\/schema\/logo\/image\/","url":"https:\/\/musica.santjosep.org\/wp-content\/uploads\/2022\/01\/logo-SJEM.png","contentUrl":"https:\/\/musica.santjosep.org\/wp-content\/uploads\/2022\/01\/logo-SJEM.png","width":213,"height":103,"caption":"Sant Josep \u00e9s m\u00fasica"},"image":{"@id":"https:\/\/musica.santjosep.org\/es\/#\/schema\/logo\/image\/"},"sameAs":["https:\/\/www.facebook.com\/Sant-Josep-s-Msica-105337042007790","https:\/\/x.com\/MusicaSantJosep","https:\/\/www.instagram.com\/musicasantjosep\/","https:\/\/www.youtube.com\/channel\/UCBSLSUpqfrfsiOMVslmZEJA"]}]}},"_links":{"self":[{"href":"https:\/\/musica.santjosep.org\/es\/wp-json\/wp\/v2\/tribe_events\/21443","targetHints":{"allow":["GET"]}}],"collection":[{"href":"https:\/\/musica.santjosep.org\/es\/wp-json\/wp\/v2\/tribe_events"}],"about":[{"href":"https:\/\/musica.santjosep.org\/es\/wp-json\/wp\/v2\/types\/tribe_events"}],"author":[{"embeddable":true,"href":"https:\/\/musica.santjosep.org\/es\/wp-json\/wp\/v2\/users\/2"}],"version-history":[{"count":0,"href":"https:\/\/musica.santjosep.org\/es\/wp-json\/wp\/v2\/tribe_events\/21443\/revisions"}],"wp:featuredmedia":[{"embeddable":true,"href":"https:\/\/musica.santjosep.org\/es\/wp-json\/wp\/v2\/media\/21302"}],"wp:attachment":[{"href":"https:\/\/musica.santjosep.org\/es\/wp-json\/wp\/v2\/media?parent=21443"}],"wp:term":[{"taxonomy":"post_tag","embeddable":true,"href":"https:\/\/musica.santjosep.org\/es\/wp-json\/wp\/v2\/tags?post=21443"},{"taxonomy":"tribe_events_cat","embeddable":true,"href":"https:\/\/musica.santjosep.org\/es\/wp-json\/wp\/v2\/tribe_events_cat?post=21443"}],"curies":[{"name":"wp","href":"https:\/\/api.w.org\/{rel}","templated":true}]}}