{"id":21432,"date":"2023-05-17T13:26:53","date_gmt":"2023-05-17T11:26:53","guid":{"rendered":"https:\/\/musica.santjosep.org\/?post_type=tribe_events&#038;p=21432"},"modified":"2023-05-17T13:26:53","modified_gmt":"2023-05-17T11:26:53","slug":"christina-rosenvinge-y-the-new-young-polaks-en-dorado-live-shows","status":"publish","type":"tribe_events","link":"https:\/\/musica.santjosep.org\/es\/concierto\/christina-rosenvinge-y-the-new-young-polaks-en-dorado-live-shows\/","title":{"rendered":"Christina Rosenvinge y The New Young Polaks, en Dorado Live Shows"},"content":{"rendered":"<p>Tercer concierto del programa de Dorado Live Shows, que protagoniza la famosa artista Christina Rosenvinge, teloneada por el joven grupo ibicenco The New Young Polaks. Este certamen lo organiza la cadena Concept Hotel Group y, por primera vez, se traslada desde la terraza de los hoteles Dorado y Santos, en Platja d\u2019en Bossa, al nuevo espacio exterior Venice Bay de Cala de Bou, junto a los hoteles Paradiso Art Hotel y Gran Paradiso.<\/p>\n<p>A Christina Rosenvinge, nacida en Madrid en 1964, hija de padre dan\u00e9s y madre inglesa, se la considera la primera novia del indie espa\u00f1ol. Cantautora, actriz y presentadora, ha conquistado Latinoam\u00e9rica en solitario y posee una de las carreras m\u00e1s singulares de la m\u00fasica pop espa\u00f1ola. Estandarte de la movida madrile\u00f1a en su debut con Ella y Los Neum\u00e1ticos, dio paso a un estilo m\u00e1s na\u00eff con \u00c1lex &amp; Cristina, que tuvo un \u00e9xito arrollador con \u2018Chas y Aparezco A Tu Lado\u2019, producida por Nacho Cano.<\/p>\n<p><iframe loading=\"lazy\" title=\"Christina Rosenvinge - Mi Habitaci\u00f3n (videoclip)\" width=\"1100\" height=\"825\" src=\"https:\/\/www.youtube.com\/embed\/B-lpy2406mw?feature=oembed\" frameborder=\"0\" allow=\"accelerometer; autoplay; clipboard-write; encrypted-media; gyroscope; picture-in-picture; web-share\" allowfullscreen><\/iframe><\/p>\n<p>Ha publicado una docena de discos en solitario y otros junto a m\u00e1s m\u00fasicos, fue pareja del escritor Ray Loriga, ha vivido una etapa en Nueva York donde alcanz\u00f3 un \u00e9xito notable de cr\u00edtica con el apoyo de sus amigos del grupo Sonic Youth y sigue llenando salas all\u00e1 donde va. Tambi\u00e9n ha presentado programas de televisi\u00f3n y radio, siempre vinculados a la m\u00fasica, y protagonizado pel\u00edculas como <em>Todo es mentira<\/em> o <em>La pistola de mi hermano<\/em>.<\/p>\n<div id=\"attachment_21294\" style=\"width: 1410px\" class=\"wp-caption alignnone\"><img loading=\"lazy\" decoding=\"async\" aria-describedby=\"caption-attachment-21294\" class=\"wp-image-21294 size-full\" src=\"https:\/\/musica.santjosep.org\/wp-content\/uploads\/2023\/05\/The-new-young-polaks-9.jpg\" alt=\"\" width=\"1400\" height=\"934\" srcset=\"https:\/\/musica.santjosep.org\/wp-content\/uploads\/2023\/05\/The-new-young-polaks-9.jpg 1400w, https:\/\/musica.santjosep.org\/wp-content\/uploads\/2023\/05\/The-new-young-polaks-9-300x200.jpg 300w, https:\/\/musica.santjosep.org\/wp-content\/uploads\/2023\/05\/The-new-young-polaks-9-1024x683.jpg 1024w, https:\/\/musica.santjosep.org\/wp-content\/uploads\/2023\/05\/The-new-young-polaks-9-768x512.jpg 768w\" sizes=\"auto, (max-width: 1400px) 100vw, 1400px\" \/><p id=\"caption-attachment-21294\" class=\"wp-caption-text\">The New Young Polaks. Foto: Joan F. Ribas<\/p><\/div>\n<p>The New Young Polaks, por otro lado, es uno de los grupos m\u00e1s j\u00f3venes de la isla. Se form\u00f3 en 2021, cuando todos sus integrantes ten\u00edan entre 14 y 16 a\u00f1os. Ellos son Marc Serra (guitarra), Toni L\u00f3pez (bater\u00eda), A\u0301ngel Lo\u0301pez (voz) y Rau\u0301l Torres (bajo). Sus mayores influencias son el rock y el blues de los a\u00f1os sesenta y setenta, con bandas como Led Zeppelin, The Rolling Stones, Eric Clapton, The Who, Jimi Hendrix\u2026 Durante sus conciertos realizan versiones de estos grupos y otros de la \u00e9poca y tambi\u00e9n componen sus propios temas.<\/p>\n","protected":false},"excerpt":{"rendered":"<p>Tercer concierto del programa de Dorado Live Shows, que protagoniza la famosa artista Christina Rosenvinge, teloneada por el joven grupo ibicenco The New Young Polaks. Este certamen lo organiza la cadena Concept Hotel Group y, por primera vez, se traslada [&hellip;]<\/p>\n","protected":false},"author":2,"featured_media":21292,"template":"","meta":{"_acf_changed":false,"_tribe_events_status":"","_tribe_events_status_reason":"","_tribe_events_is_hybrid":"","_tribe_events_is_virtual":"","_tribe_events_virtual_video_source":"","_tribe_events_virtual_embed_video":"","_tribe_events_virtual_linked_button_text":"","_tribe_events_virtual_linked_button":"","_tribe_events_virtual_show_embed_at":"","_tribe_events_virtual_show_embed_to":[],"_tribe_events_virtual_show_on_event":"","_tribe_events_virtual_show_on_views":"","_tribe_events_virtual_url":"","footnotes":""},"tags":[],"tribe_events_cat":[29,15],"class_list":["post-21432","tribe_events","type-tribe_events","status-publish","has-post-thumbnail","hentry","tribe_events_cat-pop","tribe_events_cat-rock","cat_pop","cat_rock"],"acf":[],"yoast_head":"<!-- This site is optimized with the Yoast SEO plugin v26.6 - https:\/\/yoast.com\/wordpress\/plugins\/seo\/ -->\n<title>Christina Rosenvinge y The New Young Polaks, en Dorado Live Shows - Sant Josep \u00e9s m\u00fasica<\/title>\n<meta name=\"robots\" content=\"index, follow, max-snippet:-1, max-image-preview:large, max-video-preview:-1\" \/>\n<link rel=\"canonical\" href=\"https:\/\/musica.santjosep.org\/es\/concierto\/christina-rosenvinge-y-the-new-young-polaks-en-dorado-live-shows\/\" \/>\n<meta property=\"og:locale\" content=\"es_ES\" \/>\n<meta property=\"og:type\" content=\"article\" \/>\n<meta property=\"og:title\" content=\"Christina Rosenvinge y The New Young Polaks, en Dorado Live Shows - Sant Josep \u00e9s m\u00fasica\" \/>\n<meta property=\"og:description\" content=\"Tercer concierto del programa de Dorado Live Shows, que protagoniza la famosa artista Christina Rosenvinge, teloneada por el joven grupo ibicenco The New Young Polaks. Este certamen lo organiza la cadena Concept Hotel Group y, por primera vez, se traslada [&hellip;]\" \/>\n<meta property=\"og:url\" content=\"https:\/\/musica.santjosep.org\/es\/concierto\/christina-rosenvinge-y-the-new-young-polaks-en-dorado-live-shows\/\" \/>\n<meta property=\"og:site_name\" content=\"Sant Josep \u00e9s m\u00fasica\" \/>\n<meta property=\"article:publisher\" content=\"https:\/\/www.facebook.com\/Sant-Josep-s-Msica-105337042007790\" \/>\n<meta property=\"og:image\" content=\"https:\/\/musica.santjosep.org\/wp-content\/uploads\/2023\/05\/christina-rosenvinge-1-rec.jpg\" \/>\n\t<meta property=\"og:image:width\" content=\"1400\" \/>\n\t<meta property=\"og:image:height\" content=\"933\" \/>\n\t<meta property=\"og:image:type\" content=\"image\/jpeg\" \/>\n<meta name=\"twitter:card\" content=\"summary_large_image\" \/>\n<meta name=\"twitter:site\" content=\"@MusicaSantJosep\" \/>\n<meta name=\"twitter:label1\" content=\"Tiempo de lectura\" \/>\n\t<meta name=\"twitter:data1\" content=\"2 minutos\" \/>\n<script type=\"application\/ld+json\" class=\"yoast-schema-graph\">{\"@context\":\"https:\/\/schema.org\",\"@graph\":[{\"@type\":\"WebPage\",\"@id\":\"https:\/\/musica.santjosep.org\/es\/concierto\/christina-rosenvinge-y-the-new-young-polaks-en-dorado-live-shows\/\",\"url\":\"https:\/\/musica.santjosep.org\/es\/concierto\/christina-rosenvinge-y-the-new-young-polaks-en-dorado-live-shows\/\",\"name\":\"Christina Rosenvinge y The New Young Polaks, en Dorado Live Shows - Sant Josep \u00e9s m\u00fasica\",\"isPartOf\":{\"@id\":\"https:\/\/musica.santjosep.org\/es\/#website\"},\"primaryImageOfPage\":{\"@id\":\"https:\/\/musica.santjosep.org\/es\/concierto\/christina-rosenvinge-y-the-new-young-polaks-en-dorado-live-shows\/#primaryimage\"},\"image\":{\"@id\":\"https:\/\/musica.santjosep.org\/es\/concierto\/christina-rosenvinge-y-the-new-young-polaks-en-dorado-live-shows\/#primaryimage\"},\"thumbnailUrl\":\"https:\/\/musica.santjosep.org\/wp-content\/uploads\/2023\/05\/christina-rosenvinge-1-rec.jpg\",\"datePublished\":\"2023-05-17T11:26:53+00:00\",\"breadcrumb\":{\"@id\":\"https:\/\/musica.santjosep.org\/es\/concierto\/christina-rosenvinge-y-the-new-young-polaks-en-dorado-live-shows\/#breadcrumb\"},\"inLanguage\":\"es\",\"potentialAction\":[{\"@type\":\"ReadAction\",\"target\":[\"https:\/\/musica.santjosep.org\/es\/concierto\/christina-rosenvinge-y-the-new-young-polaks-en-dorado-live-shows\/\"]}]},{\"@type\":\"ImageObject\",\"inLanguage\":\"es\",\"@id\":\"https:\/\/musica.santjosep.org\/es\/concierto\/christina-rosenvinge-y-the-new-young-polaks-en-dorado-live-shows\/#primaryimage\",\"url\":\"https:\/\/musica.santjosep.org\/wp-content\/uploads\/2023\/05\/christina-rosenvinge-1-rec.jpg\",\"contentUrl\":\"https:\/\/musica.santjosep.org\/wp-content\/uploads\/2023\/05\/christina-rosenvinge-1-rec.jpg\",\"width\":1400,\"height\":933},{\"@type\":\"BreadcrumbList\",\"@id\":\"https:\/\/musica.santjosep.org\/es\/concierto\/christina-rosenvinge-y-the-new-young-polaks-en-dorado-live-shows\/#breadcrumb\",\"itemListElement\":[{\"@type\":\"ListItem\",\"position\":1,\"name\":\"Portada\",\"item\":\"https:\/\/musica.santjosep.org\/es\/\"},{\"@type\":\"ListItem\",\"position\":2,\"name\":\"Eventos\",\"item\":\"https:\/\/musica.santjosep.org\/es\/concerts\/\"},{\"@type\":\"ListItem\",\"position\":3,\"name\":\"Christina Rosenvinge y The New Young Polaks, en Dorado Live Shows\"}]},{\"@type\":\"WebSite\",\"@id\":\"https:\/\/musica.santjosep.org\/es\/#website\",\"url\":\"https:\/\/musica.santjosep.org\/es\/\",\"name\":\"Sant Josep \u00e9s m\u00fasica\",\"description\":\"Informaci\u00f3n actualizada de todos los conciertos, grupos y artistas que act\u00faen tanto en fiestas y festivales, como en establecimientos privados en el municipio de Sant Josep de sa Talaia\",\"publisher\":{\"@id\":\"https:\/\/musica.santjosep.org\/es\/#organization\"},\"potentialAction\":[{\"@type\":\"SearchAction\",\"target\":{\"@type\":\"EntryPoint\",\"urlTemplate\":\"https:\/\/musica.santjosep.org\/es\/?s={search_term_string}\"},\"query-input\":{\"@type\":\"PropertyValueSpecification\",\"valueRequired\":true,\"valueName\":\"search_term_string\"}}],\"inLanguage\":\"es\"},{\"@type\":\"Organization\",\"@id\":\"https:\/\/musica.santjosep.org\/es\/#organization\",\"name\":\"Sant Josep \u00e9s m\u00fasica\",\"url\":\"https:\/\/musica.santjosep.org\/es\/\",\"logo\":{\"@type\":\"ImageObject\",\"inLanguage\":\"es\",\"@id\":\"https:\/\/musica.santjosep.org\/es\/#\/schema\/logo\/image\/\",\"url\":\"https:\/\/musica.santjosep.org\/wp-content\/uploads\/2022\/01\/logo-SJEM.png\",\"contentUrl\":\"https:\/\/musica.santjosep.org\/wp-content\/uploads\/2022\/01\/logo-SJEM.png\",\"width\":213,\"height\":103,\"caption\":\"Sant Josep \u00e9s m\u00fasica\"},\"image\":{\"@id\":\"https:\/\/musica.santjosep.org\/es\/#\/schema\/logo\/image\/\"},\"sameAs\":[\"https:\/\/www.facebook.com\/Sant-Josep-s-Msica-105337042007790\",\"https:\/\/x.com\/MusicaSantJosep\",\"https:\/\/www.instagram.com\/musicasantjosep\/\",\"https:\/\/www.youtube.com\/channel\/UCBSLSUpqfrfsiOMVslmZEJA\"]}]}<\/script>\n<!-- \/ Yoast SEO plugin. -->","yoast_head_json":{"title":"Christina Rosenvinge y The New Young Polaks, en Dorado Live Shows - Sant Josep \u00e9s m\u00fasica","robots":{"index":"index","follow":"follow","max-snippet":"max-snippet:-1","max-image-preview":"max-image-preview:large","max-video-preview":"max-video-preview:-1"},"canonical":"https:\/\/musica.santjosep.org\/es\/concierto\/christina-rosenvinge-y-the-new-young-polaks-en-dorado-live-shows\/","og_locale":"es_ES","og_type":"article","og_title":"Christina Rosenvinge y The New Young Polaks, en Dorado Live Shows - Sant Josep \u00e9s m\u00fasica","og_description":"Tercer concierto del programa de Dorado Live Shows, que protagoniza la famosa artista Christina Rosenvinge, teloneada por el joven grupo ibicenco The New Young Polaks. Este certamen lo organiza la cadena Concept Hotel Group y, por primera vez, se traslada [&hellip;]","og_url":"https:\/\/musica.santjosep.org\/es\/concierto\/christina-rosenvinge-y-the-new-young-polaks-en-dorado-live-shows\/","og_site_name":"Sant Josep \u00e9s m\u00fasica","article_publisher":"https:\/\/www.facebook.com\/Sant-Josep-s-Msica-105337042007790","og_image":[{"width":1400,"height":933,"url":"https:\/\/musica.santjosep.org\/wp-content\/uploads\/2023\/05\/christina-rosenvinge-1-rec.jpg","type":"image\/jpeg"}],"twitter_card":"summary_large_image","twitter_site":"@MusicaSantJosep","twitter_misc":{"Tiempo de lectura":"2 minutos"},"schema":{"@context":"https:\/\/schema.org","@graph":[{"@type":"WebPage","@id":"https:\/\/musica.santjosep.org\/es\/concierto\/christina-rosenvinge-y-the-new-young-polaks-en-dorado-live-shows\/","url":"https:\/\/musica.santjosep.org\/es\/concierto\/christina-rosenvinge-y-the-new-young-polaks-en-dorado-live-shows\/","name":"Christina Rosenvinge y The New Young Polaks, en Dorado Live Shows - Sant Josep \u00e9s m\u00fasica","isPartOf":{"@id":"https:\/\/musica.santjosep.org\/es\/#website"},"primaryImageOfPage":{"@id":"https:\/\/musica.santjosep.org\/es\/concierto\/christina-rosenvinge-y-the-new-young-polaks-en-dorado-live-shows\/#primaryimage"},"image":{"@id":"https:\/\/musica.santjosep.org\/es\/concierto\/christina-rosenvinge-y-the-new-young-polaks-en-dorado-live-shows\/#primaryimage"},"thumbnailUrl":"https:\/\/musica.santjosep.org\/wp-content\/uploads\/2023\/05\/christina-rosenvinge-1-rec.jpg","datePublished":"2023-05-17T11:26:53+00:00","breadcrumb":{"@id":"https:\/\/musica.santjosep.org\/es\/concierto\/christina-rosenvinge-y-the-new-young-polaks-en-dorado-live-shows\/#breadcrumb"},"inLanguage":"es","potentialAction":[{"@type":"ReadAction","target":["https:\/\/musica.santjosep.org\/es\/concierto\/christina-rosenvinge-y-the-new-young-polaks-en-dorado-live-shows\/"]}]},{"@type":"ImageObject","inLanguage":"es","@id":"https:\/\/musica.santjosep.org\/es\/concierto\/christina-rosenvinge-y-the-new-young-polaks-en-dorado-live-shows\/#primaryimage","url":"https:\/\/musica.santjosep.org\/wp-content\/uploads\/2023\/05\/christina-rosenvinge-1-rec.jpg","contentUrl":"https:\/\/musica.santjosep.org\/wp-content\/uploads\/2023\/05\/christina-rosenvinge-1-rec.jpg","width":1400,"height":933},{"@type":"BreadcrumbList","@id":"https:\/\/musica.santjosep.org\/es\/concierto\/christina-rosenvinge-y-the-new-young-polaks-en-dorado-live-shows\/#breadcrumb","itemListElement":[{"@type":"ListItem","position":1,"name":"Portada","item":"https:\/\/musica.santjosep.org\/es\/"},{"@type":"ListItem","position":2,"name":"Eventos","item":"https:\/\/musica.santjosep.org\/es\/concerts\/"},{"@type":"ListItem","position":3,"name":"Christina Rosenvinge y The New Young Polaks, en Dorado Live Shows"}]},{"@type":"WebSite","@id":"https:\/\/musica.santjosep.org\/es\/#website","url":"https:\/\/musica.santjosep.org\/es\/","name":"Sant Josep \u00e9s m\u00fasica","description":"Informaci\u00f3n actualizada de todos los conciertos, grupos y artistas que act\u00faen tanto en fiestas y festivales, como en establecimientos privados en el municipio de Sant Josep de sa Talaia","publisher":{"@id":"https:\/\/musica.santjosep.org\/es\/#organization"},"potentialAction":[{"@type":"SearchAction","target":{"@type":"EntryPoint","urlTemplate":"https:\/\/musica.santjosep.org\/es\/?s={search_term_string}"},"query-input":{"@type":"PropertyValueSpecification","valueRequired":true,"valueName":"search_term_string"}}],"inLanguage":"es"},{"@type":"Organization","@id":"https:\/\/musica.santjosep.org\/es\/#organization","name":"Sant Josep \u00e9s m\u00fasica","url":"https:\/\/musica.santjosep.org\/es\/","logo":{"@type":"ImageObject","inLanguage":"es","@id":"https:\/\/musica.santjosep.org\/es\/#\/schema\/logo\/image\/","url":"https:\/\/musica.santjosep.org\/wp-content\/uploads\/2022\/01\/logo-SJEM.png","contentUrl":"https:\/\/musica.santjosep.org\/wp-content\/uploads\/2022\/01\/logo-SJEM.png","width":213,"height":103,"caption":"Sant Josep \u00e9s m\u00fasica"},"image":{"@id":"https:\/\/musica.santjosep.org\/es\/#\/schema\/logo\/image\/"},"sameAs":["https:\/\/www.facebook.com\/Sant-Josep-s-Msica-105337042007790","https:\/\/x.com\/MusicaSantJosep","https:\/\/www.instagram.com\/musicasantjosep\/","https:\/\/www.youtube.com\/channel\/UCBSLSUpqfrfsiOMVslmZEJA"]}]}},"_links":{"self":[{"href":"https:\/\/musica.santjosep.org\/es\/wp-json\/wp\/v2\/tribe_events\/21432","targetHints":{"allow":["GET"]}}],"collection":[{"href":"https:\/\/musica.santjosep.org\/es\/wp-json\/wp\/v2\/tribe_events"}],"about":[{"href":"https:\/\/musica.santjosep.org\/es\/wp-json\/wp\/v2\/types\/tribe_events"}],"author":[{"embeddable":true,"href":"https:\/\/musica.santjosep.org\/es\/wp-json\/wp\/v2\/users\/2"}],"version-history":[{"count":0,"href":"https:\/\/musica.santjosep.org\/es\/wp-json\/wp\/v2\/tribe_events\/21432\/revisions"}],"wp:featuredmedia":[{"embeddable":true,"href":"https:\/\/musica.santjosep.org\/es\/wp-json\/wp\/v2\/media\/21292"}],"wp:attachment":[{"href":"https:\/\/musica.santjosep.org\/es\/wp-json\/wp\/v2\/media?parent=21432"}],"wp:term":[{"taxonomy":"post_tag","embeddable":true,"href":"https:\/\/musica.santjosep.org\/es\/wp-json\/wp\/v2\/tags?post=21432"},{"taxonomy":"tribe_events_cat","embeddable":true,"href":"https:\/\/musica.santjosep.org\/es\/wp-json\/wp\/v2\/tribe_events_cat?post=21432"}],"curies":[{"name":"wp","href":"https:\/\/api.w.org\/{rel}","templated":true}]}}