{"id":21429,"date":"2023-05-17T12:58:57","date_gmt":"2023-05-17T10:58:57","guid":{"rendered":"https:\/\/musica.santjosep.org\/concert\/carlos-sadness-i-morning-drivers-en-el-segon-concert-de-dorado-live-shows\/"},"modified":"2023-05-17T13:01:25","modified_gmt":"2023-05-17T11:01:25","slug":"carlos-sadness-y-morning-drivers-en-el-segundo-concierto-de-dorado-live-shows","status":"publish","type":"tribe_events","link":"https:\/\/musica.santjosep.org\/es\/concierto\/carlos-sadness-y-morning-drivers-en-el-segundo-concierto-de-dorado-live-shows\/","title":{"rendered":"Carlos Sadness y Morning Drivers, en el segundo concierto de Dorado Live Shows"},"content":{"rendered":"<p>Segundo concierto del programa de Dorado Live Shows para este 2023, que protagonizan dos potentes bandas: el catal\u00e1n Carlos Sadness y los ibicencos Morning Drivers. Cabe recordar que este certamen lo organiza la cadena Concept Hotel Group y que, por primer a\u00f1o, se ha trasladado desde la terraza de los hoteles Dorado y Santos, en Platja d\u2019en Bossa, al nuevo espacio exterior Venice Bay de Cala de Bou, junto a los hoteles Paradiso Art Hotel y Gran Paradiso.<\/p>\n<p>El barcelon\u00e9s Carlos Sadness es un artista en el amplio sentido de la palabra: m\u00fasico, ilustrador con un Grammy en casa por el dise\u00f1o de arte que hizo para el \u00e1lbum <em>Diferentes tipos de luz<\/em>; un tipo, en definitiva, imposible de clasificar. Tras un tiempo publicando canciones por internet, el diario\u00a0El Pa\u00eds lo nombr\u00f3 \u201cUno de los rostros para el 2009\u201d. La idea de su actual proyecto musical como Carlos Sadness surgi\u00f3 durante una estancia en Los \u00c1ngeles, en el que concede un protagonismo absoluto a la letra de las canciones, utilizando partes recitadas. Esas canciones llegaron a Sony Music y la compa\u00f1\u00eda fich\u00f3 inmediatamente al artista.<\/p>\n<p><iframe loading=\"lazy\" title=\"Carlos Sadness - Isla Morenita\" width=\"1100\" height=\"619\" src=\"https:\/\/www.youtube.com\/embed\/YZ_KP3M85S0?feature=oembed\" frameborder=\"0\" allow=\"accelerometer; autoplay; clipboard-write; encrypted-media; gyroscope; picture-in-picture; web-share\" allowfullscreen><\/iframe><\/p>\n<p>En 2012 public\u00f3 el disco\u00a0<em>Ciencias Celestes<\/em>, con el primer exitoso single \u2018Hoy es el D\u00eda\u2019, que m\u00e1s adelante ser\u00eda utilizado para un anuncio de Walmart en Estados Unidos.\u00a0Ese mismo a\u00f1o, Sadness ya protagoniz\u00f3 un spot de San Miguel, cuya canci\u00f3n permaneci\u00f3 durante semanas como n\u00famero uno en iTunes.\u00a0Despu\u00e9s de tocar en importantes festivales y realizar una gira llena de <em>sold outs<\/em>, public\u00f3 en 2015 su segundo disco, <em>La idea salvaje<\/em>, el m\u00e1s reservado en Fnac durante navidades y n\u00famero uno durante semanas en el top viral de Spotify, situ\u00e1ndose entre los tres artistas indies con m\u00e1s reproducciones en <em>streaming<\/em>, m\u00e1s presencia en los festivales y m\u00e1s seguidores en redes sociales.<\/p>\n<p>A finales de 2016 visit\u00f3 Latinoam\u00e9rica y\u00a0se convirti\u00f3 en el primer artista espa\u00f1ol en agotar las entradas de un mes de conciertos el mismo d\u00eda del lanzamiento. Luego public\u00f3 el libro\u00a0Anatom\u00edas \u00edntimas (2016), con textos e ilustraciones realizados por \u00e9l mismo, coincidiendo con la superaci\u00f3n del\u00a0mill\u00f3n de escuchas mensuales en Spotify,\u00a0cifra nunca antes alcanzada por ninguna banda de la escena indie espa\u00f1ola. En 2018 public\u00f3\u00a0<em>Diferentes tipos de luz<\/em>, su tercer \u00e1lbum de estudio, n\u00famero dos en ventas de Espa\u00f1a y n\u00famero tres en M\u00e9xico.<\/p>\n<p>En 2020 public\u00f3 <em>Tropical Jesus<\/em>, cuarto \u00e1lbum de estudio, n\u00famero dos en ventas de Espa\u00f1a y con el que ya se situ\u00f3 en los dos millones de escuchas mensuales en Spotify, cifra nunca alcanzada por otra banda de indie nacional, con discos de platino para canciones como \u2018Isla Morenita\u2019 y \u2018Todo estaba bien\u2019.<\/p>\n<div id=\"attachment_21291\" style=\"width: 2058px\" class=\"wp-caption alignnone\"><img loading=\"lazy\" decoding=\"async\" aria-describedby=\"caption-attachment-21291\" class=\"wp-image-21291 size-full\" src=\"https:\/\/musica.santjosep.org\/wp-content\/uploads\/2023\/05\/Morning-Drivers.jpeg\" alt=\"\" width=\"2048\" height=\"1365\" srcset=\"https:\/\/musica.santjosep.org\/wp-content\/uploads\/2023\/05\/Morning-Drivers.jpeg 2048w, https:\/\/musica.santjosep.org\/wp-content\/uploads\/2023\/05\/Morning-Drivers-300x200.jpeg 300w, https:\/\/musica.santjosep.org\/wp-content\/uploads\/2023\/05\/Morning-Drivers-1024x683.jpeg 1024w, https:\/\/musica.santjosep.org\/wp-content\/uploads\/2023\/05\/Morning-Drivers-768x512.jpeg 768w, https:\/\/musica.santjosep.org\/wp-content\/uploads\/2023\/05\/Morning-Drivers-1536x1024.jpeg 1536w\" sizes=\"auto, (max-width: 2048px) 100vw, 2048px\" \/><p id=\"caption-attachment-21291\" class=\"wp-caption-text\">Morning Drivers<\/p><\/div>\n<p>La formaci\u00f3n ibicenca Morning Drivers, por su parte, es uno de los grupos de indie pop m\u00e1s destacados de la isla, con trabajos discogr\u00e1ficos que han tenido repercusi\u00f3n nacional. La componen Miquel Serra, Luis Iglesias, Mariano Costa, Miquel M. Thomas y Sebastian Budding, todos procedentes de Ibiza. Comenzaron haciendo versiones de las bandas que m\u00e1s les gustaban y, a partir de 2015, se dedicaron a componer.<\/p>\n<p>Fruto de aquel trabajo surgi\u00f3 su primer \u00e1lbum, <em>Perspectiva<\/em>, publicado en 2017, que ya les permiti\u00f3 afrontar una amplia gira nacional, con parada en ciudades como Barcelona, Madrid, Valencia, Granada, C\u00f3rdoba, Albacete, Salamanca o Zaragoza. Su segundo \u00e1lbum, <em>Nuevas Intenciones<\/em> (2020), tambi\u00e9n los ha llevado a recorrer el pa\u00eds y participar en m\u00faltiples festivales. En Ibiza cuentan con una legi\u00f3n de seguidores y cada vez que act\u00faan suelen llenar plazas y auditorios. Ya han sacado varios temas adelantados del que ser\u00e1 su tercer \u00e1lbum de estudio.<\/p>\n","protected":false},"excerpt":{"rendered":"<p>Segundo concierto del programa de Dorado Live Shows para este 2023, que protagonizan dos potentes bandas: el catal\u00e1n Carlos Sadness y los ibicencos Morning Drivers. Cabe recordar que este certamen lo organiza la cadena Concept Hotel Group y que, por [&hellip;]<\/p>\n","protected":false},"author":2,"featured_media":21288,"template":"","meta":{"_acf_changed":false,"_tribe_events_status":"","_tribe_events_status_reason":"","_tribe_events_is_hybrid":"","_tribe_events_is_virtual":"","_tribe_events_virtual_video_source":"","_tribe_events_virtual_embed_video":"","_tribe_events_virtual_linked_button_text":"","_tribe_events_virtual_linked_button":"","_tribe_events_virtual_show_embed_at":"","_tribe_events_virtual_show_embed_to":[],"_tribe_events_virtual_show_on_event":"","_tribe_events_virtual_show_on_views":"","_tribe_events_virtual_url":"","footnotes":""},"tags":[],"tribe_events_cat":[24,15],"class_list":["post-21429","tribe_events","type-tribe_events","status-publish","has-post-thumbnail","hentry","tribe_events_cat-indie","tribe_events_cat-rock","cat_indie","cat_rock"],"acf":[],"yoast_head":"<!-- This site is optimized with the Yoast SEO plugin v26.6 - https:\/\/yoast.com\/wordpress\/plugins\/seo\/ -->\n<title>Carlos Sadness y Morning Drivers, en el segundo concierto de Dorado Live Shows - Sant Josep \u00e9s m\u00fasica<\/title>\n<meta name=\"robots\" content=\"index, follow, max-snippet:-1, max-image-preview:large, max-video-preview:-1\" \/>\n<link rel=\"canonical\" href=\"https:\/\/musica.santjosep.org\/es\/concierto\/carlos-sadness-y-morning-drivers-en-el-segundo-concierto-de-dorado-live-shows\/\" \/>\n<meta property=\"og:locale\" content=\"es_ES\" \/>\n<meta property=\"og:type\" content=\"article\" \/>\n<meta property=\"og:title\" content=\"Carlos Sadness y Morning Drivers, en el segundo concierto de Dorado Live Shows - Sant Josep \u00e9s m\u00fasica\" \/>\n<meta property=\"og:description\" content=\"Segundo concierto del programa de Dorado Live Shows para este 2023, que protagonizan dos potentes bandas: el catal\u00e1n Carlos Sadness y los ibicencos Morning Drivers. Cabe recordar que este certamen lo organiza la cadena Concept Hotel Group y que, por [&hellip;]\" \/>\n<meta property=\"og:url\" content=\"https:\/\/musica.santjosep.org\/es\/concierto\/carlos-sadness-y-morning-drivers-en-el-segundo-concierto-de-dorado-live-shows\/\" \/>\n<meta property=\"og:site_name\" content=\"Sant Josep \u00e9s m\u00fasica\" \/>\n<meta property=\"article:publisher\" content=\"https:\/\/www.facebook.com\/Sant-Josep-s-Msica-105337042007790\" \/>\n<meta property=\"article:modified_time\" content=\"2023-05-17T11:01:25+00:00\" \/>\n<meta property=\"og:image\" content=\"https:\/\/musica.santjosep.org\/wp-content\/uploads\/2023\/05\/carlos-sadness-1-rec.jpg\" \/>\n\t<meta property=\"og:image:width\" content=\"1400\" \/>\n\t<meta property=\"og:image:height\" content=\"933\" \/>\n\t<meta property=\"og:image:type\" content=\"image\/jpeg\" \/>\n<meta name=\"twitter:card\" content=\"summary_large_image\" \/>\n<meta name=\"twitter:site\" content=\"@MusicaSantJosep\" \/>\n<meta name=\"twitter:label1\" content=\"Tiempo de lectura\" \/>\n\t<meta name=\"twitter:data1\" content=\"3 minutos\" \/>\n<script type=\"application\/ld+json\" class=\"yoast-schema-graph\">{\"@context\":\"https:\/\/schema.org\",\"@graph\":[{\"@type\":\"WebPage\",\"@id\":\"https:\/\/musica.santjosep.org\/es\/concierto\/carlos-sadness-y-morning-drivers-en-el-segundo-concierto-de-dorado-live-shows\/\",\"url\":\"https:\/\/musica.santjosep.org\/es\/concierto\/carlos-sadness-y-morning-drivers-en-el-segundo-concierto-de-dorado-live-shows\/\",\"name\":\"Carlos Sadness y Morning Drivers, en el segundo concierto de Dorado Live Shows - Sant Josep \u00e9s m\u00fasica\",\"isPartOf\":{\"@id\":\"https:\/\/musica.santjosep.org\/es\/#website\"},\"primaryImageOfPage\":{\"@id\":\"https:\/\/musica.santjosep.org\/es\/concierto\/carlos-sadness-y-morning-drivers-en-el-segundo-concierto-de-dorado-live-shows\/#primaryimage\"},\"image\":{\"@id\":\"https:\/\/musica.santjosep.org\/es\/concierto\/carlos-sadness-y-morning-drivers-en-el-segundo-concierto-de-dorado-live-shows\/#primaryimage\"},\"thumbnailUrl\":\"https:\/\/musica.santjosep.org\/wp-content\/uploads\/2023\/05\/carlos-sadness-1-rec.jpg\",\"datePublished\":\"2023-05-17T10:58:57+00:00\",\"dateModified\":\"2023-05-17T11:01:25+00:00\",\"breadcrumb\":{\"@id\":\"https:\/\/musica.santjosep.org\/es\/concierto\/carlos-sadness-y-morning-drivers-en-el-segundo-concierto-de-dorado-live-shows\/#breadcrumb\"},\"inLanguage\":\"es\",\"potentialAction\":[{\"@type\":\"ReadAction\",\"target\":[\"https:\/\/musica.santjosep.org\/es\/concierto\/carlos-sadness-y-morning-drivers-en-el-segundo-concierto-de-dorado-live-shows\/\"]}]},{\"@type\":\"ImageObject\",\"inLanguage\":\"es\",\"@id\":\"https:\/\/musica.santjosep.org\/es\/concierto\/carlos-sadness-y-morning-drivers-en-el-segundo-concierto-de-dorado-live-shows\/#primaryimage\",\"url\":\"https:\/\/musica.santjosep.org\/wp-content\/uploads\/2023\/05\/carlos-sadness-1-rec.jpg\",\"contentUrl\":\"https:\/\/musica.santjosep.org\/wp-content\/uploads\/2023\/05\/carlos-sadness-1-rec.jpg\",\"width\":1400,\"height\":933},{\"@type\":\"BreadcrumbList\",\"@id\":\"https:\/\/musica.santjosep.org\/es\/concierto\/carlos-sadness-y-morning-drivers-en-el-segundo-concierto-de-dorado-live-shows\/#breadcrumb\",\"itemListElement\":[{\"@type\":\"ListItem\",\"position\":1,\"name\":\"Portada\",\"item\":\"https:\/\/musica.santjosep.org\/es\/\"},{\"@type\":\"ListItem\",\"position\":2,\"name\":\"Eventos\",\"item\":\"https:\/\/musica.santjosep.org\/es\/concerts\/\"},{\"@type\":\"ListItem\",\"position\":3,\"name\":\"Carlos Sadness y Morning Drivers, en el segundo concierto de Dorado Live Shows\"}]},{\"@type\":\"WebSite\",\"@id\":\"https:\/\/musica.santjosep.org\/es\/#website\",\"url\":\"https:\/\/musica.santjosep.org\/es\/\",\"name\":\"Sant Josep \u00e9s m\u00fasica\",\"description\":\"Informaci\u00f3n actualizada de todos los conciertos, grupos y artistas que act\u00faen tanto en fiestas y festivales, como en establecimientos privados en el municipio de Sant Josep de sa Talaia\",\"publisher\":{\"@id\":\"https:\/\/musica.santjosep.org\/es\/#organization\"},\"potentialAction\":[{\"@type\":\"SearchAction\",\"target\":{\"@type\":\"EntryPoint\",\"urlTemplate\":\"https:\/\/musica.santjosep.org\/es\/?s={search_term_string}\"},\"query-input\":{\"@type\":\"PropertyValueSpecification\",\"valueRequired\":true,\"valueName\":\"search_term_string\"}}],\"inLanguage\":\"es\"},{\"@type\":\"Organization\",\"@id\":\"https:\/\/musica.santjosep.org\/es\/#organization\",\"name\":\"Sant Josep \u00e9s m\u00fasica\",\"url\":\"https:\/\/musica.santjosep.org\/es\/\",\"logo\":{\"@type\":\"ImageObject\",\"inLanguage\":\"es\",\"@id\":\"https:\/\/musica.santjosep.org\/es\/#\/schema\/logo\/image\/\",\"url\":\"https:\/\/musica.santjosep.org\/wp-content\/uploads\/2022\/01\/logo-SJEM.png\",\"contentUrl\":\"https:\/\/musica.santjosep.org\/wp-content\/uploads\/2022\/01\/logo-SJEM.png\",\"width\":213,\"height\":103,\"caption\":\"Sant Josep \u00e9s m\u00fasica\"},\"image\":{\"@id\":\"https:\/\/musica.santjosep.org\/es\/#\/schema\/logo\/image\/\"},\"sameAs\":[\"https:\/\/www.facebook.com\/Sant-Josep-s-Msica-105337042007790\",\"https:\/\/x.com\/MusicaSantJosep\",\"https:\/\/www.instagram.com\/musicasantjosep\/\",\"https:\/\/www.youtube.com\/channel\/UCBSLSUpqfrfsiOMVslmZEJA\"]}]}<\/script>\n<!-- \/ Yoast SEO plugin. -->","yoast_head_json":{"title":"Carlos Sadness y Morning Drivers, en el segundo concierto de Dorado Live Shows - Sant Josep \u00e9s m\u00fasica","robots":{"index":"index","follow":"follow","max-snippet":"max-snippet:-1","max-image-preview":"max-image-preview:large","max-video-preview":"max-video-preview:-1"},"canonical":"https:\/\/musica.santjosep.org\/es\/concierto\/carlos-sadness-y-morning-drivers-en-el-segundo-concierto-de-dorado-live-shows\/","og_locale":"es_ES","og_type":"article","og_title":"Carlos Sadness y Morning Drivers, en el segundo concierto de Dorado Live Shows - Sant Josep \u00e9s m\u00fasica","og_description":"Segundo concierto del programa de Dorado Live Shows para este 2023, que protagonizan dos potentes bandas: el catal\u00e1n Carlos Sadness y los ibicencos Morning Drivers. Cabe recordar que este certamen lo organiza la cadena Concept Hotel Group y que, por [&hellip;]","og_url":"https:\/\/musica.santjosep.org\/es\/concierto\/carlos-sadness-y-morning-drivers-en-el-segundo-concierto-de-dorado-live-shows\/","og_site_name":"Sant Josep \u00e9s m\u00fasica","article_publisher":"https:\/\/www.facebook.com\/Sant-Josep-s-Msica-105337042007790","article_modified_time":"2023-05-17T11:01:25+00:00","og_image":[{"width":1400,"height":933,"url":"https:\/\/musica.santjosep.org\/wp-content\/uploads\/2023\/05\/carlos-sadness-1-rec.jpg","type":"image\/jpeg"}],"twitter_card":"summary_large_image","twitter_site":"@MusicaSantJosep","twitter_misc":{"Tiempo de lectura":"3 minutos"},"schema":{"@context":"https:\/\/schema.org","@graph":[{"@type":"WebPage","@id":"https:\/\/musica.santjosep.org\/es\/concierto\/carlos-sadness-y-morning-drivers-en-el-segundo-concierto-de-dorado-live-shows\/","url":"https:\/\/musica.santjosep.org\/es\/concierto\/carlos-sadness-y-morning-drivers-en-el-segundo-concierto-de-dorado-live-shows\/","name":"Carlos Sadness y Morning Drivers, en el segundo concierto de Dorado Live Shows - Sant Josep \u00e9s m\u00fasica","isPartOf":{"@id":"https:\/\/musica.santjosep.org\/es\/#website"},"primaryImageOfPage":{"@id":"https:\/\/musica.santjosep.org\/es\/concierto\/carlos-sadness-y-morning-drivers-en-el-segundo-concierto-de-dorado-live-shows\/#primaryimage"},"image":{"@id":"https:\/\/musica.santjosep.org\/es\/concierto\/carlos-sadness-y-morning-drivers-en-el-segundo-concierto-de-dorado-live-shows\/#primaryimage"},"thumbnailUrl":"https:\/\/musica.santjosep.org\/wp-content\/uploads\/2023\/05\/carlos-sadness-1-rec.jpg","datePublished":"2023-05-17T10:58:57+00:00","dateModified":"2023-05-17T11:01:25+00:00","breadcrumb":{"@id":"https:\/\/musica.santjosep.org\/es\/concierto\/carlos-sadness-y-morning-drivers-en-el-segundo-concierto-de-dorado-live-shows\/#breadcrumb"},"inLanguage":"es","potentialAction":[{"@type":"ReadAction","target":["https:\/\/musica.santjosep.org\/es\/concierto\/carlos-sadness-y-morning-drivers-en-el-segundo-concierto-de-dorado-live-shows\/"]}]},{"@type":"ImageObject","inLanguage":"es","@id":"https:\/\/musica.santjosep.org\/es\/concierto\/carlos-sadness-y-morning-drivers-en-el-segundo-concierto-de-dorado-live-shows\/#primaryimage","url":"https:\/\/musica.santjosep.org\/wp-content\/uploads\/2023\/05\/carlos-sadness-1-rec.jpg","contentUrl":"https:\/\/musica.santjosep.org\/wp-content\/uploads\/2023\/05\/carlos-sadness-1-rec.jpg","width":1400,"height":933},{"@type":"BreadcrumbList","@id":"https:\/\/musica.santjosep.org\/es\/concierto\/carlos-sadness-y-morning-drivers-en-el-segundo-concierto-de-dorado-live-shows\/#breadcrumb","itemListElement":[{"@type":"ListItem","position":1,"name":"Portada","item":"https:\/\/musica.santjosep.org\/es\/"},{"@type":"ListItem","position":2,"name":"Eventos","item":"https:\/\/musica.santjosep.org\/es\/concerts\/"},{"@type":"ListItem","position":3,"name":"Carlos Sadness y Morning Drivers, en el segundo concierto de Dorado Live Shows"}]},{"@type":"WebSite","@id":"https:\/\/musica.santjosep.org\/es\/#website","url":"https:\/\/musica.santjosep.org\/es\/","name":"Sant Josep \u00e9s m\u00fasica","description":"Informaci\u00f3n actualizada de todos los conciertos, grupos y artistas que act\u00faen tanto en fiestas y festivales, como en establecimientos privados en el municipio de Sant Josep de sa Talaia","publisher":{"@id":"https:\/\/musica.santjosep.org\/es\/#organization"},"potentialAction":[{"@type":"SearchAction","target":{"@type":"EntryPoint","urlTemplate":"https:\/\/musica.santjosep.org\/es\/?s={search_term_string}"},"query-input":{"@type":"PropertyValueSpecification","valueRequired":true,"valueName":"search_term_string"}}],"inLanguage":"es"},{"@type":"Organization","@id":"https:\/\/musica.santjosep.org\/es\/#organization","name":"Sant Josep \u00e9s m\u00fasica","url":"https:\/\/musica.santjosep.org\/es\/","logo":{"@type":"ImageObject","inLanguage":"es","@id":"https:\/\/musica.santjosep.org\/es\/#\/schema\/logo\/image\/","url":"https:\/\/musica.santjosep.org\/wp-content\/uploads\/2022\/01\/logo-SJEM.png","contentUrl":"https:\/\/musica.santjosep.org\/wp-content\/uploads\/2022\/01\/logo-SJEM.png","width":213,"height":103,"caption":"Sant Josep \u00e9s m\u00fasica"},"image":{"@id":"https:\/\/musica.santjosep.org\/es\/#\/schema\/logo\/image\/"},"sameAs":["https:\/\/www.facebook.com\/Sant-Josep-s-Msica-105337042007790","https:\/\/x.com\/MusicaSantJosep","https:\/\/www.instagram.com\/musicasantjosep\/","https:\/\/www.youtube.com\/channel\/UCBSLSUpqfrfsiOMVslmZEJA"]}]}},"_links":{"self":[{"href":"https:\/\/musica.santjosep.org\/es\/wp-json\/wp\/v2\/tribe_events\/21429","targetHints":{"allow":["GET"]}}],"collection":[{"href":"https:\/\/musica.santjosep.org\/es\/wp-json\/wp\/v2\/tribe_events"}],"about":[{"href":"https:\/\/musica.santjosep.org\/es\/wp-json\/wp\/v2\/types\/tribe_events"}],"author":[{"embeddable":true,"href":"https:\/\/musica.santjosep.org\/es\/wp-json\/wp\/v2\/users\/2"}],"version-history":[{"count":0,"href":"https:\/\/musica.santjosep.org\/es\/wp-json\/wp\/v2\/tribe_events\/21429\/revisions"}],"wp:featuredmedia":[{"embeddable":true,"href":"https:\/\/musica.santjosep.org\/es\/wp-json\/wp\/v2\/media\/21288"}],"wp:attachment":[{"href":"https:\/\/musica.santjosep.org\/es\/wp-json\/wp\/v2\/media?parent=21429"}],"wp:term":[{"taxonomy":"post_tag","embeddable":true,"href":"https:\/\/musica.santjosep.org\/es\/wp-json\/wp\/v2\/tags?post=21429"},{"taxonomy":"tribe_events_cat","embeddable":true,"href":"https:\/\/musica.santjosep.org\/es\/wp-json\/wp\/v2\/tribe_events_cat?post=21429"}],"curies":[{"name":"wp","href":"https:\/\/api.w.org\/{rel}","templated":true}]}}