{"id":18404,"date":"2023-02-14T10:43:34","date_gmt":"2023-02-14T09:43:34","guid":{"rendered":"https:\/\/musica.santjosep.org\/?post_type=tribe_events&#038;p=18404"},"modified":"2023-02-14T10:43:34","modified_gmt":"2023-02-14T09:43:34","slug":"leilah-iggi-llevan-su-folk-y-rock-americano-a-la-cantina-la-pandilla-en-ses-salines","status":"publish","type":"tribe_events","link":"https:\/\/musica.santjosep.org\/es\/concierto\/leilah-iggi-llevan-su-folk-y-rock-americano-a-la-cantina-la-pandilla-en-ses-salines\/","title":{"rendered":"Leilah &#038; Iggi llevan su folk y rock americano a la cantina La Pandilla, en ses Salines"},"content":{"rendered":"<p>Este s\u00e1bado hay m\u00fasica en la cantina del alojamiento La Pandilla, en pleno Parque Natural de ses Salines, cerca del cruce de es Cavallet. En esta ocasi\u00f3n tiene como artistas invitados al d\u00fao formado por Leilah Broukhim e Iggi Torres. Traen un repertorio de folk y rock americano, as\u00ed como una colecci\u00f3n de temas propios de esta joven compositora, cantautora y tambi\u00e9n bailaora de flamenco, algo que sorprende en una neoyorquina. Iggi, por su parte, es un habitual de los escenarios ibicencos. Suele actuar con otros m\u00fasicos de la isla y con bandas como Chritikal Mike o Back in 5. Esta \u00faltima tambi\u00e9n la comparte con Leilah.<\/p>\n","protected":false},"excerpt":{"rendered":"<p>Este s\u00e1bado hay m\u00fasica en la cantina del alojamiento La Pandilla, en pleno Parque Natural de ses Salines, cerca del cruce de es Cavallet. En esta ocasi\u00f3n tiene como artistas invitados al d\u00fao formado por Leilah Broukhim e Iggi Torres. [&hellip;]<\/p>\n","protected":false},"author":2,"featured_media":18364,"template":"","meta":{"_acf_changed":false,"_tribe_events_status":"","_tribe_events_status_reason":"","_tribe_events_is_hybrid":"","_tribe_events_is_virtual":"","_tribe_events_virtual_video_source":"","_tribe_events_virtual_embed_video":"","_tribe_events_virtual_linked_button_text":"","_tribe_events_virtual_linked_button":"","_tribe_events_virtual_show_embed_at":"","_tribe_events_virtual_show_embed_to":[],"_tribe_events_virtual_show_on_event":"","_tribe_events_virtual_show_on_views":"","_tribe_events_virtual_url":"","footnotes":""},"tags":[],"tribe_events_cat":[17,15],"class_list":["post-18404","tribe_events","type-tribe_events","status-publish","has-post-thumbnail","hentry","tribe_events_cat-folk","tribe_events_cat-rock","cat_folk","cat_rock"],"acf":[],"yoast_head":"<!-- This site is optimized with the Yoast SEO plugin v26.6 - https:\/\/yoast.com\/wordpress\/plugins\/seo\/ -->\n<title>Leilah &amp; Iggi llevan su folk y rock americano a la cantina La Pandilla, en ses Salines - Sant Josep \u00e9s m\u00fasica<\/title>\n<meta name=\"robots\" content=\"index, follow, max-snippet:-1, max-image-preview:large, max-video-preview:-1\" \/>\n<link rel=\"canonical\" href=\"https:\/\/musica.santjosep.org\/es\/concierto\/leilah-iggi-llevan-su-folk-y-rock-americano-a-la-cantina-la-pandilla-en-ses-salines\/\" \/>\n<meta property=\"og:locale\" content=\"es_ES\" \/>\n<meta property=\"og:type\" content=\"article\" \/>\n<meta property=\"og:title\" content=\"Leilah &amp; Iggi llevan su folk y rock americano a la cantina La Pandilla, en ses Salines - Sant Josep \u00e9s m\u00fasica\" \/>\n<meta property=\"og:description\" content=\"Este s\u00e1bado hay m\u00fasica en la cantina del alojamiento La Pandilla, en pleno Parque Natural de ses Salines, cerca del cruce de es Cavallet. En esta ocasi\u00f3n tiene como artistas invitados al d\u00fao formado por Leilah Broukhim e Iggi Torres. [&hellip;]\" \/>\n<meta property=\"og:url\" content=\"https:\/\/musica.santjosep.org\/es\/concierto\/leilah-iggi-llevan-su-folk-y-rock-americano-a-la-cantina-la-pandilla-en-ses-salines\/\" \/>\n<meta property=\"og:site_name\" content=\"Sant Josep \u00e9s m\u00fasica\" \/>\n<meta property=\"article:publisher\" content=\"https:\/\/www.facebook.com\/Sant-Josep-s-Msica-105337042007790\" \/>\n<meta property=\"og:image\" content=\"https:\/\/musica.santjosep.org\/wp-content\/uploads\/2023\/02\/leilah-iggi-1-rec-1.jpg\" \/>\n\t<meta property=\"og:image:width\" content=\"1400\" \/>\n\t<meta property=\"og:image:height\" content=\"933\" \/>\n\t<meta property=\"og:image:type\" content=\"image\/jpeg\" \/>\n<meta name=\"twitter:card\" content=\"summary_large_image\" \/>\n<meta name=\"twitter:site\" content=\"@MusicaSantJosep\" \/>\n<meta name=\"twitter:label1\" content=\"Tiempo de lectura\" \/>\n\t<meta name=\"twitter:data1\" content=\"1 minuto\" \/>\n<script type=\"application\/ld+json\" class=\"yoast-schema-graph\">{\"@context\":\"https:\/\/schema.org\",\"@graph\":[{\"@type\":\"WebPage\",\"@id\":\"https:\/\/musica.santjosep.org\/es\/concierto\/leilah-iggi-llevan-su-folk-y-rock-americano-a-la-cantina-la-pandilla-en-ses-salines\/\",\"url\":\"https:\/\/musica.santjosep.org\/es\/concierto\/leilah-iggi-llevan-su-folk-y-rock-americano-a-la-cantina-la-pandilla-en-ses-salines\/\",\"name\":\"Leilah & Iggi llevan su folk y rock americano a la cantina La Pandilla, en ses Salines - Sant Josep \u00e9s m\u00fasica\",\"isPartOf\":{\"@id\":\"https:\/\/musica.santjosep.org\/es\/#website\"},\"primaryImageOfPage\":{\"@id\":\"https:\/\/musica.santjosep.org\/es\/concierto\/leilah-iggi-llevan-su-folk-y-rock-americano-a-la-cantina-la-pandilla-en-ses-salines\/#primaryimage\"},\"image\":{\"@id\":\"https:\/\/musica.santjosep.org\/es\/concierto\/leilah-iggi-llevan-su-folk-y-rock-americano-a-la-cantina-la-pandilla-en-ses-salines\/#primaryimage\"},\"thumbnailUrl\":\"https:\/\/musica.santjosep.org\/wp-content\/uploads\/2023\/02\/leilah-iggi-1-rec-1.jpg\",\"datePublished\":\"2023-02-14T09:43:34+00:00\",\"breadcrumb\":{\"@id\":\"https:\/\/musica.santjosep.org\/es\/concierto\/leilah-iggi-llevan-su-folk-y-rock-americano-a-la-cantina-la-pandilla-en-ses-salines\/#breadcrumb\"},\"inLanguage\":\"es\",\"potentialAction\":[{\"@type\":\"ReadAction\",\"target\":[\"https:\/\/musica.santjosep.org\/es\/concierto\/leilah-iggi-llevan-su-folk-y-rock-americano-a-la-cantina-la-pandilla-en-ses-salines\/\"]}]},{\"@type\":\"ImageObject\",\"inLanguage\":\"es\",\"@id\":\"https:\/\/musica.santjosep.org\/es\/concierto\/leilah-iggi-llevan-su-folk-y-rock-americano-a-la-cantina-la-pandilla-en-ses-salines\/#primaryimage\",\"url\":\"https:\/\/musica.santjosep.org\/wp-content\/uploads\/2023\/02\/leilah-iggi-1-rec-1.jpg\",\"contentUrl\":\"https:\/\/musica.santjosep.org\/wp-content\/uploads\/2023\/02\/leilah-iggi-1-rec-1.jpg\",\"width\":1400,\"height\":933},{\"@type\":\"BreadcrumbList\",\"@id\":\"https:\/\/musica.santjosep.org\/es\/concierto\/leilah-iggi-llevan-su-folk-y-rock-americano-a-la-cantina-la-pandilla-en-ses-salines\/#breadcrumb\",\"itemListElement\":[{\"@type\":\"ListItem\",\"position\":1,\"name\":\"Portada\",\"item\":\"https:\/\/musica.santjosep.org\/es\/\"},{\"@type\":\"ListItem\",\"position\":2,\"name\":\"Eventos\",\"item\":\"https:\/\/musica.santjosep.org\/es\/concerts\/\"},{\"@type\":\"ListItem\",\"position\":3,\"name\":\"Leilah &#038; Iggi llevan su folk y rock americano a la cantina La Pandilla, en ses Salines\"}]},{\"@type\":\"WebSite\",\"@id\":\"https:\/\/musica.santjosep.org\/es\/#website\",\"url\":\"https:\/\/musica.santjosep.org\/es\/\",\"name\":\"Sant Josep \u00e9s m\u00fasica\",\"description\":\"Informaci\u00f3n actualizada de todos los conciertos, grupos y artistas que act\u00faen tanto en fiestas y festivales, como en establecimientos privados en el municipio de Sant Josep de sa Talaia\",\"publisher\":{\"@id\":\"https:\/\/musica.santjosep.org\/es\/#organization\"},\"potentialAction\":[{\"@type\":\"SearchAction\",\"target\":{\"@type\":\"EntryPoint\",\"urlTemplate\":\"https:\/\/musica.santjosep.org\/es\/?s={search_term_string}\"},\"query-input\":{\"@type\":\"PropertyValueSpecification\",\"valueRequired\":true,\"valueName\":\"search_term_string\"}}],\"inLanguage\":\"es\"},{\"@type\":\"Organization\",\"@id\":\"https:\/\/musica.santjosep.org\/es\/#organization\",\"name\":\"Sant Josep \u00e9s m\u00fasica\",\"url\":\"https:\/\/musica.santjosep.org\/es\/\",\"logo\":{\"@type\":\"ImageObject\",\"inLanguage\":\"es\",\"@id\":\"https:\/\/musica.santjosep.org\/es\/#\/schema\/logo\/image\/\",\"url\":\"https:\/\/musica.santjosep.org\/wp-content\/uploads\/2022\/01\/logo-SJEM.png\",\"contentUrl\":\"https:\/\/musica.santjosep.org\/wp-content\/uploads\/2022\/01\/logo-SJEM.png\",\"width\":213,\"height\":103,\"caption\":\"Sant Josep \u00e9s m\u00fasica\"},\"image\":{\"@id\":\"https:\/\/musica.santjosep.org\/es\/#\/schema\/logo\/image\/\"},\"sameAs\":[\"https:\/\/www.facebook.com\/Sant-Josep-s-Msica-105337042007790\",\"https:\/\/x.com\/MusicaSantJosep\",\"https:\/\/www.instagram.com\/musicasantjosep\/\",\"https:\/\/www.youtube.com\/channel\/UCBSLSUpqfrfsiOMVslmZEJA\"]}]}<\/script>\n<!-- \/ Yoast SEO plugin. -->","yoast_head_json":{"title":"Leilah & Iggi llevan su folk y rock americano a la cantina La Pandilla, en ses Salines - Sant Josep \u00e9s m\u00fasica","robots":{"index":"index","follow":"follow","max-snippet":"max-snippet:-1","max-image-preview":"max-image-preview:large","max-video-preview":"max-video-preview:-1"},"canonical":"https:\/\/musica.santjosep.org\/es\/concierto\/leilah-iggi-llevan-su-folk-y-rock-americano-a-la-cantina-la-pandilla-en-ses-salines\/","og_locale":"es_ES","og_type":"article","og_title":"Leilah & Iggi llevan su folk y rock americano a la cantina La Pandilla, en ses Salines - Sant Josep \u00e9s m\u00fasica","og_description":"Este s\u00e1bado hay m\u00fasica en la cantina del alojamiento La Pandilla, en pleno Parque Natural de ses Salines, cerca del cruce de es Cavallet. En esta ocasi\u00f3n tiene como artistas invitados al d\u00fao formado por Leilah Broukhim e Iggi Torres. [&hellip;]","og_url":"https:\/\/musica.santjosep.org\/es\/concierto\/leilah-iggi-llevan-su-folk-y-rock-americano-a-la-cantina-la-pandilla-en-ses-salines\/","og_site_name":"Sant Josep \u00e9s m\u00fasica","article_publisher":"https:\/\/www.facebook.com\/Sant-Josep-s-Msica-105337042007790","og_image":[{"width":1400,"height":933,"url":"https:\/\/musica.santjosep.org\/wp-content\/uploads\/2023\/02\/leilah-iggi-1-rec-1.jpg","type":"image\/jpeg"}],"twitter_card":"summary_large_image","twitter_site":"@MusicaSantJosep","twitter_misc":{"Tiempo de lectura":"1 minuto"},"schema":{"@context":"https:\/\/schema.org","@graph":[{"@type":"WebPage","@id":"https:\/\/musica.santjosep.org\/es\/concierto\/leilah-iggi-llevan-su-folk-y-rock-americano-a-la-cantina-la-pandilla-en-ses-salines\/","url":"https:\/\/musica.santjosep.org\/es\/concierto\/leilah-iggi-llevan-su-folk-y-rock-americano-a-la-cantina-la-pandilla-en-ses-salines\/","name":"Leilah & Iggi llevan su folk y rock americano a la cantina La Pandilla, en ses Salines - Sant Josep \u00e9s m\u00fasica","isPartOf":{"@id":"https:\/\/musica.santjosep.org\/es\/#website"},"primaryImageOfPage":{"@id":"https:\/\/musica.santjosep.org\/es\/concierto\/leilah-iggi-llevan-su-folk-y-rock-americano-a-la-cantina-la-pandilla-en-ses-salines\/#primaryimage"},"image":{"@id":"https:\/\/musica.santjosep.org\/es\/concierto\/leilah-iggi-llevan-su-folk-y-rock-americano-a-la-cantina-la-pandilla-en-ses-salines\/#primaryimage"},"thumbnailUrl":"https:\/\/musica.santjosep.org\/wp-content\/uploads\/2023\/02\/leilah-iggi-1-rec-1.jpg","datePublished":"2023-02-14T09:43:34+00:00","breadcrumb":{"@id":"https:\/\/musica.santjosep.org\/es\/concierto\/leilah-iggi-llevan-su-folk-y-rock-americano-a-la-cantina-la-pandilla-en-ses-salines\/#breadcrumb"},"inLanguage":"es","potentialAction":[{"@type":"ReadAction","target":["https:\/\/musica.santjosep.org\/es\/concierto\/leilah-iggi-llevan-su-folk-y-rock-americano-a-la-cantina-la-pandilla-en-ses-salines\/"]}]},{"@type":"ImageObject","inLanguage":"es","@id":"https:\/\/musica.santjosep.org\/es\/concierto\/leilah-iggi-llevan-su-folk-y-rock-americano-a-la-cantina-la-pandilla-en-ses-salines\/#primaryimage","url":"https:\/\/musica.santjosep.org\/wp-content\/uploads\/2023\/02\/leilah-iggi-1-rec-1.jpg","contentUrl":"https:\/\/musica.santjosep.org\/wp-content\/uploads\/2023\/02\/leilah-iggi-1-rec-1.jpg","width":1400,"height":933},{"@type":"BreadcrumbList","@id":"https:\/\/musica.santjosep.org\/es\/concierto\/leilah-iggi-llevan-su-folk-y-rock-americano-a-la-cantina-la-pandilla-en-ses-salines\/#breadcrumb","itemListElement":[{"@type":"ListItem","position":1,"name":"Portada","item":"https:\/\/musica.santjosep.org\/es\/"},{"@type":"ListItem","position":2,"name":"Eventos","item":"https:\/\/musica.santjosep.org\/es\/concerts\/"},{"@type":"ListItem","position":3,"name":"Leilah &#038; Iggi llevan su folk y rock americano a la cantina La Pandilla, en ses Salines"}]},{"@type":"WebSite","@id":"https:\/\/musica.santjosep.org\/es\/#website","url":"https:\/\/musica.santjosep.org\/es\/","name":"Sant Josep \u00e9s m\u00fasica","description":"Informaci\u00f3n actualizada de todos los conciertos, grupos y artistas que act\u00faen tanto en fiestas y festivales, como en establecimientos privados en el municipio de Sant Josep de sa Talaia","publisher":{"@id":"https:\/\/musica.santjosep.org\/es\/#organization"},"potentialAction":[{"@type":"SearchAction","target":{"@type":"EntryPoint","urlTemplate":"https:\/\/musica.santjosep.org\/es\/?s={search_term_string}"},"query-input":{"@type":"PropertyValueSpecification","valueRequired":true,"valueName":"search_term_string"}}],"inLanguage":"es"},{"@type":"Organization","@id":"https:\/\/musica.santjosep.org\/es\/#organization","name":"Sant Josep \u00e9s m\u00fasica","url":"https:\/\/musica.santjosep.org\/es\/","logo":{"@type":"ImageObject","inLanguage":"es","@id":"https:\/\/musica.santjosep.org\/es\/#\/schema\/logo\/image\/","url":"https:\/\/musica.santjosep.org\/wp-content\/uploads\/2022\/01\/logo-SJEM.png","contentUrl":"https:\/\/musica.santjosep.org\/wp-content\/uploads\/2022\/01\/logo-SJEM.png","width":213,"height":103,"caption":"Sant Josep \u00e9s m\u00fasica"},"image":{"@id":"https:\/\/musica.santjosep.org\/es\/#\/schema\/logo\/image\/"},"sameAs":["https:\/\/www.facebook.com\/Sant-Josep-s-Msica-105337042007790","https:\/\/x.com\/MusicaSantJosep","https:\/\/www.instagram.com\/musicasantjosep\/","https:\/\/www.youtube.com\/channel\/UCBSLSUpqfrfsiOMVslmZEJA"]}]}},"_links":{"self":[{"href":"https:\/\/musica.santjosep.org\/es\/wp-json\/wp\/v2\/tribe_events\/18404","targetHints":{"allow":["GET"]}}],"collection":[{"href":"https:\/\/musica.santjosep.org\/es\/wp-json\/wp\/v2\/tribe_events"}],"about":[{"href":"https:\/\/musica.santjosep.org\/es\/wp-json\/wp\/v2\/types\/tribe_events"}],"author":[{"embeddable":true,"href":"https:\/\/musica.santjosep.org\/es\/wp-json\/wp\/v2\/users\/2"}],"version-history":[{"count":0,"href":"https:\/\/musica.santjosep.org\/es\/wp-json\/wp\/v2\/tribe_events\/18404\/revisions"}],"wp:featuredmedia":[{"embeddable":true,"href":"https:\/\/musica.santjosep.org\/es\/wp-json\/wp\/v2\/media\/18364"}],"wp:attachment":[{"href":"https:\/\/musica.santjosep.org\/es\/wp-json\/wp\/v2\/media?parent=18404"}],"wp:term":[{"taxonomy":"post_tag","embeddable":true,"href":"https:\/\/musica.santjosep.org\/es\/wp-json\/wp\/v2\/tags?post=18404"},{"taxonomy":"tribe_events_cat","embeddable":true,"href":"https:\/\/musica.santjosep.org\/es\/wp-json\/wp\/v2\/tribe_events_cat?post=18404"}],"curies":[{"name":"wp","href":"https:\/\/api.w.org\/{rel}","templated":true}]}}