{"id":16702,"date":"2022-12-07T21:08:15","date_gmt":"2022-12-07T20:08:15","guid":{"rendered":"https:\/\/musica.santjosep.org\/?post_type=tribe_events&#038;p=16702"},"modified":"2022-12-21T11:09:48","modified_gmt":"2022-12-21T10:09:48","slug":"jazz-para-el-dia-de-reyes-con-pizza-4-brkfst-en-el-espai-nadalenc-de-sant-jordi","status":"publish","type":"tribe_events","link":"https:\/\/musica.santjosep.org\/es\/concierto\/jazz-para-el-dia-de-reyes-con-pizza-4-brkfst-en-el-espai-nadalenc-de-sant-jordi\/","title":{"rendered":"Jazz para el d\u00eda de Reyes con Pizza 4 Brkfst, en el \u2018Espai Nadalenc\u2019 de Sant Jordi"},"content":{"rendered":"<p>El d\u00eda de Reyes va a sonar a jazz en Sant Jordi, con la actuaci\u00f3n de Pizza 4 Brkfst en el \u2018Espai Nadalenc\u2019 de la plaza. Este proyecto musical lo impulsan dos de los grandes y j\u00f3venes talentos del jazz ibicenco: Franco Prats (saxo y ewi) y Pere Navarro (trompeta y teclados). Ambos han compartido m\u00faltiples formaciones y utilizan este d\u00fao para buscar conexiones entre el jazz y otros estilos musicales, con la experimentaci\u00f3n e improvisaci\u00f3n como sello propio. Tendr\u00e1n como invitados especiales al guitarrista Norberto Rodr\u00edguez y al percusionista Arturo Garc\u00eda.<\/p>\n<p>El programa para esta jornada es el siguiente:<br \/>\n12.30 h. Rock Me Dj Set + Taller: Animales fant\u00e1sticos y puntos de libro<br \/>\n18.30 h. Concierto: Pizza 4 Brkfst<\/p>\n<p>El Ayuntamiento de Sant Josep ha organizado para las fiestas este \u2018Espai Nadalenc\u2019 en la plaza de Sant Jordi, en el que la m\u00fasica cobra gran protagonismo, con un total de once conciertos de bandas locales y la actuaci\u00f3n de numerosos dj\u2019s. Tambi\u00e9n hay espacios gastron\u00f3micos y se realizan m\u00faltiples talleres y actividades con escolares. Se celebra del 16 de diciembre al 7 de enero. La programaci\u00f3n puede seguirse en nuestra <a href=\"https:\/\/musica.santjosep.org\/es\/conciertos\/\" target=\"_blank\" rel=\"noopener\">agenda de conciertos<\/a>, en la <a href=\"http:\/\/santjordiespainadalenc.org\" target=\"_blank\" rel=\"noopener\">p\u00e1gina web<\/a> creada para la ocasi\u00f3n y tambi\u00e9n en el <a href=\"https:\/\/musica.santjosep.org\/wp-content\/uploads\/2022\/12\/PR-Nadal-2022-Sant-Josep_compressed.pdf\" target=\"_blank\" rel=\"noopener\">programa completo<\/a> de las Fiestas de Navidad del Ayuntamiento de Sant Josep.<\/p>\n","protected":false},"excerpt":{"rendered":"<p>El d\u00eda de Reyes va a sonar a jazz en Sant Jordi, con la actuaci\u00f3n de Pizza 4 Brkfst en el \u2018Espai Nadalenc\u2019 de la plaza. Este proyecto musical lo impulsan dos de los grandes y j\u00f3venes talentos del jazz [&hellip;]<\/p>\n","protected":false},"author":2,"featured_media":16662,"template":"","meta":{"_acf_changed":false,"_tribe_events_status":"","_tribe_events_status_reason":"","_tribe_events_is_hybrid":"","_tribe_events_is_virtual":"","_tribe_events_virtual_video_source":"","_tribe_events_virtual_embed_video":"","_tribe_events_virtual_linked_button_text":"","_tribe_events_virtual_linked_button":"","_tribe_events_virtual_show_embed_at":"","_tribe_events_virtual_show_embed_to":[],"_tribe_events_virtual_show_on_event":"","_tribe_events_virtual_show_on_views":"","_tribe_events_virtual_url":"","footnotes":""},"tags":[],"tribe_events_cat":[22],"class_list":["post-16702","tribe_events","type-tribe_events","status-publish","has-post-thumbnail","hentry","tribe_events_cat-jazz","cat_jazz"],"acf":[],"yoast_head":"<!-- This site is optimized with the Yoast SEO plugin v26.6 - https:\/\/yoast.com\/wordpress\/plugins\/seo\/ -->\n<title>Jazz para el d\u00eda de Reyes con Pizza 4 Brkfst, en el \u2018Espai Nadalenc\u2019 de Sant Jordi - Sant Josep \u00e9s m\u00fasica<\/title>\n<meta name=\"robots\" content=\"index, follow, max-snippet:-1, max-image-preview:large, max-video-preview:-1\" \/>\n<link rel=\"canonical\" href=\"https:\/\/musica.santjosep.org\/es\/concierto\/jazz-para-el-dia-de-reyes-con-pizza-4-brkfst-en-el-espai-nadalenc-de-sant-jordi\/\" \/>\n<meta property=\"og:locale\" content=\"es_ES\" \/>\n<meta property=\"og:type\" content=\"article\" \/>\n<meta property=\"og:title\" content=\"Jazz para el d\u00eda de Reyes con Pizza 4 Brkfst, en el \u2018Espai Nadalenc\u2019 de Sant Jordi - Sant Josep \u00e9s m\u00fasica\" \/>\n<meta property=\"og:description\" content=\"El d\u00eda de Reyes va a sonar a jazz en Sant Jordi, con la actuaci\u00f3n de Pizza 4 Brkfst en el \u2018Espai Nadalenc\u2019 de la plaza. Este proyecto musical lo impulsan dos de los grandes y j\u00f3venes talentos del jazz [&hellip;]\" \/>\n<meta property=\"og:url\" content=\"https:\/\/musica.santjosep.org\/es\/concierto\/jazz-para-el-dia-de-reyes-con-pizza-4-brkfst-en-el-espai-nadalenc-de-sant-jordi\/\" \/>\n<meta property=\"og:site_name\" content=\"Sant Josep \u00e9s m\u00fasica\" \/>\n<meta property=\"article:publisher\" content=\"https:\/\/www.facebook.com\/Sant-Josep-s-Msica-105337042007790\" \/>\n<meta property=\"article:modified_time\" content=\"2022-12-21T10:09:48+00:00\" \/>\n<meta property=\"og:image\" content=\"https:\/\/musica.santjosep.org\/wp-content\/uploads\/2022\/10\/pizza4brkfst-rec.jpg\" \/>\n\t<meta property=\"og:image:width\" content=\"1400\" \/>\n\t<meta property=\"og:image:height\" content=\"933\" \/>\n\t<meta property=\"og:image:type\" content=\"image\/jpeg\" \/>\n<meta name=\"twitter:card\" content=\"summary_large_image\" \/>\n<meta name=\"twitter:site\" content=\"@MusicaSantJosep\" \/>\n<meta name=\"twitter:label1\" content=\"Tiempo de lectura\" \/>\n\t<meta name=\"twitter:data1\" content=\"1 minuto\" \/>\n<script type=\"application\/ld+json\" class=\"yoast-schema-graph\">{\"@context\":\"https:\/\/schema.org\",\"@graph\":[{\"@type\":\"WebPage\",\"@id\":\"https:\/\/musica.santjosep.org\/es\/concierto\/jazz-para-el-dia-de-reyes-con-pizza-4-brkfst-en-el-espai-nadalenc-de-sant-jordi\/\",\"url\":\"https:\/\/musica.santjosep.org\/es\/concierto\/jazz-para-el-dia-de-reyes-con-pizza-4-brkfst-en-el-espai-nadalenc-de-sant-jordi\/\",\"name\":\"Jazz para el d\u00eda de Reyes con Pizza 4 Brkfst, en el \u2018Espai Nadalenc\u2019 de Sant Jordi - Sant Josep \u00e9s m\u00fasica\",\"isPartOf\":{\"@id\":\"https:\/\/musica.santjosep.org\/es\/#website\"},\"primaryImageOfPage\":{\"@id\":\"https:\/\/musica.santjosep.org\/es\/concierto\/jazz-para-el-dia-de-reyes-con-pizza-4-brkfst-en-el-espai-nadalenc-de-sant-jordi\/#primaryimage\"},\"image\":{\"@id\":\"https:\/\/musica.santjosep.org\/es\/concierto\/jazz-para-el-dia-de-reyes-con-pizza-4-brkfst-en-el-espai-nadalenc-de-sant-jordi\/#primaryimage\"},\"thumbnailUrl\":\"https:\/\/musica.santjosep.org\/wp-content\/uploads\/2022\/10\/pizza4brkfst-rec.jpg\",\"datePublished\":\"2022-12-07T20:08:15+00:00\",\"dateModified\":\"2022-12-21T10:09:48+00:00\",\"breadcrumb\":{\"@id\":\"https:\/\/musica.santjosep.org\/es\/concierto\/jazz-para-el-dia-de-reyes-con-pizza-4-brkfst-en-el-espai-nadalenc-de-sant-jordi\/#breadcrumb\"},\"inLanguage\":\"es\",\"potentialAction\":[{\"@type\":\"ReadAction\",\"target\":[\"https:\/\/musica.santjosep.org\/es\/concierto\/jazz-para-el-dia-de-reyes-con-pizza-4-brkfst-en-el-espai-nadalenc-de-sant-jordi\/\"]}]},{\"@type\":\"ImageObject\",\"inLanguage\":\"es\",\"@id\":\"https:\/\/musica.santjosep.org\/es\/concierto\/jazz-para-el-dia-de-reyes-con-pizza-4-brkfst-en-el-espai-nadalenc-de-sant-jordi\/#primaryimage\",\"url\":\"https:\/\/musica.santjosep.org\/wp-content\/uploads\/2022\/10\/pizza4brkfst-rec.jpg\",\"contentUrl\":\"https:\/\/musica.santjosep.org\/wp-content\/uploads\/2022\/10\/pizza4brkfst-rec.jpg\",\"width\":1400,\"height\":933},{\"@type\":\"BreadcrumbList\",\"@id\":\"https:\/\/musica.santjosep.org\/es\/concierto\/jazz-para-el-dia-de-reyes-con-pizza-4-brkfst-en-el-espai-nadalenc-de-sant-jordi\/#breadcrumb\",\"itemListElement\":[{\"@type\":\"ListItem\",\"position\":1,\"name\":\"Portada\",\"item\":\"https:\/\/musica.santjosep.org\/es\/\"},{\"@type\":\"ListItem\",\"position\":2,\"name\":\"Eventos\",\"item\":\"https:\/\/musica.santjosep.org\/es\/concerts\/\"},{\"@type\":\"ListItem\",\"position\":3,\"name\":\"Jazz para el d\u00eda de Reyes con Pizza 4 Brkfst, en el \u2018Espai Nadalenc\u2019 de Sant Jordi\"}]},{\"@type\":\"WebSite\",\"@id\":\"https:\/\/musica.santjosep.org\/es\/#website\",\"url\":\"https:\/\/musica.santjosep.org\/es\/\",\"name\":\"Sant Josep \u00e9s m\u00fasica\",\"description\":\"Informaci\u00f3n actualizada de todos los conciertos, grupos y artistas que act\u00faen tanto en fiestas y festivales, como en establecimientos privados en el municipio de Sant Josep de sa Talaia\",\"publisher\":{\"@id\":\"https:\/\/musica.santjosep.org\/es\/#organization\"},\"potentialAction\":[{\"@type\":\"SearchAction\",\"target\":{\"@type\":\"EntryPoint\",\"urlTemplate\":\"https:\/\/musica.santjosep.org\/es\/?s={search_term_string}\"},\"query-input\":{\"@type\":\"PropertyValueSpecification\",\"valueRequired\":true,\"valueName\":\"search_term_string\"}}],\"inLanguage\":\"es\"},{\"@type\":\"Organization\",\"@id\":\"https:\/\/musica.santjosep.org\/es\/#organization\",\"name\":\"Sant Josep \u00e9s m\u00fasica\",\"url\":\"https:\/\/musica.santjosep.org\/es\/\",\"logo\":{\"@type\":\"ImageObject\",\"inLanguage\":\"es\",\"@id\":\"https:\/\/musica.santjosep.org\/es\/#\/schema\/logo\/image\/\",\"url\":\"https:\/\/musica.santjosep.org\/wp-content\/uploads\/2022\/01\/logo-SJEM.png\",\"contentUrl\":\"https:\/\/musica.santjosep.org\/wp-content\/uploads\/2022\/01\/logo-SJEM.png\",\"width\":213,\"height\":103,\"caption\":\"Sant Josep \u00e9s m\u00fasica\"},\"image\":{\"@id\":\"https:\/\/musica.santjosep.org\/es\/#\/schema\/logo\/image\/\"},\"sameAs\":[\"https:\/\/www.facebook.com\/Sant-Josep-s-Msica-105337042007790\",\"https:\/\/x.com\/MusicaSantJosep\",\"https:\/\/www.instagram.com\/musicasantjosep\/\",\"https:\/\/www.youtube.com\/channel\/UCBSLSUpqfrfsiOMVslmZEJA\"]}]}<\/script>\n<!-- \/ Yoast SEO plugin. -->","yoast_head_json":{"title":"Jazz para el d\u00eda de Reyes con Pizza 4 Brkfst, en el \u2018Espai Nadalenc\u2019 de Sant Jordi - Sant Josep \u00e9s m\u00fasica","robots":{"index":"index","follow":"follow","max-snippet":"max-snippet:-1","max-image-preview":"max-image-preview:large","max-video-preview":"max-video-preview:-1"},"canonical":"https:\/\/musica.santjosep.org\/es\/concierto\/jazz-para-el-dia-de-reyes-con-pizza-4-brkfst-en-el-espai-nadalenc-de-sant-jordi\/","og_locale":"es_ES","og_type":"article","og_title":"Jazz para el d\u00eda de Reyes con Pizza 4 Brkfst, en el \u2018Espai Nadalenc\u2019 de Sant Jordi - Sant Josep \u00e9s m\u00fasica","og_description":"El d\u00eda de Reyes va a sonar a jazz en Sant Jordi, con la actuaci\u00f3n de Pizza 4 Brkfst en el \u2018Espai Nadalenc\u2019 de la plaza. Este proyecto musical lo impulsan dos de los grandes y j\u00f3venes talentos del jazz [&hellip;]","og_url":"https:\/\/musica.santjosep.org\/es\/concierto\/jazz-para-el-dia-de-reyes-con-pizza-4-brkfst-en-el-espai-nadalenc-de-sant-jordi\/","og_site_name":"Sant Josep \u00e9s m\u00fasica","article_publisher":"https:\/\/www.facebook.com\/Sant-Josep-s-Msica-105337042007790","article_modified_time":"2022-12-21T10:09:48+00:00","og_image":[{"width":1400,"height":933,"url":"https:\/\/musica.santjosep.org\/wp-content\/uploads\/2022\/10\/pizza4brkfst-rec.jpg","type":"image\/jpeg"}],"twitter_card":"summary_large_image","twitter_site":"@MusicaSantJosep","twitter_misc":{"Tiempo de lectura":"1 minuto"},"schema":{"@context":"https:\/\/schema.org","@graph":[{"@type":"WebPage","@id":"https:\/\/musica.santjosep.org\/es\/concierto\/jazz-para-el-dia-de-reyes-con-pizza-4-brkfst-en-el-espai-nadalenc-de-sant-jordi\/","url":"https:\/\/musica.santjosep.org\/es\/concierto\/jazz-para-el-dia-de-reyes-con-pizza-4-brkfst-en-el-espai-nadalenc-de-sant-jordi\/","name":"Jazz para el d\u00eda de Reyes con Pizza 4 Brkfst, en el \u2018Espai Nadalenc\u2019 de Sant Jordi - Sant Josep \u00e9s m\u00fasica","isPartOf":{"@id":"https:\/\/musica.santjosep.org\/es\/#website"},"primaryImageOfPage":{"@id":"https:\/\/musica.santjosep.org\/es\/concierto\/jazz-para-el-dia-de-reyes-con-pizza-4-brkfst-en-el-espai-nadalenc-de-sant-jordi\/#primaryimage"},"image":{"@id":"https:\/\/musica.santjosep.org\/es\/concierto\/jazz-para-el-dia-de-reyes-con-pizza-4-brkfst-en-el-espai-nadalenc-de-sant-jordi\/#primaryimage"},"thumbnailUrl":"https:\/\/musica.santjosep.org\/wp-content\/uploads\/2022\/10\/pizza4brkfst-rec.jpg","datePublished":"2022-12-07T20:08:15+00:00","dateModified":"2022-12-21T10:09:48+00:00","breadcrumb":{"@id":"https:\/\/musica.santjosep.org\/es\/concierto\/jazz-para-el-dia-de-reyes-con-pizza-4-brkfst-en-el-espai-nadalenc-de-sant-jordi\/#breadcrumb"},"inLanguage":"es","potentialAction":[{"@type":"ReadAction","target":["https:\/\/musica.santjosep.org\/es\/concierto\/jazz-para-el-dia-de-reyes-con-pizza-4-brkfst-en-el-espai-nadalenc-de-sant-jordi\/"]}]},{"@type":"ImageObject","inLanguage":"es","@id":"https:\/\/musica.santjosep.org\/es\/concierto\/jazz-para-el-dia-de-reyes-con-pizza-4-brkfst-en-el-espai-nadalenc-de-sant-jordi\/#primaryimage","url":"https:\/\/musica.santjosep.org\/wp-content\/uploads\/2022\/10\/pizza4brkfst-rec.jpg","contentUrl":"https:\/\/musica.santjosep.org\/wp-content\/uploads\/2022\/10\/pizza4brkfst-rec.jpg","width":1400,"height":933},{"@type":"BreadcrumbList","@id":"https:\/\/musica.santjosep.org\/es\/concierto\/jazz-para-el-dia-de-reyes-con-pizza-4-brkfst-en-el-espai-nadalenc-de-sant-jordi\/#breadcrumb","itemListElement":[{"@type":"ListItem","position":1,"name":"Portada","item":"https:\/\/musica.santjosep.org\/es\/"},{"@type":"ListItem","position":2,"name":"Eventos","item":"https:\/\/musica.santjosep.org\/es\/concerts\/"},{"@type":"ListItem","position":3,"name":"Jazz para el d\u00eda de Reyes con Pizza 4 Brkfst, en el \u2018Espai Nadalenc\u2019 de Sant Jordi"}]},{"@type":"WebSite","@id":"https:\/\/musica.santjosep.org\/es\/#website","url":"https:\/\/musica.santjosep.org\/es\/","name":"Sant Josep \u00e9s m\u00fasica","description":"Informaci\u00f3n actualizada de todos los conciertos, grupos y artistas que act\u00faen tanto en fiestas y festivales, como en establecimientos privados en el municipio de Sant Josep de sa Talaia","publisher":{"@id":"https:\/\/musica.santjosep.org\/es\/#organization"},"potentialAction":[{"@type":"SearchAction","target":{"@type":"EntryPoint","urlTemplate":"https:\/\/musica.santjosep.org\/es\/?s={search_term_string}"},"query-input":{"@type":"PropertyValueSpecification","valueRequired":true,"valueName":"search_term_string"}}],"inLanguage":"es"},{"@type":"Organization","@id":"https:\/\/musica.santjosep.org\/es\/#organization","name":"Sant Josep \u00e9s m\u00fasica","url":"https:\/\/musica.santjosep.org\/es\/","logo":{"@type":"ImageObject","inLanguage":"es","@id":"https:\/\/musica.santjosep.org\/es\/#\/schema\/logo\/image\/","url":"https:\/\/musica.santjosep.org\/wp-content\/uploads\/2022\/01\/logo-SJEM.png","contentUrl":"https:\/\/musica.santjosep.org\/wp-content\/uploads\/2022\/01\/logo-SJEM.png","width":213,"height":103,"caption":"Sant Josep \u00e9s m\u00fasica"},"image":{"@id":"https:\/\/musica.santjosep.org\/es\/#\/schema\/logo\/image\/"},"sameAs":["https:\/\/www.facebook.com\/Sant-Josep-s-Msica-105337042007790","https:\/\/x.com\/MusicaSantJosep","https:\/\/www.instagram.com\/musicasantjosep\/","https:\/\/www.youtube.com\/channel\/UCBSLSUpqfrfsiOMVslmZEJA"]}]}},"_links":{"self":[{"href":"https:\/\/musica.santjosep.org\/es\/wp-json\/wp\/v2\/tribe_events\/16702","targetHints":{"allow":["GET"]}}],"collection":[{"href":"https:\/\/musica.santjosep.org\/es\/wp-json\/wp\/v2\/tribe_events"}],"about":[{"href":"https:\/\/musica.santjosep.org\/es\/wp-json\/wp\/v2\/types\/tribe_events"}],"author":[{"embeddable":true,"href":"https:\/\/musica.santjosep.org\/es\/wp-json\/wp\/v2\/users\/2"}],"version-history":[{"count":0,"href":"https:\/\/musica.santjosep.org\/es\/wp-json\/wp\/v2\/tribe_events\/16702\/revisions"}],"wp:featuredmedia":[{"embeddable":true,"href":"https:\/\/musica.santjosep.org\/es\/wp-json\/wp\/v2\/media\/16662"}],"wp:attachment":[{"href":"https:\/\/musica.santjosep.org\/es\/wp-json\/wp\/v2\/media?parent=16702"}],"wp:term":[{"taxonomy":"post_tag","embeddable":true,"href":"https:\/\/musica.santjosep.org\/es\/wp-json\/wp\/v2\/tags?post=16702"},{"taxonomy":"tribe_events_cat","embeddable":true,"href":"https:\/\/musica.santjosep.org\/es\/wp-json\/wp\/v2\/tribe_events_cat?post=16702"}],"curies":[{"name":"wp","href":"https:\/\/api.w.org\/{rel}","templated":true}]}}