{"id":15301,"date":"2022-10-26T09:46:58","date_gmt":"2022-10-26T07:46:58","guid":{"rendered":"https:\/\/musica.santjosep.org\/?post_type=tribe_events&#038;p=15301"},"modified":"2022-10-26T09:46:58","modified_gmt":"2022-10-26T07:46:58","slug":"can-riku-recibe-a-elena-tovar-y-su-bossa-nova-para-el-vermut-del-domingo","status":"publish","type":"tribe_events","link":"https:\/\/musica.santjosep.org\/es\/concierto\/can-riku-recibe-a-elena-tovar-y-su-bossa-nova-para-el-vermut-del-domingo\/","title":{"rendered":"Can Riku recibe a Elena Tovar y su bossa nova, para el vermut del domingo"},"content":{"rendered":"<p>El restaurante Can Riku, en Sant Josep, celebra los domingos la fiesta \u2018Brunch, Vermouth &amp; Music\u2019. En esta ocasi\u00f3n la m\u00fasica correr\u00e1 a cargo de la cantante madrile\u00f1a Elena Tovar, una de las m\u00e1s importantes voces de la bossa nova en la isla. Ofrece un espect\u00e1culo en formato d\u00fao, con un repertorio de los m\u00e1s conocidos temas de este g\u00e9nero musical brasile\u00f1o.<\/p>\n","protected":false},"excerpt":{"rendered":"<p>El restaurante Can Riku, en Sant Josep, celebra los domingos la fiesta \u2018Brunch, Vermouth &amp; Music\u2019. En esta ocasi\u00f3n la m\u00fasica correr\u00e1 a cargo de la cantante madrile\u00f1a Elena Tovar, una de las m\u00e1s importantes voces de la bossa nova [&hellip;]<\/p>\n","protected":false},"author":2,"featured_media":15302,"template":"","meta":{"_acf_changed":false,"_tribe_events_status":"","_tribe_events_status_reason":"","_tribe_events_is_hybrid":"","_tribe_events_is_virtual":"","_tribe_events_virtual_video_source":"","_tribe_events_virtual_embed_video":"","_tribe_events_virtual_linked_button_text":"","_tribe_events_virtual_linked_button":"","_tribe_events_virtual_show_embed_at":"","_tribe_events_virtual_show_embed_to":[],"_tribe_events_virtual_show_on_event":"","_tribe_events_virtual_show_on_views":"","_tribe_events_virtual_url":"","footnotes":""},"tags":[],"tribe_events_cat":[69],"class_list":["post-15301","tribe_events","type-tribe_events","status-publish","has-post-thumbnail","hentry","tribe_events_cat-bossa-nova","cat_bossa-nova"],"acf":[],"yoast_head":"<!-- This site is optimized with the Yoast SEO plugin v26.6 - https:\/\/yoast.com\/wordpress\/plugins\/seo\/ -->\n<title>Can Riku recibe a Elena Tovar y su bossa nova, para el vermut del domingo - Sant Josep \u00e9s m\u00fasica<\/title>\n<meta name=\"robots\" content=\"index, follow, max-snippet:-1, max-image-preview:large, max-video-preview:-1\" \/>\n<link rel=\"canonical\" href=\"https:\/\/musica.santjosep.org\/es\/concierto\/can-riku-recibe-a-elena-tovar-y-su-bossa-nova-para-el-vermut-del-domingo\/\" \/>\n<meta property=\"og:locale\" content=\"es_ES\" \/>\n<meta property=\"og:type\" content=\"article\" \/>\n<meta property=\"og:title\" content=\"Can Riku recibe a Elena Tovar y su bossa nova, para el vermut del domingo - Sant Josep \u00e9s m\u00fasica\" \/>\n<meta property=\"og:description\" content=\"El restaurante Can Riku, en Sant Josep, celebra los domingos la fiesta \u2018Brunch, Vermouth &amp; Music\u2019. En esta ocasi\u00f3n la m\u00fasica correr\u00e1 a cargo de la cantante madrile\u00f1a Elena Tovar, una de las m\u00e1s importantes voces de la bossa nova [&hellip;]\" \/>\n<meta property=\"og:url\" content=\"https:\/\/musica.santjosep.org\/es\/concierto\/can-riku-recibe-a-elena-tovar-y-su-bossa-nova-para-el-vermut-del-domingo\/\" \/>\n<meta property=\"og:site_name\" content=\"Sant Josep \u00e9s m\u00fasica\" \/>\n<meta property=\"article:publisher\" content=\"https:\/\/www.facebook.com\/Sant-Josep-s-Msica-105337042007790\" \/>\n<meta property=\"og:image\" content=\"https:\/\/musica.santjosep.org\/wp-content\/uploads\/2022\/10\/elenatovar3.jpg\" \/>\n\t<meta property=\"og:image:width\" content=\"1400\" \/>\n\t<meta property=\"og:image:height\" content=\"933\" \/>\n\t<meta property=\"og:image:type\" content=\"image\/jpeg\" \/>\n<meta name=\"twitter:card\" content=\"summary_large_image\" \/>\n<meta name=\"twitter:site\" content=\"@MusicaSantJosep\" \/>\n<script type=\"application\/ld+json\" class=\"yoast-schema-graph\">{\"@context\":\"https:\/\/schema.org\",\"@graph\":[{\"@type\":\"WebPage\",\"@id\":\"https:\/\/musica.santjosep.org\/es\/concierto\/can-riku-recibe-a-elena-tovar-y-su-bossa-nova-para-el-vermut-del-domingo\/\",\"url\":\"https:\/\/musica.santjosep.org\/es\/concierto\/can-riku-recibe-a-elena-tovar-y-su-bossa-nova-para-el-vermut-del-domingo\/\",\"name\":\"Can Riku recibe a Elena Tovar y su bossa nova, para el vermut del domingo - Sant Josep \u00e9s m\u00fasica\",\"isPartOf\":{\"@id\":\"https:\/\/musica.santjosep.org\/es\/#website\"},\"primaryImageOfPage\":{\"@id\":\"https:\/\/musica.santjosep.org\/es\/concierto\/can-riku-recibe-a-elena-tovar-y-su-bossa-nova-para-el-vermut-del-domingo\/#primaryimage\"},\"image\":{\"@id\":\"https:\/\/musica.santjosep.org\/es\/concierto\/can-riku-recibe-a-elena-tovar-y-su-bossa-nova-para-el-vermut-del-domingo\/#primaryimage\"},\"thumbnailUrl\":\"https:\/\/musica.santjosep.org\/wp-content\/uploads\/2022\/10\/elenatovar3.jpg\",\"datePublished\":\"2022-10-26T07:46:58+00:00\",\"breadcrumb\":{\"@id\":\"https:\/\/musica.santjosep.org\/es\/concierto\/can-riku-recibe-a-elena-tovar-y-su-bossa-nova-para-el-vermut-del-domingo\/#breadcrumb\"},\"inLanguage\":\"es\",\"potentialAction\":[{\"@type\":\"ReadAction\",\"target\":[\"https:\/\/musica.santjosep.org\/es\/concierto\/can-riku-recibe-a-elena-tovar-y-su-bossa-nova-para-el-vermut-del-domingo\/\"]}]},{\"@type\":\"ImageObject\",\"inLanguage\":\"es\",\"@id\":\"https:\/\/musica.santjosep.org\/es\/concierto\/can-riku-recibe-a-elena-tovar-y-su-bossa-nova-para-el-vermut-del-domingo\/#primaryimage\",\"url\":\"https:\/\/musica.santjosep.org\/wp-content\/uploads\/2022\/10\/elenatovar3.jpg\",\"contentUrl\":\"https:\/\/musica.santjosep.org\/wp-content\/uploads\/2022\/10\/elenatovar3.jpg\",\"width\":1400,\"height\":933},{\"@type\":\"BreadcrumbList\",\"@id\":\"https:\/\/musica.santjosep.org\/es\/concierto\/can-riku-recibe-a-elena-tovar-y-su-bossa-nova-para-el-vermut-del-domingo\/#breadcrumb\",\"itemListElement\":[{\"@type\":\"ListItem\",\"position\":1,\"name\":\"Portada\",\"item\":\"https:\/\/musica.santjosep.org\/es\/\"},{\"@type\":\"ListItem\",\"position\":2,\"name\":\"Eventos\",\"item\":\"https:\/\/musica.santjosep.org\/es\/concerts\/\"},{\"@type\":\"ListItem\",\"position\":3,\"name\":\"Can Riku recibe a Elena Tovar y su bossa nova, para el vermut del domingo\"}]},{\"@type\":\"WebSite\",\"@id\":\"https:\/\/musica.santjosep.org\/es\/#website\",\"url\":\"https:\/\/musica.santjosep.org\/es\/\",\"name\":\"Sant Josep \u00e9s m\u00fasica\",\"description\":\"Informaci\u00f3n actualizada de todos los conciertos, grupos y artistas que act\u00faen tanto en fiestas y festivales, como en establecimientos privados en el municipio de Sant Josep de sa Talaia\",\"publisher\":{\"@id\":\"https:\/\/musica.santjosep.org\/es\/#organization\"},\"potentialAction\":[{\"@type\":\"SearchAction\",\"target\":{\"@type\":\"EntryPoint\",\"urlTemplate\":\"https:\/\/musica.santjosep.org\/es\/?s={search_term_string}\"},\"query-input\":{\"@type\":\"PropertyValueSpecification\",\"valueRequired\":true,\"valueName\":\"search_term_string\"}}],\"inLanguage\":\"es\"},{\"@type\":\"Organization\",\"@id\":\"https:\/\/musica.santjosep.org\/es\/#organization\",\"name\":\"Sant Josep \u00e9s m\u00fasica\",\"url\":\"https:\/\/musica.santjosep.org\/es\/\",\"logo\":{\"@type\":\"ImageObject\",\"inLanguage\":\"es\",\"@id\":\"https:\/\/musica.santjosep.org\/es\/#\/schema\/logo\/image\/\",\"url\":\"https:\/\/musica.santjosep.org\/wp-content\/uploads\/2022\/01\/logo-SJEM.png\",\"contentUrl\":\"https:\/\/musica.santjosep.org\/wp-content\/uploads\/2022\/01\/logo-SJEM.png\",\"width\":213,\"height\":103,\"caption\":\"Sant Josep \u00e9s m\u00fasica\"},\"image\":{\"@id\":\"https:\/\/musica.santjosep.org\/es\/#\/schema\/logo\/image\/\"},\"sameAs\":[\"https:\/\/www.facebook.com\/Sant-Josep-s-Msica-105337042007790\",\"https:\/\/x.com\/MusicaSantJosep\",\"https:\/\/www.instagram.com\/musicasantjosep\/\",\"https:\/\/www.youtube.com\/channel\/UCBSLSUpqfrfsiOMVslmZEJA\"]}]}<\/script>\n<!-- \/ Yoast SEO plugin. -->","yoast_head_json":{"title":"Can Riku recibe a Elena Tovar y su bossa nova, para el vermut del domingo - Sant Josep \u00e9s m\u00fasica","robots":{"index":"index","follow":"follow","max-snippet":"max-snippet:-1","max-image-preview":"max-image-preview:large","max-video-preview":"max-video-preview:-1"},"canonical":"https:\/\/musica.santjosep.org\/es\/concierto\/can-riku-recibe-a-elena-tovar-y-su-bossa-nova-para-el-vermut-del-domingo\/","og_locale":"es_ES","og_type":"article","og_title":"Can Riku recibe a Elena Tovar y su bossa nova, para el vermut del domingo - Sant Josep \u00e9s m\u00fasica","og_description":"El restaurante Can Riku, en Sant Josep, celebra los domingos la fiesta \u2018Brunch, Vermouth &amp; Music\u2019. En esta ocasi\u00f3n la m\u00fasica correr\u00e1 a cargo de la cantante madrile\u00f1a Elena Tovar, una de las m\u00e1s importantes voces de la bossa nova [&hellip;]","og_url":"https:\/\/musica.santjosep.org\/es\/concierto\/can-riku-recibe-a-elena-tovar-y-su-bossa-nova-para-el-vermut-del-domingo\/","og_site_name":"Sant Josep \u00e9s m\u00fasica","article_publisher":"https:\/\/www.facebook.com\/Sant-Josep-s-Msica-105337042007790","og_image":[{"width":1400,"height":933,"url":"https:\/\/musica.santjosep.org\/wp-content\/uploads\/2022\/10\/elenatovar3.jpg","type":"image\/jpeg"}],"twitter_card":"summary_large_image","twitter_site":"@MusicaSantJosep","schema":{"@context":"https:\/\/schema.org","@graph":[{"@type":"WebPage","@id":"https:\/\/musica.santjosep.org\/es\/concierto\/can-riku-recibe-a-elena-tovar-y-su-bossa-nova-para-el-vermut-del-domingo\/","url":"https:\/\/musica.santjosep.org\/es\/concierto\/can-riku-recibe-a-elena-tovar-y-su-bossa-nova-para-el-vermut-del-domingo\/","name":"Can Riku recibe a Elena Tovar y su bossa nova, para el vermut del domingo - Sant Josep \u00e9s m\u00fasica","isPartOf":{"@id":"https:\/\/musica.santjosep.org\/es\/#website"},"primaryImageOfPage":{"@id":"https:\/\/musica.santjosep.org\/es\/concierto\/can-riku-recibe-a-elena-tovar-y-su-bossa-nova-para-el-vermut-del-domingo\/#primaryimage"},"image":{"@id":"https:\/\/musica.santjosep.org\/es\/concierto\/can-riku-recibe-a-elena-tovar-y-su-bossa-nova-para-el-vermut-del-domingo\/#primaryimage"},"thumbnailUrl":"https:\/\/musica.santjosep.org\/wp-content\/uploads\/2022\/10\/elenatovar3.jpg","datePublished":"2022-10-26T07:46:58+00:00","breadcrumb":{"@id":"https:\/\/musica.santjosep.org\/es\/concierto\/can-riku-recibe-a-elena-tovar-y-su-bossa-nova-para-el-vermut-del-domingo\/#breadcrumb"},"inLanguage":"es","potentialAction":[{"@type":"ReadAction","target":["https:\/\/musica.santjosep.org\/es\/concierto\/can-riku-recibe-a-elena-tovar-y-su-bossa-nova-para-el-vermut-del-domingo\/"]}]},{"@type":"ImageObject","inLanguage":"es","@id":"https:\/\/musica.santjosep.org\/es\/concierto\/can-riku-recibe-a-elena-tovar-y-su-bossa-nova-para-el-vermut-del-domingo\/#primaryimage","url":"https:\/\/musica.santjosep.org\/wp-content\/uploads\/2022\/10\/elenatovar3.jpg","contentUrl":"https:\/\/musica.santjosep.org\/wp-content\/uploads\/2022\/10\/elenatovar3.jpg","width":1400,"height":933},{"@type":"BreadcrumbList","@id":"https:\/\/musica.santjosep.org\/es\/concierto\/can-riku-recibe-a-elena-tovar-y-su-bossa-nova-para-el-vermut-del-domingo\/#breadcrumb","itemListElement":[{"@type":"ListItem","position":1,"name":"Portada","item":"https:\/\/musica.santjosep.org\/es\/"},{"@type":"ListItem","position":2,"name":"Eventos","item":"https:\/\/musica.santjosep.org\/es\/concerts\/"},{"@type":"ListItem","position":3,"name":"Can Riku recibe a Elena Tovar y su bossa nova, para el vermut del domingo"}]},{"@type":"WebSite","@id":"https:\/\/musica.santjosep.org\/es\/#website","url":"https:\/\/musica.santjosep.org\/es\/","name":"Sant Josep \u00e9s m\u00fasica","description":"Informaci\u00f3n actualizada de todos los conciertos, grupos y artistas que act\u00faen tanto en fiestas y festivales, como en establecimientos privados en el municipio de Sant Josep de sa Talaia","publisher":{"@id":"https:\/\/musica.santjosep.org\/es\/#organization"},"potentialAction":[{"@type":"SearchAction","target":{"@type":"EntryPoint","urlTemplate":"https:\/\/musica.santjosep.org\/es\/?s={search_term_string}"},"query-input":{"@type":"PropertyValueSpecification","valueRequired":true,"valueName":"search_term_string"}}],"inLanguage":"es"},{"@type":"Organization","@id":"https:\/\/musica.santjosep.org\/es\/#organization","name":"Sant Josep \u00e9s m\u00fasica","url":"https:\/\/musica.santjosep.org\/es\/","logo":{"@type":"ImageObject","inLanguage":"es","@id":"https:\/\/musica.santjosep.org\/es\/#\/schema\/logo\/image\/","url":"https:\/\/musica.santjosep.org\/wp-content\/uploads\/2022\/01\/logo-SJEM.png","contentUrl":"https:\/\/musica.santjosep.org\/wp-content\/uploads\/2022\/01\/logo-SJEM.png","width":213,"height":103,"caption":"Sant Josep \u00e9s m\u00fasica"},"image":{"@id":"https:\/\/musica.santjosep.org\/es\/#\/schema\/logo\/image\/"},"sameAs":["https:\/\/www.facebook.com\/Sant-Josep-s-Msica-105337042007790","https:\/\/x.com\/MusicaSantJosep","https:\/\/www.instagram.com\/musicasantjosep\/","https:\/\/www.youtube.com\/channel\/UCBSLSUpqfrfsiOMVslmZEJA"]}]}},"_links":{"self":[{"href":"https:\/\/musica.santjosep.org\/es\/wp-json\/wp\/v2\/tribe_events\/15301","targetHints":{"allow":["GET"]}}],"collection":[{"href":"https:\/\/musica.santjosep.org\/es\/wp-json\/wp\/v2\/tribe_events"}],"about":[{"href":"https:\/\/musica.santjosep.org\/es\/wp-json\/wp\/v2\/types\/tribe_events"}],"author":[{"embeddable":true,"href":"https:\/\/musica.santjosep.org\/es\/wp-json\/wp\/v2\/users\/2"}],"version-history":[{"count":0,"href":"https:\/\/musica.santjosep.org\/es\/wp-json\/wp\/v2\/tribe_events\/15301\/revisions"}],"wp:featuredmedia":[{"embeddable":true,"href":"https:\/\/musica.santjosep.org\/es\/wp-json\/wp\/v2\/media\/15302"}],"wp:attachment":[{"href":"https:\/\/musica.santjosep.org\/es\/wp-json\/wp\/v2\/media?parent=15301"}],"wp:term":[{"taxonomy":"post_tag","embeddable":true,"href":"https:\/\/musica.santjosep.org\/es\/wp-json\/wp\/v2\/tags?post=15301"},{"taxonomy":"tribe_events_cat","embeddable":true,"href":"https:\/\/musica.santjosep.org\/es\/wp-json\/wp\/v2\/tribe_events_cat?post=15301"}],"curies":[{"name":"wp","href":"https:\/\/api.w.org\/{rel}","templated":true}]}}