{"id":10028353,"date":"2025-07-15T18:34:06","date_gmt":"2025-07-15T16:34:06","guid":{"rendered":"https:\/\/musica.santjosep.org\/concert\/barbacoa-especial-a-salt-pepper-amb-la-musica-del-saxofonista-raul-martinez\/"},"modified":"2025-07-15T18:35:08","modified_gmt":"2025-07-15T16:35:08","slug":"barbacoa-especial-en-salt-pepper-con-la-musica-del-saxofonista-raul-martinez","status":"publish","type":"tribe_events","link":"https:\/\/musica.santjosep.org\/es\/concert\/barbacoa-especial-en-salt-pepper-con-la-musica-del-saxofonista-raul-martinez\/2025-08-17\/","title":{"rendered":"Barbacoa especial en Salt &#038; Pepper, con la m\u00fasica del saxofonista Ra\u00fal Mart\u00ednez"},"content":{"rendered":"<p>El restaurante Salt &amp; Pepper, en Platja d\u2019en Bossa, celebra todos los domingos una barbacoa especial, que incluye la actuaci\u00f3n del saxofonista argentino Ra\u00fal Mart\u00ednez. Ofrece un repertorio muy extenso, que incluye cl\u00e1sicos de los 80 y 90 y g\u00e9neros tan variados como jazz, soul, bossa nova, tango, house, electro pop, chill out\u2026 Mart\u00ednez es un prestigioso saxofonista profesional, con m\u00e1s de treinta a\u00f1os de experiencia, que ofrece un espect\u00e1culo en solitario sobre pistas o acompa\u00f1ando la m\u00fasica que pincha un dj.<\/p>\n","protected":false},"excerpt":{"rendered":"<p>El restaurante Salt &amp; Pepper, en Platja d\u2019en Bossa, celebra todos los domingos una barbacoa especial, que incluye la actuaci\u00f3n del saxofonista argentino Ra\u00fal Mart\u00ednez. Ofrece un repertorio muy extenso, que incluye cl\u00e1sicos de los 80 y 90 y g\u00e9neros [&hellip;]<\/p>\n","protected":false},"author":2,"featured_media":50616,"template":"","meta":{"_acf_changed":false,"_tribe_events_status":"","_tribe_events_status_reason":"","_tribe_events_is_hybrid":"","_tribe_events_is_virtual":"","_tribe_events_virtual_video_source":"","_tribe_events_virtual_embed_video":"","_tribe_events_virtual_linked_button_text":"","_tribe_events_virtual_linked_button":"","_tribe_events_virtual_show_embed_at":"","_tribe_events_virtual_show_embed_to":[],"_tribe_events_virtual_show_on_event":"","_tribe_events_virtual_show_on_views":"","_tribe_events_virtual_url":"","footnotes":""},"tags":[],"tribe_events_cat":[63,22,29],"class_list":["post-10028353","tribe_events","type-tribe_events","status-publish","has-post-thumbnail","hentry","tribe_events_cat-house","tribe_events_cat-jazz","tribe_events_cat-pop","cat_house","cat_jazz","cat_pop","tribe-recurring-event","tribe-recurring-event-parent"],"acf":[],"yoast_head":"<!-- This site is optimized with the Yoast SEO plugin v26.6 - https:\/\/yoast.com\/wordpress\/plugins\/seo\/ -->\n<title>Barbacoa especial en Salt &amp; Pepper, con la m\u00fasica del saxofonista Ra\u00fal Mart\u00ednez - Sant Josep \u00e9s m\u00fasica<\/title>\n<meta name=\"robots\" content=\"index, follow, max-snippet:-1, max-image-preview:large, max-video-preview:-1\" \/>\n<link rel=\"canonical\" href=\"https:\/\/musica.santjosep.org\/es\/concert\/barbacoa-especial-en-salt-pepper-con-la-musica-del-saxofonista-raul-martinez\/2025-08-17\/\" \/>\n<meta property=\"og:locale\" content=\"es_ES\" \/>\n<meta property=\"og:type\" content=\"article\" \/>\n<meta property=\"og:title\" content=\"Barbacoa especial en Salt &amp; Pepper, con la m\u00fasica del saxofonista Ra\u00fal Mart\u00ednez - Sant Josep \u00e9s m\u00fasica\" \/>\n<meta property=\"og:description\" content=\"El restaurante Salt &amp; Pepper, en Platja d\u2019en Bossa, celebra todos los domingos una barbacoa especial, que incluye la actuaci\u00f3n del saxofonista argentino Ra\u00fal Mart\u00ednez. Ofrece un repertorio muy extenso, que incluye cl\u00e1sicos de los 80 y 90 y g\u00e9neros [&hellip;]\" \/>\n<meta property=\"og:url\" content=\"https:\/\/musica.santjosep.org\/es\/concert\/barbacoa-especial-en-salt-pepper-con-la-musica-del-saxofonista-raul-martinez\/2025-08-17\/\" \/>\n<meta property=\"og:site_name\" content=\"Sant Josep \u00e9s m\u00fasica\" \/>\n<meta property=\"article:publisher\" content=\"https:\/\/www.facebook.com\/Sant-Josep-s-Msica-105337042007790\" \/>\n<meta property=\"article:modified_time\" content=\"2025-07-15T16:35:08+00:00\" \/>\n<meta property=\"og:image\" content=\"https:\/\/musica.santjosep.org\/wp-content\/uploads\/2025\/07\/raul-martinez-4-rec.jpg\" \/>\n\t<meta property=\"og:image:width\" content=\"1400\" \/>\n\t<meta property=\"og:image:height\" content=\"933\" \/>\n\t<meta property=\"og:image:type\" content=\"image\/jpeg\" \/>\n<meta name=\"twitter:card\" content=\"summary_large_image\" \/>\n<meta name=\"twitter:site\" content=\"@MusicaSantJosep\" \/>\n<meta name=\"twitter:label1\" content=\"Tiempo de lectura\" \/>\n\t<meta name=\"twitter:data1\" content=\"1 minuto\" \/>\n<script type=\"application\/ld+json\" class=\"yoast-schema-graph\">{\"@context\":\"https:\/\/schema.org\",\"@graph\":[{\"@type\":\"WebPage\",\"@id\":\"https:\/\/musica.santjosep.org\/es\/concert\/barbacoa-especial-en-salt-pepper-con-la-musica-del-saxofonista-raul-martinez\/2025-08-17\/\",\"url\":\"https:\/\/musica.santjosep.org\/es\/concert\/barbacoa-especial-en-salt-pepper-con-la-musica-del-saxofonista-raul-martinez\/2025-08-17\/\",\"name\":\"Barbacoa especial en Salt & Pepper, con la m\u00fasica del saxofonista Ra\u00fal Mart\u00ednez - Sant Josep \u00e9s m\u00fasica\",\"isPartOf\":{\"@id\":\"https:\/\/musica.santjosep.org\/es\/#website\"},\"primaryImageOfPage\":{\"@id\":\"https:\/\/musica.santjosep.org\/es\/concert\/barbacoa-especial-en-salt-pepper-con-la-musica-del-saxofonista-raul-martinez\/2025-08-17\/#primaryimage\"},\"image\":{\"@id\":\"https:\/\/musica.santjosep.org\/es\/concert\/barbacoa-especial-en-salt-pepper-con-la-musica-del-saxofonista-raul-martinez\/2025-08-17\/#primaryimage\"},\"thumbnailUrl\":\"https:\/\/musica.santjosep.org\/wp-content\/uploads\/2025\/07\/raul-martinez-4-rec.jpg\",\"datePublished\":\"2025-07-15T16:34:06+00:00\",\"dateModified\":\"2025-07-15T16:35:08+00:00\",\"breadcrumb\":{\"@id\":\"https:\/\/musica.santjosep.org\/es\/concert\/barbacoa-especial-en-salt-pepper-con-la-musica-del-saxofonista-raul-martinez\/2025-08-17\/#breadcrumb\"},\"inLanguage\":\"es\",\"potentialAction\":[{\"@type\":\"ReadAction\",\"target\":[\"https:\/\/musica.santjosep.org\/es\/concert\/barbacoa-especial-en-salt-pepper-con-la-musica-del-saxofonista-raul-martinez\/2025-08-17\/\"]}]},{\"@type\":\"ImageObject\",\"inLanguage\":\"es\",\"@id\":\"https:\/\/musica.santjosep.org\/es\/concert\/barbacoa-especial-en-salt-pepper-con-la-musica-del-saxofonista-raul-martinez\/2025-08-17\/#primaryimage\",\"url\":\"https:\/\/musica.santjosep.org\/wp-content\/uploads\/2025\/07\/raul-martinez-4-rec.jpg\",\"contentUrl\":\"https:\/\/musica.santjosep.org\/wp-content\/uploads\/2025\/07\/raul-martinez-4-rec.jpg\",\"width\":1400,\"height\":933},{\"@type\":\"BreadcrumbList\",\"@id\":\"https:\/\/musica.santjosep.org\/es\/concert\/barbacoa-especial-en-salt-pepper-con-la-musica-del-saxofonista-raul-martinez\/2025-08-17\/#breadcrumb\",\"itemListElement\":[{\"@type\":\"ListItem\",\"position\":1,\"name\":\"Portada\",\"item\":\"https:\/\/musica.santjosep.org\/es\/\"},{\"@type\":\"ListItem\",\"position\":2,\"name\":\"Eventos\",\"item\":\"https:\/\/musica.santjosep.org\/es\/concerts\/\"},{\"@type\":\"ListItem\",\"position\":3,\"name\":\"Barbacoa especial en Salt &#038; Pepper, con la m\u00fasica del saxofonista Ra\u00fal Mart\u00ednez\"}]},{\"@type\":\"WebSite\",\"@id\":\"https:\/\/musica.santjosep.org\/es\/#website\",\"url\":\"https:\/\/musica.santjosep.org\/es\/\",\"name\":\"Sant Josep \u00e9s m\u00fasica\",\"description\":\"Informaci\u00f3n actualizada de todos los conciertos, grupos y artistas que act\u00faen tanto en fiestas y festivales, como en establecimientos privados en el municipio de Sant Josep de sa Talaia\",\"publisher\":{\"@id\":\"https:\/\/musica.santjosep.org\/es\/#organization\"},\"potentialAction\":[{\"@type\":\"SearchAction\",\"target\":{\"@type\":\"EntryPoint\",\"urlTemplate\":\"https:\/\/musica.santjosep.org\/es\/?s={search_term_string}\"},\"query-input\":{\"@type\":\"PropertyValueSpecification\",\"valueRequired\":true,\"valueName\":\"search_term_string\"}}],\"inLanguage\":\"es\"},{\"@type\":\"Organization\",\"@id\":\"https:\/\/musica.santjosep.org\/es\/#organization\",\"name\":\"Sant Josep \u00e9s m\u00fasica\",\"url\":\"https:\/\/musica.santjosep.org\/es\/\",\"logo\":{\"@type\":\"ImageObject\",\"inLanguage\":\"es\",\"@id\":\"https:\/\/musica.santjosep.org\/es\/#\/schema\/logo\/image\/\",\"url\":\"https:\/\/musica.santjosep.org\/wp-content\/uploads\/2022\/01\/logo-SJEM.png\",\"contentUrl\":\"https:\/\/musica.santjosep.org\/wp-content\/uploads\/2022\/01\/logo-SJEM.png\",\"width\":213,\"height\":103,\"caption\":\"Sant Josep \u00e9s m\u00fasica\"},\"image\":{\"@id\":\"https:\/\/musica.santjosep.org\/es\/#\/schema\/logo\/image\/\"},\"sameAs\":[\"https:\/\/www.facebook.com\/Sant-Josep-s-Msica-105337042007790\",\"https:\/\/x.com\/MusicaSantJosep\",\"https:\/\/www.instagram.com\/musicasantjosep\/\",\"https:\/\/www.youtube.com\/channel\/UCBSLSUpqfrfsiOMVslmZEJA\"]}]}<\/script>\n<!-- \/ Yoast SEO plugin. -->","yoast_head_json":{"title":"Barbacoa especial en Salt & Pepper, con la m\u00fasica del saxofonista Ra\u00fal Mart\u00ednez - Sant Josep \u00e9s m\u00fasica","robots":{"index":"index","follow":"follow","max-snippet":"max-snippet:-1","max-image-preview":"max-image-preview:large","max-video-preview":"max-video-preview:-1"},"canonical":"https:\/\/musica.santjosep.org\/es\/concert\/barbacoa-especial-en-salt-pepper-con-la-musica-del-saxofonista-raul-martinez\/2025-08-17\/","og_locale":"es_ES","og_type":"article","og_title":"Barbacoa especial en Salt & Pepper, con la m\u00fasica del saxofonista Ra\u00fal Mart\u00ednez - Sant Josep \u00e9s m\u00fasica","og_description":"El restaurante Salt &amp; Pepper, en Platja d\u2019en Bossa, celebra todos los domingos una barbacoa especial, que incluye la actuaci\u00f3n del saxofonista argentino Ra\u00fal Mart\u00ednez. Ofrece un repertorio muy extenso, que incluye cl\u00e1sicos de los 80 y 90 y g\u00e9neros [&hellip;]","og_url":"https:\/\/musica.santjosep.org\/es\/concert\/barbacoa-especial-en-salt-pepper-con-la-musica-del-saxofonista-raul-martinez\/2025-08-17\/","og_site_name":"Sant Josep \u00e9s m\u00fasica","article_publisher":"https:\/\/www.facebook.com\/Sant-Josep-s-Msica-105337042007790","article_modified_time":"2025-07-15T16:35:08+00:00","og_image":[{"width":1400,"height":933,"url":"https:\/\/musica.santjosep.org\/wp-content\/uploads\/2025\/07\/raul-martinez-4-rec.jpg","type":"image\/jpeg"}],"twitter_card":"summary_large_image","twitter_site":"@MusicaSantJosep","twitter_misc":{"Tiempo de lectura":"1 minuto"},"schema":{"@context":"https:\/\/schema.org","@graph":[{"@type":"WebPage","@id":"https:\/\/musica.santjosep.org\/es\/concert\/barbacoa-especial-en-salt-pepper-con-la-musica-del-saxofonista-raul-martinez\/2025-08-17\/","url":"https:\/\/musica.santjosep.org\/es\/concert\/barbacoa-especial-en-salt-pepper-con-la-musica-del-saxofonista-raul-martinez\/2025-08-17\/","name":"Barbacoa especial en Salt & Pepper, con la m\u00fasica del saxofonista Ra\u00fal Mart\u00ednez - Sant Josep \u00e9s m\u00fasica","isPartOf":{"@id":"https:\/\/musica.santjosep.org\/es\/#website"},"primaryImageOfPage":{"@id":"https:\/\/musica.santjosep.org\/es\/concert\/barbacoa-especial-en-salt-pepper-con-la-musica-del-saxofonista-raul-martinez\/2025-08-17\/#primaryimage"},"image":{"@id":"https:\/\/musica.santjosep.org\/es\/concert\/barbacoa-especial-en-salt-pepper-con-la-musica-del-saxofonista-raul-martinez\/2025-08-17\/#primaryimage"},"thumbnailUrl":"https:\/\/musica.santjosep.org\/wp-content\/uploads\/2025\/07\/raul-martinez-4-rec.jpg","datePublished":"2025-07-15T16:34:06+00:00","dateModified":"2025-07-15T16:35:08+00:00","breadcrumb":{"@id":"https:\/\/musica.santjosep.org\/es\/concert\/barbacoa-especial-en-salt-pepper-con-la-musica-del-saxofonista-raul-martinez\/2025-08-17\/#breadcrumb"},"inLanguage":"es","potentialAction":[{"@type":"ReadAction","target":["https:\/\/musica.santjosep.org\/es\/concert\/barbacoa-especial-en-salt-pepper-con-la-musica-del-saxofonista-raul-martinez\/2025-08-17\/"]}]},{"@type":"ImageObject","inLanguage":"es","@id":"https:\/\/musica.santjosep.org\/es\/concert\/barbacoa-especial-en-salt-pepper-con-la-musica-del-saxofonista-raul-martinez\/2025-08-17\/#primaryimage","url":"https:\/\/musica.santjosep.org\/wp-content\/uploads\/2025\/07\/raul-martinez-4-rec.jpg","contentUrl":"https:\/\/musica.santjosep.org\/wp-content\/uploads\/2025\/07\/raul-martinez-4-rec.jpg","width":1400,"height":933},{"@type":"BreadcrumbList","@id":"https:\/\/musica.santjosep.org\/es\/concert\/barbacoa-especial-en-salt-pepper-con-la-musica-del-saxofonista-raul-martinez\/2025-08-17\/#breadcrumb","itemListElement":[{"@type":"ListItem","position":1,"name":"Portada","item":"https:\/\/musica.santjosep.org\/es\/"},{"@type":"ListItem","position":2,"name":"Eventos","item":"https:\/\/musica.santjosep.org\/es\/concerts\/"},{"@type":"ListItem","position":3,"name":"Barbacoa especial en Salt &#038; Pepper, con la m\u00fasica del saxofonista Ra\u00fal Mart\u00ednez"}]},{"@type":"WebSite","@id":"https:\/\/musica.santjosep.org\/es\/#website","url":"https:\/\/musica.santjosep.org\/es\/","name":"Sant Josep \u00e9s m\u00fasica","description":"Informaci\u00f3n actualizada de todos los conciertos, grupos y artistas que act\u00faen tanto en fiestas y festivales, como en establecimientos privados en el municipio de Sant Josep de sa Talaia","publisher":{"@id":"https:\/\/musica.santjosep.org\/es\/#organization"},"potentialAction":[{"@type":"SearchAction","target":{"@type":"EntryPoint","urlTemplate":"https:\/\/musica.santjosep.org\/es\/?s={search_term_string}"},"query-input":{"@type":"PropertyValueSpecification","valueRequired":true,"valueName":"search_term_string"}}],"inLanguage":"es"},{"@type":"Organization","@id":"https:\/\/musica.santjosep.org\/es\/#organization","name":"Sant Josep \u00e9s m\u00fasica","url":"https:\/\/musica.santjosep.org\/es\/","logo":{"@type":"ImageObject","inLanguage":"es","@id":"https:\/\/musica.santjosep.org\/es\/#\/schema\/logo\/image\/","url":"https:\/\/musica.santjosep.org\/wp-content\/uploads\/2022\/01\/logo-SJEM.png","contentUrl":"https:\/\/musica.santjosep.org\/wp-content\/uploads\/2022\/01\/logo-SJEM.png","width":213,"height":103,"caption":"Sant Josep \u00e9s m\u00fasica"},"image":{"@id":"https:\/\/musica.santjosep.org\/es\/#\/schema\/logo\/image\/"},"sameAs":["https:\/\/www.facebook.com\/Sant-Josep-s-Msica-105337042007790","https:\/\/x.com\/MusicaSantJosep","https:\/\/www.instagram.com\/musicasantjosep\/","https:\/\/www.youtube.com\/channel\/UCBSLSUpqfrfsiOMVslmZEJA"]}]}},"_links":{"self":[{"href":"https:\/\/musica.santjosep.org\/es\/wp-json\/wp\/v2\/tribe_events\/10028353","targetHints":{"allow":["GET"]}}],"collection":[{"href":"https:\/\/musica.santjosep.org\/es\/wp-json\/wp\/v2\/tribe_events"}],"about":[{"href":"https:\/\/musica.santjosep.org\/es\/wp-json\/wp\/v2\/types\/tribe_events"}],"author":[{"embeddable":true,"href":"https:\/\/musica.santjosep.org\/es\/wp-json\/wp\/v2\/users\/2"}],"version-history":[{"count":0,"href":"https:\/\/musica.santjosep.org\/es\/wp-json\/wp\/v2\/tribe_events\/10028353\/revisions"}],"wp:featuredmedia":[{"embeddable":true,"href":"https:\/\/musica.santjosep.org\/es\/wp-json\/wp\/v2\/media\/50616"}],"wp:attachment":[{"href":"https:\/\/musica.santjosep.org\/es\/wp-json\/wp\/v2\/media?parent=10028353"}],"wp:term":[{"taxonomy":"post_tag","embeddable":true,"href":"https:\/\/musica.santjosep.org\/es\/wp-json\/wp\/v2\/tags?post=10028353"},{"taxonomy":"tribe_events_cat","embeddable":true,"href":"https:\/\/musica.santjosep.org\/es\/wp-json\/wp\/v2\/tribe_events_cat?post=10028353"}],"curies":[{"name":"wp","href":"https:\/\/api.w.org\/{rel}","templated":true}]}}