{"id":10027985,"date":"2025-05-19T17:32:03","date_gmt":"2025-05-19T15:32:03","guid":{"rendered":"https:\/\/musica.santjosep.org\/concert\/dilluns-de-rumba-i-rock-a-can-riku-amb-el-grup-the-rosemary-family\/"},"modified":"2025-05-19T17:33:16","modified_gmt":"2025-05-19T15:33:16","slug":"lunes-de-rumba-y-rock-en-can-riku-con-el-grupo-the-rosemary-family","status":"publish","type":"tribe_events","link":"https:\/\/musica.santjosep.org\/es\/concert\/lunes-de-rumba-y-rock-en-can-riku-con-el-grupo-the-rosemary-family\/2025-08-04\/","title":{"rendered":"Lunes de rumba y rock en Can Riku, con el grupo The Rosemary Family"},"content":{"rendered":"<p>El restaurante Can Riku, en el centro de Sant Josep, ofrece un intenso programa de m\u00fasica en vivo. Todos los lunes recibe al grupo The Rosemary Family en formato tr\u00edo, con Mario Romero a la voz y a la guitarra, David Romero al caj\u00f3n flamenco y la voz y Alfonso Hern\u00e1ndez Morillas al bajo el\u00e9ctrico y los coros. Traen un repertorio en el que fusionan el flamenco con el rock, la rumba y otros g\u00e9neros, siempre con su particular estilo, que invita al jaleo y a la diversi\u00f3n. Se aconseja reservar.<\/p>\n","protected":false},"excerpt":{"rendered":"<p>El restaurante Can Riku, en el centro de Sant Josep, ofrece un intenso programa de m\u00fasica en vivo. Todos los lunes recibe al grupo The Rosemary Family en formato tr\u00edo, con Mario Romero a la voz y a la guitarra, [&hellip;]<\/p>\n","protected":false},"author":2,"featured_media":48572,"template":"","meta":{"_acf_changed":false,"_tribe_events_status":"","_tribe_events_status_reason":"","_tribe_events_is_hybrid":"","_tribe_events_is_virtual":"","_tribe_events_virtual_video_source":"","_tribe_events_virtual_embed_video":"","_tribe_events_virtual_linked_button_text":"","_tribe_events_virtual_linked_button":"","_tribe_events_virtual_show_embed_at":"","_tribe_events_virtual_show_embed_to":[],"_tribe_events_virtual_show_on_event":"","_tribe_events_virtual_show_on_views":"","_tribe_events_virtual_url":"","footnotes":""},"tags":[],"tribe_events_cat":[54,21,15,28],"class_list":["post-10027985","tribe_events","type-tribe_events","status-publish","has-post-thumbnail","hentry","tribe_events_cat-flamenco","tribe_events_cat-funky","tribe_events_cat-rock","tribe_events_cat-rumba","cat_flamenco","cat_funky","cat_rock","cat_rumba","tribe-recurring-event","tribe-recurring-event-parent"],"acf":[],"yoast_head":"<!-- This site is optimized with the Yoast SEO plugin v26.6 - https:\/\/yoast.com\/wordpress\/plugins\/seo\/ -->\n<title>Lunes de rumba y rock en Can Riku, con el grupo The Rosemary Family - Sant Josep \u00e9s m\u00fasica<\/title>\n<meta name=\"robots\" content=\"index, follow, max-snippet:-1, max-image-preview:large, max-video-preview:-1\" \/>\n<link rel=\"canonical\" href=\"https:\/\/musica.santjosep.org\/es\/concert\/lunes-de-rumba-y-rock-en-can-riku-con-el-grupo-the-rosemary-family\/2025-08-04\/\" \/>\n<meta property=\"og:locale\" content=\"es_ES\" \/>\n<meta property=\"og:type\" content=\"article\" \/>\n<meta property=\"og:title\" content=\"Lunes de rumba y rock en Can Riku, con el grupo The Rosemary Family - Sant Josep \u00e9s m\u00fasica\" \/>\n<meta property=\"og:description\" content=\"El restaurante Can Riku, en el centro de Sant Josep, ofrece un intenso programa de m\u00fasica en vivo. Todos los lunes recibe al grupo The Rosemary Family en formato tr\u00edo, con Mario Romero a la voz y a la guitarra, [&hellip;]\" \/>\n<meta property=\"og:url\" content=\"https:\/\/musica.santjosep.org\/es\/concert\/lunes-de-rumba-y-rock-en-can-riku-con-el-grupo-the-rosemary-family\/2025-08-04\/\" \/>\n<meta property=\"og:site_name\" content=\"Sant Josep \u00e9s m\u00fasica\" \/>\n<meta property=\"article:publisher\" content=\"https:\/\/www.facebook.com\/Sant-Josep-s-Msica-105337042007790\" \/>\n<meta property=\"article:modified_time\" content=\"2025-05-19T15:33:16+00:00\" \/>\n<meta property=\"og:image\" content=\"https:\/\/musica.santjosep.org\/wp-content\/uploads\/2025\/05\/the-rosemary-trio-4-rec.jpg\" \/>\n\t<meta property=\"og:image:width\" content=\"1400\" \/>\n\t<meta property=\"og:image:height\" content=\"933\" \/>\n\t<meta property=\"og:image:type\" content=\"image\/jpeg\" \/>\n<meta name=\"twitter:card\" content=\"summary_large_image\" \/>\n<meta name=\"twitter:site\" content=\"@MusicaSantJosep\" \/>\n<meta name=\"twitter:label1\" content=\"Tiempo de lectura\" \/>\n\t<meta name=\"twitter:data1\" content=\"1 minuto\" \/>\n<script type=\"application\/ld+json\" class=\"yoast-schema-graph\">{\"@context\":\"https:\/\/schema.org\",\"@graph\":[{\"@type\":\"WebPage\",\"@id\":\"https:\/\/musica.santjosep.org\/es\/concert\/lunes-de-rumba-y-rock-en-can-riku-con-el-grupo-the-rosemary-family\/2025-08-04\/\",\"url\":\"https:\/\/musica.santjosep.org\/es\/concert\/lunes-de-rumba-y-rock-en-can-riku-con-el-grupo-the-rosemary-family\/2025-08-04\/\",\"name\":\"Lunes de rumba y rock en Can Riku, con el grupo The Rosemary Family - Sant Josep \u00e9s m\u00fasica\",\"isPartOf\":{\"@id\":\"https:\/\/musica.santjosep.org\/es\/#website\"},\"primaryImageOfPage\":{\"@id\":\"https:\/\/musica.santjosep.org\/es\/concert\/lunes-de-rumba-y-rock-en-can-riku-con-el-grupo-the-rosemary-family\/2025-08-04\/#primaryimage\"},\"image\":{\"@id\":\"https:\/\/musica.santjosep.org\/es\/concert\/lunes-de-rumba-y-rock-en-can-riku-con-el-grupo-the-rosemary-family\/2025-08-04\/#primaryimage\"},\"thumbnailUrl\":\"https:\/\/musica.santjosep.org\/wp-content\/uploads\/2025\/05\/the-rosemary-trio-4-rec.jpg\",\"datePublished\":\"2025-05-19T15:32:03+00:00\",\"dateModified\":\"2025-05-19T15:33:16+00:00\",\"breadcrumb\":{\"@id\":\"https:\/\/musica.santjosep.org\/es\/concert\/lunes-de-rumba-y-rock-en-can-riku-con-el-grupo-the-rosemary-family\/2025-08-04\/#breadcrumb\"},\"inLanguage\":\"es\",\"potentialAction\":[{\"@type\":\"ReadAction\",\"target\":[\"https:\/\/musica.santjosep.org\/es\/concert\/lunes-de-rumba-y-rock-en-can-riku-con-el-grupo-the-rosemary-family\/2025-08-04\/\"]}]},{\"@type\":\"ImageObject\",\"inLanguage\":\"es\",\"@id\":\"https:\/\/musica.santjosep.org\/es\/concert\/lunes-de-rumba-y-rock-en-can-riku-con-el-grupo-the-rosemary-family\/2025-08-04\/#primaryimage\",\"url\":\"https:\/\/musica.santjosep.org\/wp-content\/uploads\/2025\/05\/the-rosemary-trio-4-rec.jpg\",\"contentUrl\":\"https:\/\/musica.santjosep.org\/wp-content\/uploads\/2025\/05\/the-rosemary-trio-4-rec.jpg\",\"width\":1400,\"height\":933},{\"@type\":\"BreadcrumbList\",\"@id\":\"https:\/\/musica.santjosep.org\/es\/concert\/lunes-de-rumba-y-rock-en-can-riku-con-el-grupo-the-rosemary-family\/2025-08-04\/#breadcrumb\",\"itemListElement\":[{\"@type\":\"ListItem\",\"position\":1,\"name\":\"Portada\",\"item\":\"https:\/\/musica.santjosep.org\/es\/\"},{\"@type\":\"ListItem\",\"position\":2,\"name\":\"Eventos\",\"item\":\"https:\/\/musica.santjosep.org\/es\/concerts\/\"},{\"@type\":\"ListItem\",\"position\":3,\"name\":\"Lunes de rumba y rock en Can Riku, con el grupo The Rosemary Family\"}]},{\"@type\":\"WebSite\",\"@id\":\"https:\/\/musica.santjosep.org\/es\/#website\",\"url\":\"https:\/\/musica.santjosep.org\/es\/\",\"name\":\"Sant Josep \u00e9s m\u00fasica\",\"description\":\"Informaci\u00f3n actualizada de todos los conciertos, grupos y artistas que act\u00faen tanto en fiestas y festivales, como en establecimientos privados en el municipio de Sant Josep de sa Talaia\",\"publisher\":{\"@id\":\"https:\/\/musica.santjosep.org\/es\/#organization\"},\"potentialAction\":[{\"@type\":\"SearchAction\",\"target\":{\"@type\":\"EntryPoint\",\"urlTemplate\":\"https:\/\/musica.santjosep.org\/es\/?s={search_term_string}\"},\"query-input\":{\"@type\":\"PropertyValueSpecification\",\"valueRequired\":true,\"valueName\":\"search_term_string\"}}],\"inLanguage\":\"es\"},{\"@type\":\"Organization\",\"@id\":\"https:\/\/musica.santjosep.org\/es\/#organization\",\"name\":\"Sant Josep \u00e9s m\u00fasica\",\"url\":\"https:\/\/musica.santjosep.org\/es\/\",\"logo\":{\"@type\":\"ImageObject\",\"inLanguage\":\"es\",\"@id\":\"https:\/\/musica.santjosep.org\/es\/#\/schema\/logo\/image\/\",\"url\":\"https:\/\/musica.santjosep.org\/wp-content\/uploads\/2022\/01\/logo-SJEM.png\",\"contentUrl\":\"https:\/\/musica.santjosep.org\/wp-content\/uploads\/2022\/01\/logo-SJEM.png\",\"width\":213,\"height\":103,\"caption\":\"Sant Josep \u00e9s m\u00fasica\"},\"image\":{\"@id\":\"https:\/\/musica.santjosep.org\/es\/#\/schema\/logo\/image\/\"},\"sameAs\":[\"https:\/\/www.facebook.com\/Sant-Josep-s-Msica-105337042007790\",\"https:\/\/x.com\/MusicaSantJosep\",\"https:\/\/www.instagram.com\/musicasantjosep\/\",\"https:\/\/www.youtube.com\/channel\/UCBSLSUpqfrfsiOMVslmZEJA\"]}]}<\/script>\n<!-- \/ Yoast SEO plugin. -->","yoast_head_json":{"title":"Lunes de rumba y rock en Can Riku, con el grupo The Rosemary Family - Sant Josep \u00e9s m\u00fasica","robots":{"index":"index","follow":"follow","max-snippet":"max-snippet:-1","max-image-preview":"max-image-preview:large","max-video-preview":"max-video-preview:-1"},"canonical":"https:\/\/musica.santjosep.org\/es\/concert\/lunes-de-rumba-y-rock-en-can-riku-con-el-grupo-the-rosemary-family\/2025-08-04\/","og_locale":"es_ES","og_type":"article","og_title":"Lunes de rumba y rock en Can Riku, con el grupo The Rosemary Family - Sant Josep \u00e9s m\u00fasica","og_description":"El restaurante Can Riku, en el centro de Sant Josep, ofrece un intenso programa de m\u00fasica en vivo. Todos los lunes recibe al grupo The Rosemary Family en formato tr\u00edo, con Mario Romero a la voz y a la guitarra, [&hellip;]","og_url":"https:\/\/musica.santjosep.org\/es\/concert\/lunes-de-rumba-y-rock-en-can-riku-con-el-grupo-the-rosemary-family\/2025-08-04\/","og_site_name":"Sant Josep \u00e9s m\u00fasica","article_publisher":"https:\/\/www.facebook.com\/Sant-Josep-s-Msica-105337042007790","article_modified_time":"2025-05-19T15:33:16+00:00","og_image":[{"width":1400,"height":933,"url":"https:\/\/musica.santjosep.org\/wp-content\/uploads\/2025\/05\/the-rosemary-trio-4-rec.jpg","type":"image\/jpeg"}],"twitter_card":"summary_large_image","twitter_site":"@MusicaSantJosep","twitter_misc":{"Tiempo de lectura":"1 minuto"},"schema":{"@context":"https:\/\/schema.org","@graph":[{"@type":"WebPage","@id":"https:\/\/musica.santjosep.org\/es\/concert\/lunes-de-rumba-y-rock-en-can-riku-con-el-grupo-the-rosemary-family\/2025-08-04\/","url":"https:\/\/musica.santjosep.org\/es\/concert\/lunes-de-rumba-y-rock-en-can-riku-con-el-grupo-the-rosemary-family\/2025-08-04\/","name":"Lunes de rumba y rock en Can Riku, con el grupo The Rosemary Family - Sant Josep \u00e9s m\u00fasica","isPartOf":{"@id":"https:\/\/musica.santjosep.org\/es\/#website"},"primaryImageOfPage":{"@id":"https:\/\/musica.santjosep.org\/es\/concert\/lunes-de-rumba-y-rock-en-can-riku-con-el-grupo-the-rosemary-family\/2025-08-04\/#primaryimage"},"image":{"@id":"https:\/\/musica.santjosep.org\/es\/concert\/lunes-de-rumba-y-rock-en-can-riku-con-el-grupo-the-rosemary-family\/2025-08-04\/#primaryimage"},"thumbnailUrl":"https:\/\/musica.santjosep.org\/wp-content\/uploads\/2025\/05\/the-rosemary-trio-4-rec.jpg","datePublished":"2025-05-19T15:32:03+00:00","dateModified":"2025-05-19T15:33:16+00:00","breadcrumb":{"@id":"https:\/\/musica.santjosep.org\/es\/concert\/lunes-de-rumba-y-rock-en-can-riku-con-el-grupo-the-rosemary-family\/2025-08-04\/#breadcrumb"},"inLanguage":"es","potentialAction":[{"@type":"ReadAction","target":["https:\/\/musica.santjosep.org\/es\/concert\/lunes-de-rumba-y-rock-en-can-riku-con-el-grupo-the-rosemary-family\/2025-08-04\/"]}]},{"@type":"ImageObject","inLanguage":"es","@id":"https:\/\/musica.santjosep.org\/es\/concert\/lunes-de-rumba-y-rock-en-can-riku-con-el-grupo-the-rosemary-family\/2025-08-04\/#primaryimage","url":"https:\/\/musica.santjosep.org\/wp-content\/uploads\/2025\/05\/the-rosemary-trio-4-rec.jpg","contentUrl":"https:\/\/musica.santjosep.org\/wp-content\/uploads\/2025\/05\/the-rosemary-trio-4-rec.jpg","width":1400,"height":933},{"@type":"BreadcrumbList","@id":"https:\/\/musica.santjosep.org\/es\/concert\/lunes-de-rumba-y-rock-en-can-riku-con-el-grupo-the-rosemary-family\/2025-08-04\/#breadcrumb","itemListElement":[{"@type":"ListItem","position":1,"name":"Portada","item":"https:\/\/musica.santjosep.org\/es\/"},{"@type":"ListItem","position":2,"name":"Eventos","item":"https:\/\/musica.santjosep.org\/es\/concerts\/"},{"@type":"ListItem","position":3,"name":"Lunes de rumba y rock en Can Riku, con el grupo The Rosemary Family"}]},{"@type":"WebSite","@id":"https:\/\/musica.santjosep.org\/es\/#website","url":"https:\/\/musica.santjosep.org\/es\/","name":"Sant Josep \u00e9s m\u00fasica","description":"Informaci\u00f3n actualizada de todos los conciertos, grupos y artistas que act\u00faen tanto en fiestas y festivales, como en establecimientos privados en el municipio de Sant Josep de sa Talaia","publisher":{"@id":"https:\/\/musica.santjosep.org\/es\/#organization"},"potentialAction":[{"@type":"SearchAction","target":{"@type":"EntryPoint","urlTemplate":"https:\/\/musica.santjosep.org\/es\/?s={search_term_string}"},"query-input":{"@type":"PropertyValueSpecification","valueRequired":true,"valueName":"search_term_string"}}],"inLanguage":"es"},{"@type":"Organization","@id":"https:\/\/musica.santjosep.org\/es\/#organization","name":"Sant Josep \u00e9s m\u00fasica","url":"https:\/\/musica.santjosep.org\/es\/","logo":{"@type":"ImageObject","inLanguage":"es","@id":"https:\/\/musica.santjosep.org\/es\/#\/schema\/logo\/image\/","url":"https:\/\/musica.santjosep.org\/wp-content\/uploads\/2022\/01\/logo-SJEM.png","contentUrl":"https:\/\/musica.santjosep.org\/wp-content\/uploads\/2022\/01\/logo-SJEM.png","width":213,"height":103,"caption":"Sant Josep \u00e9s m\u00fasica"},"image":{"@id":"https:\/\/musica.santjosep.org\/es\/#\/schema\/logo\/image\/"},"sameAs":["https:\/\/www.facebook.com\/Sant-Josep-s-Msica-105337042007790","https:\/\/x.com\/MusicaSantJosep","https:\/\/www.instagram.com\/musicasantjosep\/","https:\/\/www.youtube.com\/channel\/UCBSLSUpqfrfsiOMVslmZEJA"]}]}},"_links":{"self":[{"href":"https:\/\/musica.santjosep.org\/es\/wp-json\/wp\/v2\/tribe_events\/10027985","targetHints":{"allow":["GET"]}}],"collection":[{"href":"https:\/\/musica.santjosep.org\/es\/wp-json\/wp\/v2\/tribe_events"}],"about":[{"href":"https:\/\/musica.santjosep.org\/es\/wp-json\/wp\/v2\/types\/tribe_events"}],"author":[{"embeddable":true,"href":"https:\/\/musica.santjosep.org\/es\/wp-json\/wp\/v2\/users\/2"}],"version-history":[{"count":0,"href":"https:\/\/musica.santjosep.org\/es\/wp-json\/wp\/v2\/tribe_events\/10027985\/revisions"}],"wp:featuredmedia":[{"embeddable":true,"href":"https:\/\/musica.santjosep.org\/es\/wp-json\/wp\/v2\/media\/48572"}],"wp:attachment":[{"href":"https:\/\/musica.santjosep.org\/es\/wp-json\/wp\/v2\/media?parent=10027985"}],"wp:term":[{"taxonomy":"post_tag","embeddable":true,"href":"https:\/\/musica.santjosep.org\/es\/wp-json\/wp\/v2\/tags?post=10027985"},{"taxonomy":"tribe_events_cat","embeddable":true,"href":"https:\/\/musica.santjosep.org\/es\/wp-json\/wp\/v2\/tribe_events_cat?post=10027985"}],"curies":[{"name":"wp","href":"https:\/\/api.w.org\/{rel}","templated":true}]}}