{"id":10025093,"date":"2024-05-21T23:08:36","date_gmt":"2024-05-21T21:08:36","guid":{"rendered":"https:\/\/musica.santjosep.org\/?post_type=tribe_events&#038;p=36016"},"modified":"2024-05-21T23:08:36","modified_gmt":"2024-05-21T21:08:36","slug":"noche-de-cancion-melodica-con-carlos-tur-en-el-bar-la-ponderosa-2","status":"publish","type":"tribe_events","link":"https:\/\/musica.santjosep.org\/es\/concert\/noche-de-cancion-melodica-con-carlos-tur-en-el-bar-la-ponderosa-2\/2024-05-24\/","title":{"rendered":"Noche de canci\u00f3n mel\u00f3dica con Carlos Tur, en el bar La Ponderosa"},"content":{"rendered":"<p>El bar restaurante La Ponderosa, junto a la rotonda del aeropuerto, ofrece esta noche especial de m\u00fasica todos los viernes de la temporada. En ella se conjuga la m\u00fasica en vivo que ofrece el cantante Carlos Tur, con un karaoke en el que pueden participar todos los clientes. Carlos trae un espect\u00e1culo que oscila del pop en espa\u00f1ol y en ingl\u00e9s hacia ritmos latinos como la salsa o la bachata. Act\u00faa en solitario, con bases pregrabadas.<\/p>\n","protected":false},"excerpt":{"rendered":"<p>El bar restaurante La Ponderosa, junto a la rotonda del aeropuerto, ofrece esta noche especial de m\u00fasica todos los viernes de la temporada. En ella se conjuga la m\u00fasica en vivo que ofrece el cantante Carlos Tur, con un karaoke [&hellip;]<\/p>\n","protected":false},"author":2,"featured_media":36017,"template":"","meta":{"_acf_changed":false,"_tribe_events_status":"","_tribe_events_status_reason":"","_tribe_events_is_hybrid":"","_tribe_events_is_virtual":"","_tribe_events_virtual_video_source":"","_tribe_events_virtual_embed_video":"","_tribe_events_virtual_linked_button_text":"","_tribe_events_virtual_linked_button":"","_tribe_events_virtual_show_embed_at":"","_tribe_events_virtual_show_embed_to":[],"_tribe_events_virtual_show_on_event":"","_tribe_events_virtual_show_on_views":"","_tribe_events_virtual_url":"","footnotes":""},"tags":[],"tribe_events_cat":[65,29],"class_list":["post-10025093","tribe_events","type-tribe_events","status-publish","has-post-thumbnail","hentry","tribe_events_cat-latina","tribe_events_cat-pop","cat_latina","cat_pop","tribe-recurring-event","tribe-recurring-event-parent"],"acf":[],"yoast_head":"<!-- This site is optimized with the Yoast SEO plugin v26.6 - https:\/\/yoast.com\/wordpress\/plugins\/seo\/ -->\n<title>Noche de canci\u00f3n mel\u00f3dica con Carlos Tur, en el bar La Ponderosa - Sant Josep \u00e9s m\u00fasica<\/title>\n<meta name=\"robots\" content=\"index, follow, max-snippet:-1, max-image-preview:large, max-video-preview:-1\" \/>\n<link rel=\"canonical\" href=\"https:\/\/musica.santjosep.org\/es\/concert\/noche-de-cancion-melodica-con-carlos-tur-en-el-bar-la-ponderosa-2\/2024-05-24\/\" \/>\n<meta property=\"og:locale\" content=\"es_ES\" \/>\n<meta property=\"og:type\" content=\"article\" \/>\n<meta property=\"og:title\" content=\"Noche de canci\u00f3n mel\u00f3dica con Carlos Tur, en el bar La Ponderosa - Sant Josep \u00e9s m\u00fasica\" \/>\n<meta property=\"og:description\" content=\"El bar restaurante La Ponderosa, junto a la rotonda del aeropuerto, ofrece esta noche especial de m\u00fasica todos los viernes de la temporada. En ella se conjuga la m\u00fasica en vivo que ofrece el cantante Carlos Tur, con un karaoke [&hellip;]\" \/>\n<meta property=\"og:url\" content=\"https:\/\/musica.santjosep.org\/es\/concert\/noche-de-cancion-melodica-con-carlos-tur-en-el-bar-la-ponderosa-2\/2024-05-24\/\" \/>\n<meta property=\"og:site_name\" content=\"Sant Josep \u00e9s m\u00fasica\" \/>\n<meta property=\"article:publisher\" content=\"https:\/\/www.facebook.com\/Sant-Josep-s-Msica-105337042007790\" \/>\n<meta property=\"og:image\" content=\"https:\/\/musica.santjosep.org\/wp-content\/uploads\/2024\/05\/carlos-tur-1-rec.jpg\" \/>\n\t<meta property=\"og:image:width\" content=\"1400\" \/>\n\t<meta property=\"og:image:height\" content=\"933\" \/>\n\t<meta property=\"og:image:type\" content=\"image\/jpeg\" \/>\n<meta name=\"twitter:card\" content=\"summary_large_image\" \/>\n<meta name=\"twitter:site\" content=\"@MusicaSantJosep\" \/>\n<meta name=\"twitter:label1\" content=\"Tiempo de lectura\" \/>\n\t<meta name=\"twitter:data1\" content=\"1 minuto\" \/>\n<script type=\"application\/ld+json\" class=\"yoast-schema-graph\">{\"@context\":\"https:\/\/schema.org\",\"@graph\":[{\"@type\":\"WebPage\",\"@id\":\"https:\/\/musica.santjosep.org\/es\/concert\/noche-de-cancion-melodica-con-carlos-tur-en-el-bar-la-ponderosa-2\/2024-05-24\/\",\"url\":\"https:\/\/musica.santjosep.org\/es\/concert\/noche-de-cancion-melodica-con-carlos-tur-en-el-bar-la-ponderosa-2\/2024-05-24\/\",\"name\":\"Noche de canci\u00f3n mel\u00f3dica con Carlos Tur, en el bar La Ponderosa - Sant Josep \u00e9s m\u00fasica\",\"isPartOf\":{\"@id\":\"https:\/\/musica.santjosep.org\/es\/#website\"},\"primaryImageOfPage\":{\"@id\":\"https:\/\/musica.santjosep.org\/es\/concert\/noche-de-cancion-melodica-con-carlos-tur-en-el-bar-la-ponderosa-2\/2024-05-24\/#primaryimage\"},\"image\":{\"@id\":\"https:\/\/musica.santjosep.org\/es\/concert\/noche-de-cancion-melodica-con-carlos-tur-en-el-bar-la-ponderosa-2\/2024-05-24\/#primaryimage\"},\"thumbnailUrl\":\"https:\/\/musica.santjosep.org\/wp-content\/uploads\/2024\/05\/carlos-tur-1-rec.jpg\",\"datePublished\":\"2024-05-21T21:08:36+00:00\",\"breadcrumb\":{\"@id\":\"https:\/\/musica.santjosep.org\/es\/concert\/noche-de-cancion-melodica-con-carlos-tur-en-el-bar-la-ponderosa-2\/2024-05-24\/#breadcrumb\"},\"inLanguage\":\"es\",\"potentialAction\":[{\"@type\":\"ReadAction\",\"target\":[\"https:\/\/musica.santjosep.org\/es\/concert\/noche-de-cancion-melodica-con-carlos-tur-en-el-bar-la-ponderosa-2\/2024-05-24\/\"]}]},{\"@type\":\"ImageObject\",\"inLanguage\":\"es\",\"@id\":\"https:\/\/musica.santjosep.org\/es\/concert\/noche-de-cancion-melodica-con-carlos-tur-en-el-bar-la-ponderosa-2\/2024-05-24\/#primaryimage\",\"url\":\"https:\/\/musica.santjosep.org\/wp-content\/uploads\/2024\/05\/carlos-tur-1-rec.jpg\",\"contentUrl\":\"https:\/\/musica.santjosep.org\/wp-content\/uploads\/2024\/05\/carlos-tur-1-rec.jpg\",\"width\":1400,\"height\":933},{\"@type\":\"BreadcrumbList\",\"@id\":\"https:\/\/musica.santjosep.org\/es\/concert\/noche-de-cancion-melodica-con-carlos-tur-en-el-bar-la-ponderosa-2\/2024-05-24\/#breadcrumb\",\"itemListElement\":[{\"@type\":\"ListItem\",\"position\":1,\"name\":\"Portada\",\"item\":\"https:\/\/musica.santjosep.org\/es\/\"},{\"@type\":\"ListItem\",\"position\":2,\"name\":\"Eventos\",\"item\":\"https:\/\/musica.santjosep.org\/es\/concerts\/\"},{\"@type\":\"ListItem\",\"position\":3,\"name\":\"Noche de canci\u00f3n mel\u00f3dica con Carlos Tur, en el bar La Ponderosa\"}]},{\"@type\":\"WebSite\",\"@id\":\"https:\/\/musica.santjosep.org\/es\/#website\",\"url\":\"https:\/\/musica.santjosep.org\/es\/\",\"name\":\"Sant Josep \u00e9s m\u00fasica\",\"description\":\"Informaci\u00f3n actualizada de todos los conciertos, grupos y artistas que act\u00faen tanto en fiestas y festivales, como en establecimientos privados en el municipio de Sant Josep de sa Talaia\",\"publisher\":{\"@id\":\"https:\/\/musica.santjosep.org\/es\/#organization\"},\"potentialAction\":[{\"@type\":\"SearchAction\",\"target\":{\"@type\":\"EntryPoint\",\"urlTemplate\":\"https:\/\/musica.santjosep.org\/es\/?s={search_term_string}\"},\"query-input\":{\"@type\":\"PropertyValueSpecification\",\"valueRequired\":true,\"valueName\":\"search_term_string\"}}],\"inLanguage\":\"es\"},{\"@type\":\"Organization\",\"@id\":\"https:\/\/musica.santjosep.org\/es\/#organization\",\"name\":\"Sant Josep \u00e9s m\u00fasica\",\"url\":\"https:\/\/musica.santjosep.org\/es\/\",\"logo\":{\"@type\":\"ImageObject\",\"inLanguage\":\"es\",\"@id\":\"https:\/\/musica.santjosep.org\/es\/#\/schema\/logo\/image\/\",\"url\":\"https:\/\/musica.santjosep.org\/wp-content\/uploads\/2022\/01\/logo-SJEM.png\",\"contentUrl\":\"https:\/\/musica.santjosep.org\/wp-content\/uploads\/2022\/01\/logo-SJEM.png\",\"width\":213,\"height\":103,\"caption\":\"Sant Josep \u00e9s m\u00fasica\"},\"image\":{\"@id\":\"https:\/\/musica.santjosep.org\/es\/#\/schema\/logo\/image\/\"},\"sameAs\":[\"https:\/\/www.facebook.com\/Sant-Josep-s-Msica-105337042007790\",\"https:\/\/x.com\/MusicaSantJosep\",\"https:\/\/www.instagram.com\/musicasantjosep\/\",\"https:\/\/www.youtube.com\/channel\/UCBSLSUpqfrfsiOMVslmZEJA\"]}]}<\/script>\n<!-- \/ Yoast SEO plugin. -->","yoast_head_json":{"title":"Noche de canci\u00f3n mel\u00f3dica con Carlos Tur, en el bar La Ponderosa - Sant Josep \u00e9s m\u00fasica","robots":{"index":"index","follow":"follow","max-snippet":"max-snippet:-1","max-image-preview":"max-image-preview:large","max-video-preview":"max-video-preview:-1"},"canonical":"https:\/\/musica.santjosep.org\/es\/concert\/noche-de-cancion-melodica-con-carlos-tur-en-el-bar-la-ponderosa-2\/2024-05-24\/","og_locale":"es_ES","og_type":"article","og_title":"Noche de canci\u00f3n mel\u00f3dica con Carlos Tur, en el bar La Ponderosa - Sant Josep \u00e9s m\u00fasica","og_description":"El bar restaurante La Ponderosa, junto a la rotonda del aeropuerto, ofrece esta noche especial de m\u00fasica todos los viernes de la temporada. En ella se conjuga la m\u00fasica en vivo que ofrece el cantante Carlos Tur, con un karaoke [&hellip;]","og_url":"https:\/\/musica.santjosep.org\/es\/concert\/noche-de-cancion-melodica-con-carlos-tur-en-el-bar-la-ponderosa-2\/2024-05-24\/","og_site_name":"Sant Josep \u00e9s m\u00fasica","article_publisher":"https:\/\/www.facebook.com\/Sant-Josep-s-Msica-105337042007790","og_image":[{"width":1400,"height":933,"url":"https:\/\/musica.santjosep.org\/wp-content\/uploads\/2024\/05\/carlos-tur-1-rec.jpg","type":"image\/jpeg"}],"twitter_card":"summary_large_image","twitter_site":"@MusicaSantJosep","twitter_misc":{"Tiempo de lectura":"1 minuto"},"schema":{"@context":"https:\/\/schema.org","@graph":[{"@type":"WebPage","@id":"https:\/\/musica.santjosep.org\/es\/concert\/noche-de-cancion-melodica-con-carlos-tur-en-el-bar-la-ponderosa-2\/2024-05-24\/","url":"https:\/\/musica.santjosep.org\/es\/concert\/noche-de-cancion-melodica-con-carlos-tur-en-el-bar-la-ponderosa-2\/2024-05-24\/","name":"Noche de canci\u00f3n mel\u00f3dica con Carlos Tur, en el bar La Ponderosa - Sant Josep \u00e9s m\u00fasica","isPartOf":{"@id":"https:\/\/musica.santjosep.org\/es\/#website"},"primaryImageOfPage":{"@id":"https:\/\/musica.santjosep.org\/es\/concert\/noche-de-cancion-melodica-con-carlos-tur-en-el-bar-la-ponderosa-2\/2024-05-24\/#primaryimage"},"image":{"@id":"https:\/\/musica.santjosep.org\/es\/concert\/noche-de-cancion-melodica-con-carlos-tur-en-el-bar-la-ponderosa-2\/2024-05-24\/#primaryimage"},"thumbnailUrl":"https:\/\/musica.santjosep.org\/wp-content\/uploads\/2024\/05\/carlos-tur-1-rec.jpg","datePublished":"2024-05-21T21:08:36+00:00","breadcrumb":{"@id":"https:\/\/musica.santjosep.org\/es\/concert\/noche-de-cancion-melodica-con-carlos-tur-en-el-bar-la-ponderosa-2\/2024-05-24\/#breadcrumb"},"inLanguage":"es","potentialAction":[{"@type":"ReadAction","target":["https:\/\/musica.santjosep.org\/es\/concert\/noche-de-cancion-melodica-con-carlos-tur-en-el-bar-la-ponderosa-2\/2024-05-24\/"]}]},{"@type":"ImageObject","inLanguage":"es","@id":"https:\/\/musica.santjosep.org\/es\/concert\/noche-de-cancion-melodica-con-carlos-tur-en-el-bar-la-ponderosa-2\/2024-05-24\/#primaryimage","url":"https:\/\/musica.santjosep.org\/wp-content\/uploads\/2024\/05\/carlos-tur-1-rec.jpg","contentUrl":"https:\/\/musica.santjosep.org\/wp-content\/uploads\/2024\/05\/carlos-tur-1-rec.jpg","width":1400,"height":933},{"@type":"BreadcrumbList","@id":"https:\/\/musica.santjosep.org\/es\/concert\/noche-de-cancion-melodica-con-carlos-tur-en-el-bar-la-ponderosa-2\/2024-05-24\/#breadcrumb","itemListElement":[{"@type":"ListItem","position":1,"name":"Portada","item":"https:\/\/musica.santjosep.org\/es\/"},{"@type":"ListItem","position":2,"name":"Eventos","item":"https:\/\/musica.santjosep.org\/es\/concerts\/"},{"@type":"ListItem","position":3,"name":"Noche de canci\u00f3n mel\u00f3dica con Carlos Tur, en el bar La Ponderosa"}]},{"@type":"WebSite","@id":"https:\/\/musica.santjosep.org\/es\/#website","url":"https:\/\/musica.santjosep.org\/es\/","name":"Sant Josep \u00e9s m\u00fasica","description":"Informaci\u00f3n actualizada de todos los conciertos, grupos y artistas que act\u00faen tanto en fiestas y festivales, como en establecimientos privados en el municipio de Sant Josep de sa Talaia","publisher":{"@id":"https:\/\/musica.santjosep.org\/es\/#organization"},"potentialAction":[{"@type":"SearchAction","target":{"@type":"EntryPoint","urlTemplate":"https:\/\/musica.santjosep.org\/es\/?s={search_term_string}"},"query-input":{"@type":"PropertyValueSpecification","valueRequired":true,"valueName":"search_term_string"}}],"inLanguage":"es"},{"@type":"Organization","@id":"https:\/\/musica.santjosep.org\/es\/#organization","name":"Sant Josep \u00e9s m\u00fasica","url":"https:\/\/musica.santjosep.org\/es\/","logo":{"@type":"ImageObject","inLanguage":"es","@id":"https:\/\/musica.santjosep.org\/es\/#\/schema\/logo\/image\/","url":"https:\/\/musica.santjosep.org\/wp-content\/uploads\/2022\/01\/logo-SJEM.png","contentUrl":"https:\/\/musica.santjosep.org\/wp-content\/uploads\/2022\/01\/logo-SJEM.png","width":213,"height":103,"caption":"Sant Josep \u00e9s m\u00fasica"},"image":{"@id":"https:\/\/musica.santjosep.org\/es\/#\/schema\/logo\/image\/"},"sameAs":["https:\/\/www.facebook.com\/Sant-Josep-s-Msica-105337042007790","https:\/\/x.com\/MusicaSantJosep","https:\/\/www.instagram.com\/musicasantjosep\/","https:\/\/www.youtube.com\/channel\/UCBSLSUpqfrfsiOMVslmZEJA"]}]}},"_links":{"self":[{"href":"https:\/\/musica.santjosep.org\/es\/wp-json\/wp\/v2\/tribe_events\/10025093","targetHints":{"allow":["GET"]}}],"collection":[{"href":"https:\/\/musica.santjosep.org\/es\/wp-json\/wp\/v2\/tribe_events"}],"about":[{"href":"https:\/\/musica.santjosep.org\/es\/wp-json\/wp\/v2\/types\/tribe_events"}],"author":[{"embeddable":true,"href":"https:\/\/musica.santjosep.org\/es\/wp-json\/wp\/v2\/users\/2"}],"version-history":[{"count":0,"href":"https:\/\/musica.santjosep.org\/es\/wp-json\/wp\/v2\/tribe_events\/10025093\/revisions"}],"wp:featuredmedia":[{"embeddable":true,"href":"https:\/\/musica.santjosep.org\/es\/wp-json\/wp\/v2\/media\/36017"}],"wp:attachment":[{"href":"https:\/\/musica.santjosep.org\/es\/wp-json\/wp\/v2\/media?parent=10025093"}],"wp:term":[{"taxonomy":"post_tag","embeddable":true,"href":"https:\/\/musica.santjosep.org\/es\/wp-json\/wp\/v2\/tags?post=10025093"},{"taxonomy":"tribe_events_cat","embeddable":true,"href":"https:\/\/musica.santjosep.org\/es\/wp-json\/wp\/v2\/tribe_events_cat?post=10025093"}],"curies":[{"name":"wp","href":"https:\/\/api.w.org\/{rel}","templated":true}]}}