{"id":2797,"date":"2022-02-08T22:06:23","date_gmt":"2022-02-08T21:06:23","guid":{"rendered":"https:\/\/musica.santjosep.org\/?post_type=recintos&#038;p=2797"},"modified":"2022-02-08T22:06:23","modified_gmt":"2022-02-08T21:06:23","slug":"placa-de-sant-jordi","status":"publish","type":"recintos","link":"https:\/\/musica.santjosep.org\/es\/recintos\/placa-de-sant-jordi\/","title":{"rendered":"Pla\u00e7a de Sant Jordi"},"content":{"rendered":"<div class=\"wpb-content-wrapper\"><p>[vc_row][vc_column]<div class=\"edgtf-image-gallery  edgtf-ig-slider-type edgtf-large-space  edgtf-image-behavior-lightbox\">\n\t<div class=\"edgtf-ig-slider edgtf-owl-slider\" data-number-of-items=\"1\" data-enable-loop=\"yes\" data-enable-autoplay=\"yes\" data-slider-speed=\"5000\" data-slider-speed-animation=\"600\" data-slider-padding=\"no\" data-enable-navigation=\"yes\" data-enable-pagination=\"yes\">\n\t\t\t\t\t<div class=\"edgtf-ig-image\">\n\t\t\t\t\t\t\t\t\t<a itemprop=\"image\" class=\"edgtf-ig-lightbox edgtf-block-drag-link\" href=\"https:\/\/musica.santjosep.org\/wp-content\/uploads\/2022\/02\/Plac\u0327a-de-Sant-Jordi-12rec.jpg\" data-rel=\"prettyPhoto[image_gallery_pretty_photo-69]\" title=\"Plac\u0327a de Sant Jordi-12rec\">\n\t\t\t\t\t\t\t\t\t<img loading=\"lazy\" decoding=\"async\" src=\"https:\/\/musica.santjosep.org\/wp-content\/uploads\/2022\/02\/Plac\u0327a-de-Sant-Jordi-12rec-1100x730.jpg\" alt=\"\" width=\"1100\" height=\"730\" \/>\t\t\t\t\t\t\t\t\t<\/a>\n\t\t\t\t\t\t\t<\/div>\n\t\t\t\t\t<div class=\"edgtf-ig-image\">\n\t\t\t\t\t\t\t\t\t<a itemprop=\"image\" class=\"edgtf-ig-lightbox edgtf-block-drag-link\" href=\"https:\/\/musica.santjosep.org\/wp-content\/uploads\/2022\/02\/Plac\u0327a-de-Sant-Jordi-9rec.jpg\" data-rel=\"prettyPhoto[image_gallery_pretty_photo-69]\" title=\"Plac\u0327a de Sant Jordi-9rec\">\n\t\t\t\t\t\t\t\t\t<img loading=\"lazy\" decoding=\"async\" src=\"https:\/\/musica.santjosep.org\/wp-content\/uploads\/2022\/02\/Plac\u0327a-de-Sant-Jordi-9rec-1100x730.jpg\" alt=\"\" width=\"1100\" height=\"730\" \/>\t\t\t\t\t\t\t\t\t<\/a>\n\t\t\t\t\t\t\t<\/div>\n\t\t\t\t\t<div class=\"edgtf-ig-image\">\n\t\t\t\t\t\t\t\t\t<a itemprop=\"image\" class=\"edgtf-ig-lightbox edgtf-block-drag-link\" href=\"https:\/\/musica.santjosep.org\/wp-content\/uploads\/2022\/02\/Plac\u0327a-de-Sant-Jordi-11rec.jpg\" data-rel=\"prettyPhoto[image_gallery_pretty_photo-69]\" title=\"Plac\u0327a de Sant Jordi-11rec\">\n\t\t\t\t\t\t\t\t\t<img loading=\"lazy\" decoding=\"async\" src=\"https:\/\/musica.santjosep.org\/wp-content\/uploads\/2022\/02\/Plac\u0327a-de-Sant-Jordi-11rec-1100x730.jpg\" alt=\"\" width=\"1100\" height=\"730\" \/>\t\t\t\t\t\t\t\t\t<\/a>\n\t\t\t\t\t\t\t<\/div>\n\t\t\t\t\t<div class=\"edgtf-ig-image\">\n\t\t\t\t\t\t\t\t\t<a itemprop=\"image\" class=\"edgtf-ig-lightbox edgtf-block-drag-link\" href=\"https:\/\/musica.santjosep.org\/wp-content\/uploads\/2022\/02\/Plac\u0327a-de-Sant-Jordi-10rec.jpg\" data-rel=\"prettyPhoto[image_gallery_pretty_photo-69]\" title=\"Plac\u0327a de Sant Jordi-10rec\">\n\t\t\t\t\t\t\t\t\t<img loading=\"lazy\" decoding=\"async\" src=\"https:\/\/musica.santjosep.org\/wp-content\/uploads\/2022\/02\/Plac\u0327a-de-Sant-Jordi-10rec-1100x730.jpg\" alt=\"\" width=\"1100\" height=\"730\" \/>\t\t\t\t\t\t\t\t\t<\/a>\n\t\t\t\t\t\t\t<\/div>\n\t\t\t\t\t<div class=\"edgtf-ig-image\">\n\t\t\t\t\t\t\t\t\t<a itemprop=\"image\" class=\"edgtf-ig-lightbox edgtf-block-drag-link\" href=\"https:\/\/musica.santjosep.org\/wp-content\/uploads\/2022\/02\/Plac\u0327a-de-Sant-Jordi-2rec.jpg\" data-rel=\"prettyPhoto[image_gallery_pretty_photo-69]\" title=\"Plac\u0327a de Sant Jordi-2rec\">\n\t\t\t\t\t\t\t\t\t<img loading=\"lazy\" decoding=\"async\" src=\"https:\/\/musica.santjosep.org\/wp-content\/uploads\/2022\/02\/Plac\u0327a-de-Sant-Jordi-2rec-1100x730.jpg\" alt=\"\" width=\"1100\" height=\"730\" \/>\t\t\t\t\t\t\t\t\t<\/a>\n\t\t\t\t\t\t\t<\/div>\n\t\t\t\t\t<div class=\"edgtf-ig-image\">\n\t\t\t\t\t\t\t\t\t<a itemprop=\"image\" class=\"edgtf-ig-lightbox edgtf-block-drag-link\" href=\"https:\/\/musica.santjosep.org\/wp-content\/uploads\/2022\/02\/Plac\u0327a-de-Sant-Jordirec.jpg\" data-rel=\"prettyPhoto[image_gallery_pretty_photo-69]\" title=\"Plac\u0327a de Sant Jordirec\">\n\t\t\t\t\t\t\t\t\t<img loading=\"lazy\" decoding=\"async\" src=\"https:\/\/musica.santjosep.org\/wp-content\/uploads\/2022\/02\/Plac\u0327a-de-Sant-Jordirec-1100x730.jpg\" alt=\"\" width=\"1100\" height=\"730\" \/>\t\t\t\t\t\t\t\t\t<\/a>\n\t\t\t\t\t\t\t<\/div>\n\t\t\t\t\t<div class=\"edgtf-ig-image\">\n\t\t\t\t\t\t\t\t\t<a itemprop=\"image\" class=\"edgtf-ig-lightbox edgtf-block-drag-link\" href=\"https:\/\/musica.santjosep.org\/wp-content\/uploads\/2022\/02\/Plac\u0327a-de-Sant-Jordi-3rec.jpg\" data-rel=\"prettyPhoto[image_gallery_pretty_photo-69]\" title=\"Plac\u0327a de Sant Jordi-3rec\">\n\t\t\t\t\t\t\t\t\t<img loading=\"lazy\" decoding=\"async\" src=\"https:\/\/musica.santjosep.org\/wp-content\/uploads\/2022\/02\/Plac\u0327a-de-Sant-Jordi-3rec-1100x730.jpg\" alt=\"\" width=\"1100\" height=\"730\" \/>\t\t\t\t\t\t\t\t\t<\/a>\n\t\t\t\t\t\t\t<\/div>\n\t\t\t\t\t<div class=\"edgtf-ig-image\">\n\t\t\t\t\t\t\t\t\t<a itemprop=\"image\" class=\"edgtf-ig-lightbox edgtf-block-drag-link\" href=\"https:\/\/musica.santjosep.org\/wp-content\/uploads\/2022\/02\/Plac\u0327a-de-Sant-Jordi-17rec.jpg\" data-rel=\"prettyPhoto[image_gallery_pretty_photo-69]\" title=\"Plac\u0327a de Sant Jordi-17rec\">\n\t\t\t\t\t\t\t\t\t<img loading=\"lazy\" decoding=\"async\" src=\"https:\/\/musica.santjosep.org\/wp-content\/uploads\/2022\/02\/Plac\u0327a-de-Sant-Jordi-17rec-1100x730.jpg\" alt=\"\" width=\"1100\" height=\"730\" \/>\t\t\t\t\t\t\t\t\t<\/a>\n\t\t\t\t\t\t\t<\/div>\n\t\t\t<\/div>\n<\/div>[\/vc_column][\/vc_row][vc_row][vc_column][vc_column_text el_class=\u00bbtexto_local\u00bb]La plaza de Sant Jordi, a pocos metros de la imponente iglesia almenada de la localidad salinera, sirve como escenario para innumerables actividades musicales. Cuenta con una zona de gradas y un espacio amplio y di\u00e1fano que permite situar el escenario en distintas posiciones, tanto en la parte superior del grader\u00edo como, abajo, en la plaza. Durante las fiestas de Sant Jordi, que se celebran en torno al 23 de abril, se programan numerosos conciertos tanto de m\u00fasica cl\u00e1sica como de jazz y rock, con bandas de la isla y otras venidas de fuera. Tambi\u00e9n acoge celebraciones como Correbars y Ca\u00f1as\u2019n\u2019Roll, en las que participan los bares del entorno, que tambi\u00e9n programan conciertos, el Flower Power, la Fira de la Sal y festivales como el Back to School o Halloween in the Park, entre otros.[\/vc_column_text][\/vc_column][\/vc_row][vc_row el_id=\u00bbvideoslocal\u00bb][vc_column][vc_column_text el_class=\u00bbtitsmall\u00bb]Videos[\/vc_column_text][vc_video link=\u00bbhttps:\/\/youtu.be\/cytUr8FMxQA\u00bb title=\u00bbJoven Dolores (Ca\u00f1as\u2019n\u2019Roll 2021)\u00bb][vc_video link=\u00bbhttps:\/\/youtu.be\/JsUYzb4QINg\u00bb title=\u00bbBack to School 2016&#8243;][vc_video link=\u00bbhttps:\/\/youtu.be\/HQdjFYzXVa0&#8243; title=\u00bbTonto (Back to School 2019)\u00bb][\/vc_column][\/vc_row]<\/p>\n<\/div>","protected":false},"excerpt":{"rendered":"<p>Amplio espacio abierto con una zona de gradas, junto a la iglesia fortificada, donde se celebran conciertos y festivales<\/p>\n","protected":false},"author":2,"featured_media":2808,"template":"","meta":{"_acf_changed":false,"footnotes":""},"categories":[],"class_list":["post-2797","recintos","type-recintos","status-publish","has-post-thumbnail","hentry"],"acf":[],"yoast_head":"<!-- This site is optimized with the Yoast SEO plugin v26.6 - https:\/\/yoast.com\/wordpress\/plugins\/seo\/ -->\n<title>Pla\u00e7a de Sant Jordi - Sant Josep \u00e9s m\u00fasica<\/title>\n<meta name=\"robots\" content=\"index, follow, max-snippet:-1, max-image-preview:large, max-video-preview:-1\" \/>\n<link rel=\"canonical\" href=\"https:\/\/musica.santjosep.org\/es\/recintos\/placa-de-sant-jordi\/\" \/>\n<meta property=\"og:locale\" content=\"es_ES\" \/>\n<meta property=\"og:type\" content=\"article\" \/>\n<meta property=\"og:title\" content=\"Pla\u00e7a de Sant Jordi - Sant Josep \u00e9s m\u00fasica\" \/>\n<meta property=\"og:description\" content=\"Amplio espacio abierto con una zona de gradas, junto a la iglesia fortificada, donde se celebran conciertos y festivales\" \/>\n<meta property=\"og:url\" content=\"https:\/\/musica.santjosep.org\/es\/recintos\/placa-de-sant-jordi\/\" \/>\n<meta property=\"og:site_name\" content=\"Sant Josep \u00e9s m\u00fasica\" \/>\n<meta property=\"article:publisher\" content=\"https:\/\/www.facebook.com\/Sant-Josep-s-Msica-105337042007790\" \/>\n<meta property=\"og:image\" content=\"https:\/\/musica.santjosep.org\/wp-content\/uploads\/2022\/02\/Plac\u0327a-de-Sant-Jordi-12rec.jpg\" \/>\n\t<meta property=\"og:image:width\" content=\"1400\" \/>\n\t<meta property=\"og:image:height\" content=\"933\" \/>\n\t<meta property=\"og:image:type\" content=\"image\/jpeg\" \/>\n<meta name=\"twitter:card\" content=\"summary_large_image\" \/>\n<meta name=\"twitter:site\" content=\"@MusicaSantJosep\" \/>\n<meta name=\"twitter:label1\" content=\"Tiempo de lectura\" \/>\n\t<meta name=\"twitter:data1\" content=\"1 minuto\" \/>\n<script type=\"application\/ld+json\" class=\"yoast-schema-graph\">{\"@context\":\"https:\/\/schema.org\",\"@graph\":[{\"@type\":\"WebPage\",\"@id\":\"https:\/\/musica.santjosep.org\/es\/recintos\/placa-de-sant-jordi\/\",\"url\":\"https:\/\/musica.santjosep.org\/es\/recintos\/placa-de-sant-jordi\/\",\"name\":\"Pla\u00e7a de Sant Jordi - Sant Josep \u00e9s m\u00fasica\",\"isPartOf\":{\"@id\":\"https:\/\/musica.santjosep.org\/es\/#website\"},\"primaryImageOfPage\":{\"@id\":\"https:\/\/musica.santjosep.org\/es\/recintos\/placa-de-sant-jordi\/#primaryimage\"},\"image\":{\"@id\":\"https:\/\/musica.santjosep.org\/es\/recintos\/placa-de-sant-jordi\/#primaryimage\"},\"thumbnailUrl\":\"https:\/\/musica.santjosep.org\/wp-content\/uploads\/2022\/02\/Plac\u0327a-de-Sant-Jordi-12rec.jpg\",\"datePublished\":\"2022-02-08T21:06:23+00:00\",\"breadcrumb\":{\"@id\":\"https:\/\/musica.santjosep.org\/es\/recintos\/placa-de-sant-jordi\/#breadcrumb\"},\"inLanguage\":\"es\",\"potentialAction\":[{\"@type\":\"ReadAction\",\"target\":[\"https:\/\/musica.santjosep.org\/es\/recintos\/placa-de-sant-jordi\/\"]}]},{\"@type\":\"ImageObject\",\"inLanguage\":\"es\",\"@id\":\"https:\/\/musica.santjosep.org\/es\/recintos\/placa-de-sant-jordi\/#primaryimage\",\"url\":\"https:\/\/musica.santjosep.org\/wp-content\/uploads\/2022\/02\/Plac\u0327a-de-Sant-Jordi-12rec.jpg\",\"contentUrl\":\"https:\/\/musica.santjosep.org\/wp-content\/uploads\/2022\/02\/Plac\u0327a-de-Sant-Jordi-12rec.jpg\",\"width\":1400,\"height\":933,\"caption\":\"Joan F. Ribas\"},{\"@type\":\"BreadcrumbList\",\"@id\":\"https:\/\/musica.santjosep.org\/es\/recintos\/placa-de-sant-jordi\/#breadcrumb\",\"itemListElement\":[{\"@type\":\"ListItem\",\"position\":1,\"name\":\"Portada\",\"item\":\"https:\/\/musica.santjosep.org\/es\/\"},{\"@type\":\"ListItem\",\"position\":2,\"name\":\"Recintos\",\"item\":\"https:\/\/musica.santjosep.org\/es\/recintos\/\"},{\"@type\":\"ListItem\",\"position\":3,\"name\":\"Pla\u00e7a de Sant Jordi\"}]},{\"@type\":\"WebSite\",\"@id\":\"https:\/\/musica.santjosep.org\/es\/#website\",\"url\":\"https:\/\/musica.santjosep.org\/es\/\",\"name\":\"Sant Josep \u00e9s m\u00fasica\",\"description\":\"Informaci\u00f3n actualizada de todos los conciertos, grupos y artistas que act\u00faen tanto en fiestas y festivales, como en establecimientos privados en el municipio de Sant Josep de sa Talaia\",\"publisher\":{\"@id\":\"https:\/\/musica.santjosep.org\/es\/#organization\"},\"potentialAction\":[{\"@type\":\"SearchAction\",\"target\":{\"@type\":\"EntryPoint\",\"urlTemplate\":\"https:\/\/musica.santjosep.org\/es\/?s={search_term_string}\"},\"query-input\":{\"@type\":\"PropertyValueSpecification\",\"valueRequired\":true,\"valueName\":\"search_term_string\"}}],\"inLanguage\":\"es\"},{\"@type\":\"Organization\",\"@id\":\"https:\/\/musica.santjosep.org\/es\/#organization\",\"name\":\"Sant Josep \u00e9s m\u00fasica\",\"url\":\"https:\/\/musica.santjosep.org\/es\/\",\"logo\":{\"@type\":\"ImageObject\",\"inLanguage\":\"es\",\"@id\":\"https:\/\/musica.santjosep.org\/es\/#\/schema\/logo\/image\/\",\"url\":\"https:\/\/musica.santjosep.org\/wp-content\/uploads\/2022\/01\/logo-SJEM.png\",\"contentUrl\":\"https:\/\/musica.santjosep.org\/wp-content\/uploads\/2022\/01\/logo-SJEM.png\",\"width\":213,\"height\":103,\"caption\":\"Sant Josep \u00e9s m\u00fasica\"},\"image\":{\"@id\":\"https:\/\/musica.santjosep.org\/es\/#\/schema\/logo\/image\/\"},\"sameAs\":[\"https:\/\/www.facebook.com\/Sant-Josep-s-Msica-105337042007790\",\"https:\/\/x.com\/MusicaSantJosep\",\"https:\/\/www.instagram.com\/musicasantjosep\/\",\"https:\/\/www.youtube.com\/channel\/UCBSLSUpqfrfsiOMVslmZEJA\"]}]}<\/script>\n<!-- \/ Yoast SEO plugin. -->","yoast_head_json":{"title":"Pla\u00e7a de Sant Jordi - Sant Josep \u00e9s m\u00fasica","robots":{"index":"index","follow":"follow","max-snippet":"max-snippet:-1","max-image-preview":"max-image-preview:large","max-video-preview":"max-video-preview:-1"},"canonical":"https:\/\/musica.santjosep.org\/es\/recintos\/placa-de-sant-jordi\/","og_locale":"es_ES","og_type":"article","og_title":"Pla\u00e7a de Sant Jordi - Sant Josep \u00e9s m\u00fasica","og_description":"Amplio espacio abierto con una zona de gradas, junto a la iglesia fortificada, donde se celebran conciertos y festivales","og_url":"https:\/\/musica.santjosep.org\/es\/recintos\/placa-de-sant-jordi\/","og_site_name":"Sant Josep \u00e9s m\u00fasica","article_publisher":"https:\/\/www.facebook.com\/Sant-Josep-s-Msica-105337042007790","og_image":[{"width":1400,"height":933,"url":"https:\/\/musica.santjosep.org\/wp-content\/uploads\/2022\/02\/Plac\u0327a-de-Sant-Jordi-12rec.jpg","type":"image\/jpeg"}],"twitter_card":"summary_large_image","twitter_site":"@MusicaSantJosep","twitter_misc":{"Tiempo de lectura":"1 minuto"},"schema":{"@context":"https:\/\/schema.org","@graph":[{"@type":"WebPage","@id":"https:\/\/musica.santjosep.org\/es\/recintos\/placa-de-sant-jordi\/","url":"https:\/\/musica.santjosep.org\/es\/recintos\/placa-de-sant-jordi\/","name":"Pla\u00e7a de Sant Jordi - Sant Josep \u00e9s m\u00fasica","isPartOf":{"@id":"https:\/\/musica.santjosep.org\/es\/#website"},"primaryImageOfPage":{"@id":"https:\/\/musica.santjosep.org\/es\/recintos\/placa-de-sant-jordi\/#primaryimage"},"image":{"@id":"https:\/\/musica.santjosep.org\/es\/recintos\/placa-de-sant-jordi\/#primaryimage"},"thumbnailUrl":"https:\/\/musica.santjosep.org\/wp-content\/uploads\/2022\/02\/Plac\u0327a-de-Sant-Jordi-12rec.jpg","datePublished":"2022-02-08T21:06:23+00:00","breadcrumb":{"@id":"https:\/\/musica.santjosep.org\/es\/recintos\/placa-de-sant-jordi\/#breadcrumb"},"inLanguage":"es","potentialAction":[{"@type":"ReadAction","target":["https:\/\/musica.santjosep.org\/es\/recintos\/placa-de-sant-jordi\/"]}]},{"@type":"ImageObject","inLanguage":"es","@id":"https:\/\/musica.santjosep.org\/es\/recintos\/placa-de-sant-jordi\/#primaryimage","url":"https:\/\/musica.santjosep.org\/wp-content\/uploads\/2022\/02\/Plac\u0327a-de-Sant-Jordi-12rec.jpg","contentUrl":"https:\/\/musica.santjosep.org\/wp-content\/uploads\/2022\/02\/Plac\u0327a-de-Sant-Jordi-12rec.jpg","width":1400,"height":933,"caption":"Joan F. Ribas"},{"@type":"BreadcrumbList","@id":"https:\/\/musica.santjosep.org\/es\/recintos\/placa-de-sant-jordi\/#breadcrumb","itemListElement":[{"@type":"ListItem","position":1,"name":"Portada","item":"https:\/\/musica.santjosep.org\/es\/"},{"@type":"ListItem","position":2,"name":"Recintos","item":"https:\/\/musica.santjosep.org\/es\/recintos\/"},{"@type":"ListItem","position":3,"name":"Pla\u00e7a de Sant Jordi"}]},{"@type":"WebSite","@id":"https:\/\/musica.santjosep.org\/es\/#website","url":"https:\/\/musica.santjosep.org\/es\/","name":"Sant Josep \u00e9s m\u00fasica","description":"Informaci\u00f3n actualizada de todos los conciertos, grupos y artistas que act\u00faen tanto en fiestas y festivales, como en establecimientos privados en el municipio de Sant Josep de sa Talaia","publisher":{"@id":"https:\/\/musica.santjosep.org\/es\/#organization"},"potentialAction":[{"@type":"SearchAction","target":{"@type":"EntryPoint","urlTemplate":"https:\/\/musica.santjosep.org\/es\/?s={search_term_string}"},"query-input":{"@type":"PropertyValueSpecification","valueRequired":true,"valueName":"search_term_string"}}],"inLanguage":"es"},{"@type":"Organization","@id":"https:\/\/musica.santjosep.org\/es\/#organization","name":"Sant Josep \u00e9s m\u00fasica","url":"https:\/\/musica.santjosep.org\/es\/","logo":{"@type":"ImageObject","inLanguage":"es","@id":"https:\/\/musica.santjosep.org\/es\/#\/schema\/logo\/image\/","url":"https:\/\/musica.santjosep.org\/wp-content\/uploads\/2022\/01\/logo-SJEM.png","contentUrl":"https:\/\/musica.santjosep.org\/wp-content\/uploads\/2022\/01\/logo-SJEM.png","width":213,"height":103,"caption":"Sant Josep \u00e9s m\u00fasica"},"image":{"@id":"https:\/\/musica.santjosep.org\/es\/#\/schema\/logo\/image\/"},"sameAs":["https:\/\/www.facebook.com\/Sant-Josep-s-Msica-105337042007790","https:\/\/x.com\/MusicaSantJosep","https:\/\/www.instagram.com\/musicasantjosep\/","https:\/\/www.youtube.com\/channel\/UCBSLSUpqfrfsiOMVslmZEJA"]}]}},"_links":{"self":[{"href":"https:\/\/musica.santjosep.org\/es\/wp-json\/wp\/v2\/recintos\/2797","targetHints":{"allow":["GET"]}}],"collection":[{"href":"https:\/\/musica.santjosep.org\/es\/wp-json\/wp\/v2\/recintos"}],"about":[{"href":"https:\/\/musica.santjosep.org\/es\/wp-json\/wp\/v2\/types\/recintos"}],"author":[{"embeddable":true,"href":"https:\/\/musica.santjosep.org\/es\/wp-json\/wp\/v2\/users\/2"}],"version-history":[{"count":0,"href":"https:\/\/musica.santjosep.org\/es\/wp-json\/wp\/v2\/recintos\/2797\/revisions"}],"wp:featuredmedia":[{"embeddable":true,"href":"https:\/\/musica.santjosep.org\/es\/wp-json\/wp\/v2\/media\/2808"}],"wp:attachment":[{"href":"https:\/\/musica.santjosep.org\/es\/wp-json\/wp\/v2\/media?parent=2797"}],"wp:term":[{"taxonomy":"category","embeddable":true,"href":"https:\/\/musica.santjosep.org\/es\/wp-json\/wp\/v2\/categories?post=2797"}],"curies":[{"name":"wp","href":"https:\/\/api.w.org\/{rel}","templated":true}]}}