{"id":48528,"date":"2025-05-16T11:01:41","date_gmt":"2025-05-16T09:01:41","guid":{"rendered":"https:\/\/musica.santjosep.org\/?post_type=musicos&#038;p=48528"},"modified":"2025-05-16T18:22:38","modified_gmt":"2025-05-16T16:22:38","slug":"cozy-duo","status":"publish","type":"musicos","link":"https:\/\/musica.santjosep.org\/es\/musicos\/cozy-duo\/","title":{"rendered":"Cozy Duo"},"content":{"rendered":"<div class=\"wpb-content-wrapper\"><p>[vc_row][vc_column]<div class=\"edgtf-image-gallery  edgtf-ig-slider-type edgtf-large-space  \">\n\t<div class=\"edgtf-ig-slider edgtf-owl-slider\" data-number-of-items=\"1\" data-enable-loop=\"yes\" data-enable-autoplay=\"yes\" data-slider-speed=\"5000\" data-slider-speed-animation=\"600\" data-slider-padding=\"no\" data-enable-navigation=\"yes\" data-enable-pagination=\"yes\">\n\t\t\t\t\t<div class=\"edgtf-ig-image\">\n\t\t\t\t\t\t\t\t\t<img loading=\"lazy\" decoding=\"async\" width=\"1755\" height=\"1170\" src=\"https:\/\/musica.santjosep.org\/wp-content\/uploads\/2025\/05\/image1-rec.jpg\" class=\"attachment-full size-full\" alt=\"\" srcset=\"https:\/\/musica.santjosep.org\/wp-content\/uploads\/2025\/05\/image1-rec.jpg 1755w, https:\/\/musica.santjosep.org\/wp-content\/uploads\/2025\/05\/image1-rec-300x200.jpg 300w, https:\/\/musica.santjosep.org\/wp-content\/uploads\/2025\/05\/image1-rec-1024x683.jpg 1024w, https:\/\/musica.santjosep.org\/wp-content\/uploads\/2025\/05\/image1-rec-768x512.jpg 768w, https:\/\/musica.santjosep.org\/wp-content\/uploads\/2025\/05\/image1-rec-1536x1024.jpg 1536w\" sizes=\"auto, (max-width: 1755px) 100vw, 1755px\" \/>\t\t\t\t\t\t\t<\/div>\n\t\t\t\t\t<div class=\"edgtf-ig-image\">\n\t\t\t\t\t\t\t\t\t<img loading=\"lazy\" decoding=\"async\" width=\"1400\" height=\"933\" src=\"https:\/\/musica.santjosep.org\/wp-content\/uploads\/2025\/05\/cozy-duo-2-rec.jpg\" class=\"attachment-full size-full\" alt=\"\" srcset=\"https:\/\/musica.santjosep.org\/wp-content\/uploads\/2025\/05\/cozy-duo-2-rec.jpg 1400w, https:\/\/musica.santjosep.org\/wp-content\/uploads\/2025\/05\/cozy-duo-2-rec-300x200.jpg 300w, https:\/\/musica.santjosep.org\/wp-content\/uploads\/2025\/05\/cozy-duo-2-rec-1024x682.jpg 1024w, https:\/\/musica.santjosep.org\/wp-content\/uploads\/2025\/05\/cozy-duo-2-rec-768x512.jpg 768w\" sizes=\"auto, (max-width: 1400px) 100vw, 1400px\" \/>\t\t\t\t\t\t\t<\/div>\n\t\t\t<\/div>\n<\/div>[\/vc_column][\/vc_row][vc_row el_id=\u00bbb2musico\u00bb][vc_column width=\u00bb1\/3&#8243;][vc_column_text]<div class=\"titsmall\">Contacto<\/div><a href=\"tel:+34676 505 775\" target=\"_blank\" class=\"campoficha w100\">676 505 775<\/a><div class=\"titsmall\">Redes<\/div><a href=\"https:\/\/www.facebook.com\/Mporter024\" target=\"_blank\" class=\"campoficha\" ><span class=\"fab fa-facebook\"><\/span><\/a><a href=\"https:\/\/www.instagram.com\/mayaalexandermusic\/\" target=\"_blank\" class=\"campoficha\"><span class=\"fab fa-instagram\"><\/span><\/a>[\/vc_column_text][vc_column_text]<div class=\"container enfunc\" id=\"eventos_rel_bymusico_pas\">\n\t\t\t\t<h2 class=\"titsmall\">Eventos pasados<\/h2>\n\t\t\t\t<div class=\"vc_row-fluid\"><div class=\"tarjevent\"><a href=\"https:\/\/musica.santjosep.org\/es\/concierto\/cozy-duo-con-maya-alexander-porter-y-juan-ainvar-en-el-escenario-de-cas-mestre\/\" class=\"img_event_content\">\n\t\t\t\t\t\t\t\t<div class=\"tribe-event-schedule-details\">\n\t\t\t\t\t\t\t\t\t<span class=\"e-dia\">19<\/span>\n\t\t\t\t\t\t\t\t\t<span class=\"e-mes\">Dic<\/span>\n\t\t\t\t\t\t\t\t<\/div>\n\t\t\t\t\t\t\t\t<img decoding=\"async\" src=\"https:\/\/musica.santjosep.org\/wp-content\/uploads\/2025\/12\/image1-rec.jpg\">\n\t\t\t\t\t\t\t\t<\/a><div class=\"tribe-events-event-details tribe-clearfix\">\n\t\t\t\t\t\t\t\t<div class=\"tribe-events-event-meta\">\n\t\t\t\t\t\t\t\t\tCas Mestre\n\t\t\t\t\t\t\t\t<\/div>\n\t\t\t\t\t\t\t\t<h3 class=\"tribe-events-list-event-title\">\n\t\t\t\t\t\t\t\t\t<a class=\"tribe-event-url\" href=\"https:\/\/musica.santjosep.org\/es\/concierto\/cozy-duo-con-maya-alexander-porter-y-juan-ainvar-en-el-escenario-de-cas-mestre\/\" title=\"\" rel=\"bookmark\">Cozy Duo, con Maya Alexander Porter y Juan Ainvar, en el escenario de Cas Mestre<\/a>\n\t\t\t\t\t\t\t\t<\/h3>\n\n\t\t\t\t\t\t\t<\/div>\n\n\t\t\t\t\t\t<\/div><div class=\"tarjevent\"><a href=\"https:\/\/musica.santjosep.org\/es\/concierto\/cozy-duo-con-maya-alexander-porter-y-juan-ainvar-en-royal-park-vintage\/\" class=\"img_event_content\">\n\t\t\t\t\t\t\t\t<div class=\"tribe-event-schedule-details\">\n\t\t\t\t\t\t\t\t\t<span class=\"e-dia\">18<\/span>\n\t\t\t\t\t\t\t\t\t<span class=\"e-mes\">May<\/span>\n\t\t\t\t\t\t\t\t<\/div>\n\t\t\t\t\t\t\t\t<img decoding=\"async\" src=\"https:\/\/musica.santjosep.org\/wp-content\/uploads\/2025\/05\/image1-rec.jpg\">\n\t\t\t\t\t\t\t\t<\/a><div class=\"tribe-events-event-details tribe-clearfix\">\n\t\t\t\t\t\t\t\t<div class=\"tribe-events-event-meta\">\n\t\t\t\t\t\t\t\t\tRoyal Park Vintage\n\t\t\t\t\t\t\t\t<\/div>\n\t\t\t\t\t\t\t\t<h3 class=\"tribe-events-list-event-title\">\n\t\t\t\t\t\t\t\t\t<a class=\"tribe-event-url\" href=\"https:\/\/musica.santjosep.org\/es\/concierto\/cozy-duo-con-maya-alexander-porter-y-juan-ainvar-en-royal-park-vintage\/\" title=\"\" rel=\"bookmark\">Cozy Duo, con Maya Alexander Porter y Juan Ainvar, en Royal Park Vintage<\/a>\n\t\t\t\t\t\t\t\t<\/h3>\n\n\t\t\t\t\t\t\t<\/div>\n\n\t\t\t\t\t\t<\/div><\/div><\/div>[\/vc_column_text][\/vc_column][vc_column width=\u00bb2\/3&#8243;][vc_column_text css=\u00bb\u00bb el_class=\u00bbtexto_musico\u00bb]D\u00fao formado por dos artistas profesionales: la cantante americana Maya Alexander Porter y el guitarrista asturiano Juan Ainvar. Ambos residen en las Piti\u00fcses y se mueven constantemente por los escenarios de Ibiza y Formentera, con un repertorio de soul, pop, rock, reggae, funk y otros g\u00e9neros. Entre los artistas que versionan figuran Bob Marley, Al Green, Bruno Mars, Stevie Wonder, Michael Jackson\u2026<\/p>\n<p>Maya Alexander tiene varias bandas y, adem\u00e1s de cantante, es teclista y compositora. Su t\u00e9cnica vocal y un potente chorro de voz le permiten afrontar todo tipo de g\u00e9neros musicales. Juan, por su parte, es guitarrista cl\u00e1sico, formado en el Conservatorio de Berl\u00edn y en Palma de Mallorca, y siempre ha compatibilizado su carrera oficial con actuaciones con bandas de rock y otros g\u00e9neros.[\/vc_column_text][vc_row_inner][vc_column_inner][vc_column_text][\/vc_column_text][vc_column_text el_class=\u00bbtitsmall\u00bb]Videos[\/vc_column_text][vc_video link=\u00bbhttps:\/\/youtu.be\/8LC-G1g5u18&#8243; css=\u00bb\u00bb title=\u00bbCozy Duo Demo 1&#8243;][vc_video link=\u00bbhttps:\/\/youtu.be\/vKS8uwnvTN0&#8243; css=\u00bb\u00bb title=\u00bbCozy Duo Demo 2&#8243;][\/vc_column_inner][\/vc_row_inner][vc_column_text el_class=\u00bblinkvertodos\u00bb]<a href=\"https:\/\/musica.santjosep.org\/es\/musicos-santjosep\/\">Ver todos los m\u00fasicos de Sant Josep<\/a>[\/vc_column_text][\/vc_column][\/vc_row]<\/p>\n<\/div>","protected":false},"excerpt":{"rendered":"<p>D\u00fao formado por la cantante Maya Alexander Porter y el guitarrista Juan Ainvar, con un repertorio amplio que incluye temas de Stevie Wonder, Bruno Mars, Michael Jackson\u2026<\/p>\n","protected":false},"author":2,"featured_media":48529,"template":"","meta":{"_acf_changed":false,"footnotes":""},"categories":[],"class_list":["post-48528","musicos","type-musicos","status-publish","has-post-thumbnail","hentry"],"acf":[],"yoast_head":"<!-- This site is optimized with the Yoast SEO plugin v26.6 - https:\/\/yoast.com\/wordpress\/plugins\/seo\/ -->\n<title>Cozy Duo - Sant Josep \u00e9s m\u00fasica<\/title>\n<meta name=\"robots\" content=\"index, follow, max-snippet:-1, max-image-preview:large, max-video-preview:-1\" \/>\n<link rel=\"canonical\" href=\"https:\/\/musica.santjosep.org\/es\/musicos\/cozy-duo\/\" \/>\n<meta property=\"og:locale\" content=\"es_ES\" \/>\n<meta property=\"og:type\" content=\"article\" \/>\n<meta property=\"og:title\" content=\"Cozy Duo - Sant Josep \u00e9s m\u00fasica\" \/>\n<meta property=\"og:description\" content=\"D\u00fao formado por la cantante Maya Alexander Porter y el guitarrista Juan Ainvar, con un repertorio amplio que incluye temas de Stevie Wonder, Bruno Mars, Michael Jackson\u2026\" \/>\n<meta property=\"og:url\" content=\"https:\/\/musica.santjosep.org\/es\/musicos\/cozy-duo\/\" \/>\n<meta property=\"og:site_name\" content=\"Sant Josep \u00e9s m\u00fasica\" \/>\n<meta property=\"article:publisher\" content=\"https:\/\/www.facebook.com\/Sant-Josep-s-Msica-105337042007790\" \/>\n<meta property=\"article:modified_time\" content=\"2025-05-16T16:22:38+00:00\" \/>\n<meta property=\"og:image\" content=\"https:\/\/musica.santjosep.org\/wp-content\/uploads\/2025\/05\/image1-rec.jpg\" \/>\n\t<meta property=\"og:image:width\" content=\"1755\" \/>\n\t<meta property=\"og:image:height\" content=\"1170\" \/>\n\t<meta property=\"og:image:type\" content=\"image\/jpeg\" \/>\n<meta name=\"twitter:card\" content=\"summary_large_image\" \/>\n<meta name=\"twitter:site\" content=\"@MusicaSantJosep\" \/>\n<meta name=\"twitter:label1\" content=\"Tiempo de lectura\" \/>\n\t<meta name=\"twitter:data1\" content=\"2 minutos\" \/>\n<script type=\"application\/ld+json\" class=\"yoast-schema-graph\">{\"@context\":\"https:\/\/schema.org\",\"@graph\":[{\"@type\":\"WebPage\",\"@id\":\"https:\/\/musica.santjosep.org\/es\/musicos\/cozy-duo\/\",\"url\":\"https:\/\/musica.santjosep.org\/es\/musicos\/cozy-duo\/\",\"name\":\"Cozy Duo - Sant Josep \u00e9s m\u00fasica\",\"isPartOf\":{\"@id\":\"https:\/\/musica.santjosep.org\/es\/#website\"},\"primaryImageOfPage\":{\"@id\":\"https:\/\/musica.santjosep.org\/es\/musicos\/cozy-duo\/#primaryimage\"},\"image\":{\"@id\":\"https:\/\/musica.santjosep.org\/es\/musicos\/cozy-duo\/#primaryimage\"},\"thumbnailUrl\":\"https:\/\/musica.santjosep.org\/wp-content\/uploads\/2025\/05\/image1-rec.jpg\",\"datePublished\":\"2025-05-16T09:01:41+00:00\",\"dateModified\":\"2025-05-16T16:22:38+00:00\",\"breadcrumb\":{\"@id\":\"https:\/\/musica.santjosep.org\/es\/musicos\/cozy-duo\/#breadcrumb\"},\"inLanguage\":\"es\",\"potentialAction\":[{\"@type\":\"ReadAction\",\"target\":[\"https:\/\/musica.santjosep.org\/es\/musicos\/cozy-duo\/\"]}]},{\"@type\":\"ImageObject\",\"inLanguage\":\"es\",\"@id\":\"https:\/\/musica.santjosep.org\/es\/musicos\/cozy-duo\/#primaryimage\",\"url\":\"https:\/\/musica.santjosep.org\/wp-content\/uploads\/2025\/05\/image1-rec.jpg\",\"contentUrl\":\"https:\/\/musica.santjosep.org\/wp-content\/uploads\/2025\/05\/image1-rec.jpg\",\"width\":1755,\"height\":1170},{\"@type\":\"BreadcrumbList\",\"@id\":\"https:\/\/musica.santjosep.org\/es\/musicos\/cozy-duo\/#breadcrumb\",\"itemListElement\":[{\"@type\":\"ListItem\",\"position\":1,\"name\":\"Portada\",\"item\":\"https:\/\/musica.santjosep.org\/es\/\"},{\"@type\":\"ListItem\",\"position\":2,\"name\":\"M\u00fasicos\",\"item\":\"https:\/\/musica.santjosep.org\/es\/musicos\/\"},{\"@type\":\"ListItem\",\"position\":3,\"name\":\"Cozy Duo\"}]},{\"@type\":\"WebSite\",\"@id\":\"https:\/\/musica.santjosep.org\/es\/#website\",\"url\":\"https:\/\/musica.santjosep.org\/es\/\",\"name\":\"Sant Josep \u00e9s m\u00fasica\",\"description\":\"Informaci\u00f3n actualizada de todos los conciertos, grupos y artistas que act\u00faen tanto en fiestas y festivales, como en establecimientos privados en el municipio de Sant Josep de sa Talaia\",\"publisher\":{\"@id\":\"https:\/\/musica.santjosep.org\/es\/#organization\"},\"potentialAction\":[{\"@type\":\"SearchAction\",\"target\":{\"@type\":\"EntryPoint\",\"urlTemplate\":\"https:\/\/musica.santjosep.org\/es\/?s={search_term_string}\"},\"query-input\":{\"@type\":\"PropertyValueSpecification\",\"valueRequired\":true,\"valueName\":\"search_term_string\"}}],\"inLanguage\":\"es\"},{\"@type\":\"Organization\",\"@id\":\"https:\/\/musica.santjosep.org\/es\/#organization\",\"name\":\"Sant Josep \u00e9s m\u00fasica\",\"url\":\"https:\/\/musica.santjosep.org\/es\/\",\"logo\":{\"@type\":\"ImageObject\",\"inLanguage\":\"es\",\"@id\":\"https:\/\/musica.santjosep.org\/es\/#\/schema\/logo\/image\/\",\"url\":\"https:\/\/musica.santjosep.org\/wp-content\/uploads\/2022\/01\/logo-SJEM.png\",\"contentUrl\":\"https:\/\/musica.santjosep.org\/wp-content\/uploads\/2022\/01\/logo-SJEM.png\",\"width\":213,\"height\":103,\"caption\":\"Sant Josep \u00e9s m\u00fasica\"},\"image\":{\"@id\":\"https:\/\/musica.santjosep.org\/es\/#\/schema\/logo\/image\/\"},\"sameAs\":[\"https:\/\/www.facebook.com\/Sant-Josep-s-Msica-105337042007790\",\"https:\/\/x.com\/MusicaSantJosep\",\"https:\/\/www.instagram.com\/musicasantjosep\/\",\"https:\/\/www.youtube.com\/channel\/UCBSLSUpqfrfsiOMVslmZEJA\"]}]}<\/script>\n<!-- \/ Yoast SEO plugin. -->","yoast_head_json":{"title":"Cozy Duo - Sant Josep \u00e9s m\u00fasica","robots":{"index":"index","follow":"follow","max-snippet":"max-snippet:-1","max-image-preview":"max-image-preview:large","max-video-preview":"max-video-preview:-1"},"canonical":"https:\/\/musica.santjosep.org\/es\/musicos\/cozy-duo\/","og_locale":"es_ES","og_type":"article","og_title":"Cozy Duo - Sant Josep \u00e9s m\u00fasica","og_description":"D\u00fao formado por la cantante Maya Alexander Porter y el guitarrista Juan Ainvar, con un repertorio amplio que incluye temas de Stevie Wonder, Bruno Mars, Michael Jackson\u2026","og_url":"https:\/\/musica.santjosep.org\/es\/musicos\/cozy-duo\/","og_site_name":"Sant Josep \u00e9s m\u00fasica","article_publisher":"https:\/\/www.facebook.com\/Sant-Josep-s-Msica-105337042007790","article_modified_time":"2025-05-16T16:22:38+00:00","og_image":[{"width":1755,"height":1170,"url":"https:\/\/musica.santjosep.org\/wp-content\/uploads\/2025\/05\/image1-rec.jpg","type":"image\/jpeg"}],"twitter_card":"summary_large_image","twitter_site":"@MusicaSantJosep","twitter_misc":{"Tiempo de lectura":"2 minutos"},"schema":{"@context":"https:\/\/schema.org","@graph":[{"@type":"WebPage","@id":"https:\/\/musica.santjosep.org\/es\/musicos\/cozy-duo\/","url":"https:\/\/musica.santjosep.org\/es\/musicos\/cozy-duo\/","name":"Cozy Duo - Sant Josep \u00e9s m\u00fasica","isPartOf":{"@id":"https:\/\/musica.santjosep.org\/es\/#website"},"primaryImageOfPage":{"@id":"https:\/\/musica.santjosep.org\/es\/musicos\/cozy-duo\/#primaryimage"},"image":{"@id":"https:\/\/musica.santjosep.org\/es\/musicos\/cozy-duo\/#primaryimage"},"thumbnailUrl":"https:\/\/musica.santjosep.org\/wp-content\/uploads\/2025\/05\/image1-rec.jpg","datePublished":"2025-05-16T09:01:41+00:00","dateModified":"2025-05-16T16:22:38+00:00","breadcrumb":{"@id":"https:\/\/musica.santjosep.org\/es\/musicos\/cozy-duo\/#breadcrumb"},"inLanguage":"es","potentialAction":[{"@type":"ReadAction","target":["https:\/\/musica.santjosep.org\/es\/musicos\/cozy-duo\/"]}]},{"@type":"ImageObject","inLanguage":"es","@id":"https:\/\/musica.santjosep.org\/es\/musicos\/cozy-duo\/#primaryimage","url":"https:\/\/musica.santjosep.org\/wp-content\/uploads\/2025\/05\/image1-rec.jpg","contentUrl":"https:\/\/musica.santjosep.org\/wp-content\/uploads\/2025\/05\/image1-rec.jpg","width":1755,"height":1170},{"@type":"BreadcrumbList","@id":"https:\/\/musica.santjosep.org\/es\/musicos\/cozy-duo\/#breadcrumb","itemListElement":[{"@type":"ListItem","position":1,"name":"Portada","item":"https:\/\/musica.santjosep.org\/es\/"},{"@type":"ListItem","position":2,"name":"M\u00fasicos","item":"https:\/\/musica.santjosep.org\/es\/musicos\/"},{"@type":"ListItem","position":3,"name":"Cozy Duo"}]},{"@type":"WebSite","@id":"https:\/\/musica.santjosep.org\/es\/#website","url":"https:\/\/musica.santjosep.org\/es\/","name":"Sant Josep \u00e9s m\u00fasica","description":"Informaci\u00f3n actualizada de todos los conciertos, grupos y artistas que act\u00faen tanto en fiestas y festivales, como en establecimientos privados en el municipio de Sant Josep de sa Talaia","publisher":{"@id":"https:\/\/musica.santjosep.org\/es\/#organization"},"potentialAction":[{"@type":"SearchAction","target":{"@type":"EntryPoint","urlTemplate":"https:\/\/musica.santjosep.org\/es\/?s={search_term_string}"},"query-input":{"@type":"PropertyValueSpecification","valueRequired":true,"valueName":"search_term_string"}}],"inLanguage":"es"},{"@type":"Organization","@id":"https:\/\/musica.santjosep.org\/es\/#organization","name":"Sant Josep \u00e9s m\u00fasica","url":"https:\/\/musica.santjosep.org\/es\/","logo":{"@type":"ImageObject","inLanguage":"es","@id":"https:\/\/musica.santjosep.org\/es\/#\/schema\/logo\/image\/","url":"https:\/\/musica.santjosep.org\/wp-content\/uploads\/2022\/01\/logo-SJEM.png","contentUrl":"https:\/\/musica.santjosep.org\/wp-content\/uploads\/2022\/01\/logo-SJEM.png","width":213,"height":103,"caption":"Sant Josep \u00e9s m\u00fasica"},"image":{"@id":"https:\/\/musica.santjosep.org\/es\/#\/schema\/logo\/image\/"},"sameAs":["https:\/\/www.facebook.com\/Sant-Josep-s-Msica-105337042007790","https:\/\/x.com\/MusicaSantJosep","https:\/\/www.instagram.com\/musicasantjosep\/","https:\/\/www.youtube.com\/channel\/UCBSLSUpqfrfsiOMVslmZEJA"]}]}},"_links":{"self":[{"href":"https:\/\/musica.santjosep.org\/es\/wp-json\/wp\/v2\/musicos\/48528","targetHints":{"allow":["GET"]}}],"collection":[{"href":"https:\/\/musica.santjosep.org\/es\/wp-json\/wp\/v2\/musicos"}],"about":[{"href":"https:\/\/musica.santjosep.org\/es\/wp-json\/wp\/v2\/types\/musicos"}],"author":[{"embeddable":true,"href":"https:\/\/musica.santjosep.org\/es\/wp-json\/wp\/v2\/users\/2"}],"version-history":[{"count":0,"href":"https:\/\/musica.santjosep.org\/es\/wp-json\/wp\/v2\/musicos\/48528\/revisions"}],"wp:featuredmedia":[{"embeddable":true,"href":"https:\/\/musica.santjosep.org\/es\/wp-json\/wp\/v2\/media\/48529"}],"wp:attachment":[{"href":"https:\/\/musica.santjosep.org\/es\/wp-json\/wp\/v2\/media?parent=48528"}],"wp:term":[{"taxonomy":"category","embeddable":true,"href":"https:\/\/musica.santjosep.org\/es\/wp-json\/wp\/v2\/categories?post=48528"}],"curies":[{"name":"wp","href":"https:\/\/api.w.org\/{rel}","templated":true}]}}