{"id":45361,"date":"2025-03-12T09:54:58","date_gmt":"2025-03-12T08:54:58","guid":{"rendered":"https:\/\/musica.santjosep.org\/?post_type=musicos&#038;p=45361"},"modified":"2025-03-12T09:54:58","modified_gmt":"2025-03-12T08:54:58","slug":"funk-ku","status":"publish","type":"musicos","link":"https:\/\/musica.santjosep.org\/es\/musicos\/funk-ku\/","title":{"rendered":"Funk Ku"},"content":{"rendered":"<div class=\"wpb-content-wrapper\"><p>[vc_row][vc_column]<div class=\"edgtf-image-gallery  edgtf-ig-slider-type edgtf-large-space  \">\n\t<div class=\"edgtf-ig-slider edgtf-owl-slider\" data-number-of-items=\"1\" data-enable-loop=\"yes\" data-enable-autoplay=\"yes\" data-slider-speed=\"5000\" data-slider-speed-animation=\"600\" data-slider-padding=\"no\" data-enable-navigation=\"yes\" data-enable-pagination=\"yes\">\n\t\t\t\t\t<div class=\"edgtf-ig-image\">\n\t\t\t\t\t\t\t\t\t<img loading=\"lazy\" decoding=\"async\" width=\"1400\" height=\"933\" src=\"https:\/\/musica.santjosep.org\/wp-content\/uploads\/2025\/03\/funk-ku-1-rec.jpg\" class=\"attachment-full size-full\" alt=\"\" srcset=\"https:\/\/musica.santjosep.org\/wp-content\/uploads\/2025\/03\/funk-ku-1-rec.jpg 1400w, https:\/\/musica.santjosep.org\/wp-content\/uploads\/2025\/03\/funk-ku-1-rec-300x200.jpg 300w, https:\/\/musica.santjosep.org\/wp-content\/uploads\/2025\/03\/funk-ku-1-rec-1024x682.jpg 1024w, https:\/\/musica.santjosep.org\/wp-content\/uploads\/2025\/03\/funk-ku-1-rec-768x512.jpg 768w\" sizes=\"auto, (max-width: 1400px) 100vw, 1400px\" \/>\t\t\t\t\t\t\t<\/div>\n\t\t\t\t\t<div class=\"edgtf-ig-image\">\n\t\t\t\t\t\t\t\t\t<img loading=\"lazy\" decoding=\"async\" width=\"1400\" height=\"933\" src=\"https:\/\/musica.santjosep.org\/wp-content\/uploads\/2025\/03\/funk-ku-3-rec.jpg\" class=\"attachment-full size-full\" alt=\"\" srcset=\"https:\/\/musica.santjosep.org\/wp-content\/uploads\/2025\/03\/funk-ku-3-rec.jpg 1400w, https:\/\/musica.santjosep.org\/wp-content\/uploads\/2025\/03\/funk-ku-3-rec-300x200.jpg 300w, https:\/\/musica.santjosep.org\/wp-content\/uploads\/2025\/03\/funk-ku-3-rec-1024x682.jpg 1024w, https:\/\/musica.santjosep.org\/wp-content\/uploads\/2025\/03\/funk-ku-3-rec-768x512.jpg 768w\" sizes=\"auto, (max-width: 1400px) 100vw, 1400px\" \/>\t\t\t\t\t\t\t<\/div>\n\t\t\t\t\t<div class=\"edgtf-ig-image\">\n\t\t\t\t\t\t\t\t\t<img loading=\"lazy\" decoding=\"async\" width=\"1400\" height=\"933\" src=\"https:\/\/musica.santjosep.org\/wp-content\/uploads\/2025\/03\/funk-ku-5-rec.jpg\" class=\"attachment-full size-full\" alt=\"\" srcset=\"https:\/\/musica.santjosep.org\/wp-content\/uploads\/2025\/03\/funk-ku-5-rec.jpg 1400w, https:\/\/musica.santjosep.org\/wp-content\/uploads\/2025\/03\/funk-ku-5-rec-300x200.jpg 300w, https:\/\/musica.santjosep.org\/wp-content\/uploads\/2025\/03\/funk-ku-5-rec-1024x682.jpg 1024w, https:\/\/musica.santjosep.org\/wp-content\/uploads\/2025\/03\/funk-ku-5-rec-768x512.jpg 768w\" sizes=\"auto, (max-width: 1400px) 100vw, 1400px\" \/>\t\t\t\t\t\t\t<\/div>\n\t\t\t\t\t<div class=\"edgtf-ig-image\">\n\t\t\t\t\t\t\t\t\t<img loading=\"lazy\" decoding=\"async\" width=\"1400\" height=\"933\" src=\"https:\/\/musica.santjosep.org\/wp-content\/uploads\/2025\/03\/funk-ku-2-rec.jpg\" class=\"attachment-full size-full\" alt=\"\" srcset=\"https:\/\/musica.santjosep.org\/wp-content\/uploads\/2025\/03\/funk-ku-2-rec.jpg 1400w, https:\/\/musica.santjosep.org\/wp-content\/uploads\/2025\/03\/funk-ku-2-rec-300x200.jpg 300w, https:\/\/musica.santjosep.org\/wp-content\/uploads\/2025\/03\/funk-ku-2-rec-1024x682.jpg 1024w, https:\/\/musica.santjosep.org\/wp-content\/uploads\/2025\/03\/funk-ku-2-rec-768x512.jpg 768w\" sizes=\"auto, (max-width: 1400px) 100vw, 1400px\" \/>\t\t\t\t\t\t\t<\/div>\n\t\t\t\t\t<div class=\"edgtf-ig-image\">\n\t\t\t\t\t\t\t\t\t<img loading=\"lazy\" decoding=\"async\" width=\"1400\" height=\"933\" src=\"https:\/\/musica.santjosep.org\/wp-content\/uploads\/2025\/03\/funk-ku-4-rec.jpg\" class=\"attachment-full size-full\" alt=\"\" srcset=\"https:\/\/musica.santjosep.org\/wp-content\/uploads\/2025\/03\/funk-ku-4-rec.jpg 1400w, https:\/\/musica.santjosep.org\/wp-content\/uploads\/2025\/03\/funk-ku-4-rec-300x200.jpg 300w, https:\/\/musica.santjosep.org\/wp-content\/uploads\/2025\/03\/funk-ku-4-rec-1024x682.jpg 1024w, https:\/\/musica.santjosep.org\/wp-content\/uploads\/2025\/03\/funk-ku-4-rec-768x512.jpg 768w\" sizes=\"auto, (max-width: 1400px) 100vw, 1400px\" \/>\t\t\t\t\t\t\t<\/div>\n\t\t\t\t\t<div class=\"edgtf-ig-image\">\n\t\t\t\t\t\t\t\t\t<img loading=\"lazy\" decoding=\"async\" width=\"1400\" height=\"933\" src=\"https:\/\/musica.santjosep.org\/wp-content\/uploads\/2025\/03\/funk-ku-6-rec.jpg\" class=\"attachment-full size-full\" alt=\"\" srcset=\"https:\/\/musica.santjosep.org\/wp-content\/uploads\/2025\/03\/funk-ku-6-rec.jpg 1400w, https:\/\/musica.santjosep.org\/wp-content\/uploads\/2025\/03\/funk-ku-6-rec-300x200.jpg 300w, https:\/\/musica.santjosep.org\/wp-content\/uploads\/2025\/03\/funk-ku-6-rec-1024x682.jpg 1024w, https:\/\/musica.santjosep.org\/wp-content\/uploads\/2025\/03\/funk-ku-6-rec-768x512.jpg 768w\" sizes=\"auto, (max-width: 1400px) 100vw, 1400px\" \/>\t\t\t\t\t\t\t<\/div>\n\t\t\t<\/div>\n<\/div>[\/vc_column][\/vc_row][vc_row el_id=\u00bbb2musico\u00bb][vc_column width=\u00bb1\/3&#8243;][vc_column_text]<img decoding=\"async\" src=\"https:\/\/musica.santjosep.org\/wp-content\/uploads\/2025\/03\/Captura-de-pantalla-2025-03-11-a-las-17.54.52.png\" class=\"logomusico\"><div class=\"titsmall\">Contacto<\/div><a href=\"tel:+34628 622 398 \" target=\"_blank\" class=\"campoficha w100\">628 622 398 <\/a><div class=\"titsmall\">Redes<\/div><a href=\"https:\/\/www.instagram.com\/funkku.music\/\" target=\"_blank\" class=\"campoficha\"><span class=\"fab fa-instagram\"><\/span><\/a><div class=\"titsmall\">Plataformas<\/div><a href=\"https:\/\/www.youtube.com\/@Funkku\" target=\"_blank\" class=\"campoficha\" data-tooltip=\"YouTube\"><span class=\"fab fa-youtube\"><\/span><\/a>[\/vc_column_text][vc_column_text]<div class=\"container enfunc\" id=\"eventos_rel_bymusico_pas\">\n\t\t\t\t<h2 class=\"titsmall\">Eventos pasados<\/h2>\n\t\t\t\t<div class=\"vc_row-fluid\"><div class=\"tarjevent\"><a href=\"https:\/\/musica.santjosep.org\/es\/concierto\/funk-ku-lleva-su-fusion-de-electronica-soul-y-hip-hop-al-escenario-de-why-not\/\" class=\"img_event_content\">\n\t\t\t\t\t\t\t\t<div class=\"tribe-event-schedule-details\">\n\t\t\t\t\t\t\t\t\t<span class=\"e-dia\">13<\/span>\n\t\t\t\t\t\t\t\t\t<span class=\"e-mes\">Nov<\/span>\n\t\t\t\t\t\t\t\t<\/div>\n\t\t\t\t\t\t\t\t<img decoding=\"async\" src=\"https:\/\/musica.santjosep.org\/wp-content\/uploads\/2025\/11\/funk-ku-5-rec.jpg\">\n\t\t\t\t\t\t\t\t<\/a><div class=\"tribe-events-event-details tribe-clearfix\">\n\t\t\t\t\t\t\t\t<div class=\"tribe-events-event-meta\">\n\t\t\t\t\t\t\t\t\tWhy Not\n\t\t\t\t\t\t\t\t<\/div>\n\t\t\t\t\t\t\t\t<h3 class=\"tribe-events-list-event-title\">\n\t\t\t\t\t\t\t\t\t<a class=\"tribe-event-url\" href=\"https:\/\/musica.santjosep.org\/es\/concierto\/funk-ku-lleva-su-fusion-de-electronica-soul-y-hip-hop-al-escenario-de-why-not\/\" title=\"\" rel=\"bookmark\">Funk Ku lleva su fusi\u00f3n de electr\u00f3nica, soul y hip hop al escenario de Why Not!<\/a>\n\t\t\t\t\t\t\t\t<\/h3>\n\n\t\t\t\t\t\t\t<\/div>\n\n\t\t\t\t\t\t<\/div><div class=\"tarjevent\"><a href=\"https:\/\/musica.santjosep.org\/es\/concierto\/comienzan-los-conciertos-de-final-de-temporada-en-el-kiosko-con-funk-ku\/\" class=\"img_event_content\">\n\t\t\t\t\t\t\t\t<div class=\"tribe-event-schedule-details\">\n\t\t\t\t\t\t\t\t\t<span class=\"e-dia\">05<\/span>\n\t\t\t\t\t\t\t\t\t<span class=\"e-mes\">Oct<\/span>\n\t\t\t\t\t\t\t\t<\/div>\n\t\t\t\t\t\t\t\t<img decoding=\"async\" src=\"https:\/\/musica.santjosep.org\/wp-content\/uploads\/2025\/09\/funk-ku-2-rec.jpg\">\n\t\t\t\t\t\t\t\t<\/a><div class=\"tribe-events-event-details tribe-clearfix\">\n\t\t\t\t\t\t\t\t<div class=\"tribe-events-event-meta\">\n\t\t\t\t\t\t\t\t\tEl Kiosko\n\t\t\t\t\t\t\t\t<\/div>\n\t\t\t\t\t\t\t\t<h3 class=\"tribe-events-list-event-title\">\n\t\t\t\t\t\t\t\t\t<a class=\"tribe-event-url\" href=\"https:\/\/musica.santjosep.org\/es\/concierto\/comienzan-los-conciertos-de-final-de-temporada-en-el-kiosko-con-funk-ku\/\" title=\"\" rel=\"bookmark\">Comienzan los conciertos de final de temporada en El Kiosco, con Funk Ku<\/a>\n\t\t\t\t\t\t\t\t<\/h3>\n\n\t\t\t\t\t\t\t<\/div>\n\n\t\t\t\t\t\t<\/div><div class=\"tarjevent\"><a href=\"https:\/\/musica.santjosep.org\/es\/concert\/funk-ku-lleva-su-fusion-de-electronica-soul-y-hip-hop-al-escenario-de-petunia-ibiza\/2025-09-25\/\" class=\"img_event_content\">\n\t\t\t\t\t\t\t\t<div class=\"tribe-event-schedule-details\">\n\t\t\t\t\t\t\t\t\t<span class=\"e-dia\">25<\/span>\n\t\t\t\t\t\t\t\t\t<span class=\"e-mes\">Sep<\/span>\n\t\t\t\t\t\t\t\t<\/div>\n\t\t\t\t\t\t\t\t<img decoding=\"async\" src=\"https:\/\/musica.santjosep.org\/wp-content\/uploads\/2025\/04\/funk-ku-1-rec.jpg\">\n\t\t\t\t\t\t\t\t<\/a><div class=\"tribe-events-event-details tribe-clearfix\">\n\t\t\t\t\t\t\t\t<div class=\"tribe-events-event-meta\">\n\t\t\t\t\t\t\t\t\tPetunia Ibiza\n\t\t\t\t\t\t\t\t<\/div>\n\t\t\t\t\t\t\t\t<h3 class=\"tribe-events-list-event-title\">\n\t\t\t\t\t\t\t\t\t<a class=\"tribe-event-url\" href=\"https:\/\/musica.santjosep.org\/es\/concert\/funk-ku-lleva-su-fusion-de-electronica-soul-y-hip-hop-al-escenario-de-petunia-ibiza\/2025-09-25\/\" title=\"\" rel=\"bookmark\">Funk Ku lleva su fusi\u00f3n de electr\u00f3nica, soul y hip hop al escenario de Petunia Ibiza<\/a>\n\t\t\t\t\t\t\t\t<\/h3>\n\n\t\t\t\t\t\t\t<\/div>\n\n\t\t\t\t\t\t<\/div><\/div><\/div>[\/vc_column_text][\/vc_column][vc_column width=\u00bb2\/3&#8243;][vc_column_text el_class=\u00bbtexto_musico\u00bb]Funk Ku es un proyecto formado por Yeshe Ryser y Steve \u2018Dr. Gwon\u2019 Fern\u00e1ndez, en el que fusionan los sonidos de un sinf\u00edn de estilos, como hip hop, funk o soul, con la m\u00fasica electr\u00f3nica. Sus directos se basan en el groove y la improvisaci\u00f3n sobre temas propios y versiones, que reinventan a trav\u00e9s de f\u00f3rmulas poco habituales, ofreciendo un espect\u00e1culo de <em>scratches<\/em>, <em>finger drumming<\/em>, voces e instrumentos ac\u00fasticos, que se <em>loopean<\/em> en vivo sobre sus propias producciones. Como resultado, un show extraordinariamente sorprendente, espont\u00e1neo y vers\u00e1til.<\/p>\n<p>El compositor, cantante y teclista Yeshe Ryser es uno de los m\u00fasicos j\u00f3venes de la isla que han demostrado mayor versatilidad. Con la voz y las teclas se mueve con la misma soltura tanto por el soul como por el funk, mostr\u00e1ndose adem\u00e1s muy interesado en el swing y el jazz. Tambi\u00e9n lleva rapeando desde los 14 a\u00f1os, aunque con un estilo mel\u00f3dico, alejado de la dureza que habitualmente caracteriza el g\u00e9nero.<\/p>\n<p>Ha colaborado con estrellas internacionales y la m\u00fasica le viene de cuna, ya que es hijo de Francisco Ruiz,\u00a0<em>Gori<\/em>, leyenda del jazz ibicenco y base r\u00edtmica junto a Chema Pellico del gran pianista Joachim K\u00fchn durante muchos a\u00f1os. Junto a \u00e9l ha tocado estos \u00faltimos a\u00f1os con la banda Ingo &amp; The Gang. Tiene un repertorio de temas propios y tambi\u00e9n de versiones de sus artistas favoritos, relacionados con los g\u00e9neros que m\u00e1s le interesan. Tambi\u00e9n act\u00faa con el tr\u00edo Good Taste, junto a Rebecca Gamboa y Alan Aufiero, y a menudo sale al escenario a d\u00fao, junto a artistas como Jodie Kean, Carmen Senra o Jordi Sanou, entre muchos otros. Es un habitual de la banda residente del Teatro Ibiza y tambi\u00e9n ha sido parte de The White Island Orchestra, por donde han ido pasando los m\u00fasicos m\u00e1s talentosos de la isla.<\/p>\n<p>Por su parte, Steve Fern\u00e1ndez, tambi\u00e9n conocido como Dr. Gwon, es un renombrado productor de m\u00fasica electr\u00f3nica, dj y compositor, que tambi\u00e9n creci\u00f3 rodeado de m\u00fasica, ya que es hijo del prestigioso guitarrista Paco Fern\u00e1ndez, creador del flamenco chill. Con \u00e9l ha girado y sigue girando por los escenarios de medio mundo aportando su arte en la electr\u00f3nica y sus sonidos urbanos. Criado entre Estados Unidos e Ibiza, cre\u00f3 su primera banda de grunge-punk a los catorce a\u00f1os, en el que tocaba la guitarra y cantaba. Poco despu\u00e9s se convirti\u00f3 en pionero del hip hop insular, formando el grupo 1312A. De ah\u00ed se traslad\u00f3 a Barcelona y, aunque en un principio iba a estudiar guitarra en el Taller de M\u00fasics, acab\u00f3 form\u00e1ndose en Sonido y sigui\u00f3 con diversos proyectos musicales, profundizando en los g\u00e9neros urbanos y la electr\u00f3nica.<\/p>\n<p>Al regresar a la isla, trabaj\u00f3 como asistente de sonido en los reci\u00e9n estrenados Too Much Studios, involucr\u00e1ndose en diversos proyectos, como el disco nominado a un grammy <em>Navigator<\/em>, de Jos\u00e9 Padilla, o la producci\u00f3n de la banda sonora de <em>El Sue\u00f1o de Ibiza<\/em>, de Igor Fioravanti. En 2006 puso en marcha el colectivo de Hip Hop Nexus Crew (Toxic Town), del que acabar\u00edan formando parte m\u00e1s de veinte artistas, entre ellos el grupo 4monos con el que public\u00f3, en 2008, el disco <em>Hom\u00f3nimo<\/em>, ejerciendo el papel de productor y MC. Con sus diversos proyectos ha teloneado a infinidad de artistas, como Africa Bambaataa, Tote King, El Cigala o Simply Red.\u00a0 Ha colaborado con Statuas de Sal y como productor realiz\u00f3 multitud de trabajos para Jos\u00e9 Padilla y Paco Fern\u00e1ndez, participando en remixes de Presuntos Implicados, Chambao o India Mart\u00ednez. En 2013, public\u00f3 su primer disco de rap en solitario, <em>Dreamtime<\/em>. Tambi\u00e9n ejerce como dj en distintos clubes de la isla y explora la potencialidad musical del denominado <em>circuit bending<\/em>, lanzando varios singles y participando en el californiano festival de inventores de instrumentos musicales \u2018Maker Music Festival\u2019. En 2023, asimismo, public\u00f3 el \u00e1lbum conceptual <em>Microvibrations<\/em>, junto al gran pianista Joachim K\u00fchn. Es uno de los productores m\u00e1s experimentales y vanguardistas de la isla.[\/vc_column_text][vc_row_inner][vc_column_inner][vc_column_text][\/vc_column_text][vc_column_text el_class=\u00bbtitsmall\u00bb]Videos[\/vc_column_text][vc_video link=\u00bbhttps:\/\/youtu.be\/8zF0MuVItX0?si=2XoIlBrmvts3_7qt\u00bb title=\u00bb\u2018Redbone\u2019 \u00ab][vc_video link=\u00bbhttps:\/\/youtu.be\/FmD4ucWMfSU?si=db2Q6cx8QyrcNnkY\u00bb title=\u00bb\u2018Ain\u2019t No Sunshine\u2019\u00bb][\/vc_column_inner][\/vc_row_inner][vc_column_text el_class=\u00bblinkvertodos\u00bb]<a href=\"https:\/\/musica.santjosep.org\/es\/musicos-santjosep\/\">Ver todos los m\u00fasicos de Sant Josep<\/a>[\/vc_column_text][\/vc_column][\/vc_row]<\/p>\n<\/div>","protected":false},"excerpt":{"rendered":"<p>Yeshe Ryser y Steve \u2018Dr. Gwon\u2019 Fern\u00e1ndez fusionan hip hop, funk, soul y otros estilos con la electr\u00f3nica, incorporando teclados, scratches, finger drumming, instrumentos ac\u00fasticos, voces\u2026<\/p>\n","protected":false},"author":2,"featured_media":45362,"template":"","meta":{"_acf_changed":false,"footnotes":""},"categories":[],"class_list":["post-45361","musicos","type-musicos","status-publish","has-post-thumbnail","hentry"],"acf":[],"yoast_head":"<!-- This site is optimized with the Yoast SEO plugin v26.6 - https:\/\/yoast.com\/wordpress\/plugins\/seo\/ -->\n<title>Funk Ku - Sant Josep \u00e9s m\u00fasica<\/title>\n<meta name=\"robots\" content=\"index, follow, max-snippet:-1, max-image-preview:large, max-video-preview:-1\" \/>\n<link rel=\"canonical\" href=\"https:\/\/musica.santjosep.org\/es\/musicos\/funk-ku\/\" \/>\n<meta property=\"og:locale\" content=\"es_ES\" \/>\n<meta property=\"og:type\" content=\"article\" \/>\n<meta property=\"og:title\" content=\"Funk Ku - Sant Josep \u00e9s m\u00fasica\" \/>\n<meta property=\"og:description\" content=\"Yeshe Ryser y Steve \u2018Dr. Gwon\u2019 Fern\u00e1ndez fusionan hip hop, funk, soul y otros estilos con la electr\u00f3nica, incorporando teclados, scratches, finger drumming, instrumentos ac\u00fasticos, voces\u2026\" \/>\n<meta property=\"og:url\" content=\"https:\/\/musica.santjosep.org\/es\/musicos\/funk-ku\/\" \/>\n<meta property=\"og:site_name\" content=\"Sant Josep \u00e9s m\u00fasica\" \/>\n<meta property=\"article:publisher\" content=\"https:\/\/www.facebook.com\/Sant-Josep-s-Msica-105337042007790\" \/>\n<meta property=\"og:image\" content=\"https:\/\/musica.santjosep.org\/wp-content\/uploads\/2025\/03\/funk-ku-1-rec.jpg\" \/>\n\t<meta property=\"og:image:width\" content=\"1400\" \/>\n\t<meta property=\"og:image:height\" content=\"933\" \/>\n\t<meta property=\"og:image:type\" content=\"image\/jpeg\" \/>\n<meta name=\"twitter:card\" content=\"summary_large_image\" \/>\n<meta name=\"twitter:site\" content=\"@MusicaSantJosep\" \/>\n<meta name=\"twitter:label1\" content=\"Tiempo de lectura\" \/>\n\t<meta name=\"twitter:data1\" content=\"4 minutos\" \/>\n<script type=\"application\/ld+json\" class=\"yoast-schema-graph\">{\"@context\":\"https:\/\/schema.org\",\"@graph\":[{\"@type\":\"WebPage\",\"@id\":\"https:\/\/musica.santjosep.org\/es\/musicos\/funk-ku\/\",\"url\":\"https:\/\/musica.santjosep.org\/es\/musicos\/funk-ku\/\",\"name\":\"Funk Ku - Sant Josep \u00e9s m\u00fasica\",\"isPartOf\":{\"@id\":\"https:\/\/musica.santjosep.org\/es\/#website\"},\"primaryImageOfPage\":{\"@id\":\"https:\/\/musica.santjosep.org\/es\/musicos\/funk-ku\/#primaryimage\"},\"image\":{\"@id\":\"https:\/\/musica.santjosep.org\/es\/musicos\/funk-ku\/#primaryimage\"},\"thumbnailUrl\":\"https:\/\/musica.santjosep.org\/wp-content\/uploads\/2025\/03\/funk-ku-1-rec.jpg\",\"datePublished\":\"2025-03-12T08:54:58+00:00\",\"breadcrumb\":{\"@id\":\"https:\/\/musica.santjosep.org\/es\/musicos\/funk-ku\/#breadcrumb\"},\"inLanguage\":\"es\",\"potentialAction\":[{\"@type\":\"ReadAction\",\"target\":[\"https:\/\/musica.santjosep.org\/es\/musicos\/funk-ku\/\"]}]},{\"@type\":\"ImageObject\",\"inLanguage\":\"es\",\"@id\":\"https:\/\/musica.santjosep.org\/es\/musicos\/funk-ku\/#primaryimage\",\"url\":\"https:\/\/musica.santjosep.org\/wp-content\/uploads\/2025\/03\/funk-ku-1-rec.jpg\",\"contentUrl\":\"https:\/\/musica.santjosep.org\/wp-content\/uploads\/2025\/03\/funk-ku-1-rec.jpg\",\"width\":1400,\"height\":933},{\"@type\":\"BreadcrumbList\",\"@id\":\"https:\/\/musica.santjosep.org\/es\/musicos\/funk-ku\/#breadcrumb\",\"itemListElement\":[{\"@type\":\"ListItem\",\"position\":1,\"name\":\"Portada\",\"item\":\"https:\/\/musica.santjosep.org\/es\/\"},{\"@type\":\"ListItem\",\"position\":2,\"name\":\"M\u00fasicos\",\"item\":\"https:\/\/musica.santjosep.org\/es\/musicos\/\"},{\"@type\":\"ListItem\",\"position\":3,\"name\":\"Funk Ku\"}]},{\"@type\":\"WebSite\",\"@id\":\"https:\/\/musica.santjosep.org\/es\/#website\",\"url\":\"https:\/\/musica.santjosep.org\/es\/\",\"name\":\"Sant Josep \u00e9s m\u00fasica\",\"description\":\"Informaci\u00f3n actualizada de todos los conciertos, grupos y artistas que act\u00faen tanto en fiestas y festivales, como en establecimientos privados en el municipio de Sant Josep de sa Talaia\",\"publisher\":{\"@id\":\"https:\/\/musica.santjosep.org\/es\/#organization\"},\"potentialAction\":[{\"@type\":\"SearchAction\",\"target\":{\"@type\":\"EntryPoint\",\"urlTemplate\":\"https:\/\/musica.santjosep.org\/es\/?s={search_term_string}\"},\"query-input\":{\"@type\":\"PropertyValueSpecification\",\"valueRequired\":true,\"valueName\":\"search_term_string\"}}],\"inLanguage\":\"es\"},{\"@type\":\"Organization\",\"@id\":\"https:\/\/musica.santjosep.org\/es\/#organization\",\"name\":\"Sant Josep \u00e9s m\u00fasica\",\"url\":\"https:\/\/musica.santjosep.org\/es\/\",\"logo\":{\"@type\":\"ImageObject\",\"inLanguage\":\"es\",\"@id\":\"https:\/\/musica.santjosep.org\/es\/#\/schema\/logo\/image\/\",\"url\":\"https:\/\/musica.santjosep.org\/wp-content\/uploads\/2022\/01\/logo-SJEM.png\",\"contentUrl\":\"https:\/\/musica.santjosep.org\/wp-content\/uploads\/2022\/01\/logo-SJEM.png\",\"width\":213,\"height\":103,\"caption\":\"Sant Josep \u00e9s m\u00fasica\"},\"image\":{\"@id\":\"https:\/\/musica.santjosep.org\/es\/#\/schema\/logo\/image\/\"},\"sameAs\":[\"https:\/\/www.facebook.com\/Sant-Josep-s-Msica-105337042007790\",\"https:\/\/x.com\/MusicaSantJosep\",\"https:\/\/www.instagram.com\/musicasantjosep\/\",\"https:\/\/www.youtube.com\/channel\/UCBSLSUpqfrfsiOMVslmZEJA\"]}]}<\/script>\n<!-- \/ Yoast SEO plugin. -->","yoast_head_json":{"title":"Funk Ku - Sant Josep \u00e9s m\u00fasica","robots":{"index":"index","follow":"follow","max-snippet":"max-snippet:-1","max-image-preview":"max-image-preview:large","max-video-preview":"max-video-preview:-1"},"canonical":"https:\/\/musica.santjosep.org\/es\/musicos\/funk-ku\/","og_locale":"es_ES","og_type":"article","og_title":"Funk Ku - Sant Josep \u00e9s m\u00fasica","og_description":"Yeshe Ryser y Steve \u2018Dr. Gwon\u2019 Fern\u00e1ndez fusionan hip hop, funk, soul y otros estilos con la electr\u00f3nica, incorporando teclados, scratches, finger drumming, instrumentos ac\u00fasticos, voces\u2026","og_url":"https:\/\/musica.santjosep.org\/es\/musicos\/funk-ku\/","og_site_name":"Sant Josep \u00e9s m\u00fasica","article_publisher":"https:\/\/www.facebook.com\/Sant-Josep-s-Msica-105337042007790","og_image":[{"width":1400,"height":933,"url":"https:\/\/musica.santjosep.org\/wp-content\/uploads\/2025\/03\/funk-ku-1-rec.jpg","type":"image\/jpeg"}],"twitter_card":"summary_large_image","twitter_site":"@MusicaSantJosep","twitter_misc":{"Tiempo de lectura":"4 minutos"},"schema":{"@context":"https:\/\/schema.org","@graph":[{"@type":"WebPage","@id":"https:\/\/musica.santjosep.org\/es\/musicos\/funk-ku\/","url":"https:\/\/musica.santjosep.org\/es\/musicos\/funk-ku\/","name":"Funk Ku - Sant Josep \u00e9s m\u00fasica","isPartOf":{"@id":"https:\/\/musica.santjosep.org\/es\/#website"},"primaryImageOfPage":{"@id":"https:\/\/musica.santjosep.org\/es\/musicos\/funk-ku\/#primaryimage"},"image":{"@id":"https:\/\/musica.santjosep.org\/es\/musicos\/funk-ku\/#primaryimage"},"thumbnailUrl":"https:\/\/musica.santjosep.org\/wp-content\/uploads\/2025\/03\/funk-ku-1-rec.jpg","datePublished":"2025-03-12T08:54:58+00:00","breadcrumb":{"@id":"https:\/\/musica.santjosep.org\/es\/musicos\/funk-ku\/#breadcrumb"},"inLanguage":"es","potentialAction":[{"@type":"ReadAction","target":["https:\/\/musica.santjosep.org\/es\/musicos\/funk-ku\/"]}]},{"@type":"ImageObject","inLanguage":"es","@id":"https:\/\/musica.santjosep.org\/es\/musicos\/funk-ku\/#primaryimage","url":"https:\/\/musica.santjosep.org\/wp-content\/uploads\/2025\/03\/funk-ku-1-rec.jpg","contentUrl":"https:\/\/musica.santjosep.org\/wp-content\/uploads\/2025\/03\/funk-ku-1-rec.jpg","width":1400,"height":933},{"@type":"BreadcrumbList","@id":"https:\/\/musica.santjosep.org\/es\/musicos\/funk-ku\/#breadcrumb","itemListElement":[{"@type":"ListItem","position":1,"name":"Portada","item":"https:\/\/musica.santjosep.org\/es\/"},{"@type":"ListItem","position":2,"name":"M\u00fasicos","item":"https:\/\/musica.santjosep.org\/es\/musicos\/"},{"@type":"ListItem","position":3,"name":"Funk Ku"}]},{"@type":"WebSite","@id":"https:\/\/musica.santjosep.org\/es\/#website","url":"https:\/\/musica.santjosep.org\/es\/","name":"Sant Josep \u00e9s m\u00fasica","description":"Informaci\u00f3n actualizada de todos los conciertos, grupos y artistas que act\u00faen tanto en fiestas y festivales, como en establecimientos privados en el municipio de Sant Josep de sa Talaia","publisher":{"@id":"https:\/\/musica.santjosep.org\/es\/#organization"},"potentialAction":[{"@type":"SearchAction","target":{"@type":"EntryPoint","urlTemplate":"https:\/\/musica.santjosep.org\/es\/?s={search_term_string}"},"query-input":{"@type":"PropertyValueSpecification","valueRequired":true,"valueName":"search_term_string"}}],"inLanguage":"es"},{"@type":"Organization","@id":"https:\/\/musica.santjosep.org\/es\/#organization","name":"Sant Josep \u00e9s m\u00fasica","url":"https:\/\/musica.santjosep.org\/es\/","logo":{"@type":"ImageObject","inLanguage":"es","@id":"https:\/\/musica.santjosep.org\/es\/#\/schema\/logo\/image\/","url":"https:\/\/musica.santjosep.org\/wp-content\/uploads\/2022\/01\/logo-SJEM.png","contentUrl":"https:\/\/musica.santjosep.org\/wp-content\/uploads\/2022\/01\/logo-SJEM.png","width":213,"height":103,"caption":"Sant Josep \u00e9s m\u00fasica"},"image":{"@id":"https:\/\/musica.santjosep.org\/es\/#\/schema\/logo\/image\/"},"sameAs":["https:\/\/www.facebook.com\/Sant-Josep-s-Msica-105337042007790","https:\/\/x.com\/MusicaSantJosep","https:\/\/www.instagram.com\/musicasantjosep\/","https:\/\/www.youtube.com\/channel\/UCBSLSUpqfrfsiOMVslmZEJA"]}]}},"_links":{"self":[{"href":"https:\/\/musica.santjosep.org\/es\/wp-json\/wp\/v2\/musicos\/45361","targetHints":{"allow":["GET"]}}],"collection":[{"href":"https:\/\/musica.santjosep.org\/es\/wp-json\/wp\/v2\/musicos"}],"about":[{"href":"https:\/\/musica.santjosep.org\/es\/wp-json\/wp\/v2\/types\/musicos"}],"author":[{"embeddable":true,"href":"https:\/\/musica.santjosep.org\/es\/wp-json\/wp\/v2\/users\/2"}],"version-history":[{"count":0,"href":"https:\/\/musica.santjosep.org\/es\/wp-json\/wp\/v2\/musicos\/45361\/revisions"}],"wp:featuredmedia":[{"embeddable":true,"href":"https:\/\/musica.santjosep.org\/es\/wp-json\/wp\/v2\/media\/45362"}],"wp:attachment":[{"href":"https:\/\/musica.santjosep.org\/es\/wp-json\/wp\/v2\/media?parent=45361"}],"wp:term":[{"taxonomy":"category","embeddable":true,"href":"https:\/\/musica.santjosep.org\/es\/wp-json\/wp\/v2\/categories?post=45361"}],"curies":[{"name":"wp","href":"https:\/\/api.w.org\/{rel}","templated":true}]}}