{"id":41413,"date":"2024-10-27T16:36:29","date_gmt":"2024-10-27T15:36:29","guid":{"rendered":"https:\/\/musica.santjosep.org\/?post_type=musicos&#038;p=41413"},"modified":"2026-01-30T18:01:31","modified_gmt":"2026-01-30T17:01:31","slug":"face-the-maybe","status":"publish","type":"musicos","link":"https:\/\/musica.santjosep.org\/es\/musicos\/face-the-maybe\/","title":{"rendered":"Face The Maybe"},"content":{"rendered":"<div class=\"wpb-content-wrapper\"><p>[vc_row][vc_column]<div class=\"edgtf-image-gallery  edgtf-ig-slider-type edgtf-large-space  \">\n\t<div class=\"edgtf-ig-slider edgtf-owl-slider\" data-number-of-items=\"1\" data-enable-loop=\"yes\" data-enable-autoplay=\"yes\" data-slider-speed=\"5000\" data-slider-speed-animation=\"600\" data-slider-padding=\"no\" data-enable-navigation=\"yes\" data-enable-pagination=\"yes\">\n\t\t\t\t\t<div class=\"edgtf-ig-image\">\n\t\t\t\t\t\t\t\t\t<img loading=\"lazy\" decoding=\"async\" width=\"1400\" height=\"933\" src=\"https:\/\/musica.santjosep.org\/wp-content\/uploads\/2024\/10\/Face-The-Maybe-2024-1rec.jpg\" class=\"attachment-full size-full\" alt=\"\" srcset=\"https:\/\/musica.santjosep.org\/wp-content\/uploads\/2024\/10\/Face-The-Maybe-2024-1rec.jpg 1400w, https:\/\/musica.santjosep.org\/wp-content\/uploads\/2024\/10\/Face-The-Maybe-2024-1rec-300x200.jpg 300w, https:\/\/musica.santjosep.org\/wp-content\/uploads\/2024\/10\/Face-The-Maybe-2024-1rec-1024x682.jpg 1024w, https:\/\/musica.santjosep.org\/wp-content\/uploads\/2024\/10\/Face-The-Maybe-2024-1rec-768x512.jpg 768w\" sizes=\"auto, (max-width: 1400px) 100vw, 1400px\" \/>\t\t\t\t\t\t\t<\/div>\n\t\t\t\t\t<div class=\"edgtf-ig-image\">\n\t\t\t\t\t\t\t\t\t<img loading=\"lazy\" decoding=\"async\" width=\"1400\" height=\"933\" src=\"https:\/\/musica.santjosep.org\/wp-content\/uploads\/2024\/10\/Face-The-Maybe-2024-2rec.jpg\" class=\"attachment-full size-full\" alt=\"\" srcset=\"https:\/\/musica.santjosep.org\/wp-content\/uploads\/2024\/10\/Face-The-Maybe-2024-2rec.jpg 1400w, https:\/\/musica.santjosep.org\/wp-content\/uploads\/2024\/10\/Face-The-Maybe-2024-2rec-300x200.jpg 300w, https:\/\/musica.santjosep.org\/wp-content\/uploads\/2024\/10\/Face-The-Maybe-2024-2rec-1024x682.jpg 1024w, https:\/\/musica.santjosep.org\/wp-content\/uploads\/2024\/10\/Face-The-Maybe-2024-2rec-768x512.jpg 768w\" sizes=\"auto, (max-width: 1400px) 100vw, 1400px\" \/>\t\t\t\t\t\t\t<\/div>\n\t\t\t\t\t<div class=\"edgtf-ig-image\">\n\t\t\t\t\t\t\t\t\t<img loading=\"lazy\" decoding=\"async\" width=\"1400\" height=\"933\" src=\"https:\/\/musica.santjosep.org\/wp-content\/uploads\/2024\/10\/Face-The-Maybe-2024-4rec.jpg\" class=\"attachment-full size-full\" alt=\"\" srcset=\"https:\/\/musica.santjosep.org\/wp-content\/uploads\/2024\/10\/Face-The-Maybe-2024-4rec.jpg 1400w, https:\/\/musica.santjosep.org\/wp-content\/uploads\/2024\/10\/Face-The-Maybe-2024-4rec-300x200.jpg 300w, https:\/\/musica.santjosep.org\/wp-content\/uploads\/2024\/10\/Face-The-Maybe-2024-4rec-1024x682.jpg 1024w, https:\/\/musica.santjosep.org\/wp-content\/uploads\/2024\/10\/Face-The-Maybe-2024-4rec-768x512.jpg 768w\" sizes=\"auto, (max-width: 1400px) 100vw, 1400px\" \/>\t\t\t\t\t\t\t<\/div>\n\t\t\t\t\t<div class=\"edgtf-ig-image\">\n\t\t\t\t\t\t\t\t\t<img loading=\"lazy\" decoding=\"async\" width=\"1400\" height=\"933\" src=\"https:\/\/musica.santjosep.org\/wp-content\/uploads\/2024\/10\/Face-The-Maybe-2024-3rec.jpg\" class=\"attachment-full size-full\" alt=\"\" srcset=\"https:\/\/musica.santjosep.org\/wp-content\/uploads\/2024\/10\/Face-The-Maybe-2024-3rec.jpg 1400w, https:\/\/musica.santjosep.org\/wp-content\/uploads\/2024\/10\/Face-The-Maybe-2024-3rec-300x200.jpg 300w, https:\/\/musica.santjosep.org\/wp-content\/uploads\/2024\/10\/Face-The-Maybe-2024-3rec-1024x682.jpg 1024w, https:\/\/musica.santjosep.org\/wp-content\/uploads\/2024\/10\/Face-The-Maybe-2024-3rec-768x512.jpg 768w\" sizes=\"auto, (max-width: 1400px) 100vw, 1400px\" \/>\t\t\t\t\t\t\t<\/div>\n\t\t\t<\/div>\n<\/div>[\/vc_column][\/vc_row][vc_row el_id=\u00bbb2musico\u00bb][vc_column width=\u00bb1\/3&#8243;][vc_column_text]<img decoding=\"async\" src=\"https:\/\/musica.santjosep.org\/wp-content\/uploads\/2024\/10\/Captura-de-pantalla-2024-10-27-a-las-16.28.47.png\" class=\"logomusico\"><div class=\"titsmall\">Contacto<\/div><a href=\"mailto:facethemaybe@gmail.com \" target=\"_blank\" class=\"campoficha w100\">facethemaybe@gmail.com <\/a><a href=\"tel:+34687 615 308\" target=\"_blank\" class=\"campoficha w100\">687 615 308<\/a><div class=\"titsmall\">Redes<\/div><a href=\"https:\/\/www.facebook.com\/facethemaybe\/\" target=\"_blank\" class=\"campoficha\" ><span class=\"fab fa-facebook\"><\/span><\/a><a href=\"https:\/\/www.instagram.com\/facethemaybe\/\" target=\"_blank\" class=\"campoficha\"><span class=\"fab fa-instagram\"><\/span><\/a><div class=\"titsmall\">Plataformas<\/div><a href=\"https:\/\/www.youtube.com\/@FaceTheMaybeOfficial\" target=\"_blank\" class=\"campoficha\" data-tooltip=\"YouTube\"><span class=\"fab fa-youtube\"><\/span><\/a><a href=\"https:\/\/open.spotify.com\/intl-es\/artist\/69AOSPJvA39QIGmi2urqcN?si=HaHmfZNRSH-P1f19LhEHwQ\" target=\"_blank\" class=\"campoficha\" data-tooltip=\"Spotify\"><span class=\"fab fa-spotify\"><\/span><\/a><a href=\"https:\/\/music.apple.com\/es\/artist\/face-the-maybe\/509556205\" target=\"_blank\" class=\"campoficha\" data-tooltip=\"Apple Music\"><span class=\"fab fa-apple\"><\/span><\/a><a href=\"https:\/\/music.amazon.es\/artists\/B009DRLA1E\/face-the-maybe\" target=\"_blank\" class=\"campoficha\" data-tooltip=\"Amazon Music\"><span class=\"fab fa-amazon\"><\/span><\/a><a href=\"https:\/\/facethemaybe.bandcamp.com\/\" target=\"_blank\" class=\"campoficha\" data-tooltip=\"Bandcamp\"><span class=\"fab fa-bandcamp\"><\/span><\/a><a href=\"https:\/\/soundcloud.com\/facethemaybe\" target=\"_blank\" class=\"campoficha\" data-tooltip=\"Souncloud\"><span class=\"fab fa-soundcloud\"><\/span><\/a><a href=\"https:\/\/www.deezer.com\/en\/artist\/1408028\" target=\"_blank\" class=\"campoficha\" data-tooltip=\"Deezer\"><span class=\"micon-deezer\"><\/span><\/a>[\/vc_column_text][vc_column_text]<div class=\"container enfunc\" id=\"eventos_rel_bymusico_pas\">\n\t\t\t\t<h2 class=\"titsmall\">Eventos pasados<\/h2>\n\t\t\t\t<div class=\"vc_row-fluid\"><div class=\"tarjevent\"><a href=\"https:\/\/musica.santjosep.org\/es\/concierto\/face-the-maybe-presenta-nuevo-album-acompanado-de-apotropaico-en-summum-casanova\/\" class=\"img_event_content\">\n\t\t\t\t\t\t\t\t<div class=\"tribe-event-schedule-details\">\n\t\t\t\t\t\t\t\t\t<span class=\"e-dia\">20<\/span>\n\t\t\t\t\t\t\t\t\t<span class=\"e-mes\">Dic<\/span>\n\t\t\t\t\t\t\t\t<\/div>\n\t\t\t\t\t\t\t\t<img decoding=\"async\" src=\"https:\/\/musica.santjosep.org\/wp-content\/uploads\/2025\/11\/Face-The-Maybe-2024-4rec.jpg\">\n\t\t\t\t\t\t\t\t<\/a><div class=\"tribe-events-event-details tribe-clearfix\">\n\t\t\t\t\t\t\t\t<div class=\"tribe-events-event-meta\">\n\t\t\t\t\t\t\t\t\tSummum Casanova\n\t\t\t\t\t\t\t\t<\/div>\n\t\t\t\t\t\t\t\t<h3 class=\"tribe-events-list-event-title\">\n\t\t\t\t\t\t\t\t\t<a class=\"tribe-event-url\" href=\"https:\/\/musica.santjosep.org\/es\/concierto\/face-the-maybe-presenta-nuevo-album-acompanado-de-apotropaico-en-summum-casanova\/\" title=\"\" rel=\"bookmark\">Face the Maybe presenta nuevo \u00e1lbum, acompa\u00f1ado de Apotropaico, en Summum Casanova<\/a>\n\t\t\t\t\t\t\t\t<\/h3>\n\n\t\t\t\t\t\t\t<\/div>\n\n\t\t\t\t\t\t<\/div><\/div><\/div>[\/vc_column_text][\/vc_column][vc_column width=\u00bb2\/3&#8243;][vc_column_text css=\u00bb\u00bb el_class=\u00bbtexto_musico\u00bb]Face The Maybe es un cuarteto de metal progresivo fundado en Barcelona en 2009, aunque con la mitad de sus componentes ibicencos y un v\u00ednculo constante con la isla, donde han celebrado diferentes conciertos. La calidad de su propuesta musical los ha llevado a compartir escenario con nombres del g\u00e9nero tan importantes como The Algorithm, Persefone, Hacride o Hacktivist. Cuenta con tres \u00e1lbumes de estudio y otro en directo: <em>Insight<\/em> (Nat Team Media, 2011), <em>The Wanderer<\/em> (Rock CD Records, 2016), <em>Face The Maybe (Live)<\/em> (Face The Maybe, 2020) y <em>Three Sounds and a Pause<\/em> (Face the Maybe, 2026)<\/p>\n<p>Est\u00e1 formado por Tom\u00e1s Cu\u00f1at a la voz y Eimel Trejo a la guitarra, ocup\u00e1ndose de la secci\u00f3n r\u00edtmica los ibicencos Frederic Torres al bajo y Joan Carles Mar\u00ed a la bater\u00eda, tambi\u00e9n compa\u00f1eros en Joven Dolores. Los cuatro, todos ellos m\u00fasicos profesionales, explotan su vena art\u00edstica m\u00e1s contundente en este proyecto.<\/p>\n<p>Entre sus principales logros figura haber ganado el certamen BN Fest 2013, realizar la gira The Wanderer Tour por las principales ciudades espa\u00f1olas entre 2016 y 2019 o acompa\u00f1ar al grupo brit\u00e1nico de rap metal Hacktivist abriendo los conciertos de su gira europea de 2019, entre otros.<\/p>\n<p>En 2024, tras un periodo de descanso, la formaci\u00f3n comenz\u00f3 a lanzar diversos singles, como \u2018Embrace\u2019 o \u2018Fragile\u2019, que forman parte de su tercer \u00e1lbum de estudio, publicado en enero de 2026. Este trabajo marca el regreso del grupo a los escenarios.[\/vc_column_text][vc_row_inner][vc_column_inner][vc_column_text]<div id=\"bdiscos\" class=\"discosenmusico\"><div class=\"titsmall\">discos<\/div><div class=\"item_disco\">\n\t\t\t\t\t<a href=\"https:\/\/musica.santjosep.org\/es\/discos\/three-sounds-and-a-pause\/\" class=\"bidisco\"><img decoding=\"async\" src=\"https:\/\/musica.santjosep.org\/wp-content\/uploads\/2026\/01\/Three-Sounds-and-a-Pause-PORTADA-rec.jpg\"><\/a>\n\t\t\t\t\t<div class=\"rightdisco\">\n\t\t\t\t\t\t<p><span class=\"\">Face The Maybe<\/span><span><\/span><\/p>\n\t\t\t\t\t\t<h3>Three Sounds and a Pause<\/h3>\n\t\t\t\t\t\t<div class=\"btext\">Cuarto \u00e1lbum, tercero de estudio, del cuarteto de metal progresivo Face the Maybe, grabado en Barcelona y lanzado en 2026. Contiene 11 temas in\u00e9ditos.<\/div><a href=\"https:\/\/musica.santjosep.org\/es\/discos\/three-sounds-and-a-pause\/\" class=\"link_play\"><i class=\"fa fa-play-circle\"><\/i><span>Escucha el disco<\/span><\/a><\/div>\n\t\t\t\t<\/div><\/div>[\/vc_column_text][vc_column_text el_class=\u00bbtitsmall\u00bb]Videos[\/vc_column_text][vc_video link=\u00bbhttps:\/\/youtu.be\/8swspNwmJao?si=pjVgp6aWG5Tfq0V6&#8243; css=\u00bb\u00bb title=\u00bb&#8216;New Lines'\u00bb][vc_video link=\u00bbhttps:\/\/youtu.be\/oO0IeyqKHBM?si=EVHRsgDfrQux5HyA\u00bb css=\u00bb\u00bb title=\u00bb&#8216;Tides and Souls'\u00bb][vc_video link=\u00bbhttps:\/\/youtu.be\/lyKYWSQwKBY?si=_3qFvRv6mv2xooDS\u00bb title=\u00bb\u2018Fragile\u2019\u00bb][vc_video link=\u00bbhttps:\/\/youtu.be\/Za8ZExTN6z0?si=8hzioc6Pj0A2OWeJ\u00bb title=\u00bb\u2018The Wanderer\u2019\u00bb][vc_video link=\u00bbhttps:\/\/youtu.be\/p5NUNIPwejA?si=VkeQNWiqkUPfaK5W\u00bb title=\u00bb\u2018All That I See\u2019\u00bb][vc_video link=\u00bbhttps:\/\/youtu.be\/ttD3kSQJBSk?si=IIUnpU2RYvGN705k\u00bb title=\u00bb\u2018The Island\u2019\u00bb][\/vc_column_inner][\/vc_row_inner][vc_column_text el_class=\u00bblinkvertodos\u00bb]<a href=\"https:\/\/musica.santjosep.org\/es\/musicos-santjosep\/\">Ver todos los m\u00fasicos de Sant Josep<\/a>[\/vc_column_text][\/vc_column][\/vc_row]<\/p>\n<\/div>","protected":false},"excerpt":{"rendered":"<p>Potente cuarteto de metal progresivo fundado en 2009 en Barcelona, con un fuerte v\u00ednculo con Ibiza, ya que dos de sus miembros son de la isla. <\/p>\n","protected":false},"author":2,"featured_media":41414,"template":"","meta":{"_acf_changed":false,"footnotes":""},"categories":[],"class_list":["post-41413","musicos","type-musicos","status-publish","has-post-thumbnail","hentry"],"acf":[],"yoast_head":"<!-- This site is optimized with the Yoast SEO plugin v26.6 - https:\/\/yoast.com\/wordpress\/plugins\/seo\/ -->\n<title>Face The Maybe - Sant Josep \u00e9s m\u00fasica<\/title>\n<meta name=\"robots\" content=\"index, follow, max-snippet:-1, max-image-preview:large, max-video-preview:-1\" \/>\n<link rel=\"canonical\" href=\"https:\/\/musica.santjosep.org\/es\/musicos\/face-the-maybe\/\" \/>\n<meta property=\"og:locale\" content=\"es_ES\" \/>\n<meta property=\"og:type\" content=\"article\" \/>\n<meta property=\"og:title\" content=\"Face The Maybe - Sant Josep \u00e9s m\u00fasica\" \/>\n<meta property=\"og:description\" content=\"Potente cuarteto de metal progresivo fundado en 2009 en Barcelona, con un fuerte v\u00ednculo con Ibiza, ya que dos de sus miembros son de la isla.\" \/>\n<meta property=\"og:url\" content=\"https:\/\/musica.santjosep.org\/es\/musicos\/face-the-maybe\/\" \/>\n<meta property=\"og:site_name\" content=\"Sant Josep \u00e9s m\u00fasica\" \/>\n<meta property=\"article:publisher\" content=\"https:\/\/www.facebook.com\/Sant-Josep-s-Msica-105337042007790\" \/>\n<meta property=\"article:modified_time\" content=\"2026-01-30T17:01:31+00:00\" \/>\n<meta property=\"og:image\" content=\"https:\/\/musica.santjosep.org\/wp-content\/uploads\/2024\/10\/Face-The-Maybe-2024-1rec.jpg\" \/>\n\t<meta property=\"og:image:width\" content=\"1400\" \/>\n\t<meta property=\"og:image:height\" content=\"933\" \/>\n\t<meta property=\"og:image:type\" content=\"image\/jpeg\" \/>\n<meta name=\"twitter:card\" content=\"summary_large_image\" \/>\n<meta name=\"twitter:site\" content=\"@MusicaSantJosep\" \/>\n<meta name=\"twitter:label1\" content=\"Tiempo de lectura\" \/>\n\t<meta name=\"twitter:data1\" content=\"3 minutos\" \/>\n<script type=\"application\/ld+json\" class=\"yoast-schema-graph\">{\"@context\":\"https:\/\/schema.org\",\"@graph\":[{\"@type\":\"WebPage\",\"@id\":\"https:\/\/musica.santjosep.org\/es\/musicos\/face-the-maybe\/\",\"url\":\"https:\/\/musica.santjosep.org\/es\/musicos\/face-the-maybe\/\",\"name\":\"Face The Maybe - Sant Josep \u00e9s m\u00fasica\",\"isPartOf\":{\"@id\":\"https:\/\/musica.santjosep.org\/es\/#website\"},\"primaryImageOfPage\":{\"@id\":\"https:\/\/musica.santjosep.org\/es\/musicos\/face-the-maybe\/#primaryimage\"},\"image\":{\"@id\":\"https:\/\/musica.santjosep.org\/es\/musicos\/face-the-maybe\/#primaryimage\"},\"thumbnailUrl\":\"https:\/\/musica.santjosep.org\/wp-content\/uploads\/2024\/10\/Face-The-Maybe-2024-1rec.jpg\",\"datePublished\":\"2024-10-27T15:36:29+00:00\",\"dateModified\":\"2026-01-30T17:01:31+00:00\",\"breadcrumb\":{\"@id\":\"https:\/\/musica.santjosep.org\/es\/musicos\/face-the-maybe\/#breadcrumb\"},\"inLanguage\":\"es\",\"potentialAction\":[{\"@type\":\"ReadAction\",\"target\":[\"https:\/\/musica.santjosep.org\/es\/musicos\/face-the-maybe\/\"]}]},{\"@type\":\"ImageObject\",\"inLanguage\":\"es\",\"@id\":\"https:\/\/musica.santjosep.org\/es\/musicos\/face-the-maybe\/#primaryimage\",\"url\":\"https:\/\/musica.santjosep.org\/wp-content\/uploads\/2024\/10\/Face-The-Maybe-2024-1rec.jpg\",\"contentUrl\":\"https:\/\/musica.santjosep.org\/wp-content\/uploads\/2024\/10\/Face-The-Maybe-2024-1rec.jpg\",\"width\":1400,\"height\":933},{\"@type\":\"BreadcrumbList\",\"@id\":\"https:\/\/musica.santjosep.org\/es\/musicos\/face-the-maybe\/#breadcrumb\",\"itemListElement\":[{\"@type\":\"ListItem\",\"position\":1,\"name\":\"Portada\",\"item\":\"https:\/\/musica.santjosep.org\/es\/\"},{\"@type\":\"ListItem\",\"position\":2,\"name\":\"M\u00fasicos\",\"item\":\"https:\/\/musica.santjosep.org\/es\/musicos\/\"},{\"@type\":\"ListItem\",\"position\":3,\"name\":\"Face The Maybe\"}]},{\"@type\":\"WebSite\",\"@id\":\"https:\/\/musica.santjosep.org\/es\/#website\",\"url\":\"https:\/\/musica.santjosep.org\/es\/\",\"name\":\"Sant Josep \u00e9s m\u00fasica\",\"description\":\"Informaci\u00f3n actualizada de todos los conciertos, grupos y artistas que act\u00faen tanto en fiestas y festivales, como en establecimientos privados en el municipio de Sant Josep de sa Talaia\",\"publisher\":{\"@id\":\"https:\/\/musica.santjosep.org\/es\/#organization\"},\"potentialAction\":[{\"@type\":\"SearchAction\",\"target\":{\"@type\":\"EntryPoint\",\"urlTemplate\":\"https:\/\/musica.santjosep.org\/es\/?s={search_term_string}\"},\"query-input\":{\"@type\":\"PropertyValueSpecification\",\"valueRequired\":true,\"valueName\":\"search_term_string\"}}],\"inLanguage\":\"es\"},{\"@type\":\"Organization\",\"@id\":\"https:\/\/musica.santjosep.org\/es\/#organization\",\"name\":\"Sant Josep \u00e9s m\u00fasica\",\"url\":\"https:\/\/musica.santjosep.org\/es\/\",\"logo\":{\"@type\":\"ImageObject\",\"inLanguage\":\"es\",\"@id\":\"https:\/\/musica.santjosep.org\/es\/#\/schema\/logo\/image\/\",\"url\":\"https:\/\/musica.santjosep.org\/wp-content\/uploads\/2022\/01\/logo-SJEM.png\",\"contentUrl\":\"https:\/\/musica.santjosep.org\/wp-content\/uploads\/2022\/01\/logo-SJEM.png\",\"width\":213,\"height\":103,\"caption\":\"Sant Josep \u00e9s m\u00fasica\"},\"image\":{\"@id\":\"https:\/\/musica.santjosep.org\/es\/#\/schema\/logo\/image\/\"},\"sameAs\":[\"https:\/\/www.facebook.com\/Sant-Josep-s-Msica-105337042007790\",\"https:\/\/x.com\/MusicaSantJosep\",\"https:\/\/www.instagram.com\/musicasantjosep\/\",\"https:\/\/www.youtube.com\/channel\/UCBSLSUpqfrfsiOMVslmZEJA\"]}]}<\/script>\n<!-- \/ Yoast SEO plugin. -->","yoast_head_json":{"title":"Face The Maybe - Sant Josep \u00e9s m\u00fasica","robots":{"index":"index","follow":"follow","max-snippet":"max-snippet:-1","max-image-preview":"max-image-preview:large","max-video-preview":"max-video-preview:-1"},"canonical":"https:\/\/musica.santjosep.org\/es\/musicos\/face-the-maybe\/","og_locale":"es_ES","og_type":"article","og_title":"Face The Maybe - Sant Josep \u00e9s m\u00fasica","og_description":"Potente cuarteto de metal progresivo fundado en 2009 en Barcelona, con un fuerte v\u00ednculo con Ibiza, ya que dos de sus miembros son de la isla.","og_url":"https:\/\/musica.santjosep.org\/es\/musicos\/face-the-maybe\/","og_site_name":"Sant Josep \u00e9s m\u00fasica","article_publisher":"https:\/\/www.facebook.com\/Sant-Josep-s-Msica-105337042007790","article_modified_time":"2026-01-30T17:01:31+00:00","og_image":[{"width":1400,"height":933,"url":"https:\/\/musica.santjosep.org\/wp-content\/uploads\/2024\/10\/Face-The-Maybe-2024-1rec.jpg","type":"image\/jpeg"}],"twitter_card":"summary_large_image","twitter_site":"@MusicaSantJosep","twitter_misc":{"Tiempo de lectura":"3 minutos"},"schema":{"@context":"https:\/\/schema.org","@graph":[{"@type":"WebPage","@id":"https:\/\/musica.santjosep.org\/es\/musicos\/face-the-maybe\/","url":"https:\/\/musica.santjosep.org\/es\/musicos\/face-the-maybe\/","name":"Face The Maybe - Sant Josep \u00e9s m\u00fasica","isPartOf":{"@id":"https:\/\/musica.santjosep.org\/es\/#website"},"primaryImageOfPage":{"@id":"https:\/\/musica.santjosep.org\/es\/musicos\/face-the-maybe\/#primaryimage"},"image":{"@id":"https:\/\/musica.santjosep.org\/es\/musicos\/face-the-maybe\/#primaryimage"},"thumbnailUrl":"https:\/\/musica.santjosep.org\/wp-content\/uploads\/2024\/10\/Face-The-Maybe-2024-1rec.jpg","datePublished":"2024-10-27T15:36:29+00:00","dateModified":"2026-01-30T17:01:31+00:00","breadcrumb":{"@id":"https:\/\/musica.santjosep.org\/es\/musicos\/face-the-maybe\/#breadcrumb"},"inLanguage":"es","potentialAction":[{"@type":"ReadAction","target":["https:\/\/musica.santjosep.org\/es\/musicos\/face-the-maybe\/"]}]},{"@type":"ImageObject","inLanguage":"es","@id":"https:\/\/musica.santjosep.org\/es\/musicos\/face-the-maybe\/#primaryimage","url":"https:\/\/musica.santjosep.org\/wp-content\/uploads\/2024\/10\/Face-The-Maybe-2024-1rec.jpg","contentUrl":"https:\/\/musica.santjosep.org\/wp-content\/uploads\/2024\/10\/Face-The-Maybe-2024-1rec.jpg","width":1400,"height":933},{"@type":"BreadcrumbList","@id":"https:\/\/musica.santjosep.org\/es\/musicos\/face-the-maybe\/#breadcrumb","itemListElement":[{"@type":"ListItem","position":1,"name":"Portada","item":"https:\/\/musica.santjosep.org\/es\/"},{"@type":"ListItem","position":2,"name":"M\u00fasicos","item":"https:\/\/musica.santjosep.org\/es\/musicos\/"},{"@type":"ListItem","position":3,"name":"Face The Maybe"}]},{"@type":"WebSite","@id":"https:\/\/musica.santjosep.org\/es\/#website","url":"https:\/\/musica.santjosep.org\/es\/","name":"Sant Josep \u00e9s m\u00fasica","description":"Informaci\u00f3n actualizada de todos los conciertos, grupos y artistas que act\u00faen tanto en fiestas y festivales, como en establecimientos privados en el municipio de Sant Josep de sa Talaia","publisher":{"@id":"https:\/\/musica.santjosep.org\/es\/#organization"},"potentialAction":[{"@type":"SearchAction","target":{"@type":"EntryPoint","urlTemplate":"https:\/\/musica.santjosep.org\/es\/?s={search_term_string}"},"query-input":{"@type":"PropertyValueSpecification","valueRequired":true,"valueName":"search_term_string"}}],"inLanguage":"es"},{"@type":"Organization","@id":"https:\/\/musica.santjosep.org\/es\/#organization","name":"Sant Josep \u00e9s m\u00fasica","url":"https:\/\/musica.santjosep.org\/es\/","logo":{"@type":"ImageObject","inLanguage":"es","@id":"https:\/\/musica.santjosep.org\/es\/#\/schema\/logo\/image\/","url":"https:\/\/musica.santjosep.org\/wp-content\/uploads\/2022\/01\/logo-SJEM.png","contentUrl":"https:\/\/musica.santjosep.org\/wp-content\/uploads\/2022\/01\/logo-SJEM.png","width":213,"height":103,"caption":"Sant Josep \u00e9s m\u00fasica"},"image":{"@id":"https:\/\/musica.santjosep.org\/es\/#\/schema\/logo\/image\/"},"sameAs":["https:\/\/www.facebook.com\/Sant-Josep-s-Msica-105337042007790","https:\/\/x.com\/MusicaSantJosep","https:\/\/www.instagram.com\/musicasantjosep\/","https:\/\/www.youtube.com\/channel\/UCBSLSUpqfrfsiOMVslmZEJA"]}]}},"_links":{"self":[{"href":"https:\/\/musica.santjosep.org\/es\/wp-json\/wp\/v2\/musicos\/41413","targetHints":{"allow":["GET"]}}],"collection":[{"href":"https:\/\/musica.santjosep.org\/es\/wp-json\/wp\/v2\/musicos"}],"about":[{"href":"https:\/\/musica.santjosep.org\/es\/wp-json\/wp\/v2\/types\/musicos"}],"author":[{"embeddable":true,"href":"https:\/\/musica.santjosep.org\/es\/wp-json\/wp\/v2\/users\/2"}],"version-history":[{"count":3,"href":"https:\/\/musica.santjosep.org\/es\/wp-json\/wp\/v2\/musicos\/41413\/revisions"}],"predecessor-version":[{"id":54998,"href":"https:\/\/musica.santjosep.org\/es\/wp-json\/wp\/v2\/musicos\/41413\/revisions\/54998"}],"wp:featuredmedia":[{"embeddable":true,"href":"https:\/\/musica.santjosep.org\/es\/wp-json\/wp\/v2\/media\/41414"}],"wp:attachment":[{"href":"https:\/\/musica.santjosep.org\/es\/wp-json\/wp\/v2\/media?parent=41413"}],"wp:term":[{"taxonomy":"category","embeddable":true,"href":"https:\/\/musica.santjosep.org\/es\/wp-json\/wp\/v2\/categories?post=41413"}],"curies":[{"name":"wp","href":"https:\/\/api.w.org\/{rel}","templated":true}]}}